{"id":12453,"date":"2022-11-14T10:17:17","date_gmt":"2022-11-14T09:17:17","guid":{"rendered":"https:\/\/projects.atxeit.ch\/sveb\/?post_type=event&#038;p=12453"},"modified":"2023-07-06T15:08:21","modified_gmt":"2023-07-06T13:08:21","slug":"nationales-austauschtreffen-der-anbieter","status":"publish","type":"event","link":"https:\/\/alice.ch\/de\/event\/nationales-austauschtreffen-der-anbieter\/","title":{"rendered":"Nationales Austauschtreffen der Anbieter"},"content":{"rendered":"\n<p>Engagierte Weiterbildungsanbieter sind entscheidend f\u00fcr den Erfolg von <a href=\"https:\/\/www.besser-jetzt.ch\/\" target=\"_blank\" rel=\"noreferrer noopener\">\u00abEinfach besser! &#8230; am Arbeitsplatz\u00bb<\/a>. Zur Unterst\u00fctzung der Anbieter bei der Akquise werden Kommunikationsmassnahmen entwickelt und koordiniert, die darauf abzielen, den F\u00f6rderschwerpunkt und den Nutzen der massgeschneiderten Kurse bei den Betrieben bekannt zu machen. Zur Unterst\u00fctzung der Anbieter entsteht eine Toolbox. Sie enth\u00e4lt unterschiedliche Werkzeuge, die bei der Akquise genutzt werden k\u00f6nnen. Der Inhalt der Toolbox wird an dieser Veranstaltung vorgestellt.<\/p>\n\n\n\n<h3 class=\"wp-block-heading\">Zielpublikum<\/h3>\n\n\n\n<p>Angesprochen sind Weiterbildungsanbieter mit und ohne Erfahrung mit \u00abEinfach besser! &#8230; am Arbeitsplatz!\u00bb, Vertreterinnen und Vertreter von Organisationen der Arbeitswelt und Branchenverb\u00e4nden.<\/p>\n\n\n\n<h3 class=\"wp-block-heading\"><strong>Programm<\/strong><\/h3>\n\n\n\n<p>13.30: Begr\u00fcssung SVEB \/ SBFI<\/p>\n\n\n\n<p>13.40: Kommunikationsstrategie \u00abEinfach besser! &#8230; am Arbeitsplatz\u00bb: Schwerpunkte, Massnahmen, Rolle Marie-Louise Bartlom\u00e9, SBFI<\/p>\n\n\n\n<p>14.00: Stories als Kommunikationsmittel f\u00fcr Anbieter<br>C\u00e4cilia M\u00e4rki, SVEB<\/p>\n\n\n\n<p>14.15: Toolbox f\u00fcr Anbieter: Botschaften, Werkzeuge, Anwendung<br>Paolo Jannuzzi, Jannuzzi Smith<\/p>\n\n\n\n<p>14.45: Pause<\/p>\n\n\n\n<p>15.00: Austausch in Gruppen<\/p>\n\n\n\n<p>15.45: R\u00fcckmeldungen und Diskussion<\/p>\n\n\n\n<p>16.15: Abschluss und n\u00e4chste Schritte<\/p>\n\n\n\n<p>16.30: Ende des Anlasses<\/p>\n\n\n\n<p>Die Veranstaltung ist kostenlos und mehrsprachig (d\/f\/i). Es gibt keine \u00dcbersetzung.<br>Bei Fragen k\u00f6nnen Sie sich an <a href=\"mailto:caecilia.maerki@alice.ch\">C\u00e4cilia M\u00e4rki<\/a>&nbsp;wenden.<\/p>\n","protected":false},"excerpt":{"rendered":"<p>Engagierte Weiterbildungsanbieter sind entscheidend f\u00fcr den Erfolg von \u00abEinfach besser! &#8230; am Arbeitsplatz\u00bb. Zur Unterst\u00fctzung der Anbieter bei der Akquise [&hellip;]<\/p>\n","protected":false},"author":11,"featured_media":39324,"template":"","meta":{"_acf_changed":false,"inline_featured_image":false,"footnotes":""},"event-category":[24],"event-tag":[],"event-status":[200],"event-language":[202,203],"global-category":[49],"class_list":["post-12453","event","type-event","status-publish","has-post-thumbnail","hentry","event-category-sveb-kooperation-events","event-status-archiv","event-language-deutsch","event-language-franzoesisch","global-category-grundkompetenzen"],"acf":[],"yoast_head":"<!-- This site is optimized with the Yoast SEO plugin v27.3 - https:\/\/yoast.com\/product\/yoast-seo-wordpress\/ -->\n<title>Nationales Austauschtreffen der Anbieter - SVEB<\/title>\n<meta name=\"robots\" content=\"index, follow, max-snippet:-1, max-image-preview:large, max-video-preview:-1\" \/>\n<link rel=\"canonical\" href=\"https:\/\/alice.ch\/de\/event\/nationales-austauschtreffen-der-anbieter\/\" \/>\n<meta property=\"og:locale\" content=\"de_DE\" \/>\n<meta property=\"og:type\" content=\"article\" \/>\n<meta property=\"og:title\" content=\"Nationales Austauschtreffen der Anbieter - SVEB\" \/>\n<meta property=\"og:description\" content=\"Engagierte Weiterbildungsanbieter sind entscheidend f\u00fcr den Erfolg von \u00abEinfach besser! &#8230; am Arbeitsplatz\u00bb. Zur Unterst\u00fctzung der Anbieter bei der Akquise [&hellip;]\" \/>\n<meta property=\"og:url\" content=\"https:\/\/alice.ch\/de\/event\/nationales-austauschtreffen-der-anbieter\/\" \/>\n<meta property=\"og:site_name\" content=\"SVEB\" \/>\n<meta property=\"article:modified_time\" content=\"2023-07-06T13:08:21+00:00\" \/>\n<meta property=\"og:image\" content=\"https:\/\/alice.ch\/app\/uploads\/2022\/12\/agenda-einfach-besser-am-arbeitsplatz-2022.jpeg\" \/>\n\t<meta property=\"og:image:width\" content=\"370\" \/>\n\t<meta property=\"og:image:height\" content=\"185\" \/>\n\t<meta property=\"og:image:type\" content=\"image\/jpeg\" \/>\n<meta name=\"twitter:card\" content=\"summary_large_image\" \/>\n<script type=\"application\/ld+json\" class=\"yoast-schema-graph\">{\"@context\":\"https:\\\/\\\/schema.org\",\"@graph\":[{\"@type\":\"WebPage\",\"@id\":\"https:\\\/\\\/alice.ch\\\/de\\\/event\\\/nationales-austauschtreffen-der-anbieter\\\/\",\"url\":\"https:\\\/\\\/alice.ch\\\/de\\\/event\\\/nationales-austauschtreffen-der-anbieter\\\/\",\"name\":\"Nationales Austauschtreffen der Anbieter - SVEB\",\"isPartOf\":{\"@id\":\"https:\\\/\\\/alice.ch\\\/de\\\/#website\"},\"primaryImageOfPage\":{\"@id\":\"https:\\\/\\\/alice.ch\\\/de\\\/event\\\/nationales-austauschtreffen-der-anbieter\\\/#primaryimage\"},\"image\":{\"@id\":\"https:\\\/\\\/alice.ch\\\/de\\\/event\\\/nationales-austauschtreffen-der-anbieter\\\/#primaryimage\"},\"thumbnailUrl\":\"https:\\\/\\\/alice.ch\\\/app\\\/uploads\\\/2022\\\/12\\\/agenda-einfach-besser-am-arbeitsplatz-2022.jpeg\",\"datePublished\":\"2022-11-14T09:17:17+00:00\",\"dateModified\":\"2023-07-06T13:08:21+00:00\",\"breadcrumb\":{\"@id\":\"https:\\\/\\\/alice.ch\\\/de\\\/event\\\/nationales-austauschtreffen-der-anbieter\\\/#breadcrumb\"},\"inLanguage\":\"de\",\"potentialAction\":[{\"@type\":\"ReadAction\",\"target\":[\"https:\\\/\\\/alice.ch\\\/de\\\/event\\\/nationales-austauschtreffen-der-anbieter\\\/\"]}]},{\"@type\":\"ImageObject\",\"inLanguage\":\"de\",\"@id\":\"https:\\\/\\\/alice.ch\\\/de\\\/event\\\/nationales-austauschtreffen-der-anbieter\\\/#primaryimage\",\"url\":\"https:\\\/\\\/alice.ch\\\/app\\\/uploads\\\/2022\\\/12\\\/agenda-einfach-besser-am-arbeitsplatz-2022.jpeg\",\"contentUrl\":\"https:\\\/\\\/alice.ch\\\/app\\\/uploads\\\/2022\\\/12\\\/agenda-einfach-besser-am-arbeitsplatz-2022.jpeg\",\"width\":370,\"height\":185},{\"@type\":\"BreadcrumbList\",\"@id\":\"https:\\\/\\\/alice.ch\\\/de\\\/event\\\/nationales-austauschtreffen-der-anbieter\\\/#breadcrumb\",\"itemListElement\":[{\"@type\":\"ListItem\",\"position\":1,\"name\":\"Startseite\",\"item\":\"https:\\\/\\\/alice.ch\\\/de\\\/\"},{\"@type\":\"ListItem\",\"position\":2,\"name\":\"Events\",\"item\":\"https:\\\/\\\/alice.ch\\\/de\\\/event\\\/\"},{\"@type\":\"ListItem\",\"position\":3,\"name\":\"Nationales Austauschtreffen der Anbieter\"}]},{\"@type\":\"WebSite\",\"@id\":\"https:\\\/\\\/alice.ch\\\/de\\\/#website\",\"url\":\"https:\\\/\\\/alice.ch\\\/de\\\/\",\"name\":\"alice.ch (Adult Learning Information Center) ist das Portal der Weiterbildung in der Schweiz.\",\"description\":\"Schweizerischer Verband f\u00fcr Weiterbildung\",\"publisher\":{\"@id\":\"https:\\\/\\\/alice.ch\\\/de\\\/#organization\"},\"potentialAction\":[{\"@type\":\"SearchAction\",\"target\":{\"@type\":\"EntryPoint\",\"urlTemplate\":\"https:\\\/\\\/alice.ch\\\/de\\\/?s={search_term_string}\"},\"query-input\":{\"@type\":\"PropertyValueSpecification\",\"valueRequired\":true,\"valueName\":\"search_term_string\"}}],\"inLanguage\":\"de\"},{\"@type\":\"Organization\",\"@id\":\"https:\\\/\\\/alice.ch\\\/de\\\/#organization\",\"name\":\"SVEB Schweizerischer Verband f\u00fcr Weiterbildung\",\"url\":\"https:\\\/\\\/alice.ch\\\/de\\\/\",\"logo\":{\"@type\":\"ImageObject\",\"inLanguage\":\"de\",\"@id\":\"https:\\\/\\\/alice.ch\\\/de\\\/#\\\/schema\\\/logo\\\/image\\\/\",\"url\":\"https:\\\/\\\/alice.ch\\\/app\\\/uploads\\\/2022\\\/07\\\/logo-sveb.png\",\"contentUrl\":\"https:\\\/\\\/alice.ch\\\/app\\\/uploads\\\/2022\\\/07\\\/logo-sveb.png\",\"width\":145,\"height\":64,\"caption\":\"SVEB Schweizerischer Verband f\u00fcr Weiterbildung\"},\"image\":{\"@id\":\"https:\\\/\\\/alice.ch\\\/de\\\/#\\\/schema\\\/logo\\\/image\\\/\"},\"sameAs\":[\"https:\\\/\\\/www.linkedin.com\\\/company\\\/schweizerischer-verband-fr-weiterbildung-sveb\\\/\"]}]}<\/script>\n<!-- \/ Yoast SEO plugin. -->","yoast_head_json":{"title":"Nationales Austauschtreffen der Anbieter - SVEB","robots":{"index":"index","follow":"follow","max-snippet":"max-snippet:-1","max-image-preview":"max-image-preview:large","max-video-preview":"max-video-preview:-1"},"canonical":"https:\/\/alice.ch\/de\/event\/nationales-austauschtreffen-der-anbieter\/","og_locale":"de_DE","og_type":"article","og_title":"Nationales Austauschtreffen der Anbieter - SVEB","og_description":"Engagierte Weiterbildungsanbieter sind entscheidend f\u00fcr den Erfolg von \u00abEinfach besser! &#8230; am Arbeitsplatz\u00bb. Zur Unterst\u00fctzung der Anbieter bei der Akquise [&hellip;]","og_url":"https:\/\/alice.ch\/de\/event\/nationales-austauschtreffen-der-anbieter\/","og_site_name":"SVEB","article_modified_time":"2023-07-06T13:08:21+00:00","og_image":[{"width":370,"height":185,"url":"https:\/\/alice.ch\/app\/uploads\/2022\/12\/agenda-einfach-besser-am-arbeitsplatz-2022.jpeg","type":"image\/jpeg"}],"twitter_card":"summary_large_image","schema":{"@context":"https:\/\/schema.org","@graph":[{"@type":"WebPage","@id":"https:\/\/alice.ch\/de\/event\/nationales-austauschtreffen-der-anbieter\/","url":"https:\/\/alice.ch\/de\/event\/nationales-austauschtreffen-der-anbieter\/","name":"Nationales Austauschtreffen der Anbieter - SVEB","isPartOf":{"@id":"https:\/\/alice.ch\/de\/#website"},"primaryImageOfPage":{"@id":"https:\/\/alice.ch\/de\/event\/nationales-austauschtreffen-der-anbieter\/#primaryimage"},"image":{"@id":"https:\/\/alice.ch\/de\/event\/nationales-austauschtreffen-der-anbieter\/#primaryimage"},"thumbnailUrl":"https:\/\/alice.ch\/app\/uploads\/2022\/12\/agenda-einfach-besser-am-arbeitsplatz-2022.jpeg","datePublished":"2022-11-14T09:17:17+00:00","dateModified":"2023-07-06T13:08:21+00:00","breadcrumb":{"@id":"https:\/\/alice.ch\/de\/event\/nationales-austauschtreffen-der-anbieter\/#breadcrumb"},"inLanguage":"de","potentialAction":[{"@type":"ReadAction","target":["https:\/\/alice.ch\/de\/event\/nationales-austauschtreffen-der-anbieter\/"]}]},{"@type":"ImageObject","inLanguage":"de","@id":"https:\/\/alice.ch\/de\/event\/nationales-austauschtreffen-der-anbieter\/#primaryimage","url":"https:\/\/alice.ch\/app\/uploads\/2022\/12\/agenda-einfach-besser-am-arbeitsplatz-2022.jpeg","contentUrl":"https:\/\/alice.ch\/app\/uploads\/2022\/12\/agenda-einfach-besser-am-arbeitsplatz-2022.jpeg","width":370,"height":185},{"@type":"BreadcrumbList","@id":"https:\/\/alice.ch\/de\/event\/nationales-austauschtreffen-der-anbieter\/#breadcrumb","itemListElement":[{"@type":"ListItem","position":1,"name":"Startseite","item":"https:\/\/alice.ch\/de\/"},{"@type":"ListItem","position":2,"name":"Events","item":"https:\/\/alice.ch\/de\/event\/"},{"@type":"ListItem","position":3,"name":"Nationales Austauschtreffen der Anbieter"}]},{"@type":"WebSite","@id":"https:\/\/alice.ch\/de\/#website","url":"https:\/\/alice.ch\/de\/","name":"alice.ch (Adult Learning Information Center) ist das Portal der Weiterbildung in der Schweiz.","description":"Schweizerischer Verband f\u00fcr Weiterbildung","publisher":{"@id":"https:\/\/alice.ch\/de\/#organization"},"potentialAction":[{"@type":"SearchAction","target":{"@type":"EntryPoint","urlTemplate":"https:\/\/alice.ch\/de\/?s={search_term_string}"},"query-input":{"@type":"PropertyValueSpecification","valueRequired":true,"valueName":"search_term_string"}}],"inLanguage":"de"},{"@type":"Organization","@id":"https:\/\/alice.ch\/de\/#organization","name":"SVEB Schweizerischer Verband f\u00fcr Weiterbildung","url":"https:\/\/alice.ch\/de\/","logo":{"@type":"ImageObject","inLanguage":"de","@id":"https:\/\/alice.ch\/de\/#\/schema\/logo\/image\/","url":"https:\/\/alice.ch\/app\/uploads\/2022\/07\/logo-sveb.png","contentUrl":"https:\/\/alice.ch\/app\/uploads\/2022\/07\/logo-sveb.png","width":145,"height":64,"caption":"SVEB Schweizerischer Verband f\u00fcr Weiterbildung"},"image":{"@id":"https:\/\/alice.ch\/de\/#\/schema\/logo\/image\/"},"sameAs":["https:\/\/www.linkedin.com\/company\/schweizerischer-verband-fr-weiterbildung-sveb\/"]}]}},"_links":{"self":[{"href":"https:\/\/alice.ch\/de\/wp-json\/wp\/v2\/event\/12453","targetHints":{"allow":["GET"]}}],"collection":[{"href":"https:\/\/alice.ch\/de\/wp-json\/wp\/v2\/event"}],"about":[{"href":"https:\/\/alice.ch\/de\/wp-json\/wp\/v2\/types\/event"}],"author":[{"embeddable":true,"href":"https:\/\/alice.ch\/de\/wp-json\/wp\/v2\/users\/11"}],"version-history":[{"count":5,"href":"https:\/\/alice.ch\/de\/wp-json\/wp\/v2\/event\/12453\/revisions"}],"predecessor-version":[{"id":52287,"href":"https:\/\/alice.ch\/de\/wp-json\/wp\/v2\/event\/12453\/revisions\/52287"}],"wp:featuredmedia":[{"embeddable":true,"href":"https:\/\/alice.ch\/de\/wp-json\/wp\/v2\/media\/39324"}],"wp:attachment":[{"href":"https:\/\/alice.ch\/de\/wp-json\/wp\/v2\/media?parent=12453"}],"wp:term":[{"taxonomy":"event-category","embeddable":true,"href":"https:\/\/alice.ch\/de\/wp-json\/wp\/v2\/event-category?post=12453"},{"taxonomy":"event-tag","embeddable":true,"href":"https:\/\/alice.ch\/de\/wp-json\/wp\/v2\/event-tag?post=12453"},{"taxonomy":"event-status","embeddable":true,"href":"https:\/\/alice.ch\/de\/wp-json\/wp\/v2\/event-status?post=12453"},{"taxonomy":"event-language","embeddable":true,"href":"https:\/\/alice.ch\/de\/wp-json\/wp\/v2\/event-language?post=12453"},{"taxonomy":"global-category","embeddable":true,"href":"https:\/\/alice.ch\/de\/wp-json\/wp\/v2\/global-category?post=12453"}],"curies":[{"name":"wp","href":"https:\/\/api.w.org\/{rel}","templated":true}]}}