{"id":12735,"date":"2022-11-14T16:10:54","date_gmt":"2022-11-14T15:10:54","guid":{"rendered":"https:\/\/projects.atxeit.ch\/sveb\/?post_type=event&#038;p=12735"},"modified":"2023-07-06T15:13:31","modified_gmt":"2023-07-06T13:13:31","slug":"die-rolle-der-weiterbildung-im-klimaschutz","status":"publish","type":"event","link":"https:\/\/alice.ch\/de\/event\/die-rolle-der-weiterbildung-im-klimaschutz\/","title":{"rendered":"Die Rolle der Weiterbildung im Klimaschutz"},"content":{"rendered":"\n<p>Um die Klimaziele zu erreichen, ist es essenziell, dass Erwachsene \u00fcber Wissen, F\u00e4higkeiten und Haltungen verf\u00fcgen, sich klimabewusst zu verhalten. Mit passenden Lernangeboten kann die Weiterbildung dazu beitragen, dass Erwachsene diese Kompetenzen erwerben und erweitern. Damit \u00fcbernimmt die Erwachsenenbildung eine wichtige Rolle im Umweltschutz.<\/p>\n\n\n\n<p>Die CONFINTEA VII, die im Juni 2022 stattfindende UNESCO-Weltkonferenz f\u00fcr die Weiterbildung, wird die Rolle der Weiterbildung zur Erreichung der Klimaziele sehr stark hervorheben. Ebenso setzt sich die europ\u00e4ische Agenda f\u00fcr die Weiterbildung (NEAAL 2030) als zentrales Ziel, dass die Weiterbildung zum Klimaschutz beitr\u00e4gt. In der Schweiz wird bisher insbesondere in der beruflichen Weiterbildung Umweltkompetenzen gef\u00f6rdert.<\/p>\n\n\n\n<h3 class=\"wp-block-heading\"><strong>Vor diesem Hintergrund verfolgt die Veranstaltung folgende Ziele<\/strong><\/h3>\n\n\n\n<ul class=\"wp-block-list\">\n<li>\u00dcberblick der internationalen Entwicklungen, insbesondere in Europa<\/li>\n\n\n\n<li>Beleuchtung der Situation in der Schweiz: Welche Rolle spielt die Weiterbildung heute in der Schweiz bei der Bek\u00e4mpfung des Klimawandels?<\/li>\n\n\n\n<li>Austausch und Eruierung des Handlungsbedarfs<\/li>\n<\/ul>\n\n\n\n<h3 class=\"wp-block-heading\"><strong>Ablauf<\/strong><\/h3>\n\n\n\n<ol class=\"wp-block-list\">\n<li>Begr\u00fcssung und Kontext CONFINTEA VII (Bernhard Gr\u00e4miger, SVEB)<\/li>\n\n\n\n<li>\u00dcberblick zur internationalen Situation (Katarina Popovic, ICAE)<\/li>\n\n\n\n<li>\u00dcberblick zu den aktuellen Entwicklungen in Europa, neue EU-Agenda EB, Beispiel GreenComp (Raffaela Kihrer, EAEA)<\/li>\n\n\n\n<li>Situation in der Schweiz: Fokus Klimaprogramm Bildung (S\u00e9verine Haldi, Bundesamt f\u00fcr Umwelt, BAFU)<\/li>\n\n\n\n<li>Diskussion<\/li>\n<\/ol>\n\n\n\n<p>Bei Fragen wenden Sie sich bitte an das <a href=\"mailto:events@alice.ch\">Event-Team des SVEB.<\/a><\/p>\n\n\n\n<p>Als Vorbereitung auf die CONFINTEA VII organisiert der SVEB in Zusammenarbeit mit dem <a href=\"http:\/\/icae.global\/\" target=\"_blank\" rel=\"noreferrer noopener\">Weltverband f\u00fcr Weiterbildung<\/a> (ICAE) eine Workshop-Reihe zu Schl\u00fcsselthemen der Konferenz. In den Veranstaltungen werden Themen in einen internationalen, fachlichen Diskurs eingebettet und im Kontext der Schweiz diskutiert.<\/p>\n","protected":false},"excerpt":{"rendered":"<p>Um die Klimaziele zu erreichen, ist es essenziell, dass Erwachsene \u00fcber Wissen, F\u00e4higkeiten und Haltungen verf\u00fcgen, sich klimabewusst zu verhalten. [&hellip;]<\/p>\n","protected":false},"author":11,"featured_media":20111,"template":"","meta":{"_acf_changed":false,"inline_featured_image":false,"footnotes":""},"event-category":[24],"event-tag":[],"event-status":[200],"event-language":[202],"global-category":[46],"class_list":["post-12735","event","type-event","status-publish","has-post-thumbnail","hentry","event-category-sveb-kooperation-events","event-status-archiv","event-language-deutsch","global-category-eu-projekte"],"acf":[],"yoast_head":"<!-- This site is optimized with the Yoast SEO plugin v27.3 - https:\/\/yoast.com\/product\/yoast-seo-wordpress\/ -->\n<title>Die Rolle der Weiterbildung im Klimaschutz - SVEB<\/title>\n<meta name=\"robots\" content=\"index, follow, max-snippet:-1, max-image-preview:large, max-video-preview:-1\" \/>\n<link rel=\"canonical\" href=\"https:\/\/alice.ch\/de\/event\/die-rolle-der-weiterbildung-im-klimaschutz\/\" \/>\n<meta property=\"og:locale\" content=\"de_DE\" \/>\n<meta property=\"og:type\" content=\"article\" \/>\n<meta property=\"og:title\" content=\"Die Rolle der Weiterbildung im Klimaschutz - SVEB\" \/>\n<meta property=\"og:description\" content=\"Um die Klimaziele zu erreichen, ist es essenziell, dass Erwachsene \u00fcber Wissen, F\u00e4higkeiten und Haltungen verf\u00fcgen, sich klimabewusst zu verhalten. [&hellip;]\" \/>\n<meta property=\"og:url\" content=\"https:\/\/alice.ch\/de\/event\/die-rolle-der-weiterbildung-im-klimaschutz\/\" \/>\n<meta property=\"og:site_name\" content=\"SVEB\" \/>\n<meta property=\"article:modified_time\" content=\"2023-07-06T13:13:31+00:00\" \/>\n<meta property=\"og:image\" content=\"https:\/\/alice.ch\/app\/uploads\/2022\/11\/agenda-weiterbildung-klimaschutz-confintea.jpg\" \/>\n\t<meta property=\"og:image:width\" content=\"566\" \/>\n\t<meta property=\"og:image:height\" content=\"320\" \/>\n\t<meta property=\"og:image:type\" content=\"image\/jpeg\" \/>\n<meta name=\"twitter:card\" content=\"summary_large_image\" \/>\n<script type=\"application\/ld+json\" class=\"yoast-schema-graph\">{\"@context\":\"https:\\\/\\\/schema.org\",\"@graph\":[{\"@type\":\"WebPage\",\"@id\":\"https:\\\/\\\/alice.ch\\\/de\\\/event\\\/die-rolle-der-weiterbildung-im-klimaschutz\\\/\",\"url\":\"https:\\\/\\\/alice.ch\\\/de\\\/event\\\/die-rolle-der-weiterbildung-im-klimaschutz\\\/\",\"name\":\"Die Rolle der Weiterbildung im Klimaschutz - SVEB\",\"isPartOf\":{\"@id\":\"https:\\\/\\\/alice.ch\\\/de\\\/#website\"},\"primaryImageOfPage\":{\"@id\":\"https:\\\/\\\/alice.ch\\\/de\\\/event\\\/die-rolle-der-weiterbildung-im-klimaschutz\\\/#primaryimage\"},\"image\":{\"@id\":\"https:\\\/\\\/alice.ch\\\/de\\\/event\\\/die-rolle-der-weiterbildung-im-klimaschutz\\\/#primaryimage\"},\"thumbnailUrl\":\"https:\\\/\\\/alice.ch\\\/app\\\/uploads\\\/2022\\\/11\\\/agenda-weiterbildung-klimaschutz-confintea.jpg\",\"datePublished\":\"2022-11-14T15:10:54+00:00\",\"dateModified\":\"2023-07-06T13:13:31+00:00\",\"breadcrumb\":{\"@id\":\"https:\\\/\\\/alice.ch\\\/de\\\/event\\\/die-rolle-der-weiterbildung-im-klimaschutz\\\/#breadcrumb\"},\"inLanguage\":\"de\",\"potentialAction\":[{\"@type\":\"ReadAction\",\"target\":[\"https:\\\/\\\/alice.ch\\\/de\\\/event\\\/die-rolle-der-weiterbildung-im-klimaschutz\\\/\"]}]},{\"@type\":\"ImageObject\",\"inLanguage\":\"de\",\"@id\":\"https:\\\/\\\/alice.ch\\\/de\\\/event\\\/die-rolle-der-weiterbildung-im-klimaschutz\\\/#primaryimage\",\"url\":\"https:\\\/\\\/alice.ch\\\/app\\\/uploads\\\/2022\\\/11\\\/agenda-weiterbildung-klimaschutz-confintea.jpg\",\"contentUrl\":\"https:\\\/\\\/alice.ch\\\/app\\\/uploads\\\/2022\\\/11\\\/agenda-weiterbildung-klimaschutz-confintea.jpg\",\"width\":566,\"height\":320},{\"@type\":\"BreadcrumbList\",\"@id\":\"https:\\\/\\\/alice.ch\\\/de\\\/event\\\/die-rolle-der-weiterbildung-im-klimaschutz\\\/#breadcrumb\",\"itemListElement\":[{\"@type\":\"ListItem\",\"position\":1,\"name\":\"Startseite\",\"item\":\"https:\\\/\\\/alice.ch\\\/de\\\/\"},{\"@type\":\"ListItem\",\"position\":2,\"name\":\"Events\",\"item\":\"https:\\\/\\\/alice.ch\\\/de\\\/event\\\/\"},{\"@type\":\"ListItem\",\"position\":3,\"name\":\"Die Rolle der Weiterbildung im Klimaschutz\"}]},{\"@type\":\"WebSite\",\"@id\":\"https:\\\/\\\/alice.ch\\\/de\\\/#website\",\"url\":\"https:\\\/\\\/alice.ch\\\/de\\\/\",\"name\":\"alice.ch (Adult Learning Information Center) ist das Portal der Weiterbildung in der Schweiz.\",\"description\":\"Schweizerischer Verband f\u00fcr Weiterbildung\",\"publisher\":{\"@id\":\"https:\\\/\\\/alice.ch\\\/de\\\/#organization\"},\"potentialAction\":[{\"@type\":\"SearchAction\",\"target\":{\"@type\":\"EntryPoint\",\"urlTemplate\":\"https:\\\/\\\/alice.ch\\\/de\\\/?s={search_term_string}\"},\"query-input\":{\"@type\":\"PropertyValueSpecification\",\"valueRequired\":true,\"valueName\":\"search_term_string\"}}],\"inLanguage\":\"de\"},{\"@type\":\"Organization\",\"@id\":\"https:\\\/\\\/alice.ch\\\/de\\\/#organization\",\"name\":\"SVEB Schweizerischer Verband f\u00fcr Weiterbildung\",\"url\":\"https:\\\/\\\/alice.ch\\\/de\\\/\",\"logo\":{\"@type\":\"ImageObject\",\"inLanguage\":\"de\",\"@id\":\"https:\\\/\\\/alice.ch\\\/de\\\/#\\\/schema\\\/logo\\\/image\\\/\",\"url\":\"https:\\\/\\\/alice.ch\\\/app\\\/uploads\\\/2022\\\/07\\\/logo-sveb.png\",\"contentUrl\":\"https:\\\/\\\/alice.ch\\\/app\\\/uploads\\\/2022\\\/07\\\/logo-sveb.png\",\"width\":145,\"height\":64,\"caption\":\"SVEB Schweizerischer Verband f\u00fcr Weiterbildung\"},\"image\":{\"@id\":\"https:\\\/\\\/alice.ch\\\/de\\\/#\\\/schema\\\/logo\\\/image\\\/\"},\"sameAs\":[\"https:\\\/\\\/www.linkedin.com\\\/company\\\/schweizerischer-verband-fr-weiterbildung-sveb\\\/\"]}]}<\/script>\n<!-- \/ Yoast SEO plugin. -->","yoast_head_json":{"title":"Die Rolle der Weiterbildung im Klimaschutz - SVEB","robots":{"index":"index","follow":"follow","max-snippet":"max-snippet:-1","max-image-preview":"max-image-preview:large","max-video-preview":"max-video-preview:-1"},"canonical":"https:\/\/alice.ch\/de\/event\/die-rolle-der-weiterbildung-im-klimaschutz\/","og_locale":"de_DE","og_type":"article","og_title":"Die Rolle der Weiterbildung im Klimaschutz - SVEB","og_description":"Um die Klimaziele zu erreichen, ist es essenziell, dass Erwachsene \u00fcber Wissen, F\u00e4higkeiten und Haltungen verf\u00fcgen, sich klimabewusst zu verhalten. [&hellip;]","og_url":"https:\/\/alice.ch\/de\/event\/die-rolle-der-weiterbildung-im-klimaschutz\/","og_site_name":"SVEB","article_modified_time":"2023-07-06T13:13:31+00:00","og_image":[{"width":566,"height":320,"url":"https:\/\/alice.ch\/app\/uploads\/2022\/11\/agenda-weiterbildung-klimaschutz-confintea.jpg","type":"image\/jpeg"}],"twitter_card":"summary_large_image","schema":{"@context":"https:\/\/schema.org","@graph":[{"@type":"WebPage","@id":"https:\/\/alice.ch\/de\/event\/die-rolle-der-weiterbildung-im-klimaschutz\/","url":"https:\/\/alice.ch\/de\/event\/die-rolle-der-weiterbildung-im-klimaschutz\/","name":"Die Rolle der Weiterbildung im Klimaschutz - SVEB","isPartOf":{"@id":"https:\/\/alice.ch\/de\/#website"},"primaryImageOfPage":{"@id":"https:\/\/alice.ch\/de\/event\/die-rolle-der-weiterbildung-im-klimaschutz\/#primaryimage"},"image":{"@id":"https:\/\/alice.ch\/de\/event\/die-rolle-der-weiterbildung-im-klimaschutz\/#primaryimage"},"thumbnailUrl":"https:\/\/alice.ch\/app\/uploads\/2022\/11\/agenda-weiterbildung-klimaschutz-confintea.jpg","datePublished":"2022-11-14T15:10:54+00:00","dateModified":"2023-07-06T13:13:31+00:00","breadcrumb":{"@id":"https:\/\/alice.ch\/de\/event\/die-rolle-der-weiterbildung-im-klimaschutz\/#breadcrumb"},"inLanguage":"de","potentialAction":[{"@type":"ReadAction","target":["https:\/\/alice.ch\/de\/event\/die-rolle-der-weiterbildung-im-klimaschutz\/"]}]},{"@type":"ImageObject","inLanguage":"de","@id":"https:\/\/alice.ch\/de\/event\/die-rolle-der-weiterbildung-im-klimaschutz\/#primaryimage","url":"https:\/\/alice.ch\/app\/uploads\/2022\/11\/agenda-weiterbildung-klimaschutz-confintea.jpg","contentUrl":"https:\/\/alice.ch\/app\/uploads\/2022\/11\/agenda-weiterbildung-klimaschutz-confintea.jpg","width":566,"height":320},{"@type":"BreadcrumbList","@id":"https:\/\/alice.ch\/de\/event\/die-rolle-der-weiterbildung-im-klimaschutz\/#breadcrumb","itemListElement":[{"@type":"ListItem","position":1,"name":"Startseite","item":"https:\/\/alice.ch\/de\/"},{"@type":"ListItem","position":2,"name":"Events","item":"https:\/\/alice.ch\/de\/event\/"},{"@type":"ListItem","position":3,"name":"Die Rolle der Weiterbildung im Klimaschutz"}]},{"@type":"WebSite","@id":"https:\/\/alice.ch\/de\/#website","url":"https:\/\/alice.ch\/de\/","name":"alice.ch (Adult Learning Information Center) ist das Portal der Weiterbildung in der Schweiz.","description":"Schweizerischer Verband f\u00fcr Weiterbildung","publisher":{"@id":"https:\/\/alice.ch\/de\/#organization"},"potentialAction":[{"@type":"SearchAction","target":{"@type":"EntryPoint","urlTemplate":"https:\/\/alice.ch\/de\/?s={search_term_string}"},"query-input":{"@type":"PropertyValueSpecification","valueRequired":true,"valueName":"search_term_string"}}],"inLanguage":"de"},{"@type":"Organization","@id":"https:\/\/alice.ch\/de\/#organization","name":"SVEB Schweizerischer Verband f\u00fcr Weiterbildung","url":"https:\/\/alice.ch\/de\/","logo":{"@type":"ImageObject","inLanguage":"de","@id":"https:\/\/alice.ch\/de\/#\/schema\/logo\/image\/","url":"https:\/\/alice.ch\/app\/uploads\/2022\/07\/logo-sveb.png","contentUrl":"https:\/\/alice.ch\/app\/uploads\/2022\/07\/logo-sveb.png","width":145,"height":64,"caption":"SVEB Schweizerischer Verband f\u00fcr Weiterbildung"},"image":{"@id":"https:\/\/alice.ch\/de\/#\/schema\/logo\/image\/"},"sameAs":["https:\/\/www.linkedin.com\/company\/schweizerischer-verband-fr-weiterbildung-sveb\/"]}]}},"_links":{"self":[{"href":"https:\/\/alice.ch\/de\/wp-json\/wp\/v2\/event\/12735","targetHints":{"allow":["GET"]}}],"collection":[{"href":"https:\/\/alice.ch\/de\/wp-json\/wp\/v2\/event"}],"about":[{"href":"https:\/\/alice.ch\/de\/wp-json\/wp\/v2\/types\/event"}],"author":[{"embeddable":true,"href":"https:\/\/alice.ch\/de\/wp-json\/wp\/v2\/users\/11"}],"version-history":[{"count":6,"href":"https:\/\/alice.ch\/de\/wp-json\/wp\/v2\/event\/12735\/revisions"}],"predecessor-version":[{"id":52313,"href":"https:\/\/alice.ch\/de\/wp-json\/wp\/v2\/event\/12735\/revisions\/52313"}],"wp:featuredmedia":[{"embeddable":true,"href":"https:\/\/alice.ch\/de\/wp-json\/wp\/v2\/media\/20111"}],"wp:attachment":[{"href":"https:\/\/alice.ch\/de\/wp-json\/wp\/v2\/media?parent=12735"}],"wp:term":[{"taxonomy":"event-category","embeddable":true,"href":"https:\/\/alice.ch\/de\/wp-json\/wp\/v2\/event-category?post=12735"},{"taxonomy":"event-tag","embeddable":true,"href":"https:\/\/alice.ch\/de\/wp-json\/wp\/v2\/event-tag?post=12735"},{"taxonomy":"event-status","embeddable":true,"href":"https:\/\/alice.ch\/de\/wp-json\/wp\/v2\/event-status?post=12735"},{"taxonomy":"event-language","embeddable":true,"href":"https:\/\/alice.ch\/de\/wp-json\/wp\/v2\/event-language?post=12735"},{"taxonomy":"global-category","embeddable":true,"href":"https:\/\/alice.ch\/de\/wp-json\/wp\/v2\/global-category?post=12735"}],"curies":[{"name":"wp","href":"https:\/\/api.w.org\/{rel}","templated":true}]}}