{"id":13039,"date":"2022-11-15T11:08:35","date_gmt":"2022-11-15T10:08:35","guid":{"rendered":"https:\/\/projects.atxeit.ch\/sveb\/?post_type=event&#038;p=13039"},"modified":"2023-07-06T15:17:17","modified_gmt":"2023-07-06T13:17:17","slug":"workshop-serie-impulse-fuer-die-strategieentwicklung-von-weiterbildungsanbietern","status":"publish","type":"event","link":"https:\/\/alice.ch\/de\/event\/workshop-serie-impulse-fuer-die-strategieentwicklung-von-weiterbildungsanbietern\/","title":{"rendered":"Workshop-Serie: Impulse f\u00fcr die Strategieentwicklung von Weiterbildungsanbietern"},"content":{"rendered":"\n<p>Die Corona-Krise hat den Umbruch in der Weiterbildungsbranche stark beschleunigt. Kundenbed\u00fcrfnisse ver\u00e4ndern sich rasant und sind so heterogen wie nie zuvor. Die Weiterbildungsanbieter stehen unter einem erh\u00f6hten Innovations- und Wettbewerbsdruck. Gleichzeitig ist die Unsicherheit bez\u00fcglich k\u00fcnftiger Entwicklungen enorm. Dies stellt Weiterbildungsanbieter vor die Herausforderung, Entscheide zu ihrer strategischen Ausrichtung zu treffen.<\/p>\n\n\n\n<p>Die Workshop-Serie bietet Weiterbildungsanbietern Inputs von Expertinnen und Experten zu aktuellen Entwicklungen und Fragestellung im Weiterbildungssektor. Anhand dieser k\u00f6nnen sie ihre strategische Planung st\u00e4rken sowie sich mit anderen Anbietern \u00fcber die Herausforderungen, Risiken und Chancen austauschen.<\/p>\n\n\n\n<p>Die drei <strong>Vertiefungsworkshops<\/strong> werden von verschiedenen Expertinnen und Experten gef\u00fchrt:<\/p>\n\n\n\n<h3 class=\"wp-block-heading\">Wie werden Weiterbildungsanbieter agiler?<\/h3>\n\n\n\n<p><strong>Donnerstag, 25. November 2021, von 13:00\u201317:00 Uhr<\/strong><\/p>\n\n\n\n<p>Monika Manhart und Stephan Tanner, <a href=\"https:\/\/moveyourmind.ch\/\" target=\"_blank\" rel=\"noreferrer noopener\">MoveYourMind<\/a><\/p>\n\n\n\n<p><a href=\"https:\/\/alice.ch\/app\/uploads\/2022\/12\/2021-agile-organisationsentwicklung.pdf\" target=\"_blank\" rel=\"noreferrer noopener\">Programm dritter Vertiefungsworkshop<\/a><\/p>\n\n\n\n<h3 class=\"wp-block-heading\">Chancen und Potenzial von neuen Lernformaten<\/h3>\n\n\n\n<p><strong>Donnerstag, 21. Oktober 2021, von 13:00\u201317:00 Uhr<\/strong><\/p>\n\n\n\n<p><a href=\"https:\/\/www.linkedin.com\/in\/ursula-brunner-3b8972115\/\" target=\"_blank\" rel=\"noreferrer noopener\">Ursula Brunner<\/a>, Bildungsexpertin<\/p>\n\n\n\n<p><a href=\"https:\/\/www.linkedin.com\/in\/jaegermirjam\/\" target=\"_blank\" rel=\"noreferrer noopener\">Mirjam Jaeger<\/a>, Innovation Coach<\/p>\n\n\n\n<p><a href=\"https:\/\/alice.ch\/app\/uploads\/2022\/12\/2021-neue-Lernformate.pdf\" target=\"_blank\" rel=\"noreferrer noopener\">Programm zweiter Vertiefungsworkshop<\/a><\/p>\n\n\n\n<h3 class=\"wp-block-heading\">Analog und Lokal als Wettbewerbsvorteil<a href=\"https:\/\/www.linkedin.com\/in\/piusknuesel\/\" target=\"_blank\" rel=\"noreferrer noopener\"><\/a><\/h3>\n\n\n\n<p><strong>Dienstag, 21. September 2021, von 13:00\u201317:00 Uhr<\/strong><\/p>\n\n\n\n<p><a href=\"https:\/\/www.linkedin.com\/in\/piusknuesel\/\" target=\"_blank\" rel=\"noreferrer noopener\">Pius Kn\u00fcsel<\/a>, Pr\u00e4sident Verband der Schweizerischen Volkshochschulen VSV<\/p>\n\n\n\n<p><a href=\"https:\/\/alice.ch\/app\/uploads\/2022\/12\/2021-analog-lokal-wettbewerbsvorteil.pdf\" target=\"_blank\" rel=\"noreferrer noopener\">Programm erster Vertiefungsworkshop<\/a><\/p>\n\n\n\n<h3 class=\"wp-block-heading\">Grundlagenworkshop \u00ab\u00dcberpr\u00fcfen und Anpassen des Gesch\u00e4ftsmodells\u00bb<\/h3>\n\n\n\n<p><strong>Donnerstag, 9. September 2021, von 13:00\u201317:00 Uhr<\/strong><\/p>\n\n\n\n<p>Der Workshop wird von <a href=\"https:\/\/www.linkedin.com\/in\/christoph-meier-scil\/\" target=\"_blank\" rel=\"noreferrer noopener\">Christoph Meier<\/a>, Gesch\u00e4ftsf\u00fchrer von swiss competence centre for innovations in learning (scil) der Universit\u00e4t St. Gallen, geleitet.<\/p>\n\n\n\n<p><a href=\"https:\/\/alice.ch\/app\/uploads\/2022\/12\/2021-ueberpruefen-anpassen-geschaeftsmodell.pdf\" target=\"_blank\" rel=\"noreferrer noopener\">Detailliertes Workshop-Programm<\/a><\/p>\n\n\n\n<h3 class=\"wp-block-heading\">Kosten<\/h3>\n\n\n\n<p>Grundlagenworkshop: 200 CHF \/ SVEB Mitglieder CHF 150<br>F\u00fcr jeden Vertiefungsworkshop: 100 CHF \/ SVEB Mitglieder CHF 75<\/p>\n\n\n\n<p><strong>Spezialangebot:<\/strong> Der Grundlagenworkshop und drei Vertiefungsworkshops: 400 CHF \/ SVEB Mitglieder CHF 250<\/p>\n","protected":false},"excerpt":{"rendered":"<p>Die Corona-Krise hat den Umbruch in der Weiterbildungsbranche stark beschleunigt. Kundenbed\u00fcrfnisse ver\u00e4ndern sich rasant und sind so heterogen wie nie [&hellip;]<\/p>\n","protected":false},"author":11,"featured_media":19926,"template":"","meta":{"_acf_changed":false,"inline_featured_image":false,"footnotes":""},"event-category":[24],"event-tag":[],"event-status":[200],"event-language":[202],"global-category":[52],"class_list":["post-13039","event","type-event","status-publish","has-post-thumbnail","hentry","event-category-sveb-kooperation-events","event-status-archiv","event-language-deutsch","global-category-digitalisierung"],"acf":[],"yoast_head":"<!-- This site is optimized with the Yoast SEO plugin v27.3 - https:\/\/yoast.com\/product\/yoast-seo-wordpress\/ -->\n<title>Workshop-Serie: Impulse f\u00fcr die Strategieentwicklung von Weiterbildungsanbietern - SVEB<\/title>\n<meta name=\"robots\" content=\"index, follow, max-snippet:-1, max-image-preview:large, max-video-preview:-1\" \/>\n<link rel=\"canonical\" href=\"https:\/\/alice.ch\/de\/event\/workshop-serie-impulse-fuer-die-strategieentwicklung-von-weiterbildungsanbietern\/\" \/>\n<meta property=\"og:locale\" content=\"de_DE\" \/>\n<meta property=\"og:type\" content=\"article\" \/>\n<meta property=\"og:title\" content=\"Workshop-Serie: Impulse f\u00fcr die Strategieentwicklung von Weiterbildungsanbietern - SVEB\" \/>\n<meta property=\"og:description\" content=\"Die Corona-Krise hat den Umbruch in der Weiterbildungsbranche stark beschleunigt. Kundenbed\u00fcrfnisse ver\u00e4ndern sich rasant und sind so heterogen wie nie [&hellip;]\" \/>\n<meta property=\"og:url\" content=\"https:\/\/alice.ch\/de\/event\/workshop-serie-impulse-fuer-die-strategieentwicklung-von-weiterbildungsanbietern\/\" \/>\n<meta property=\"og:site_name\" content=\"SVEB\" \/>\n<meta property=\"article:modified_time\" content=\"2023-07-06T13:17:17+00:00\" \/>\n<meta property=\"og:image\" content=\"https:\/\/alice.ch\/app\/uploads\/2022\/11\/agena-strategieentwicklung.jpg\" \/>\n\t<meta property=\"og:image:width\" content=\"750\" \/>\n\t<meta property=\"og:image:height\" content=\"425\" \/>\n\t<meta property=\"og:image:type\" content=\"image\/jpeg\" \/>\n<meta name=\"twitter:card\" content=\"summary_large_image\" \/>\n<script type=\"application\/ld+json\" class=\"yoast-schema-graph\">{\"@context\":\"https:\\\/\\\/schema.org\",\"@graph\":[{\"@type\":\"WebPage\",\"@id\":\"https:\\\/\\\/alice.ch\\\/de\\\/event\\\/workshop-serie-impulse-fuer-die-strategieentwicklung-von-weiterbildungsanbietern\\\/\",\"url\":\"https:\\\/\\\/alice.ch\\\/de\\\/event\\\/workshop-serie-impulse-fuer-die-strategieentwicklung-von-weiterbildungsanbietern\\\/\",\"name\":\"Workshop-Serie: Impulse f\u00fcr die Strategieentwicklung von Weiterbildungsanbietern - SVEB\",\"isPartOf\":{\"@id\":\"https:\\\/\\\/alice.ch\\\/de\\\/#website\"},\"primaryImageOfPage\":{\"@id\":\"https:\\\/\\\/alice.ch\\\/de\\\/event\\\/workshop-serie-impulse-fuer-die-strategieentwicklung-von-weiterbildungsanbietern\\\/#primaryimage\"},\"image\":{\"@id\":\"https:\\\/\\\/alice.ch\\\/de\\\/event\\\/workshop-serie-impulse-fuer-die-strategieentwicklung-von-weiterbildungsanbietern\\\/#primaryimage\"},\"thumbnailUrl\":\"https:\\\/\\\/alice.ch\\\/app\\\/uploads\\\/2022\\\/11\\\/agena-strategieentwicklung.jpg\",\"datePublished\":\"2022-11-15T10:08:35+00:00\",\"dateModified\":\"2023-07-06T13:17:17+00:00\",\"breadcrumb\":{\"@id\":\"https:\\\/\\\/alice.ch\\\/de\\\/event\\\/workshop-serie-impulse-fuer-die-strategieentwicklung-von-weiterbildungsanbietern\\\/#breadcrumb\"},\"inLanguage\":\"de\",\"potentialAction\":[{\"@type\":\"ReadAction\",\"target\":[\"https:\\\/\\\/alice.ch\\\/de\\\/event\\\/workshop-serie-impulse-fuer-die-strategieentwicklung-von-weiterbildungsanbietern\\\/\"]}]},{\"@type\":\"ImageObject\",\"inLanguage\":\"de\",\"@id\":\"https:\\\/\\\/alice.ch\\\/de\\\/event\\\/workshop-serie-impulse-fuer-die-strategieentwicklung-von-weiterbildungsanbietern\\\/#primaryimage\",\"url\":\"https:\\\/\\\/alice.ch\\\/app\\\/uploads\\\/2022\\\/11\\\/agena-strategieentwicklung.jpg\",\"contentUrl\":\"https:\\\/\\\/alice.ch\\\/app\\\/uploads\\\/2022\\\/11\\\/agena-strategieentwicklung.jpg\",\"width\":750,\"height\":425},{\"@type\":\"BreadcrumbList\",\"@id\":\"https:\\\/\\\/alice.ch\\\/de\\\/event\\\/workshop-serie-impulse-fuer-die-strategieentwicklung-von-weiterbildungsanbietern\\\/#breadcrumb\",\"itemListElement\":[{\"@type\":\"ListItem\",\"position\":1,\"name\":\"Startseite\",\"item\":\"https:\\\/\\\/alice.ch\\\/de\\\/\"},{\"@type\":\"ListItem\",\"position\":2,\"name\":\"Events\",\"item\":\"https:\\\/\\\/alice.ch\\\/de\\\/event\\\/\"},{\"@type\":\"ListItem\",\"position\":3,\"name\":\"Workshop-Serie: Impulse f\u00fcr die Strategieentwicklung von Weiterbildungsanbietern\"}]},{\"@type\":\"WebSite\",\"@id\":\"https:\\\/\\\/alice.ch\\\/de\\\/#website\",\"url\":\"https:\\\/\\\/alice.ch\\\/de\\\/\",\"name\":\"alice.ch (Adult Learning Information Center) ist das Portal der Weiterbildung in der Schweiz.\",\"description\":\"Schweizerischer Verband f\u00fcr Weiterbildung\",\"publisher\":{\"@id\":\"https:\\\/\\\/alice.ch\\\/de\\\/#organization\"},\"potentialAction\":[{\"@type\":\"SearchAction\",\"target\":{\"@type\":\"EntryPoint\",\"urlTemplate\":\"https:\\\/\\\/alice.ch\\\/de\\\/?s={search_term_string}\"},\"query-input\":{\"@type\":\"PropertyValueSpecification\",\"valueRequired\":true,\"valueName\":\"search_term_string\"}}],\"inLanguage\":\"de\"},{\"@type\":\"Organization\",\"@id\":\"https:\\\/\\\/alice.ch\\\/de\\\/#organization\",\"name\":\"SVEB Schweizerischer Verband f\u00fcr Weiterbildung\",\"url\":\"https:\\\/\\\/alice.ch\\\/de\\\/\",\"logo\":{\"@type\":\"ImageObject\",\"inLanguage\":\"de\",\"@id\":\"https:\\\/\\\/alice.ch\\\/de\\\/#\\\/schema\\\/logo\\\/image\\\/\",\"url\":\"https:\\\/\\\/alice.ch\\\/app\\\/uploads\\\/2022\\\/07\\\/logo-sveb.png\",\"contentUrl\":\"https:\\\/\\\/alice.ch\\\/app\\\/uploads\\\/2022\\\/07\\\/logo-sveb.png\",\"width\":145,\"height\":64,\"caption\":\"SVEB Schweizerischer Verband f\u00fcr Weiterbildung\"},\"image\":{\"@id\":\"https:\\\/\\\/alice.ch\\\/de\\\/#\\\/schema\\\/logo\\\/image\\\/\"},\"sameAs\":[\"https:\\\/\\\/www.linkedin.com\\\/company\\\/schweizerischer-verband-fr-weiterbildung-sveb\\\/\"]}]}<\/script>\n<!-- \/ Yoast SEO plugin. -->","yoast_head_json":{"title":"Workshop-Serie: Impulse f\u00fcr die Strategieentwicklung von Weiterbildungsanbietern - SVEB","robots":{"index":"index","follow":"follow","max-snippet":"max-snippet:-1","max-image-preview":"max-image-preview:large","max-video-preview":"max-video-preview:-1"},"canonical":"https:\/\/alice.ch\/de\/event\/workshop-serie-impulse-fuer-die-strategieentwicklung-von-weiterbildungsanbietern\/","og_locale":"de_DE","og_type":"article","og_title":"Workshop-Serie: Impulse f\u00fcr die Strategieentwicklung von Weiterbildungsanbietern - SVEB","og_description":"Die Corona-Krise hat den Umbruch in der Weiterbildungsbranche stark beschleunigt. Kundenbed\u00fcrfnisse ver\u00e4ndern sich rasant und sind so heterogen wie nie [&hellip;]","og_url":"https:\/\/alice.ch\/de\/event\/workshop-serie-impulse-fuer-die-strategieentwicklung-von-weiterbildungsanbietern\/","og_site_name":"SVEB","article_modified_time":"2023-07-06T13:17:17+00:00","og_image":[{"width":750,"height":425,"url":"https:\/\/alice.ch\/app\/uploads\/2022\/11\/agena-strategieentwicklung.jpg","type":"image\/jpeg"}],"twitter_card":"summary_large_image","schema":{"@context":"https:\/\/schema.org","@graph":[{"@type":"WebPage","@id":"https:\/\/alice.ch\/de\/event\/workshop-serie-impulse-fuer-die-strategieentwicklung-von-weiterbildungsanbietern\/","url":"https:\/\/alice.ch\/de\/event\/workshop-serie-impulse-fuer-die-strategieentwicklung-von-weiterbildungsanbietern\/","name":"Workshop-Serie: Impulse f\u00fcr die Strategieentwicklung von Weiterbildungsanbietern - SVEB","isPartOf":{"@id":"https:\/\/alice.ch\/de\/#website"},"primaryImageOfPage":{"@id":"https:\/\/alice.ch\/de\/event\/workshop-serie-impulse-fuer-die-strategieentwicklung-von-weiterbildungsanbietern\/#primaryimage"},"image":{"@id":"https:\/\/alice.ch\/de\/event\/workshop-serie-impulse-fuer-die-strategieentwicklung-von-weiterbildungsanbietern\/#primaryimage"},"thumbnailUrl":"https:\/\/alice.ch\/app\/uploads\/2022\/11\/agena-strategieentwicklung.jpg","datePublished":"2022-11-15T10:08:35+00:00","dateModified":"2023-07-06T13:17:17+00:00","breadcrumb":{"@id":"https:\/\/alice.ch\/de\/event\/workshop-serie-impulse-fuer-die-strategieentwicklung-von-weiterbildungsanbietern\/#breadcrumb"},"inLanguage":"de","potentialAction":[{"@type":"ReadAction","target":["https:\/\/alice.ch\/de\/event\/workshop-serie-impulse-fuer-die-strategieentwicklung-von-weiterbildungsanbietern\/"]}]},{"@type":"ImageObject","inLanguage":"de","@id":"https:\/\/alice.ch\/de\/event\/workshop-serie-impulse-fuer-die-strategieentwicklung-von-weiterbildungsanbietern\/#primaryimage","url":"https:\/\/alice.ch\/app\/uploads\/2022\/11\/agena-strategieentwicklung.jpg","contentUrl":"https:\/\/alice.ch\/app\/uploads\/2022\/11\/agena-strategieentwicklung.jpg","width":750,"height":425},{"@type":"BreadcrumbList","@id":"https:\/\/alice.ch\/de\/event\/workshop-serie-impulse-fuer-die-strategieentwicklung-von-weiterbildungsanbietern\/#breadcrumb","itemListElement":[{"@type":"ListItem","position":1,"name":"Startseite","item":"https:\/\/alice.ch\/de\/"},{"@type":"ListItem","position":2,"name":"Events","item":"https:\/\/alice.ch\/de\/event\/"},{"@type":"ListItem","position":3,"name":"Workshop-Serie: Impulse f\u00fcr die Strategieentwicklung von Weiterbildungsanbietern"}]},{"@type":"WebSite","@id":"https:\/\/alice.ch\/de\/#website","url":"https:\/\/alice.ch\/de\/","name":"alice.ch (Adult Learning Information Center) ist das Portal der Weiterbildung in der Schweiz.","description":"Schweizerischer Verband f\u00fcr Weiterbildung","publisher":{"@id":"https:\/\/alice.ch\/de\/#organization"},"potentialAction":[{"@type":"SearchAction","target":{"@type":"EntryPoint","urlTemplate":"https:\/\/alice.ch\/de\/?s={search_term_string}"},"query-input":{"@type":"PropertyValueSpecification","valueRequired":true,"valueName":"search_term_string"}}],"inLanguage":"de"},{"@type":"Organization","@id":"https:\/\/alice.ch\/de\/#organization","name":"SVEB Schweizerischer Verband f\u00fcr Weiterbildung","url":"https:\/\/alice.ch\/de\/","logo":{"@type":"ImageObject","inLanguage":"de","@id":"https:\/\/alice.ch\/de\/#\/schema\/logo\/image\/","url":"https:\/\/alice.ch\/app\/uploads\/2022\/07\/logo-sveb.png","contentUrl":"https:\/\/alice.ch\/app\/uploads\/2022\/07\/logo-sveb.png","width":145,"height":64,"caption":"SVEB Schweizerischer Verband f\u00fcr Weiterbildung"},"image":{"@id":"https:\/\/alice.ch\/de\/#\/schema\/logo\/image\/"},"sameAs":["https:\/\/www.linkedin.com\/company\/schweizerischer-verband-fr-weiterbildung-sveb\/"]}]}},"_links":{"self":[{"href":"https:\/\/alice.ch\/de\/wp-json\/wp\/v2\/event\/13039","targetHints":{"allow":["GET"]}}],"collection":[{"href":"https:\/\/alice.ch\/de\/wp-json\/wp\/v2\/event"}],"about":[{"href":"https:\/\/alice.ch\/de\/wp-json\/wp\/v2\/types\/event"}],"author":[{"embeddable":true,"href":"https:\/\/alice.ch\/de\/wp-json\/wp\/v2\/users\/11"}],"version-history":[{"count":6,"href":"https:\/\/alice.ch\/de\/wp-json\/wp\/v2\/event\/13039\/revisions"}],"predecessor-version":[{"id":52331,"href":"https:\/\/alice.ch\/de\/wp-json\/wp\/v2\/event\/13039\/revisions\/52331"}],"wp:featuredmedia":[{"embeddable":true,"href":"https:\/\/alice.ch\/de\/wp-json\/wp\/v2\/media\/19926"}],"wp:attachment":[{"href":"https:\/\/alice.ch\/de\/wp-json\/wp\/v2\/media?parent=13039"}],"wp:term":[{"taxonomy":"event-category","embeddable":true,"href":"https:\/\/alice.ch\/de\/wp-json\/wp\/v2\/event-category?post=13039"},{"taxonomy":"event-tag","embeddable":true,"href":"https:\/\/alice.ch\/de\/wp-json\/wp\/v2\/event-tag?post=13039"},{"taxonomy":"event-status","embeddable":true,"href":"https:\/\/alice.ch\/de\/wp-json\/wp\/v2\/event-status?post=13039"},{"taxonomy":"event-language","embeddable":true,"href":"https:\/\/alice.ch\/de\/wp-json\/wp\/v2\/event-language?post=13039"},{"taxonomy":"global-category","embeddable":true,"href":"https:\/\/alice.ch\/de\/wp-json\/wp\/v2\/global-category?post=13039"}],"curies":[{"name":"wp","href":"https:\/\/api.w.org\/{rel}","templated":true}]}}