{"id":13728,"date":"2022-11-16T17:08:07","date_gmt":"2022-11-16T16:08:07","guid":{"rendered":"https:\/\/projects.atxeit.ch\/sveb\/?post_type=event&#038;p=13728"},"modified":"2023-07-06T15:18:38","modified_gmt":"2023-07-06T13:18:38","slug":"neuer-ada-baukasten-und-modulbeschreibungen","status":"publish","type":"event","link":"https:\/\/alice.ch\/de\/event\/neuer-ada-baukasten-und-modulbeschreibungen\/","title":{"rendered":"Neuer AdA-Baukasten und Modulbeschreibungen"},"content":{"rendered":"\n<p>Der neue AdA-Baukasten und die Modulbeschreibungen werfen sicher viele Fragen auf. Mit einf\u00fchrenden Informationen und Erkl\u00e4rungen zum Baukasten und den Beschreibungen k\u00f6nnen wir Ihnen weiterhelfen. Sie erhalten aber auch Gelegenheit, Ihre Fragen direkt anzubringen.<\/p>\n\n\n\n<p>Ab sofort stehen die Beta-Versionen der Modulbeschreibungen der beiden Aufbaumodule \u00abBegleitung\u00bb und \u00abDidaktik\u00bb sowie des \u00abTransversalmoduls\u00bb und des \u00abVernetzungsmoduls\u00bb (Pflichtmodule) der Stufe II f\u00fcr den Fachausweis ab 2023 auf unserer Website zur Verf\u00fcgung.<\/p>\n\n\n\n<p><strong><a href=\"https:\/\/alice.ch\/de\/ausbilden-als-beruf\/ada-baukastensystem\/\">AdA Baukasten<\/a><\/strong><\/p>\n\n\n\n<p>In den Beschreibungen finden Sie auch die Einordnung der Module in den neuen AdA-Baukasten.<\/p>\n\n\n\n<p>An diesem Online-Anlass werden wir Ihnen Informationen und Erkl\u00e4rungen zum Baukasten und den Beschreibungen geben und gerne auch Ihre Fragen beantworten.<\/p>\n\n\n\n<p>Melden Sie sich bitte&nbsp; f\u00fcr die Veranstaltungen an, damit wir Ihnen die entsprechenden Zugangsdaten zuschicken k\u00f6nnen.<\/p>\n","protected":false},"excerpt":{"rendered":"<p>Der neue AdA-Baukasten und die Modulbeschreibungen werfen sicher viele Fragen auf. Mit einf\u00fchrenden Informationen und Erkl\u00e4rungen zum Baukasten und den [&hellip;]<\/p>\n","protected":false},"author":11,"featured_media":19783,"template":"","meta":{"_acf_changed":false,"inline_featured_image":false,"footnotes":""},"event-category":[24],"event-tag":[],"event-status":[200],"event-language":[202,203],"global-category":[42],"class_list":["post-13728","event","type-event","status-publish","has-post-thumbnail","hentry","event-category-sveb-kooperation-events","event-status-archiv","event-language-deutsch","event-language-franzoesisch","global-category-professionalisierung"],"acf":[],"yoast_head":"<!-- This site is optimized with the Yoast SEO plugin v27.3 - https:\/\/yoast.com\/product\/yoast-seo-wordpress\/ -->\n<title>Neuer AdA-Baukasten und Modulbeschreibungen - SVEB<\/title>\n<meta name=\"robots\" content=\"index, follow, max-snippet:-1, max-image-preview:large, max-video-preview:-1\" \/>\n<link rel=\"canonical\" href=\"https:\/\/alice.ch\/de\/event\/neuer-ada-baukasten-und-modulbeschreibungen\/\" \/>\n<meta property=\"og:locale\" content=\"de_DE\" \/>\n<meta property=\"og:type\" content=\"article\" \/>\n<meta property=\"og:title\" content=\"Neuer AdA-Baukasten und Modulbeschreibungen - SVEB\" \/>\n<meta property=\"og:description\" content=\"Der neue AdA-Baukasten und die Modulbeschreibungen werfen sicher viele Fragen auf. Mit einf\u00fchrenden Informationen und Erkl\u00e4rungen zum Baukasten und den [&hellip;]\" \/>\n<meta property=\"og:url\" content=\"https:\/\/alice.ch\/de\/event\/neuer-ada-baukasten-und-modulbeschreibungen\/\" \/>\n<meta property=\"og:site_name\" content=\"SVEB\" \/>\n<meta property=\"article:modified_time\" content=\"2023-07-06T13:18:38+00:00\" \/>\n<meta property=\"og:image\" content=\"https:\/\/alice.ch\/app\/uploads\/2022\/11\/agenda-ada-baukasten-modulbeschreibungen.jpeg\" \/>\n\t<meta property=\"og:image:width\" content=\"370\" \/>\n\t<meta property=\"og:image:height\" content=\"185\" \/>\n\t<meta property=\"og:image:type\" content=\"image\/jpeg\" \/>\n<meta name=\"twitter:card\" content=\"summary_large_image\" \/>\n<script type=\"application\/ld+json\" class=\"yoast-schema-graph\">{\"@context\":\"https:\\\/\\\/schema.org\",\"@graph\":[{\"@type\":\"WebPage\",\"@id\":\"https:\\\/\\\/alice.ch\\\/de\\\/event\\\/neuer-ada-baukasten-und-modulbeschreibungen\\\/\",\"url\":\"https:\\\/\\\/alice.ch\\\/de\\\/event\\\/neuer-ada-baukasten-und-modulbeschreibungen\\\/\",\"name\":\"Neuer AdA-Baukasten und Modulbeschreibungen - SVEB\",\"isPartOf\":{\"@id\":\"https:\\\/\\\/alice.ch\\\/de\\\/#website\"},\"primaryImageOfPage\":{\"@id\":\"https:\\\/\\\/alice.ch\\\/de\\\/event\\\/neuer-ada-baukasten-und-modulbeschreibungen\\\/#primaryimage\"},\"image\":{\"@id\":\"https:\\\/\\\/alice.ch\\\/de\\\/event\\\/neuer-ada-baukasten-und-modulbeschreibungen\\\/#primaryimage\"},\"thumbnailUrl\":\"https:\\\/\\\/alice.ch\\\/app\\\/uploads\\\/2022\\\/11\\\/agenda-ada-baukasten-modulbeschreibungen.jpeg\",\"datePublished\":\"2022-11-16T16:08:07+00:00\",\"dateModified\":\"2023-07-06T13:18:38+00:00\",\"breadcrumb\":{\"@id\":\"https:\\\/\\\/alice.ch\\\/de\\\/event\\\/neuer-ada-baukasten-und-modulbeschreibungen\\\/#breadcrumb\"},\"inLanguage\":\"de\",\"potentialAction\":[{\"@type\":\"ReadAction\",\"target\":[\"https:\\\/\\\/alice.ch\\\/de\\\/event\\\/neuer-ada-baukasten-und-modulbeschreibungen\\\/\"]}]},{\"@type\":\"ImageObject\",\"inLanguage\":\"de\",\"@id\":\"https:\\\/\\\/alice.ch\\\/de\\\/event\\\/neuer-ada-baukasten-und-modulbeschreibungen\\\/#primaryimage\",\"url\":\"https:\\\/\\\/alice.ch\\\/app\\\/uploads\\\/2022\\\/11\\\/agenda-ada-baukasten-modulbeschreibungen.jpeg\",\"contentUrl\":\"https:\\\/\\\/alice.ch\\\/app\\\/uploads\\\/2022\\\/11\\\/agenda-ada-baukasten-modulbeschreibungen.jpeg\",\"width\":370,\"height\":185},{\"@type\":\"BreadcrumbList\",\"@id\":\"https:\\\/\\\/alice.ch\\\/de\\\/event\\\/neuer-ada-baukasten-und-modulbeschreibungen\\\/#breadcrumb\",\"itemListElement\":[{\"@type\":\"ListItem\",\"position\":1,\"name\":\"Startseite\",\"item\":\"https:\\\/\\\/alice.ch\\\/de\\\/\"},{\"@type\":\"ListItem\",\"position\":2,\"name\":\"Events\",\"item\":\"https:\\\/\\\/alice.ch\\\/de\\\/event\\\/\"},{\"@type\":\"ListItem\",\"position\":3,\"name\":\"Neuer AdA-Baukasten und Modulbeschreibungen\"}]},{\"@type\":\"WebSite\",\"@id\":\"https:\\\/\\\/alice.ch\\\/de\\\/#website\",\"url\":\"https:\\\/\\\/alice.ch\\\/de\\\/\",\"name\":\"alice.ch (Adult Learning Information Center) ist das Portal der Weiterbildung in der Schweiz.\",\"description\":\"Schweizerischer Verband f\u00fcr Weiterbildung\",\"publisher\":{\"@id\":\"https:\\\/\\\/alice.ch\\\/de\\\/#organization\"},\"potentialAction\":[{\"@type\":\"SearchAction\",\"target\":{\"@type\":\"EntryPoint\",\"urlTemplate\":\"https:\\\/\\\/alice.ch\\\/de\\\/?s={search_term_string}\"},\"query-input\":{\"@type\":\"PropertyValueSpecification\",\"valueRequired\":true,\"valueName\":\"search_term_string\"}}],\"inLanguage\":\"de\"},{\"@type\":\"Organization\",\"@id\":\"https:\\\/\\\/alice.ch\\\/de\\\/#organization\",\"name\":\"SVEB Schweizerischer Verband f\u00fcr Weiterbildung\",\"url\":\"https:\\\/\\\/alice.ch\\\/de\\\/\",\"logo\":{\"@type\":\"ImageObject\",\"inLanguage\":\"de\",\"@id\":\"https:\\\/\\\/alice.ch\\\/de\\\/#\\\/schema\\\/logo\\\/image\\\/\",\"url\":\"https:\\\/\\\/alice.ch\\\/app\\\/uploads\\\/2022\\\/07\\\/logo-sveb.png\",\"contentUrl\":\"https:\\\/\\\/alice.ch\\\/app\\\/uploads\\\/2022\\\/07\\\/logo-sveb.png\",\"width\":145,\"height\":64,\"caption\":\"SVEB Schweizerischer Verband f\u00fcr Weiterbildung\"},\"image\":{\"@id\":\"https:\\\/\\\/alice.ch\\\/de\\\/#\\\/schema\\\/logo\\\/image\\\/\"},\"sameAs\":[\"https:\\\/\\\/www.linkedin.com\\\/company\\\/schweizerischer-verband-fr-weiterbildung-sveb\\\/\"]}]}<\/script>\n<!-- \/ Yoast SEO plugin. -->","yoast_head_json":{"title":"Neuer AdA-Baukasten und Modulbeschreibungen - SVEB","robots":{"index":"index","follow":"follow","max-snippet":"max-snippet:-1","max-image-preview":"max-image-preview:large","max-video-preview":"max-video-preview:-1"},"canonical":"https:\/\/alice.ch\/de\/event\/neuer-ada-baukasten-und-modulbeschreibungen\/","og_locale":"de_DE","og_type":"article","og_title":"Neuer AdA-Baukasten und Modulbeschreibungen - SVEB","og_description":"Der neue AdA-Baukasten und die Modulbeschreibungen werfen sicher viele Fragen auf. Mit einf\u00fchrenden Informationen und Erkl\u00e4rungen zum Baukasten und den [&hellip;]","og_url":"https:\/\/alice.ch\/de\/event\/neuer-ada-baukasten-und-modulbeschreibungen\/","og_site_name":"SVEB","article_modified_time":"2023-07-06T13:18:38+00:00","og_image":[{"width":370,"height":185,"url":"https:\/\/alice.ch\/app\/uploads\/2022\/11\/agenda-ada-baukasten-modulbeschreibungen.jpeg","type":"image\/jpeg"}],"twitter_card":"summary_large_image","schema":{"@context":"https:\/\/schema.org","@graph":[{"@type":"WebPage","@id":"https:\/\/alice.ch\/de\/event\/neuer-ada-baukasten-und-modulbeschreibungen\/","url":"https:\/\/alice.ch\/de\/event\/neuer-ada-baukasten-und-modulbeschreibungen\/","name":"Neuer AdA-Baukasten und Modulbeschreibungen - SVEB","isPartOf":{"@id":"https:\/\/alice.ch\/de\/#website"},"primaryImageOfPage":{"@id":"https:\/\/alice.ch\/de\/event\/neuer-ada-baukasten-und-modulbeschreibungen\/#primaryimage"},"image":{"@id":"https:\/\/alice.ch\/de\/event\/neuer-ada-baukasten-und-modulbeschreibungen\/#primaryimage"},"thumbnailUrl":"https:\/\/alice.ch\/app\/uploads\/2022\/11\/agenda-ada-baukasten-modulbeschreibungen.jpeg","datePublished":"2022-11-16T16:08:07+00:00","dateModified":"2023-07-06T13:18:38+00:00","breadcrumb":{"@id":"https:\/\/alice.ch\/de\/event\/neuer-ada-baukasten-und-modulbeschreibungen\/#breadcrumb"},"inLanguage":"de","potentialAction":[{"@type":"ReadAction","target":["https:\/\/alice.ch\/de\/event\/neuer-ada-baukasten-und-modulbeschreibungen\/"]}]},{"@type":"ImageObject","inLanguage":"de","@id":"https:\/\/alice.ch\/de\/event\/neuer-ada-baukasten-und-modulbeschreibungen\/#primaryimage","url":"https:\/\/alice.ch\/app\/uploads\/2022\/11\/agenda-ada-baukasten-modulbeschreibungen.jpeg","contentUrl":"https:\/\/alice.ch\/app\/uploads\/2022\/11\/agenda-ada-baukasten-modulbeschreibungen.jpeg","width":370,"height":185},{"@type":"BreadcrumbList","@id":"https:\/\/alice.ch\/de\/event\/neuer-ada-baukasten-und-modulbeschreibungen\/#breadcrumb","itemListElement":[{"@type":"ListItem","position":1,"name":"Startseite","item":"https:\/\/alice.ch\/de\/"},{"@type":"ListItem","position":2,"name":"Events","item":"https:\/\/alice.ch\/de\/event\/"},{"@type":"ListItem","position":3,"name":"Neuer AdA-Baukasten und Modulbeschreibungen"}]},{"@type":"WebSite","@id":"https:\/\/alice.ch\/de\/#website","url":"https:\/\/alice.ch\/de\/","name":"alice.ch (Adult Learning Information Center) ist das Portal der Weiterbildung in der Schweiz.","description":"Schweizerischer Verband f\u00fcr Weiterbildung","publisher":{"@id":"https:\/\/alice.ch\/de\/#organization"},"potentialAction":[{"@type":"SearchAction","target":{"@type":"EntryPoint","urlTemplate":"https:\/\/alice.ch\/de\/?s={search_term_string}"},"query-input":{"@type":"PropertyValueSpecification","valueRequired":true,"valueName":"search_term_string"}}],"inLanguage":"de"},{"@type":"Organization","@id":"https:\/\/alice.ch\/de\/#organization","name":"SVEB Schweizerischer Verband f\u00fcr Weiterbildung","url":"https:\/\/alice.ch\/de\/","logo":{"@type":"ImageObject","inLanguage":"de","@id":"https:\/\/alice.ch\/de\/#\/schema\/logo\/image\/","url":"https:\/\/alice.ch\/app\/uploads\/2022\/07\/logo-sveb.png","contentUrl":"https:\/\/alice.ch\/app\/uploads\/2022\/07\/logo-sveb.png","width":145,"height":64,"caption":"SVEB Schweizerischer Verband f\u00fcr Weiterbildung"},"image":{"@id":"https:\/\/alice.ch\/de\/#\/schema\/logo\/image\/"},"sameAs":["https:\/\/www.linkedin.com\/company\/schweizerischer-verband-fr-weiterbildung-sveb\/"]}]}},"_links":{"self":[{"href":"https:\/\/alice.ch\/de\/wp-json\/wp\/v2\/event\/13728","targetHints":{"allow":["GET"]}}],"collection":[{"href":"https:\/\/alice.ch\/de\/wp-json\/wp\/v2\/event"}],"about":[{"href":"https:\/\/alice.ch\/de\/wp-json\/wp\/v2\/types\/event"}],"author":[{"embeddable":true,"href":"https:\/\/alice.ch\/de\/wp-json\/wp\/v2\/users\/11"}],"version-history":[{"count":3,"href":"https:\/\/alice.ch\/de\/wp-json\/wp\/v2\/event\/13728\/revisions"}],"predecessor-version":[{"id":52335,"href":"https:\/\/alice.ch\/de\/wp-json\/wp\/v2\/event\/13728\/revisions\/52335"}],"wp:featuredmedia":[{"embeddable":true,"href":"https:\/\/alice.ch\/de\/wp-json\/wp\/v2\/media\/19783"}],"wp:attachment":[{"href":"https:\/\/alice.ch\/de\/wp-json\/wp\/v2\/media?parent=13728"}],"wp:term":[{"taxonomy":"event-category","embeddable":true,"href":"https:\/\/alice.ch\/de\/wp-json\/wp\/v2\/event-category?post=13728"},{"taxonomy":"event-tag","embeddable":true,"href":"https:\/\/alice.ch\/de\/wp-json\/wp\/v2\/event-tag?post=13728"},{"taxonomy":"event-status","embeddable":true,"href":"https:\/\/alice.ch\/de\/wp-json\/wp\/v2\/event-status?post=13728"},{"taxonomy":"event-language","embeddable":true,"href":"https:\/\/alice.ch\/de\/wp-json\/wp\/v2\/event-language?post=13728"},{"taxonomy":"global-category","embeddable":true,"href":"https:\/\/alice.ch\/de\/wp-json\/wp\/v2\/global-category?post=13728"}],"curies":[{"name":"wp","href":"https:\/\/api.w.org\/{rel}","templated":true}]}}