{"id":36844,"date":"2023-01-06T12:10:08","date_gmt":"2023-01-06T11:10:08","guid":{"rendered":"https:\/\/alice.ch\/?post_type=event&#038;p=36844"},"modified":"2023-07-06T15:02:39","modified_gmt":"2023-07-06T13:02:39","slug":"foerderung-der-qualifizierung-erwachsener","status":"publish","type":"event","link":"https:\/\/alice.ch\/de\/event\/foerderung-der-qualifizierung-erwachsener\/","title":{"rendered":"F\u00f6rderung der Qualifizierung Erwachsener &#8211; Finanzierung, Koordination und Erreichbarkeit"},"content":{"rendered":"\n<h3 class=\"wp-block-heading\">Inhalte und Ziele<\/h3>\n\n\n\n<p>Erwachsene ohne ausreichende Grundkompetenzen oder ohne anerkannten Berufsabschluss sind im Vergleich zur Gesamtbev\u00f6lkerung h\u00e4ufiger von Erwerbslosigkeit und Armut betroffen. Obwohl Qualifizierungsangebote in den letzten Jahren stark ausgebaut wurden, werden sie noch wenig in Anspruch genommen. Wie k\u00f6nnen Zugang, Ausgestaltung der Angebote, ihre Finanzierung sowie die Koordination und Qualit\u00e4tssicherung weiterentwickelt werden, damit mehr Menschen teilnehmen? Verschiedene Studien haben diese Fragen in den letzten Monaten bearbeitet. An der Tagung werden Studienergebnisse und Praxisbeispiele vorgestellt und es wird gemeinsam mit den Teilnehmenden diskutiert, wie unter Einbezug verschiedener Akteure Verbesserungen erreicht werden k\u00f6nnen.<\/p>\n\n\n\n<p>Workshop Nr. 2: <strong>Die Rolle der Sozialhilfe in der Bildungsf\u00f6rderung<\/strong><br>Weiterbildungsoffensive der Schweizerischen Konferenz f\u00fcr Sozialhilfe: <em>C\u00e4cilia M\u00e4rki, Leiterin Bereich Grundkompetenzen, SVEB <\/em>und SKOS<\/p>\n\n\n\n<p>Workshop Nr. 8: <strong>Grundkompetenzen am Arbeitsplatz als T\u00fcr\u00f6ffner zum Berufsabschluss f\u00fcr Erwachsene<\/strong><br>\u00abEinfach besser! \u2026 am Arbeitsplatz\u00bb: <em>Christine B\u00e4rlocher, Projektleiterin Grundkompetenzen<\/em>, <em>SVEB <\/em>und Erwachsenenbildungszentrum Olten<\/p>\n\n\n\n<h3 class=\"wp-block-heading\">Die Tagung richtet sich an:<\/h3>\n\n\n\n<ul class=\"wp-block-list\">\n<li>Fach- und F\u00fchrungspersonen aus Bund, Kantonen, St\u00e4dten und Gemeinden im Sozial- Integrations- und Bildungsbereich<\/li>\n\n\n\n<li>IIZ-Koordinatorinnen und -koordinatoren<\/li>\n\n\n\n<li>Bildungsanbietende<\/li>\n\n\n\n<li>Arbeitgebende und Branchenvertreter\/innen<\/li>\n\n\n\n<li>Vertreter\/innen zivilgesellschaftlicher Organisationen<\/li>\n\n\n\n<li>Vertreter\/innen der Zielgruppen<\/li>\n<\/ul>\n\n\n\n<h3 class=\"wp-block-heading\"><strong><a href=\"https:\/\/www.gegenarmut.ch\/tagung2023\/programm\">Programm<\/a><\/strong><\/h3>\n\n\n\n<h3 class=\"wp-block-heading\">Die Tagung ist ausgebucht.<\/h3>\n","protected":false},"excerpt":{"rendered":"<p>Inhalte und Ziele Erwachsene ohne ausreichende Grundkompetenzen oder ohne anerkannten Berufsabschluss sind im Vergleich zur Gesamtbev\u00f6lkerung h\u00e4ufiger von Erwerbslosigkeit und [&hellip;]<\/p>\n","protected":false},"author":11,"featured_media":36825,"template":"","meta":{"_acf_changed":false,"inline_featured_image":false,"footnotes":""},"event-category":[152],"event-tag":[41],"event-status":[200],"event-language":[202,203],"global-category":[49],"class_list":["post-36844","event","type-event","status-publish","has-post-thumbnail","hentry","event-category-externer-event","event-tag-41","event-status-archiv","event-language-deutsch","event-language-franzoesisch","global-category-grundkompetenzen"],"acf":[],"yoast_head":"<!-- This site is optimized with the Yoast SEO plugin v27.3 - https:\/\/yoast.com\/product\/yoast-seo-wordpress\/ -->\n<title>F\u00f6rderung der Qualifizierung Erwachsener - Finanzierung, Koordination und Erreichbarkeit - SVEB<\/title>\n<meta name=\"robots\" content=\"index, follow, max-snippet:-1, max-image-preview:large, max-video-preview:-1\" \/>\n<link rel=\"canonical\" href=\"https:\/\/alice.ch\/de\/event\/foerderung-der-qualifizierung-erwachsener\/\" \/>\n<meta property=\"og:locale\" content=\"de_DE\" \/>\n<meta property=\"og:type\" content=\"article\" \/>\n<meta property=\"og:title\" content=\"F\u00f6rderung der Qualifizierung Erwachsener - Finanzierung, Koordination und Erreichbarkeit - SVEB\" \/>\n<meta property=\"og:description\" content=\"Inhalte und Ziele Erwachsene ohne ausreichende Grundkompetenzen oder ohne anerkannten Berufsabschluss sind im Vergleich zur Gesamtbev\u00f6lkerung h\u00e4ufiger von Erwerbslosigkeit und [&hellip;]\" \/>\n<meta property=\"og:url\" content=\"https:\/\/alice.ch\/de\/event\/foerderung-der-qualifizierung-erwachsener\/\" \/>\n<meta property=\"og:site_name\" content=\"SVEB\" \/>\n<meta property=\"article:modified_time\" content=\"2023-07-06T13:02:39+00:00\" \/>\n<meta property=\"og:image\" content=\"https:\/\/alice.ch\/app\/uploads\/2022\/12\/logo-nationale-plattform-gegen-armut.png\" \/>\n\t<meta property=\"og:image:width\" content=\"552\" \/>\n\t<meta property=\"og:image:height\" content=\"323\" \/>\n\t<meta property=\"og:image:type\" content=\"image\/png\" \/>\n<meta name=\"twitter:card\" content=\"summary_large_image\" \/>\n<script type=\"application\/ld+json\" class=\"yoast-schema-graph\">{\"@context\":\"https:\\\/\\\/schema.org\",\"@graph\":[{\"@type\":\"WebPage\",\"@id\":\"https:\\\/\\\/alice.ch\\\/de\\\/event\\\/foerderung-der-qualifizierung-erwachsener\\\/\",\"url\":\"https:\\\/\\\/alice.ch\\\/de\\\/event\\\/foerderung-der-qualifizierung-erwachsener\\\/\",\"name\":\"F\u00f6rderung der Qualifizierung Erwachsener - Finanzierung, Koordination und Erreichbarkeit - SVEB\",\"isPartOf\":{\"@id\":\"https:\\\/\\\/alice.ch\\\/de\\\/#website\"},\"primaryImageOfPage\":{\"@id\":\"https:\\\/\\\/alice.ch\\\/de\\\/event\\\/foerderung-der-qualifizierung-erwachsener\\\/#primaryimage\"},\"image\":{\"@id\":\"https:\\\/\\\/alice.ch\\\/de\\\/event\\\/foerderung-der-qualifizierung-erwachsener\\\/#primaryimage\"},\"thumbnailUrl\":\"https:\\\/\\\/alice.ch\\\/app\\\/uploads\\\/2022\\\/12\\\/logo-nationale-plattform-gegen-armut.png\",\"datePublished\":\"2023-01-06T11:10:08+00:00\",\"dateModified\":\"2023-07-06T13:02:39+00:00\",\"breadcrumb\":{\"@id\":\"https:\\\/\\\/alice.ch\\\/de\\\/event\\\/foerderung-der-qualifizierung-erwachsener\\\/#breadcrumb\"},\"inLanguage\":\"de\",\"potentialAction\":[{\"@type\":\"ReadAction\",\"target\":[\"https:\\\/\\\/alice.ch\\\/de\\\/event\\\/foerderung-der-qualifizierung-erwachsener\\\/\"]}]},{\"@type\":\"ImageObject\",\"inLanguage\":\"de\",\"@id\":\"https:\\\/\\\/alice.ch\\\/de\\\/event\\\/foerderung-der-qualifizierung-erwachsener\\\/#primaryimage\",\"url\":\"https:\\\/\\\/alice.ch\\\/app\\\/uploads\\\/2022\\\/12\\\/logo-nationale-plattform-gegen-armut.png\",\"contentUrl\":\"https:\\\/\\\/alice.ch\\\/app\\\/uploads\\\/2022\\\/12\\\/logo-nationale-plattform-gegen-armut.png\",\"width\":552,\"height\":323},{\"@type\":\"BreadcrumbList\",\"@id\":\"https:\\\/\\\/alice.ch\\\/de\\\/event\\\/foerderung-der-qualifizierung-erwachsener\\\/#breadcrumb\",\"itemListElement\":[{\"@type\":\"ListItem\",\"position\":1,\"name\":\"Startseite\",\"item\":\"https:\\\/\\\/alice.ch\\\/de\\\/\"},{\"@type\":\"ListItem\",\"position\":2,\"name\":\"Events\",\"item\":\"https:\\\/\\\/alice.ch\\\/de\\\/event\\\/\"},{\"@type\":\"ListItem\",\"position\":3,\"name\":\"F\u00f6rderung der Qualifizierung Erwachsener &#8211; Finanzierung, Koordination und Erreichbarkeit\"}]},{\"@type\":\"WebSite\",\"@id\":\"https:\\\/\\\/alice.ch\\\/de\\\/#website\",\"url\":\"https:\\\/\\\/alice.ch\\\/de\\\/\",\"name\":\"alice.ch (Adult Learning Information Center) ist das Portal der Weiterbildung in der Schweiz.\",\"description\":\"Schweizerischer Verband f\u00fcr Weiterbildung\",\"publisher\":{\"@id\":\"https:\\\/\\\/alice.ch\\\/de\\\/#organization\"},\"potentialAction\":[{\"@type\":\"SearchAction\",\"target\":{\"@type\":\"EntryPoint\",\"urlTemplate\":\"https:\\\/\\\/alice.ch\\\/de\\\/?s={search_term_string}\"},\"query-input\":{\"@type\":\"PropertyValueSpecification\",\"valueRequired\":true,\"valueName\":\"search_term_string\"}}],\"inLanguage\":\"de\"},{\"@type\":\"Organization\",\"@id\":\"https:\\\/\\\/alice.ch\\\/de\\\/#organization\",\"name\":\"SVEB Schweizerischer Verband f\u00fcr Weiterbildung\",\"url\":\"https:\\\/\\\/alice.ch\\\/de\\\/\",\"logo\":{\"@type\":\"ImageObject\",\"inLanguage\":\"de\",\"@id\":\"https:\\\/\\\/alice.ch\\\/de\\\/#\\\/schema\\\/logo\\\/image\\\/\",\"url\":\"https:\\\/\\\/alice.ch\\\/app\\\/uploads\\\/2022\\\/07\\\/logo-sveb.png\",\"contentUrl\":\"https:\\\/\\\/alice.ch\\\/app\\\/uploads\\\/2022\\\/07\\\/logo-sveb.png\",\"width\":145,\"height\":64,\"caption\":\"SVEB Schweizerischer Verband f\u00fcr Weiterbildung\"},\"image\":{\"@id\":\"https:\\\/\\\/alice.ch\\\/de\\\/#\\\/schema\\\/logo\\\/image\\\/\"},\"sameAs\":[\"https:\\\/\\\/www.linkedin.com\\\/company\\\/schweizerischer-verband-fr-weiterbildung-sveb\\\/\"]}]}<\/script>\n<!-- \/ Yoast SEO plugin. -->","yoast_head_json":{"title":"F\u00f6rderung der Qualifizierung Erwachsener - Finanzierung, Koordination und Erreichbarkeit - SVEB","robots":{"index":"index","follow":"follow","max-snippet":"max-snippet:-1","max-image-preview":"max-image-preview:large","max-video-preview":"max-video-preview:-1"},"canonical":"https:\/\/alice.ch\/de\/event\/foerderung-der-qualifizierung-erwachsener\/","og_locale":"de_DE","og_type":"article","og_title":"F\u00f6rderung der Qualifizierung Erwachsener - Finanzierung, Koordination und Erreichbarkeit - SVEB","og_description":"Inhalte und Ziele Erwachsene ohne ausreichende Grundkompetenzen oder ohne anerkannten Berufsabschluss sind im Vergleich zur Gesamtbev\u00f6lkerung h\u00e4ufiger von Erwerbslosigkeit und [&hellip;]","og_url":"https:\/\/alice.ch\/de\/event\/foerderung-der-qualifizierung-erwachsener\/","og_site_name":"SVEB","article_modified_time":"2023-07-06T13:02:39+00:00","og_image":[{"width":552,"height":323,"url":"https:\/\/alice.ch\/app\/uploads\/2022\/12\/logo-nationale-plattform-gegen-armut.png","type":"image\/png"}],"twitter_card":"summary_large_image","schema":{"@context":"https:\/\/schema.org","@graph":[{"@type":"WebPage","@id":"https:\/\/alice.ch\/de\/event\/foerderung-der-qualifizierung-erwachsener\/","url":"https:\/\/alice.ch\/de\/event\/foerderung-der-qualifizierung-erwachsener\/","name":"F\u00f6rderung der Qualifizierung Erwachsener - Finanzierung, Koordination und Erreichbarkeit - SVEB","isPartOf":{"@id":"https:\/\/alice.ch\/de\/#website"},"primaryImageOfPage":{"@id":"https:\/\/alice.ch\/de\/event\/foerderung-der-qualifizierung-erwachsener\/#primaryimage"},"image":{"@id":"https:\/\/alice.ch\/de\/event\/foerderung-der-qualifizierung-erwachsener\/#primaryimage"},"thumbnailUrl":"https:\/\/alice.ch\/app\/uploads\/2022\/12\/logo-nationale-plattform-gegen-armut.png","datePublished":"2023-01-06T11:10:08+00:00","dateModified":"2023-07-06T13:02:39+00:00","breadcrumb":{"@id":"https:\/\/alice.ch\/de\/event\/foerderung-der-qualifizierung-erwachsener\/#breadcrumb"},"inLanguage":"de","potentialAction":[{"@type":"ReadAction","target":["https:\/\/alice.ch\/de\/event\/foerderung-der-qualifizierung-erwachsener\/"]}]},{"@type":"ImageObject","inLanguage":"de","@id":"https:\/\/alice.ch\/de\/event\/foerderung-der-qualifizierung-erwachsener\/#primaryimage","url":"https:\/\/alice.ch\/app\/uploads\/2022\/12\/logo-nationale-plattform-gegen-armut.png","contentUrl":"https:\/\/alice.ch\/app\/uploads\/2022\/12\/logo-nationale-plattform-gegen-armut.png","width":552,"height":323},{"@type":"BreadcrumbList","@id":"https:\/\/alice.ch\/de\/event\/foerderung-der-qualifizierung-erwachsener\/#breadcrumb","itemListElement":[{"@type":"ListItem","position":1,"name":"Startseite","item":"https:\/\/alice.ch\/de\/"},{"@type":"ListItem","position":2,"name":"Events","item":"https:\/\/alice.ch\/de\/event\/"},{"@type":"ListItem","position":3,"name":"F\u00f6rderung der Qualifizierung Erwachsener &#8211; Finanzierung, Koordination und Erreichbarkeit"}]},{"@type":"WebSite","@id":"https:\/\/alice.ch\/de\/#website","url":"https:\/\/alice.ch\/de\/","name":"alice.ch (Adult Learning Information Center) ist das Portal der Weiterbildung in der Schweiz.","description":"Schweizerischer Verband f\u00fcr Weiterbildung","publisher":{"@id":"https:\/\/alice.ch\/de\/#organization"},"potentialAction":[{"@type":"SearchAction","target":{"@type":"EntryPoint","urlTemplate":"https:\/\/alice.ch\/de\/?s={search_term_string}"},"query-input":{"@type":"PropertyValueSpecification","valueRequired":true,"valueName":"search_term_string"}}],"inLanguage":"de"},{"@type":"Organization","@id":"https:\/\/alice.ch\/de\/#organization","name":"SVEB Schweizerischer Verband f\u00fcr Weiterbildung","url":"https:\/\/alice.ch\/de\/","logo":{"@type":"ImageObject","inLanguage":"de","@id":"https:\/\/alice.ch\/de\/#\/schema\/logo\/image\/","url":"https:\/\/alice.ch\/app\/uploads\/2022\/07\/logo-sveb.png","contentUrl":"https:\/\/alice.ch\/app\/uploads\/2022\/07\/logo-sveb.png","width":145,"height":64,"caption":"SVEB Schweizerischer Verband f\u00fcr Weiterbildung"},"image":{"@id":"https:\/\/alice.ch\/de\/#\/schema\/logo\/image\/"},"sameAs":["https:\/\/www.linkedin.com\/company\/schweizerischer-verband-fr-weiterbildung-sveb\/"]}]}},"_links":{"self":[{"href":"https:\/\/alice.ch\/de\/wp-json\/wp\/v2\/event\/36844","targetHints":{"allow":["GET"]}}],"collection":[{"href":"https:\/\/alice.ch\/de\/wp-json\/wp\/v2\/event"}],"about":[{"href":"https:\/\/alice.ch\/de\/wp-json\/wp\/v2\/types\/event"}],"author":[{"embeddable":true,"href":"https:\/\/alice.ch\/de\/wp-json\/wp\/v2\/users\/11"}],"version-history":[{"count":11,"href":"https:\/\/alice.ch\/de\/wp-json\/wp\/v2\/event\/36844\/revisions"}],"predecessor-version":[{"id":52267,"href":"https:\/\/alice.ch\/de\/wp-json\/wp\/v2\/event\/36844\/revisions\/52267"}],"wp:featuredmedia":[{"embeddable":true,"href":"https:\/\/alice.ch\/de\/wp-json\/wp\/v2\/media\/36825"}],"wp:attachment":[{"href":"https:\/\/alice.ch\/de\/wp-json\/wp\/v2\/media?parent=36844"}],"wp:term":[{"taxonomy":"event-category","embeddable":true,"href":"https:\/\/alice.ch\/de\/wp-json\/wp\/v2\/event-category?post=36844"},{"taxonomy":"event-tag","embeddable":true,"href":"https:\/\/alice.ch\/de\/wp-json\/wp\/v2\/event-tag?post=36844"},{"taxonomy":"event-status","embeddable":true,"href":"https:\/\/alice.ch\/de\/wp-json\/wp\/v2\/event-status?post=36844"},{"taxonomy":"event-language","embeddable":true,"href":"https:\/\/alice.ch\/de\/wp-json\/wp\/v2\/event-language?post=36844"},{"taxonomy":"global-category","embeddable":true,"href":"https:\/\/alice.ch\/de\/wp-json\/wp\/v2\/global-category?post=36844"}],"curies":[{"name":"wp","href":"https:\/\/api.w.org\/{rel}","templated":true}]}}