{"id":40012,"date":"2022-12-29T17:49:35","date_gmt":"2022-12-29T16:49:35","guid":{"rendered":"https:\/\/alice.ch\/?post_type=event&#038;p=40012"},"modified":"2023-07-06T15:25:01","modified_gmt":"2023-07-06T13:25:01","slug":"nationale-qualitaetstagung-2018","status":"publish","type":"event","link":"https:\/\/alice.ch\/de\/event\/nationale-qualitaetstagung-2018\/","title":{"rendered":"Nationale Qualit\u00e4tstagung 2018"},"content":{"rendered":"\n<p>Sch\u00f6pfen Sie das Potenzial aus Ihrem zertifizierten Qualit\u00e4tsmanagement-System (QMS) bereits voll aus?<\/p>\n\n\n\n<p>Damit Weiterbildungsanbieter aus ihrem zertifizierten Qualit\u00e4tsmanagement-System (QMS) einen m\u00f6glichst grossen Nutzen ziehen k\u00f6nnen, braucht es Systeme, die sich optimal in die Organisation integrieren lassen. QMS sind wertvolle Leitplanken f\u00fcr die Qualit\u00e4tsentwicklung, aber mit dem Label allein ist es nicht getan.<\/p>\n\n\n\n<p>Den maximalen Nutzen aus seinem QMS kann ein Anbieter nur ziehen, wenn er sowohl bei den Strukturen als auch bei der Qualit\u00e4tskultur ansetzt. Es braucht ein unternehmens\u00fcbergreifendes Qualit\u00e4tsverst\u00e4ndnis und eine gemeinsame Sprache sowie Qualit\u00e4tsziele, die von allen Mitarbeitenden getragen werden. Das ist ein anspruchsvoller und langfristiger Prozess, der oft mit einem Kulturwandel einhergeht.<\/p>\n\n\n\n<p>Ausserdem m\u00fcssen Weiterbildungsanbieter daf\u00fcr sorgen, dass die Qualit\u00e4t gegen innen und aussen sichtbar ist. Die Kommunikation und das Marketing spielen dabei eine wichtige Rolle.<\/p>\n\n\n\n<p>Die Tagung vermittelt Anregungen und Ideen aus der Praxis, wie das Potenzial eines zertifizierten Qualit\u00e4tsmanagement-Systems ausgesch\u00f6pft und als Marketinginstrument genutzt werden kann.<\/p>\n\n\n\n<h3 class=\"wp-block-heading\"><a href=\"https:\/\/alice.ch\/app\/uploads\/2022\/12\/2018-programm-q-tagung.pdf\">Programm<\/a><\/h3>\n\n\n\n<h3 class=\"wp-block-heading\">Pr\u00e4sentationen<\/h3>\n\n\n\n<p><a href=\"https:\/\/alice.ch\/app\/uploads\/2022\/12\/2018-qualitaetslabel-weiterbildung.pdf\">Gerlinde Frera<\/a><\/p>\n\n\n\n<p><a href=\"https:\/\/alice.ch\/app\/uploads\/2022\/12\/2018-wirkung-qms.pdf\">Kurt Rubeli<\/a><\/p>\n\n\n\n<p><a href=\"https:\/\/alice.ch\/app\/uploads\/2022\/12\/2018-ueber-qms-sprechen.pdf\">Solange Dunand<\/a><\/p>\n\n\n\n<p><a href=\"https:\/\/alice.ch\/app\/uploads\/2022\/12\/2018-qualitaet-perspektivenwechsel.pdf\">Martin M\u00fcller<\/a><\/p>\n\n\n\n<p><a href=\"https:\/\/alice.ch\/app\/uploads\/2022\/12\/2018-qm-zertifiziert.pdf\">Gaby Neyer<\/a><\/p>\n\n\n\n<p><a href=\"https:\/\/alice.ch\/app\/uploads\/2022\/12\/2018-q-tagung-graphic-recording.pdf\">Graphic Record: Christian Eggenberger<\/a><\/p>\n","protected":false},"excerpt":{"rendered":"<p>Sch\u00f6pfen Sie das Potenzial aus Ihrem zertifizierten Qualit\u00e4tsmanagement-System (QMS) bereits voll aus? Damit Weiterbildungsanbieter aus ihrem zertifizierten Qualit\u00e4tsmanagement-System (QMS) einen [&hellip;]<\/p>\n","protected":false},"author":11,"featured_media":40057,"template":"","meta":{"_acf_changed":false,"inline_featured_image":false,"footnotes":""},"event-category":[24],"event-tag":[],"event-status":[200],"event-language":[202,203],"global-category":[43],"class_list":["post-40012","event","type-event","status-publish","has-post-thumbnail","hentry","event-category-sveb-kooperation-events","event-status-archiv","event-language-deutsch","event-language-franzoesisch","global-category-qualitaet"],"acf":[],"yoast_head":"<!-- This site is optimized with the Yoast SEO plugin v27.3 - https:\/\/yoast.com\/product\/yoast-seo-wordpress\/ -->\n<title>Nationale Qualit\u00e4tstagung 2018 - SVEB<\/title>\n<meta name=\"robots\" content=\"index, follow, max-snippet:-1, max-image-preview:large, max-video-preview:-1\" \/>\n<link rel=\"canonical\" href=\"https:\/\/alice.ch\/de\/event\/nationale-qualitaetstagung-2018\/\" \/>\n<meta property=\"og:locale\" content=\"de_DE\" \/>\n<meta property=\"og:type\" content=\"article\" \/>\n<meta property=\"og:title\" content=\"Nationale Qualit\u00e4tstagung 2018 - SVEB\" \/>\n<meta property=\"og:description\" content=\"Sch\u00f6pfen Sie das Potenzial aus Ihrem zertifizierten Qualit\u00e4tsmanagement-System (QMS) bereits voll aus? Damit Weiterbildungsanbieter aus ihrem zertifizierten Qualit\u00e4tsmanagement-System (QMS) einen [&hellip;]\" \/>\n<meta property=\"og:url\" content=\"https:\/\/alice.ch\/de\/event\/nationale-qualitaetstagung-2018\/\" \/>\n<meta property=\"og:site_name\" content=\"SVEB\" \/>\n<meta property=\"article:modified_time\" content=\"2023-07-06T13:25:01+00:00\" \/>\n<meta property=\"og:image\" content=\"https:\/\/alice.ch\/app\/uploads\/2022\/12\/agenda-q-tagung-2018.jpeg\" \/>\n\t<meta property=\"og:image:width\" content=\"750\" \/>\n\t<meta property=\"og:image:height\" content=\"375\" \/>\n\t<meta property=\"og:image:type\" content=\"image\/jpeg\" \/>\n<meta name=\"twitter:card\" content=\"summary_large_image\" \/>\n<script type=\"application\/ld+json\" class=\"yoast-schema-graph\">{\"@context\":\"https:\\\/\\\/schema.org\",\"@graph\":[{\"@type\":\"WebPage\",\"@id\":\"https:\\\/\\\/alice.ch\\\/de\\\/event\\\/nationale-qualitaetstagung-2018\\\/\",\"url\":\"https:\\\/\\\/alice.ch\\\/de\\\/event\\\/nationale-qualitaetstagung-2018\\\/\",\"name\":\"Nationale Qualit\u00e4tstagung 2018 - SVEB\",\"isPartOf\":{\"@id\":\"https:\\\/\\\/alice.ch\\\/de\\\/#website\"},\"primaryImageOfPage\":{\"@id\":\"https:\\\/\\\/alice.ch\\\/de\\\/event\\\/nationale-qualitaetstagung-2018\\\/#primaryimage\"},\"image\":{\"@id\":\"https:\\\/\\\/alice.ch\\\/de\\\/event\\\/nationale-qualitaetstagung-2018\\\/#primaryimage\"},\"thumbnailUrl\":\"https:\\\/\\\/alice.ch\\\/app\\\/uploads\\\/2022\\\/12\\\/agenda-q-tagung-2018.jpeg\",\"datePublished\":\"2022-12-29T16:49:35+00:00\",\"dateModified\":\"2023-07-06T13:25:01+00:00\",\"breadcrumb\":{\"@id\":\"https:\\\/\\\/alice.ch\\\/de\\\/event\\\/nationale-qualitaetstagung-2018\\\/#breadcrumb\"},\"inLanguage\":\"de\",\"potentialAction\":[{\"@type\":\"ReadAction\",\"target\":[\"https:\\\/\\\/alice.ch\\\/de\\\/event\\\/nationale-qualitaetstagung-2018\\\/\"]}]},{\"@type\":\"ImageObject\",\"inLanguage\":\"de\",\"@id\":\"https:\\\/\\\/alice.ch\\\/de\\\/event\\\/nationale-qualitaetstagung-2018\\\/#primaryimage\",\"url\":\"https:\\\/\\\/alice.ch\\\/app\\\/uploads\\\/2022\\\/12\\\/agenda-q-tagung-2018.jpeg\",\"contentUrl\":\"https:\\\/\\\/alice.ch\\\/app\\\/uploads\\\/2022\\\/12\\\/agenda-q-tagung-2018.jpeg\",\"width\":750,\"height\":375},{\"@type\":\"BreadcrumbList\",\"@id\":\"https:\\\/\\\/alice.ch\\\/de\\\/event\\\/nationale-qualitaetstagung-2018\\\/#breadcrumb\",\"itemListElement\":[{\"@type\":\"ListItem\",\"position\":1,\"name\":\"Startseite\",\"item\":\"https:\\\/\\\/alice.ch\\\/de\\\/\"},{\"@type\":\"ListItem\",\"position\":2,\"name\":\"Events\",\"item\":\"https:\\\/\\\/alice.ch\\\/de\\\/event\\\/\"},{\"@type\":\"ListItem\",\"position\":3,\"name\":\"Nationale Qualit\u00e4tstagung 2018\"}]},{\"@type\":\"WebSite\",\"@id\":\"https:\\\/\\\/alice.ch\\\/de\\\/#website\",\"url\":\"https:\\\/\\\/alice.ch\\\/de\\\/\",\"name\":\"alice.ch (Adult Learning Information Center) ist das Portal der Weiterbildung in der Schweiz.\",\"description\":\"Schweizerischer Verband f\u00fcr Weiterbildung\",\"publisher\":{\"@id\":\"https:\\\/\\\/alice.ch\\\/de\\\/#organization\"},\"potentialAction\":[{\"@type\":\"SearchAction\",\"target\":{\"@type\":\"EntryPoint\",\"urlTemplate\":\"https:\\\/\\\/alice.ch\\\/de\\\/?s={search_term_string}\"},\"query-input\":{\"@type\":\"PropertyValueSpecification\",\"valueRequired\":true,\"valueName\":\"search_term_string\"}}],\"inLanguage\":\"de\"},{\"@type\":\"Organization\",\"@id\":\"https:\\\/\\\/alice.ch\\\/de\\\/#organization\",\"name\":\"SVEB Schweizerischer Verband f\u00fcr Weiterbildung\",\"url\":\"https:\\\/\\\/alice.ch\\\/de\\\/\",\"logo\":{\"@type\":\"ImageObject\",\"inLanguage\":\"de\",\"@id\":\"https:\\\/\\\/alice.ch\\\/de\\\/#\\\/schema\\\/logo\\\/image\\\/\",\"url\":\"https:\\\/\\\/alice.ch\\\/app\\\/uploads\\\/2022\\\/07\\\/logo-sveb.png\",\"contentUrl\":\"https:\\\/\\\/alice.ch\\\/app\\\/uploads\\\/2022\\\/07\\\/logo-sveb.png\",\"width\":145,\"height\":64,\"caption\":\"SVEB Schweizerischer Verband f\u00fcr Weiterbildung\"},\"image\":{\"@id\":\"https:\\\/\\\/alice.ch\\\/de\\\/#\\\/schema\\\/logo\\\/image\\\/\"},\"sameAs\":[\"https:\\\/\\\/www.linkedin.com\\\/company\\\/schweizerischer-verband-fr-weiterbildung-sveb\\\/\"]}]}<\/script>\n<!-- \/ Yoast SEO plugin. -->","yoast_head_json":{"title":"Nationale Qualit\u00e4tstagung 2018 - SVEB","robots":{"index":"index","follow":"follow","max-snippet":"max-snippet:-1","max-image-preview":"max-image-preview:large","max-video-preview":"max-video-preview:-1"},"canonical":"https:\/\/alice.ch\/de\/event\/nationale-qualitaetstagung-2018\/","og_locale":"de_DE","og_type":"article","og_title":"Nationale Qualit\u00e4tstagung 2018 - SVEB","og_description":"Sch\u00f6pfen Sie das Potenzial aus Ihrem zertifizierten Qualit\u00e4tsmanagement-System (QMS) bereits voll aus? Damit Weiterbildungsanbieter aus ihrem zertifizierten Qualit\u00e4tsmanagement-System (QMS) einen [&hellip;]","og_url":"https:\/\/alice.ch\/de\/event\/nationale-qualitaetstagung-2018\/","og_site_name":"SVEB","article_modified_time":"2023-07-06T13:25:01+00:00","og_image":[{"width":750,"height":375,"url":"https:\/\/alice.ch\/app\/uploads\/2022\/12\/agenda-q-tagung-2018.jpeg","type":"image\/jpeg"}],"twitter_card":"summary_large_image","schema":{"@context":"https:\/\/schema.org","@graph":[{"@type":"WebPage","@id":"https:\/\/alice.ch\/de\/event\/nationale-qualitaetstagung-2018\/","url":"https:\/\/alice.ch\/de\/event\/nationale-qualitaetstagung-2018\/","name":"Nationale Qualit\u00e4tstagung 2018 - SVEB","isPartOf":{"@id":"https:\/\/alice.ch\/de\/#website"},"primaryImageOfPage":{"@id":"https:\/\/alice.ch\/de\/event\/nationale-qualitaetstagung-2018\/#primaryimage"},"image":{"@id":"https:\/\/alice.ch\/de\/event\/nationale-qualitaetstagung-2018\/#primaryimage"},"thumbnailUrl":"https:\/\/alice.ch\/app\/uploads\/2022\/12\/agenda-q-tagung-2018.jpeg","datePublished":"2022-12-29T16:49:35+00:00","dateModified":"2023-07-06T13:25:01+00:00","breadcrumb":{"@id":"https:\/\/alice.ch\/de\/event\/nationale-qualitaetstagung-2018\/#breadcrumb"},"inLanguage":"de","potentialAction":[{"@type":"ReadAction","target":["https:\/\/alice.ch\/de\/event\/nationale-qualitaetstagung-2018\/"]}]},{"@type":"ImageObject","inLanguage":"de","@id":"https:\/\/alice.ch\/de\/event\/nationale-qualitaetstagung-2018\/#primaryimage","url":"https:\/\/alice.ch\/app\/uploads\/2022\/12\/agenda-q-tagung-2018.jpeg","contentUrl":"https:\/\/alice.ch\/app\/uploads\/2022\/12\/agenda-q-tagung-2018.jpeg","width":750,"height":375},{"@type":"BreadcrumbList","@id":"https:\/\/alice.ch\/de\/event\/nationale-qualitaetstagung-2018\/#breadcrumb","itemListElement":[{"@type":"ListItem","position":1,"name":"Startseite","item":"https:\/\/alice.ch\/de\/"},{"@type":"ListItem","position":2,"name":"Events","item":"https:\/\/alice.ch\/de\/event\/"},{"@type":"ListItem","position":3,"name":"Nationale Qualit\u00e4tstagung 2018"}]},{"@type":"WebSite","@id":"https:\/\/alice.ch\/de\/#website","url":"https:\/\/alice.ch\/de\/","name":"alice.ch (Adult Learning Information Center) ist das Portal der Weiterbildung in der Schweiz.","description":"Schweizerischer Verband f\u00fcr Weiterbildung","publisher":{"@id":"https:\/\/alice.ch\/de\/#organization"},"potentialAction":[{"@type":"SearchAction","target":{"@type":"EntryPoint","urlTemplate":"https:\/\/alice.ch\/de\/?s={search_term_string}"},"query-input":{"@type":"PropertyValueSpecification","valueRequired":true,"valueName":"search_term_string"}}],"inLanguage":"de"},{"@type":"Organization","@id":"https:\/\/alice.ch\/de\/#organization","name":"SVEB Schweizerischer Verband f\u00fcr Weiterbildung","url":"https:\/\/alice.ch\/de\/","logo":{"@type":"ImageObject","inLanguage":"de","@id":"https:\/\/alice.ch\/de\/#\/schema\/logo\/image\/","url":"https:\/\/alice.ch\/app\/uploads\/2022\/07\/logo-sveb.png","contentUrl":"https:\/\/alice.ch\/app\/uploads\/2022\/07\/logo-sveb.png","width":145,"height":64,"caption":"SVEB Schweizerischer Verband f\u00fcr Weiterbildung"},"image":{"@id":"https:\/\/alice.ch\/de\/#\/schema\/logo\/image\/"},"sameAs":["https:\/\/www.linkedin.com\/company\/schweizerischer-verband-fr-weiterbildung-sveb\/"]}]}},"_links":{"self":[{"href":"https:\/\/alice.ch\/de\/wp-json\/wp\/v2\/event\/40012","targetHints":{"allow":["GET"]}}],"collection":[{"href":"https:\/\/alice.ch\/de\/wp-json\/wp\/v2\/event"}],"about":[{"href":"https:\/\/alice.ch\/de\/wp-json\/wp\/v2\/types\/event"}],"author":[{"embeddable":true,"href":"https:\/\/alice.ch\/de\/wp-json\/wp\/v2\/users\/11"}],"version-history":[{"count":4,"href":"https:\/\/alice.ch\/de\/wp-json\/wp\/v2\/event\/40012\/revisions"}],"predecessor-version":[{"id":52351,"href":"https:\/\/alice.ch\/de\/wp-json\/wp\/v2\/event\/40012\/revisions\/52351"}],"wp:featuredmedia":[{"embeddable":true,"href":"https:\/\/alice.ch\/de\/wp-json\/wp\/v2\/media\/40057"}],"wp:attachment":[{"href":"https:\/\/alice.ch\/de\/wp-json\/wp\/v2\/media?parent=40012"}],"wp:term":[{"taxonomy":"event-category","embeddable":true,"href":"https:\/\/alice.ch\/de\/wp-json\/wp\/v2\/event-category?post=40012"},{"taxonomy":"event-tag","embeddable":true,"href":"https:\/\/alice.ch\/de\/wp-json\/wp\/v2\/event-tag?post=40012"},{"taxonomy":"event-status","embeddable":true,"href":"https:\/\/alice.ch\/de\/wp-json\/wp\/v2\/event-status?post=40012"},{"taxonomy":"event-language","embeddable":true,"href":"https:\/\/alice.ch\/de\/wp-json\/wp\/v2\/event-language?post=40012"},{"taxonomy":"global-category","embeddable":true,"href":"https:\/\/alice.ch\/de\/wp-json\/wp\/v2\/global-category?post=40012"}],"curies":[{"name":"wp","href":"https:\/\/api.w.org\/{rel}","templated":true}]}}