{"id":40077,"date":"2022-12-30T10:09:25","date_gmt":"2022-12-30T09:09:25","guid":{"rendered":"https:\/\/alice.ch\/?post_type=event&#038;p=40077"},"modified":"2023-07-06T15:25:11","modified_gmt":"2023-07-06T13:25:11","slug":"sveb-delegiertenversammlung-2018","status":"publish","type":"event","link":"https:\/\/alice.ch\/de\/event\/sveb-delegiertenversammlung-2018\/","title":{"rendered":"SVEB-Delegiertenversammlung 2018"},"content":{"rendered":"\n<h3 class=\"wp-block-heading\">TEIL A: Ordentliche Delegiertenversammlung \u2013 Statutarischer Teil (12.30\u201313.30 Uhr)<\/h3>\n\n\n\n<ul class=\"wp-block-list\">\n<li>Begr\u00fcssung<\/li>\n\n\n\n<li>Wahl der Stimmz\u00e4hlenden<\/li>\n\n\n\n<li>Protokoll der DV vom 9. Mai 2017<\/li>\n\n\n\n<li>Stellungnahme zum Jahresbericht 2017<\/li>\n\n\n\n<li>Jahresrechnung 2017 im Jahresbericht<\/li>\n\n\n\n<li>Genehmigung Budget und T\u00e4tigkeitsprogramm 2018<\/li>\n\n\n\n<li>Diverses<\/li>\n<\/ul>\n\n\n\n<h3 class=\"wp-block-heading\">TEIL B: Bildungspolitische Tagung (13.50\u201316.40 Uhr)<br>Die Erwachsenen in der \u00abBerufsbildung 2030\u00bb<\/h3>\n\n\n\n<p>Das Leitbild \u00abBerufsbildung 2030\u00bb und das darauf basierende Programm geben Leitplanken zur Entwicklung der Schweizer Berufsbildung in den n\u00e4chsten Jahren vor. Sie sollen auf Anforderungen reagieren, die der Arbeitsmarkt von morgen an Arbeitnehmende und Unternehmen stellen. In der von der Steuerungsgruppe verabschiedeten Strategie wird die Bedeutung des lebenslangen Lernens deutlich. Damit r\u00fccken auch die Erwachsenen st\u00e4rker in den Fokus. Die Ber\u00fccksichtigung der beruflichen Nachholbildung, der berufsorientierten Weiterbildung sowie die H\u00f6here Berufsbildung gelten als zentrale Erfolgsfaktoren f\u00fcr ein erfolgreiches Berufsbildungsmodell der Zukunft. (Veranstaltung im Anschluss an die SVEB Delegiertenversammlung).<\/p>\n\n\n\n<h3 class=\"wp-block-heading\"><a href=\"https:\/\/alice.ch\/app\/uploads\/2022\/12\/2018-programm-sveb-delegiertenversammlung.pdf\">Programm<\/a><\/h3>\n","protected":false},"excerpt":{"rendered":"<p>TEIL A: Ordentliche Delegiertenversammlung \u2013 Statutarischer Teil (12.30\u201313.30 Uhr) TEIL B: Bildungspolitische Tagung (13.50\u201316.40 Uhr)Die Erwachsenen in der \u00abBerufsbildung 2030\u00bb [&hellip;]<\/p>\n","protected":false},"author":11,"featured_media":40110,"template":"","meta":{"_acf_changed":false,"inline_featured_image":false,"footnotes":""},"event-category":[24],"event-tag":[],"event-status":[200],"event-language":[202,203],"global-category":[44],"class_list":["post-40077","event","type-event","status-publish","has-post-thumbnail","hentry","event-category-sveb-kooperation-events","event-status-archiv","event-language-deutsch","event-language-franzoesisch","global-category-sveb"],"acf":[],"yoast_head":"<!-- This site is optimized with the Yoast SEO plugin v27.3 - https:\/\/yoast.com\/product\/yoast-seo-wordpress\/ -->\n<title>SVEB-Delegiertenversammlung 2018 - SVEB<\/title>\n<meta name=\"robots\" content=\"index, follow, max-snippet:-1, max-image-preview:large, max-video-preview:-1\" \/>\n<link rel=\"canonical\" href=\"https:\/\/alice.ch\/de\/event\/sveb-delegiertenversammlung-2018\/\" \/>\n<meta property=\"og:locale\" content=\"de_DE\" \/>\n<meta property=\"og:type\" content=\"article\" \/>\n<meta property=\"og:title\" content=\"SVEB-Delegiertenversammlung 2018 - SVEB\" \/>\n<meta property=\"og:description\" content=\"TEIL A: Ordentliche Delegiertenversammlung \u2013 Statutarischer Teil (12.30\u201313.30 Uhr) TEIL B: Bildungspolitische Tagung (13.50\u201316.40 Uhr)Die Erwachsenen in der \u00abBerufsbildung 2030\u00bb [&hellip;]\" \/>\n<meta property=\"og:url\" content=\"https:\/\/alice.ch\/de\/event\/sveb-delegiertenversammlung-2018\/\" \/>\n<meta property=\"og:site_name\" content=\"SVEB\" \/>\n<meta property=\"article:modified_time\" content=\"2023-07-06T13:25:11+00:00\" \/>\n<meta property=\"og:image\" content=\"https:\/\/alice.ch\/app\/uploads\/2022\/12\/agenda-sveb-delegiertenversammlung-2018-1.jpeg\" \/>\n\t<meta property=\"og:image:width\" content=\"750\" \/>\n\t<meta property=\"og:image:height\" content=\"376\" \/>\n\t<meta property=\"og:image:type\" content=\"image\/jpeg\" \/>\n<meta name=\"twitter:card\" content=\"summary_large_image\" \/>\n<script type=\"application\/ld+json\" class=\"yoast-schema-graph\">{\"@context\":\"https:\\\/\\\/schema.org\",\"@graph\":[{\"@type\":\"WebPage\",\"@id\":\"https:\\\/\\\/alice.ch\\\/de\\\/event\\\/sveb-delegiertenversammlung-2018\\\/\",\"url\":\"https:\\\/\\\/alice.ch\\\/de\\\/event\\\/sveb-delegiertenversammlung-2018\\\/\",\"name\":\"SVEB-Delegiertenversammlung 2018 - SVEB\",\"isPartOf\":{\"@id\":\"https:\\\/\\\/alice.ch\\\/de\\\/#website\"},\"primaryImageOfPage\":{\"@id\":\"https:\\\/\\\/alice.ch\\\/de\\\/event\\\/sveb-delegiertenversammlung-2018\\\/#primaryimage\"},\"image\":{\"@id\":\"https:\\\/\\\/alice.ch\\\/de\\\/event\\\/sveb-delegiertenversammlung-2018\\\/#primaryimage\"},\"thumbnailUrl\":\"https:\\\/\\\/alice.ch\\\/app\\\/uploads\\\/2022\\\/12\\\/agenda-sveb-delegiertenversammlung-2018-1.jpeg\",\"datePublished\":\"2022-12-30T09:09:25+00:00\",\"dateModified\":\"2023-07-06T13:25:11+00:00\",\"breadcrumb\":{\"@id\":\"https:\\\/\\\/alice.ch\\\/de\\\/event\\\/sveb-delegiertenversammlung-2018\\\/#breadcrumb\"},\"inLanguage\":\"de\",\"potentialAction\":[{\"@type\":\"ReadAction\",\"target\":[\"https:\\\/\\\/alice.ch\\\/de\\\/event\\\/sveb-delegiertenversammlung-2018\\\/\"]}]},{\"@type\":\"ImageObject\",\"inLanguage\":\"de\",\"@id\":\"https:\\\/\\\/alice.ch\\\/de\\\/event\\\/sveb-delegiertenversammlung-2018\\\/#primaryimage\",\"url\":\"https:\\\/\\\/alice.ch\\\/app\\\/uploads\\\/2022\\\/12\\\/agenda-sveb-delegiertenversammlung-2018-1.jpeg\",\"contentUrl\":\"https:\\\/\\\/alice.ch\\\/app\\\/uploads\\\/2022\\\/12\\\/agenda-sveb-delegiertenversammlung-2018-1.jpeg\",\"width\":750,\"height\":376},{\"@type\":\"BreadcrumbList\",\"@id\":\"https:\\\/\\\/alice.ch\\\/de\\\/event\\\/sveb-delegiertenversammlung-2018\\\/#breadcrumb\",\"itemListElement\":[{\"@type\":\"ListItem\",\"position\":1,\"name\":\"Startseite\",\"item\":\"https:\\\/\\\/alice.ch\\\/de\\\/\"},{\"@type\":\"ListItem\",\"position\":2,\"name\":\"Events\",\"item\":\"https:\\\/\\\/alice.ch\\\/de\\\/event\\\/\"},{\"@type\":\"ListItem\",\"position\":3,\"name\":\"SVEB-Delegiertenversammlung 2018\"}]},{\"@type\":\"WebSite\",\"@id\":\"https:\\\/\\\/alice.ch\\\/de\\\/#website\",\"url\":\"https:\\\/\\\/alice.ch\\\/de\\\/\",\"name\":\"alice.ch (Adult Learning Information Center) ist das Portal der Weiterbildung in der Schweiz.\",\"description\":\"Schweizerischer Verband f\u00fcr Weiterbildung\",\"publisher\":{\"@id\":\"https:\\\/\\\/alice.ch\\\/de\\\/#organization\"},\"potentialAction\":[{\"@type\":\"SearchAction\",\"target\":{\"@type\":\"EntryPoint\",\"urlTemplate\":\"https:\\\/\\\/alice.ch\\\/de\\\/?s={search_term_string}\"},\"query-input\":{\"@type\":\"PropertyValueSpecification\",\"valueRequired\":true,\"valueName\":\"search_term_string\"}}],\"inLanguage\":\"de\"},{\"@type\":\"Organization\",\"@id\":\"https:\\\/\\\/alice.ch\\\/de\\\/#organization\",\"name\":\"SVEB Schweizerischer Verband f\u00fcr Weiterbildung\",\"url\":\"https:\\\/\\\/alice.ch\\\/de\\\/\",\"logo\":{\"@type\":\"ImageObject\",\"inLanguage\":\"de\",\"@id\":\"https:\\\/\\\/alice.ch\\\/de\\\/#\\\/schema\\\/logo\\\/image\\\/\",\"url\":\"https:\\\/\\\/alice.ch\\\/app\\\/uploads\\\/2022\\\/07\\\/logo-sveb.png\",\"contentUrl\":\"https:\\\/\\\/alice.ch\\\/app\\\/uploads\\\/2022\\\/07\\\/logo-sveb.png\",\"width\":145,\"height\":64,\"caption\":\"SVEB Schweizerischer Verband f\u00fcr Weiterbildung\"},\"image\":{\"@id\":\"https:\\\/\\\/alice.ch\\\/de\\\/#\\\/schema\\\/logo\\\/image\\\/\"},\"sameAs\":[\"https:\\\/\\\/www.linkedin.com\\\/company\\\/schweizerischer-verband-fr-weiterbildung-sveb\\\/\"]}]}<\/script>\n<!-- \/ Yoast SEO plugin. -->","yoast_head_json":{"title":"SVEB-Delegiertenversammlung 2018 - SVEB","robots":{"index":"index","follow":"follow","max-snippet":"max-snippet:-1","max-image-preview":"max-image-preview:large","max-video-preview":"max-video-preview:-1"},"canonical":"https:\/\/alice.ch\/de\/event\/sveb-delegiertenversammlung-2018\/","og_locale":"de_DE","og_type":"article","og_title":"SVEB-Delegiertenversammlung 2018 - SVEB","og_description":"TEIL A: Ordentliche Delegiertenversammlung \u2013 Statutarischer Teil (12.30\u201313.30 Uhr) TEIL B: Bildungspolitische Tagung (13.50\u201316.40 Uhr)Die Erwachsenen in der \u00abBerufsbildung 2030\u00bb [&hellip;]","og_url":"https:\/\/alice.ch\/de\/event\/sveb-delegiertenversammlung-2018\/","og_site_name":"SVEB","article_modified_time":"2023-07-06T13:25:11+00:00","og_image":[{"width":750,"height":376,"url":"https:\/\/alice.ch\/app\/uploads\/2022\/12\/agenda-sveb-delegiertenversammlung-2018-1.jpeg","type":"image\/jpeg"}],"twitter_card":"summary_large_image","schema":{"@context":"https:\/\/schema.org","@graph":[{"@type":"WebPage","@id":"https:\/\/alice.ch\/de\/event\/sveb-delegiertenversammlung-2018\/","url":"https:\/\/alice.ch\/de\/event\/sveb-delegiertenversammlung-2018\/","name":"SVEB-Delegiertenversammlung 2018 - SVEB","isPartOf":{"@id":"https:\/\/alice.ch\/de\/#website"},"primaryImageOfPage":{"@id":"https:\/\/alice.ch\/de\/event\/sveb-delegiertenversammlung-2018\/#primaryimage"},"image":{"@id":"https:\/\/alice.ch\/de\/event\/sveb-delegiertenversammlung-2018\/#primaryimage"},"thumbnailUrl":"https:\/\/alice.ch\/app\/uploads\/2022\/12\/agenda-sveb-delegiertenversammlung-2018-1.jpeg","datePublished":"2022-12-30T09:09:25+00:00","dateModified":"2023-07-06T13:25:11+00:00","breadcrumb":{"@id":"https:\/\/alice.ch\/de\/event\/sveb-delegiertenversammlung-2018\/#breadcrumb"},"inLanguage":"de","potentialAction":[{"@type":"ReadAction","target":["https:\/\/alice.ch\/de\/event\/sveb-delegiertenversammlung-2018\/"]}]},{"@type":"ImageObject","inLanguage":"de","@id":"https:\/\/alice.ch\/de\/event\/sveb-delegiertenversammlung-2018\/#primaryimage","url":"https:\/\/alice.ch\/app\/uploads\/2022\/12\/agenda-sveb-delegiertenversammlung-2018-1.jpeg","contentUrl":"https:\/\/alice.ch\/app\/uploads\/2022\/12\/agenda-sveb-delegiertenversammlung-2018-1.jpeg","width":750,"height":376},{"@type":"BreadcrumbList","@id":"https:\/\/alice.ch\/de\/event\/sveb-delegiertenversammlung-2018\/#breadcrumb","itemListElement":[{"@type":"ListItem","position":1,"name":"Startseite","item":"https:\/\/alice.ch\/de\/"},{"@type":"ListItem","position":2,"name":"Events","item":"https:\/\/alice.ch\/de\/event\/"},{"@type":"ListItem","position":3,"name":"SVEB-Delegiertenversammlung 2018"}]},{"@type":"WebSite","@id":"https:\/\/alice.ch\/de\/#website","url":"https:\/\/alice.ch\/de\/","name":"alice.ch (Adult Learning Information Center) ist das Portal der Weiterbildung in der Schweiz.","description":"Schweizerischer Verband f\u00fcr Weiterbildung","publisher":{"@id":"https:\/\/alice.ch\/de\/#organization"},"potentialAction":[{"@type":"SearchAction","target":{"@type":"EntryPoint","urlTemplate":"https:\/\/alice.ch\/de\/?s={search_term_string}"},"query-input":{"@type":"PropertyValueSpecification","valueRequired":true,"valueName":"search_term_string"}}],"inLanguage":"de"},{"@type":"Organization","@id":"https:\/\/alice.ch\/de\/#organization","name":"SVEB Schweizerischer Verband f\u00fcr Weiterbildung","url":"https:\/\/alice.ch\/de\/","logo":{"@type":"ImageObject","inLanguage":"de","@id":"https:\/\/alice.ch\/de\/#\/schema\/logo\/image\/","url":"https:\/\/alice.ch\/app\/uploads\/2022\/07\/logo-sveb.png","contentUrl":"https:\/\/alice.ch\/app\/uploads\/2022\/07\/logo-sveb.png","width":145,"height":64,"caption":"SVEB Schweizerischer Verband f\u00fcr Weiterbildung"},"image":{"@id":"https:\/\/alice.ch\/de\/#\/schema\/logo\/image\/"},"sameAs":["https:\/\/www.linkedin.com\/company\/schweizerischer-verband-fr-weiterbildung-sveb\/"]}]}},"_links":{"self":[{"href":"https:\/\/alice.ch\/de\/wp-json\/wp\/v2\/event\/40077","targetHints":{"allow":["GET"]}}],"collection":[{"href":"https:\/\/alice.ch\/de\/wp-json\/wp\/v2\/event"}],"about":[{"href":"https:\/\/alice.ch\/de\/wp-json\/wp\/v2\/types\/event"}],"author":[{"embeddable":true,"href":"https:\/\/alice.ch\/de\/wp-json\/wp\/v2\/users\/11"}],"version-history":[{"count":4,"href":"https:\/\/alice.ch\/de\/wp-json\/wp\/v2\/event\/40077\/revisions"}],"predecessor-version":[{"id":52352,"href":"https:\/\/alice.ch\/de\/wp-json\/wp\/v2\/event\/40077\/revisions\/52352"}],"wp:featuredmedia":[{"embeddable":true,"href":"https:\/\/alice.ch\/de\/wp-json\/wp\/v2\/media\/40110"}],"wp:attachment":[{"href":"https:\/\/alice.ch\/de\/wp-json\/wp\/v2\/media?parent=40077"}],"wp:term":[{"taxonomy":"event-category","embeddable":true,"href":"https:\/\/alice.ch\/de\/wp-json\/wp\/v2\/event-category?post=40077"},{"taxonomy":"event-tag","embeddable":true,"href":"https:\/\/alice.ch\/de\/wp-json\/wp\/v2\/event-tag?post=40077"},{"taxonomy":"event-status","embeddable":true,"href":"https:\/\/alice.ch\/de\/wp-json\/wp\/v2\/event-status?post=40077"},{"taxonomy":"event-language","embeddable":true,"href":"https:\/\/alice.ch\/de\/wp-json\/wp\/v2\/event-language?post=40077"},{"taxonomy":"global-category","embeddable":true,"href":"https:\/\/alice.ch\/de\/wp-json\/wp\/v2\/global-category?post=40077"}],"curies":[{"name":"wp","href":"https:\/\/api.w.org\/{rel}","templated":true}]}}