{"id":40163,"date":"2022-12-30T10:31:46","date_gmt":"2022-12-30T09:31:46","guid":{"rendered":"https:\/\/alice.ch\/?post_type=event&#038;p=40163"},"modified":"2023-07-06T15:27:44","modified_gmt":"2023-07-06T13:27:44","slug":"3-treffen-des-netzwerks-weiterbildungsforschung","status":"publish","type":"event","link":"https:\/\/alice.ch\/de\/event\/3-treffen-des-netzwerks-weiterbildungsforschung\/","title":{"rendered":"3. Treffen des Netzwerks Weiterbildungsforschung"},"content":{"rendered":"\n<p>Im Herbst 2016 haben der SVEB, die PH FHNW und die PH Z\u00fcrich gemeinsam ein \u00abNetzwerk Weiterbildungsforschung\u00bb lanciert. Das Netzwerk l\u00e4dt regelm\u00e4ssig zu Treffen ein, an denen Themen aus der Weiterbildungsforschung diskutiert werden und ein offener Austausch erm\u00f6glicht wird.<\/p>\n\n\n\n<p>Das Netzwerk steht Forschenden und an Forschung interessierten Fachleuten aus der Praxis offen. An diesem Treffen steht das Thema \u201eLernen Erwachsener\u201c im Fokus.<\/p>\n\n\n\n<p>Neben kurzen thematischen Inputs besteht Gelegenheit zum offenen Austausch und zur Vernetzung.<\/p>\n\n\n\n<h3 class=\"wp-block-heading\">Ziele des Netzwerks<\/h3>\n\n\n\n<p>Das Netzwerk verfolgt vier Ziele:<\/p>\n\n\n\n<ul class=\"wp-block-list\">\n<li>den Kontakt zwischen Forschenden in der Erwachsenen- und Weiterbildung sowie zwischen Forschenden und an der Forschung Interessierten f\u00f6rdern,<\/li>\n\n\n\n<li>den Austausch \u00fcber aktuelle Themen und Entwicklungen innerhalb der Weiterbildungsforschung erm\u00f6glichen,<\/li>\n\n\n\n<li>die Sichtbarkeit der Weiterbildungsforschung in der Schweiz erh\u00f6hen,<\/li>\n\n\n\n<li>den Dialog zwischen Wissenschaft und Praxis der Weiterbildung intensivieren.<\/li>\n<\/ul>\n","protected":false},"excerpt":{"rendered":"<p>Im Herbst 2016 haben der SVEB, die PH FHNW und die PH Z\u00fcrich gemeinsam ein \u00abNetzwerk Weiterbildungsforschung\u00bb lanciert. Das Netzwerk [&hellip;]<\/p>\n","protected":false},"author":11,"featured_media":39739,"template":"","meta":{"_acf_changed":false,"inline_featured_image":false,"footnotes":""},"event-category":[],"event-tag":[],"event-status":[200],"event-language":[202],"global-category":[47],"class_list":["post-40163","event","type-event","status-publish","has-post-thumbnail","hentry","event-status-archiv","event-language-deutsch","global-category-forschung"],"acf":[],"yoast_head":"<!-- This site is optimized with the Yoast SEO plugin v27.3 - https:\/\/yoast.com\/product\/yoast-seo-wordpress\/ -->\n<title>3. Treffen des Netzwerks Weiterbildungsforschung - SVEB<\/title>\n<meta name=\"robots\" content=\"index, follow, max-snippet:-1, max-image-preview:large, max-video-preview:-1\" \/>\n<link rel=\"canonical\" href=\"https:\/\/alice.ch\/de\/event\/3-treffen-des-netzwerks-weiterbildungsforschung\/\" \/>\n<meta property=\"og:locale\" content=\"de_DE\" \/>\n<meta property=\"og:type\" content=\"article\" \/>\n<meta property=\"og:title\" content=\"3. Treffen des Netzwerks Weiterbildungsforschung - SVEB\" \/>\n<meta property=\"og:description\" content=\"Im Herbst 2016 haben der SVEB, die PH FHNW und die PH Z\u00fcrich gemeinsam ein \u00abNetzwerk Weiterbildungsforschung\u00bb lanciert. Das Netzwerk [&hellip;]\" \/>\n<meta property=\"og:url\" content=\"https:\/\/alice.ch\/de\/event\/3-treffen-des-netzwerks-weiterbildungsforschung\/\" \/>\n<meta property=\"og:site_name\" content=\"SVEB\" \/>\n<meta property=\"article:modified_time\" content=\"2023-07-06T13:27:44+00:00\" \/>\n<meta property=\"og:image\" content=\"https:\/\/alice.ch\/app\/uploads\/2022\/12\/agenda-netzwerk-weiterbildungsforschung.jpeg\" \/>\n\t<meta property=\"og:image:width\" content=\"750\" \/>\n\t<meta property=\"og:image:height\" content=\"376\" \/>\n\t<meta property=\"og:image:type\" content=\"image\/jpeg\" \/>\n<meta name=\"twitter:card\" content=\"summary_large_image\" \/>\n<script type=\"application\/ld+json\" class=\"yoast-schema-graph\">{\"@context\":\"https:\\\/\\\/schema.org\",\"@graph\":[{\"@type\":\"WebPage\",\"@id\":\"https:\\\/\\\/alice.ch\\\/de\\\/event\\\/3-treffen-des-netzwerks-weiterbildungsforschung\\\/\",\"url\":\"https:\\\/\\\/alice.ch\\\/de\\\/event\\\/3-treffen-des-netzwerks-weiterbildungsforschung\\\/\",\"name\":\"3. Treffen des Netzwerks Weiterbildungsforschung - SVEB\",\"isPartOf\":{\"@id\":\"https:\\\/\\\/alice.ch\\\/de\\\/#website\"},\"primaryImageOfPage\":{\"@id\":\"https:\\\/\\\/alice.ch\\\/de\\\/event\\\/3-treffen-des-netzwerks-weiterbildungsforschung\\\/#primaryimage\"},\"image\":{\"@id\":\"https:\\\/\\\/alice.ch\\\/de\\\/event\\\/3-treffen-des-netzwerks-weiterbildungsforschung\\\/#primaryimage\"},\"thumbnailUrl\":\"https:\\\/\\\/alice.ch\\\/app\\\/uploads\\\/2022\\\/12\\\/agenda-netzwerk-weiterbildungsforschung.jpeg\",\"datePublished\":\"2022-12-30T09:31:46+00:00\",\"dateModified\":\"2023-07-06T13:27:44+00:00\",\"breadcrumb\":{\"@id\":\"https:\\\/\\\/alice.ch\\\/de\\\/event\\\/3-treffen-des-netzwerks-weiterbildungsforschung\\\/#breadcrumb\"},\"inLanguage\":\"de\",\"potentialAction\":[{\"@type\":\"ReadAction\",\"target\":[\"https:\\\/\\\/alice.ch\\\/de\\\/event\\\/3-treffen-des-netzwerks-weiterbildungsforschung\\\/\"]}]},{\"@type\":\"ImageObject\",\"inLanguage\":\"de\",\"@id\":\"https:\\\/\\\/alice.ch\\\/de\\\/event\\\/3-treffen-des-netzwerks-weiterbildungsforschung\\\/#primaryimage\",\"url\":\"https:\\\/\\\/alice.ch\\\/app\\\/uploads\\\/2022\\\/12\\\/agenda-netzwerk-weiterbildungsforschung.jpeg\",\"contentUrl\":\"https:\\\/\\\/alice.ch\\\/app\\\/uploads\\\/2022\\\/12\\\/agenda-netzwerk-weiterbildungsforschung.jpeg\",\"width\":750,\"height\":376},{\"@type\":\"BreadcrumbList\",\"@id\":\"https:\\\/\\\/alice.ch\\\/de\\\/event\\\/3-treffen-des-netzwerks-weiterbildungsforschung\\\/#breadcrumb\",\"itemListElement\":[{\"@type\":\"ListItem\",\"position\":1,\"name\":\"Startseite\",\"item\":\"https:\\\/\\\/alice.ch\\\/de\\\/\"},{\"@type\":\"ListItem\",\"position\":2,\"name\":\"Events\",\"item\":\"https:\\\/\\\/alice.ch\\\/de\\\/event\\\/\"},{\"@type\":\"ListItem\",\"position\":3,\"name\":\"3. Treffen des Netzwerks Weiterbildungsforschung\"}]},{\"@type\":\"WebSite\",\"@id\":\"https:\\\/\\\/alice.ch\\\/de\\\/#website\",\"url\":\"https:\\\/\\\/alice.ch\\\/de\\\/\",\"name\":\"alice.ch (Adult Learning Information Center) ist das Portal der Weiterbildung in der Schweiz.\",\"description\":\"Schweizerischer Verband f\u00fcr Weiterbildung\",\"publisher\":{\"@id\":\"https:\\\/\\\/alice.ch\\\/de\\\/#organization\"},\"potentialAction\":[{\"@type\":\"SearchAction\",\"target\":{\"@type\":\"EntryPoint\",\"urlTemplate\":\"https:\\\/\\\/alice.ch\\\/de\\\/?s={search_term_string}\"},\"query-input\":{\"@type\":\"PropertyValueSpecification\",\"valueRequired\":true,\"valueName\":\"search_term_string\"}}],\"inLanguage\":\"de\"},{\"@type\":\"Organization\",\"@id\":\"https:\\\/\\\/alice.ch\\\/de\\\/#organization\",\"name\":\"SVEB Schweizerischer Verband f\u00fcr Weiterbildung\",\"url\":\"https:\\\/\\\/alice.ch\\\/de\\\/\",\"logo\":{\"@type\":\"ImageObject\",\"inLanguage\":\"de\",\"@id\":\"https:\\\/\\\/alice.ch\\\/de\\\/#\\\/schema\\\/logo\\\/image\\\/\",\"url\":\"https:\\\/\\\/alice.ch\\\/app\\\/uploads\\\/2022\\\/07\\\/logo-sveb.png\",\"contentUrl\":\"https:\\\/\\\/alice.ch\\\/app\\\/uploads\\\/2022\\\/07\\\/logo-sveb.png\",\"width\":145,\"height\":64,\"caption\":\"SVEB Schweizerischer Verband f\u00fcr Weiterbildung\"},\"image\":{\"@id\":\"https:\\\/\\\/alice.ch\\\/de\\\/#\\\/schema\\\/logo\\\/image\\\/\"},\"sameAs\":[\"https:\\\/\\\/www.linkedin.com\\\/company\\\/schweizerischer-verband-fr-weiterbildung-sveb\\\/\"]}]}<\/script>\n<!-- \/ Yoast SEO plugin. -->","yoast_head_json":{"title":"3. Treffen des Netzwerks Weiterbildungsforschung - SVEB","robots":{"index":"index","follow":"follow","max-snippet":"max-snippet:-1","max-image-preview":"max-image-preview:large","max-video-preview":"max-video-preview:-1"},"canonical":"https:\/\/alice.ch\/de\/event\/3-treffen-des-netzwerks-weiterbildungsforschung\/","og_locale":"de_DE","og_type":"article","og_title":"3. Treffen des Netzwerks Weiterbildungsforschung - SVEB","og_description":"Im Herbst 2016 haben der SVEB, die PH FHNW und die PH Z\u00fcrich gemeinsam ein \u00abNetzwerk Weiterbildungsforschung\u00bb lanciert. Das Netzwerk [&hellip;]","og_url":"https:\/\/alice.ch\/de\/event\/3-treffen-des-netzwerks-weiterbildungsforschung\/","og_site_name":"SVEB","article_modified_time":"2023-07-06T13:27:44+00:00","og_image":[{"width":750,"height":376,"url":"https:\/\/alice.ch\/app\/uploads\/2022\/12\/agenda-netzwerk-weiterbildungsforschung.jpeg","type":"image\/jpeg"}],"twitter_card":"summary_large_image","schema":{"@context":"https:\/\/schema.org","@graph":[{"@type":"WebPage","@id":"https:\/\/alice.ch\/de\/event\/3-treffen-des-netzwerks-weiterbildungsforschung\/","url":"https:\/\/alice.ch\/de\/event\/3-treffen-des-netzwerks-weiterbildungsforschung\/","name":"3. Treffen des Netzwerks Weiterbildungsforschung - SVEB","isPartOf":{"@id":"https:\/\/alice.ch\/de\/#website"},"primaryImageOfPage":{"@id":"https:\/\/alice.ch\/de\/event\/3-treffen-des-netzwerks-weiterbildungsforschung\/#primaryimage"},"image":{"@id":"https:\/\/alice.ch\/de\/event\/3-treffen-des-netzwerks-weiterbildungsforschung\/#primaryimage"},"thumbnailUrl":"https:\/\/alice.ch\/app\/uploads\/2022\/12\/agenda-netzwerk-weiterbildungsforschung.jpeg","datePublished":"2022-12-30T09:31:46+00:00","dateModified":"2023-07-06T13:27:44+00:00","breadcrumb":{"@id":"https:\/\/alice.ch\/de\/event\/3-treffen-des-netzwerks-weiterbildungsforschung\/#breadcrumb"},"inLanguage":"de","potentialAction":[{"@type":"ReadAction","target":["https:\/\/alice.ch\/de\/event\/3-treffen-des-netzwerks-weiterbildungsforschung\/"]}]},{"@type":"ImageObject","inLanguage":"de","@id":"https:\/\/alice.ch\/de\/event\/3-treffen-des-netzwerks-weiterbildungsforschung\/#primaryimage","url":"https:\/\/alice.ch\/app\/uploads\/2022\/12\/agenda-netzwerk-weiterbildungsforschung.jpeg","contentUrl":"https:\/\/alice.ch\/app\/uploads\/2022\/12\/agenda-netzwerk-weiterbildungsforschung.jpeg","width":750,"height":376},{"@type":"BreadcrumbList","@id":"https:\/\/alice.ch\/de\/event\/3-treffen-des-netzwerks-weiterbildungsforschung\/#breadcrumb","itemListElement":[{"@type":"ListItem","position":1,"name":"Startseite","item":"https:\/\/alice.ch\/de\/"},{"@type":"ListItem","position":2,"name":"Events","item":"https:\/\/alice.ch\/de\/event\/"},{"@type":"ListItem","position":3,"name":"3. Treffen des Netzwerks Weiterbildungsforschung"}]},{"@type":"WebSite","@id":"https:\/\/alice.ch\/de\/#website","url":"https:\/\/alice.ch\/de\/","name":"alice.ch (Adult Learning Information Center) ist das Portal der Weiterbildung in der Schweiz.","description":"Schweizerischer Verband f\u00fcr Weiterbildung","publisher":{"@id":"https:\/\/alice.ch\/de\/#organization"},"potentialAction":[{"@type":"SearchAction","target":{"@type":"EntryPoint","urlTemplate":"https:\/\/alice.ch\/de\/?s={search_term_string}"},"query-input":{"@type":"PropertyValueSpecification","valueRequired":true,"valueName":"search_term_string"}}],"inLanguage":"de"},{"@type":"Organization","@id":"https:\/\/alice.ch\/de\/#organization","name":"SVEB Schweizerischer Verband f\u00fcr Weiterbildung","url":"https:\/\/alice.ch\/de\/","logo":{"@type":"ImageObject","inLanguage":"de","@id":"https:\/\/alice.ch\/de\/#\/schema\/logo\/image\/","url":"https:\/\/alice.ch\/app\/uploads\/2022\/07\/logo-sveb.png","contentUrl":"https:\/\/alice.ch\/app\/uploads\/2022\/07\/logo-sveb.png","width":145,"height":64,"caption":"SVEB Schweizerischer Verband f\u00fcr Weiterbildung"},"image":{"@id":"https:\/\/alice.ch\/de\/#\/schema\/logo\/image\/"},"sameAs":["https:\/\/www.linkedin.com\/company\/schweizerischer-verband-fr-weiterbildung-sveb\/"]}]}},"_links":{"self":[{"href":"https:\/\/alice.ch\/de\/wp-json\/wp\/v2\/event\/40163","targetHints":{"allow":["GET"]}}],"collection":[{"href":"https:\/\/alice.ch\/de\/wp-json\/wp\/v2\/event"}],"about":[{"href":"https:\/\/alice.ch\/de\/wp-json\/wp\/v2\/types\/event"}],"author":[{"embeddable":true,"href":"https:\/\/alice.ch\/de\/wp-json\/wp\/v2\/users\/11"}],"version-history":[{"count":3,"href":"https:\/\/alice.ch\/de\/wp-json\/wp\/v2\/event\/40163\/revisions"}],"predecessor-version":[{"id":52355,"href":"https:\/\/alice.ch\/de\/wp-json\/wp\/v2\/event\/40163\/revisions\/52355"}],"wp:featuredmedia":[{"embeddable":true,"href":"https:\/\/alice.ch\/de\/wp-json\/wp\/v2\/media\/39739"}],"wp:attachment":[{"href":"https:\/\/alice.ch\/de\/wp-json\/wp\/v2\/media?parent=40163"}],"wp:term":[{"taxonomy":"event-category","embeddable":true,"href":"https:\/\/alice.ch\/de\/wp-json\/wp\/v2\/event-category?post=40163"},{"taxonomy":"event-tag","embeddable":true,"href":"https:\/\/alice.ch\/de\/wp-json\/wp\/v2\/event-tag?post=40163"},{"taxonomy":"event-status","embeddable":true,"href":"https:\/\/alice.ch\/de\/wp-json\/wp\/v2\/event-status?post=40163"},{"taxonomy":"event-language","embeddable":true,"href":"https:\/\/alice.ch\/de\/wp-json\/wp\/v2\/event-language?post=40163"},{"taxonomy":"global-category","embeddable":true,"href":"https:\/\/alice.ch\/de\/wp-json\/wp\/v2\/global-category?post=40163"}],"curies":[{"name":"wp","href":"https:\/\/api.w.org\/{rel}","templated":true}]}}