{"id":40623,"date":"2022-12-30T22:05:08","date_gmt":"2022-12-30T21:05:08","guid":{"rendered":"https:\/\/alice.ch\/?post_type=event&#038;p=40623"},"modified":"2023-07-06T15:28:25","modified_gmt":"2023-07-06T13:28:25","slug":"sveb-delegiertenversammlung-2017","status":"publish","type":"event","link":"https:\/\/alice.ch\/de\/event\/sveb-delegiertenversammlung-2017\/","title":{"rendered":"SVEB-Delegiertenversammlung 2017"},"content":{"rendered":"\n<h3 class=\"wp-block-heading\"><strong>TEIL A<\/strong><\/h3>\n\n\n\n<p>13:00\u201314:00<br>Ordentliche Delegiertenversammlung \u2013 Statutarischer Teil<\/p>\n\n\n\n<ul class=\"wp-block-list\">\n<li>Begr\u00fcssung<\/li>\n\n\n\n<li>Wahl der Stimmenz\u00e4hlerInnen<\/li>\n\n\n\n<li>Protokoll der DV vom 3. Mai 2016<\/li>\n\n\n\n<li>Stellungnahme zum Jahresbericht 2016<\/li>\n\n\n\n<li>Jahresrechnung 2016 im Jahresbericht und<br>Genehmigung Budget und T\u00e4tigkeitsprogramm 2017<\/li>\n\n\n\n<li>Erneuerungswahl des Vorstands<\/li>\n\n\n\n<li>Diverses<\/li>\n<\/ul>\n\n\n\n<h3 class=\"wp-block-heading\"><strong>TEIL B<\/strong><\/h3>\n\n\n\n<p>14:00\u201317:15<\/p>\n\n\n\n<h3 class=\"wp-block-heading\">\u00d6ffentliche Tagung \u2013 Zur Rolle der Weiterbildung in der Migrationsgesellschaft<\/h3>\n\n\n\n<p>Migration und Bildung sind untrennbar miteinander verkn\u00fcpft. Integration gelingt nur, wenn kulturelle, sprachliche und berufliche Bildungsangebote vorhanden sind und auch genutzt werden. Es muss konstatiert werden, dass dies nicht vollst\u00e4ndig gelingt.<\/p>\n\n\n\n<p>40% der Schweizer Bev\u00f6lkerung sind ausl\u00e4ndische Staatsangeh\u00f6rige und hier mehr oder weniger gut integriert. Die H\u00e4lfte der Erwerbst\u00e4tigen ungelernten Arbeitnehmer sind Ausl\u00e4nder. 60% der vorl\u00e4ufig aufgenommenen Fl\u00fcchtlinge leben auch nach sieben Jahren immer noch von der Sozialhilfe. Und wie viele gut ausgebildete Migranten Jobs verrichten, die weit unter ihren F\u00e4higkeiten liegen, steht schon gar nicht in der Statistik.<\/p>\n\n\n\n<p>Es stellt sich also die Frage, welche Faktoren die Aus- und Weiterbildung von einreisenden Migrantinnen und Migranten behindern. Auf einen quantitativen Mangel der Bildungs- und Weiterbildungsangebote zu verweisen, greift allem Anschein nach zu kurz. Sind es also vielmehr b\u00fcrokratische H\u00fcrden, kulturelle Regeln oder letztlich Informationsdefizite, die daf\u00fcr ausschlaggebend sind?<\/p>\n\n\n\n<p>Diesen Fragen will die DV-Tagung des Schweizerischen Verbands f\u00fcr Weiterbildung nachgehen und anhand von Best-Practice-Beispielen L\u00f6sungsans\u00e4tze aufzeigen. Sie dreht aber auch die Optik um und fragt, welche Potentiale Migrantinnen und Migranten mitbringen und wie weit unsere Gesellschaft sie nutzt oder bereit ist, sie zu nutzen.<\/p>\n","protected":false},"excerpt":{"rendered":"<p>TEIL A 13:00\u201314:00Ordentliche Delegiertenversammlung \u2013 Statutarischer Teil TEIL B 14:00\u201317:15 \u00d6ffentliche Tagung \u2013 Zur Rolle der Weiterbildung in der Migrationsgesellschaft [&hellip;]<\/p>\n","protected":false},"author":11,"featured_media":40287,"template":"","meta":{"_acf_changed":false,"inline_featured_image":false,"footnotes":""},"event-category":[24],"event-tag":[],"event-status":[200],"event-language":[202,203],"global-category":[44,54],"class_list":["post-40623","event","type-event","status-publish","has-post-thumbnail","hentry","event-category-sveb-kooperation-events","event-status-archiv","event-language-deutsch","event-language-franzoesisch","global-category-sveb","global-category-weiterbildungssystem"],"acf":[],"yoast_head":"<!-- This site is optimized with the Yoast SEO plugin v27.3 - https:\/\/yoast.com\/product\/yoast-seo-wordpress\/ -->\n<title>SVEB-Delegiertenversammlung 2017 - SVEB<\/title>\n<meta name=\"robots\" content=\"index, follow, max-snippet:-1, max-image-preview:large, max-video-preview:-1\" \/>\n<link rel=\"canonical\" href=\"https:\/\/alice.ch\/de\/event\/sveb-delegiertenversammlung-2017\/\" \/>\n<meta property=\"og:locale\" content=\"de_DE\" \/>\n<meta property=\"og:type\" content=\"article\" \/>\n<meta property=\"og:title\" content=\"SVEB-Delegiertenversammlung 2017 - SVEB\" \/>\n<meta property=\"og:description\" content=\"TEIL A 13:00\u201314:00Ordentliche Delegiertenversammlung \u2013 Statutarischer Teil TEIL B 14:00\u201317:15 \u00d6ffentliche Tagung \u2013 Zur Rolle der Weiterbildung in der Migrationsgesellschaft [&hellip;]\" \/>\n<meta property=\"og:url\" content=\"https:\/\/alice.ch\/de\/event\/sveb-delegiertenversammlung-2017\/\" \/>\n<meta property=\"og:site_name\" content=\"SVEB\" \/>\n<meta property=\"article:modified_time\" content=\"2023-07-06T13:28:25+00:00\" \/>\n<meta property=\"og:image\" content=\"https:\/\/alice.ch\/app\/uploads\/2022\/12\/agenda-sveb-delegiertenversammlung-2017.jpeg\" \/>\n\t<meta property=\"og:image:width\" content=\"493\" \/>\n\t<meta property=\"og:image:height\" content=\"210\" \/>\n\t<meta property=\"og:image:type\" content=\"image\/jpeg\" \/>\n<meta name=\"twitter:card\" content=\"summary_large_image\" \/>\n<script type=\"application\/ld+json\" class=\"yoast-schema-graph\">{\"@context\":\"https:\\\/\\\/schema.org\",\"@graph\":[{\"@type\":\"WebPage\",\"@id\":\"https:\\\/\\\/alice.ch\\\/de\\\/event\\\/sveb-delegiertenversammlung-2017\\\/\",\"url\":\"https:\\\/\\\/alice.ch\\\/de\\\/event\\\/sveb-delegiertenversammlung-2017\\\/\",\"name\":\"SVEB-Delegiertenversammlung 2017 - SVEB\",\"isPartOf\":{\"@id\":\"https:\\\/\\\/alice.ch\\\/de\\\/#website\"},\"primaryImageOfPage\":{\"@id\":\"https:\\\/\\\/alice.ch\\\/de\\\/event\\\/sveb-delegiertenversammlung-2017\\\/#primaryimage\"},\"image\":{\"@id\":\"https:\\\/\\\/alice.ch\\\/de\\\/event\\\/sveb-delegiertenversammlung-2017\\\/#primaryimage\"},\"thumbnailUrl\":\"https:\\\/\\\/alice.ch\\\/app\\\/uploads\\\/2022\\\/12\\\/agenda-sveb-delegiertenversammlung-2017.jpeg\",\"datePublished\":\"2022-12-30T21:05:08+00:00\",\"dateModified\":\"2023-07-06T13:28:25+00:00\",\"breadcrumb\":{\"@id\":\"https:\\\/\\\/alice.ch\\\/de\\\/event\\\/sveb-delegiertenversammlung-2017\\\/#breadcrumb\"},\"inLanguage\":\"de\",\"potentialAction\":[{\"@type\":\"ReadAction\",\"target\":[\"https:\\\/\\\/alice.ch\\\/de\\\/event\\\/sveb-delegiertenversammlung-2017\\\/\"]}]},{\"@type\":\"ImageObject\",\"inLanguage\":\"de\",\"@id\":\"https:\\\/\\\/alice.ch\\\/de\\\/event\\\/sveb-delegiertenversammlung-2017\\\/#primaryimage\",\"url\":\"https:\\\/\\\/alice.ch\\\/app\\\/uploads\\\/2022\\\/12\\\/agenda-sveb-delegiertenversammlung-2017.jpeg\",\"contentUrl\":\"https:\\\/\\\/alice.ch\\\/app\\\/uploads\\\/2022\\\/12\\\/agenda-sveb-delegiertenversammlung-2017.jpeg\",\"width\":493,\"height\":210},{\"@type\":\"BreadcrumbList\",\"@id\":\"https:\\\/\\\/alice.ch\\\/de\\\/event\\\/sveb-delegiertenversammlung-2017\\\/#breadcrumb\",\"itemListElement\":[{\"@type\":\"ListItem\",\"position\":1,\"name\":\"Startseite\",\"item\":\"https:\\\/\\\/alice.ch\\\/de\\\/\"},{\"@type\":\"ListItem\",\"position\":2,\"name\":\"Events\",\"item\":\"https:\\\/\\\/alice.ch\\\/de\\\/event\\\/\"},{\"@type\":\"ListItem\",\"position\":3,\"name\":\"SVEB-Delegiertenversammlung 2017\"}]},{\"@type\":\"WebSite\",\"@id\":\"https:\\\/\\\/alice.ch\\\/de\\\/#website\",\"url\":\"https:\\\/\\\/alice.ch\\\/de\\\/\",\"name\":\"alice.ch (Adult Learning Information Center) ist das Portal der Weiterbildung in der Schweiz.\",\"description\":\"Schweizerischer Verband f\u00fcr Weiterbildung\",\"publisher\":{\"@id\":\"https:\\\/\\\/alice.ch\\\/de\\\/#organization\"},\"potentialAction\":[{\"@type\":\"SearchAction\",\"target\":{\"@type\":\"EntryPoint\",\"urlTemplate\":\"https:\\\/\\\/alice.ch\\\/de\\\/?s={search_term_string}\"},\"query-input\":{\"@type\":\"PropertyValueSpecification\",\"valueRequired\":true,\"valueName\":\"search_term_string\"}}],\"inLanguage\":\"de\"},{\"@type\":\"Organization\",\"@id\":\"https:\\\/\\\/alice.ch\\\/de\\\/#organization\",\"name\":\"SVEB Schweizerischer Verband f\u00fcr Weiterbildung\",\"url\":\"https:\\\/\\\/alice.ch\\\/de\\\/\",\"logo\":{\"@type\":\"ImageObject\",\"inLanguage\":\"de\",\"@id\":\"https:\\\/\\\/alice.ch\\\/de\\\/#\\\/schema\\\/logo\\\/image\\\/\",\"url\":\"https:\\\/\\\/alice.ch\\\/app\\\/uploads\\\/2022\\\/07\\\/logo-sveb.png\",\"contentUrl\":\"https:\\\/\\\/alice.ch\\\/app\\\/uploads\\\/2022\\\/07\\\/logo-sveb.png\",\"width\":145,\"height\":64,\"caption\":\"SVEB Schweizerischer Verband f\u00fcr Weiterbildung\"},\"image\":{\"@id\":\"https:\\\/\\\/alice.ch\\\/de\\\/#\\\/schema\\\/logo\\\/image\\\/\"},\"sameAs\":[\"https:\\\/\\\/www.linkedin.com\\\/company\\\/schweizerischer-verband-fr-weiterbildung-sveb\\\/\"]}]}<\/script>\n<!-- \/ Yoast SEO plugin. -->","yoast_head_json":{"title":"SVEB-Delegiertenversammlung 2017 - SVEB","robots":{"index":"index","follow":"follow","max-snippet":"max-snippet:-1","max-image-preview":"max-image-preview:large","max-video-preview":"max-video-preview:-1"},"canonical":"https:\/\/alice.ch\/de\/event\/sveb-delegiertenversammlung-2017\/","og_locale":"de_DE","og_type":"article","og_title":"SVEB-Delegiertenversammlung 2017 - SVEB","og_description":"TEIL A 13:00\u201314:00Ordentliche Delegiertenversammlung \u2013 Statutarischer Teil TEIL B 14:00\u201317:15 \u00d6ffentliche Tagung \u2013 Zur Rolle der Weiterbildung in der Migrationsgesellschaft [&hellip;]","og_url":"https:\/\/alice.ch\/de\/event\/sveb-delegiertenversammlung-2017\/","og_site_name":"SVEB","article_modified_time":"2023-07-06T13:28:25+00:00","og_image":[{"width":493,"height":210,"url":"https:\/\/alice.ch\/app\/uploads\/2022\/12\/agenda-sveb-delegiertenversammlung-2017.jpeg","type":"image\/jpeg"}],"twitter_card":"summary_large_image","schema":{"@context":"https:\/\/schema.org","@graph":[{"@type":"WebPage","@id":"https:\/\/alice.ch\/de\/event\/sveb-delegiertenversammlung-2017\/","url":"https:\/\/alice.ch\/de\/event\/sveb-delegiertenversammlung-2017\/","name":"SVEB-Delegiertenversammlung 2017 - SVEB","isPartOf":{"@id":"https:\/\/alice.ch\/de\/#website"},"primaryImageOfPage":{"@id":"https:\/\/alice.ch\/de\/event\/sveb-delegiertenversammlung-2017\/#primaryimage"},"image":{"@id":"https:\/\/alice.ch\/de\/event\/sveb-delegiertenversammlung-2017\/#primaryimage"},"thumbnailUrl":"https:\/\/alice.ch\/app\/uploads\/2022\/12\/agenda-sveb-delegiertenversammlung-2017.jpeg","datePublished":"2022-12-30T21:05:08+00:00","dateModified":"2023-07-06T13:28:25+00:00","breadcrumb":{"@id":"https:\/\/alice.ch\/de\/event\/sveb-delegiertenversammlung-2017\/#breadcrumb"},"inLanguage":"de","potentialAction":[{"@type":"ReadAction","target":["https:\/\/alice.ch\/de\/event\/sveb-delegiertenversammlung-2017\/"]}]},{"@type":"ImageObject","inLanguage":"de","@id":"https:\/\/alice.ch\/de\/event\/sveb-delegiertenversammlung-2017\/#primaryimage","url":"https:\/\/alice.ch\/app\/uploads\/2022\/12\/agenda-sveb-delegiertenversammlung-2017.jpeg","contentUrl":"https:\/\/alice.ch\/app\/uploads\/2022\/12\/agenda-sveb-delegiertenversammlung-2017.jpeg","width":493,"height":210},{"@type":"BreadcrumbList","@id":"https:\/\/alice.ch\/de\/event\/sveb-delegiertenversammlung-2017\/#breadcrumb","itemListElement":[{"@type":"ListItem","position":1,"name":"Startseite","item":"https:\/\/alice.ch\/de\/"},{"@type":"ListItem","position":2,"name":"Events","item":"https:\/\/alice.ch\/de\/event\/"},{"@type":"ListItem","position":3,"name":"SVEB-Delegiertenversammlung 2017"}]},{"@type":"WebSite","@id":"https:\/\/alice.ch\/de\/#website","url":"https:\/\/alice.ch\/de\/","name":"alice.ch (Adult Learning Information Center) ist das Portal der Weiterbildung in der Schweiz.","description":"Schweizerischer Verband f\u00fcr Weiterbildung","publisher":{"@id":"https:\/\/alice.ch\/de\/#organization"},"potentialAction":[{"@type":"SearchAction","target":{"@type":"EntryPoint","urlTemplate":"https:\/\/alice.ch\/de\/?s={search_term_string}"},"query-input":{"@type":"PropertyValueSpecification","valueRequired":true,"valueName":"search_term_string"}}],"inLanguage":"de"},{"@type":"Organization","@id":"https:\/\/alice.ch\/de\/#organization","name":"SVEB Schweizerischer Verband f\u00fcr Weiterbildung","url":"https:\/\/alice.ch\/de\/","logo":{"@type":"ImageObject","inLanguage":"de","@id":"https:\/\/alice.ch\/de\/#\/schema\/logo\/image\/","url":"https:\/\/alice.ch\/app\/uploads\/2022\/07\/logo-sveb.png","contentUrl":"https:\/\/alice.ch\/app\/uploads\/2022\/07\/logo-sveb.png","width":145,"height":64,"caption":"SVEB Schweizerischer Verband f\u00fcr Weiterbildung"},"image":{"@id":"https:\/\/alice.ch\/de\/#\/schema\/logo\/image\/"},"sameAs":["https:\/\/www.linkedin.com\/company\/schweizerischer-verband-fr-weiterbildung-sveb\/"]}]}},"_links":{"self":[{"href":"https:\/\/alice.ch\/de\/wp-json\/wp\/v2\/event\/40623","targetHints":{"allow":["GET"]}}],"collection":[{"href":"https:\/\/alice.ch\/de\/wp-json\/wp\/v2\/event"}],"about":[{"href":"https:\/\/alice.ch\/de\/wp-json\/wp\/v2\/types\/event"}],"author":[{"embeddable":true,"href":"https:\/\/alice.ch\/de\/wp-json\/wp\/v2\/users\/11"}],"version-history":[{"count":2,"href":"https:\/\/alice.ch\/de\/wp-json\/wp\/v2\/event\/40623\/revisions"}],"predecessor-version":[{"id":52359,"href":"https:\/\/alice.ch\/de\/wp-json\/wp\/v2\/event\/40623\/revisions\/52359"}],"wp:featuredmedia":[{"embeddable":true,"href":"https:\/\/alice.ch\/de\/wp-json\/wp\/v2\/media\/40287"}],"wp:attachment":[{"href":"https:\/\/alice.ch\/de\/wp-json\/wp\/v2\/media?parent=40623"}],"wp:term":[{"taxonomy":"event-category","embeddable":true,"href":"https:\/\/alice.ch\/de\/wp-json\/wp\/v2\/event-category?post=40623"},{"taxonomy":"event-tag","embeddable":true,"href":"https:\/\/alice.ch\/de\/wp-json\/wp\/v2\/event-tag?post=40623"},{"taxonomy":"event-status","embeddable":true,"href":"https:\/\/alice.ch\/de\/wp-json\/wp\/v2\/event-status?post=40623"},{"taxonomy":"event-language","embeddable":true,"href":"https:\/\/alice.ch\/de\/wp-json\/wp\/v2\/event-language?post=40623"},{"taxonomy":"global-category","embeddable":true,"href":"https:\/\/alice.ch\/de\/wp-json\/wp\/v2\/global-category?post=40623"}],"curies":[{"name":"wp","href":"https:\/\/api.w.org\/{rel}","templated":true}]}}