{"id":41882,"date":"2023-01-10T17:33:32","date_gmt":"2023-01-10T16:33:32","guid":{"rendered":"https:\/\/alice.ch\/?post_type=event&#038;p=41882"},"modified":"2023-07-06T15:38:15","modified_gmt":"2023-07-06T13:38:15","slug":"die-projektlounge-fuer-alle-fragen-zu-mobilitaets-und-kooperationsprojekten","status":"publish","type":"event","link":"https:\/\/alice.ch\/de\/event\/die-projektlounge-fuer-alle-fragen-zu-mobilitaets-und-kooperationsprojekten\/","title":{"rendered":"Die Projektlounge &#8211; F\u00fcr alle Fragen zu Mobilit\u00e4ts- und Kooperationsprojekten"},"content":{"rendered":"\n<h3 class=\"wp-block-heading\">Holen Sie sich an der Projektlounge von Movetia Tipps und Inspiration f\u00fcr Ihre Projektplanung!<\/h3>\n\n\n\n<p><strong>13:00 \u2013 18:00 Uhr Projektlounge<\/strong><br>Die Mitarbeitenden von Movetia stehen Ihnen f\u00fcr Fragen zu Projekten im Rahmen des Schweizer Programms Erasmus+ zur Verf\u00fcgung. Zudem k\u00f6nnen Sie Kontakte zu anderen Projektverantwortlichen kn\u00fcpfen und von deren Erfahrungen profitieren. Die Bereiche Schul- und Erwachsenenbildung, Jugend in Aktion und Berufsbildung werden vertreten sein.<\/p>\n\n\n\n<p><strong>13:00 Uhr \/ 17:00 Uhr: Workshop mit Projektverantwortlichen<\/strong><br>M\u00f6chten Sie von neuen Methoden oder Ans\u00e4tzen f\u00fcr Ihr Projekt inspiriert werden? Besuchen Sie einen Workshop von zwei Projektverantwortlichen und holen Sie sich Tipps und Ideen durch den pers\u00f6nlichen Austausch mit den Projektverantwortlichen.<\/p>\n\n\n\n<ul class=\"wp-block-list\">\n<li><a href=\"https:\/\/eyp.ch\/\" target=\"_blank\" rel=\"noreferrer noopener\">Europ\u00e4isches Jugendparlament<\/a> (in Deutsch)<\/li>\n\n\n\n<li><a href=\"https:\/\/www.i-platform.ch\/\" target=\"_blank\" rel=\"noreferrer noopener\">I-dijaspora<\/a> (in Englisch)<\/li>\n<\/ul>\n\n\n\n<p><strong><a href=\"https:\/\/alice.ch\/de\/project\/programm-netzwerk-europa\/\">Programm \u00abNetzwerk Europa\u00bb<\/a> :&nbsp;<\/strong>Unterst\u00fctzungsangebot f\u00fcr Weiterbildungsorganisationen f\u00fcr erfolgreiche europ\u00e4ische Kooperationsprojekte<\/p>\n","protected":false},"excerpt":{"rendered":"<p>Holen Sie sich an der Projektlounge von Movetia Tipps und Inspiration f\u00fcr Ihre Projektplanung! 13:00 \u2013 18:00 Uhr ProjektloungeDie Mitarbeitenden [&hellip;]<\/p>\n","protected":false},"author":11,"featured_media":39573,"template":"","meta":{"_acf_changed":false,"inline_featured_image":false,"footnotes":""},"event-category":[152],"event-tag":[41],"event-status":[200],"event-language":[202],"global-category":[46],"class_list":["post-41882","event","type-event","status-publish","has-post-thumbnail","hentry","event-category-externer-event","event-tag-41","event-status-archiv","event-language-deutsch","global-category-eu-projekte"],"acf":[],"yoast_head":"<!-- This site is optimized with the Yoast SEO plugin v27.3 - https:\/\/yoast.com\/product\/yoast-seo-wordpress\/ -->\n<title>Die Projektlounge - F\u00fcr alle Fragen zu Mobilit\u00e4ts- und Kooperationsprojekten - SVEB<\/title>\n<meta name=\"robots\" content=\"index, follow, max-snippet:-1, max-image-preview:large, max-video-preview:-1\" \/>\n<link rel=\"canonical\" href=\"https:\/\/alice.ch\/de\/event\/die-projektlounge-fuer-alle-fragen-zu-mobilitaets-und-kooperationsprojekten\/\" \/>\n<meta property=\"og:locale\" content=\"de_DE\" \/>\n<meta property=\"og:type\" content=\"article\" \/>\n<meta property=\"og:title\" content=\"Die Projektlounge - F\u00fcr alle Fragen zu Mobilit\u00e4ts- und Kooperationsprojekten - SVEB\" \/>\n<meta property=\"og:description\" content=\"Holen Sie sich an der Projektlounge von Movetia Tipps und Inspiration f\u00fcr Ihre Projektplanung! 13:00 \u2013 18:00 Uhr ProjektloungeDie Mitarbeitenden [&hellip;]\" \/>\n<meta property=\"og:url\" content=\"https:\/\/alice.ch\/de\/event\/die-projektlounge-fuer-alle-fragen-zu-mobilitaets-und-kooperationsprojekten\/\" \/>\n<meta property=\"og:site_name\" content=\"SVEB\" \/>\n<meta property=\"article:modified_time\" content=\"2023-07-06T13:38:15+00:00\" \/>\n<meta property=\"og:image\" content=\"https:\/\/alice.ch\/app\/uploads\/2022\/12\/logo-movetia.png\" \/>\n\t<meta property=\"og:image:width\" content=\"600\" \/>\n\t<meta property=\"og:image:height\" content=\"88\" \/>\n\t<meta property=\"og:image:type\" content=\"image\/png\" \/>\n<meta name=\"twitter:card\" content=\"summary_large_image\" \/>\n<script type=\"application\/ld+json\" class=\"yoast-schema-graph\">{\"@context\":\"https:\\\/\\\/schema.org\",\"@graph\":[{\"@type\":\"WebPage\",\"@id\":\"https:\\\/\\\/alice.ch\\\/de\\\/event\\\/die-projektlounge-fuer-alle-fragen-zu-mobilitaets-und-kooperationsprojekten\\\/\",\"url\":\"https:\\\/\\\/alice.ch\\\/de\\\/event\\\/die-projektlounge-fuer-alle-fragen-zu-mobilitaets-und-kooperationsprojekten\\\/\",\"name\":\"Die Projektlounge - F\u00fcr alle Fragen zu Mobilit\u00e4ts- und Kooperationsprojekten - SVEB\",\"isPartOf\":{\"@id\":\"https:\\\/\\\/alice.ch\\\/de\\\/#website\"},\"primaryImageOfPage\":{\"@id\":\"https:\\\/\\\/alice.ch\\\/de\\\/event\\\/die-projektlounge-fuer-alle-fragen-zu-mobilitaets-und-kooperationsprojekten\\\/#primaryimage\"},\"image\":{\"@id\":\"https:\\\/\\\/alice.ch\\\/de\\\/event\\\/die-projektlounge-fuer-alle-fragen-zu-mobilitaets-und-kooperationsprojekten\\\/#primaryimage\"},\"thumbnailUrl\":\"https:\\\/\\\/alice.ch\\\/app\\\/uploads\\\/2022\\\/12\\\/logo-movetia.png\",\"datePublished\":\"2023-01-10T16:33:32+00:00\",\"dateModified\":\"2023-07-06T13:38:15+00:00\",\"breadcrumb\":{\"@id\":\"https:\\\/\\\/alice.ch\\\/de\\\/event\\\/die-projektlounge-fuer-alle-fragen-zu-mobilitaets-und-kooperationsprojekten\\\/#breadcrumb\"},\"inLanguage\":\"de\",\"potentialAction\":[{\"@type\":\"ReadAction\",\"target\":[\"https:\\\/\\\/alice.ch\\\/de\\\/event\\\/die-projektlounge-fuer-alle-fragen-zu-mobilitaets-und-kooperationsprojekten\\\/\"]}]},{\"@type\":\"ImageObject\",\"inLanguage\":\"de\",\"@id\":\"https:\\\/\\\/alice.ch\\\/de\\\/event\\\/die-projektlounge-fuer-alle-fragen-zu-mobilitaets-und-kooperationsprojekten\\\/#primaryimage\",\"url\":\"https:\\\/\\\/alice.ch\\\/app\\\/uploads\\\/2022\\\/12\\\/logo-movetia.png\",\"contentUrl\":\"https:\\\/\\\/alice.ch\\\/app\\\/uploads\\\/2022\\\/12\\\/logo-movetia.png\",\"width\":600,\"height\":88},{\"@type\":\"BreadcrumbList\",\"@id\":\"https:\\\/\\\/alice.ch\\\/de\\\/event\\\/die-projektlounge-fuer-alle-fragen-zu-mobilitaets-und-kooperationsprojekten\\\/#breadcrumb\",\"itemListElement\":[{\"@type\":\"ListItem\",\"position\":1,\"name\":\"Startseite\",\"item\":\"https:\\\/\\\/alice.ch\\\/de\\\/\"},{\"@type\":\"ListItem\",\"position\":2,\"name\":\"Events\",\"item\":\"https:\\\/\\\/alice.ch\\\/de\\\/event\\\/\"},{\"@type\":\"ListItem\",\"position\":3,\"name\":\"Die Projektlounge &#8211; F\u00fcr alle Fragen zu Mobilit\u00e4ts- und Kooperationsprojekten\"}]},{\"@type\":\"WebSite\",\"@id\":\"https:\\\/\\\/alice.ch\\\/de\\\/#website\",\"url\":\"https:\\\/\\\/alice.ch\\\/de\\\/\",\"name\":\"alice.ch (Adult Learning Information Center) ist das Portal der Weiterbildung in der Schweiz.\",\"description\":\"Schweizerischer Verband f\u00fcr Weiterbildung\",\"publisher\":{\"@id\":\"https:\\\/\\\/alice.ch\\\/de\\\/#organization\"},\"potentialAction\":[{\"@type\":\"SearchAction\",\"target\":{\"@type\":\"EntryPoint\",\"urlTemplate\":\"https:\\\/\\\/alice.ch\\\/de\\\/?s={search_term_string}\"},\"query-input\":{\"@type\":\"PropertyValueSpecification\",\"valueRequired\":true,\"valueName\":\"search_term_string\"}}],\"inLanguage\":\"de\"},{\"@type\":\"Organization\",\"@id\":\"https:\\\/\\\/alice.ch\\\/de\\\/#organization\",\"name\":\"SVEB Schweizerischer Verband f\u00fcr Weiterbildung\",\"url\":\"https:\\\/\\\/alice.ch\\\/de\\\/\",\"logo\":{\"@type\":\"ImageObject\",\"inLanguage\":\"de\",\"@id\":\"https:\\\/\\\/alice.ch\\\/de\\\/#\\\/schema\\\/logo\\\/image\\\/\",\"url\":\"https:\\\/\\\/alice.ch\\\/app\\\/uploads\\\/2022\\\/07\\\/logo-sveb.png\",\"contentUrl\":\"https:\\\/\\\/alice.ch\\\/app\\\/uploads\\\/2022\\\/07\\\/logo-sveb.png\",\"width\":145,\"height\":64,\"caption\":\"SVEB Schweizerischer Verband f\u00fcr Weiterbildung\"},\"image\":{\"@id\":\"https:\\\/\\\/alice.ch\\\/de\\\/#\\\/schema\\\/logo\\\/image\\\/\"},\"sameAs\":[\"https:\\\/\\\/www.linkedin.com\\\/company\\\/schweizerischer-verband-fr-weiterbildung-sveb\\\/\"]}]}<\/script>\n<!-- \/ Yoast SEO plugin. -->","yoast_head_json":{"title":"Die Projektlounge - F\u00fcr alle Fragen zu Mobilit\u00e4ts- und Kooperationsprojekten - SVEB","robots":{"index":"index","follow":"follow","max-snippet":"max-snippet:-1","max-image-preview":"max-image-preview:large","max-video-preview":"max-video-preview:-1"},"canonical":"https:\/\/alice.ch\/de\/event\/die-projektlounge-fuer-alle-fragen-zu-mobilitaets-und-kooperationsprojekten\/","og_locale":"de_DE","og_type":"article","og_title":"Die Projektlounge - F\u00fcr alle Fragen zu Mobilit\u00e4ts- und Kooperationsprojekten - SVEB","og_description":"Holen Sie sich an der Projektlounge von Movetia Tipps und Inspiration f\u00fcr Ihre Projektplanung! 13:00 \u2013 18:00 Uhr ProjektloungeDie Mitarbeitenden [&hellip;]","og_url":"https:\/\/alice.ch\/de\/event\/die-projektlounge-fuer-alle-fragen-zu-mobilitaets-und-kooperationsprojekten\/","og_site_name":"SVEB","article_modified_time":"2023-07-06T13:38:15+00:00","og_image":[{"width":600,"height":88,"url":"https:\/\/alice.ch\/app\/uploads\/2022\/12\/logo-movetia.png","type":"image\/png"}],"twitter_card":"summary_large_image","schema":{"@context":"https:\/\/schema.org","@graph":[{"@type":"WebPage","@id":"https:\/\/alice.ch\/de\/event\/die-projektlounge-fuer-alle-fragen-zu-mobilitaets-und-kooperationsprojekten\/","url":"https:\/\/alice.ch\/de\/event\/die-projektlounge-fuer-alle-fragen-zu-mobilitaets-und-kooperationsprojekten\/","name":"Die Projektlounge - F\u00fcr alle Fragen zu Mobilit\u00e4ts- und Kooperationsprojekten - SVEB","isPartOf":{"@id":"https:\/\/alice.ch\/de\/#website"},"primaryImageOfPage":{"@id":"https:\/\/alice.ch\/de\/event\/die-projektlounge-fuer-alle-fragen-zu-mobilitaets-und-kooperationsprojekten\/#primaryimage"},"image":{"@id":"https:\/\/alice.ch\/de\/event\/die-projektlounge-fuer-alle-fragen-zu-mobilitaets-und-kooperationsprojekten\/#primaryimage"},"thumbnailUrl":"https:\/\/alice.ch\/app\/uploads\/2022\/12\/logo-movetia.png","datePublished":"2023-01-10T16:33:32+00:00","dateModified":"2023-07-06T13:38:15+00:00","breadcrumb":{"@id":"https:\/\/alice.ch\/de\/event\/die-projektlounge-fuer-alle-fragen-zu-mobilitaets-und-kooperationsprojekten\/#breadcrumb"},"inLanguage":"de","potentialAction":[{"@type":"ReadAction","target":["https:\/\/alice.ch\/de\/event\/die-projektlounge-fuer-alle-fragen-zu-mobilitaets-und-kooperationsprojekten\/"]}]},{"@type":"ImageObject","inLanguage":"de","@id":"https:\/\/alice.ch\/de\/event\/die-projektlounge-fuer-alle-fragen-zu-mobilitaets-und-kooperationsprojekten\/#primaryimage","url":"https:\/\/alice.ch\/app\/uploads\/2022\/12\/logo-movetia.png","contentUrl":"https:\/\/alice.ch\/app\/uploads\/2022\/12\/logo-movetia.png","width":600,"height":88},{"@type":"BreadcrumbList","@id":"https:\/\/alice.ch\/de\/event\/die-projektlounge-fuer-alle-fragen-zu-mobilitaets-und-kooperationsprojekten\/#breadcrumb","itemListElement":[{"@type":"ListItem","position":1,"name":"Startseite","item":"https:\/\/alice.ch\/de\/"},{"@type":"ListItem","position":2,"name":"Events","item":"https:\/\/alice.ch\/de\/event\/"},{"@type":"ListItem","position":3,"name":"Die Projektlounge &#8211; F\u00fcr alle Fragen zu Mobilit\u00e4ts- und Kooperationsprojekten"}]},{"@type":"WebSite","@id":"https:\/\/alice.ch\/de\/#website","url":"https:\/\/alice.ch\/de\/","name":"alice.ch (Adult Learning Information Center) ist das Portal der Weiterbildung in der Schweiz.","description":"Schweizerischer Verband f\u00fcr Weiterbildung","publisher":{"@id":"https:\/\/alice.ch\/de\/#organization"},"potentialAction":[{"@type":"SearchAction","target":{"@type":"EntryPoint","urlTemplate":"https:\/\/alice.ch\/de\/?s={search_term_string}"},"query-input":{"@type":"PropertyValueSpecification","valueRequired":true,"valueName":"search_term_string"}}],"inLanguage":"de"},{"@type":"Organization","@id":"https:\/\/alice.ch\/de\/#organization","name":"SVEB Schweizerischer Verband f\u00fcr Weiterbildung","url":"https:\/\/alice.ch\/de\/","logo":{"@type":"ImageObject","inLanguage":"de","@id":"https:\/\/alice.ch\/de\/#\/schema\/logo\/image\/","url":"https:\/\/alice.ch\/app\/uploads\/2022\/07\/logo-sveb.png","contentUrl":"https:\/\/alice.ch\/app\/uploads\/2022\/07\/logo-sveb.png","width":145,"height":64,"caption":"SVEB Schweizerischer Verband f\u00fcr Weiterbildung"},"image":{"@id":"https:\/\/alice.ch\/de\/#\/schema\/logo\/image\/"},"sameAs":["https:\/\/www.linkedin.com\/company\/schweizerischer-verband-fr-weiterbildung-sveb\/"]}]}},"_links":{"self":[{"href":"https:\/\/alice.ch\/de\/wp-json\/wp\/v2\/event\/41882","targetHints":{"allow":["GET"]}}],"collection":[{"href":"https:\/\/alice.ch\/de\/wp-json\/wp\/v2\/event"}],"about":[{"href":"https:\/\/alice.ch\/de\/wp-json\/wp\/v2\/types\/event"}],"author":[{"embeddable":true,"href":"https:\/\/alice.ch\/de\/wp-json\/wp\/v2\/users\/11"}],"version-history":[{"count":7,"href":"https:\/\/alice.ch\/de\/wp-json\/wp\/v2\/event\/41882\/revisions"}],"predecessor-version":[{"id":52395,"href":"https:\/\/alice.ch\/de\/wp-json\/wp\/v2\/event\/41882\/revisions\/52395"}],"wp:featuredmedia":[{"embeddable":true,"href":"https:\/\/alice.ch\/de\/wp-json\/wp\/v2\/media\/39573"}],"wp:attachment":[{"href":"https:\/\/alice.ch\/de\/wp-json\/wp\/v2\/media?parent=41882"}],"wp:term":[{"taxonomy":"event-category","embeddable":true,"href":"https:\/\/alice.ch\/de\/wp-json\/wp\/v2\/event-category?post=41882"},{"taxonomy":"event-tag","embeddable":true,"href":"https:\/\/alice.ch\/de\/wp-json\/wp\/v2\/event-tag?post=41882"},{"taxonomy":"event-status","embeddable":true,"href":"https:\/\/alice.ch\/de\/wp-json\/wp\/v2\/event-status?post=41882"},{"taxonomy":"event-language","embeddable":true,"href":"https:\/\/alice.ch\/de\/wp-json\/wp\/v2\/event-language?post=41882"},{"taxonomy":"global-category","embeddable":true,"href":"https:\/\/alice.ch\/de\/wp-json\/wp\/v2\/global-category?post=41882"}],"curies":[{"name":"wp","href":"https:\/\/api.w.org\/{rel}","templated":true}]}}