{"id":42816,"date":"2023-01-18T13:18:00","date_gmt":"2023-01-18T12:18:00","guid":{"rendered":"https:\/\/alice.ch\/?post_type=event&#038;p=42816"},"modified":"2023-07-06T15:02:09","modified_gmt":"2023-07-06T13:02:09","slug":"von-der-akquise-zur-umsetzung-von-praxisorientierten-kursen-fuer-grundkompetenzen","status":"publish","type":"event","link":"https:\/\/alice.ch\/de\/event\/von-der-akquise-zur-umsetzung-von-praxisorientierten-kursen-fuer-grundkompetenzen\/","title":{"rendered":"Von der Akquise zur Umsetzung von praxisorientierten Kursen f\u00fcr Grundkompetenzen"},"content":{"rendered":"\n<p>Viele Betriebe sind noch nicht dar\u00fcber informiert, dass sie die <a href=\"https:\/\/alice.ch\/de\/themen\/grundkompetenzen\/\">Grundkompetenzen<\/a> (Lesen, Schreiben, Sprache, Rechnen und Computer) ihrer Mitarbeitenden am Arbeitsplatz mit finanzieller Unterst\u00fctzung vom Staat f\u00f6rdern k\u00f6nnen. Mit dem <a href=\"https:\/\/alice.ch\/de\/themen\/grundkompetenzen\/go-upskilling-am-arbeitsplatz\/go-modell\/\">GO-Modell<\/a> haben Anbieterinnen und Anbieter ein gutes Werkzeug, um Interessierten das Vorgehen aufzuzeigen, den Lernprozess zu planen und zu begleiten.<\/p>\n\n\n\n<ul class=\"wp-block-list\">\n<li>M\u00f6chten Sie als Kursanbieter k\u00fcnftig praxisorientierte Kurse anbieten?<\/li>\n\n\n\n<li>Oder haben Sie schon damit begonnen, Ihnen fehlen aber noch lukrative Auftr\u00e4ge und Ihre Kursleitenden brauchen kreative Inputs f\u00fcr die Umsetzung?<\/li>\n<\/ul>\n\n\n\n<h2 class=\"wp-block-heading\">GO-Weiterbildung vom 17.3. bis am 30.6.2023<\/h2>\n\n\n\n<p>In vier Modulen f\u00fchrt die GO-Weiterbildung handlungsorientiert und mit vielen Praxisbeispielen durch die Anwendung des GO-Modells. Alle Module orientieren sich am Toolkit des GO-Modells.<\/p>\n\n\n\n<p><a href=\"https:\/\/alice.ch\/de\/themen\/grundkompetenzen\/go-upskilling-am-arbeitsplatz\/go-weiterbildung\/\">Anmeldung und Informationen zu den vier Modulen der GO-Weiterbildung<\/a><\/p>\n\n\n\n<figure class=\"wp-block-image alignleft is-style-default\"><img decoding=\"async\" width=\"2313\" height=\"417\" src=\"https:\/\/alice.ch\/app\/uploads\/2023\/01\/Logos-Go-Weiterbildungen.png\" alt=\"\" class=\"wp-image-43293\" srcset=\"https:\/\/alice.ch\/app\/uploads\/2023\/01\/Logos-Go-Weiterbildungen.png 2313w, https:\/\/alice.ch\/app\/uploads\/2023\/01\/Logos-Go-Weiterbildungen-300x54.png 300w, https:\/\/alice.ch\/app\/uploads\/2023\/01\/Logos-Go-Weiterbildungen-1024x185.png 1024w, https:\/\/alice.ch\/app\/uploads\/2023\/01\/Logos-Go-Weiterbildungen-768x138.png 768w, https:\/\/alice.ch\/app\/uploads\/2023\/01\/Logos-Go-Weiterbildungen-1536x277.png 1536w, https:\/\/alice.ch\/app\/uploads\/2023\/01\/Logos-Go-Weiterbildungen-2048x369.png 2048w\" sizes=\"(max-width: 2313px) 100vw, 2313px\" \/><\/figure>\n","protected":false},"excerpt":{"rendered":"<p>Viele Betriebe sind noch nicht dar\u00fcber informiert, dass sie die Grundkompetenzen (Lesen, Schreiben, Sprache, Rechnen und Computer) ihrer Mitarbeitenden am [&hellip;]<\/p>\n","protected":false},"author":5,"featured_media":43638,"template":"","meta":{"_acf_changed":false,"inline_featured_image":false,"footnotes":""},"event-category":[24],"event-tag":[41],"event-status":[200],"event-language":[202],"global-category":[49,42],"class_list":["post-42816","event","type-event","status-publish","has-post-thumbnail","hentry","event-category-sveb-kooperation-events","event-tag-41","event-status-archiv","event-language-deutsch","global-category-grundkompetenzen","global-category-professionalisierung"],"acf":[],"yoast_head":"<!-- This site is optimized with the Yoast SEO plugin v27.3 - https:\/\/yoast.com\/product\/yoast-seo-wordpress\/ -->\n<title>Von der Akquise zur Umsetzung von praxisorientierten Kursen f\u00fcr Grundkompetenzen - SVEB<\/title>\n<meta name=\"robots\" content=\"index, follow, max-snippet:-1, max-image-preview:large, max-video-preview:-1\" \/>\n<link rel=\"canonical\" href=\"https:\/\/alice.ch\/de\/event\/von-der-akquise-zur-umsetzung-von-praxisorientierten-kursen-fuer-grundkompetenzen\/\" \/>\n<meta property=\"og:locale\" content=\"de_DE\" \/>\n<meta property=\"og:type\" content=\"article\" \/>\n<meta property=\"og:title\" content=\"Von der Akquise zur Umsetzung von praxisorientierten Kursen f\u00fcr Grundkompetenzen - SVEB\" \/>\n<meta property=\"og:description\" content=\"Viele Betriebe sind noch nicht dar\u00fcber informiert, dass sie die Grundkompetenzen (Lesen, Schreiben, Sprache, Rechnen und Computer) ihrer Mitarbeitenden am [&hellip;]\" \/>\n<meta property=\"og:url\" content=\"https:\/\/alice.ch\/de\/event\/von-der-akquise-zur-umsetzung-von-praxisorientierten-kursen-fuer-grundkompetenzen\/\" \/>\n<meta property=\"og:site_name\" content=\"SVEB\" \/>\n<meta property=\"article:modified_time\" content=\"2023-07-06T13:02:09+00:00\" \/>\n<meta property=\"og:image\" content=\"https:\/\/alice.ch\/app\/uploads\/2023\/01\/go-weiterbildung-de.jpg\" \/>\n\t<meta property=\"og:image:width\" content=\"1542\" \/>\n\t<meta property=\"og:image:height\" content=\"771\" \/>\n\t<meta property=\"og:image:type\" content=\"image\/jpeg\" \/>\n<meta name=\"twitter:card\" content=\"summary_large_image\" \/>\n<script type=\"application\/ld+json\" class=\"yoast-schema-graph\">{\"@context\":\"https:\\\/\\\/schema.org\",\"@graph\":[{\"@type\":\"WebPage\",\"@id\":\"https:\\\/\\\/alice.ch\\\/de\\\/event\\\/von-der-akquise-zur-umsetzung-von-praxisorientierten-kursen-fuer-grundkompetenzen\\\/\",\"url\":\"https:\\\/\\\/alice.ch\\\/de\\\/event\\\/von-der-akquise-zur-umsetzung-von-praxisorientierten-kursen-fuer-grundkompetenzen\\\/\",\"name\":\"Von der Akquise zur Umsetzung von praxisorientierten Kursen f\u00fcr Grundkompetenzen - SVEB\",\"isPartOf\":{\"@id\":\"https:\\\/\\\/alice.ch\\\/de\\\/#website\"},\"primaryImageOfPage\":{\"@id\":\"https:\\\/\\\/alice.ch\\\/de\\\/event\\\/von-der-akquise-zur-umsetzung-von-praxisorientierten-kursen-fuer-grundkompetenzen\\\/#primaryimage\"},\"image\":{\"@id\":\"https:\\\/\\\/alice.ch\\\/de\\\/event\\\/von-der-akquise-zur-umsetzung-von-praxisorientierten-kursen-fuer-grundkompetenzen\\\/#primaryimage\"},\"thumbnailUrl\":\"https:\\\/\\\/alice.ch\\\/app\\\/uploads\\\/2023\\\/01\\\/go-weiterbildung-de.jpg\",\"datePublished\":\"2023-01-18T12:18:00+00:00\",\"dateModified\":\"2023-07-06T13:02:09+00:00\",\"breadcrumb\":{\"@id\":\"https:\\\/\\\/alice.ch\\\/de\\\/event\\\/von-der-akquise-zur-umsetzung-von-praxisorientierten-kursen-fuer-grundkompetenzen\\\/#breadcrumb\"},\"inLanguage\":\"de\",\"potentialAction\":[{\"@type\":\"ReadAction\",\"target\":[\"https:\\\/\\\/alice.ch\\\/de\\\/event\\\/von-der-akquise-zur-umsetzung-von-praxisorientierten-kursen-fuer-grundkompetenzen\\\/\"]}]},{\"@type\":\"ImageObject\",\"inLanguage\":\"de\",\"@id\":\"https:\\\/\\\/alice.ch\\\/de\\\/event\\\/von-der-akquise-zur-umsetzung-von-praxisorientierten-kursen-fuer-grundkompetenzen\\\/#primaryimage\",\"url\":\"https:\\\/\\\/alice.ch\\\/app\\\/uploads\\\/2023\\\/01\\\/go-weiterbildung-de.jpg\",\"contentUrl\":\"https:\\\/\\\/alice.ch\\\/app\\\/uploads\\\/2023\\\/01\\\/go-weiterbildung-de.jpg\",\"width\":1542,\"height\":771},{\"@type\":\"BreadcrumbList\",\"@id\":\"https:\\\/\\\/alice.ch\\\/de\\\/event\\\/von-der-akquise-zur-umsetzung-von-praxisorientierten-kursen-fuer-grundkompetenzen\\\/#breadcrumb\",\"itemListElement\":[{\"@type\":\"ListItem\",\"position\":1,\"name\":\"Startseite\",\"item\":\"https:\\\/\\\/alice.ch\\\/de\\\/\"},{\"@type\":\"ListItem\",\"position\":2,\"name\":\"Events\",\"item\":\"https:\\\/\\\/alice.ch\\\/de\\\/event\\\/\"},{\"@type\":\"ListItem\",\"position\":3,\"name\":\"Von der Akquise zur Umsetzung von praxisorientierten Kursen f\u00fcr Grundkompetenzen\"}]},{\"@type\":\"WebSite\",\"@id\":\"https:\\\/\\\/alice.ch\\\/de\\\/#website\",\"url\":\"https:\\\/\\\/alice.ch\\\/de\\\/\",\"name\":\"alice.ch (Adult Learning Information Center) ist das Portal der Weiterbildung in der Schweiz.\",\"description\":\"Schweizerischer Verband f\u00fcr Weiterbildung\",\"publisher\":{\"@id\":\"https:\\\/\\\/alice.ch\\\/de\\\/#organization\"},\"potentialAction\":[{\"@type\":\"SearchAction\",\"target\":{\"@type\":\"EntryPoint\",\"urlTemplate\":\"https:\\\/\\\/alice.ch\\\/de\\\/?s={search_term_string}\"},\"query-input\":{\"@type\":\"PropertyValueSpecification\",\"valueRequired\":true,\"valueName\":\"search_term_string\"}}],\"inLanguage\":\"de\"},{\"@type\":\"Organization\",\"@id\":\"https:\\\/\\\/alice.ch\\\/de\\\/#organization\",\"name\":\"SVEB Schweizerischer Verband f\u00fcr Weiterbildung\",\"url\":\"https:\\\/\\\/alice.ch\\\/de\\\/\",\"logo\":{\"@type\":\"ImageObject\",\"inLanguage\":\"de\",\"@id\":\"https:\\\/\\\/alice.ch\\\/de\\\/#\\\/schema\\\/logo\\\/image\\\/\",\"url\":\"https:\\\/\\\/alice.ch\\\/app\\\/uploads\\\/2022\\\/07\\\/logo-sveb.png\",\"contentUrl\":\"https:\\\/\\\/alice.ch\\\/app\\\/uploads\\\/2022\\\/07\\\/logo-sveb.png\",\"width\":145,\"height\":64,\"caption\":\"SVEB Schweizerischer Verband f\u00fcr Weiterbildung\"},\"image\":{\"@id\":\"https:\\\/\\\/alice.ch\\\/de\\\/#\\\/schema\\\/logo\\\/image\\\/\"},\"sameAs\":[\"https:\\\/\\\/www.linkedin.com\\\/company\\\/schweizerischer-verband-fr-weiterbildung-sveb\\\/\"]}]}<\/script>\n<!-- \/ Yoast SEO plugin. -->","yoast_head_json":{"title":"Von der Akquise zur Umsetzung von praxisorientierten Kursen f\u00fcr Grundkompetenzen - SVEB","robots":{"index":"index","follow":"follow","max-snippet":"max-snippet:-1","max-image-preview":"max-image-preview:large","max-video-preview":"max-video-preview:-1"},"canonical":"https:\/\/alice.ch\/de\/event\/von-der-akquise-zur-umsetzung-von-praxisorientierten-kursen-fuer-grundkompetenzen\/","og_locale":"de_DE","og_type":"article","og_title":"Von der Akquise zur Umsetzung von praxisorientierten Kursen f\u00fcr Grundkompetenzen - SVEB","og_description":"Viele Betriebe sind noch nicht dar\u00fcber informiert, dass sie die Grundkompetenzen (Lesen, Schreiben, Sprache, Rechnen und Computer) ihrer Mitarbeitenden am [&hellip;]","og_url":"https:\/\/alice.ch\/de\/event\/von-der-akquise-zur-umsetzung-von-praxisorientierten-kursen-fuer-grundkompetenzen\/","og_site_name":"SVEB","article_modified_time":"2023-07-06T13:02:09+00:00","og_image":[{"width":1542,"height":771,"url":"https:\/\/alice.ch\/app\/uploads\/2023\/01\/go-weiterbildung-de.jpg","type":"image\/jpeg"}],"twitter_card":"summary_large_image","schema":{"@context":"https:\/\/schema.org","@graph":[{"@type":"WebPage","@id":"https:\/\/alice.ch\/de\/event\/von-der-akquise-zur-umsetzung-von-praxisorientierten-kursen-fuer-grundkompetenzen\/","url":"https:\/\/alice.ch\/de\/event\/von-der-akquise-zur-umsetzung-von-praxisorientierten-kursen-fuer-grundkompetenzen\/","name":"Von der Akquise zur Umsetzung von praxisorientierten Kursen f\u00fcr Grundkompetenzen - SVEB","isPartOf":{"@id":"https:\/\/alice.ch\/de\/#website"},"primaryImageOfPage":{"@id":"https:\/\/alice.ch\/de\/event\/von-der-akquise-zur-umsetzung-von-praxisorientierten-kursen-fuer-grundkompetenzen\/#primaryimage"},"image":{"@id":"https:\/\/alice.ch\/de\/event\/von-der-akquise-zur-umsetzung-von-praxisorientierten-kursen-fuer-grundkompetenzen\/#primaryimage"},"thumbnailUrl":"https:\/\/alice.ch\/app\/uploads\/2023\/01\/go-weiterbildung-de.jpg","datePublished":"2023-01-18T12:18:00+00:00","dateModified":"2023-07-06T13:02:09+00:00","breadcrumb":{"@id":"https:\/\/alice.ch\/de\/event\/von-der-akquise-zur-umsetzung-von-praxisorientierten-kursen-fuer-grundkompetenzen\/#breadcrumb"},"inLanguage":"de","potentialAction":[{"@type":"ReadAction","target":["https:\/\/alice.ch\/de\/event\/von-der-akquise-zur-umsetzung-von-praxisorientierten-kursen-fuer-grundkompetenzen\/"]}]},{"@type":"ImageObject","inLanguage":"de","@id":"https:\/\/alice.ch\/de\/event\/von-der-akquise-zur-umsetzung-von-praxisorientierten-kursen-fuer-grundkompetenzen\/#primaryimage","url":"https:\/\/alice.ch\/app\/uploads\/2023\/01\/go-weiterbildung-de.jpg","contentUrl":"https:\/\/alice.ch\/app\/uploads\/2023\/01\/go-weiterbildung-de.jpg","width":1542,"height":771},{"@type":"BreadcrumbList","@id":"https:\/\/alice.ch\/de\/event\/von-der-akquise-zur-umsetzung-von-praxisorientierten-kursen-fuer-grundkompetenzen\/#breadcrumb","itemListElement":[{"@type":"ListItem","position":1,"name":"Startseite","item":"https:\/\/alice.ch\/de\/"},{"@type":"ListItem","position":2,"name":"Events","item":"https:\/\/alice.ch\/de\/event\/"},{"@type":"ListItem","position":3,"name":"Von der Akquise zur Umsetzung von praxisorientierten Kursen f\u00fcr Grundkompetenzen"}]},{"@type":"WebSite","@id":"https:\/\/alice.ch\/de\/#website","url":"https:\/\/alice.ch\/de\/","name":"alice.ch (Adult Learning Information Center) ist das Portal der Weiterbildung in der Schweiz.","description":"Schweizerischer Verband f\u00fcr Weiterbildung","publisher":{"@id":"https:\/\/alice.ch\/de\/#organization"},"potentialAction":[{"@type":"SearchAction","target":{"@type":"EntryPoint","urlTemplate":"https:\/\/alice.ch\/de\/?s={search_term_string}"},"query-input":{"@type":"PropertyValueSpecification","valueRequired":true,"valueName":"search_term_string"}}],"inLanguage":"de"},{"@type":"Organization","@id":"https:\/\/alice.ch\/de\/#organization","name":"SVEB Schweizerischer Verband f\u00fcr Weiterbildung","url":"https:\/\/alice.ch\/de\/","logo":{"@type":"ImageObject","inLanguage":"de","@id":"https:\/\/alice.ch\/de\/#\/schema\/logo\/image\/","url":"https:\/\/alice.ch\/app\/uploads\/2022\/07\/logo-sveb.png","contentUrl":"https:\/\/alice.ch\/app\/uploads\/2022\/07\/logo-sveb.png","width":145,"height":64,"caption":"SVEB Schweizerischer Verband f\u00fcr Weiterbildung"},"image":{"@id":"https:\/\/alice.ch\/de\/#\/schema\/logo\/image\/"},"sameAs":["https:\/\/www.linkedin.com\/company\/schweizerischer-verband-fr-weiterbildung-sveb\/"]}]}},"_links":{"self":[{"href":"https:\/\/alice.ch\/de\/wp-json\/wp\/v2\/event\/42816","targetHints":{"allow":["GET"]}}],"collection":[{"href":"https:\/\/alice.ch\/de\/wp-json\/wp\/v2\/event"}],"about":[{"href":"https:\/\/alice.ch\/de\/wp-json\/wp\/v2\/types\/event"}],"author":[{"embeddable":true,"href":"https:\/\/alice.ch\/de\/wp-json\/wp\/v2\/users\/5"}],"version-history":[{"count":13,"href":"https:\/\/alice.ch\/de\/wp-json\/wp\/v2\/event\/42816\/revisions"}],"predecessor-version":[{"id":52263,"href":"https:\/\/alice.ch\/de\/wp-json\/wp\/v2\/event\/42816\/revisions\/52263"}],"wp:featuredmedia":[{"embeddable":true,"href":"https:\/\/alice.ch\/de\/wp-json\/wp\/v2\/media\/43638"}],"wp:attachment":[{"href":"https:\/\/alice.ch\/de\/wp-json\/wp\/v2\/media?parent=42816"}],"wp:term":[{"taxonomy":"event-category","embeddable":true,"href":"https:\/\/alice.ch\/de\/wp-json\/wp\/v2\/event-category?post=42816"},{"taxonomy":"event-tag","embeddable":true,"href":"https:\/\/alice.ch\/de\/wp-json\/wp\/v2\/event-tag?post=42816"},{"taxonomy":"event-status","embeddable":true,"href":"https:\/\/alice.ch\/de\/wp-json\/wp\/v2\/event-status?post=42816"},{"taxonomy":"event-language","embeddable":true,"href":"https:\/\/alice.ch\/de\/wp-json\/wp\/v2\/event-language?post=42816"},{"taxonomy":"global-category","embeddable":true,"href":"https:\/\/alice.ch\/de\/wp-json\/wp\/v2\/global-category?post=42816"}],"curies":[{"name":"wp","href":"https:\/\/api.w.org\/{rel}","templated":true}]}}