{"id":47123,"date":"2023-03-23T15:44:17","date_gmt":"2023-03-23T14:44:17","guid":{"rendered":"https:\/\/alice.ch\/?post_type=event&#038;p=47123"},"modified":"2023-09-04T08:46:12","modified_gmt":"2023-09-04T06:46:12","slug":"vermittlung-von-grundkompetenzen-kompetenzuebergreifendes-unterrichten","status":"publish","type":"event","link":"https:\/\/alice.ch\/de\/event\/vermittlung-von-grundkompetenzen-kompetenzuebergreifendes-unterrichten\/","title":{"rendered":"Vermittlung von Grundkompetenzen: Kompetenz\u00fcbergreifendes Unterrichten"},"content":{"rendered":"\n<p>Dieser dreiteilige Workshop gibt Einblick in die Praxis von Ausbildenden, die den Ansatz des integrierten und kompetenz\u00fcbergreifenden Lernens verfolgen und in ihre Arbeit integrieren. Ziel ist es, dass auch die Teilnehmenden des Workshops Alltagssituationen in ihrem eigenen Kontext erkennen und ermitteln k\u00f6nnen.<\/p>\n\n\n\n<p>Im Workshop wird daher der Frage nachgegangen: Was ist in diesem Zusammenhang eine \u00abAlltagssituation\u00bb und welche Handlungsschritte und Aufgaben beinhaltet sie? Ausgehend von den eigenen Kontextanalysen entwickeln die Teilnehmenden dann m\u00f6gliche Lernsequenzen. Dazu werden in diesem Workshop Konzepte wie der ganzheitliche Bildungsansatz, die Kontext- und Zielgruppenanalyse aber auch das Konzept der Lernorte behandelt.<\/p>\n\n\n\n<p>Auf den Workshop in Pr\u00e4senz folgen sp\u00e4ter zwei zweist\u00fcndige Online-Einheiten. F\u00fcr die Kurseinheit 2 wird eine Transferaufgabe vorbereitet. In der Kurseinheit 3 findet ein Austausch \u00fcber die Umsetzung der Transferaufgabe statt.<\/p>\n\n\n\n<ul class=\"wp-block-list\">\n<li><strong>Kurseinheit 1<\/strong> (Pr\u00e4senz in Olten): <strong>Einf\u00fchrung ins Thema<\/strong><\/li>\n\n\n\n<li><em>Transferaufgabe<\/em><\/li>\n\n\n\n<li><strong>Kurseinheit 2<\/strong> (Online-Einheit von 2 Stunden): <strong>Vorstellen und Weiterentwickeln der Alltagssituation und Abgleichen der Idee\/n mit den anderen Kursteilnehmenden<\/strong><\/li>\n\n\n\n<li><em>Selbst\u00e4ndige Umsetzung der Transferaufgabe<\/em><\/li>\n\n\n\n<li><strong>Kurseinheit 3<\/strong> (Online-Einheit von 2 Stunden): <strong>Austausch und Reflexion der Umsetzung<\/strong><\/li>\n<\/ul>\n\n\n\n<p>Die Daten f\u00fcr die online durchgef\u00fchrten Kurseinheiten 2 und 3 werden am ersten Kurstag vereinbart.<\/p>\n\n\n\n<h3 class=\"wp-block-heading\">Ablauf Kurseinheit 1 vom 25. August 2023<\/h3>\n\n\n\n<p>09.00 Uhr: Beginn erster Teil<\/p>\n\n\n\n<p>12.30 Uhr: individuelle Mittagspause<\/p>\n\n\n\n<p>13.30 Uhr: Beginn zweiter Teil<\/p>\n\n\n\n<p>17.00 Uhr: Abschluss<\/p>\n\n\n\n<h3 class=\"wp-block-heading\">Zielgruppe<\/h3>\n\n\n\n<p>Ausbildende im Bereich Grundkompetenzen und Deutsch als Zweitsprache (DaZ)<\/p>\n\n\n\n<h3 class=\"wp-block-heading\">Leitung<\/h3>\n\n\n\n<p><strong>Olivia Walther<\/strong>, Kursleiterin DaZ, fide-Kurse, GO-Projekte, Dozentin AdA-Modul 1 und fide-Module<\/p>\n\n\n\n<p>F\u00fcr Fragen oder Anmerkungen steht Ihnen <strong><a href=\"mailto:saambavi.poopalapillai@alice.ch\">Saambavi<\/a><\/strong><a href=\"mailto:saambavi.poopalapillai@alice.ch\"> <strong>Poopalapillai<\/strong><\/a><strong>,<\/strong> wissenschaftliche Mitarbeiterin beim SVEB, zur Verf\u00fcgung.<\/p>\n\n\n\n<p>Ab 18 Anmeldungen ist der Kurs ausgebucht. Wir werden Ihnen daher Ihre Teilnahme per E-Mail best\u00e4tigen.<\/p>\n","protected":false},"excerpt":{"rendered":"<p>Dieser dreiteilige Workshop gibt Einblick in die Praxis von Ausbildenden, die den Ansatz des integrierten und kompetenz\u00fcbergreifenden Lernens verfolgen und [&hellip;]<\/p>\n","protected":false},"author":11,"featured_media":51501,"template":"","meta":{"_acf_changed":false,"inline_featured_image":false,"footnotes":""},"event-category":[24],"event-tag":[],"event-status":[200],"event-language":[202],"global-category":[49],"class_list":["post-47123","event","type-event","status-publish","has-post-thumbnail","hentry","event-category-sveb-kooperation-events","event-status-archiv","event-language-deutsch","global-category-grundkompetenzen"],"acf":[],"yoast_head":"<!-- This site is optimized with the Yoast SEO plugin v27.3 - https:\/\/yoast.com\/product\/yoast-seo-wordpress\/ -->\n<title>Vermittlung von Grundkompetenzen: Kompetenz\u00fcbergreifendes Unterrichten - SVEB<\/title>\n<meta name=\"robots\" content=\"index, follow, max-snippet:-1, max-image-preview:large, max-video-preview:-1\" \/>\n<link rel=\"canonical\" href=\"https:\/\/alice.ch\/de\/event\/vermittlung-von-grundkompetenzen-kompetenzuebergreifendes-unterrichten\/\" \/>\n<meta property=\"og:locale\" content=\"de_DE\" \/>\n<meta property=\"og:type\" content=\"article\" \/>\n<meta property=\"og:title\" content=\"Vermittlung von Grundkompetenzen: Kompetenz\u00fcbergreifendes Unterrichten - SVEB\" \/>\n<meta property=\"og:description\" content=\"Dieser dreiteilige Workshop gibt Einblick in die Praxis von Ausbildenden, die den Ansatz des integrierten und kompetenz\u00fcbergreifenden Lernens verfolgen und [&hellip;]\" \/>\n<meta property=\"og:url\" content=\"https:\/\/alice.ch\/de\/event\/vermittlung-von-grundkompetenzen-kompetenzuebergreifendes-unterrichten\/\" \/>\n<meta property=\"og:site_name\" content=\"SVEB\" \/>\n<meta property=\"article:modified_time\" content=\"2023-09-04T06:46:12+00:00\" \/>\n<meta property=\"og:image\" content=\"https:\/\/alice.ch\/app\/uploads\/2023\/03\/workshop-unterrichten-1.jpg\" \/>\n\t<meta property=\"og:image:width\" content=\"370\" \/>\n\t<meta property=\"og:image:height\" content=\"185\" \/>\n\t<meta property=\"og:image:type\" content=\"image\/jpeg\" \/>\n<meta name=\"twitter:card\" content=\"summary_large_image\" \/>\n<script type=\"application\/ld+json\" class=\"yoast-schema-graph\">{\"@context\":\"https:\\\/\\\/schema.org\",\"@graph\":[{\"@type\":\"WebPage\",\"@id\":\"https:\\\/\\\/alice.ch\\\/de\\\/event\\\/vermittlung-von-grundkompetenzen-kompetenzuebergreifendes-unterrichten\\\/\",\"url\":\"https:\\\/\\\/alice.ch\\\/de\\\/event\\\/vermittlung-von-grundkompetenzen-kompetenzuebergreifendes-unterrichten\\\/\",\"name\":\"Vermittlung von Grundkompetenzen: Kompetenz\u00fcbergreifendes Unterrichten - SVEB\",\"isPartOf\":{\"@id\":\"https:\\\/\\\/alice.ch\\\/de\\\/#website\"},\"primaryImageOfPage\":{\"@id\":\"https:\\\/\\\/alice.ch\\\/de\\\/event\\\/vermittlung-von-grundkompetenzen-kompetenzuebergreifendes-unterrichten\\\/#primaryimage\"},\"image\":{\"@id\":\"https:\\\/\\\/alice.ch\\\/de\\\/event\\\/vermittlung-von-grundkompetenzen-kompetenzuebergreifendes-unterrichten\\\/#primaryimage\"},\"thumbnailUrl\":\"https:\\\/\\\/alice.ch\\\/app\\\/uploads\\\/2023\\\/03\\\/workshop-unterrichten-1.jpg\",\"datePublished\":\"2023-03-23T14:44:17+00:00\",\"dateModified\":\"2023-09-04T06:46:12+00:00\",\"breadcrumb\":{\"@id\":\"https:\\\/\\\/alice.ch\\\/de\\\/event\\\/vermittlung-von-grundkompetenzen-kompetenzuebergreifendes-unterrichten\\\/#breadcrumb\"},\"inLanguage\":\"de\",\"potentialAction\":[{\"@type\":\"ReadAction\",\"target\":[\"https:\\\/\\\/alice.ch\\\/de\\\/event\\\/vermittlung-von-grundkompetenzen-kompetenzuebergreifendes-unterrichten\\\/\"]}]},{\"@type\":\"ImageObject\",\"inLanguage\":\"de\",\"@id\":\"https:\\\/\\\/alice.ch\\\/de\\\/event\\\/vermittlung-von-grundkompetenzen-kompetenzuebergreifendes-unterrichten\\\/#primaryimage\",\"url\":\"https:\\\/\\\/alice.ch\\\/app\\\/uploads\\\/2023\\\/03\\\/workshop-unterrichten-1.jpg\",\"contentUrl\":\"https:\\\/\\\/alice.ch\\\/app\\\/uploads\\\/2023\\\/03\\\/workshop-unterrichten-1.jpg\",\"width\":370,\"height\":185},{\"@type\":\"BreadcrumbList\",\"@id\":\"https:\\\/\\\/alice.ch\\\/de\\\/event\\\/vermittlung-von-grundkompetenzen-kompetenzuebergreifendes-unterrichten\\\/#breadcrumb\",\"itemListElement\":[{\"@type\":\"ListItem\",\"position\":1,\"name\":\"Startseite\",\"item\":\"https:\\\/\\\/alice.ch\\\/de\\\/\"},{\"@type\":\"ListItem\",\"position\":2,\"name\":\"Events\",\"item\":\"https:\\\/\\\/alice.ch\\\/de\\\/event\\\/\"},{\"@type\":\"ListItem\",\"position\":3,\"name\":\"Vermittlung von Grundkompetenzen: Kompetenz\u00fcbergreifendes Unterrichten\"}]},{\"@type\":\"WebSite\",\"@id\":\"https:\\\/\\\/alice.ch\\\/de\\\/#website\",\"url\":\"https:\\\/\\\/alice.ch\\\/de\\\/\",\"name\":\"alice.ch (Adult Learning Information Center) ist das Portal der Weiterbildung in der Schweiz.\",\"description\":\"Schweizerischer Verband f\u00fcr Weiterbildung\",\"publisher\":{\"@id\":\"https:\\\/\\\/alice.ch\\\/de\\\/#organization\"},\"potentialAction\":[{\"@type\":\"SearchAction\",\"target\":{\"@type\":\"EntryPoint\",\"urlTemplate\":\"https:\\\/\\\/alice.ch\\\/de\\\/?s={search_term_string}\"},\"query-input\":{\"@type\":\"PropertyValueSpecification\",\"valueRequired\":true,\"valueName\":\"search_term_string\"}}],\"inLanguage\":\"de\"},{\"@type\":\"Organization\",\"@id\":\"https:\\\/\\\/alice.ch\\\/de\\\/#organization\",\"name\":\"SVEB Schweizerischer Verband f\u00fcr Weiterbildung\",\"url\":\"https:\\\/\\\/alice.ch\\\/de\\\/\",\"logo\":{\"@type\":\"ImageObject\",\"inLanguage\":\"de\",\"@id\":\"https:\\\/\\\/alice.ch\\\/de\\\/#\\\/schema\\\/logo\\\/image\\\/\",\"url\":\"https:\\\/\\\/alice.ch\\\/app\\\/uploads\\\/2022\\\/07\\\/logo-sveb.png\",\"contentUrl\":\"https:\\\/\\\/alice.ch\\\/app\\\/uploads\\\/2022\\\/07\\\/logo-sveb.png\",\"width\":145,\"height\":64,\"caption\":\"SVEB Schweizerischer Verband f\u00fcr Weiterbildung\"},\"image\":{\"@id\":\"https:\\\/\\\/alice.ch\\\/de\\\/#\\\/schema\\\/logo\\\/image\\\/\"},\"sameAs\":[\"https:\\\/\\\/www.linkedin.com\\\/company\\\/schweizerischer-verband-fr-weiterbildung-sveb\\\/\"]}]}<\/script>\n<!-- \/ Yoast SEO plugin. -->","yoast_head_json":{"title":"Vermittlung von Grundkompetenzen: Kompetenz\u00fcbergreifendes Unterrichten - SVEB","robots":{"index":"index","follow":"follow","max-snippet":"max-snippet:-1","max-image-preview":"max-image-preview:large","max-video-preview":"max-video-preview:-1"},"canonical":"https:\/\/alice.ch\/de\/event\/vermittlung-von-grundkompetenzen-kompetenzuebergreifendes-unterrichten\/","og_locale":"de_DE","og_type":"article","og_title":"Vermittlung von Grundkompetenzen: Kompetenz\u00fcbergreifendes Unterrichten - SVEB","og_description":"Dieser dreiteilige Workshop gibt Einblick in die Praxis von Ausbildenden, die den Ansatz des integrierten und kompetenz\u00fcbergreifenden Lernens verfolgen und [&hellip;]","og_url":"https:\/\/alice.ch\/de\/event\/vermittlung-von-grundkompetenzen-kompetenzuebergreifendes-unterrichten\/","og_site_name":"SVEB","article_modified_time":"2023-09-04T06:46:12+00:00","og_image":[{"width":370,"height":185,"url":"https:\/\/alice.ch\/app\/uploads\/2023\/03\/workshop-unterrichten-1.jpg","type":"image\/jpeg"}],"twitter_card":"summary_large_image","schema":{"@context":"https:\/\/schema.org","@graph":[{"@type":"WebPage","@id":"https:\/\/alice.ch\/de\/event\/vermittlung-von-grundkompetenzen-kompetenzuebergreifendes-unterrichten\/","url":"https:\/\/alice.ch\/de\/event\/vermittlung-von-grundkompetenzen-kompetenzuebergreifendes-unterrichten\/","name":"Vermittlung von Grundkompetenzen: Kompetenz\u00fcbergreifendes Unterrichten - SVEB","isPartOf":{"@id":"https:\/\/alice.ch\/de\/#website"},"primaryImageOfPage":{"@id":"https:\/\/alice.ch\/de\/event\/vermittlung-von-grundkompetenzen-kompetenzuebergreifendes-unterrichten\/#primaryimage"},"image":{"@id":"https:\/\/alice.ch\/de\/event\/vermittlung-von-grundkompetenzen-kompetenzuebergreifendes-unterrichten\/#primaryimage"},"thumbnailUrl":"https:\/\/alice.ch\/app\/uploads\/2023\/03\/workshop-unterrichten-1.jpg","datePublished":"2023-03-23T14:44:17+00:00","dateModified":"2023-09-04T06:46:12+00:00","breadcrumb":{"@id":"https:\/\/alice.ch\/de\/event\/vermittlung-von-grundkompetenzen-kompetenzuebergreifendes-unterrichten\/#breadcrumb"},"inLanguage":"de","potentialAction":[{"@type":"ReadAction","target":["https:\/\/alice.ch\/de\/event\/vermittlung-von-grundkompetenzen-kompetenzuebergreifendes-unterrichten\/"]}]},{"@type":"ImageObject","inLanguage":"de","@id":"https:\/\/alice.ch\/de\/event\/vermittlung-von-grundkompetenzen-kompetenzuebergreifendes-unterrichten\/#primaryimage","url":"https:\/\/alice.ch\/app\/uploads\/2023\/03\/workshop-unterrichten-1.jpg","contentUrl":"https:\/\/alice.ch\/app\/uploads\/2023\/03\/workshop-unterrichten-1.jpg","width":370,"height":185},{"@type":"BreadcrumbList","@id":"https:\/\/alice.ch\/de\/event\/vermittlung-von-grundkompetenzen-kompetenzuebergreifendes-unterrichten\/#breadcrumb","itemListElement":[{"@type":"ListItem","position":1,"name":"Startseite","item":"https:\/\/alice.ch\/de\/"},{"@type":"ListItem","position":2,"name":"Events","item":"https:\/\/alice.ch\/de\/event\/"},{"@type":"ListItem","position":3,"name":"Vermittlung von Grundkompetenzen: Kompetenz\u00fcbergreifendes Unterrichten"}]},{"@type":"WebSite","@id":"https:\/\/alice.ch\/de\/#website","url":"https:\/\/alice.ch\/de\/","name":"alice.ch (Adult Learning Information Center) ist das Portal der Weiterbildung in der Schweiz.","description":"Schweizerischer Verband f\u00fcr Weiterbildung","publisher":{"@id":"https:\/\/alice.ch\/de\/#organization"},"potentialAction":[{"@type":"SearchAction","target":{"@type":"EntryPoint","urlTemplate":"https:\/\/alice.ch\/de\/?s={search_term_string}"},"query-input":{"@type":"PropertyValueSpecification","valueRequired":true,"valueName":"search_term_string"}}],"inLanguage":"de"},{"@type":"Organization","@id":"https:\/\/alice.ch\/de\/#organization","name":"SVEB Schweizerischer Verband f\u00fcr Weiterbildung","url":"https:\/\/alice.ch\/de\/","logo":{"@type":"ImageObject","inLanguage":"de","@id":"https:\/\/alice.ch\/de\/#\/schema\/logo\/image\/","url":"https:\/\/alice.ch\/app\/uploads\/2022\/07\/logo-sveb.png","contentUrl":"https:\/\/alice.ch\/app\/uploads\/2022\/07\/logo-sveb.png","width":145,"height":64,"caption":"SVEB Schweizerischer Verband f\u00fcr Weiterbildung"},"image":{"@id":"https:\/\/alice.ch\/de\/#\/schema\/logo\/image\/"},"sameAs":["https:\/\/www.linkedin.com\/company\/schweizerischer-verband-fr-weiterbildung-sveb\/"]}]}},"_links":{"self":[{"href":"https:\/\/alice.ch\/de\/wp-json\/wp\/v2\/event\/47123","targetHints":{"allow":["GET"]}}],"collection":[{"href":"https:\/\/alice.ch\/de\/wp-json\/wp\/v2\/event"}],"about":[{"href":"https:\/\/alice.ch\/de\/wp-json\/wp\/v2\/types\/event"}],"author":[{"embeddable":true,"href":"https:\/\/alice.ch\/de\/wp-json\/wp\/v2\/users\/11"}],"version-history":[{"count":17,"href":"https:\/\/alice.ch\/de\/wp-json\/wp\/v2\/event\/47123\/revisions"}],"predecessor-version":[{"id":53373,"href":"https:\/\/alice.ch\/de\/wp-json\/wp\/v2\/event\/47123\/revisions\/53373"}],"wp:featuredmedia":[{"embeddable":true,"href":"https:\/\/alice.ch\/de\/wp-json\/wp\/v2\/media\/51501"}],"wp:attachment":[{"href":"https:\/\/alice.ch\/de\/wp-json\/wp\/v2\/media?parent=47123"}],"wp:term":[{"taxonomy":"event-category","embeddable":true,"href":"https:\/\/alice.ch\/de\/wp-json\/wp\/v2\/event-category?post=47123"},{"taxonomy":"event-tag","embeddable":true,"href":"https:\/\/alice.ch\/de\/wp-json\/wp\/v2\/event-tag?post=47123"},{"taxonomy":"event-status","embeddable":true,"href":"https:\/\/alice.ch\/de\/wp-json\/wp\/v2\/event-status?post=47123"},{"taxonomy":"event-language","embeddable":true,"href":"https:\/\/alice.ch\/de\/wp-json\/wp\/v2\/event-language?post=47123"},{"taxonomy":"global-category","embeddable":true,"href":"https:\/\/alice.ch\/de\/wp-json\/wp\/v2\/global-category?post=47123"}],"curies":[{"name":"wp","href":"https:\/\/api.w.org\/{rel}","templated":true}]}}