{"id":48940,"date":"2023-04-25T14:33:47","date_gmt":"2023-04-25T12:33:47","guid":{"rendered":"https:\/\/alice.ch\/?post_type=event&#038;p=48940"},"modified":"2024-01-26T11:07:57","modified_gmt":"2024-01-26T10:07:57","slug":"qualitaetstagung-2023","status":"publish","type":"event","link":"https:\/\/alice.ch\/de\/event\/qualitaetstagung-2023\/","title":{"rendered":"Qualit\u00e4tstagung 2023"},"content":{"rendered":"\n<p>Der Weiterbildungsmarkt ist dynamisch und von einem zunehmenden Konkurrenzdruck gepr\u00e4gt. Digitale Lernsettings er\u00f6ffnen neue M\u00f6glichkeiten, f\u00fchren aber auch zu zus\u00e4tzlicher Konkurrenz. Weiterbildungsanbieter sind gefordert, sich in diesem Umfeld zu positionieren.&nbsp;<\/p>\n\n\n\n<p>In diesem Kontext ergibt sich durch digitale Bewertungssysteme insbesondere auf Social Media eine neue Dimension: Bewertungen werden ungefiltert, zeitnah und breit gestreut. Das ist f\u00fcr Anbieter mit Chancen und Risiken verbunden, und es ist wichtig, im Rahmen der Qualit\u00e4tssicherung das Potential dieser Systeme geschickt zu nutzen. Die Qualit\u00e4t der Angebote klar zu definieren, diese in der Institution zu verankern und die Kommunikationskan\u00e4le aktiv zu nutzen, k\u00f6nnen L\u00f6sungsans\u00e4tze dazu sein.&nbsp;&nbsp;<\/p>\n\n\n\n<p>An der nationalen Qualit\u00e4tstagung vom 6. November in Bern werden Herausforderungen f\u00fcr die Qualit\u00e4tssicherung vor dem Hintergrund digitaler Bewertungssysteme untersucht und Ans\u00e4tze f\u00fcr einen gewinnbringenden Umgang damit entwickelt. Folgende Fragen stehen im Zentrum:&nbsp;<\/p>\n\n\n\n<ul class=\"wp-block-list\">\n<li>Welche Herausforderungen f\u00fcr die Qualit\u00e4tssicherung ergeben sich vor dem Hintergrund digitaler Bewertungssysteme?&nbsp;<\/li>\n\n\n\n<li>Wie kann Qualit\u00e4tssicherung dazu beitragen, die Chancen von Social Media zu nutzen?&nbsp;<\/li>\n\n\n\n<li>Wie k\u00f6nnen Anbieter Qualit\u00e4tssicherung institutionsintern breit verankern und im Umgang mit digitalen Bewertungssystemen gezielt einsetzen?<\/li>\n<\/ul>\n\n\n\n<h3 class=\"wp-block-heading is-style-lead\">Grobprogramm<\/h3>\n\n\n\n<p>13:00 \u2013 14:00&nbsp;Uhr<strong> <\/strong><\/p>\n\n\n\n<p><strong>Teil 1: Digitale Bewertung, Marketing und Qualit\u00e4t in der Bildung<\/strong><\/p>\n\n\n\n<p>Analyse, Walter Sch\u00f6ni, Dr. phil., Soziologe mit den Schwerpunkten berufliche Weiterbildung, Personalentwicklung und Bildungsmanagement&nbsp;<\/p>\n\n\n\n<p>14:15 \u2013 15:00&nbsp;Uhr<\/p>\n\n\n\n<p><strong>Teil 2: Qualit\u00e4tsfaktoren als Schl\u00fcssel f\u00fcr einen gewinnbringenden Umgang mit Social Media \u2013 Angebotsdefinition und institutionsinterne Verankerung\u00a0\u00a0<\/strong><\/p>\n\n\n\n<p>Referat J\u00e9r\u00e9mie Agboklu, Senior Consultant bei Thalent SA und Vincent Renevey,&nbsp;CEO&nbsp;HMonster &#8211;&nbsp;Solution E-learning &amp; LMS<\/p>\n\n\n\n<p>15:00 \u2013 17:00 Uhr<\/p>\n\n\n\n<p><strong>Teil 3:&nbsp;Umgang mit Herausforderungen und Nutzung von Qualit\u00e4tssicherung in unterschiedlichen Angeboten und Formaten&nbsp;<\/strong><\/p>\n\n\n\n<p>Austausch, Praxiserfahrungen&nbsp;<\/p>\n\n\n\n<p>Die Tagung findet in Deutsch und Franz\u00f6sisch mit Simultan\u00fcbersetzung statt.\u202f&nbsp;<\/p>\n\n\n\n<p>Die Tagung wird in Zusammenarbeit mit der Arbeitsgruppe \u00abQualit\u00e4t in der Weiterbildung\u00bb geplant und mit Unterst\u00fctzung des SBFI durchgef\u00fchrt. Die Verantwortung und Organisation liegen beim Schweizerischen Verband f\u00fcr Weiterbildung SVEB.&nbsp;<\/p>\n\n\n\n<p><strong>Vertretene Institutionen<\/strong>:<\/p>\n\n\n\n<ul class=\"wp-block-list\">\n<li><a href=\"https:\/\/www.arbeitsintegrationschweiz.ch\/de\/home\">Arbeitsintegration Schweiz (IN-Qualis)<\/a><\/li>\n\n\n\n<li><a href=\"https:\/\/dualstark.ch\">Kaufm\u00e4nnischer Verband Schweiz, Dualstark<\/a><\/li>\n\n\n\n<li><a href=\"https:\/\/miduca.ch\">Miduca AG<\/a><\/li>\n\n\n\n<li><a href=\"https:\/\/www.rqfa.ch\">R\u00e9seau romand pour la Qualit\u00e9 en Formation des Adultes (RQFA)&nbsp;<\/a><\/li>\n\n\n\n<li><a href=\"https:\/\/aaq.ch\">Schweizerische Agentur f\u00fcr Akkreditierung und Qualit\u00e4tssicherung (AAQ)&nbsp;<\/a><\/li>\n\n\n\n<li><a href=\"https:\/\/www.snv.ch\/de\/\">Schweizerische Normen-Vereinigung SNV (ISO)<\/a>&nbsp;<\/li>\n\n\n\n<li><a href=\"http:\/\/alice.ch\">Schweizerischer Verband f\u00fcr Weiterbildung SVEB (eduQua)<\/a>&nbsp;<\/li>\n\n\n\n<li><a href=\"https:\/\/fide-info.ch\/de\/home\">Staatssekretariat f\u00fcr Migration SEM (fide)<\/a><\/li>\n\n\n\n<li><a href=\"https:\/\/saq.ch\">SAQ Swiss Association for Quality (EFQM)<\/a><\/li>\n\n\n\n<li><a href=\"https:\/\/www.modellf.ch\/start\">Verein Modell F<\/a><\/li>\n<\/ul>\n\n\n\n<p>Bei Fragen wenden Sie sich bitte an das Event-Team des SVEB: Tel. 044 319 71 71,&nbsp;<a href=\"mailto:events@alice.ch\" target=\"_blank\" rel=\"noreferrer noopener\">events@alice.ch<\/a>&nbsp;<\/p>\n\n\n\n<div class=\"wp-block-file\"><a id=\"wp-block-file--media-cedf968b-895a-459b-933f-787f4f3c63cd\" href=\"https:\/\/alice.ch\/app\/uploads\/2023\/04\/23-QT-PPT-Valentin-Anderegg-de-final.pdf\">Pr\u00e4sentation Valentin Anderegg<br \/>PDF &#8211; 1 MB<\/a><a href=\"https:\/\/alice.ch\/app\/uploads\/2023\/04\/23-QT-PPT-Valentin-Anderegg-de-final.pdf\" class=\"wp-block-file__button wp-element-button\" download aria-describedby=\"wp-block-file--media-cedf968b-895a-459b-933f-787f4f3c63cd\">Herunterladen<br \/>PDF &#8211; 1 MB<\/a><\/div>\n\n\n\n<div class=\"wp-block-file\"><a id=\"wp-block-file--media-cedf968b-895a-459b-933f-787f4f3c63cd\" href=\"https:\/\/alice.ch\/app\/uploads\/2023\/04\/23-QT-PPT-Referat-Walter-Schoeni-de-final.pdf\">Pr\u00e4sentation Dr. phil. Walter Sch\u00f6ni<br \/>PDF &#8211; 490 KB<\/a><a href=\"https:\/\/alice.ch\/app\/uploads\/2023\/04\/23-QT-PPT-Referat-Walter-Schoeni-de-final.pdf\" class=\"wp-block-file__button wp-element-button\" download aria-describedby=\"wp-block-file--media-cedf968b-895a-459b-933f-787f4f3c63cd\">Herunterladen<br \/>PDF &#8211; 490 KB<\/a><\/div>\n\n\n\n<div class=\"wp-block-file\"><a id=\"wp-block-file--media-cedf968b-895a-459b-933f-787f4f3c63cd\" href=\"https:\/\/alice.ch\/app\/uploads\/2023\/04\/23-QT-PPT-JAgboklu_VRenevey_de-final.pdf\">Pr\u00e4sentation J\u00e9r\u00e9mie Agboklu und Vincent Renevey<br \/>PDF &#8211; 8 MB<\/a><a href=\"https:\/\/alice.ch\/app\/uploads\/2023\/04\/23-QT-PPT-JAgboklu_VRenevey_de-final.pdf\" class=\"wp-block-file__button wp-element-button\" download aria-describedby=\"wp-block-file--media-cedf968b-895a-459b-933f-787f4f3c63cd\">Herunterladen<br \/>PDF &#8211; 8 MB<\/a><\/div>\n","protected":false},"excerpt":{"rendered":"<p>Der Weiterbildungsmarkt ist dynamisch und von einem zunehmenden Konkurrenzdruck gepr\u00e4gt. Digitale Lernsettings er\u00f6ffnen neue M\u00f6glichkeiten, f\u00fchren aber auch zu zus\u00e4tzlicher [&hellip;]<\/p>\n","protected":false},"author":22,"featured_media":48938,"template":"","meta":{"_acf_changed":false,"inline_featured_image":false,"footnotes":""},"event-category":[24],"event-tag":[41,319],"event-status":[200],"event-language":[202,203],"global-category":[],"class_list":["post-48940","event","type-event","status-publish","has-post-thumbnail","hentry","event-category-sveb-kooperation-events","event-tag-41","event-tag-sveb-kooperation-events","event-status-archiv","event-language-deutsch","event-language-franzoesisch"],"acf":[],"yoast_head":"<!-- This site is optimized with the Yoast SEO plugin v27.3 - https:\/\/yoast.com\/product\/yoast-seo-wordpress\/ -->\n<title>Qualit\u00e4tstagung 2023 - SVEB<\/title>\n<meta name=\"robots\" content=\"index, follow, max-snippet:-1, max-image-preview:large, max-video-preview:-1\" \/>\n<link rel=\"canonical\" href=\"https:\/\/alice.ch\/de\/event\/qualitaetstagung-2023\/\" \/>\n<meta property=\"og:locale\" content=\"de_DE\" \/>\n<meta property=\"og:type\" content=\"article\" \/>\n<meta property=\"og:title\" content=\"Qualit\u00e4tstagung 2023 - SVEB\" \/>\n<meta property=\"og:description\" content=\"Der Weiterbildungsmarkt ist dynamisch und von einem zunehmenden Konkurrenzdruck gepr\u00e4gt. Digitale Lernsettings er\u00f6ffnen neue M\u00f6glichkeiten, f\u00fchren aber auch zu zus\u00e4tzlicher [&hellip;]\" \/>\n<meta property=\"og:url\" content=\"https:\/\/alice.ch\/de\/event\/qualitaetstagung-2023\/\" \/>\n<meta property=\"og:site_name\" content=\"SVEB\" \/>\n<meta property=\"article:modified_time\" content=\"2024-01-26T10:07:57+00:00\" \/>\n<meta property=\"og:image\" content=\"https:\/\/alice.ch\/app\/uploads\/2023\/04\/agenda-qualitaetstagung-2023.jpg\" \/>\n\t<meta property=\"og:image:width\" content=\"370\" \/>\n\t<meta property=\"og:image:height\" content=\"185\" \/>\n\t<meta property=\"og:image:type\" content=\"image\/jpeg\" \/>\n<meta name=\"twitter:card\" content=\"summary_large_image\" \/>\n<script type=\"application\/ld+json\" class=\"yoast-schema-graph\">{\"@context\":\"https:\\\/\\\/schema.org\",\"@graph\":[{\"@type\":\"WebPage\",\"@id\":\"https:\\\/\\\/alice.ch\\\/de\\\/event\\\/qualitaetstagung-2023\\\/\",\"url\":\"https:\\\/\\\/alice.ch\\\/de\\\/event\\\/qualitaetstagung-2023\\\/\",\"name\":\"Qualit\u00e4tstagung 2023 - SVEB\",\"isPartOf\":{\"@id\":\"https:\\\/\\\/alice.ch\\\/de\\\/#website\"},\"primaryImageOfPage\":{\"@id\":\"https:\\\/\\\/alice.ch\\\/de\\\/event\\\/qualitaetstagung-2023\\\/#primaryimage\"},\"image\":{\"@id\":\"https:\\\/\\\/alice.ch\\\/de\\\/event\\\/qualitaetstagung-2023\\\/#primaryimage\"},\"thumbnailUrl\":\"https:\\\/\\\/alice.ch\\\/app\\\/uploads\\\/2023\\\/04\\\/agenda-qualitaetstagung-2023.jpg\",\"datePublished\":\"2023-04-25T12:33:47+00:00\",\"dateModified\":\"2024-01-26T10:07:57+00:00\",\"breadcrumb\":{\"@id\":\"https:\\\/\\\/alice.ch\\\/de\\\/event\\\/qualitaetstagung-2023\\\/#breadcrumb\"},\"inLanguage\":\"de\",\"potentialAction\":[{\"@type\":\"ReadAction\",\"target\":[\"https:\\\/\\\/alice.ch\\\/de\\\/event\\\/qualitaetstagung-2023\\\/\"]}]},{\"@type\":\"ImageObject\",\"inLanguage\":\"de\",\"@id\":\"https:\\\/\\\/alice.ch\\\/de\\\/event\\\/qualitaetstagung-2023\\\/#primaryimage\",\"url\":\"https:\\\/\\\/alice.ch\\\/app\\\/uploads\\\/2023\\\/04\\\/agenda-qualitaetstagung-2023.jpg\",\"contentUrl\":\"https:\\\/\\\/alice.ch\\\/app\\\/uploads\\\/2023\\\/04\\\/agenda-qualitaetstagung-2023.jpg\",\"width\":370,\"height\":185},{\"@type\":\"BreadcrumbList\",\"@id\":\"https:\\\/\\\/alice.ch\\\/de\\\/event\\\/qualitaetstagung-2023\\\/#breadcrumb\",\"itemListElement\":[{\"@type\":\"ListItem\",\"position\":1,\"name\":\"Startseite\",\"item\":\"https:\\\/\\\/alice.ch\\\/de\\\/\"},{\"@type\":\"ListItem\",\"position\":2,\"name\":\"Events\",\"item\":\"https:\\\/\\\/alice.ch\\\/de\\\/event\\\/\"},{\"@type\":\"ListItem\",\"position\":3,\"name\":\"Qualit\u00e4tstagung 2023\"}]},{\"@type\":\"WebSite\",\"@id\":\"https:\\\/\\\/alice.ch\\\/de\\\/#website\",\"url\":\"https:\\\/\\\/alice.ch\\\/de\\\/\",\"name\":\"alice.ch (Adult Learning Information Center) ist das Portal der Weiterbildung in der Schweiz.\",\"description\":\"Schweizerischer Verband f\u00fcr Weiterbildung\",\"publisher\":{\"@id\":\"https:\\\/\\\/alice.ch\\\/de\\\/#organization\"},\"potentialAction\":[{\"@type\":\"SearchAction\",\"target\":{\"@type\":\"EntryPoint\",\"urlTemplate\":\"https:\\\/\\\/alice.ch\\\/de\\\/?s={search_term_string}\"},\"query-input\":{\"@type\":\"PropertyValueSpecification\",\"valueRequired\":true,\"valueName\":\"search_term_string\"}}],\"inLanguage\":\"de\"},{\"@type\":\"Organization\",\"@id\":\"https:\\\/\\\/alice.ch\\\/de\\\/#organization\",\"name\":\"SVEB Schweizerischer Verband f\u00fcr Weiterbildung\",\"url\":\"https:\\\/\\\/alice.ch\\\/de\\\/\",\"logo\":{\"@type\":\"ImageObject\",\"inLanguage\":\"de\",\"@id\":\"https:\\\/\\\/alice.ch\\\/de\\\/#\\\/schema\\\/logo\\\/image\\\/\",\"url\":\"https:\\\/\\\/alice.ch\\\/app\\\/uploads\\\/2022\\\/07\\\/logo-sveb.png\",\"contentUrl\":\"https:\\\/\\\/alice.ch\\\/app\\\/uploads\\\/2022\\\/07\\\/logo-sveb.png\",\"width\":145,\"height\":64,\"caption\":\"SVEB Schweizerischer Verband f\u00fcr Weiterbildung\"},\"image\":{\"@id\":\"https:\\\/\\\/alice.ch\\\/de\\\/#\\\/schema\\\/logo\\\/image\\\/\"},\"sameAs\":[\"https:\\\/\\\/www.linkedin.com\\\/company\\\/schweizerischer-verband-fr-weiterbildung-sveb\\\/\"]}]}<\/script>\n<!-- \/ Yoast SEO plugin. -->","yoast_head_json":{"title":"Qualit\u00e4tstagung 2023 - SVEB","robots":{"index":"index","follow":"follow","max-snippet":"max-snippet:-1","max-image-preview":"max-image-preview:large","max-video-preview":"max-video-preview:-1"},"canonical":"https:\/\/alice.ch\/de\/event\/qualitaetstagung-2023\/","og_locale":"de_DE","og_type":"article","og_title":"Qualit\u00e4tstagung 2023 - SVEB","og_description":"Der Weiterbildungsmarkt ist dynamisch und von einem zunehmenden Konkurrenzdruck gepr\u00e4gt. Digitale Lernsettings er\u00f6ffnen neue M\u00f6glichkeiten, f\u00fchren aber auch zu zus\u00e4tzlicher [&hellip;]","og_url":"https:\/\/alice.ch\/de\/event\/qualitaetstagung-2023\/","og_site_name":"SVEB","article_modified_time":"2024-01-26T10:07:57+00:00","og_image":[{"width":370,"height":185,"url":"https:\/\/alice.ch\/app\/uploads\/2023\/04\/agenda-qualitaetstagung-2023.jpg","type":"image\/jpeg"}],"twitter_card":"summary_large_image","schema":{"@context":"https:\/\/schema.org","@graph":[{"@type":"WebPage","@id":"https:\/\/alice.ch\/de\/event\/qualitaetstagung-2023\/","url":"https:\/\/alice.ch\/de\/event\/qualitaetstagung-2023\/","name":"Qualit\u00e4tstagung 2023 - SVEB","isPartOf":{"@id":"https:\/\/alice.ch\/de\/#website"},"primaryImageOfPage":{"@id":"https:\/\/alice.ch\/de\/event\/qualitaetstagung-2023\/#primaryimage"},"image":{"@id":"https:\/\/alice.ch\/de\/event\/qualitaetstagung-2023\/#primaryimage"},"thumbnailUrl":"https:\/\/alice.ch\/app\/uploads\/2023\/04\/agenda-qualitaetstagung-2023.jpg","datePublished":"2023-04-25T12:33:47+00:00","dateModified":"2024-01-26T10:07:57+00:00","breadcrumb":{"@id":"https:\/\/alice.ch\/de\/event\/qualitaetstagung-2023\/#breadcrumb"},"inLanguage":"de","potentialAction":[{"@type":"ReadAction","target":["https:\/\/alice.ch\/de\/event\/qualitaetstagung-2023\/"]}]},{"@type":"ImageObject","inLanguage":"de","@id":"https:\/\/alice.ch\/de\/event\/qualitaetstagung-2023\/#primaryimage","url":"https:\/\/alice.ch\/app\/uploads\/2023\/04\/agenda-qualitaetstagung-2023.jpg","contentUrl":"https:\/\/alice.ch\/app\/uploads\/2023\/04\/agenda-qualitaetstagung-2023.jpg","width":370,"height":185},{"@type":"BreadcrumbList","@id":"https:\/\/alice.ch\/de\/event\/qualitaetstagung-2023\/#breadcrumb","itemListElement":[{"@type":"ListItem","position":1,"name":"Startseite","item":"https:\/\/alice.ch\/de\/"},{"@type":"ListItem","position":2,"name":"Events","item":"https:\/\/alice.ch\/de\/event\/"},{"@type":"ListItem","position":3,"name":"Qualit\u00e4tstagung 2023"}]},{"@type":"WebSite","@id":"https:\/\/alice.ch\/de\/#website","url":"https:\/\/alice.ch\/de\/","name":"alice.ch (Adult Learning Information Center) ist das Portal der Weiterbildung in der Schweiz.","description":"Schweizerischer Verband f\u00fcr Weiterbildung","publisher":{"@id":"https:\/\/alice.ch\/de\/#organization"},"potentialAction":[{"@type":"SearchAction","target":{"@type":"EntryPoint","urlTemplate":"https:\/\/alice.ch\/de\/?s={search_term_string}"},"query-input":{"@type":"PropertyValueSpecification","valueRequired":true,"valueName":"search_term_string"}}],"inLanguage":"de"},{"@type":"Organization","@id":"https:\/\/alice.ch\/de\/#organization","name":"SVEB Schweizerischer Verband f\u00fcr Weiterbildung","url":"https:\/\/alice.ch\/de\/","logo":{"@type":"ImageObject","inLanguage":"de","@id":"https:\/\/alice.ch\/de\/#\/schema\/logo\/image\/","url":"https:\/\/alice.ch\/app\/uploads\/2022\/07\/logo-sveb.png","contentUrl":"https:\/\/alice.ch\/app\/uploads\/2022\/07\/logo-sveb.png","width":145,"height":64,"caption":"SVEB Schweizerischer Verband f\u00fcr Weiterbildung"},"image":{"@id":"https:\/\/alice.ch\/de\/#\/schema\/logo\/image\/"},"sameAs":["https:\/\/www.linkedin.com\/company\/schweizerischer-verband-fr-weiterbildung-sveb\/"]}]}},"_links":{"self":[{"href":"https:\/\/alice.ch\/de\/wp-json\/wp\/v2\/event\/48940","targetHints":{"allow":["GET"]}}],"collection":[{"href":"https:\/\/alice.ch\/de\/wp-json\/wp\/v2\/event"}],"about":[{"href":"https:\/\/alice.ch\/de\/wp-json\/wp\/v2\/types\/event"}],"author":[{"embeddable":true,"href":"https:\/\/alice.ch\/de\/wp-json\/wp\/v2\/users\/22"}],"version-history":[{"count":28,"href":"https:\/\/alice.ch\/de\/wp-json\/wp\/v2\/event\/48940\/revisions"}],"predecessor-version":[{"id":62937,"href":"https:\/\/alice.ch\/de\/wp-json\/wp\/v2\/event\/48940\/revisions\/62937"}],"wp:featuredmedia":[{"embeddable":true,"href":"https:\/\/alice.ch\/de\/wp-json\/wp\/v2\/media\/48938"}],"wp:attachment":[{"href":"https:\/\/alice.ch\/de\/wp-json\/wp\/v2\/media?parent=48940"}],"wp:term":[{"taxonomy":"event-category","embeddable":true,"href":"https:\/\/alice.ch\/de\/wp-json\/wp\/v2\/event-category?post=48940"},{"taxonomy":"event-tag","embeddable":true,"href":"https:\/\/alice.ch\/de\/wp-json\/wp\/v2\/event-tag?post=48940"},{"taxonomy":"event-status","embeddable":true,"href":"https:\/\/alice.ch\/de\/wp-json\/wp\/v2\/event-status?post=48940"},{"taxonomy":"event-language","embeddable":true,"href":"https:\/\/alice.ch\/de\/wp-json\/wp\/v2\/event-language?post=48940"},{"taxonomy":"global-category","embeddable":true,"href":"https:\/\/alice.ch\/de\/wp-json\/wp\/v2\/global-category?post=48940"}],"curies":[{"name":"wp","href":"https:\/\/api.w.org\/{rel}","templated":true}]}}