{"id":53477,"date":"2023-08-29T16:35:16","date_gmt":"2023-08-29T14:35:16","guid":{"rendered":"https:\/\/alice.ch\/?post_type=event&#038;p=53477"},"modified":"2023-09-27T14:29:48","modified_gmt":"2023-09-27T12:29:48","slug":"was-landet-auf-unseren-tellern","status":"publish","type":"event","link":"https:\/\/alice.ch\/de\/event\/was-landet-auf-unseren-tellern\/","title":{"rendered":"Was landet auf unseren Tellern?"},"content":{"rendered":"\n<p>Im Rahmen des <a href=\"https:\/\/alice.ch\/de\/project\/tale\/\">internationalen Projekts TALE<\/a> beteiligt sich der SVEB daran, mit transformativen Lernans\u00e4tzen und innovativen Lernmethoden das Klimabewusstsein in der Gesellschaft zu f\u00f6rdern. Der SVEB unterst\u00fctzt diesbez\u00fcglich den Workshop \u00abWas landet auf unseren Tellern?\u00bb zum Thema Saatgut-Diversit\u00e4t. Im Workshop wird Wissen zum Thema Saatgutvielfalt praxisnah und mit erfahrbaren transformativen Lernmethoden vermittelt.<\/p>\n\n\n\n<p>Weltweit nimmt die Saatgut-Diversit\u00e4t stark ab. Unz\u00e4hlige Saatgut-Arten sind bereits unwiderruflich verschwunden und die Bestehenden sind\u00a0stark bedroht. Einige wenige Konzerne gewinnen zunehmend mehr Kontrolle \u00fcber die Saatgutproduktion und folglich dar\u00fcber, was auf unseren Tellern landet.\u00a0<\/p>\n\n\n\n<p>Das&nbsp;<a href=\"https:\/\/gruenhoelzli.ch\/\">Gartenkollektiv Gr\u00fcnh\u00f6lzli<\/a>&nbsp;und&nbsp;die&nbsp;Samengemeinschaftszucht&nbsp;<a href=\"https:\/\/www.hortiplus.ch\/sagezu\">SAGEZU Schweiz<\/a> engagieren sich deshalb in der Etablierung souver\u00e4ner Saatgutsysteme. Diese erm\u00f6glichen G\u00e4rtnerinnen und G\u00e4rtnern, selber \u00fcber ihr Saatgut zu bestimmen.&nbsp;<\/p>\n\n\n\n<p>F\u00fcr alle Interessierten organisiert das&nbsp;<a href=\"https:\/\/gruenhoelzli.ch\/\" target=\"_blank\" rel=\"noreferrer noopener\">Gartenkollektiv Gr\u00fcnh\u00f6lzli<\/a>&nbsp;in Zusammenarbeit mit&nbsp;<a href=\"https:\/\/www.silviva.ch\/\" target=\"_blank\" rel=\"noreferrer noopener\">SILVIVA<\/a>, dem&nbsp;<a href=\"https:\/\/www.hortiplus.ch\/sagezu\" target=\"_blank\" rel=\"noreferrer noopener\">Schweizerischen Verband f\u00fcr Weiterbildung SVEB<\/a>&nbsp;und&nbsp;<a href=\"https:\/\/www.hortiplus.ch\/sagezu\">SAGEZU Schweiz<\/a>&nbsp;einen Workshop zu diesem Thema.&nbsp; Speziell angesprochen werden Mitglieder von Gr\u00fcnh\u00f6lzli und SAGEZU Schweiz.&nbsp;<\/p>\n\n\n\n<p>Die Teilnehmenden des Workshops&nbsp;<strong><\/strong><\/p>\n\n\n\n<ul class=\"wp-block-list\">\n<li>\u202fgewinnen ein Problemverst\u00e4ndnis f\u00fcr Verlust von Biodiversit\u00e4t und Ern\u00e4hrungssouver\u00e4nit\u00e4t&nbsp;<\/li>\n\n\n\n<li>lernen Handlungsoptionen kennen&nbsp;&nbsp;<\/li>\n\n\n\n<li>planen konkrete Handlungsans\u00e4tze&nbsp;<\/li>\n\n\n\n<li>eignen sich konkrete Kompetenzen zur Samengewinnung an&nbsp;<\/li>\n<\/ul>\n\n\n\n<p>Das Expertenteam Robert Zollinger (<a href=\"https:\/\/www.hortiplus.ch\/\" target=\"_blank\" rel=\"noreferrer noopener\">Hortiplus Zollinger<\/a>) und Johanna Jacobi (<a href=\"https:\/\/usys.ethz.ch\/personen\/profil.Mjg4NTc5.TGlzdC8yODUyLDMyMDE5NzIyMg==.html\" target=\"_blank\" rel=\"noreferrer noopener\">ETH Z\u00fcrich<\/a>) f\u00fchrt durch den Workshop. Der Workshop wird interaktiv und mit transformativen Lernmethoden durchgef\u00fchrt.\u00a0\u00a0<\/p>\n\n\n\n<p>Bei Fragen wenden Sie sich bitte an Marianne M\u00fcller, Projektleiterin Forschung und Internationales,&nbsp;Schweizerischer Verband f\u00fcr Weiterbildung SVEB, <a href=\"mailto:marianne.mueller@alice.ch\" target=\"_blank\" rel=\"noreferrer noopener\">marianne.mueller@alice.ch<\/a><\/p>\n","protected":false},"excerpt":{"rendered":"<p>Im Rahmen des internationalen Projekts TALE beteiligt sich der SVEB daran, mit transformativen Lernans\u00e4tzen und innovativen Lernmethoden das Klimabewusstsein in [&hellip;]<\/p>\n","protected":false},"author":22,"featured_media":53502,"template":"","meta":{"_acf_changed":false,"inline_featured_image":false,"footnotes":""},"event-category":[24],"event-tag":[41],"event-status":[200],"event-language":[202],"global-category":[],"class_list":["post-53477","event","type-event","status-publish","has-post-thumbnail","hentry","event-category-sveb-kooperation-events","event-tag-41","event-status-archiv","event-language-deutsch"],"acf":[],"yoast_head":"<!-- This site is optimized with the Yoast SEO plugin v27.3 - https:\/\/yoast.com\/product\/yoast-seo-wordpress\/ -->\n<title>Was landet auf unseren Tellern? - SVEB<\/title>\n<meta name=\"robots\" content=\"index, follow, max-snippet:-1, max-image-preview:large, max-video-preview:-1\" \/>\n<link rel=\"canonical\" href=\"https:\/\/alice.ch\/de\/event\/was-landet-auf-unseren-tellern\/\" \/>\n<meta property=\"og:locale\" content=\"de_DE\" \/>\n<meta property=\"og:type\" content=\"article\" \/>\n<meta property=\"og:title\" content=\"Was landet auf unseren Tellern? - SVEB\" \/>\n<meta property=\"og:description\" content=\"Im Rahmen des internationalen Projekts TALE beteiligt sich der SVEB daran, mit transformativen Lernans\u00e4tzen und innovativen Lernmethoden das Klimabewusstsein in [&hellip;]\" \/>\n<meta property=\"og:url\" content=\"https:\/\/alice.ch\/de\/event\/was-landet-auf-unseren-tellern\/\" \/>\n<meta property=\"og:site_name\" content=\"SVEB\" \/>\n<meta property=\"article:modified_time\" content=\"2023-09-27T12:29:48+00:00\" \/>\n<meta property=\"og:image\" content=\"https:\/\/alice.ch\/app\/uploads\/2023\/08\/pexels-akil-mazumder-1072824-scaled.jpg\" \/>\n\t<meta property=\"og:image:width\" content=\"2560\" \/>\n\t<meta property=\"og:image:height\" content=\"1707\" \/>\n\t<meta property=\"og:image:type\" content=\"image\/jpeg\" \/>\n<meta name=\"twitter:card\" content=\"summary_large_image\" \/>\n<meta name=\"twitter:label1\" content=\"Gesch\u00e4tzte Lesezeit\" \/>\n\t<meta name=\"twitter:data1\" content=\"1\u00a0Minute\" \/>\n<script type=\"application\/ld+json\" class=\"yoast-schema-graph\">{\"@context\":\"https:\\\/\\\/schema.org\",\"@graph\":[{\"@type\":\"WebPage\",\"@id\":\"https:\\\/\\\/alice.ch\\\/de\\\/event\\\/was-landet-auf-unseren-tellern\\\/\",\"url\":\"https:\\\/\\\/alice.ch\\\/de\\\/event\\\/was-landet-auf-unseren-tellern\\\/\",\"name\":\"Was landet auf unseren Tellern? - SVEB\",\"isPartOf\":{\"@id\":\"https:\\\/\\\/alice.ch\\\/de\\\/#website\"},\"primaryImageOfPage\":{\"@id\":\"https:\\\/\\\/alice.ch\\\/de\\\/event\\\/was-landet-auf-unseren-tellern\\\/#primaryimage\"},\"image\":{\"@id\":\"https:\\\/\\\/alice.ch\\\/de\\\/event\\\/was-landet-auf-unseren-tellern\\\/#primaryimage\"},\"thumbnailUrl\":\"https:\\\/\\\/alice.ch\\\/app\\\/uploads\\\/2023\\\/08\\\/pexels-akil-mazumder-1072824-scaled.jpg\",\"datePublished\":\"2023-08-29T14:35:16+00:00\",\"dateModified\":\"2023-09-27T12:29:48+00:00\",\"breadcrumb\":{\"@id\":\"https:\\\/\\\/alice.ch\\\/de\\\/event\\\/was-landet-auf-unseren-tellern\\\/#breadcrumb\"},\"inLanguage\":\"de\",\"potentialAction\":[{\"@type\":\"ReadAction\",\"target\":[\"https:\\\/\\\/alice.ch\\\/de\\\/event\\\/was-landet-auf-unseren-tellern\\\/\"]}]},{\"@type\":\"ImageObject\",\"inLanguage\":\"de\",\"@id\":\"https:\\\/\\\/alice.ch\\\/de\\\/event\\\/was-landet-auf-unseren-tellern\\\/#primaryimage\",\"url\":\"https:\\\/\\\/alice.ch\\\/app\\\/uploads\\\/2023\\\/08\\\/pexels-akil-mazumder-1072824-scaled.jpg\",\"contentUrl\":\"https:\\\/\\\/alice.ch\\\/app\\\/uploads\\\/2023\\\/08\\\/pexels-akil-mazumder-1072824-scaled.jpg\",\"width\":2560,\"height\":1707},{\"@type\":\"BreadcrumbList\",\"@id\":\"https:\\\/\\\/alice.ch\\\/de\\\/event\\\/was-landet-auf-unseren-tellern\\\/#breadcrumb\",\"itemListElement\":[{\"@type\":\"ListItem\",\"position\":1,\"name\":\"Startseite\",\"item\":\"https:\\\/\\\/alice.ch\\\/de\\\/\"},{\"@type\":\"ListItem\",\"position\":2,\"name\":\"Events\",\"item\":\"https:\\\/\\\/alice.ch\\\/de\\\/event\\\/\"},{\"@type\":\"ListItem\",\"position\":3,\"name\":\"Was landet auf unseren Tellern?\"}]},{\"@type\":\"WebSite\",\"@id\":\"https:\\\/\\\/alice.ch\\\/de\\\/#website\",\"url\":\"https:\\\/\\\/alice.ch\\\/de\\\/\",\"name\":\"alice.ch (Adult Learning Information Center) ist das Portal der Weiterbildung in der Schweiz.\",\"description\":\"Schweizerischer Verband f\u00fcr Weiterbildung\",\"publisher\":{\"@id\":\"https:\\\/\\\/alice.ch\\\/de\\\/#organization\"},\"potentialAction\":[{\"@type\":\"SearchAction\",\"target\":{\"@type\":\"EntryPoint\",\"urlTemplate\":\"https:\\\/\\\/alice.ch\\\/de\\\/?s={search_term_string}\"},\"query-input\":{\"@type\":\"PropertyValueSpecification\",\"valueRequired\":true,\"valueName\":\"search_term_string\"}}],\"inLanguage\":\"de\"},{\"@type\":\"Organization\",\"@id\":\"https:\\\/\\\/alice.ch\\\/de\\\/#organization\",\"name\":\"SVEB Schweizerischer Verband f\u00fcr Weiterbildung\",\"url\":\"https:\\\/\\\/alice.ch\\\/de\\\/\",\"logo\":{\"@type\":\"ImageObject\",\"inLanguage\":\"de\",\"@id\":\"https:\\\/\\\/alice.ch\\\/de\\\/#\\\/schema\\\/logo\\\/image\\\/\",\"url\":\"https:\\\/\\\/alice.ch\\\/app\\\/uploads\\\/2022\\\/07\\\/logo-sveb.png\",\"contentUrl\":\"https:\\\/\\\/alice.ch\\\/app\\\/uploads\\\/2022\\\/07\\\/logo-sveb.png\",\"width\":145,\"height\":64,\"caption\":\"SVEB Schweizerischer Verband f\u00fcr Weiterbildung\"},\"image\":{\"@id\":\"https:\\\/\\\/alice.ch\\\/de\\\/#\\\/schema\\\/logo\\\/image\\\/\"},\"sameAs\":[\"https:\\\/\\\/www.linkedin.com\\\/company\\\/schweizerischer-verband-fr-weiterbildung-sveb\\\/\"]}]}<\/script>\n<!-- \/ Yoast SEO plugin. -->","yoast_head_json":{"title":"Was landet auf unseren Tellern? - SVEB","robots":{"index":"index","follow":"follow","max-snippet":"max-snippet:-1","max-image-preview":"max-image-preview:large","max-video-preview":"max-video-preview:-1"},"canonical":"https:\/\/alice.ch\/de\/event\/was-landet-auf-unseren-tellern\/","og_locale":"de_DE","og_type":"article","og_title":"Was landet auf unseren Tellern? - SVEB","og_description":"Im Rahmen des internationalen Projekts TALE beteiligt sich der SVEB daran, mit transformativen Lernans\u00e4tzen und innovativen Lernmethoden das Klimabewusstsein in [&hellip;]","og_url":"https:\/\/alice.ch\/de\/event\/was-landet-auf-unseren-tellern\/","og_site_name":"SVEB","article_modified_time":"2023-09-27T12:29:48+00:00","og_image":[{"width":2560,"height":1707,"url":"https:\/\/alice.ch\/app\/uploads\/2023\/08\/pexels-akil-mazumder-1072824-scaled.jpg","type":"image\/jpeg"}],"twitter_card":"summary_large_image","twitter_misc":{"Gesch\u00e4tzte Lesezeit":"1\u00a0Minute"},"schema":{"@context":"https:\/\/schema.org","@graph":[{"@type":"WebPage","@id":"https:\/\/alice.ch\/de\/event\/was-landet-auf-unseren-tellern\/","url":"https:\/\/alice.ch\/de\/event\/was-landet-auf-unseren-tellern\/","name":"Was landet auf unseren Tellern? - SVEB","isPartOf":{"@id":"https:\/\/alice.ch\/de\/#website"},"primaryImageOfPage":{"@id":"https:\/\/alice.ch\/de\/event\/was-landet-auf-unseren-tellern\/#primaryimage"},"image":{"@id":"https:\/\/alice.ch\/de\/event\/was-landet-auf-unseren-tellern\/#primaryimage"},"thumbnailUrl":"https:\/\/alice.ch\/app\/uploads\/2023\/08\/pexels-akil-mazumder-1072824-scaled.jpg","datePublished":"2023-08-29T14:35:16+00:00","dateModified":"2023-09-27T12:29:48+00:00","breadcrumb":{"@id":"https:\/\/alice.ch\/de\/event\/was-landet-auf-unseren-tellern\/#breadcrumb"},"inLanguage":"de","potentialAction":[{"@type":"ReadAction","target":["https:\/\/alice.ch\/de\/event\/was-landet-auf-unseren-tellern\/"]}]},{"@type":"ImageObject","inLanguage":"de","@id":"https:\/\/alice.ch\/de\/event\/was-landet-auf-unseren-tellern\/#primaryimage","url":"https:\/\/alice.ch\/app\/uploads\/2023\/08\/pexels-akil-mazumder-1072824-scaled.jpg","contentUrl":"https:\/\/alice.ch\/app\/uploads\/2023\/08\/pexels-akil-mazumder-1072824-scaled.jpg","width":2560,"height":1707},{"@type":"BreadcrumbList","@id":"https:\/\/alice.ch\/de\/event\/was-landet-auf-unseren-tellern\/#breadcrumb","itemListElement":[{"@type":"ListItem","position":1,"name":"Startseite","item":"https:\/\/alice.ch\/de\/"},{"@type":"ListItem","position":2,"name":"Events","item":"https:\/\/alice.ch\/de\/event\/"},{"@type":"ListItem","position":3,"name":"Was landet auf unseren Tellern?"}]},{"@type":"WebSite","@id":"https:\/\/alice.ch\/de\/#website","url":"https:\/\/alice.ch\/de\/","name":"alice.ch (Adult Learning Information Center) ist das Portal der Weiterbildung in der Schweiz.","description":"Schweizerischer Verband f\u00fcr Weiterbildung","publisher":{"@id":"https:\/\/alice.ch\/de\/#organization"},"potentialAction":[{"@type":"SearchAction","target":{"@type":"EntryPoint","urlTemplate":"https:\/\/alice.ch\/de\/?s={search_term_string}"},"query-input":{"@type":"PropertyValueSpecification","valueRequired":true,"valueName":"search_term_string"}}],"inLanguage":"de"},{"@type":"Organization","@id":"https:\/\/alice.ch\/de\/#organization","name":"SVEB Schweizerischer Verband f\u00fcr Weiterbildung","url":"https:\/\/alice.ch\/de\/","logo":{"@type":"ImageObject","inLanguage":"de","@id":"https:\/\/alice.ch\/de\/#\/schema\/logo\/image\/","url":"https:\/\/alice.ch\/app\/uploads\/2022\/07\/logo-sveb.png","contentUrl":"https:\/\/alice.ch\/app\/uploads\/2022\/07\/logo-sveb.png","width":145,"height":64,"caption":"SVEB Schweizerischer Verband f\u00fcr Weiterbildung"},"image":{"@id":"https:\/\/alice.ch\/de\/#\/schema\/logo\/image\/"},"sameAs":["https:\/\/www.linkedin.com\/company\/schweizerischer-verband-fr-weiterbildung-sveb\/"]}]}},"_links":{"self":[{"href":"https:\/\/alice.ch\/de\/wp-json\/wp\/v2\/event\/53477","targetHints":{"allow":["GET"]}}],"collection":[{"href":"https:\/\/alice.ch\/de\/wp-json\/wp\/v2\/event"}],"about":[{"href":"https:\/\/alice.ch\/de\/wp-json\/wp\/v2\/types\/event"}],"author":[{"embeddable":true,"href":"https:\/\/alice.ch\/de\/wp-json\/wp\/v2\/users\/22"}],"version-history":[{"count":21,"href":"https:\/\/alice.ch\/de\/wp-json\/wp\/v2\/event\/53477\/revisions"}],"predecessor-version":[{"id":54451,"href":"https:\/\/alice.ch\/de\/wp-json\/wp\/v2\/event\/53477\/revisions\/54451"}],"wp:featuredmedia":[{"embeddable":true,"href":"https:\/\/alice.ch\/de\/wp-json\/wp\/v2\/media\/53502"}],"wp:attachment":[{"href":"https:\/\/alice.ch\/de\/wp-json\/wp\/v2\/media?parent=53477"}],"wp:term":[{"taxonomy":"event-category","embeddable":true,"href":"https:\/\/alice.ch\/de\/wp-json\/wp\/v2\/event-category?post=53477"},{"taxonomy":"event-tag","embeddable":true,"href":"https:\/\/alice.ch\/de\/wp-json\/wp\/v2\/event-tag?post=53477"},{"taxonomy":"event-status","embeddable":true,"href":"https:\/\/alice.ch\/de\/wp-json\/wp\/v2\/event-status?post=53477"},{"taxonomy":"event-language","embeddable":true,"href":"https:\/\/alice.ch\/de\/wp-json\/wp\/v2\/event-language?post=53477"},{"taxonomy":"global-category","embeddable":true,"href":"https:\/\/alice.ch\/de\/wp-json\/wp\/v2\/global-category?post=53477"}],"curies":[{"name":"wp","href":"https:\/\/api.w.org\/{rel}","templated":true}]}}