{"id":57818,"date":"2024-02-28T08:25:56","date_gmt":"2024-02-28T07:25:56","guid":{"rendered":"https:\/\/alice.ch\/?post_type=event&#038;p=57818"},"modified":"2024-02-28T08:25:58","modified_gmt":"2024-02-28T07:25:58","slug":"maerztagung-2024","status":"publish","type":"event","link":"https:\/\/alice.ch\/de\/event\/maerztagung-2024\/","title":{"rendered":"M\u00c4RZTAGUNG 2024"},"content":{"rendered":"\n<p>Kein Thema sorgt in der Bildung derzeit f\u00fcr mehr Wirbel als die K\u00fcnstliche Intelligenz und wirft dabei unz\u00e4hlige Fragen auf. Die M\u00e4rztagung 2024 widmet sich diesem Ph\u00e4nomen im Detail.<\/p>\n\n\n\n<p>Die Anwendung von KI in der Bildung wird anhand der vier Fokusthemen Einfluss von KI, Ver-\/Misstrauen, Skalierung und Erfolgsprognosen untersucht. Ein Auszug aus dem Tagungsprogramm verspricht spannende Einblicke:<\/p>\n\n\n\n<p><strong>KI im Hochschulkontext: Anf\u00e4nge und Zukunftsszenarien<\/strong><strong><\/strong><\/p>\n\n\n\n<p>Prof. Dr. Nils Pinkwart von der Humboldt-Universit\u00e4t zu Berlin skizziert die Entwicklung der KI von ihren Anf\u00e4ngen bis zu den aktuellen Quantenspr\u00fcngen und zeigt dabei das Potenzial im Hochschulbereich auf. Die Anwendung von KI in Lehre, im Studium, in der Verwaltung sowie den Impact auf die StartUp-Szene werden kritisch analysiert.<\/p>\n\n\n\n<p><strong>Erfahrungen zu Vertrauen in KI aus der Primarstufe<\/strong><strong><\/strong><\/p>\n\n\n\n<p>Ein Input zum Thema Ver-\/Misstrauen nimmt die obligatorische Bildungsstufe ins Visier. Werner Odermatt, Primarlehrer an der Volksschule Stadt Luzern, demonstriert, wie Sch\u00fcler einer sechsten Klasse den reflektierten Umgang mit KI anhand von ChatGPT erlernen und sich sowohl Risiken als auch Chancen bewusst sind.<\/p>\n\n\n\n<p><strong>Skalierung und Erfolgspotenzial f\u00fcr Lehrende mit \u00abBrian\u00bb<\/strong><strong><\/strong><\/p>\n\n\n\n<p>In der Podiumsdiskussion wird untersucht, ob Lehrende, KI-Startups und KI-Investoren \u00e4hnliche Ziele verfolgen und wie die Diversit\u00e4t dieser Akteure eine erfolgreiche Zusammenarbeit erm\u00f6glicht. Dan Vyleta vom Startup &#8222;Brian Educational App&#8220; ist pr\u00e4mierter Schriftsteller sowie Dozent an der University of Birmingham und wird seine Sicht dazu teilen.<\/p>\n\n\n\n<p>Die M\u00e4rztagung bietet Ihnen aktuelles Know-how von namhaften Referierenden sowie Inspiration f\u00fcr Ihre Lehre und erm\u00f6glicht es, Ihre Meinung einzubringen und damit den Einsatz von KI in der schweizerischen Bildungswelt zu beeinflussen.<\/p>\n\n\n\n<p><a href=\"https:\/\/www.bildung.ch\/de\/maerztagung\/maerztagung-2024\" target=\"_blank\" rel=\"noreferrer noopener\">&gt;Weitere Informationen und zur Anmeldung<\/a><\/p>\n","protected":false},"excerpt":{"rendered":"<p>Kein Thema sorgt in der Bildung derzeit f\u00fcr mehr Wirbel als die K\u00fcnstliche Intelligenz und wirft dabei unz\u00e4hlige Fragen auf. [&hellip;]<\/p>\n","protected":false},"author":31,"featured_media":58043,"template":"","meta":{"_acf_changed":false,"inline_featured_image":false,"footnotes":""},"event-category":[152],"event-tag":[344],"event-status":[200],"event-language":[202,203],"global-category":[],"class_list":["post-57818","event","type-event","status-publish","has-post-thumbnail","hentry","event-category-externer-event","event-tag-344","event-status-archiv","event-language-deutsch","event-language-franzoesisch"],"acf":[],"yoast_head":"<!-- This site is optimized with the Yoast SEO plugin v27.3 - https:\/\/yoast.com\/product\/yoast-seo-wordpress\/ -->\n<title>M\u00c4RZTAGUNG 2024 - SVEB<\/title>\n<meta name=\"robots\" content=\"index, follow, max-snippet:-1, max-image-preview:large, max-video-preview:-1\" \/>\n<link rel=\"canonical\" href=\"https:\/\/alice.ch\/de\/event\/maerztagung-2024\/\" \/>\n<meta property=\"og:locale\" content=\"de_DE\" \/>\n<meta property=\"og:type\" content=\"article\" \/>\n<meta property=\"og:title\" content=\"M\u00c4RZTAGUNG 2024 - SVEB\" \/>\n<meta property=\"og:description\" content=\"Kein Thema sorgt in der Bildung derzeit f\u00fcr mehr Wirbel als die K\u00fcnstliche Intelligenz und wirft dabei unz\u00e4hlige Fragen auf. [&hellip;]\" \/>\n<meta property=\"og:url\" content=\"https:\/\/alice.ch\/de\/event\/maerztagung-2024\/\" \/>\n<meta property=\"og:site_name\" content=\"SVEB\" \/>\n<meta property=\"article:modified_time\" content=\"2024-02-28T07:25:58+00:00\" \/>\n<meta property=\"og:image\" content=\"https:\/\/alice.ch\/app\/uploads\/2024\/02\/maerztagung-ffhs-fernuni-de-def.jpg\" \/>\n\t<meta property=\"og:image:width\" content=\"493\" \/>\n\t<meta property=\"og:image:height\" content=\"247\" \/>\n\t<meta property=\"og:image:type\" content=\"image\/jpeg\" \/>\n<meta name=\"twitter:card\" content=\"summary_large_image\" \/>\n<meta name=\"twitter:label1\" content=\"Gesch\u00e4tzte Lesezeit\" \/>\n\t<meta name=\"twitter:data1\" content=\"1\u00a0Minute\" \/>\n<script type=\"application\/ld+json\" class=\"yoast-schema-graph\">{\"@context\":\"https:\\\/\\\/schema.org\",\"@graph\":[{\"@type\":\"WebPage\",\"@id\":\"https:\\\/\\\/alice.ch\\\/de\\\/event\\\/maerztagung-2024\\\/\",\"url\":\"https:\\\/\\\/alice.ch\\\/de\\\/event\\\/maerztagung-2024\\\/\",\"name\":\"M\u00c4RZTAGUNG 2024 - SVEB\",\"isPartOf\":{\"@id\":\"https:\\\/\\\/alice.ch\\\/de\\\/#website\"},\"primaryImageOfPage\":{\"@id\":\"https:\\\/\\\/alice.ch\\\/de\\\/event\\\/maerztagung-2024\\\/#primaryimage\"},\"image\":{\"@id\":\"https:\\\/\\\/alice.ch\\\/de\\\/event\\\/maerztagung-2024\\\/#primaryimage\"},\"thumbnailUrl\":\"https:\\\/\\\/alice.ch\\\/app\\\/uploads\\\/2024\\\/02\\\/maerztagung-ffhs-fernuni-de-def.jpg\",\"datePublished\":\"2024-02-28T07:25:56+00:00\",\"dateModified\":\"2024-02-28T07:25:58+00:00\",\"breadcrumb\":{\"@id\":\"https:\\\/\\\/alice.ch\\\/de\\\/event\\\/maerztagung-2024\\\/#breadcrumb\"},\"inLanguage\":\"de\",\"potentialAction\":[{\"@type\":\"ReadAction\",\"target\":[\"https:\\\/\\\/alice.ch\\\/de\\\/event\\\/maerztagung-2024\\\/\"]}]},{\"@type\":\"ImageObject\",\"inLanguage\":\"de\",\"@id\":\"https:\\\/\\\/alice.ch\\\/de\\\/event\\\/maerztagung-2024\\\/#primaryimage\",\"url\":\"https:\\\/\\\/alice.ch\\\/app\\\/uploads\\\/2024\\\/02\\\/maerztagung-ffhs-fernuni-de-def.jpg\",\"contentUrl\":\"https:\\\/\\\/alice.ch\\\/app\\\/uploads\\\/2024\\\/02\\\/maerztagung-ffhs-fernuni-de-def.jpg\",\"width\":493,\"height\":247},{\"@type\":\"BreadcrumbList\",\"@id\":\"https:\\\/\\\/alice.ch\\\/de\\\/event\\\/maerztagung-2024\\\/#breadcrumb\",\"itemListElement\":[{\"@type\":\"ListItem\",\"position\":1,\"name\":\"Startseite\",\"item\":\"https:\\\/\\\/alice.ch\\\/de\\\/\"},{\"@type\":\"ListItem\",\"position\":2,\"name\":\"Events\",\"item\":\"https:\\\/\\\/alice.ch\\\/de\\\/event\\\/\"},{\"@type\":\"ListItem\",\"position\":3,\"name\":\"M\u00c4RZTAGUNG 2024\"}]},{\"@type\":\"WebSite\",\"@id\":\"https:\\\/\\\/alice.ch\\\/de\\\/#website\",\"url\":\"https:\\\/\\\/alice.ch\\\/de\\\/\",\"name\":\"alice.ch (Adult Learning Information Center) ist das Portal der Weiterbildung in der Schweiz.\",\"description\":\"Schweizerischer Verband f\u00fcr Weiterbildung\",\"publisher\":{\"@id\":\"https:\\\/\\\/alice.ch\\\/de\\\/#organization\"},\"potentialAction\":[{\"@type\":\"SearchAction\",\"target\":{\"@type\":\"EntryPoint\",\"urlTemplate\":\"https:\\\/\\\/alice.ch\\\/de\\\/?s={search_term_string}\"},\"query-input\":{\"@type\":\"PropertyValueSpecification\",\"valueRequired\":true,\"valueName\":\"search_term_string\"}}],\"inLanguage\":\"de\"},{\"@type\":\"Organization\",\"@id\":\"https:\\\/\\\/alice.ch\\\/de\\\/#organization\",\"name\":\"SVEB Schweizerischer Verband f\u00fcr Weiterbildung\",\"url\":\"https:\\\/\\\/alice.ch\\\/de\\\/\",\"logo\":{\"@type\":\"ImageObject\",\"inLanguage\":\"de\",\"@id\":\"https:\\\/\\\/alice.ch\\\/de\\\/#\\\/schema\\\/logo\\\/image\\\/\",\"url\":\"https:\\\/\\\/alice.ch\\\/app\\\/uploads\\\/2022\\\/07\\\/logo-sveb.png\",\"contentUrl\":\"https:\\\/\\\/alice.ch\\\/app\\\/uploads\\\/2022\\\/07\\\/logo-sveb.png\",\"width\":145,\"height\":64,\"caption\":\"SVEB Schweizerischer Verband f\u00fcr Weiterbildung\"},\"image\":{\"@id\":\"https:\\\/\\\/alice.ch\\\/de\\\/#\\\/schema\\\/logo\\\/image\\\/\"},\"sameAs\":[\"https:\\\/\\\/www.linkedin.com\\\/company\\\/schweizerischer-verband-fr-weiterbildung-sveb\\\/\"]}]}<\/script>\n<!-- \/ Yoast SEO plugin. -->","yoast_head_json":{"title":"M\u00c4RZTAGUNG 2024 - SVEB","robots":{"index":"index","follow":"follow","max-snippet":"max-snippet:-1","max-image-preview":"max-image-preview:large","max-video-preview":"max-video-preview:-1"},"canonical":"https:\/\/alice.ch\/de\/event\/maerztagung-2024\/","og_locale":"de_DE","og_type":"article","og_title":"M\u00c4RZTAGUNG 2024 - SVEB","og_description":"Kein Thema sorgt in der Bildung derzeit f\u00fcr mehr Wirbel als die K\u00fcnstliche Intelligenz und wirft dabei unz\u00e4hlige Fragen auf. [&hellip;]","og_url":"https:\/\/alice.ch\/de\/event\/maerztagung-2024\/","og_site_name":"SVEB","article_modified_time":"2024-02-28T07:25:58+00:00","og_image":[{"width":493,"height":247,"url":"https:\/\/alice.ch\/app\/uploads\/2024\/02\/maerztagung-ffhs-fernuni-de-def.jpg","type":"image\/jpeg"}],"twitter_card":"summary_large_image","twitter_misc":{"Gesch\u00e4tzte Lesezeit":"1\u00a0Minute"},"schema":{"@context":"https:\/\/schema.org","@graph":[{"@type":"WebPage","@id":"https:\/\/alice.ch\/de\/event\/maerztagung-2024\/","url":"https:\/\/alice.ch\/de\/event\/maerztagung-2024\/","name":"M\u00c4RZTAGUNG 2024 - SVEB","isPartOf":{"@id":"https:\/\/alice.ch\/de\/#website"},"primaryImageOfPage":{"@id":"https:\/\/alice.ch\/de\/event\/maerztagung-2024\/#primaryimage"},"image":{"@id":"https:\/\/alice.ch\/de\/event\/maerztagung-2024\/#primaryimage"},"thumbnailUrl":"https:\/\/alice.ch\/app\/uploads\/2024\/02\/maerztagung-ffhs-fernuni-de-def.jpg","datePublished":"2024-02-28T07:25:56+00:00","dateModified":"2024-02-28T07:25:58+00:00","breadcrumb":{"@id":"https:\/\/alice.ch\/de\/event\/maerztagung-2024\/#breadcrumb"},"inLanguage":"de","potentialAction":[{"@type":"ReadAction","target":["https:\/\/alice.ch\/de\/event\/maerztagung-2024\/"]}]},{"@type":"ImageObject","inLanguage":"de","@id":"https:\/\/alice.ch\/de\/event\/maerztagung-2024\/#primaryimage","url":"https:\/\/alice.ch\/app\/uploads\/2024\/02\/maerztagung-ffhs-fernuni-de-def.jpg","contentUrl":"https:\/\/alice.ch\/app\/uploads\/2024\/02\/maerztagung-ffhs-fernuni-de-def.jpg","width":493,"height":247},{"@type":"BreadcrumbList","@id":"https:\/\/alice.ch\/de\/event\/maerztagung-2024\/#breadcrumb","itemListElement":[{"@type":"ListItem","position":1,"name":"Startseite","item":"https:\/\/alice.ch\/de\/"},{"@type":"ListItem","position":2,"name":"Events","item":"https:\/\/alice.ch\/de\/event\/"},{"@type":"ListItem","position":3,"name":"M\u00c4RZTAGUNG 2024"}]},{"@type":"WebSite","@id":"https:\/\/alice.ch\/de\/#website","url":"https:\/\/alice.ch\/de\/","name":"alice.ch (Adult Learning Information Center) ist das Portal der Weiterbildung in der Schweiz.","description":"Schweizerischer Verband f\u00fcr Weiterbildung","publisher":{"@id":"https:\/\/alice.ch\/de\/#organization"},"potentialAction":[{"@type":"SearchAction","target":{"@type":"EntryPoint","urlTemplate":"https:\/\/alice.ch\/de\/?s={search_term_string}"},"query-input":{"@type":"PropertyValueSpecification","valueRequired":true,"valueName":"search_term_string"}}],"inLanguage":"de"},{"@type":"Organization","@id":"https:\/\/alice.ch\/de\/#organization","name":"SVEB Schweizerischer Verband f\u00fcr Weiterbildung","url":"https:\/\/alice.ch\/de\/","logo":{"@type":"ImageObject","inLanguage":"de","@id":"https:\/\/alice.ch\/de\/#\/schema\/logo\/image\/","url":"https:\/\/alice.ch\/app\/uploads\/2022\/07\/logo-sveb.png","contentUrl":"https:\/\/alice.ch\/app\/uploads\/2022\/07\/logo-sveb.png","width":145,"height":64,"caption":"SVEB Schweizerischer Verband f\u00fcr Weiterbildung"},"image":{"@id":"https:\/\/alice.ch\/de\/#\/schema\/logo\/image\/"},"sameAs":["https:\/\/www.linkedin.com\/company\/schweizerischer-verband-fr-weiterbildung-sveb\/"]}]}},"_links":{"self":[{"href":"https:\/\/alice.ch\/de\/wp-json\/wp\/v2\/event\/57818","targetHints":{"allow":["GET"]}}],"collection":[{"href":"https:\/\/alice.ch\/de\/wp-json\/wp\/v2\/event"}],"about":[{"href":"https:\/\/alice.ch\/de\/wp-json\/wp\/v2\/types\/event"}],"author":[{"embeddable":true,"href":"https:\/\/alice.ch\/de\/wp-json\/wp\/v2\/users\/31"}],"version-history":[{"count":22,"href":"https:\/\/alice.ch\/de\/wp-json\/wp\/v2\/event\/57818\/revisions"}],"predecessor-version":[{"id":57960,"href":"https:\/\/alice.ch\/de\/wp-json\/wp\/v2\/event\/57818\/revisions\/57960"}],"wp:featuredmedia":[{"embeddable":true,"href":"https:\/\/alice.ch\/de\/wp-json\/wp\/v2\/media\/58043"}],"wp:attachment":[{"href":"https:\/\/alice.ch\/de\/wp-json\/wp\/v2\/media?parent=57818"}],"wp:term":[{"taxonomy":"event-category","embeddable":true,"href":"https:\/\/alice.ch\/de\/wp-json\/wp\/v2\/event-category?post=57818"},{"taxonomy":"event-tag","embeddable":true,"href":"https:\/\/alice.ch\/de\/wp-json\/wp\/v2\/event-tag?post=57818"},{"taxonomy":"event-status","embeddable":true,"href":"https:\/\/alice.ch\/de\/wp-json\/wp\/v2\/event-status?post=57818"},{"taxonomy":"event-language","embeddable":true,"href":"https:\/\/alice.ch\/de\/wp-json\/wp\/v2\/event-language?post=57818"},{"taxonomy":"global-category","embeddable":true,"href":"https:\/\/alice.ch\/de\/wp-json\/wp\/v2\/global-category?post=57818"}],"curies":[{"name":"wp","href":"https:\/\/api.w.org\/{rel}","templated":true}]}}