{"id":60355,"date":"2024-06-10T16:19:13","date_gmt":"2024-06-10T14:19:13","guid":{"rendered":"https:\/\/alice.ch\/?post_type=event&#038;p=60355"},"modified":"2024-06-25T16:41:20","modified_gmt":"2024-06-25T14:41:20","slug":"umwelt-in-der-berufsbildung-wege-zu-einer-erfolgreichen-kompetenzentwicklung-an-den-lernorten","status":"publish","type":"event","link":"https:\/\/alice.ch\/de\/event\/umwelt-in-der-berufsbildung-wege-zu-einer-erfolgreichen-kompetenzentwicklung-an-den-lernorten\/","title":{"rendered":"Umwelt in der Berufsbildung &#8211; Wege zu einer erfolgreichen Kompetenzentwicklung an den Lernorten"},"content":{"rendered":"\n<p>Gemeinsam mit <a href=\"https:\/\/www.myclimate.org\/de-ch\/\" target=\"_blank\" rel=\"noreferrer noopener\">myclimate<\/a>, <a href=\"https:\/\/www.fobbiz.ch\/\" target=\"_blank\" rel=\"noreferrer noopener\">FoBBIZ<\/a> und der <a href=\"https:\/\/www.fhnw.ch\/de\/die-fhnw\/hochschulen\/ph\" target=\"_blank\" rel=\"noreferrer noopener\">PH FHNW<\/a> organisiert die <a href=\"https:\/\/sgab-srfp.ch\/\" target=\"_blank\" rel=\"noreferrer noopener\">SGAB<\/a> am <strong>28. Oktober 2024<\/strong> eine Tagung zum Thema \u201eUmwelt in der Berufsbildung \u2013 Wege zu einer erfolgreichen Kompetenzentwicklung an den Lernorten\u201c.<\/p>\n\n\n\n<p>Die Tagung findet auf dem Campus Olten der FHNW an der Von-Roll-Strasse 10 in 4600 Olten statt. Zwei Referate und sieben individuell w\u00e4hlbare Workshops aus Praxis und Wissenschaft geben Einblick in das Tagungsthema. <\/p>\n\n\n\n<p>Wie Sie dem&nbsp;<a href=\"https:\/\/sgab-srfp.ch\/wp-content\/uploads\/2024\/05\/Programm.pdf\" target=\"_blank\" rel=\"noreferrer noopener\">Programm<\/a>&nbsp;entnehmen k\u00f6nnen, haben wir gen\u00fcgend Zeit f\u00fcr den informellen Austausch eingeplant. <\/p>\n\n\n\n<p>Wir freuen uns \u00fcber Ihre&nbsp;<a href=\"https:\/\/sgab-srfp.ch\/tagung\/oktober-2024\/\" target=\"_blank\" rel=\"noreferrer noopener\">Anmeldung<\/a>.<\/p>\n","protected":false},"excerpt":{"rendered":"<p>Gemeinsam mit myclimate, FoBBIZ und der PH FHNW organisiert die SGAB am 28. Oktober 2024 eine Tagung zum Thema \u201eUmwelt [&hellip;]<\/p>\n","protected":false},"author":31,"featured_media":60373,"template":"","meta":{"_acf_changed":false,"inline_featured_image":false,"footnotes":""},"event-category":[152],"event-tag":[344],"event-status":[200],"event-language":[202],"global-category":[],"class_list":["post-60355","event","type-event","status-publish","has-post-thumbnail","hentry","event-category-externer-event","event-tag-344","event-status-archiv","event-language-deutsch"],"acf":[],"yoast_head":"<!-- This site is optimized with the Yoast SEO plugin v27.3 - https:\/\/yoast.com\/product\/yoast-seo-wordpress\/ -->\n<title>Umwelt in der Berufsbildung - Wege zu einer erfolgreichen Kompetenzentwicklung an den Lernorten - SVEB<\/title>\n<meta name=\"robots\" content=\"index, follow, max-snippet:-1, max-image-preview:large, max-video-preview:-1\" \/>\n<link rel=\"canonical\" href=\"https:\/\/alice.ch\/de\/event\/umwelt-in-der-berufsbildung-wege-zu-einer-erfolgreichen-kompetenzentwicklung-an-den-lernorten\/\" \/>\n<meta property=\"og:locale\" content=\"de_DE\" \/>\n<meta property=\"og:type\" content=\"article\" \/>\n<meta property=\"og:title\" content=\"Umwelt in der Berufsbildung - Wege zu einer erfolgreichen Kompetenzentwicklung an den Lernorten - SVEB\" \/>\n<meta property=\"og:description\" content=\"Gemeinsam mit myclimate, FoBBIZ und der PH FHNW organisiert die SGAB am 28. Oktober 2024 eine Tagung zum Thema \u201eUmwelt [&hellip;]\" \/>\n<meta property=\"og:url\" content=\"https:\/\/alice.ch\/de\/event\/umwelt-in-der-berufsbildung-wege-zu-einer-erfolgreichen-kompetenzentwicklung-an-den-lernorten\/\" \/>\n<meta property=\"og:site_name\" content=\"SVEB\" \/>\n<meta property=\"article:modified_time\" content=\"2024-06-25T14:41:20+00:00\" \/>\n<meta property=\"og:image\" content=\"https:\/\/alice.ch\/app\/uploads\/2024\/06\/sgab-umwelt-in-der-berufsbildung-24.jpg\" \/>\n\t<meta property=\"og:image:width\" content=\"493\" \/>\n\t<meta property=\"og:image:height\" content=\"247\" \/>\n\t<meta property=\"og:image:type\" content=\"image\/jpeg\" \/>\n<meta name=\"twitter:card\" content=\"summary_large_image\" \/>\n<script type=\"application\/ld+json\" class=\"yoast-schema-graph\">{\"@context\":\"https:\\\/\\\/schema.org\",\"@graph\":[{\"@type\":\"WebPage\",\"@id\":\"https:\\\/\\\/alice.ch\\\/de\\\/event\\\/umwelt-in-der-berufsbildung-wege-zu-einer-erfolgreichen-kompetenzentwicklung-an-den-lernorten\\\/\",\"url\":\"https:\\\/\\\/alice.ch\\\/de\\\/event\\\/umwelt-in-der-berufsbildung-wege-zu-einer-erfolgreichen-kompetenzentwicklung-an-den-lernorten\\\/\",\"name\":\"Umwelt in der Berufsbildung - Wege zu einer erfolgreichen Kompetenzentwicklung an den Lernorten - SVEB\",\"isPartOf\":{\"@id\":\"https:\\\/\\\/alice.ch\\\/de\\\/#website\"},\"primaryImageOfPage\":{\"@id\":\"https:\\\/\\\/alice.ch\\\/de\\\/event\\\/umwelt-in-der-berufsbildung-wege-zu-einer-erfolgreichen-kompetenzentwicklung-an-den-lernorten\\\/#primaryimage\"},\"image\":{\"@id\":\"https:\\\/\\\/alice.ch\\\/de\\\/event\\\/umwelt-in-der-berufsbildung-wege-zu-einer-erfolgreichen-kompetenzentwicklung-an-den-lernorten\\\/#primaryimage\"},\"thumbnailUrl\":\"https:\\\/\\\/alice.ch\\\/app\\\/uploads\\\/2024\\\/06\\\/sgab-umwelt-in-der-berufsbildung-24.jpg\",\"datePublished\":\"2024-06-10T14:19:13+00:00\",\"dateModified\":\"2024-06-25T14:41:20+00:00\",\"breadcrumb\":{\"@id\":\"https:\\\/\\\/alice.ch\\\/de\\\/event\\\/umwelt-in-der-berufsbildung-wege-zu-einer-erfolgreichen-kompetenzentwicklung-an-den-lernorten\\\/#breadcrumb\"},\"inLanguage\":\"de\",\"potentialAction\":[{\"@type\":\"ReadAction\",\"target\":[\"https:\\\/\\\/alice.ch\\\/de\\\/event\\\/umwelt-in-der-berufsbildung-wege-zu-einer-erfolgreichen-kompetenzentwicklung-an-den-lernorten\\\/\"]}]},{\"@type\":\"ImageObject\",\"inLanguage\":\"de\",\"@id\":\"https:\\\/\\\/alice.ch\\\/de\\\/event\\\/umwelt-in-der-berufsbildung-wege-zu-einer-erfolgreichen-kompetenzentwicklung-an-den-lernorten\\\/#primaryimage\",\"url\":\"https:\\\/\\\/alice.ch\\\/app\\\/uploads\\\/2024\\\/06\\\/sgab-umwelt-in-der-berufsbildung-24.jpg\",\"contentUrl\":\"https:\\\/\\\/alice.ch\\\/app\\\/uploads\\\/2024\\\/06\\\/sgab-umwelt-in-der-berufsbildung-24.jpg\",\"width\":493,\"height\":247},{\"@type\":\"BreadcrumbList\",\"@id\":\"https:\\\/\\\/alice.ch\\\/de\\\/event\\\/umwelt-in-der-berufsbildung-wege-zu-einer-erfolgreichen-kompetenzentwicklung-an-den-lernorten\\\/#breadcrumb\",\"itemListElement\":[{\"@type\":\"ListItem\",\"position\":1,\"name\":\"Startseite\",\"item\":\"https:\\\/\\\/alice.ch\\\/de\\\/\"},{\"@type\":\"ListItem\",\"position\":2,\"name\":\"Events\",\"item\":\"https:\\\/\\\/alice.ch\\\/de\\\/event\\\/\"},{\"@type\":\"ListItem\",\"position\":3,\"name\":\"Umwelt in der Berufsbildung &#8211; Wege zu einer erfolgreichen Kompetenzentwicklung an den Lernorten\"}]},{\"@type\":\"WebSite\",\"@id\":\"https:\\\/\\\/alice.ch\\\/de\\\/#website\",\"url\":\"https:\\\/\\\/alice.ch\\\/de\\\/\",\"name\":\"alice.ch (Adult Learning Information Center) ist das Portal der Weiterbildung in der Schweiz.\",\"description\":\"Schweizerischer Verband f\u00fcr Weiterbildung\",\"publisher\":{\"@id\":\"https:\\\/\\\/alice.ch\\\/de\\\/#organization\"},\"potentialAction\":[{\"@type\":\"SearchAction\",\"target\":{\"@type\":\"EntryPoint\",\"urlTemplate\":\"https:\\\/\\\/alice.ch\\\/de\\\/?s={search_term_string}\"},\"query-input\":{\"@type\":\"PropertyValueSpecification\",\"valueRequired\":true,\"valueName\":\"search_term_string\"}}],\"inLanguage\":\"de\"},{\"@type\":\"Organization\",\"@id\":\"https:\\\/\\\/alice.ch\\\/de\\\/#organization\",\"name\":\"SVEB Schweizerischer Verband f\u00fcr Weiterbildung\",\"url\":\"https:\\\/\\\/alice.ch\\\/de\\\/\",\"logo\":{\"@type\":\"ImageObject\",\"inLanguage\":\"de\",\"@id\":\"https:\\\/\\\/alice.ch\\\/de\\\/#\\\/schema\\\/logo\\\/image\\\/\",\"url\":\"https:\\\/\\\/alice.ch\\\/app\\\/uploads\\\/2022\\\/07\\\/logo-sveb.png\",\"contentUrl\":\"https:\\\/\\\/alice.ch\\\/app\\\/uploads\\\/2022\\\/07\\\/logo-sveb.png\",\"width\":145,\"height\":64,\"caption\":\"SVEB Schweizerischer Verband f\u00fcr Weiterbildung\"},\"image\":{\"@id\":\"https:\\\/\\\/alice.ch\\\/de\\\/#\\\/schema\\\/logo\\\/image\\\/\"},\"sameAs\":[\"https:\\\/\\\/www.linkedin.com\\\/company\\\/schweizerischer-verband-fr-weiterbildung-sveb\\\/\"]}]}<\/script>\n<!-- \/ Yoast SEO plugin. -->","yoast_head_json":{"title":"Umwelt in der Berufsbildung - Wege zu einer erfolgreichen Kompetenzentwicklung an den Lernorten - SVEB","robots":{"index":"index","follow":"follow","max-snippet":"max-snippet:-1","max-image-preview":"max-image-preview:large","max-video-preview":"max-video-preview:-1"},"canonical":"https:\/\/alice.ch\/de\/event\/umwelt-in-der-berufsbildung-wege-zu-einer-erfolgreichen-kompetenzentwicklung-an-den-lernorten\/","og_locale":"de_DE","og_type":"article","og_title":"Umwelt in der Berufsbildung - Wege zu einer erfolgreichen Kompetenzentwicklung an den Lernorten - SVEB","og_description":"Gemeinsam mit myclimate, FoBBIZ und der PH FHNW organisiert die SGAB am 28. Oktober 2024 eine Tagung zum Thema \u201eUmwelt [&hellip;]","og_url":"https:\/\/alice.ch\/de\/event\/umwelt-in-der-berufsbildung-wege-zu-einer-erfolgreichen-kompetenzentwicklung-an-den-lernorten\/","og_site_name":"SVEB","article_modified_time":"2024-06-25T14:41:20+00:00","og_image":[{"width":493,"height":247,"url":"https:\/\/alice.ch\/app\/uploads\/2024\/06\/sgab-umwelt-in-der-berufsbildung-24.jpg","type":"image\/jpeg"}],"twitter_card":"summary_large_image","schema":{"@context":"https:\/\/schema.org","@graph":[{"@type":"WebPage","@id":"https:\/\/alice.ch\/de\/event\/umwelt-in-der-berufsbildung-wege-zu-einer-erfolgreichen-kompetenzentwicklung-an-den-lernorten\/","url":"https:\/\/alice.ch\/de\/event\/umwelt-in-der-berufsbildung-wege-zu-einer-erfolgreichen-kompetenzentwicklung-an-den-lernorten\/","name":"Umwelt in der Berufsbildung - Wege zu einer erfolgreichen Kompetenzentwicklung an den Lernorten - SVEB","isPartOf":{"@id":"https:\/\/alice.ch\/de\/#website"},"primaryImageOfPage":{"@id":"https:\/\/alice.ch\/de\/event\/umwelt-in-der-berufsbildung-wege-zu-einer-erfolgreichen-kompetenzentwicklung-an-den-lernorten\/#primaryimage"},"image":{"@id":"https:\/\/alice.ch\/de\/event\/umwelt-in-der-berufsbildung-wege-zu-einer-erfolgreichen-kompetenzentwicklung-an-den-lernorten\/#primaryimage"},"thumbnailUrl":"https:\/\/alice.ch\/app\/uploads\/2024\/06\/sgab-umwelt-in-der-berufsbildung-24.jpg","datePublished":"2024-06-10T14:19:13+00:00","dateModified":"2024-06-25T14:41:20+00:00","breadcrumb":{"@id":"https:\/\/alice.ch\/de\/event\/umwelt-in-der-berufsbildung-wege-zu-einer-erfolgreichen-kompetenzentwicklung-an-den-lernorten\/#breadcrumb"},"inLanguage":"de","potentialAction":[{"@type":"ReadAction","target":["https:\/\/alice.ch\/de\/event\/umwelt-in-der-berufsbildung-wege-zu-einer-erfolgreichen-kompetenzentwicklung-an-den-lernorten\/"]}]},{"@type":"ImageObject","inLanguage":"de","@id":"https:\/\/alice.ch\/de\/event\/umwelt-in-der-berufsbildung-wege-zu-einer-erfolgreichen-kompetenzentwicklung-an-den-lernorten\/#primaryimage","url":"https:\/\/alice.ch\/app\/uploads\/2024\/06\/sgab-umwelt-in-der-berufsbildung-24.jpg","contentUrl":"https:\/\/alice.ch\/app\/uploads\/2024\/06\/sgab-umwelt-in-der-berufsbildung-24.jpg","width":493,"height":247},{"@type":"BreadcrumbList","@id":"https:\/\/alice.ch\/de\/event\/umwelt-in-der-berufsbildung-wege-zu-einer-erfolgreichen-kompetenzentwicklung-an-den-lernorten\/#breadcrumb","itemListElement":[{"@type":"ListItem","position":1,"name":"Startseite","item":"https:\/\/alice.ch\/de\/"},{"@type":"ListItem","position":2,"name":"Events","item":"https:\/\/alice.ch\/de\/event\/"},{"@type":"ListItem","position":3,"name":"Umwelt in der Berufsbildung &#8211; Wege zu einer erfolgreichen Kompetenzentwicklung an den Lernorten"}]},{"@type":"WebSite","@id":"https:\/\/alice.ch\/de\/#website","url":"https:\/\/alice.ch\/de\/","name":"alice.ch (Adult Learning Information Center) ist das Portal der Weiterbildung in der Schweiz.","description":"Schweizerischer Verband f\u00fcr Weiterbildung","publisher":{"@id":"https:\/\/alice.ch\/de\/#organization"},"potentialAction":[{"@type":"SearchAction","target":{"@type":"EntryPoint","urlTemplate":"https:\/\/alice.ch\/de\/?s={search_term_string}"},"query-input":{"@type":"PropertyValueSpecification","valueRequired":true,"valueName":"search_term_string"}}],"inLanguage":"de"},{"@type":"Organization","@id":"https:\/\/alice.ch\/de\/#organization","name":"SVEB Schweizerischer Verband f\u00fcr Weiterbildung","url":"https:\/\/alice.ch\/de\/","logo":{"@type":"ImageObject","inLanguage":"de","@id":"https:\/\/alice.ch\/de\/#\/schema\/logo\/image\/","url":"https:\/\/alice.ch\/app\/uploads\/2022\/07\/logo-sveb.png","contentUrl":"https:\/\/alice.ch\/app\/uploads\/2022\/07\/logo-sveb.png","width":145,"height":64,"caption":"SVEB Schweizerischer Verband f\u00fcr Weiterbildung"},"image":{"@id":"https:\/\/alice.ch\/de\/#\/schema\/logo\/image\/"},"sameAs":["https:\/\/www.linkedin.com\/company\/schweizerischer-verband-fr-weiterbildung-sveb\/"]}]}},"_links":{"self":[{"href":"https:\/\/alice.ch\/de\/wp-json\/wp\/v2\/event\/60355","targetHints":{"allow":["GET"]}}],"collection":[{"href":"https:\/\/alice.ch\/de\/wp-json\/wp\/v2\/event"}],"about":[{"href":"https:\/\/alice.ch\/de\/wp-json\/wp\/v2\/types\/event"}],"author":[{"embeddable":true,"href":"https:\/\/alice.ch\/de\/wp-json\/wp\/v2\/users\/31"}],"version-history":[{"count":10,"href":"https:\/\/alice.ch\/de\/wp-json\/wp\/v2\/event\/60355\/revisions"}],"predecessor-version":[{"id":60759,"href":"https:\/\/alice.ch\/de\/wp-json\/wp\/v2\/event\/60355\/revisions\/60759"}],"wp:featuredmedia":[{"embeddable":true,"href":"https:\/\/alice.ch\/de\/wp-json\/wp\/v2\/media\/60373"}],"wp:attachment":[{"href":"https:\/\/alice.ch\/de\/wp-json\/wp\/v2\/media?parent=60355"}],"wp:term":[{"taxonomy":"event-category","embeddable":true,"href":"https:\/\/alice.ch\/de\/wp-json\/wp\/v2\/event-category?post=60355"},{"taxonomy":"event-tag","embeddable":true,"href":"https:\/\/alice.ch\/de\/wp-json\/wp\/v2\/event-tag?post=60355"},{"taxonomy":"event-status","embeddable":true,"href":"https:\/\/alice.ch\/de\/wp-json\/wp\/v2\/event-status?post=60355"},{"taxonomy":"event-language","embeddable":true,"href":"https:\/\/alice.ch\/de\/wp-json\/wp\/v2\/event-language?post=60355"},{"taxonomy":"global-category","embeddable":true,"href":"https:\/\/alice.ch\/de\/wp-json\/wp\/v2\/global-category?post=60355"}],"curies":[{"name":"wp","href":"https:\/\/api.w.org\/{rel}","templated":true}]}}