{"id":61460,"date":"2024-08-20T15:21:40","date_gmt":"2024-08-20T13:21:40","guid":{"rendered":"https:\/\/alice.ch\/?post_type=event&#038;p=61460"},"modified":"2025-01-31T11:16:02","modified_gmt":"2025-01-31T10:16:02","slug":"gestaltung-und-entwicklung-von-lernraeumen-in-der-erwachsenenbildung-physische-und-virtuelle-dimensionen","status":"publish","type":"event","link":"https:\/\/alice.ch\/de\/event\/gestaltung-und-entwicklung-von-lernraeumen-in-der-erwachsenenbildung-physische-und-virtuelle-dimensionen\/","title":{"rendered":"Gestaltung und Entwicklung von Lernr\u00e4umen in der Erwachsenenbildung: physische und virtuelle Dimensionen"},"content":{"rendered":"\n<p class=\"is-style-default\">Die Perspektiven auf Lernr\u00e4ume in der Erwachsenenbildung haben sich in den letzten Jahren gewandelt. Flexibilit\u00e4t, Individualisierung, Technologie und Digitalit\u00e4t als auch Nachhaltigkeit sind nur einige Aspekte, die die Diskussion um die Gestaltung und Entwicklung von Lernr\u00e4umen in der Erwachsenenbildung pr\u00e4gen und die Bildungsanbietenden vor altbekannte, aber auch neue Fragen und Herausforderungen stellen.<\/p>\n\n\n\n<p>An der Tagung n\u00e4hern wir uns dem Thema Lernr\u00e4ume \u00fcber p\u00e4dagogische, didaktische und gestalterische Perspektiven an und beziehen sowohl physische als auch virtuelle R\u00e4ume mit ein. Folgende Fragen stehen im Mittelpunkt der Veranstaltung:<\/p>\n\n\n\n<ul class=\"wp-block-list\">\n<li>Welche Bedingungen braucht es f\u00fcr die Entstehung eines Lernraums?<\/li>\n\n\n\n<li>Wie k\u00f6nnen Lernr\u00e4ume das Lehren und Lernen sowie den Austausch und Wissenstransfer unterst\u00fctzen?<\/li>\n\n\n\n<li>Wie sehen zukunftsweisende Lernr\u00e4ume aus?<\/li>\n\n\n\n<li>Wie l\u00e4sst sich partizipativer Lernraum entwickeln?<\/li>\n\n\n\n<li>Wie sehen niedrigschwellige Raumkonzepte aus?<\/li>\n<\/ul>\n\n\n\n<p>Die Tagung \u00abGestaltung und Entwicklung von Lernr\u00e4umen in der Erwachsenenbildung: physische und virtuelle Dimensionen\u00bb nimmt sich diesen Fragen und Herausforderungen an. Ziel ist es auf der Grundlage von Forschungsbefunden und Praxisbeispielen Ans\u00e4tze und Konzepte zu Lernr\u00e4umen in der Erwachsenenbildung zu er\u00f6rtern und sich dar\u00fcber auszutauschen.<\/p>\n\n\n\n<h3 class=\"wp-block-heading\">Programm<\/h3>\n\n\n\n<div class=\"wp-block-columns is-layout-flex wp-container-core-columns-is-layout-28f84493 wp-block-columns-is-layout-flex\">\n<div class=\"wp-block-column is-content-justification-center is-layout-constrained wp-block-column-is-layout-constrained\" style=\"flex-basis:100%\">\n<figure class=\"wp-block-table is-style-regular\"><table><tbody><tr><td>13.00 Uhr<\/td><td>Begr\u00fcssung und Einf\u00fchrung<\/td><td><\/td><\/tr><tr><td colspan=\"3\"><strong>Teil 1: \u00dcberlegungen aus Theorie und Forschung<\/strong><\/td><\/tr><tr><td>13.15 Uhr<\/td><td>\u00abLernorte \u2013 Gestaltung und Aneignung\u00bb<\/td><td>Katrin Kraus<br>Professorin f\u00fcr Berufs- und Weiterbildung, Universit\u00e4t Z\u00fcrich &nbsp;<\/td><\/tr><tr><td colspan=\"3\"><strong>Teil 2: \u00dcberlegungen aus der Praxis (1)<\/strong><\/td><\/tr><tr><td>14.00&nbsp;Uhr<\/td><td>\u00abVR (Virtual Reality) als 4. Lernraum\u00bb<\/td><td>Roy Franke<br>Bereichsleiter EB Digital, EB Z\u00fcrich&nbsp;&nbsp;<\/td><\/tr><tr><td>&nbsp;<\/td><td>\u00abVom Pilotlernraum zum Wunschlernraum?\u00bb<\/td><td>Thomas Stocker<br>Gesch\u00e4ftsf\u00fchrer Bildung Campus Sursee<\/td><\/tr><tr><td>14.45 Uhr<\/td><td>Pause<\/td><td><\/td><\/tr><tr><td colspan=\"3\"><strong>Teil 3:&nbsp;&nbsp;Austausch<\/strong><\/td><\/tr><tr><td>15.15 Uhr<\/td><td>Open Space<\/td><td>&nbsp;<\/td><\/tr><tr><td colspan=\"3\"><strong>Teil 4: \u00dcberlegungen aus der Praxis (2)<\/strong><\/td><\/tr><tr><td>16.00 Uhr<\/td><td>\u00abLoft School \u2013 Vernetzung von Architektur und P\u00e4dagogik\u00bb<\/td><td>Otto Schlosser<br>Rektor Berufsfachschule Uster<\/td><\/tr><tr><td><\/td><td>\u00abArchitektonische Perspektiven auf Lernr\u00e4ume\u00bb<\/td><td>Friederike Pfromm<br>Senior Expertin, Basler &amp; Hofmann AG<\/td><\/tr><tr><td colspan=\"3\"><strong>Teil 5: Vernetzung von Theorie, Forschung und Praxis<\/strong><\/td><\/tr><tr><td>16.45 Uhr<\/td><td>Podiumsdiskussion:<br><br>\u00abGestaltung und Entwicklung von Lernr\u00e4umen \u2013 Zwischen Wunsch und Wirklichkeit\u00bb<\/td><td>&nbsp;<\/td><\/tr><tr><td>17.15 Uhr<\/td><td>Ende der Tagung \u2013 Ausklang mit Ap\u00e9ro&nbsp;<\/td><td><\/td><\/tr><\/tbody><\/table><\/figure>\n\n\n\n<div class=\"wp-block-file\"><a id=\"wp-block-file--media-da476665-7527-4dc0-a7ae-6a407a6313ce\" href=\"https:\/\/alice.ch\/app\/uploads\/2024\/08\/Programm_Forschungstagung-2.pdf\">Tagungsprogramm herunterladen<br \/>PDF &#8211; 59 KB<\/a><a href=\"https:\/\/alice.ch\/app\/uploads\/2024\/08\/Programm_Forschungstagung-2.pdf\" class=\"wp-block-file__button wp-element-button\" download aria-describedby=\"wp-block-file--media-da476665-7527-4dc0-a7ae-6a407a6313ce\">Herunterladen<br \/>PDF &#8211; 59 KB<\/a><\/div>\n\n\n\n<h2 class=\"wp-block-heading\">Pr\u00e4sentation<\/h2>\n\n\n\n<div class=\"wp-block-columns is-layout-flex wp-container-core-columns-is-layout-28f84493 wp-block-columns-is-layout-flex\">\n<div class=\"wp-block-column is-layout-flow wp-block-column-is-layout-flow\">\n<div class=\"wp-block-file is-style-default\"><a id=\"wp-block-file--media-3614fed2-5cf2-4744-82f6-b79913e9a179\" href=\"https:\/\/alice.ch\/app\/uploads\/2024\/08\/300125-Gestaltung-und-Aneignung-K.-Kraus.pdf\" target=\"_blank\" rel=\"noreferrer noopener\">Pr\u00e4sentation: Lernorte \u2013 Gestaltung und Aneignung<br>Prof. Dr. Katrin Kraus<br \/>PDF &#8211; 1 MB<\/a><a href=\"https:\/\/alice.ch\/app\/uploads\/2024\/08\/300125-Gestaltung-und-Aneignung-K.-Kraus.pdf\" class=\"wp-block-file__button wp-element-button\" download aria-describedby=\"wp-block-file--media-3614fed2-5cf2-4744-82f6-b79913e9a179\">Herunterladen<br \/>PDF &#8211; 1 MB<\/a><\/div>\n\n\n\n<div class=\"wp-block-file is-style-default\"><a id=\"wp-block-file--media-2d662eb1-43e9-42c7-9141-3b4ab2332798\" href=\"https:\/\/alice.ch\/app\/uploads\/2024\/08\/300125-VR-als-Lernraum\u200b-R.-Franke.pdf\" target=\"_blank\" rel=\"noreferrer noopener\">Pr\u00e4sentation: VR (Virtual Reality) als 4. Lernraum<br>Roy Franke<br \/>PDF &#8211; 2 MB<\/a><a href=\"https:\/\/alice.ch\/app\/uploads\/2024\/08\/300125-VR-als-Lernraum\u200b-R.-Franke.pdf\" class=\"wp-block-file__button wp-element-button\" download aria-describedby=\"wp-block-file--media-2d662eb1-43e9-42c7-9141-3b4ab2332798\">Herunterladen<br \/>PDF &#8211; 2 MB<\/a><\/div>\n\n\n\n<div class=\"wp-block-file is-style-default\"><a id=\"wp-block-file--media-d67194ce-af38-402b-a9cb-08142982372c\" href=\"https:\/\/alice.ch\/app\/uploads\/2024\/08\/300125-Pilotenraum-Wunschraum-T.-Stocker.pdf\" target=\"_blank\" rel=\"noreferrer noopener\">Pr\u00e4sentation: Vom Pilotlernraum zum Wunschlernraum?<br>Thomas Stocker<br \/>PDF &#8211; 2 MB<\/a><a href=\"https:\/\/alice.ch\/app\/uploads\/2024\/08\/300125-Pilotenraum-Wunschraum-T.-Stocker.pdf\" class=\"wp-block-file__button wp-element-button\" download aria-describedby=\"wp-block-file--media-d67194ce-af38-402b-a9cb-08142982372c\">Herunterladen<br \/>PDF &#8211; 2 MB<\/a><\/div>\n<\/div>\n\n\n\n<div class=\"wp-block-column is-layout-flow wp-block-column-is-layout-flow\">\n<div class=\"wp-block-file\"><a id=\"wp-block-file--media-30b51ffc-6ab6-4462-aedc-22567af6921a\" href=\"https:\/\/alice.ch\/app\/uploads\/2024\/08\/300125-Loft-School-Architektur-und-Paedagogik-O.-Schlosser.pdf\">Pr\u00e4sentation: Loft School \u2013 Vernetzung von Architektur und P\u00e4dagogik<br>Otto Schlosser<br \/>PDF &#8211; 10 MB<\/a><a href=\"https:\/\/alice.ch\/app\/uploads\/2024\/08\/300125-Loft-School-Architektur-und-Paedagogik-O.-Schlosser.pdf\" class=\"wp-block-file__button wp-element-button\" download aria-describedby=\"wp-block-file--media-30b51ffc-6ab6-4462-aedc-22567af6921a\">Herunterladen<br \/>PDF &#8211; 10 MB<\/a><\/div>\n\n\n\n<div class=\"wp-block-file\"><a id=\"wp-block-file--media-0ee7dbba-cb91-4e39-8477-684392333ded\" href=\"https:\/\/alice.ch\/app\/uploads\/2024\/08\/300125-Architektonische-Perspektiven-F.-Pfromm-.pdf\">Pr\u00e4sentation: Architektonische Perspektiven auf Lernr\u00e4ume<br>Friederike Pfromm<br \/>PDF &#8211; 1 MB<\/a><a href=\"https:\/\/alice.ch\/app\/uploads\/2024\/08\/300125-Architektonische-Perspektiven-F.-Pfromm-.pdf\" class=\"wp-block-file__button wp-element-button\" download aria-describedby=\"wp-block-file--media-0ee7dbba-cb91-4e39-8477-684392333ded\">Herunterladen<br \/>PDF &#8211; 1 MB<\/a><\/div>\n\n\n\n<div class=\"wp-block-file\"><a id=\"wp-block-file--media-95c75baa-8da3-476a-857b-46a8e8700d7a\" href=\"https:\/\/alice.ch\/app\/uploads\/2024\/08\/300125-SVEB-PHZH-Tagungsreihe.pdf\">Pr\u00e4sentation: SVEB und PHZH<br>Marianne M\u00fcller und Stefanie Dernbach-Stolz<br \/>PDF &#8211; 973 KB<\/a><a href=\"https:\/\/alice.ch\/app\/uploads\/2024\/08\/300125-SVEB-PHZH-Tagungsreihe.pdf\" class=\"wp-block-file__button wp-element-button\" download aria-describedby=\"wp-block-file--media-95c75baa-8da3-476a-857b-46a8e8700d7a\">Herunterladen<br \/>PDF &#8211; 973 KB<\/a><\/div>\n<\/div>\n<\/div>\n\n\n\n<figure class=\"wp-block-image size-large is-resized is-style-no-border\"><img decoding=\"async\" width=\"1024\" height=\"260\" src=\"https:\/\/alice.ch\/app\/uploads\/2024\/08\/Logos-auf-Website-1024x260.png\" alt=\"\" class=\"wp-image-62547\" style=\"width:765px;height:auto\" srcset=\"https:\/\/alice.ch\/app\/uploads\/2024\/08\/Logos-auf-Website-1024x260.png 1024w, https:\/\/alice.ch\/app\/uploads\/2024\/08\/Logos-auf-Website-300x76.png 300w, https:\/\/alice.ch\/app\/uploads\/2024\/08\/Logos-auf-Website-768x195.png 768w, https:\/\/alice.ch\/app\/uploads\/2024\/08\/Logos-auf-Website-1536x389.png 1536w, https:\/\/alice.ch\/app\/uploads\/2024\/08\/Logos-auf-Website-2048x519.png 2048w\" sizes=\"(max-width: 1024px) 100vw, 1024px\" \/><\/figure>\n<\/div>\n<\/div>\n\n\n\n<p><\/p>\n","protected":false},"excerpt":{"rendered":"<p>Die Perspektiven auf Lernr\u00e4ume in der Erwachsenenbildung haben sich in den letzten Jahren gewandelt. Flexibilit\u00e4t, Individualisierung, Technologie und Digitalit\u00e4t als [&hellip;]<\/p>\n","protected":false},"author":31,"featured_media":61579,"template":"","meta":{"_acf_changed":false,"inline_featured_image":false,"footnotes":""},"event-category":[24],"event-tag":[],"event-status":[200],"event-language":[202],"global-category":[],"class_list":["post-61460","event","type-event","status-publish","has-post-thumbnail","hentry","event-category-sveb-kooperation-events","event-status-archiv","event-language-deutsch"],"acf":[],"yoast_head":"<!-- This site is optimized with the Yoast SEO plugin v27.3 - https:\/\/yoast.com\/product\/yoast-seo-wordpress\/ -->\n<title>Gestaltung und Entwicklung von Lernr\u00e4umen in der Erwachsenenbildung: physische und virtuelle Dimensionen - SVEB<\/title>\n<meta name=\"robots\" content=\"index, follow, max-snippet:-1, max-image-preview:large, max-video-preview:-1\" \/>\n<link rel=\"canonical\" href=\"https:\/\/alice.ch\/de\/event\/gestaltung-und-entwicklung-von-lernraeumen-in-der-erwachsenenbildung-physische-und-virtuelle-dimensionen\/\" \/>\n<meta property=\"og:locale\" content=\"de_DE\" \/>\n<meta property=\"og:type\" content=\"article\" \/>\n<meta property=\"og:title\" content=\"Gestaltung und Entwicklung von Lernr\u00e4umen in der Erwachsenenbildung: physische und virtuelle Dimensionen - SVEB\" \/>\n<meta property=\"og:description\" content=\"Die Perspektiven auf Lernr\u00e4ume in der Erwachsenenbildung haben sich in den letzten Jahren gewandelt. Flexibilit\u00e4t, Individualisierung, Technologie und Digitalit\u00e4t als [&hellip;]\" \/>\n<meta property=\"og:url\" content=\"https:\/\/alice.ch\/de\/event\/gestaltung-und-entwicklung-von-lernraeumen-in-der-erwachsenenbildung-physische-und-virtuelle-dimensionen\/\" \/>\n<meta property=\"og:site_name\" content=\"SVEB\" \/>\n<meta property=\"article:modified_time\" content=\"2025-01-31T10:16:02+00:00\" \/>\n<meta property=\"og:image\" content=\"https:\/\/alice.ch\/app\/uploads\/2024\/08\/forschungstagung-2025-web.jpg\" \/>\n\t<meta property=\"og:image:width\" content=\"617\" \/>\n\t<meta property=\"og:image:height\" content=\"308\" \/>\n\t<meta property=\"og:image:type\" content=\"image\/jpeg\" \/>\n<meta name=\"twitter:card\" content=\"summary_large_image\" \/>\n<meta name=\"twitter:label1\" content=\"Gesch\u00e4tzte Lesezeit\" \/>\n\t<meta name=\"twitter:data1\" content=\"2\u00a0Minuten\" \/>\n<script type=\"application\/ld+json\" class=\"yoast-schema-graph\">{\"@context\":\"https:\\\/\\\/schema.org\",\"@graph\":[{\"@type\":\"WebPage\",\"@id\":\"https:\\\/\\\/alice.ch\\\/de\\\/event\\\/gestaltung-und-entwicklung-von-lernraeumen-in-der-erwachsenenbildung-physische-und-virtuelle-dimensionen\\\/\",\"url\":\"https:\\\/\\\/alice.ch\\\/de\\\/event\\\/gestaltung-und-entwicklung-von-lernraeumen-in-der-erwachsenenbildung-physische-und-virtuelle-dimensionen\\\/\",\"name\":\"Gestaltung und Entwicklung von Lernr\u00e4umen in der Erwachsenenbildung: physische und virtuelle Dimensionen - SVEB\",\"isPartOf\":{\"@id\":\"https:\\\/\\\/alice.ch\\\/de\\\/#website\"},\"primaryImageOfPage\":{\"@id\":\"https:\\\/\\\/alice.ch\\\/de\\\/event\\\/gestaltung-und-entwicklung-von-lernraeumen-in-der-erwachsenenbildung-physische-und-virtuelle-dimensionen\\\/#primaryimage\"},\"image\":{\"@id\":\"https:\\\/\\\/alice.ch\\\/de\\\/event\\\/gestaltung-und-entwicklung-von-lernraeumen-in-der-erwachsenenbildung-physische-und-virtuelle-dimensionen\\\/#primaryimage\"},\"thumbnailUrl\":\"https:\\\/\\\/alice.ch\\\/app\\\/uploads\\\/2024\\\/08\\\/forschungstagung-2025-web.jpg\",\"datePublished\":\"2024-08-20T13:21:40+00:00\",\"dateModified\":\"2025-01-31T10:16:02+00:00\",\"breadcrumb\":{\"@id\":\"https:\\\/\\\/alice.ch\\\/de\\\/event\\\/gestaltung-und-entwicklung-von-lernraeumen-in-der-erwachsenenbildung-physische-und-virtuelle-dimensionen\\\/#breadcrumb\"},\"inLanguage\":\"de\",\"potentialAction\":[{\"@type\":\"ReadAction\",\"target\":[\"https:\\\/\\\/alice.ch\\\/de\\\/event\\\/gestaltung-und-entwicklung-von-lernraeumen-in-der-erwachsenenbildung-physische-und-virtuelle-dimensionen\\\/\"]}]},{\"@type\":\"ImageObject\",\"inLanguage\":\"de\",\"@id\":\"https:\\\/\\\/alice.ch\\\/de\\\/event\\\/gestaltung-und-entwicklung-von-lernraeumen-in-der-erwachsenenbildung-physische-und-virtuelle-dimensionen\\\/#primaryimage\",\"url\":\"https:\\\/\\\/alice.ch\\\/app\\\/uploads\\\/2024\\\/08\\\/forschungstagung-2025-web.jpg\",\"contentUrl\":\"https:\\\/\\\/alice.ch\\\/app\\\/uploads\\\/2024\\\/08\\\/forschungstagung-2025-web.jpg\",\"width\":617,\"height\":308},{\"@type\":\"BreadcrumbList\",\"@id\":\"https:\\\/\\\/alice.ch\\\/de\\\/event\\\/gestaltung-und-entwicklung-von-lernraeumen-in-der-erwachsenenbildung-physische-und-virtuelle-dimensionen\\\/#breadcrumb\",\"itemListElement\":[{\"@type\":\"ListItem\",\"position\":1,\"name\":\"Startseite\",\"item\":\"https:\\\/\\\/alice.ch\\\/de\\\/\"},{\"@type\":\"ListItem\",\"position\":2,\"name\":\"Events\",\"item\":\"https:\\\/\\\/alice.ch\\\/de\\\/event\\\/\"},{\"@type\":\"ListItem\",\"position\":3,\"name\":\"Gestaltung und Entwicklung von Lernr\u00e4umen in der Erwachsenenbildung: physische und virtuelle Dimensionen\"}]},{\"@type\":\"WebSite\",\"@id\":\"https:\\\/\\\/alice.ch\\\/de\\\/#website\",\"url\":\"https:\\\/\\\/alice.ch\\\/de\\\/\",\"name\":\"alice.ch (Adult Learning Information Center) ist das Portal der Weiterbildung in der Schweiz.\",\"description\":\"Schweizerischer Verband f\u00fcr Weiterbildung\",\"publisher\":{\"@id\":\"https:\\\/\\\/alice.ch\\\/de\\\/#organization\"},\"potentialAction\":[{\"@type\":\"SearchAction\",\"target\":{\"@type\":\"EntryPoint\",\"urlTemplate\":\"https:\\\/\\\/alice.ch\\\/de\\\/?s={search_term_string}\"},\"query-input\":{\"@type\":\"PropertyValueSpecification\",\"valueRequired\":true,\"valueName\":\"search_term_string\"}}],\"inLanguage\":\"de\"},{\"@type\":\"Organization\",\"@id\":\"https:\\\/\\\/alice.ch\\\/de\\\/#organization\",\"name\":\"SVEB Schweizerischer Verband f\u00fcr Weiterbildung\",\"url\":\"https:\\\/\\\/alice.ch\\\/de\\\/\",\"logo\":{\"@type\":\"ImageObject\",\"inLanguage\":\"de\",\"@id\":\"https:\\\/\\\/alice.ch\\\/de\\\/#\\\/schema\\\/logo\\\/image\\\/\",\"url\":\"https:\\\/\\\/alice.ch\\\/app\\\/uploads\\\/2022\\\/07\\\/logo-sveb.png\",\"contentUrl\":\"https:\\\/\\\/alice.ch\\\/app\\\/uploads\\\/2022\\\/07\\\/logo-sveb.png\",\"width\":145,\"height\":64,\"caption\":\"SVEB Schweizerischer Verband f\u00fcr Weiterbildung\"},\"image\":{\"@id\":\"https:\\\/\\\/alice.ch\\\/de\\\/#\\\/schema\\\/logo\\\/image\\\/\"},\"sameAs\":[\"https:\\\/\\\/www.linkedin.com\\\/company\\\/schweizerischer-verband-fr-weiterbildung-sveb\\\/\"]}]}<\/script>\n<!-- \/ Yoast SEO plugin. -->","yoast_head_json":{"title":"Gestaltung und Entwicklung von Lernr\u00e4umen in der Erwachsenenbildung: physische und virtuelle Dimensionen - SVEB","robots":{"index":"index","follow":"follow","max-snippet":"max-snippet:-1","max-image-preview":"max-image-preview:large","max-video-preview":"max-video-preview:-1"},"canonical":"https:\/\/alice.ch\/de\/event\/gestaltung-und-entwicklung-von-lernraeumen-in-der-erwachsenenbildung-physische-und-virtuelle-dimensionen\/","og_locale":"de_DE","og_type":"article","og_title":"Gestaltung und Entwicklung von Lernr\u00e4umen in der Erwachsenenbildung: physische und virtuelle Dimensionen - SVEB","og_description":"Die Perspektiven auf Lernr\u00e4ume in der Erwachsenenbildung haben sich in den letzten Jahren gewandelt. Flexibilit\u00e4t, Individualisierung, Technologie und Digitalit\u00e4t als [&hellip;]","og_url":"https:\/\/alice.ch\/de\/event\/gestaltung-und-entwicklung-von-lernraeumen-in-der-erwachsenenbildung-physische-und-virtuelle-dimensionen\/","og_site_name":"SVEB","article_modified_time":"2025-01-31T10:16:02+00:00","og_image":[{"width":617,"height":308,"url":"https:\/\/alice.ch\/app\/uploads\/2024\/08\/forschungstagung-2025-web.jpg","type":"image\/jpeg"}],"twitter_card":"summary_large_image","twitter_misc":{"Gesch\u00e4tzte Lesezeit":"2\u00a0Minuten"},"schema":{"@context":"https:\/\/schema.org","@graph":[{"@type":"WebPage","@id":"https:\/\/alice.ch\/de\/event\/gestaltung-und-entwicklung-von-lernraeumen-in-der-erwachsenenbildung-physische-und-virtuelle-dimensionen\/","url":"https:\/\/alice.ch\/de\/event\/gestaltung-und-entwicklung-von-lernraeumen-in-der-erwachsenenbildung-physische-und-virtuelle-dimensionen\/","name":"Gestaltung und Entwicklung von Lernr\u00e4umen in der Erwachsenenbildung: physische und virtuelle Dimensionen - SVEB","isPartOf":{"@id":"https:\/\/alice.ch\/de\/#website"},"primaryImageOfPage":{"@id":"https:\/\/alice.ch\/de\/event\/gestaltung-und-entwicklung-von-lernraeumen-in-der-erwachsenenbildung-physische-und-virtuelle-dimensionen\/#primaryimage"},"image":{"@id":"https:\/\/alice.ch\/de\/event\/gestaltung-und-entwicklung-von-lernraeumen-in-der-erwachsenenbildung-physische-und-virtuelle-dimensionen\/#primaryimage"},"thumbnailUrl":"https:\/\/alice.ch\/app\/uploads\/2024\/08\/forschungstagung-2025-web.jpg","datePublished":"2024-08-20T13:21:40+00:00","dateModified":"2025-01-31T10:16:02+00:00","breadcrumb":{"@id":"https:\/\/alice.ch\/de\/event\/gestaltung-und-entwicklung-von-lernraeumen-in-der-erwachsenenbildung-physische-und-virtuelle-dimensionen\/#breadcrumb"},"inLanguage":"de","potentialAction":[{"@type":"ReadAction","target":["https:\/\/alice.ch\/de\/event\/gestaltung-und-entwicklung-von-lernraeumen-in-der-erwachsenenbildung-physische-und-virtuelle-dimensionen\/"]}]},{"@type":"ImageObject","inLanguage":"de","@id":"https:\/\/alice.ch\/de\/event\/gestaltung-und-entwicklung-von-lernraeumen-in-der-erwachsenenbildung-physische-und-virtuelle-dimensionen\/#primaryimage","url":"https:\/\/alice.ch\/app\/uploads\/2024\/08\/forschungstagung-2025-web.jpg","contentUrl":"https:\/\/alice.ch\/app\/uploads\/2024\/08\/forschungstagung-2025-web.jpg","width":617,"height":308},{"@type":"BreadcrumbList","@id":"https:\/\/alice.ch\/de\/event\/gestaltung-und-entwicklung-von-lernraeumen-in-der-erwachsenenbildung-physische-und-virtuelle-dimensionen\/#breadcrumb","itemListElement":[{"@type":"ListItem","position":1,"name":"Startseite","item":"https:\/\/alice.ch\/de\/"},{"@type":"ListItem","position":2,"name":"Events","item":"https:\/\/alice.ch\/de\/event\/"},{"@type":"ListItem","position":3,"name":"Gestaltung und Entwicklung von Lernr\u00e4umen in der Erwachsenenbildung: physische und virtuelle Dimensionen"}]},{"@type":"WebSite","@id":"https:\/\/alice.ch\/de\/#website","url":"https:\/\/alice.ch\/de\/","name":"alice.ch (Adult Learning Information Center) ist das Portal der Weiterbildung in der Schweiz.","description":"Schweizerischer Verband f\u00fcr Weiterbildung","publisher":{"@id":"https:\/\/alice.ch\/de\/#organization"},"potentialAction":[{"@type":"SearchAction","target":{"@type":"EntryPoint","urlTemplate":"https:\/\/alice.ch\/de\/?s={search_term_string}"},"query-input":{"@type":"PropertyValueSpecification","valueRequired":true,"valueName":"search_term_string"}}],"inLanguage":"de"},{"@type":"Organization","@id":"https:\/\/alice.ch\/de\/#organization","name":"SVEB Schweizerischer Verband f\u00fcr Weiterbildung","url":"https:\/\/alice.ch\/de\/","logo":{"@type":"ImageObject","inLanguage":"de","@id":"https:\/\/alice.ch\/de\/#\/schema\/logo\/image\/","url":"https:\/\/alice.ch\/app\/uploads\/2022\/07\/logo-sveb.png","contentUrl":"https:\/\/alice.ch\/app\/uploads\/2022\/07\/logo-sveb.png","width":145,"height":64,"caption":"SVEB Schweizerischer Verband f\u00fcr Weiterbildung"},"image":{"@id":"https:\/\/alice.ch\/de\/#\/schema\/logo\/image\/"},"sameAs":["https:\/\/www.linkedin.com\/company\/schweizerischer-verband-fr-weiterbildung-sveb\/"]}]}},"_links":{"self":[{"href":"https:\/\/alice.ch\/de\/wp-json\/wp\/v2\/event\/61460","targetHints":{"allow":["GET"]}}],"collection":[{"href":"https:\/\/alice.ch\/de\/wp-json\/wp\/v2\/event"}],"about":[{"href":"https:\/\/alice.ch\/de\/wp-json\/wp\/v2\/types\/event"}],"author":[{"embeddable":true,"href":"https:\/\/alice.ch\/de\/wp-json\/wp\/v2\/users\/31"}],"version-history":[{"count":18,"href":"https:\/\/alice.ch\/de\/wp-json\/wp\/v2\/event\/61460\/revisions"}],"predecessor-version":[{"id":65915,"href":"https:\/\/alice.ch\/de\/wp-json\/wp\/v2\/event\/61460\/revisions\/65915"}],"wp:featuredmedia":[{"embeddable":true,"href":"https:\/\/alice.ch\/de\/wp-json\/wp\/v2\/media\/61579"}],"wp:attachment":[{"href":"https:\/\/alice.ch\/de\/wp-json\/wp\/v2\/media?parent=61460"}],"wp:term":[{"taxonomy":"event-category","embeddable":true,"href":"https:\/\/alice.ch\/de\/wp-json\/wp\/v2\/event-category?post=61460"},{"taxonomy":"event-tag","embeddable":true,"href":"https:\/\/alice.ch\/de\/wp-json\/wp\/v2\/event-tag?post=61460"},{"taxonomy":"event-status","embeddable":true,"href":"https:\/\/alice.ch\/de\/wp-json\/wp\/v2\/event-status?post=61460"},{"taxonomy":"event-language","embeddable":true,"href":"https:\/\/alice.ch\/de\/wp-json\/wp\/v2\/event-language?post=61460"},{"taxonomy":"global-category","embeddable":true,"href":"https:\/\/alice.ch\/de\/wp-json\/wp\/v2\/global-category?post=61460"}],"curies":[{"name":"wp","href":"https:\/\/api.w.org\/{rel}","templated":true}]}}