{"id":62226,"date":"2024-09-16T10:15:45","date_gmt":"2024-09-16T08:15:45","guid":{"rendered":"https:\/\/alice.ch\/?post_type=event&#038;p=62226"},"modified":"2024-12-12T11:38:32","modified_gmt":"2024-12-12T10:38:32","slug":"austauschtreffen-anbieter-einfach-besser-arbeitsplatz","status":"publish","type":"event","link":"https:\/\/alice.ch\/de\/event\/austauschtreffen-anbieter-einfach-besser-arbeitsplatz\/","title":{"rendered":"Austauschtreffen der Anbieter\u00a0"},"content":{"rendered":"\n<h2 class=\"wp-block-heading\">Schwerpunktthema: Qualit\u00e4tsanforderungen f\u00fcr Anbieter und Kursleitende<\/h2>\n\n\n\n<p class=\"is-style-default\">Seit 2018 unterst\u00fctzt der Bund gezielt Kurse zur F\u00f6rderung von Grundkompetenzen in Betrieben. Immer mehr Weiterbildungsanbieter setzen diese Kurse erfolgreich um. Die Herausforderungen sind jedoch hoch \u2013 von der Akquise bis hin zur konkreten Umsetzung der Kurse.<\/p>\n\n\n\n<p>Das j\u00e4hrliche Austauschtreffen bietet eine ideale Plattform, um Anbieter \u00fcber aktuelle Entwicklungen zu informieren. Gleichzeitig erm\u00f6glicht es den Teilnehmenden, \u00fcber ihre Erfahrungen, Herausforderungen und Bed\u00fcrfnisse zu diskutieren. <\/p>\n\n\n\n<p>Zielgruppen: <br>-Weiterbildungsanbieter, die in der Anbietersuche erfasst sind<br>-Vertreterinnen und Vertreter von nationalen und kantonalen Branchenverb\u00e4nden<br>-Kantonsvertreterinnen und -Vertreter<\/p>\n\n\n\n<h3 class=\"wp-block-heading\">Programm<\/h3>\n\n\n\n<figure class=\"wp-block-table\"><table><tbody><tr><td>13.00 Uhr<\/td><td>Begr\u00fcssung SVEB \/ SBFI<\/td><td><\/td><\/tr><tr><td>13.05 Uhr<\/td><td><strong>Bericht des SBFI<\/strong>: <br>Kommunikationsstrategie, Schwerpunkte, Massnahmen<\/td><td>Priska Widmer<br>SBFI<\/td><\/tr><tr><td>13.30 Uhr<\/td><td><strong>Stories und Kommunikationsmittel f\u00fcr die Akquise<\/strong><\/td><td>Christine B\u00e4rlocher<br>SVEB<\/td><\/tr><tr><td>14.20 Uhr<\/td><td>Pause<\/td><td><\/td><\/tr><tr><td>14.45 Uhr<\/td><td><strong>Schwerpunktthema Qualit\u00e4tssicherung<\/strong>: <br>Qualit\u00e4tsanforderungen f\u00fcr Anbieter und Kursleitende, <br>GO-Weiterbildung im 2025<\/td><td>C\u00e4cilia M\u00e4rki <br>SVEB<\/td><\/tr><tr><td>15.00 Uhr<\/td><td>Austausch in Gruppen<\/td><td><\/td><\/tr><tr><td>15.55 Uhr<\/td><td>R\u00fcckmeldungen und Diskussion&nbsp;<\/td><td><\/td><\/tr><tr><td>16.30 Uhr<\/td><td>Abschluss und n\u00e4chste Schritte<\/td><td><\/td><\/tr><tr><td>16.45 Uhr<\/td><td>Ap\u00e9ro<\/td><td><\/td><\/tr><\/tbody><\/table><\/figure>\n\n\n\n<h3 class=\"wp-block-heading\">Pr\u00e4sentation<\/h3>\n\n\n\n<div class=\"wp-block-columns is-layout-flex wp-container-core-columns-is-layout-28f84493 wp-block-columns-is-layout-flex\">\n<div class=\"wp-block-column is-layout-flow wp-block-column-is-layout-flow\">\n<div class=\"wp-block-file is-style-default\"><a id=\"wp-block-file--media-5028c423-e45a-4235-94ec-c7e2a6d8a24d\" href=\"https:\/\/alice.ch\/app\/uploads\/2024\/09\/241203_SBFI_einfach-besser-arbeitsplatz_Strategie_pw.pdf\" target=\"_blank\" rel=\"noreferrer noopener\">Pr\u00e4sentation: Bericht des SBFI: <br>Kommunikationsstrategie, Schwerpunkte, Massnahmen<br>Priska Widmer, SBFI<br \/>PDF &#8211; 2 MB<\/a><a href=\"https:\/\/alice.ch\/app\/uploads\/2024\/09\/241203_SBFI_einfach-besser-arbeitsplatz_Strategie_pw.pdf\" class=\"wp-block-file__button wp-element-button\" download aria-describedby=\"wp-block-file--media-5028c423-e45a-4235-94ec-c7e2a6d8a24d\">Herunterladen<br \/>PDF &#8211; 2 MB<\/a><\/div>\n\n\n\n<div class=\"wp-block-file is-style-default\"><a id=\"wp-block-file--media-4b055de7-d127-44ee-bbd0-0318785cee0f\" href=\"https:\/\/alice.ch\/app\/uploads\/2024\/09\/241203_SVEB_einfach-besser-Arbeitstplatz_Qualitaet_GO-Modell_cm.pdf\" target=\"_blank\" rel=\"noreferrer noopener\">Pr\u00e4sentation: Qualit\u00e4tsanforderungen f\u00fcr Anbieter und Kursleitende, GO-Weiterbildung im 2025 <br>C\u00e4cilia M\u00e4rki, SVEB<br \/>PDF &#8211; 489 KB<\/a><a href=\"https:\/\/alice.ch\/app\/uploads\/2024\/09\/241203_SVEB_einfach-besser-Arbeitstplatz_Qualitaet_GO-Modell_cm.pdf\" class=\"wp-block-file__button wp-element-button\" download aria-describedby=\"wp-block-file--media-4b055de7-d127-44ee-bbd0-0318785cee0f\">Herunterladen<br \/>PDF &#8211; 489 KB<\/a><\/div>\n<\/div>\n\n\n\n<div class=\"wp-block-column is-layout-flow wp-block-column-is-layout-flow\">\n<div class=\"wp-block-file is-style-default\"><a id=\"wp-block-file--media-e022e127-3e16-42db-b43a-25b33b3f766d\" href=\"https:\/\/alice.ch\/app\/uploads\/2024\/09\/241203_SVEB_einfach-besser-Arbeitstplatz_Kom-Akquise_chb.pdf\" target=\"_blank\" rel=\"noreferrer noopener\">Pr\u00e4sentation: Stories und Kommunikationsmittel f\u00fcr die Akquise <br>Christine B\u00e4rlocher, SVEB<br \/>PDF &#8211; 3 MB<\/a><a href=\"https:\/\/alice.ch\/app\/uploads\/2024\/09\/241203_SVEB_einfach-besser-Arbeitstplatz_Kom-Akquise_chb.pdf\" class=\"wp-block-file__button wp-element-button\" download aria-describedby=\"wp-block-file--media-e022e127-3e16-42db-b43a-25b33b3f766d\">Herunterladen<br \/>PDF &#8211; 3 MB<\/a><\/div>\n<\/div>\n<\/div>\n\n\n\n<p><\/p>\n","protected":false},"excerpt":{"rendered":"<p>Schwerpunktthema: Qualit\u00e4tsanforderungen f\u00fcr Anbieter und Kursleitende Seit 2018 unterst\u00fctzt der Bund gezielt Kurse zur F\u00f6rderung von Grundkompetenzen in Betrieben. Immer [&hellip;]<\/p>\n","protected":false},"author":31,"featured_media":62247,"template":"","meta":{"_acf_changed":false,"inline_featured_image":false,"footnotes":""},"event-category":[24],"event-tag":[],"event-status":[200],"event-language":[202],"global-category":[],"class_list":["post-62226","event","type-event","status-publish","has-post-thumbnail","hentry","event-category-sveb-kooperation-events","event-status-archiv","event-language-deutsch"],"acf":[],"yoast_head":"<!-- This site is optimized with the Yoast SEO plugin v27.3 - https:\/\/yoast.com\/product\/yoast-seo-wordpress\/ -->\n<title>Austauschtreffen der Anbieter\u00a0 - SVEB<\/title>\n<meta name=\"robots\" content=\"index, follow, max-snippet:-1, max-image-preview:large, max-video-preview:-1\" \/>\n<link rel=\"canonical\" href=\"https:\/\/alice.ch\/de\/event\/austauschtreffen-anbieter-einfach-besser-arbeitsplatz\/\" \/>\n<meta property=\"og:locale\" content=\"de_DE\" \/>\n<meta property=\"og:type\" content=\"article\" \/>\n<meta property=\"og:title\" content=\"Austauschtreffen der Anbieter\u00a0 - SVEB\" \/>\n<meta property=\"og:description\" content=\"Schwerpunktthema: Qualit\u00e4tsanforderungen f\u00fcr Anbieter und Kursleitende Seit 2018 unterst\u00fctzt der Bund gezielt Kurse zur F\u00f6rderung von Grundkompetenzen in Betrieben. Immer [&hellip;]\" \/>\n<meta property=\"og:url\" content=\"https:\/\/alice.ch\/de\/event\/austauschtreffen-anbieter-einfach-besser-arbeitsplatz\/\" \/>\n<meta property=\"og:site_name\" content=\"SVEB\" \/>\n<meta property=\"article:modified_time\" content=\"2024-12-12T10:38:32+00:00\" \/>\n<meta property=\"og:image\" content=\"https:\/\/alice.ch\/app\/uploads\/2024\/09\/einfachbesser_d.jpg\" \/>\n\t<meta property=\"og:image:width\" content=\"514\" \/>\n\t<meta property=\"og:image:height\" content=\"257\" \/>\n\t<meta property=\"og:image:type\" content=\"image\/jpeg\" \/>\n<meta name=\"twitter:card\" content=\"summary_large_image\" \/>\n<meta name=\"twitter:label1\" content=\"Gesch\u00e4tzte Lesezeit\" \/>\n\t<meta name=\"twitter:data1\" content=\"1\u00a0Minute\" \/>\n<script type=\"application\/ld+json\" class=\"yoast-schema-graph\">{\"@context\":\"https:\\\/\\\/schema.org\",\"@graph\":[{\"@type\":\"WebPage\",\"@id\":\"https:\\\/\\\/alice.ch\\\/de\\\/event\\\/austauschtreffen-anbieter-einfach-besser-arbeitsplatz\\\/\",\"url\":\"https:\\\/\\\/alice.ch\\\/de\\\/event\\\/austauschtreffen-anbieter-einfach-besser-arbeitsplatz\\\/\",\"name\":\"Austauschtreffen der Anbieter\u00a0 - SVEB\",\"isPartOf\":{\"@id\":\"https:\\\/\\\/alice.ch\\\/de\\\/#website\"},\"primaryImageOfPage\":{\"@id\":\"https:\\\/\\\/alice.ch\\\/de\\\/event\\\/austauschtreffen-anbieter-einfach-besser-arbeitsplatz\\\/#primaryimage\"},\"image\":{\"@id\":\"https:\\\/\\\/alice.ch\\\/de\\\/event\\\/austauschtreffen-anbieter-einfach-besser-arbeitsplatz\\\/#primaryimage\"},\"thumbnailUrl\":\"https:\\\/\\\/alice.ch\\\/app\\\/uploads\\\/2024\\\/09\\\/einfachbesser_d.jpg\",\"datePublished\":\"2024-09-16T08:15:45+00:00\",\"dateModified\":\"2024-12-12T10:38:32+00:00\",\"breadcrumb\":{\"@id\":\"https:\\\/\\\/alice.ch\\\/de\\\/event\\\/austauschtreffen-anbieter-einfach-besser-arbeitsplatz\\\/#breadcrumb\"},\"inLanguage\":\"de\",\"potentialAction\":[{\"@type\":\"ReadAction\",\"target\":[\"https:\\\/\\\/alice.ch\\\/de\\\/event\\\/austauschtreffen-anbieter-einfach-besser-arbeitsplatz\\\/\"]}]},{\"@type\":\"ImageObject\",\"inLanguage\":\"de\",\"@id\":\"https:\\\/\\\/alice.ch\\\/de\\\/event\\\/austauschtreffen-anbieter-einfach-besser-arbeitsplatz\\\/#primaryimage\",\"url\":\"https:\\\/\\\/alice.ch\\\/app\\\/uploads\\\/2024\\\/09\\\/einfachbesser_d.jpg\",\"contentUrl\":\"https:\\\/\\\/alice.ch\\\/app\\\/uploads\\\/2024\\\/09\\\/einfachbesser_d.jpg\",\"width\":514,\"height\":257},{\"@type\":\"BreadcrumbList\",\"@id\":\"https:\\\/\\\/alice.ch\\\/de\\\/event\\\/austauschtreffen-anbieter-einfach-besser-arbeitsplatz\\\/#breadcrumb\",\"itemListElement\":[{\"@type\":\"ListItem\",\"position\":1,\"name\":\"Startseite\",\"item\":\"https:\\\/\\\/alice.ch\\\/de\\\/\"},{\"@type\":\"ListItem\",\"position\":2,\"name\":\"Events\",\"item\":\"https:\\\/\\\/alice.ch\\\/de\\\/event\\\/\"},{\"@type\":\"ListItem\",\"position\":3,\"name\":\"Austauschtreffen der Anbieter\u00a0\"}]},{\"@type\":\"WebSite\",\"@id\":\"https:\\\/\\\/alice.ch\\\/de\\\/#website\",\"url\":\"https:\\\/\\\/alice.ch\\\/de\\\/\",\"name\":\"alice.ch (Adult Learning Information Center) ist das Portal der Weiterbildung in der Schweiz.\",\"description\":\"Schweizerischer Verband f\u00fcr Weiterbildung\",\"publisher\":{\"@id\":\"https:\\\/\\\/alice.ch\\\/de\\\/#organization\"},\"potentialAction\":[{\"@type\":\"SearchAction\",\"target\":{\"@type\":\"EntryPoint\",\"urlTemplate\":\"https:\\\/\\\/alice.ch\\\/de\\\/?s={search_term_string}\"},\"query-input\":{\"@type\":\"PropertyValueSpecification\",\"valueRequired\":true,\"valueName\":\"search_term_string\"}}],\"inLanguage\":\"de\"},{\"@type\":\"Organization\",\"@id\":\"https:\\\/\\\/alice.ch\\\/de\\\/#organization\",\"name\":\"SVEB Schweizerischer Verband f\u00fcr Weiterbildung\",\"url\":\"https:\\\/\\\/alice.ch\\\/de\\\/\",\"logo\":{\"@type\":\"ImageObject\",\"inLanguage\":\"de\",\"@id\":\"https:\\\/\\\/alice.ch\\\/de\\\/#\\\/schema\\\/logo\\\/image\\\/\",\"url\":\"https:\\\/\\\/alice.ch\\\/app\\\/uploads\\\/2022\\\/07\\\/logo-sveb.png\",\"contentUrl\":\"https:\\\/\\\/alice.ch\\\/app\\\/uploads\\\/2022\\\/07\\\/logo-sveb.png\",\"width\":145,\"height\":64,\"caption\":\"SVEB Schweizerischer Verband f\u00fcr Weiterbildung\"},\"image\":{\"@id\":\"https:\\\/\\\/alice.ch\\\/de\\\/#\\\/schema\\\/logo\\\/image\\\/\"},\"sameAs\":[\"https:\\\/\\\/www.linkedin.com\\\/company\\\/schweizerischer-verband-fr-weiterbildung-sveb\\\/\"]}]}<\/script>\n<!-- \/ Yoast SEO plugin. -->","yoast_head_json":{"title":"Austauschtreffen der Anbieter\u00a0 - SVEB","robots":{"index":"index","follow":"follow","max-snippet":"max-snippet:-1","max-image-preview":"max-image-preview:large","max-video-preview":"max-video-preview:-1"},"canonical":"https:\/\/alice.ch\/de\/event\/austauschtreffen-anbieter-einfach-besser-arbeitsplatz\/","og_locale":"de_DE","og_type":"article","og_title":"Austauschtreffen der Anbieter\u00a0 - SVEB","og_description":"Schwerpunktthema: Qualit\u00e4tsanforderungen f\u00fcr Anbieter und Kursleitende Seit 2018 unterst\u00fctzt der Bund gezielt Kurse zur F\u00f6rderung von Grundkompetenzen in Betrieben. Immer [&hellip;]","og_url":"https:\/\/alice.ch\/de\/event\/austauschtreffen-anbieter-einfach-besser-arbeitsplatz\/","og_site_name":"SVEB","article_modified_time":"2024-12-12T10:38:32+00:00","og_image":[{"width":514,"height":257,"url":"https:\/\/alice.ch\/app\/uploads\/2024\/09\/einfachbesser_d.jpg","type":"image\/jpeg"}],"twitter_card":"summary_large_image","twitter_misc":{"Gesch\u00e4tzte Lesezeit":"1\u00a0Minute"},"schema":{"@context":"https:\/\/schema.org","@graph":[{"@type":"WebPage","@id":"https:\/\/alice.ch\/de\/event\/austauschtreffen-anbieter-einfach-besser-arbeitsplatz\/","url":"https:\/\/alice.ch\/de\/event\/austauschtreffen-anbieter-einfach-besser-arbeitsplatz\/","name":"Austauschtreffen der Anbieter\u00a0 - SVEB","isPartOf":{"@id":"https:\/\/alice.ch\/de\/#website"},"primaryImageOfPage":{"@id":"https:\/\/alice.ch\/de\/event\/austauschtreffen-anbieter-einfach-besser-arbeitsplatz\/#primaryimage"},"image":{"@id":"https:\/\/alice.ch\/de\/event\/austauschtreffen-anbieter-einfach-besser-arbeitsplatz\/#primaryimage"},"thumbnailUrl":"https:\/\/alice.ch\/app\/uploads\/2024\/09\/einfachbesser_d.jpg","datePublished":"2024-09-16T08:15:45+00:00","dateModified":"2024-12-12T10:38:32+00:00","breadcrumb":{"@id":"https:\/\/alice.ch\/de\/event\/austauschtreffen-anbieter-einfach-besser-arbeitsplatz\/#breadcrumb"},"inLanguage":"de","potentialAction":[{"@type":"ReadAction","target":["https:\/\/alice.ch\/de\/event\/austauschtreffen-anbieter-einfach-besser-arbeitsplatz\/"]}]},{"@type":"ImageObject","inLanguage":"de","@id":"https:\/\/alice.ch\/de\/event\/austauschtreffen-anbieter-einfach-besser-arbeitsplatz\/#primaryimage","url":"https:\/\/alice.ch\/app\/uploads\/2024\/09\/einfachbesser_d.jpg","contentUrl":"https:\/\/alice.ch\/app\/uploads\/2024\/09\/einfachbesser_d.jpg","width":514,"height":257},{"@type":"BreadcrumbList","@id":"https:\/\/alice.ch\/de\/event\/austauschtreffen-anbieter-einfach-besser-arbeitsplatz\/#breadcrumb","itemListElement":[{"@type":"ListItem","position":1,"name":"Startseite","item":"https:\/\/alice.ch\/de\/"},{"@type":"ListItem","position":2,"name":"Events","item":"https:\/\/alice.ch\/de\/event\/"},{"@type":"ListItem","position":3,"name":"Austauschtreffen der Anbieter\u00a0"}]},{"@type":"WebSite","@id":"https:\/\/alice.ch\/de\/#website","url":"https:\/\/alice.ch\/de\/","name":"alice.ch (Adult Learning Information Center) ist das Portal der Weiterbildung in der Schweiz.","description":"Schweizerischer Verband f\u00fcr Weiterbildung","publisher":{"@id":"https:\/\/alice.ch\/de\/#organization"},"potentialAction":[{"@type":"SearchAction","target":{"@type":"EntryPoint","urlTemplate":"https:\/\/alice.ch\/de\/?s={search_term_string}"},"query-input":{"@type":"PropertyValueSpecification","valueRequired":true,"valueName":"search_term_string"}}],"inLanguage":"de"},{"@type":"Organization","@id":"https:\/\/alice.ch\/de\/#organization","name":"SVEB Schweizerischer Verband f\u00fcr Weiterbildung","url":"https:\/\/alice.ch\/de\/","logo":{"@type":"ImageObject","inLanguage":"de","@id":"https:\/\/alice.ch\/de\/#\/schema\/logo\/image\/","url":"https:\/\/alice.ch\/app\/uploads\/2022\/07\/logo-sveb.png","contentUrl":"https:\/\/alice.ch\/app\/uploads\/2022\/07\/logo-sveb.png","width":145,"height":64,"caption":"SVEB Schweizerischer Verband f\u00fcr Weiterbildung"},"image":{"@id":"https:\/\/alice.ch\/de\/#\/schema\/logo\/image\/"},"sameAs":["https:\/\/www.linkedin.com\/company\/schweizerischer-verband-fr-weiterbildung-sveb\/"]}]}},"_links":{"self":[{"href":"https:\/\/alice.ch\/de\/wp-json\/wp\/v2\/event\/62226","targetHints":{"allow":["GET"]}}],"collection":[{"href":"https:\/\/alice.ch\/de\/wp-json\/wp\/v2\/event"}],"about":[{"href":"https:\/\/alice.ch\/de\/wp-json\/wp\/v2\/types\/event"}],"author":[{"embeddable":true,"href":"https:\/\/alice.ch\/de\/wp-json\/wp\/v2\/users\/31"}],"version-history":[{"count":21,"href":"https:\/\/alice.ch\/de\/wp-json\/wp\/v2\/event\/62226\/revisions"}],"predecessor-version":[{"id":65039,"href":"https:\/\/alice.ch\/de\/wp-json\/wp\/v2\/event\/62226\/revisions\/65039"}],"wp:featuredmedia":[{"embeddable":true,"href":"https:\/\/alice.ch\/de\/wp-json\/wp\/v2\/media\/62247"}],"wp:attachment":[{"href":"https:\/\/alice.ch\/de\/wp-json\/wp\/v2\/media?parent=62226"}],"wp:term":[{"taxonomy":"event-category","embeddable":true,"href":"https:\/\/alice.ch\/de\/wp-json\/wp\/v2\/event-category?post=62226"},{"taxonomy":"event-tag","embeddable":true,"href":"https:\/\/alice.ch\/de\/wp-json\/wp\/v2\/event-tag?post=62226"},{"taxonomy":"event-status","embeddable":true,"href":"https:\/\/alice.ch\/de\/wp-json\/wp\/v2\/event-status?post=62226"},{"taxonomy":"event-language","embeddable":true,"href":"https:\/\/alice.ch\/de\/wp-json\/wp\/v2\/event-language?post=62226"},{"taxonomy":"global-category","embeddable":true,"href":"https:\/\/alice.ch\/de\/wp-json\/wp\/v2\/global-category?post=62226"}],"curies":[{"name":"wp","href":"https:\/\/api.w.org\/{rel}","templated":true}]}}