{"id":63536,"date":"2024-10-29T10:40:39","date_gmt":"2024-10-29T09:40:39","guid":{"rendered":"https:\/\/alice.ch\/?post_type=event&#038;p=63536"},"modified":"2025-12-15T09:40:21","modified_gmt":"2025-12-15T08:40:21","slug":"informationsanlass-europaeischer-austausch-und-zusammenarbeit-im-weiterbildungsbereich","status":"publish","type":"event","link":"https:\/\/alice.ch\/de\/event\/informationsanlass-europaeischer-austausch-und-zusammenarbeit-im-weiterbildungsbereich\/","title":{"rendered":"Informationsanlass: Europ\u00e4ischer Austausch und Zusammenarbeit im Weiterbildungsbereich\u00a0"},"content":{"rendered":"\n<h2 class=\"wp-block-heading\">Was genau sind Kooperations- und Mobilit\u00e4tsprojekte? Wie funktionieren sie? Und was bringen sie meiner Organisation oder mir pers\u00f6nlich?&nbsp;<\/h2>\n\n\n\n<p class=\"is-style-default\">In Zusammenarbeit mit&nbsp;<a href=\"https:\/\/www.movetia.ch\/\" target=\"_blank\" rel=\"noreferrer noopener\">Movetia<\/a>&nbsp;veranstaltet der SVEB ein Online-Event zu Kooperations- und Mobilit\u00e4tsprojekten. Dieser Anlass richtet sich an Weiterbildungsanbieter und in der Weiterbildung t\u00e4tige Einzelpersonen.&nbsp;<\/p>\n\n\n\n<p>In einem ersten Teil informiert der SVEB \u00fcber Kooperations- und Mobilit\u00e4tsprojekte und&nbsp;gibt&nbsp;einen Einblick in die M\u00f6glichkeiten und Chancen von europ\u00e4ischem Austausch. Im zweiten Teil besteht die M\u00f6glichkeit,&nbsp;sich mit einer Fachperson von Movetia auszutauschen, Fragen zu stellen und Gedanken oder Bedenken zu diskutieren.&nbsp;<\/p>\n\n\n\n<p class=\"is-style-default\">Die Veranstaltung ist kostenlos und findet online statt.&nbsp;<\/p>\n\n\n\n<h2 class=\"wp-block-heading\">Programm<\/h2>\n\n\n\n<figure class=\"wp-block-table\"><table><tbody><tr><td>13.00 Uhr<\/td><td>Begr\u00fcssung und Einf\u00fchrung in Inhalt<\/td><td>SVEB<\/td><\/tr><tr><td>13.05 Uhr<\/td><td>M\u00f6glichkeiten f\u00fcr den europ\u00e4ischen Austausch und internationale Kooperationen<br>(Kooperations- und Mobilit\u00e4tsprojekte)<\/td><td>Movetia<\/td><\/tr><tr><td>13.20 Uhr<\/td><td>Vorstellung von Beispielprojekten<br>(Internationales Programm, Erasmus+ und Mobilit\u00e4ten\/Auslandaufenthalte)<\/td><td>SVEB<\/td><\/tr><tr><td>13.40 Uhr<\/td><td>Fragerunde<\/td><td><\/td><\/tr><tr><td>14.00 Uhr<\/td><td>Ende der Online-Veranstaltung<\/td><td><\/td><\/tr><\/tbody><\/table><\/figure>\n\n\n\n<h2 class=\"wp-block-heading\">Pr\u00e4sentation<\/h2>\n\n\n\n<div class=\"wp-block-columns is-layout-flex wp-container-core-columns-is-layout-28f84493 wp-block-columns-is-layout-flex\">\n<div class=\"wp-block-column is-layout-flow wp-block-column-is-layout-flow\">\n<div class=\"wp-block-file is-style-default\"><a id=\"wp-block-file--media-675d73a9-dcb7-42fd-9658-f1f015b3a972\" href=\"https:\/\/alice.ch\/app\/uploads\/2024\/10\/230125_Mobilities_SVEB.pdf\" target=\"_blank\" rel=\"noreferrer noopener\">Pr\u00e4sentation: Mobilities <br>Marianne M\u00fcller, SVEB<br \/>PDF &#8211; 1 MB<\/a><a href=\"https:\/\/alice.ch\/app\/uploads\/2024\/10\/230125_Mobilities_SVEB.pdf\" class=\"wp-block-file__button wp-element-button\" download aria-describedby=\"wp-block-file--media-675d73a9-dcb7-42fd-9658-f1f015b3a972\">Herunterladen<br \/>PDF &#8211; 1 MB<\/a><\/div>\n\n\n\n<div class=\"wp-block-file is-style-default\"><a id=\"wp-block-file--media-c8adf95f-6ca4-495c-a4e7-3b39760ce0b4\" href=\"https:\/\/alice.ch\/app\/uploads\/2024\/10\/230125_Block.Ed_SVEB.pdf\" target=\"_blank\" rel=\"noreferrer noopener\">Pr\u00e4sentation: Block.Ed<br>Lynette Weber, SVEB<br \/>PDF &#8211; 681 KB<\/a><a href=\"https:\/\/alice.ch\/app\/uploads\/2024\/10\/230125_Block.Ed_SVEB.pdf\" class=\"wp-block-file__button wp-element-button\" download aria-describedby=\"wp-block-file--media-c8adf95f-6ca4-495c-a4e7-3b39760ce0b4\">Herunterladen<br \/>PDF &#8211; 681 KB<\/a><\/div>\n<\/div>\n\n\n\n<div class=\"wp-block-column is-layout-flow wp-block-column-is-layout-flow\">\n<div class=\"wp-block-file\"><a id=\"wp-block-file--media-09273e0c-270d-45b4-beb6-f1d5d0d6bf4e\" href=\"https:\/\/alice.ch\/app\/uploads\/2024\/10\/230125_Erwachsenenbildung_Movetia.pdf\">Pr\u00e4sentation: Erwachsenenbildung<br>Charlotte-Sophie Ramseier, Movetia<br \/>PDF &#8211; 2 MB<\/a><a href=\"https:\/\/alice.ch\/app\/uploads\/2024\/10\/230125_Erwachsenenbildung_Movetia.pdf\" class=\"wp-block-file__button wp-element-button\" download aria-describedby=\"wp-block-file--media-09273e0c-270d-45b4-beb6-f1d5d0d6bf4e\">Herunterladen<br \/>PDF &#8211; 2 MB<\/a><\/div>\n<\/div>\n<\/div>\n\n\n\n<p><\/p>\n","protected":false},"excerpt":{"rendered":"<p>Was genau sind Kooperations- und Mobilit\u00e4tsprojekte? Wie funktionieren sie? Und was bringen sie meiner Organisation oder mir pers\u00f6nlich?&nbsp; In Zusammenarbeit [&hellip;]<\/p>\n","protected":false},"author":31,"featured_media":63537,"template":"","meta":{"_acf_changed":false,"inline_featured_image":false,"footnotes":""},"event-category":[24],"event-tag":[],"event-status":[200],"event-language":[202],"global-category":[426],"class_list":["post-63536","event","type-event","status-publish","has-post-thumbnail","hentry","event-category-sveb-kooperation-events","event-status-archiv","event-language-deutsch","global-category-movetia"],"acf":[],"yoast_head":"<!-- This site is optimized with the Yoast SEO plugin v27.3 - https:\/\/yoast.com\/product\/yoast-seo-wordpress\/ -->\n<title>Informationsanlass: Europ\u00e4ischer Austausch und Zusammenarbeit im Weiterbildungsbereich\u00a0 - SVEB<\/title>\n<meta name=\"robots\" content=\"index, follow, max-snippet:-1, max-image-preview:large, max-video-preview:-1\" \/>\n<link rel=\"canonical\" href=\"https:\/\/alice.ch\/de\/event\/informationsanlass-europaeischer-austausch-und-zusammenarbeit-im-weiterbildungsbereich\/\" \/>\n<meta property=\"og:locale\" content=\"de_DE\" \/>\n<meta property=\"og:type\" content=\"article\" \/>\n<meta property=\"og:title\" content=\"Informationsanlass: Europ\u00e4ischer Austausch und Zusammenarbeit im Weiterbildungsbereich\u00a0 - SVEB\" \/>\n<meta property=\"og:description\" content=\"Was genau sind Kooperations- und Mobilit\u00e4tsprojekte? Wie funktionieren sie? Und was bringen sie meiner Organisation oder mir pers\u00f6nlich?&nbsp; In Zusammenarbeit [&hellip;]\" \/>\n<meta property=\"og:url\" content=\"https:\/\/alice.ch\/de\/event\/informationsanlass-europaeischer-austausch-und-zusammenarbeit-im-weiterbildungsbereich\/\" \/>\n<meta property=\"og:site_name\" content=\"SVEB\" \/>\n<meta property=\"article:modified_time\" content=\"2025-12-15T08:40:21+00:00\" \/>\n<meta property=\"og:image\" content=\"https:\/\/alice.ch\/app\/uploads\/2024\/10\/movetia-event.jpg\" \/>\n\t<meta property=\"og:image:width\" content=\"493\" \/>\n\t<meta property=\"og:image:height\" content=\"247\" \/>\n\t<meta property=\"og:image:type\" content=\"image\/jpeg\" \/>\n<meta name=\"twitter:card\" content=\"summary_large_image\" \/>\n<meta name=\"twitter:label1\" content=\"Gesch\u00e4tzte Lesezeit\" \/>\n\t<meta name=\"twitter:data1\" content=\"1\u00a0Minute\" \/>\n<script type=\"application\/ld+json\" class=\"yoast-schema-graph\">{\"@context\":\"https:\\\/\\\/schema.org\",\"@graph\":[{\"@type\":\"WebPage\",\"@id\":\"https:\\\/\\\/alice.ch\\\/de\\\/event\\\/informationsanlass-europaeischer-austausch-und-zusammenarbeit-im-weiterbildungsbereich\\\/\",\"url\":\"https:\\\/\\\/alice.ch\\\/de\\\/event\\\/informationsanlass-europaeischer-austausch-und-zusammenarbeit-im-weiterbildungsbereich\\\/\",\"name\":\"Informationsanlass: Europ\u00e4ischer Austausch und Zusammenarbeit im Weiterbildungsbereich\u00a0 - SVEB\",\"isPartOf\":{\"@id\":\"https:\\\/\\\/alice.ch\\\/de\\\/#website\"},\"primaryImageOfPage\":{\"@id\":\"https:\\\/\\\/alice.ch\\\/de\\\/event\\\/informationsanlass-europaeischer-austausch-und-zusammenarbeit-im-weiterbildungsbereich\\\/#primaryimage\"},\"image\":{\"@id\":\"https:\\\/\\\/alice.ch\\\/de\\\/event\\\/informationsanlass-europaeischer-austausch-und-zusammenarbeit-im-weiterbildungsbereich\\\/#primaryimage\"},\"thumbnailUrl\":\"https:\\\/\\\/alice.ch\\\/app\\\/uploads\\\/2024\\\/10\\\/movetia-event.jpg\",\"datePublished\":\"2024-10-29T09:40:39+00:00\",\"dateModified\":\"2025-12-15T08:40:21+00:00\",\"breadcrumb\":{\"@id\":\"https:\\\/\\\/alice.ch\\\/de\\\/event\\\/informationsanlass-europaeischer-austausch-und-zusammenarbeit-im-weiterbildungsbereich\\\/#breadcrumb\"},\"inLanguage\":\"de\",\"potentialAction\":[{\"@type\":\"ReadAction\",\"target\":[\"https:\\\/\\\/alice.ch\\\/de\\\/event\\\/informationsanlass-europaeischer-austausch-und-zusammenarbeit-im-weiterbildungsbereich\\\/\"]}]},{\"@type\":\"ImageObject\",\"inLanguage\":\"de\",\"@id\":\"https:\\\/\\\/alice.ch\\\/de\\\/event\\\/informationsanlass-europaeischer-austausch-und-zusammenarbeit-im-weiterbildungsbereich\\\/#primaryimage\",\"url\":\"https:\\\/\\\/alice.ch\\\/app\\\/uploads\\\/2024\\\/10\\\/movetia-event.jpg\",\"contentUrl\":\"https:\\\/\\\/alice.ch\\\/app\\\/uploads\\\/2024\\\/10\\\/movetia-event.jpg\",\"width\":493,\"height\":247},{\"@type\":\"BreadcrumbList\",\"@id\":\"https:\\\/\\\/alice.ch\\\/de\\\/event\\\/informationsanlass-europaeischer-austausch-und-zusammenarbeit-im-weiterbildungsbereich\\\/#breadcrumb\",\"itemListElement\":[{\"@type\":\"ListItem\",\"position\":1,\"name\":\"Startseite\",\"item\":\"https:\\\/\\\/alice.ch\\\/de\\\/\"},{\"@type\":\"ListItem\",\"position\":2,\"name\":\"Events\",\"item\":\"https:\\\/\\\/alice.ch\\\/de\\\/event\\\/\"},{\"@type\":\"ListItem\",\"position\":3,\"name\":\"Informationsanlass: Europ\u00e4ischer Austausch und Zusammenarbeit im Weiterbildungsbereich\u00a0\"}]},{\"@type\":\"WebSite\",\"@id\":\"https:\\\/\\\/alice.ch\\\/de\\\/#website\",\"url\":\"https:\\\/\\\/alice.ch\\\/de\\\/\",\"name\":\"alice.ch (Adult Learning Information Center) ist das Portal der Weiterbildung in der Schweiz.\",\"description\":\"Schweizerischer Verband f\u00fcr Weiterbildung\",\"publisher\":{\"@id\":\"https:\\\/\\\/alice.ch\\\/de\\\/#organization\"},\"potentialAction\":[{\"@type\":\"SearchAction\",\"target\":{\"@type\":\"EntryPoint\",\"urlTemplate\":\"https:\\\/\\\/alice.ch\\\/de\\\/?s={search_term_string}\"},\"query-input\":{\"@type\":\"PropertyValueSpecification\",\"valueRequired\":true,\"valueName\":\"search_term_string\"}}],\"inLanguage\":\"de\"},{\"@type\":\"Organization\",\"@id\":\"https:\\\/\\\/alice.ch\\\/de\\\/#organization\",\"name\":\"SVEB Schweizerischer Verband f\u00fcr Weiterbildung\",\"url\":\"https:\\\/\\\/alice.ch\\\/de\\\/\",\"logo\":{\"@type\":\"ImageObject\",\"inLanguage\":\"de\",\"@id\":\"https:\\\/\\\/alice.ch\\\/de\\\/#\\\/schema\\\/logo\\\/image\\\/\",\"url\":\"https:\\\/\\\/alice.ch\\\/app\\\/uploads\\\/2022\\\/07\\\/logo-sveb.png\",\"contentUrl\":\"https:\\\/\\\/alice.ch\\\/app\\\/uploads\\\/2022\\\/07\\\/logo-sveb.png\",\"width\":145,\"height\":64,\"caption\":\"SVEB Schweizerischer Verband f\u00fcr Weiterbildung\"},\"image\":{\"@id\":\"https:\\\/\\\/alice.ch\\\/de\\\/#\\\/schema\\\/logo\\\/image\\\/\"},\"sameAs\":[\"https:\\\/\\\/www.linkedin.com\\\/company\\\/schweizerischer-verband-fr-weiterbildung-sveb\\\/\"]}]}<\/script>\n<!-- \/ Yoast SEO plugin. -->","yoast_head_json":{"title":"Informationsanlass: Europ\u00e4ischer Austausch und Zusammenarbeit im Weiterbildungsbereich\u00a0 - SVEB","robots":{"index":"index","follow":"follow","max-snippet":"max-snippet:-1","max-image-preview":"max-image-preview:large","max-video-preview":"max-video-preview:-1"},"canonical":"https:\/\/alice.ch\/de\/event\/informationsanlass-europaeischer-austausch-und-zusammenarbeit-im-weiterbildungsbereich\/","og_locale":"de_DE","og_type":"article","og_title":"Informationsanlass: Europ\u00e4ischer Austausch und Zusammenarbeit im Weiterbildungsbereich\u00a0 - SVEB","og_description":"Was genau sind Kooperations- und Mobilit\u00e4tsprojekte? Wie funktionieren sie? Und was bringen sie meiner Organisation oder mir pers\u00f6nlich?&nbsp; In Zusammenarbeit [&hellip;]","og_url":"https:\/\/alice.ch\/de\/event\/informationsanlass-europaeischer-austausch-und-zusammenarbeit-im-weiterbildungsbereich\/","og_site_name":"SVEB","article_modified_time":"2025-12-15T08:40:21+00:00","og_image":[{"width":493,"height":247,"url":"https:\/\/alice.ch\/app\/uploads\/2024\/10\/movetia-event.jpg","type":"image\/jpeg"}],"twitter_card":"summary_large_image","twitter_misc":{"Gesch\u00e4tzte Lesezeit":"1\u00a0Minute"},"schema":{"@context":"https:\/\/schema.org","@graph":[{"@type":"WebPage","@id":"https:\/\/alice.ch\/de\/event\/informationsanlass-europaeischer-austausch-und-zusammenarbeit-im-weiterbildungsbereich\/","url":"https:\/\/alice.ch\/de\/event\/informationsanlass-europaeischer-austausch-und-zusammenarbeit-im-weiterbildungsbereich\/","name":"Informationsanlass: Europ\u00e4ischer Austausch und Zusammenarbeit im Weiterbildungsbereich\u00a0 - SVEB","isPartOf":{"@id":"https:\/\/alice.ch\/de\/#website"},"primaryImageOfPage":{"@id":"https:\/\/alice.ch\/de\/event\/informationsanlass-europaeischer-austausch-und-zusammenarbeit-im-weiterbildungsbereich\/#primaryimage"},"image":{"@id":"https:\/\/alice.ch\/de\/event\/informationsanlass-europaeischer-austausch-und-zusammenarbeit-im-weiterbildungsbereich\/#primaryimage"},"thumbnailUrl":"https:\/\/alice.ch\/app\/uploads\/2024\/10\/movetia-event.jpg","datePublished":"2024-10-29T09:40:39+00:00","dateModified":"2025-12-15T08:40:21+00:00","breadcrumb":{"@id":"https:\/\/alice.ch\/de\/event\/informationsanlass-europaeischer-austausch-und-zusammenarbeit-im-weiterbildungsbereich\/#breadcrumb"},"inLanguage":"de","potentialAction":[{"@type":"ReadAction","target":["https:\/\/alice.ch\/de\/event\/informationsanlass-europaeischer-austausch-und-zusammenarbeit-im-weiterbildungsbereich\/"]}]},{"@type":"ImageObject","inLanguage":"de","@id":"https:\/\/alice.ch\/de\/event\/informationsanlass-europaeischer-austausch-und-zusammenarbeit-im-weiterbildungsbereich\/#primaryimage","url":"https:\/\/alice.ch\/app\/uploads\/2024\/10\/movetia-event.jpg","contentUrl":"https:\/\/alice.ch\/app\/uploads\/2024\/10\/movetia-event.jpg","width":493,"height":247},{"@type":"BreadcrumbList","@id":"https:\/\/alice.ch\/de\/event\/informationsanlass-europaeischer-austausch-und-zusammenarbeit-im-weiterbildungsbereich\/#breadcrumb","itemListElement":[{"@type":"ListItem","position":1,"name":"Startseite","item":"https:\/\/alice.ch\/de\/"},{"@type":"ListItem","position":2,"name":"Events","item":"https:\/\/alice.ch\/de\/event\/"},{"@type":"ListItem","position":3,"name":"Informationsanlass: Europ\u00e4ischer Austausch und Zusammenarbeit im Weiterbildungsbereich\u00a0"}]},{"@type":"WebSite","@id":"https:\/\/alice.ch\/de\/#website","url":"https:\/\/alice.ch\/de\/","name":"alice.ch (Adult Learning Information Center) ist das Portal der Weiterbildung in der Schweiz.","description":"Schweizerischer Verband f\u00fcr Weiterbildung","publisher":{"@id":"https:\/\/alice.ch\/de\/#organization"},"potentialAction":[{"@type":"SearchAction","target":{"@type":"EntryPoint","urlTemplate":"https:\/\/alice.ch\/de\/?s={search_term_string}"},"query-input":{"@type":"PropertyValueSpecification","valueRequired":true,"valueName":"search_term_string"}}],"inLanguage":"de"},{"@type":"Organization","@id":"https:\/\/alice.ch\/de\/#organization","name":"SVEB Schweizerischer Verband f\u00fcr Weiterbildung","url":"https:\/\/alice.ch\/de\/","logo":{"@type":"ImageObject","inLanguage":"de","@id":"https:\/\/alice.ch\/de\/#\/schema\/logo\/image\/","url":"https:\/\/alice.ch\/app\/uploads\/2022\/07\/logo-sveb.png","contentUrl":"https:\/\/alice.ch\/app\/uploads\/2022\/07\/logo-sveb.png","width":145,"height":64,"caption":"SVEB Schweizerischer Verband f\u00fcr Weiterbildung"},"image":{"@id":"https:\/\/alice.ch\/de\/#\/schema\/logo\/image\/"},"sameAs":["https:\/\/www.linkedin.com\/company\/schweizerischer-verband-fr-weiterbildung-sveb\/"]}]}},"_links":{"self":[{"href":"https:\/\/alice.ch\/de\/wp-json\/wp\/v2\/event\/63536","targetHints":{"allow":["GET"]}}],"collection":[{"href":"https:\/\/alice.ch\/de\/wp-json\/wp\/v2\/event"}],"about":[{"href":"https:\/\/alice.ch\/de\/wp-json\/wp\/v2\/types\/event"}],"author":[{"embeddable":true,"href":"https:\/\/alice.ch\/de\/wp-json\/wp\/v2\/users\/31"}],"version-history":[{"count":4,"href":"https:\/\/alice.ch\/de\/wp-json\/wp\/v2\/event\/63536\/revisions"}],"predecessor-version":[{"id":65621,"href":"https:\/\/alice.ch\/de\/wp-json\/wp\/v2\/event\/63536\/revisions\/65621"}],"wp:featuredmedia":[{"embeddable":true,"href":"https:\/\/alice.ch\/de\/wp-json\/wp\/v2\/media\/63537"}],"wp:attachment":[{"href":"https:\/\/alice.ch\/de\/wp-json\/wp\/v2\/media?parent=63536"}],"wp:term":[{"taxonomy":"event-category","embeddable":true,"href":"https:\/\/alice.ch\/de\/wp-json\/wp\/v2\/event-category?post=63536"},{"taxonomy":"event-tag","embeddable":true,"href":"https:\/\/alice.ch\/de\/wp-json\/wp\/v2\/event-tag?post=63536"},{"taxonomy":"event-status","embeddable":true,"href":"https:\/\/alice.ch\/de\/wp-json\/wp\/v2\/event-status?post=63536"},{"taxonomy":"event-language","embeddable":true,"href":"https:\/\/alice.ch\/de\/wp-json\/wp\/v2\/event-language?post=63536"},{"taxonomy":"global-category","embeddable":true,"href":"https:\/\/alice.ch\/de\/wp-json\/wp\/v2\/global-category?post=63536"}],"curies":[{"name":"wp","href":"https:\/\/api.w.org\/{rel}","templated":true}]}}