{"id":65370,"date":"2025-01-14T14:47:55","date_gmt":"2025-01-14T13:47:55","guid":{"rendered":"https:\/\/alice.ch\/?post_type=event&#038;p=65370"},"modified":"2025-03-06T15:56:12","modified_gmt":"2025-03-06T14:56:12","slug":"einsatz-von-ki-wo-stehen-schweizer-weiterbildungsorganisationen","status":"publish","type":"event","link":"https:\/\/alice.ch\/de\/event\/einsatz-von-ki-wo-stehen-schweizer-weiterbildungsorganisationen\/","title":{"rendered":"Einsatz von KI: Wo stehen Schweizer Weiterbildungsorganisationen?\u00a0"},"content":{"rendered":"\n<p>KI kommt in Schweizer Weiterbildungsorganisationen bisher unterschiedlich zum Einsatz. Im Fr\u00fchling 2024 nutzte knapp die H\u00e4lfte der Organisationen KI oder plante, dies zu tun. Viele Anbieter erwarten vor allem einen Nutzen f\u00fcr die Individualisierung der Lehr-\/Lernsettings und planen, die Anwendung von KI weiter auszubauen.&nbsp;<\/p>\n\n\n\n<p>Die Online-Veranstaltung gibt in einem erstem Teil Einblick in die Resultate der SVEB-Anbieterumfrage zum Einsatz von KI in den Weiterbildungsorganisationen. Die Dynamik im Bereich KI-Anwendungen und somit auch der Anpassungsdruck in den Organisationen sind gross. Daher bietet die Veranstaltung in einem zweiten Teil auch die M\u00f6glichkeit zu einem offenen Austausch zu aktuellen Entwicklungen und Herausforderungen.&nbsp;<\/p>\n\n\n\n<p>Die Veranstaltung richtet sich prim\u00e4r an Weiterbildungsorganisationen, die sich \u00fcber aktuelle Entwicklungen im Weiterbildungsfeld informieren und austauschen m\u00f6chten. Es sind aber auch Forschende und weitere Interessierte willkommen. <\/p>\n\n\n\n<p>Der Zoom-Link wird einige Tage vor der Veranstaltung per Mail verschickt.&nbsp;<\/p>\n\n\n\n<p><strong>Anmeldeschluss 04. M\u00e4rz 2025<\/strong>.<\/p>\n\n\n\n<h2 class=\"wp-block-heading\">Pr\u00e4sentation<\/h2>\n\n\n\n<div class=\"wp-block-columns is-layout-flex wp-container-core-columns-is-layout-28f84493 wp-block-columns-is-layout-flex\">\n<div class=\"wp-block-column is-layout-flow wp-block-column-is-layout-flow\">\n<div class=\"wp-block-file is-style-default\"><a id=\"wp-block-file--media-5b4ea088-76e6-43a3-9524-3f6dfd9f1d65\" href=\"https:\/\/alice.ch\/app\/uploads\/2025\/01\/060325-KI-in-der-WB-1.pdf\" target=\"_blank\" rel=\"noreferrer noopener\">Pr\u00e4sentation: K\u00fcnstliche Intelligenz (KI) in der Weiterbildung<br>Sofie Gollob, SVEB<br \/>PDF &#8211; 2 MB<\/a><a href=\"https:\/\/alice.ch\/app\/uploads\/2025\/01\/060325-KI-in-der-WB-1.pdf\" class=\"wp-block-file__button wp-element-button\" download aria-describedby=\"wp-block-file--media-5b4ea088-76e6-43a3-9524-3f6dfd9f1d65\">Herunterladen<br \/>PDF &#8211; 2 MB<\/a><\/div>\n<\/div>\n<\/div>\n\n\n\n<p><\/p>\n","protected":false},"excerpt":{"rendered":"<p>KI kommt in Schweizer Weiterbildungsorganisationen bisher unterschiedlich zum Einsatz. Im Fr\u00fchling 2024 nutzte knapp die H\u00e4lfte der Organisationen KI oder [&hellip;]<\/p>\n","protected":false},"author":31,"featured_media":65453,"template":"","meta":{"_acf_changed":false,"inline_featured_image":false,"footnotes":""},"event-category":[24],"event-tag":[365],"event-status":[200],"event-language":[202],"global-category":[366],"class_list":["post-65370","event","type-event","status-publish","has-post-thumbnail","hentry","event-category-sveb-kooperation-events","event-tag-365","event-status-archiv","event-language-deutsch","global-category-ki-in-der-weiterbildung"],"acf":[],"yoast_head":"<!-- This site is optimized with the Yoast SEO plugin v27.3 - https:\/\/yoast.com\/product\/yoast-seo-wordpress\/ -->\n<title>Einsatz von KI: Wo stehen Schweizer Weiterbildungsorganisationen?\u00a0 - SVEB<\/title>\n<meta name=\"robots\" content=\"index, follow, max-snippet:-1, max-image-preview:large, max-video-preview:-1\" \/>\n<link rel=\"canonical\" href=\"https:\/\/alice.ch\/de\/event\/einsatz-von-ki-wo-stehen-schweizer-weiterbildungsorganisationen\/\" \/>\n<meta property=\"og:locale\" content=\"de_DE\" \/>\n<meta property=\"og:type\" content=\"article\" \/>\n<meta property=\"og:title\" content=\"Einsatz von KI: Wo stehen Schweizer Weiterbildungsorganisationen?\u00a0 - SVEB\" \/>\n<meta property=\"og:description\" content=\"KI kommt in Schweizer Weiterbildungsorganisationen bisher unterschiedlich zum Einsatz. Im Fr\u00fchling 2024 nutzte knapp die H\u00e4lfte der Organisationen KI oder [&hellip;]\" \/>\n<meta property=\"og:url\" content=\"https:\/\/alice.ch\/de\/event\/einsatz-von-ki-wo-stehen-schweizer-weiterbildungsorganisationen\/\" \/>\n<meta property=\"og:site_name\" content=\"SVEB\" \/>\n<meta property=\"article:modified_time\" content=\"2025-03-06T14:56:12+00:00\" \/>\n<meta property=\"og:image\" content=\"https:\/\/alice.ch\/app\/uploads\/2025\/01\/focus-wb-online-ki-wo-stehen-wborganisationen-de-1.jpg\" \/>\n\t<meta property=\"og:image:width\" content=\"1542\" \/>\n\t<meta property=\"og:image:height\" content=\"771\" \/>\n\t<meta property=\"og:image:type\" content=\"image\/jpeg\" \/>\n<meta name=\"twitter:card\" content=\"summary_large_image\" \/>\n<meta name=\"twitter:label1\" content=\"Gesch\u00e4tzte Lesezeit\" \/>\n\t<meta name=\"twitter:data1\" content=\"1\u00a0Minute\" \/>\n<script type=\"application\/ld+json\" class=\"yoast-schema-graph\">{\"@context\":\"https:\\\/\\\/schema.org\",\"@graph\":[{\"@type\":\"WebPage\",\"@id\":\"https:\\\/\\\/alice.ch\\\/de\\\/event\\\/einsatz-von-ki-wo-stehen-schweizer-weiterbildungsorganisationen\\\/\",\"url\":\"https:\\\/\\\/alice.ch\\\/de\\\/event\\\/einsatz-von-ki-wo-stehen-schweizer-weiterbildungsorganisationen\\\/\",\"name\":\"Einsatz von KI: Wo stehen Schweizer Weiterbildungsorganisationen?\u00a0 - SVEB\",\"isPartOf\":{\"@id\":\"https:\\\/\\\/alice.ch\\\/de\\\/#website\"},\"primaryImageOfPage\":{\"@id\":\"https:\\\/\\\/alice.ch\\\/de\\\/event\\\/einsatz-von-ki-wo-stehen-schweizer-weiterbildungsorganisationen\\\/#primaryimage\"},\"image\":{\"@id\":\"https:\\\/\\\/alice.ch\\\/de\\\/event\\\/einsatz-von-ki-wo-stehen-schweizer-weiterbildungsorganisationen\\\/#primaryimage\"},\"thumbnailUrl\":\"https:\\\/\\\/alice.ch\\\/app\\\/uploads\\\/2025\\\/01\\\/focus-wb-online-ki-wo-stehen-wborganisationen-de-1.jpg\",\"datePublished\":\"2025-01-14T13:47:55+00:00\",\"dateModified\":\"2025-03-06T14:56:12+00:00\",\"breadcrumb\":{\"@id\":\"https:\\\/\\\/alice.ch\\\/de\\\/event\\\/einsatz-von-ki-wo-stehen-schweizer-weiterbildungsorganisationen\\\/#breadcrumb\"},\"inLanguage\":\"de\",\"potentialAction\":[{\"@type\":\"ReadAction\",\"target\":[\"https:\\\/\\\/alice.ch\\\/de\\\/event\\\/einsatz-von-ki-wo-stehen-schweizer-weiterbildungsorganisationen\\\/\"]}]},{\"@type\":\"ImageObject\",\"inLanguage\":\"de\",\"@id\":\"https:\\\/\\\/alice.ch\\\/de\\\/event\\\/einsatz-von-ki-wo-stehen-schweizer-weiterbildungsorganisationen\\\/#primaryimage\",\"url\":\"https:\\\/\\\/alice.ch\\\/app\\\/uploads\\\/2025\\\/01\\\/focus-wb-online-ki-wo-stehen-wborganisationen-de-1.jpg\",\"contentUrl\":\"https:\\\/\\\/alice.ch\\\/app\\\/uploads\\\/2025\\\/01\\\/focus-wb-online-ki-wo-stehen-wborganisationen-de-1.jpg\",\"width\":1542,\"height\":771},{\"@type\":\"BreadcrumbList\",\"@id\":\"https:\\\/\\\/alice.ch\\\/de\\\/event\\\/einsatz-von-ki-wo-stehen-schweizer-weiterbildungsorganisationen\\\/#breadcrumb\",\"itemListElement\":[{\"@type\":\"ListItem\",\"position\":1,\"name\":\"Startseite\",\"item\":\"https:\\\/\\\/alice.ch\\\/de\\\/\"},{\"@type\":\"ListItem\",\"position\":2,\"name\":\"Events\",\"item\":\"https:\\\/\\\/alice.ch\\\/de\\\/event\\\/\"},{\"@type\":\"ListItem\",\"position\":3,\"name\":\"Einsatz von KI: Wo stehen Schweizer Weiterbildungsorganisationen?\u00a0\"}]},{\"@type\":\"WebSite\",\"@id\":\"https:\\\/\\\/alice.ch\\\/de\\\/#website\",\"url\":\"https:\\\/\\\/alice.ch\\\/de\\\/\",\"name\":\"alice.ch (Adult Learning Information Center) ist das Portal der Weiterbildung in der Schweiz.\",\"description\":\"Schweizerischer Verband f\u00fcr Weiterbildung\",\"publisher\":{\"@id\":\"https:\\\/\\\/alice.ch\\\/de\\\/#organization\"},\"potentialAction\":[{\"@type\":\"SearchAction\",\"target\":{\"@type\":\"EntryPoint\",\"urlTemplate\":\"https:\\\/\\\/alice.ch\\\/de\\\/?s={search_term_string}\"},\"query-input\":{\"@type\":\"PropertyValueSpecification\",\"valueRequired\":true,\"valueName\":\"search_term_string\"}}],\"inLanguage\":\"de\"},{\"@type\":\"Organization\",\"@id\":\"https:\\\/\\\/alice.ch\\\/de\\\/#organization\",\"name\":\"SVEB Schweizerischer Verband f\u00fcr Weiterbildung\",\"url\":\"https:\\\/\\\/alice.ch\\\/de\\\/\",\"logo\":{\"@type\":\"ImageObject\",\"inLanguage\":\"de\",\"@id\":\"https:\\\/\\\/alice.ch\\\/de\\\/#\\\/schema\\\/logo\\\/image\\\/\",\"url\":\"https:\\\/\\\/alice.ch\\\/app\\\/uploads\\\/2022\\\/07\\\/logo-sveb.png\",\"contentUrl\":\"https:\\\/\\\/alice.ch\\\/app\\\/uploads\\\/2022\\\/07\\\/logo-sveb.png\",\"width\":145,\"height\":64,\"caption\":\"SVEB Schweizerischer Verband f\u00fcr Weiterbildung\"},\"image\":{\"@id\":\"https:\\\/\\\/alice.ch\\\/de\\\/#\\\/schema\\\/logo\\\/image\\\/\"},\"sameAs\":[\"https:\\\/\\\/www.linkedin.com\\\/company\\\/schweizerischer-verband-fr-weiterbildung-sveb\\\/\"]}]}<\/script>\n<!-- \/ Yoast SEO plugin. -->","yoast_head_json":{"title":"Einsatz von KI: Wo stehen Schweizer Weiterbildungsorganisationen?\u00a0 - SVEB","robots":{"index":"index","follow":"follow","max-snippet":"max-snippet:-1","max-image-preview":"max-image-preview:large","max-video-preview":"max-video-preview:-1"},"canonical":"https:\/\/alice.ch\/de\/event\/einsatz-von-ki-wo-stehen-schweizer-weiterbildungsorganisationen\/","og_locale":"de_DE","og_type":"article","og_title":"Einsatz von KI: Wo stehen Schweizer Weiterbildungsorganisationen?\u00a0 - SVEB","og_description":"KI kommt in Schweizer Weiterbildungsorganisationen bisher unterschiedlich zum Einsatz. Im Fr\u00fchling 2024 nutzte knapp die H\u00e4lfte der Organisationen KI oder [&hellip;]","og_url":"https:\/\/alice.ch\/de\/event\/einsatz-von-ki-wo-stehen-schweizer-weiterbildungsorganisationen\/","og_site_name":"SVEB","article_modified_time":"2025-03-06T14:56:12+00:00","og_image":[{"width":1542,"height":771,"url":"https:\/\/alice.ch\/app\/uploads\/2025\/01\/focus-wb-online-ki-wo-stehen-wborganisationen-de-1.jpg","type":"image\/jpeg"}],"twitter_card":"summary_large_image","twitter_misc":{"Gesch\u00e4tzte Lesezeit":"1\u00a0Minute"},"schema":{"@context":"https:\/\/schema.org","@graph":[{"@type":"WebPage","@id":"https:\/\/alice.ch\/de\/event\/einsatz-von-ki-wo-stehen-schweizer-weiterbildungsorganisationen\/","url":"https:\/\/alice.ch\/de\/event\/einsatz-von-ki-wo-stehen-schweizer-weiterbildungsorganisationen\/","name":"Einsatz von KI: Wo stehen Schweizer Weiterbildungsorganisationen?\u00a0 - SVEB","isPartOf":{"@id":"https:\/\/alice.ch\/de\/#website"},"primaryImageOfPage":{"@id":"https:\/\/alice.ch\/de\/event\/einsatz-von-ki-wo-stehen-schweizer-weiterbildungsorganisationen\/#primaryimage"},"image":{"@id":"https:\/\/alice.ch\/de\/event\/einsatz-von-ki-wo-stehen-schweizer-weiterbildungsorganisationen\/#primaryimage"},"thumbnailUrl":"https:\/\/alice.ch\/app\/uploads\/2025\/01\/focus-wb-online-ki-wo-stehen-wborganisationen-de-1.jpg","datePublished":"2025-01-14T13:47:55+00:00","dateModified":"2025-03-06T14:56:12+00:00","breadcrumb":{"@id":"https:\/\/alice.ch\/de\/event\/einsatz-von-ki-wo-stehen-schweizer-weiterbildungsorganisationen\/#breadcrumb"},"inLanguage":"de","potentialAction":[{"@type":"ReadAction","target":["https:\/\/alice.ch\/de\/event\/einsatz-von-ki-wo-stehen-schweizer-weiterbildungsorganisationen\/"]}]},{"@type":"ImageObject","inLanguage":"de","@id":"https:\/\/alice.ch\/de\/event\/einsatz-von-ki-wo-stehen-schweizer-weiterbildungsorganisationen\/#primaryimage","url":"https:\/\/alice.ch\/app\/uploads\/2025\/01\/focus-wb-online-ki-wo-stehen-wborganisationen-de-1.jpg","contentUrl":"https:\/\/alice.ch\/app\/uploads\/2025\/01\/focus-wb-online-ki-wo-stehen-wborganisationen-de-1.jpg","width":1542,"height":771},{"@type":"BreadcrumbList","@id":"https:\/\/alice.ch\/de\/event\/einsatz-von-ki-wo-stehen-schweizer-weiterbildungsorganisationen\/#breadcrumb","itemListElement":[{"@type":"ListItem","position":1,"name":"Startseite","item":"https:\/\/alice.ch\/de\/"},{"@type":"ListItem","position":2,"name":"Events","item":"https:\/\/alice.ch\/de\/event\/"},{"@type":"ListItem","position":3,"name":"Einsatz von KI: Wo stehen Schweizer Weiterbildungsorganisationen?\u00a0"}]},{"@type":"WebSite","@id":"https:\/\/alice.ch\/de\/#website","url":"https:\/\/alice.ch\/de\/","name":"alice.ch (Adult Learning Information Center) ist das Portal der Weiterbildung in der Schweiz.","description":"Schweizerischer Verband f\u00fcr Weiterbildung","publisher":{"@id":"https:\/\/alice.ch\/de\/#organization"},"potentialAction":[{"@type":"SearchAction","target":{"@type":"EntryPoint","urlTemplate":"https:\/\/alice.ch\/de\/?s={search_term_string}"},"query-input":{"@type":"PropertyValueSpecification","valueRequired":true,"valueName":"search_term_string"}}],"inLanguage":"de"},{"@type":"Organization","@id":"https:\/\/alice.ch\/de\/#organization","name":"SVEB Schweizerischer Verband f\u00fcr Weiterbildung","url":"https:\/\/alice.ch\/de\/","logo":{"@type":"ImageObject","inLanguage":"de","@id":"https:\/\/alice.ch\/de\/#\/schema\/logo\/image\/","url":"https:\/\/alice.ch\/app\/uploads\/2022\/07\/logo-sveb.png","contentUrl":"https:\/\/alice.ch\/app\/uploads\/2022\/07\/logo-sveb.png","width":145,"height":64,"caption":"SVEB Schweizerischer Verband f\u00fcr Weiterbildung"},"image":{"@id":"https:\/\/alice.ch\/de\/#\/schema\/logo\/image\/"},"sameAs":["https:\/\/www.linkedin.com\/company\/schweizerischer-verband-fr-weiterbildung-sveb\/"]}]}},"_links":{"self":[{"href":"https:\/\/alice.ch\/de\/wp-json\/wp\/v2\/event\/65370","targetHints":{"allow":["GET"]}}],"collection":[{"href":"https:\/\/alice.ch\/de\/wp-json\/wp\/v2\/event"}],"about":[{"href":"https:\/\/alice.ch\/de\/wp-json\/wp\/v2\/types\/event"}],"author":[{"embeddable":true,"href":"https:\/\/alice.ch\/de\/wp-json\/wp\/v2\/users\/31"}],"version-history":[{"count":10,"href":"https:\/\/alice.ch\/de\/wp-json\/wp\/v2\/event\/65370\/revisions"}],"predecessor-version":[{"id":66530,"href":"https:\/\/alice.ch\/de\/wp-json\/wp\/v2\/event\/65370\/revisions\/66530"}],"wp:featuredmedia":[{"embeddable":true,"href":"https:\/\/alice.ch\/de\/wp-json\/wp\/v2\/media\/65453"}],"wp:attachment":[{"href":"https:\/\/alice.ch\/de\/wp-json\/wp\/v2\/media?parent=65370"}],"wp:term":[{"taxonomy":"event-category","embeddable":true,"href":"https:\/\/alice.ch\/de\/wp-json\/wp\/v2\/event-category?post=65370"},{"taxonomy":"event-tag","embeddable":true,"href":"https:\/\/alice.ch\/de\/wp-json\/wp\/v2\/event-tag?post=65370"},{"taxonomy":"event-status","embeddable":true,"href":"https:\/\/alice.ch\/de\/wp-json\/wp\/v2\/event-status?post=65370"},{"taxonomy":"event-language","embeddable":true,"href":"https:\/\/alice.ch\/de\/wp-json\/wp\/v2\/event-language?post=65370"},{"taxonomy":"global-category","embeddable":true,"href":"https:\/\/alice.ch\/de\/wp-json\/wp\/v2\/global-category?post=65370"}],"curies":[{"name":"wp","href":"https:\/\/api.w.org\/{rel}","templated":true}]}}