{"id":65823,"date":"2025-01-29T16:15:34","date_gmt":"2025-01-29T15:15:34","guid":{"rendered":"https:\/\/alice.ch\/?post_type=event&#038;p=65823"},"modified":"2025-01-29T16:24:18","modified_gmt":"2025-01-29T15:24:18","slug":"transnationales-fachgespraech-2025","status":"publish","type":"event","link":"https:\/\/alice.ch\/de\/event\/transnationales-fachgespraech-2025\/","title":{"rendered":"Soziale Gerechtigkeit in der Datengesellschaft \u2013 Chancen und Herausforderungen f\u00fcr die Grund-\/Basisbildung"},"content":{"rendered":"\n<p class=\"is-style-lead\">Die technische Entwicklung erf\u00e4hrt aktuell eine besondere Dynamik. Welche Auswirkungen haben der zunehmende Einfluss von K\u00fcnstlicher Intelligenz und die Automatisierung von Prozessen auf den Bereich der Grund- und Basisbildung? Wie gerecht sind die Zug\u00e4nge zu den Technologien? Welche Chancen er\u00f6ffnen sich dadurch und vor welche Herausforderungen wird die Grund-\/Basisbildungsarbeit gestellt?<\/p>\n\n\n\n<p>Im transnationalen <strong>Online-Fachgespr\u00e4ch \u201eSoziale Gerechtigkeit in der Datengesellschaft \u2013 Chancen und Herausforderungen f\u00fcr die Grund-\/Basisbildung\u201c am Donnerstag, den 6. Februar 2025, 10-13 Uhr <\/strong>wollen wir diese Fragen diskutieren. Das Projekt GrubiNetz steht seit einigen Jahren im regelm\u00e4\u00dfigen transnationalen Austausch mit \u00d6sterreich, Luxemburg und der Schweiz. Die Diskussion wollen wir einem gr\u00f6\u00dferen Fachpublikum \u00f6ffnen und die Perspektiven der beteiligten L\u00e4nder einbringen.<\/p>\n\n\n\n<p>Nach der Begr\u00fc\u00dfung und einem Gru\u00dfwort aus dem Ministerium f\u00fcr Arbeit, Soziales, Transformation und Digitalisierung Rheinland-Pfalz (angefragt) wird Arne Hintz, Mitbegr\u00fcnder und Co-Direktor des Data Justice Lab an der School of Journalism, Media and Culture der Cardiff University, einen Fach-Input \u201eSoziale Gerechtigkeit in der Datengesellschaft\u201c mit Austausch geben.<\/p>\n\n\n\n<p>Danach werden wir in Workshops Chancen und Herausforderungen f\u00fcr die Grund- und Basisbildung diskutieren.<\/p>\n\n\n\n<div class=\"wp-block-buttons is-layout-flex wp-block-buttons-is-layout-flex\">\n<div class=\"wp-block-button is-style-outline is-style-outline--1\"><a class=\"wp-block-button__link wp-element-button\" href=\"https:\/\/www.grubinetz.de\/was-ist-los-im-grubinetz\/aktuelles\/transnationales-fachgespraech-2025\/\" target=\"_blank\" rel=\"noreferrer noopener\">Alle Informationen zu diesem Event<\/a><\/div>\n<\/div>\n\n\n\n<p><\/p>\n","protected":false},"excerpt":{"rendered":"<p>Die technische Entwicklung erf\u00e4hrt aktuell eine besondere Dynamik. Welche Auswirkungen haben der zunehmende Einfluss von K\u00fcnstlicher Intelligenz und die Automatisierung [&hellip;]<\/p>\n","protected":false},"author":5,"featured_media":65824,"template":"","meta":{"_acf_changed":false,"inline_featured_image":false,"footnotes":""},"event-category":[152],"event-tag":[365],"event-status":[200],"event-language":[202],"global-category":[],"class_list":["post-65823","event","type-event","status-publish","has-post-thumbnail","hentry","event-category-externer-event","event-tag-365","event-status-archiv","event-language-deutsch"],"acf":[],"yoast_head":"<!-- This site is optimized with the Yoast SEO plugin v27.3 - https:\/\/yoast.com\/product\/yoast-seo-wordpress\/ -->\n<title>Soziale Gerechtigkeit in der Datengesellschaft \u2013 Chancen und Herausforderungen f\u00fcr die Grund-\/Basisbildung - SVEB<\/title>\n<meta name=\"robots\" content=\"index, follow, max-snippet:-1, max-image-preview:large, max-video-preview:-1\" \/>\n<link rel=\"canonical\" href=\"https:\/\/alice.ch\/de\/event\/transnationales-fachgespraech-2025\/\" \/>\n<meta property=\"og:locale\" content=\"de_DE\" \/>\n<meta property=\"og:type\" content=\"article\" \/>\n<meta property=\"og:title\" content=\"Soziale Gerechtigkeit in der Datengesellschaft \u2013 Chancen und Herausforderungen f\u00fcr die Grund-\/Basisbildung - SVEB\" \/>\n<meta property=\"og:description\" content=\"Die technische Entwicklung erf\u00e4hrt aktuell eine besondere Dynamik. Welche Auswirkungen haben der zunehmende Einfluss von K\u00fcnstlicher Intelligenz und die Automatisierung [&hellip;]\" \/>\n<meta property=\"og:url\" content=\"https:\/\/alice.ch\/de\/event\/transnationales-fachgespraech-2025\/\" \/>\n<meta property=\"og:site_name\" content=\"SVEB\" \/>\n<meta property=\"article:modified_time\" content=\"2025-01-29T15:24:18+00:00\" \/>\n<meta property=\"og:image\" content=\"https:\/\/alice.ch\/app\/uploads\/2025\/01\/grubi-netz.png\" \/>\n\t<meta property=\"og:image:width\" content=\"771\" \/>\n\t<meta property=\"og:image:height\" content=\"385\" \/>\n\t<meta property=\"og:image:type\" content=\"image\/png\" \/>\n<meta name=\"twitter:card\" content=\"summary_large_image\" \/>\n<meta name=\"twitter:label1\" content=\"Gesch\u00e4tzte Lesezeit\" \/>\n\t<meta name=\"twitter:data1\" content=\"1\u00a0Minute\" \/>\n<script type=\"application\/ld+json\" class=\"yoast-schema-graph\">{\"@context\":\"https:\\\/\\\/schema.org\",\"@graph\":[{\"@type\":\"WebPage\",\"@id\":\"https:\\\/\\\/alice.ch\\\/de\\\/event\\\/transnationales-fachgespraech-2025\\\/\",\"url\":\"https:\\\/\\\/alice.ch\\\/de\\\/event\\\/transnationales-fachgespraech-2025\\\/\",\"name\":\"Soziale Gerechtigkeit in der Datengesellschaft \u2013 Chancen und Herausforderungen f\u00fcr die Grund-\\\/Basisbildung - SVEB\",\"isPartOf\":{\"@id\":\"https:\\\/\\\/alice.ch\\\/de\\\/#website\"},\"primaryImageOfPage\":{\"@id\":\"https:\\\/\\\/alice.ch\\\/de\\\/event\\\/transnationales-fachgespraech-2025\\\/#primaryimage\"},\"image\":{\"@id\":\"https:\\\/\\\/alice.ch\\\/de\\\/event\\\/transnationales-fachgespraech-2025\\\/#primaryimage\"},\"thumbnailUrl\":\"https:\\\/\\\/alice.ch\\\/app\\\/uploads\\\/2025\\\/01\\\/grubi-netz.png\",\"datePublished\":\"2025-01-29T15:15:34+00:00\",\"dateModified\":\"2025-01-29T15:24:18+00:00\",\"breadcrumb\":{\"@id\":\"https:\\\/\\\/alice.ch\\\/de\\\/event\\\/transnationales-fachgespraech-2025\\\/#breadcrumb\"},\"inLanguage\":\"de\",\"potentialAction\":[{\"@type\":\"ReadAction\",\"target\":[\"https:\\\/\\\/alice.ch\\\/de\\\/event\\\/transnationales-fachgespraech-2025\\\/\"]}]},{\"@type\":\"ImageObject\",\"inLanguage\":\"de\",\"@id\":\"https:\\\/\\\/alice.ch\\\/de\\\/event\\\/transnationales-fachgespraech-2025\\\/#primaryimage\",\"url\":\"https:\\\/\\\/alice.ch\\\/app\\\/uploads\\\/2025\\\/01\\\/grubi-netz.png\",\"contentUrl\":\"https:\\\/\\\/alice.ch\\\/app\\\/uploads\\\/2025\\\/01\\\/grubi-netz.png\",\"width\":771,\"height\":385},{\"@type\":\"BreadcrumbList\",\"@id\":\"https:\\\/\\\/alice.ch\\\/de\\\/event\\\/transnationales-fachgespraech-2025\\\/#breadcrumb\",\"itemListElement\":[{\"@type\":\"ListItem\",\"position\":1,\"name\":\"Startseite\",\"item\":\"https:\\\/\\\/alice.ch\\\/de\\\/\"},{\"@type\":\"ListItem\",\"position\":2,\"name\":\"Events\",\"item\":\"https:\\\/\\\/alice.ch\\\/de\\\/event\\\/\"},{\"@type\":\"ListItem\",\"position\":3,\"name\":\"Soziale Gerechtigkeit in der Datengesellschaft \u2013 Chancen und Herausforderungen f\u00fcr die Grund-\\\/Basisbildung\"}]},{\"@type\":\"WebSite\",\"@id\":\"https:\\\/\\\/alice.ch\\\/de\\\/#website\",\"url\":\"https:\\\/\\\/alice.ch\\\/de\\\/\",\"name\":\"alice.ch (Adult Learning Information Center) ist das Portal der Weiterbildung in der Schweiz.\",\"description\":\"Schweizerischer Verband f\u00fcr Weiterbildung\",\"publisher\":{\"@id\":\"https:\\\/\\\/alice.ch\\\/de\\\/#organization\"},\"potentialAction\":[{\"@type\":\"SearchAction\",\"target\":{\"@type\":\"EntryPoint\",\"urlTemplate\":\"https:\\\/\\\/alice.ch\\\/de\\\/?s={search_term_string}\"},\"query-input\":{\"@type\":\"PropertyValueSpecification\",\"valueRequired\":true,\"valueName\":\"search_term_string\"}}],\"inLanguage\":\"de\"},{\"@type\":\"Organization\",\"@id\":\"https:\\\/\\\/alice.ch\\\/de\\\/#organization\",\"name\":\"SVEB Schweizerischer Verband f\u00fcr Weiterbildung\",\"url\":\"https:\\\/\\\/alice.ch\\\/de\\\/\",\"logo\":{\"@type\":\"ImageObject\",\"inLanguage\":\"de\",\"@id\":\"https:\\\/\\\/alice.ch\\\/de\\\/#\\\/schema\\\/logo\\\/image\\\/\",\"url\":\"https:\\\/\\\/alice.ch\\\/app\\\/uploads\\\/2022\\\/07\\\/logo-sveb.png\",\"contentUrl\":\"https:\\\/\\\/alice.ch\\\/app\\\/uploads\\\/2022\\\/07\\\/logo-sveb.png\",\"width\":145,\"height\":64,\"caption\":\"SVEB Schweizerischer Verband f\u00fcr Weiterbildung\"},\"image\":{\"@id\":\"https:\\\/\\\/alice.ch\\\/de\\\/#\\\/schema\\\/logo\\\/image\\\/\"},\"sameAs\":[\"https:\\\/\\\/www.linkedin.com\\\/company\\\/schweizerischer-verband-fr-weiterbildung-sveb\\\/\"]}]}<\/script>\n<!-- \/ Yoast SEO plugin. -->","yoast_head_json":{"title":"Soziale Gerechtigkeit in der Datengesellschaft \u2013 Chancen und Herausforderungen f\u00fcr die Grund-\/Basisbildung - SVEB","robots":{"index":"index","follow":"follow","max-snippet":"max-snippet:-1","max-image-preview":"max-image-preview:large","max-video-preview":"max-video-preview:-1"},"canonical":"https:\/\/alice.ch\/de\/event\/transnationales-fachgespraech-2025\/","og_locale":"de_DE","og_type":"article","og_title":"Soziale Gerechtigkeit in der Datengesellschaft \u2013 Chancen und Herausforderungen f\u00fcr die Grund-\/Basisbildung - SVEB","og_description":"Die technische Entwicklung erf\u00e4hrt aktuell eine besondere Dynamik. Welche Auswirkungen haben der zunehmende Einfluss von K\u00fcnstlicher Intelligenz und die Automatisierung [&hellip;]","og_url":"https:\/\/alice.ch\/de\/event\/transnationales-fachgespraech-2025\/","og_site_name":"SVEB","article_modified_time":"2025-01-29T15:24:18+00:00","og_image":[{"width":771,"height":385,"url":"https:\/\/alice.ch\/app\/uploads\/2025\/01\/grubi-netz.png","type":"image\/png"}],"twitter_card":"summary_large_image","twitter_misc":{"Gesch\u00e4tzte Lesezeit":"1\u00a0Minute"},"schema":{"@context":"https:\/\/schema.org","@graph":[{"@type":"WebPage","@id":"https:\/\/alice.ch\/de\/event\/transnationales-fachgespraech-2025\/","url":"https:\/\/alice.ch\/de\/event\/transnationales-fachgespraech-2025\/","name":"Soziale Gerechtigkeit in der Datengesellschaft \u2013 Chancen und Herausforderungen f\u00fcr die Grund-\/Basisbildung - SVEB","isPartOf":{"@id":"https:\/\/alice.ch\/de\/#website"},"primaryImageOfPage":{"@id":"https:\/\/alice.ch\/de\/event\/transnationales-fachgespraech-2025\/#primaryimage"},"image":{"@id":"https:\/\/alice.ch\/de\/event\/transnationales-fachgespraech-2025\/#primaryimage"},"thumbnailUrl":"https:\/\/alice.ch\/app\/uploads\/2025\/01\/grubi-netz.png","datePublished":"2025-01-29T15:15:34+00:00","dateModified":"2025-01-29T15:24:18+00:00","breadcrumb":{"@id":"https:\/\/alice.ch\/de\/event\/transnationales-fachgespraech-2025\/#breadcrumb"},"inLanguage":"de","potentialAction":[{"@type":"ReadAction","target":["https:\/\/alice.ch\/de\/event\/transnationales-fachgespraech-2025\/"]}]},{"@type":"ImageObject","inLanguage":"de","@id":"https:\/\/alice.ch\/de\/event\/transnationales-fachgespraech-2025\/#primaryimage","url":"https:\/\/alice.ch\/app\/uploads\/2025\/01\/grubi-netz.png","contentUrl":"https:\/\/alice.ch\/app\/uploads\/2025\/01\/grubi-netz.png","width":771,"height":385},{"@type":"BreadcrumbList","@id":"https:\/\/alice.ch\/de\/event\/transnationales-fachgespraech-2025\/#breadcrumb","itemListElement":[{"@type":"ListItem","position":1,"name":"Startseite","item":"https:\/\/alice.ch\/de\/"},{"@type":"ListItem","position":2,"name":"Events","item":"https:\/\/alice.ch\/de\/event\/"},{"@type":"ListItem","position":3,"name":"Soziale Gerechtigkeit in der Datengesellschaft \u2013 Chancen und Herausforderungen f\u00fcr die Grund-\/Basisbildung"}]},{"@type":"WebSite","@id":"https:\/\/alice.ch\/de\/#website","url":"https:\/\/alice.ch\/de\/","name":"alice.ch (Adult Learning Information Center) ist das Portal der Weiterbildung in der Schweiz.","description":"Schweizerischer Verband f\u00fcr Weiterbildung","publisher":{"@id":"https:\/\/alice.ch\/de\/#organization"},"potentialAction":[{"@type":"SearchAction","target":{"@type":"EntryPoint","urlTemplate":"https:\/\/alice.ch\/de\/?s={search_term_string}"},"query-input":{"@type":"PropertyValueSpecification","valueRequired":true,"valueName":"search_term_string"}}],"inLanguage":"de"},{"@type":"Organization","@id":"https:\/\/alice.ch\/de\/#organization","name":"SVEB Schweizerischer Verband f\u00fcr Weiterbildung","url":"https:\/\/alice.ch\/de\/","logo":{"@type":"ImageObject","inLanguage":"de","@id":"https:\/\/alice.ch\/de\/#\/schema\/logo\/image\/","url":"https:\/\/alice.ch\/app\/uploads\/2022\/07\/logo-sveb.png","contentUrl":"https:\/\/alice.ch\/app\/uploads\/2022\/07\/logo-sveb.png","width":145,"height":64,"caption":"SVEB Schweizerischer Verband f\u00fcr Weiterbildung"},"image":{"@id":"https:\/\/alice.ch\/de\/#\/schema\/logo\/image\/"},"sameAs":["https:\/\/www.linkedin.com\/company\/schweizerischer-verband-fr-weiterbildung-sveb\/"]}]}},"_links":{"self":[{"href":"https:\/\/alice.ch\/de\/wp-json\/wp\/v2\/event\/65823","targetHints":{"allow":["GET"]}}],"collection":[{"href":"https:\/\/alice.ch\/de\/wp-json\/wp\/v2\/event"}],"about":[{"href":"https:\/\/alice.ch\/de\/wp-json\/wp\/v2\/types\/event"}],"author":[{"embeddable":true,"href":"https:\/\/alice.ch\/de\/wp-json\/wp\/v2\/users\/5"}],"version-history":[{"count":8,"href":"https:\/\/alice.ch\/de\/wp-json\/wp\/v2\/event\/65823\/revisions"}],"predecessor-version":[{"id":65836,"href":"https:\/\/alice.ch\/de\/wp-json\/wp\/v2\/event\/65823\/revisions\/65836"}],"wp:featuredmedia":[{"embeddable":true,"href":"https:\/\/alice.ch\/de\/wp-json\/wp\/v2\/media\/65824"}],"wp:attachment":[{"href":"https:\/\/alice.ch\/de\/wp-json\/wp\/v2\/media?parent=65823"}],"wp:term":[{"taxonomy":"event-category","embeddable":true,"href":"https:\/\/alice.ch\/de\/wp-json\/wp\/v2\/event-category?post=65823"},{"taxonomy":"event-tag","embeddable":true,"href":"https:\/\/alice.ch\/de\/wp-json\/wp\/v2\/event-tag?post=65823"},{"taxonomy":"event-status","embeddable":true,"href":"https:\/\/alice.ch\/de\/wp-json\/wp\/v2\/event-status?post=65823"},{"taxonomy":"event-language","embeddable":true,"href":"https:\/\/alice.ch\/de\/wp-json\/wp\/v2\/event-language?post=65823"},{"taxonomy":"global-category","embeddable":true,"href":"https:\/\/alice.ch\/de\/wp-json\/wp\/v2\/global-category?post=65823"}],"curies":[{"name":"wp","href":"https:\/\/api.w.org\/{rel}","templated":true}]}}