{"id":66289,"date":"2025-02-25T16:38:51","date_gmt":"2025-02-25T15:38:51","guid":{"rendered":"https:\/\/alice.ch\/?post_type=event&#038;p=66289"},"modified":"2025-05-26T14:46:39","modified_gmt":"2025-05-26T12:46:39","slug":"kuenstliche-intelligenz-und-grundkompetenzen","status":"publish","type":"event","link":"https:\/\/alice.ch\/de\/event\/kuenstliche-intelligenz-und-grundkompetenzen\/","title":{"rendered":"AUSGEBUCHT: K\u00fcnstliche Intelligenz und Grundkompetenzen"},"content":{"rendered":"\n<h2 class=\"wp-block-heading\">Wie ver\u00e4ndert K\u00fcnstliche Intelligenz (KI) den Bildungsbereich Grundkompetenzen?<\/h2>\n\n\n\n<p>K\u00fcnstliche Intelligenz ist l\u00e4ngst Teil unseres Alltags \u2013 doch welche Auswirkungen hat sie auf die Grundkompetenzen wie Lesen, Schreiben, Rechnen und digitale Kompetenz?&nbsp;<\/p>\n\n\n\n<p>In diesem Workshop werfen wir einen Blick auf die Chancen und Herausforderungen von KI im Grundkompetenzbereich.&nbsp;<\/p>\n\n\n\n<p>Wir reflektieren, wie sich Lernprozesse ver\u00e4ndern, welche Kompetenzen f\u00fcr Lehrpersonen und Lernende an Bedeutung gewinnen und wo Grenzen und ethische Fragen liegen.<\/p>\n\n\n\n<p><strong>Inhalte und Ziele:<\/strong><\/p>\n\n\n\n<ul class=\"wp-block-list\">\n<li><strong>KI und Grundkompetenzen im Wandel:<\/strong>&nbsp;Wie beeinflusst KI das Lesen, Schreiben, Rechnen und digitale Kompetenzen?<\/li>\n\n\n\n<li><strong>Ver\u00e4nderte Lern- und Lehrprozesse:<\/strong>&nbsp;Welche neuen Anforderungen ergeben sich f\u00fcr Lehrpersonen und Lernende?<\/li>\n\n\n\n<li><strong>Ethische Fragen und Grenzen:<\/strong>&nbsp;Wie gehen wir mit Bias, Datenschutz und der Rolle des Menschen in der Bildung um?<\/li>\n\n\n\n<li><strong>Praktische \u00dcbungen und interaktive Lernmethoden:<\/strong>&nbsp;Hands-on-Tests von KI-Tools, Gruppenarbeiten und Diskussionen<\/li>\n<\/ul>\n\n\n\n<p><strong>Zielgruppe:<\/strong><\/p>\n\n\n\n<ul class=\"wp-block-list\">\n<li>Fachpersonen aus dem Bildungsbereich Grundkompetenzen (z. B. Kursleitende, Bildungsplanende)<\/li>\n\n\n\n<li>Alle, die sich mit der Digitalisierung der Bildung auseinandersetzen<\/li>\n<\/ul>\n\n\n\n<p>Workshopleitung durch Sabrina di Bella von&nbsp;<a href=\"https:\/\/www.akrotea.ch\/\" target=\"_blank\" rel=\"noreferrer noopener\">Akrotea.ch<\/a>.<\/p>\n\n\n\n<p>Bei Fragen k\u00f6nnen Sie uns per <a href=\"mailto:events@alice.ch\" target=\"_blank\" rel=\"noreferrer noopener\">E-Mail<\/a> (events@alice.ch) kontaktieren.<\/p>\n\n\n\n<div class=\"wp-block-buttons is-layout-flex wp-block-buttons-is-layout-flex\">\n<div class=\"wp-block-button has-custom-width wp-block-button__width-100 is-style-fill\"><a class=\"wp-block-button__link has-background-color has-text-color has-background has-link-color wp-element-button\" style=\"background-color:#7e71bc\">WORKSHOP AUSGEBUCHT<\/a><\/div>\n<\/div>\n\n\n\n<h2 class=\"wp-block-heading\">Pr\u00e4sentation<\/h2>\n\n\n\n<div class=\"wp-block-file\"><a id=\"wp-block-file--media-3b132011-08b4-4c2f-80f0-8ea12b046734\" href=\"https:\/\/alice.ch\/app\/uploads\/2025\/02\/230525-ki-gk-akrotea.pdf\">Pr\u00e4sentation: K\u00fcnstliche Intelligenz und Grundkompetenzen<br>Sabrina di Bella, Akrotea.ch GmbH<br \/>PDF &#8211; 13 MB<\/a><a href=\"https:\/\/alice.ch\/app\/uploads\/2025\/02\/230525-ki-gk-akrotea.pdf\" class=\"wp-block-file__button wp-element-button\" download aria-describedby=\"wp-block-file--media-3b132011-08b4-4c2f-80f0-8ea12b046734\">Herunterladen<br \/>PDF &#8211; 13 MB<\/a><\/div>\n","protected":false},"excerpt":{"rendered":"<p>Wie ver\u00e4ndert K\u00fcnstliche Intelligenz (KI) den Bildungsbereich Grundkompetenzen? K\u00fcnstliche Intelligenz ist l\u00e4ngst Teil unseres Alltags \u2013 doch welche Auswirkungen hat [&hellip;]<\/p>\n","protected":false},"author":31,"featured_media":66321,"template":"","meta":{"_acf_changed":false,"inline_featured_image":false,"footnotes":""},"event-category":[24],"event-tag":[365],"event-status":[200],"event-language":[202],"global-category":[49,366],"class_list":["post-66289","event","type-event","status-publish","has-post-thumbnail","hentry","event-category-sveb-kooperation-events","event-tag-365","event-status-archiv","event-language-deutsch","global-category-grundkompetenzen","global-category-ki-in-der-weiterbildung"],"acf":[],"yoast_head":"<!-- This site is optimized with the Yoast SEO plugin v27.3 - https:\/\/yoast.com\/product\/yoast-seo-wordpress\/ -->\n<title>AUSGEBUCHT: K\u00fcnstliche Intelligenz und Grundkompetenzen - SVEB<\/title>\n<meta name=\"robots\" content=\"index, follow, max-snippet:-1, max-image-preview:large, max-video-preview:-1\" \/>\n<link rel=\"canonical\" href=\"https:\/\/alice.ch\/de\/event\/kuenstliche-intelligenz-und-grundkompetenzen\/\" \/>\n<meta property=\"og:locale\" content=\"de_DE\" \/>\n<meta property=\"og:type\" content=\"article\" \/>\n<meta property=\"og:title\" content=\"AUSGEBUCHT: K\u00fcnstliche Intelligenz und Grundkompetenzen - SVEB\" \/>\n<meta property=\"og:description\" content=\"Wie ver\u00e4ndert K\u00fcnstliche Intelligenz (KI) den Bildungsbereich Grundkompetenzen? K\u00fcnstliche Intelligenz ist l\u00e4ngst Teil unseres Alltags \u2013 doch welche Auswirkungen hat [&hellip;]\" \/>\n<meta property=\"og:url\" content=\"https:\/\/alice.ch\/de\/event\/kuenstliche-intelligenz-und-grundkompetenzen\/\" \/>\n<meta property=\"og:site_name\" content=\"SVEB\" \/>\n<meta property=\"article:modified_time\" content=\"2025-05-26T12:46:39+00:00\" \/>\n<meta property=\"og:image\" content=\"https:\/\/alice.ch\/app\/uploads\/2025\/02\/ki-workshop-gk-25.png\" \/>\n\t<meta property=\"og:image:width\" content=\"771\" \/>\n\t<meta property=\"og:image:height\" content=\"385\" \/>\n\t<meta property=\"og:image:type\" content=\"image\/png\" \/>\n<meta name=\"twitter:card\" content=\"summary_large_image\" \/>\n<meta name=\"twitter:label1\" content=\"Gesch\u00e4tzte Lesezeit\" \/>\n\t<meta name=\"twitter:data1\" content=\"1\u00a0Minute\" \/>\n<script type=\"application\/ld+json\" class=\"yoast-schema-graph\">{\"@context\":\"https:\\\/\\\/schema.org\",\"@graph\":[{\"@type\":\"WebPage\",\"@id\":\"https:\\\/\\\/alice.ch\\\/de\\\/event\\\/kuenstliche-intelligenz-und-grundkompetenzen\\\/\",\"url\":\"https:\\\/\\\/alice.ch\\\/de\\\/event\\\/kuenstliche-intelligenz-und-grundkompetenzen\\\/\",\"name\":\"AUSGEBUCHT: K\u00fcnstliche Intelligenz und Grundkompetenzen - SVEB\",\"isPartOf\":{\"@id\":\"https:\\\/\\\/alice.ch\\\/de\\\/#website\"},\"primaryImageOfPage\":{\"@id\":\"https:\\\/\\\/alice.ch\\\/de\\\/event\\\/kuenstliche-intelligenz-und-grundkompetenzen\\\/#primaryimage\"},\"image\":{\"@id\":\"https:\\\/\\\/alice.ch\\\/de\\\/event\\\/kuenstliche-intelligenz-und-grundkompetenzen\\\/#primaryimage\"},\"thumbnailUrl\":\"https:\\\/\\\/alice.ch\\\/app\\\/uploads\\\/2025\\\/02\\\/ki-workshop-gk-25.png\",\"datePublished\":\"2025-02-25T15:38:51+00:00\",\"dateModified\":\"2025-05-26T12:46:39+00:00\",\"breadcrumb\":{\"@id\":\"https:\\\/\\\/alice.ch\\\/de\\\/event\\\/kuenstliche-intelligenz-und-grundkompetenzen\\\/#breadcrumb\"},\"inLanguage\":\"de\",\"potentialAction\":[{\"@type\":\"ReadAction\",\"target\":[\"https:\\\/\\\/alice.ch\\\/de\\\/event\\\/kuenstliche-intelligenz-und-grundkompetenzen\\\/\"]}]},{\"@type\":\"ImageObject\",\"inLanguage\":\"de\",\"@id\":\"https:\\\/\\\/alice.ch\\\/de\\\/event\\\/kuenstliche-intelligenz-und-grundkompetenzen\\\/#primaryimage\",\"url\":\"https:\\\/\\\/alice.ch\\\/app\\\/uploads\\\/2025\\\/02\\\/ki-workshop-gk-25.png\",\"contentUrl\":\"https:\\\/\\\/alice.ch\\\/app\\\/uploads\\\/2025\\\/02\\\/ki-workshop-gk-25.png\",\"width\":771,\"height\":385},{\"@type\":\"BreadcrumbList\",\"@id\":\"https:\\\/\\\/alice.ch\\\/de\\\/event\\\/kuenstliche-intelligenz-und-grundkompetenzen\\\/#breadcrumb\",\"itemListElement\":[{\"@type\":\"ListItem\",\"position\":1,\"name\":\"Startseite\",\"item\":\"https:\\\/\\\/alice.ch\\\/de\\\/\"},{\"@type\":\"ListItem\",\"position\":2,\"name\":\"Events\",\"item\":\"https:\\\/\\\/alice.ch\\\/de\\\/event\\\/\"},{\"@type\":\"ListItem\",\"position\":3,\"name\":\"AUSGEBUCHT: K\u00fcnstliche Intelligenz und Grundkompetenzen\"}]},{\"@type\":\"WebSite\",\"@id\":\"https:\\\/\\\/alice.ch\\\/de\\\/#website\",\"url\":\"https:\\\/\\\/alice.ch\\\/de\\\/\",\"name\":\"alice.ch (Adult Learning Information Center) ist das Portal der Weiterbildung in der Schweiz.\",\"description\":\"Schweizerischer Verband f\u00fcr Weiterbildung\",\"publisher\":{\"@id\":\"https:\\\/\\\/alice.ch\\\/de\\\/#organization\"},\"potentialAction\":[{\"@type\":\"SearchAction\",\"target\":{\"@type\":\"EntryPoint\",\"urlTemplate\":\"https:\\\/\\\/alice.ch\\\/de\\\/?s={search_term_string}\"},\"query-input\":{\"@type\":\"PropertyValueSpecification\",\"valueRequired\":true,\"valueName\":\"search_term_string\"}}],\"inLanguage\":\"de\"},{\"@type\":\"Organization\",\"@id\":\"https:\\\/\\\/alice.ch\\\/de\\\/#organization\",\"name\":\"SVEB Schweizerischer Verband f\u00fcr Weiterbildung\",\"url\":\"https:\\\/\\\/alice.ch\\\/de\\\/\",\"logo\":{\"@type\":\"ImageObject\",\"inLanguage\":\"de\",\"@id\":\"https:\\\/\\\/alice.ch\\\/de\\\/#\\\/schema\\\/logo\\\/image\\\/\",\"url\":\"https:\\\/\\\/alice.ch\\\/app\\\/uploads\\\/2022\\\/07\\\/logo-sveb.png\",\"contentUrl\":\"https:\\\/\\\/alice.ch\\\/app\\\/uploads\\\/2022\\\/07\\\/logo-sveb.png\",\"width\":145,\"height\":64,\"caption\":\"SVEB Schweizerischer Verband f\u00fcr Weiterbildung\"},\"image\":{\"@id\":\"https:\\\/\\\/alice.ch\\\/de\\\/#\\\/schema\\\/logo\\\/image\\\/\"},\"sameAs\":[\"https:\\\/\\\/www.linkedin.com\\\/company\\\/schweizerischer-verband-fr-weiterbildung-sveb\\\/\"]}]}<\/script>\n<!-- \/ Yoast SEO plugin. -->","yoast_head_json":{"title":"AUSGEBUCHT: K\u00fcnstliche Intelligenz und Grundkompetenzen - SVEB","robots":{"index":"index","follow":"follow","max-snippet":"max-snippet:-1","max-image-preview":"max-image-preview:large","max-video-preview":"max-video-preview:-1"},"canonical":"https:\/\/alice.ch\/de\/event\/kuenstliche-intelligenz-und-grundkompetenzen\/","og_locale":"de_DE","og_type":"article","og_title":"AUSGEBUCHT: K\u00fcnstliche Intelligenz und Grundkompetenzen - SVEB","og_description":"Wie ver\u00e4ndert K\u00fcnstliche Intelligenz (KI) den Bildungsbereich Grundkompetenzen? K\u00fcnstliche Intelligenz ist l\u00e4ngst Teil unseres Alltags \u2013 doch welche Auswirkungen hat [&hellip;]","og_url":"https:\/\/alice.ch\/de\/event\/kuenstliche-intelligenz-und-grundkompetenzen\/","og_site_name":"SVEB","article_modified_time":"2025-05-26T12:46:39+00:00","og_image":[{"width":771,"height":385,"url":"https:\/\/alice.ch\/app\/uploads\/2025\/02\/ki-workshop-gk-25.png","type":"image\/png"}],"twitter_card":"summary_large_image","twitter_misc":{"Gesch\u00e4tzte Lesezeit":"1\u00a0Minute"},"schema":{"@context":"https:\/\/schema.org","@graph":[{"@type":"WebPage","@id":"https:\/\/alice.ch\/de\/event\/kuenstliche-intelligenz-und-grundkompetenzen\/","url":"https:\/\/alice.ch\/de\/event\/kuenstliche-intelligenz-und-grundkompetenzen\/","name":"AUSGEBUCHT: K\u00fcnstliche Intelligenz und Grundkompetenzen - SVEB","isPartOf":{"@id":"https:\/\/alice.ch\/de\/#website"},"primaryImageOfPage":{"@id":"https:\/\/alice.ch\/de\/event\/kuenstliche-intelligenz-und-grundkompetenzen\/#primaryimage"},"image":{"@id":"https:\/\/alice.ch\/de\/event\/kuenstliche-intelligenz-und-grundkompetenzen\/#primaryimage"},"thumbnailUrl":"https:\/\/alice.ch\/app\/uploads\/2025\/02\/ki-workshop-gk-25.png","datePublished":"2025-02-25T15:38:51+00:00","dateModified":"2025-05-26T12:46:39+00:00","breadcrumb":{"@id":"https:\/\/alice.ch\/de\/event\/kuenstliche-intelligenz-und-grundkompetenzen\/#breadcrumb"},"inLanguage":"de","potentialAction":[{"@type":"ReadAction","target":["https:\/\/alice.ch\/de\/event\/kuenstliche-intelligenz-und-grundkompetenzen\/"]}]},{"@type":"ImageObject","inLanguage":"de","@id":"https:\/\/alice.ch\/de\/event\/kuenstliche-intelligenz-und-grundkompetenzen\/#primaryimage","url":"https:\/\/alice.ch\/app\/uploads\/2025\/02\/ki-workshop-gk-25.png","contentUrl":"https:\/\/alice.ch\/app\/uploads\/2025\/02\/ki-workshop-gk-25.png","width":771,"height":385},{"@type":"BreadcrumbList","@id":"https:\/\/alice.ch\/de\/event\/kuenstliche-intelligenz-und-grundkompetenzen\/#breadcrumb","itemListElement":[{"@type":"ListItem","position":1,"name":"Startseite","item":"https:\/\/alice.ch\/de\/"},{"@type":"ListItem","position":2,"name":"Events","item":"https:\/\/alice.ch\/de\/event\/"},{"@type":"ListItem","position":3,"name":"AUSGEBUCHT: K\u00fcnstliche Intelligenz und Grundkompetenzen"}]},{"@type":"WebSite","@id":"https:\/\/alice.ch\/de\/#website","url":"https:\/\/alice.ch\/de\/","name":"alice.ch (Adult Learning Information Center) ist das Portal der Weiterbildung in der Schweiz.","description":"Schweizerischer Verband f\u00fcr Weiterbildung","publisher":{"@id":"https:\/\/alice.ch\/de\/#organization"},"potentialAction":[{"@type":"SearchAction","target":{"@type":"EntryPoint","urlTemplate":"https:\/\/alice.ch\/de\/?s={search_term_string}"},"query-input":{"@type":"PropertyValueSpecification","valueRequired":true,"valueName":"search_term_string"}}],"inLanguage":"de"},{"@type":"Organization","@id":"https:\/\/alice.ch\/de\/#organization","name":"SVEB Schweizerischer Verband f\u00fcr Weiterbildung","url":"https:\/\/alice.ch\/de\/","logo":{"@type":"ImageObject","inLanguage":"de","@id":"https:\/\/alice.ch\/de\/#\/schema\/logo\/image\/","url":"https:\/\/alice.ch\/app\/uploads\/2022\/07\/logo-sveb.png","contentUrl":"https:\/\/alice.ch\/app\/uploads\/2022\/07\/logo-sveb.png","width":145,"height":64,"caption":"SVEB Schweizerischer Verband f\u00fcr Weiterbildung"},"image":{"@id":"https:\/\/alice.ch\/de\/#\/schema\/logo\/image\/"},"sameAs":["https:\/\/www.linkedin.com\/company\/schweizerischer-verband-fr-weiterbildung-sveb\/"]}]}},"_links":{"self":[{"href":"https:\/\/alice.ch\/de\/wp-json\/wp\/v2\/event\/66289","targetHints":{"allow":["GET"]}}],"collection":[{"href":"https:\/\/alice.ch\/de\/wp-json\/wp\/v2\/event"}],"about":[{"href":"https:\/\/alice.ch\/de\/wp-json\/wp\/v2\/types\/event"}],"author":[{"embeddable":true,"href":"https:\/\/alice.ch\/de\/wp-json\/wp\/v2\/users\/31"}],"version-history":[{"count":11,"href":"https:\/\/alice.ch\/de\/wp-json\/wp\/v2\/event\/66289\/revisions"}],"predecessor-version":[{"id":68554,"href":"https:\/\/alice.ch\/de\/wp-json\/wp\/v2\/event\/66289\/revisions\/68554"}],"wp:featuredmedia":[{"embeddable":true,"href":"https:\/\/alice.ch\/de\/wp-json\/wp\/v2\/media\/66321"}],"wp:attachment":[{"href":"https:\/\/alice.ch\/de\/wp-json\/wp\/v2\/media?parent=66289"}],"wp:term":[{"taxonomy":"event-category","embeddable":true,"href":"https:\/\/alice.ch\/de\/wp-json\/wp\/v2\/event-category?post=66289"},{"taxonomy":"event-tag","embeddable":true,"href":"https:\/\/alice.ch\/de\/wp-json\/wp\/v2\/event-tag?post=66289"},{"taxonomy":"event-status","embeddable":true,"href":"https:\/\/alice.ch\/de\/wp-json\/wp\/v2\/event-status?post=66289"},{"taxonomy":"event-language","embeddable":true,"href":"https:\/\/alice.ch\/de\/wp-json\/wp\/v2\/event-language?post=66289"},{"taxonomy":"global-category","embeddable":true,"href":"https:\/\/alice.ch\/de\/wp-json\/wp\/v2\/global-category?post=66289"}],"curies":[{"name":"wp","href":"https:\/\/api.w.org\/{rel}","templated":true}]}}