{"id":66525,"date":"2025-03-06T17:23:08","date_gmt":"2025-03-06T16:23:08","guid":{"rendered":"https:\/\/alice.ch\/?post_type=event&#038;p=66525"},"modified":"2025-06-10T11:45:41","modified_gmt":"2025-06-10T09:45:41","slug":"go-weiterbildung-2025-modul-2","status":"publish","type":"event","link":"https:\/\/alice.ch\/de\/event\/go-weiterbildung-2025-modul-2\/","title":{"rendered":"AUSGEBUCHT: GO-Weiterbildung 2025: Modul 2"},"content":{"rendered":"\n<h2 class=\"wp-block-heading\">F\u00f6rderung von Grundkompetenzen wie Lesen, Schreiben, Computer, Rechnen und Sprache: Von der Akquise bis zur Umsetzung von praxisorientierten Kursen<\/h2>\n\n\n\n<p>Viele Betriebe wissen nicht, dass sie die Grundkompetenzen ihrer Mitarbeitenden am Arbeitsplatz mit finanzieller Unterst\u00fctzung des Staates f\u00f6rdern k\u00f6nnen. Mit dem <a href=\"https:\/\/alice.ch\/de\/themen\/grundkompetenzen\/go-upskilling-am-arbeitsplatz\/go-weiterbildung\/\" target=\"_blank\" rel=\"noreferrer noopener\">GO-Modell<\/a> haben Anbietende eine erprobte Methode, um Interessierten das Vorgehen aufzuzeigen, den konkreten Bedarf zu erfassen, den Kurs zu entwickeln, umzusetzen und die Zusammenarbeit mit dem Betrieb zu gestalten.<\/p>\n\n\n\n<p>Vier Module f\u00fchren handlungsorientiert durch das GO-Modell. <\/p>\n\n\n\n<div class=\"wp-block-buttons is-layout-flex wp-block-buttons-is-layout-flex\">\n<div class=\"wp-block-button has-custom-width wp-block-button__width-50 is-style-outline is-style-outline--1\"><a class=\"wp-block-button__link wp-element-button\" href=\"https:\/\/alice.ch\/de\/themen\/grundkompetenzen\/go-upskilling-am-arbeitsplatz\/go-weiterbildung\/\">\u00dcbersicht GO-Weiterbildung<\/a><\/div>\n<\/div>\n\n\n\n<h2 class=\"wp-block-heading\">Modul 2: Von der Akquise zur Gesuchstellung&nbsp;&nbsp;<\/h2>\n\n\n\n<p><strong>Positionierung des Moduls innerhalb der Weiterbildung&nbsp;<\/strong><br>Akquise macht Spass: Modul 2 fokussiert sich auf die Gewinnung neuer Kundinnen und Kunden. Mit vielen praktischen \u00dcbungen und Beispielen erarbeiten die Teilnehmenden Strategien, wie sie Unternehmen f\u00fcr ihre Angebote begeistern k\u00f6nnen. Ausserdem erfahren sie, welche Voraussetzungen f\u00fcr eine Mitfinanzierung vom Bund erf\u00fcllt sein m\u00fcssen und was sie bei der Kalkulation von Bildungsmassnahmen beachtet sollten.&nbsp;<\/p>\n\n\n\n<p><strong>Zielgruppen<\/strong><\/p>\n\n\n\n<ul class=\"wp-block-list\">\n<li>T\u00fcr\u00f6ffnerinnen und T\u00fcr\u00f6ffner<\/li>\n\n\n\n<li>Verantwortliche f\u00fcr Akquise und\/oder Programmplanung<\/li>\n<\/ul>\n\n\n\n<p><strong>Ziele<\/strong><br>Die Teilnehmenden des Moduls<\/p>\n\n\n\n<ul class=\"wp-block-list\">\n<li>kennen den Nutzen der F\u00f6rderung der Grundkompetenzen und k\u00f6nnen diesen den Betrieben entsprechend ihren Bed\u00fcrfnissen aufzeigen,&nbsp;<\/li>\n\n\n\n<li>kennen den Unterschied zwischen Kalt- und Warmakquise und wissen, wie sie ihr Netzwerk nutzen und erweitern k\u00f6nnen,&nbsp;<\/li>\n\n\n\n<li>kennen die Schl\u00fcsselpunkte der Finanzierung, um die Kurse kostendeckend zu kalkulieren,&nbsp;<\/li>\n\n\n\n<li>kennen die Voraussetzungen vom Bund, damit die Kurse mitfinanziert werden und wissen, worauf sie beim Ausf\u00fcllen der Gesuche achten m\u00fcssen.&nbsp;<\/li>\n<\/ul>\n\n\n\n<p><strong>Inhalte <\/strong><\/p>\n\n\n\n<ul class=\"wp-block-list\">\n<li>Bedarfsorientierte Akquise von Neukunden&nbsp;<\/li>\n\n\n\n<li>Netzwerke erweitern und pflegen&nbsp;<\/li>\n\n\n\n<li>F\u00f6rderstrukturen: Finanzierung, Akteure, Kriterien, Gesuchstellung&nbsp;<\/li>\n<\/ul>\n\n\n\n<p><strong>Durchf\u00fchrung<\/strong>&nbsp;<br>Pr\u00e4senzveranstaltung<br><strong>05. Juni 2025<\/strong><br>9.15 &#8211; 16.30 Uhr&nbsp;<br>XUND Bildungszentrum Zentralschweiz, Kantonsspital 46, 6000 Luzern 16<\/p>\n\n\n\n<p><strong><strong>GO-Trainerin<\/strong>&nbsp;&nbsp;<\/strong>&nbsp;<br>Laetitia Hardegger, Trainerin f\u00fcr Akquise und Kommunikation&nbsp;<\/p>\n\n\n\n<h2 class=\"wp-block-heading\">Dokumente<\/h2>\n\n\n\n<div class=\"wp-block-columns is-layout-flex wp-container-core-columns-is-layout-28f84493 wp-block-columns-is-layout-flex\">\n<div class=\"wp-block-column is-layout-flow wp-block-column-is-layout-flow\">\n<div class=\"wp-block-file\"><a id=\"wp-block-file--media-feb21fee-2a8e-4d29-953b-d1a00ffdf02a\" href=\"https:\/\/alice.ch\/app\/uploads\/2025\/03\/go-weiterbildung-2025.pdf\">GO-Weiterbildung \u00dcbersicht<br \/>PDF &#8211; 156 KB<\/a><a href=\"https:\/\/alice.ch\/app\/uploads\/2025\/03\/go-weiterbildung-2025.pdf\" class=\"wp-block-file__button wp-element-button\" download aria-describedby=\"wp-block-file--media-feb21fee-2a8e-4d29-953b-d1a00ffdf02a\">Herunterladen<br \/>PDF &#8211; 156 KB<\/a><\/div>\n<\/div>\n\n\n\n<div class=\"wp-block-column is-layout-flow wp-block-column-is-layout-flow\"><\/div>\n<\/div>\n\n\n\n<div class=\"wp-block-buttons has-background is-content-justification-center is-layout-flex wp-container-core-buttons-is-layout-a89b3969 wp-block-buttons-is-layout-flex\" style=\"background-color:#71be89\">\n<div class=\"wp-block-button is-style-fill\"><a class=\"wp-block-button__link has-background-color has-text-color has-background has-link-color wp-element-button\" style=\"background-color:#71be89\">WEITERBILDUNG AUSGEBUCHT<\/a><\/div>\n<\/div>\n\n\n\n<p>Die Veranstaltung ist derzeit ausgebucht. Wenn Sie auf die Warteliste m\u00f6chten, schreiben Sie uns bitte eine E-Mail an <a href=\"mailto:events@alice.ch\" target=\"_blank\" rel=\"noreferrer noopener\">events@alice.ch<\/a>. Wir benachrichtigen Sie, sobald ein Platz frei wird.<\/p>\n\n\n\n<h2 class=\"wp-block-heading\">Unterlagen<\/h2>\n\n\n\n<div class=\"wp-block-columns is-layout-flex wp-container-core-columns-is-layout-28f84493 wp-block-columns-is-layout-flex\">\n<div class=\"wp-block-column is-layout-flow wp-block-column-is-layout-flow\">\n<div class=\"wp-block-file is-style-default\"><a id=\"wp-block-file--media-751fcd2d-0742-4150-9025-557baf326d88\" href=\"https:\/\/alice.ch\/app\/uploads\/2025\/03\/050625-GO-WB-M2-Akquise.pdf\" target=\"_blank\" rel=\"noreferrer noopener\">Pr\u00e4sentation: Akquise<br>Laetitia Hardegger<br \/>PDF &#8211; 1 MB<\/a><a href=\"https:\/\/alice.ch\/app\/uploads\/2025\/03\/050625-GO-WB-M2-Akquise.pdf\" class=\"wp-block-file__button wp-element-button\" download aria-describedby=\"wp-block-file--media-751fcd2d-0742-4150-9025-557baf326d88\">Herunterladen<br \/>PDF &#8211; 1 MB<\/a><\/div>\n\n\n\n<div class=\"wp-block-file\"><a id=\"wp-block-file--media-09f9a475-82ff-4be8-93b2-6b734c63b472\" href=\"https:\/\/alice.ch\/app\/uploads\/2025\/03\/050625-GO-WB-M2-SBFI-Einfach-besser.am-Arbeitsplatz.pdf\">Pr\u00e4sentation: F\u00f6rderprogramm \u00abEinfach besser! \u2026 am Arbeitsplatz\u00bb <br \/>PDF &#8211; 1 MB<\/a><a href=\"https:\/\/alice.ch\/app\/uploads\/2025\/03\/050625-GO-WB-M2-SBFI-Einfach-besser.am-Arbeitsplatz.pdf\" class=\"wp-block-file__button wp-element-button\" download aria-describedby=\"wp-block-file--media-09f9a475-82ff-4be8-93b2-6b734c63b472\">Herunterladen<br \/>PDF &#8211; 1 MB<\/a><\/div>\n<\/div>\n\n\n\n<div class=\"wp-block-column is-layout-flow wp-block-column-is-layout-flow\">\n<div class=\"wp-block-file\"><a id=\"wp-block-file--media-ed23863c-f349-4087-bbc4-e4ce8babb27c\" href=\"https:\/\/alice.ch\/app\/uploads\/2025\/03\/050625-GO-WB-M2-Pitchen-To-do-Liste.pdf\">Dokument: Erfolgreich Pitchen <br>To-do-Liste<br \/>PDF &#8211; 49 KB<\/a><a href=\"https:\/\/alice.ch\/app\/uploads\/2025\/03\/050625-GO-WB-M2-Pitchen-To-do-Liste.pdf\" class=\"wp-block-file__button wp-element-button\" download aria-describedby=\"wp-block-file--media-ed23863c-f349-4087-bbc4-e4ce8babb27c\">Herunterladen<br \/>PDF &#8211; 49 KB<\/a><\/div>\n\n\n\n<div class=\"wp-block-file\"><a id=\"wp-block-file--media-930733c5-b97a-4e01-bc43-781d2ee523a7\" href=\"https:\/\/alice.ch\/app\/uploads\/2025\/03\/050625-GO-WB-M2-Checkliste-fuer-Betriebe.pdf\">Dokument: Checkliste f\u00fcr Betriebe<br \/>PDF &#8211; 106 KB<\/a><a href=\"https:\/\/alice.ch\/app\/uploads\/2025\/03\/050625-GO-WB-M2-Checkliste-fuer-Betriebe.pdf\" class=\"wp-block-file__button wp-element-button\" download aria-describedby=\"wp-block-file--media-930733c5-b97a-4e01-bc43-781d2ee523a7\">Herunterladen<br \/>PDF &#8211; 106 KB<\/a><\/div>\n<\/div>\n<\/div>\n\n\n\n<p><\/p>\n","protected":false},"excerpt":{"rendered":"<p>F\u00f6rderung von Grundkompetenzen wie Lesen, Schreiben, Computer, Rechnen und Sprache: Von der Akquise bis zur Umsetzung von praxisorientierten Kursen Viele [&hellip;]<\/p>\n","protected":false},"author":31,"featured_media":66548,"template":"","meta":{"_acf_changed":false,"inline_featured_image":false,"footnotes":""},"event-category":[24],"event-tag":[365],"event-status":[200],"event-language":[202],"global-category":[49],"class_list":["post-66525","event","type-event","status-publish","has-post-thumbnail","hentry","event-category-sveb-kooperation-events","event-tag-365","event-status-archiv","event-language-deutsch","global-category-grundkompetenzen"],"acf":[],"yoast_head":"<!-- This site is optimized with the Yoast SEO plugin v27.3 - https:\/\/yoast.com\/product\/yoast-seo-wordpress\/ -->\n<title>AUSGEBUCHT: GO-Weiterbildung 2025: Modul 2 - SVEB<\/title>\n<meta name=\"robots\" content=\"index, follow, max-snippet:-1, max-image-preview:large, max-video-preview:-1\" \/>\n<link rel=\"canonical\" href=\"https:\/\/alice.ch\/de\/event\/go-weiterbildung-2025-modul-2\/\" \/>\n<meta property=\"og:locale\" content=\"de_DE\" \/>\n<meta property=\"og:type\" content=\"article\" \/>\n<meta property=\"og:title\" content=\"AUSGEBUCHT: GO-Weiterbildung 2025: Modul 2 - SVEB\" \/>\n<meta property=\"og:description\" content=\"F\u00f6rderung von Grundkompetenzen wie Lesen, Schreiben, Computer, Rechnen und Sprache: Von der Akquise bis zur Umsetzung von praxisorientierten Kursen Viele [&hellip;]\" \/>\n<meta property=\"og:url\" content=\"https:\/\/alice.ch\/de\/event\/go-weiterbildung-2025-modul-2\/\" \/>\n<meta property=\"og:site_name\" content=\"SVEB\" \/>\n<meta property=\"article:modified_time\" content=\"2025-06-10T09:45:41+00:00\" \/>\n<meta property=\"og:image\" content=\"https:\/\/alice.ch\/app\/uploads\/2025\/03\/go-wb-modul-2.jpg\" \/>\n\t<meta property=\"og:image:width\" content=\"1542\" \/>\n\t<meta property=\"og:image:height\" content=\"771\" \/>\n\t<meta property=\"og:image:type\" content=\"image\/jpeg\" \/>\n<meta name=\"twitter:card\" content=\"summary_large_image\" \/>\n<meta name=\"twitter:label1\" content=\"Gesch\u00e4tzte Lesezeit\" \/>\n\t<meta name=\"twitter:data1\" content=\"2\u00a0Minuten\" \/>\n<script type=\"application\/ld+json\" class=\"yoast-schema-graph\">{\"@context\":\"https:\\\/\\\/schema.org\",\"@graph\":[{\"@type\":\"WebPage\",\"@id\":\"https:\\\/\\\/alice.ch\\\/de\\\/event\\\/go-weiterbildung-2025-modul-2\\\/\",\"url\":\"https:\\\/\\\/alice.ch\\\/de\\\/event\\\/go-weiterbildung-2025-modul-2\\\/\",\"name\":\"AUSGEBUCHT: GO-Weiterbildung 2025: Modul 2 - SVEB\",\"isPartOf\":{\"@id\":\"https:\\\/\\\/alice.ch\\\/de\\\/#website\"},\"primaryImageOfPage\":{\"@id\":\"https:\\\/\\\/alice.ch\\\/de\\\/event\\\/go-weiterbildung-2025-modul-2\\\/#primaryimage\"},\"image\":{\"@id\":\"https:\\\/\\\/alice.ch\\\/de\\\/event\\\/go-weiterbildung-2025-modul-2\\\/#primaryimage\"},\"thumbnailUrl\":\"https:\\\/\\\/alice.ch\\\/app\\\/uploads\\\/2025\\\/03\\\/go-wb-modul-2.jpg\",\"datePublished\":\"2025-03-06T16:23:08+00:00\",\"dateModified\":\"2025-06-10T09:45:41+00:00\",\"breadcrumb\":{\"@id\":\"https:\\\/\\\/alice.ch\\\/de\\\/event\\\/go-weiterbildung-2025-modul-2\\\/#breadcrumb\"},\"inLanguage\":\"de\",\"potentialAction\":[{\"@type\":\"ReadAction\",\"target\":[\"https:\\\/\\\/alice.ch\\\/de\\\/event\\\/go-weiterbildung-2025-modul-2\\\/\"]}]},{\"@type\":\"ImageObject\",\"inLanguage\":\"de\",\"@id\":\"https:\\\/\\\/alice.ch\\\/de\\\/event\\\/go-weiterbildung-2025-modul-2\\\/#primaryimage\",\"url\":\"https:\\\/\\\/alice.ch\\\/app\\\/uploads\\\/2025\\\/03\\\/go-wb-modul-2.jpg\",\"contentUrl\":\"https:\\\/\\\/alice.ch\\\/app\\\/uploads\\\/2025\\\/03\\\/go-wb-modul-2.jpg\",\"width\":1542,\"height\":771},{\"@type\":\"BreadcrumbList\",\"@id\":\"https:\\\/\\\/alice.ch\\\/de\\\/event\\\/go-weiterbildung-2025-modul-2\\\/#breadcrumb\",\"itemListElement\":[{\"@type\":\"ListItem\",\"position\":1,\"name\":\"Startseite\",\"item\":\"https:\\\/\\\/alice.ch\\\/de\\\/\"},{\"@type\":\"ListItem\",\"position\":2,\"name\":\"Events\",\"item\":\"https:\\\/\\\/alice.ch\\\/de\\\/event\\\/\"},{\"@type\":\"ListItem\",\"position\":3,\"name\":\"AUSGEBUCHT: GO-Weiterbildung 2025: Modul 2\"}]},{\"@type\":\"WebSite\",\"@id\":\"https:\\\/\\\/alice.ch\\\/de\\\/#website\",\"url\":\"https:\\\/\\\/alice.ch\\\/de\\\/\",\"name\":\"alice.ch (Adult Learning Information Center) ist das Portal der Weiterbildung in der Schweiz.\",\"description\":\"Schweizerischer Verband f\u00fcr Weiterbildung\",\"publisher\":{\"@id\":\"https:\\\/\\\/alice.ch\\\/de\\\/#organization\"},\"potentialAction\":[{\"@type\":\"SearchAction\",\"target\":{\"@type\":\"EntryPoint\",\"urlTemplate\":\"https:\\\/\\\/alice.ch\\\/de\\\/?s={search_term_string}\"},\"query-input\":{\"@type\":\"PropertyValueSpecification\",\"valueRequired\":true,\"valueName\":\"search_term_string\"}}],\"inLanguage\":\"de\"},{\"@type\":\"Organization\",\"@id\":\"https:\\\/\\\/alice.ch\\\/de\\\/#organization\",\"name\":\"SVEB Schweizerischer Verband f\u00fcr Weiterbildung\",\"url\":\"https:\\\/\\\/alice.ch\\\/de\\\/\",\"logo\":{\"@type\":\"ImageObject\",\"inLanguage\":\"de\",\"@id\":\"https:\\\/\\\/alice.ch\\\/de\\\/#\\\/schema\\\/logo\\\/image\\\/\",\"url\":\"https:\\\/\\\/alice.ch\\\/app\\\/uploads\\\/2022\\\/07\\\/logo-sveb.png\",\"contentUrl\":\"https:\\\/\\\/alice.ch\\\/app\\\/uploads\\\/2022\\\/07\\\/logo-sveb.png\",\"width\":145,\"height\":64,\"caption\":\"SVEB Schweizerischer Verband f\u00fcr Weiterbildung\"},\"image\":{\"@id\":\"https:\\\/\\\/alice.ch\\\/de\\\/#\\\/schema\\\/logo\\\/image\\\/\"},\"sameAs\":[\"https:\\\/\\\/www.linkedin.com\\\/company\\\/schweizerischer-verband-fr-weiterbildung-sveb\\\/\"]}]}<\/script>\n<!-- \/ Yoast SEO plugin. -->","yoast_head_json":{"title":"AUSGEBUCHT: GO-Weiterbildung 2025: Modul 2 - SVEB","robots":{"index":"index","follow":"follow","max-snippet":"max-snippet:-1","max-image-preview":"max-image-preview:large","max-video-preview":"max-video-preview:-1"},"canonical":"https:\/\/alice.ch\/de\/event\/go-weiterbildung-2025-modul-2\/","og_locale":"de_DE","og_type":"article","og_title":"AUSGEBUCHT: GO-Weiterbildung 2025: Modul 2 - SVEB","og_description":"F\u00f6rderung von Grundkompetenzen wie Lesen, Schreiben, Computer, Rechnen und Sprache: Von der Akquise bis zur Umsetzung von praxisorientierten Kursen Viele [&hellip;]","og_url":"https:\/\/alice.ch\/de\/event\/go-weiterbildung-2025-modul-2\/","og_site_name":"SVEB","article_modified_time":"2025-06-10T09:45:41+00:00","og_image":[{"width":1542,"height":771,"url":"https:\/\/alice.ch\/app\/uploads\/2025\/03\/go-wb-modul-2.jpg","type":"image\/jpeg"}],"twitter_card":"summary_large_image","twitter_misc":{"Gesch\u00e4tzte Lesezeit":"2\u00a0Minuten"},"schema":{"@context":"https:\/\/schema.org","@graph":[{"@type":"WebPage","@id":"https:\/\/alice.ch\/de\/event\/go-weiterbildung-2025-modul-2\/","url":"https:\/\/alice.ch\/de\/event\/go-weiterbildung-2025-modul-2\/","name":"AUSGEBUCHT: GO-Weiterbildung 2025: Modul 2 - SVEB","isPartOf":{"@id":"https:\/\/alice.ch\/de\/#website"},"primaryImageOfPage":{"@id":"https:\/\/alice.ch\/de\/event\/go-weiterbildung-2025-modul-2\/#primaryimage"},"image":{"@id":"https:\/\/alice.ch\/de\/event\/go-weiterbildung-2025-modul-2\/#primaryimage"},"thumbnailUrl":"https:\/\/alice.ch\/app\/uploads\/2025\/03\/go-wb-modul-2.jpg","datePublished":"2025-03-06T16:23:08+00:00","dateModified":"2025-06-10T09:45:41+00:00","breadcrumb":{"@id":"https:\/\/alice.ch\/de\/event\/go-weiterbildung-2025-modul-2\/#breadcrumb"},"inLanguage":"de","potentialAction":[{"@type":"ReadAction","target":["https:\/\/alice.ch\/de\/event\/go-weiterbildung-2025-modul-2\/"]}]},{"@type":"ImageObject","inLanguage":"de","@id":"https:\/\/alice.ch\/de\/event\/go-weiterbildung-2025-modul-2\/#primaryimage","url":"https:\/\/alice.ch\/app\/uploads\/2025\/03\/go-wb-modul-2.jpg","contentUrl":"https:\/\/alice.ch\/app\/uploads\/2025\/03\/go-wb-modul-2.jpg","width":1542,"height":771},{"@type":"BreadcrumbList","@id":"https:\/\/alice.ch\/de\/event\/go-weiterbildung-2025-modul-2\/#breadcrumb","itemListElement":[{"@type":"ListItem","position":1,"name":"Startseite","item":"https:\/\/alice.ch\/de\/"},{"@type":"ListItem","position":2,"name":"Events","item":"https:\/\/alice.ch\/de\/event\/"},{"@type":"ListItem","position":3,"name":"AUSGEBUCHT: GO-Weiterbildung 2025: Modul 2"}]},{"@type":"WebSite","@id":"https:\/\/alice.ch\/de\/#website","url":"https:\/\/alice.ch\/de\/","name":"alice.ch (Adult Learning Information Center) ist das Portal der Weiterbildung in der Schweiz.","description":"Schweizerischer Verband f\u00fcr Weiterbildung","publisher":{"@id":"https:\/\/alice.ch\/de\/#organization"},"potentialAction":[{"@type":"SearchAction","target":{"@type":"EntryPoint","urlTemplate":"https:\/\/alice.ch\/de\/?s={search_term_string}"},"query-input":{"@type":"PropertyValueSpecification","valueRequired":true,"valueName":"search_term_string"}}],"inLanguage":"de"},{"@type":"Organization","@id":"https:\/\/alice.ch\/de\/#organization","name":"SVEB Schweizerischer Verband f\u00fcr Weiterbildung","url":"https:\/\/alice.ch\/de\/","logo":{"@type":"ImageObject","inLanguage":"de","@id":"https:\/\/alice.ch\/de\/#\/schema\/logo\/image\/","url":"https:\/\/alice.ch\/app\/uploads\/2022\/07\/logo-sveb.png","contentUrl":"https:\/\/alice.ch\/app\/uploads\/2022\/07\/logo-sveb.png","width":145,"height":64,"caption":"SVEB Schweizerischer Verband f\u00fcr Weiterbildung"},"image":{"@id":"https:\/\/alice.ch\/de\/#\/schema\/logo\/image\/"},"sameAs":["https:\/\/www.linkedin.com\/company\/schweizerischer-verband-fr-weiterbildung-sveb\/"]}]}},"_links":{"self":[{"href":"https:\/\/alice.ch\/de\/wp-json\/wp\/v2\/event\/66525","targetHints":{"allow":["GET"]}}],"collection":[{"href":"https:\/\/alice.ch\/de\/wp-json\/wp\/v2\/event"}],"about":[{"href":"https:\/\/alice.ch\/de\/wp-json\/wp\/v2\/types\/event"}],"author":[{"embeddable":true,"href":"https:\/\/alice.ch\/de\/wp-json\/wp\/v2\/users\/31"}],"version-history":[{"count":13,"href":"https:\/\/alice.ch\/de\/wp-json\/wp\/v2\/event\/66525\/revisions"}],"predecessor-version":[{"id":68795,"href":"https:\/\/alice.ch\/de\/wp-json\/wp\/v2\/event\/66525\/revisions\/68795"}],"wp:featuredmedia":[{"embeddable":true,"href":"https:\/\/alice.ch\/de\/wp-json\/wp\/v2\/media\/66548"}],"wp:attachment":[{"href":"https:\/\/alice.ch\/de\/wp-json\/wp\/v2\/media?parent=66525"}],"wp:term":[{"taxonomy":"event-category","embeddable":true,"href":"https:\/\/alice.ch\/de\/wp-json\/wp\/v2\/event-category?post=66525"},{"taxonomy":"event-tag","embeddable":true,"href":"https:\/\/alice.ch\/de\/wp-json\/wp\/v2\/event-tag?post=66525"},{"taxonomy":"event-status","embeddable":true,"href":"https:\/\/alice.ch\/de\/wp-json\/wp\/v2\/event-status?post=66525"},{"taxonomy":"event-language","embeddable":true,"href":"https:\/\/alice.ch\/de\/wp-json\/wp\/v2\/event-language?post=66525"},{"taxonomy":"global-category","embeddable":true,"href":"https:\/\/alice.ch\/de\/wp-json\/wp\/v2\/global-category?post=66525"}],"curies":[{"name":"wp","href":"https:\/\/api.w.org\/{rel}","templated":true}]}}