{"id":66541,"date":"2025-03-06T17:25:09","date_gmt":"2025-03-06T16:25:09","guid":{"rendered":"https:\/\/alice.ch\/?post_type=event&#038;p=66541"},"modified":"2025-10-01T13:25:49","modified_gmt":"2025-10-01T11:25:49","slug":"go-weiterbildung-2025-modul-4","status":"publish","type":"event","link":"https:\/\/alice.ch\/de\/event\/go-weiterbildung-2025-modul-4\/","title":{"rendered":"GO-Weiterbildung 2025: Modul 4"},"content":{"rendered":"\n<h2 class=\"wp-block-heading\">F\u00f6rderung von Grundkompetenzen wie Lesen, Schreiben, Computer, Rechnen und Sprache: Von der Akquise bis zur Umsetzung von praxisorientierten Kursen<\/h2>\n\n\n\n<p>Viele Betriebe wissen nicht, dass sie die Grundkompetenzen ihrer Mitarbeitenden am Arbeitsplatz mit finanzieller Unterst\u00fctzung des Staates f\u00f6rdern k\u00f6nnen. Mit dem <a href=\"https:\/\/alice.ch\/de\/themen\/grundkompetenzen\/go-upskilling-am-arbeitsplatz\/go-weiterbildung\/\" target=\"_blank\" rel=\"noreferrer noopener\">GO-Modell<\/a> haben Anbietende eine erprobte Methode, um Interessierten das Vorgehen aufzuzeigen, den konkreten Bedarf zu erfassen, den Kurs zu entwickeln, umzusetzen und die Zusammenarbeit mit dem Betrieb zu gestalten.<\/p>\n\n\n\n<p>Vier Module f\u00fchren handlungsorientiert durch das GO-Modell. <\/p>\n\n\n\n<div class=\"wp-block-buttons is-layout-flex wp-block-buttons-is-layout-flex\">\n<div class=\"wp-block-button has-custom-width wp-block-button__width-50 is-style-outline is-style-outline--1\"><a class=\"wp-block-button__link wp-element-button\" href=\"https:\/\/alice.ch\/de\/themen\/grundkompetenzen\/go-upskilling-am-arbeitsplatz\/go-weiterbildung\/\">\u00dcbersicht GO-Weiterbildung<\/a><\/div>\n<\/div>\n\n\n\n<h2 class=\"wp-block-heading\">Modul 4: Kursdurchf\u00fchrung und Transfer&nbsp;&nbsp;<\/h2>\n\n\n\n<p><strong>Positionierung des Moduls innerhalb der Weiterbildung&nbsp;<\/strong><br>Modul 4 baut auf <a href=\"https:\/\/alice.ch\/de\/event\/go-weiterbildung-2025-modul-3\/\" target=\"_blank\" rel=\"noreferrer noopener\">Modul 3<\/a> auf. In diesem Modul besch\u00e4ftigen sich Teilnehmende mit dem Formulieren von Lernzielen und Erstellen von Lektionspl\u00e4nen sowie dem Nutzen von authentischen Materialien aus der Arbeitswelt und dem Entwickeln von darauf basierenden \u00dcbungen und Arbeitsmaterialien. Auch setzen sie sich mit der F\u00f6rderung des Lerntransfers, den Chancen und Risiken einer rollenden Planung sowie der Rolle als Kursleitung auseinander. Dieses Modul orientiert sich am Toolkit des GO-Modells.&nbsp;&nbsp;<\/p>\n\n\n\n<p><strong>Zielgruppe<\/strong><\/p>\n\n\n\n<ul class=\"wp-block-list\">\n<li>Kursleitende<\/li>\n<\/ul>\n\n\n\n<p><strong>Ziele<\/strong><br>Die Teilnehmenden <\/p>\n\n\n\n<ul class=\"wp-block-list\">\n<li>kennen ihre Rolle im GO-Prozess und die Schnittstellen zu anderen Akteuren,&nbsp;<\/li>\n\n\n\n<li>formulieren aufgrund des Grobkonzepts und der Inhalte Lernziele, erstellen Lektionspl\u00e4ne, Instrumente zur Einsch\u00e4tzung von Lernfortschritten, Transferaufgaben und ber\u00fccksichtigen dabei die Prinzipien Individualisierung und Ressourcenorientierung,&nbsp;<\/li>\n\n\n\n<li>die Evaluation am Ende des Kurses,&nbsp;<\/li>\n\n\n\n<li>reflektieren ihr Rollenverst\u00e4ndnis als Kursleitung eines GO-Kurses.&nbsp;.&nbsp;<\/li>\n<\/ul>\n\n\n\n<p><strong>Inhalte <\/strong><\/p>\n\n\n\n<ul class=\"wp-block-list\">\n<li>Nutzen und Erstellen von Unterrichtsmaterial f\u00fcr situative, arbeitsplatzorientierte Lernsequenzen&nbsp;<\/li>\n\n\n\n<li>F\u00f6rderung des Lerntransfers&nbsp;&nbsp;<\/li>\n<\/ul>\n\n\n\n<p><strong>Durchf\u00fchrung<\/strong>&nbsp;<br>Pr\u00e4senzveranstaltung<br><strong>09. Oktober 2025<\/strong><br>9.15 &#8211; 16.30 Uhr&nbsp;<br>XUND Bildungszentrum Zentralschweiz, Kantonsspital 46, 6000 Luzern 16<\/p>\n\n\n\n<p><strong><strong>GO-Trainerin<\/strong>&nbsp;&nbsp;<\/strong>&nbsp;<br>Olivia Walther, Kursleiterin DaZ, fide-Kurse, GO-Projekte, Dozentin AdA-Modul 1 und fide-Module&nbsp;<\/p>\n\n\n\n<h2 class=\"wp-block-heading\">Dokumente<\/h2>\n\n\n\n<div class=\"wp-block-columns is-layout-flex wp-container-core-columns-is-layout-28f84493 wp-block-columns-is-layout-flex\">\n<div class=\"wp-block-column is-layout-flow wp-block-column-is-layout-flow\">\n<div class=\"wp-block-file\"><a id=\"wp-block-file--media-feb21fee-2a8e-4d29-953b-d1a00ffdf02a\" href=\"https:\/\/alice.ch\/app\/uploads\/2025\/03\/go-weiterbildung-2025.pdf\">GO-Weiterbildung \u00dcbersicht<br \/>PDF &#8211; 156 KB<\/a><a href=\"https:\/\/alice.ch\/app\/uploads\/2025\/03\/go-weiterbildung-2025.pdf\" class=\"wp-block-file__button wp-element-button\" download aria-describedby=\"wp-block-file--media-feb21fee-2a8e-4d29-953b-d1a00ffdf02a\">Herunterladen<br \/>PDF &#8211; 156 KB<\/a><\/div>\n<\/div>\n\n\n\n<div class=\"wp-block-column is-layout-flow wp-block-column-is-layout-flow\"><\/div>\n<\/div>\n\n\n\n<p><\/p>\n","protected":false},"excerpt":{"rendered":"<p>F\u00f6rderung von Grundkompetenzen wie Lesen, Schreiben, Computer, Rechnen und Sprache: Von der Akquise bis zur Umsetzung von praxisorientierten Kursen Viele [&hellip;]<\/p>\n","protected":false},"author":31,"featured_media":66556,"template":"","meta":{"_acf_changed":false,"inline_featured_image":false,"footnotes":""},"event-category":[24],"event-tag":[365],"event-status":[200],"event-language":[202],"global-category":[49],"class_list":["post-66541","event","type-event","status-publish","has-post-thumbnail","hentry","event-category-sveb-kooperation-events","event-tag-365","event-status-archiv","event-language-deutsch","global-category-grundkompetenzen"],"acf":[],"yoast_head":"<!-- This site is optimized with the Yoast SEO plugin v27.3 - https:\/\/yoast.com\/product\/yoast-seo-wordpress\/ -->\n<title>GO-Weiterbildung 2025: Modul 4 - SVEB<\/title>\n<meta name=\"robots\" content=\"index, follow, max-snippet:-1, max-image-preview:large, max-video-preview:-1\" \/>\n<link rel=\"canonical\" href=\"https:\/\/alice.ch\/de\/event\/go-weiterbildung-2025-modul-4\/\" \/>\n<meta property=\"og:locale\" content=\"de_DE\" \/>\n<meta property=\"og:type\" content=\"article\" \/>\n<meta property=\"og:title\" content=\"GO-Weiterbildung 2025: Modul 4 - SVEB\" \/>\n<meta property=\"og:description\" content=\"F\u00f6rderung von Grundkompetenzen wie Lesen, Schreiben, Computer, Rechnen und Sprache: Von der Akquise bis zur Umsetzung von praxisorientierten Kursen Viele [&hellip;]\" \/>\n<meta property=\"og:url\" content=\"https:\/\/alice.ch\/de\/event\/go-weiterbildung-2025-modul-4\/\" \/>\n<meta property=\"og:site_name\" content=\"SVEB\" \/>\n<meta property=\"article:modified_time\" content=\"2025-10-01T11:25:49+00:00\" \/>\n<meta property=\"og:image\" content=\"https:\/\/alice.ch\/app\/uploads\/2025\/03\/go-wb-modul-4.jpg\" \/>\n\t<meta property=\"og:image:width\" content=\"1542\" \/>\n\t<meta property=\"og:image:height\" content=\"771\" \/>\n\t<meta property=\"og:image:type\" content=\"image\/jpeg\" \/>\n<meta name=\"twitter:card\" content=\"summary_large_image\" \/>\n<meta name=\"twitter:label1\" content=\"Gesch\u00e4tzte Lesezeit\" \/>\n\t<meta name=\"twitter:data1\" content=\"1\u00a0Minute\" \/>\n<script type=\"application\/ld+json\" class=\"yoast-schema-graph\">{\"@context\":\"https:\\\/\\\/schema.org\",\"@graph\":[{\"@type\":\"WebPage\",\"@id\":\"https:\\\/\\\/alice.ch\\\/de\\\/event\\\/go-weiterbildung-2025-modul-4\\\/\",\"url\":\"https:\\\/\\\/alice.ch\\\/de\\\/event\\\/go-weiterbildung-2025-modul-4\\\/\",\"name\":\"GO-Weiterbildung 2025: Modul 4 - SVEB\",\"isPartOf\":{\"@id\":\"https:\\\/\\\/alice.ch\\\/de\\\/#website\"},\"primaryImageOfPage\":{\"@id\":\"https:\\\/\\\/alice.ch\\\/de\\\/event\\\/go-weiterbildung-2025-modul-4\\\/#primaryimage\"},\"image\":{\"@id\":\"https:\\\/\\\/alice.ch\\\/de\\\/event\\\/go-weiterbildung-2025-modul-4\\\/#primaryimage\"},\"thumbnailUrl\":\"https:\\\/\\\/alice.ch\\\/app\\\/uploads\\\/2025\\\/03\\\/go-wb-modul-4.jpg\",\"datePublished\":\"2025-03-06T16:25:09+00:00\",\"dateModified\":\"2025-10-01T11:25:49+00:00\",\"breadcrumb\":{\"@id\":\"https:\\\/\\\/alice.ch\\\/de\\\/event\\\/go-weiterbildung-2025-modul-4\\\/#breadcrumb\"},\"inLanguage\":\"de\",\"potentialAction\":[{\"@type\":\"ReadAction\",\"target\":[\"https:\\\/\\\/alice.ch\\\/de\\\/event\\\/go-weiterbildung-2025-modul-4\\\/\"]}]},{\"@type\":\"ImageObject\",\"inLanguage\":\"de\",\"@id\":\"https:\\\/\\\/alice.ch\\\/de\\\/event\\\/go-weiterbildung-2025-modul-4\\\/#primaryimage\",\"url\":\"https:\\\/\\\/alice.ch\\\/app\\\/uploads\\\/2025\\\/03\\\/go-wb-modul-4.jpg\",\"contentUrl\":\"https:\\\/\\\/alice.ch\\\/app\\\/uploads\\\/2025\\\/03\\\/go-wb-modul-4.jpg\",\"width\":1542,\"height\":771},{\"@type\":\"BreadcrumbList\",\"@id\":\"https:\\\/\\\/alice.ch\\\/de\\\/event\\\/go-weiterbildung-2025-modul-4\\\/#breadcrumb\",\"itemListElement\":[{\"@type\":\"ListItem\",\"position\":1,\"name\":\"Startseite\",\"item\":\"https:\\\/\\\/alice.ch\\\/de\\\/\"},{\"@type\":\"ListItem\",\"position\":2,\"name\":\"Events\",\"item\":\"https:\\\/\\\/alice.ch\\\/de\\\/event\\\/\"},{\"@type\":\"ListItem\",\"position\":3,\"name\":\"GO-Weiterbildung 2025: Modul 4\"}]},{\"@type\":\"WebSite\",\"@id\":\"https:\\\/\\\/alice.ch\\\/de\\\/#website\",\"url\":\"https:\\\/\\\/alice.ch\\\/de\\\/\",\"name\":\"alice.ch (Adult Learning Information Center) ist das Portal der Weiterbildung in der Schweiz.\",\"description\":\"Schweizerischer Verband f\u00fcr Weiterbildung\",\"publisher\":{\"@id\":\"https:\\\/\\\/alice.ch\\\/de\\\/#organization\"},\"potentialAction\":[{\"@type\":\"SearchAction\",\"target\":{\"@type\":\"EntryPoint\",\"urlTemplate\":\"https:\\\/\\\/alice.ch\\\/de\\\/?s={search_term_string}\"},\"query-input\":{\"@type\":\"PropertyValueSpecification\",\"valueRequired\":true,\"valueName\":\"search_term_string\"}}],\"inLanguage\":\"de\"},{\"@type\":\"Organization\",\"@id\":\"https:\\\/\\\/alice.ch\\\/de\\\/#organization\",\"name\":\"SVEB Schweizerischer Verband f\u00fcr Weiterbildung\",\"url\":\"https:\\\/\\\/alice.ch\\\/de\\\/\",\"logo\":{\"@type\":\"ImageObject\",\"inLanguage\":\"de\",\"@id\":\"https:\\\/\\\/alice.ch\\\/de\\\/#\\\/schema\\\/logo\\\/image\\\/\",\"url\":\"https:\\\/\\\/alice.ch\\\/app\\\/uploads\\\/2022\\\/07\\\/logo-sveb.png\",\"contentUrl\":\"https:\\\/\\\/alice.ch\\\/app\\\/uploads\\\/2022\\\/07\\\/logo-sveb.png\",\"width\":145,\"height\":64,\"caption\":\"SVEB Schweizerischer Verband f\u00fcr Weiterbildung\"},\"image\":{\"@id\":\"https:\\\/\\\/alice.ch\\\/de\\\/#\\\/schema\\\/logo\\\/image\\\/\"},\"sameAs\":[\"https:\\\/\\\/www.linkedin.com\\\/company\\\/schweizerischer-verband-fr-weiterbildung-sveb\\\/\"]}]}<\/script>\n<!-- \/ Yoast SEO plugin. -->","yoast_head_json":{"title":"GO-Weiterbildung 2025: Modul 4 - SVEB","robots":{"index":"index","follow":"follow","max-snippet":"max-snippet:-1","max-image-preview":"max-image-preview:large","max-video-preview":"max-video-preview:-1"},"canonical":"https:\/\/alice.ch\/de\/event\/go-weiterbildung-2025-modul-4\/","og_locale":"de_DE","og_type":"article","og_title":"GO-Weiterbildung 2025: Modul 4 - SVEB","og_description":"F\u00f6rderung von Grundkompetenzen wie Lesen, Schreiben, Computer, Rechnen und Sprache: Von der Akquise bis zur Umsetzung von praxisorientierten Kursen Viele [&hellip;]","og_url":"https:\/\/alice.ch\/de\/event\/go-weiterbildung-2025-modul-4\/","og_site_name":"SVEB","article_modified_time":"2025-10-01T11:25:49+00:00","og_image":[{"width":1542,"height":771,"url":"https:\/\/alice.ch\/app\/uploads\/2025\/03\/go-wb-modul-4.jpg","type":"image\/jpeg"}],"twitter_card":"summary_large_image","twitter_misc":{"Gesch\u00e4tzte Lesezeit":"1\u00a0Minute"},"schema":{"@context":"https:\/\/schema.org","@graph":[{"@type":"WebPage","@id":"https:\/\/alice.ch\/de\/event\/go-weiterbildung-2025-modul-4\/","url":"https:\/\/alice.ch\/de\/event\/go-weiterbildung-2025-modul-4\/","name":"GO-Weiterbildung 2025: Modul 4 - SVEB","isPartOf":{"@id":"https:\/\/alice.ch\/de\/#website"},"primaryImageOfPage":{"@id":"https:\/\/alice.ch\/de\/event\/go-weiterbildung-2025-modul-4\/#primaryimage"},"image":{"@id":"https:\/\/alice.ch\/de\/event\/go-weiterbildung-2025-modul-4\/#primaryimage"},"thumbnailUrl":"https:\/\/alice.ch\/app\/uploads\/2025\/03\/go-wb-modul-4.jpg","datePublished":"2025-03-06T16:25:09+00:00","dateModified":"2025-10-01T11:25:49+00:00","breadcrumb":{"@id":"https:\/\/alice.ch\/de\/event\/go-weiterbildung-2025-modul-4\/#breadcrumb"},"inLanguage":"de","potentialAction":[{"@type":"ReadAction","target":["https:\/\/alice.ch\/de\/event\/go-weiterbildung-2025-modul-4\/"]}]},{"@type":"ImageObject","inLanguage":"de","@id":"https:\/\/alice.ch\/de\/event\/go-weiterbildung-2025-modul-4\/#primaryimage","url":"https:\/\/alice.ch\/app\/uploads\/2025\/03\/go-wb-modul-4.jpg","contentUrl":"https:\/\/alice.ch\/app\/uploads\/2025\/03\/go-wb-modul-4.jpg","width":1542,"height":771},{"@type":"BreadcrumbList","@id":"https:\/\/alice.ch\/de\/event\/go-weiterbildung-2025-modul-4\/#breadcrumb","itemListElement":[{"@type":"ListItem","position":1,"name":"Startseite","item":"https:\/\/alice.ch\/de\/"},{"@type":"ListItem","position":2,"name":"Events","item":"https:\/\/alice.ch\/de\/event\/"},{"@type":"ListItem","position":3,"name":"GO-Weiterbildung 2025: Modul 4"}]},{"@type":"WebSite","@id":"https:\/\/alice.ch\/de\/#website","url":"https:\/\/alice.ch\/de\/","name":"alice.ch (Adult Learning Information Center) ist das Portal der Weiterbildung in der Schweiz.","description":"Schweizerischer Verband f\u00fcr Weiterbildung","publisher":{"@id":"https:\/\/alice.ch\/de\/#organization"},"potentialAction":[{"@type":"SearchAction","target":{"@type":"EntryPoint","urlTemplate":"https:\/\/alice.ch\/de\/?s={search_term_string}"},"query-input":{"@type":"PropertyValueSpecification","valueRequired":true,"valueName":"search_term_string"}}],"inLanguage":"de"},{"@type":"Organization","@id":"https:\/\/alice.ch\/de\/#organization","name":"SVEB Schweizerischer Verband f\u00fcr Weiterbildung","url":"https:\/\/alice.ch\/de\/","logo":{"@type":"ImageObject","inLanguage":"de","@id":"https:\/\/alice.ch\/de\/#\/schema\/logo\/image\/","url":"https:\/\/alice.ch\/app\/uploads\/2022\/07\/logo-sveb.png","contentUrl":"https:\/\/alice.ch\/app\/uploads\/2022\/07\/logo-sveb.png","width":145,"height":64,"caption":"SVEB Schweizerischer Verband f\u00fcr Weiterbildung"},"image":{"@id":"https:\/\/alice.ch\/de\/#\/schema\/logo\/image\/"},"sameAs":["https:\/\/www.linkedin.com\/company\/schweizerischer-verband-fr-weiterbildung-sveb\/"]}]}},"_links":{"self":[{"href":"https:\/\/alice.ch\/de\/wp-json\/wp\/v2\/event\/66541","targetHints":{"allow":["GET"]}}],"collection":[{"href":"https:\/\/alice.ch\/de\/wp-json\/wp\/v2\/event"}],"about":[{"href":"https:\/\/alice.ch\/de\/wp-json\/wp\/v2\/types\/event"}],"author":[{"embeddable":true,"href":"https:\/\/alice.ch\/de\/wp-json\/wp\/v2\/users\/31"}],"version-history":[{"count":11,"href":"https:\/\/alice.ch\/de\/wp-json\/wp\/v2\/event\/66541\/revisions"}],"predecessor-version":[{"id":71066,"href":"https:\/\/alice.ch\/de\/wp-json\/wp\/v2\/event\/66541\/revisions\/71066"}],"wp:featuredmedia":[{"embeddable":true,"href":"https:\/\/alice.ch\/de\/wp-json\/wp\/v2\/media\/66556"}],"wp:attachment":[{"href":"https:\/\/alice.ch\/de\/wp-json\/wp\/v2\/media?parent=66541"}],"wp:term":[{"taxonomy":"event-category","embeddable":true,"href":"https:\/\/alice.ch\/de\/wp-json\/wp\/v2\/event-category?post=66541"},{"taxonomy":"event-tag","embeddable":true,"href":"https:\/\/alice.ch\/de\/wp-json\/wp\/v2\/event-tag?post=66541"},{"taxonomy":"event-status","embeddable":true,"href":"https:\/\/alice.ch\/de\/wp-json\/wp\/v2\/event-status?post=66541"},{"taxonomy":"event-language","embeddable":true,"href":"https:\/\/alice.ch\/de\/wp-json\/wp\/v2\/event-language?post=66541"},{"taxonomy":"global-category","embeddable":true,"href":"https:\/\/alice.ch\/de\/wp-json\/wp\/v2\/global-category?post=66541"}],"curies":[{"name":"wp","href":"https:\/\/api.w.org\/{rel}","templated":true}]}}