{"id":69891,"date":"2025-08-11T20:04:54","date_gmt":"2025-08-11T18:04:54","guid":{"rendered":"https:\/\/alice.ch\/?post_type=event&#038;p=69891"},"modified":"2026-02-02T17:04:57","modified_gmt":"2026-02-02T16:04:57","slug":"demokratie-durch-weiterbildung-staerken","status":"publish","type":"event","link":"https:\/\/alice.ch\/de\/event\/demokratie-durch-weiterbildung-staerken\/","title":{"rendered":"Demokratie durch Weiterbildung st\u00e4rken \u2013 Perspektiven, Herausforderungen und Handlungsm\u00f6glichkeiten\u00a0"},"content":{"rendered":"\n<p class=\"is-style-lead\">Globale Krisen fordern unsere Demokratie heraus. Gemeinsam mit Akteuren aus Wissenschaft und Praxis m\u00f6chte die Tagung Perspektiven, Herausforderungen und Handlungsm\u00f6glichkeiten politischer Erwachsenenbildung eruieren.<\/p>\n\n\n\n<p class=\"is-style-default\">Globale und regionale Krisen wie der Klimawandel, milit\u00e4rische Konflikte, die Verbreitung von Desinformation und gesellschaftliche Spaltung stellen unsere Demokratie vor grosse Herausforderungen. Die St\u00e4rkung der demokratischen Werte, Haltungen und Kompetenzen in der Bev\u00f6lkerung ist daher von grosser Dringlichkeit \u2013 auch in der Schweiz.&nbsp;<\/p>\n\n\n\n<p>Weiterbildung kann dazu einen wichtigen Beitrag leisten, indem sie Menschen dazu bef\u00e4higt, kritisch zu reflektieren und sich aktiv an gesellschaftlichen Prozessen zu beteiligen. Bildungseinrichtungen bieten dabei wertvolle R\u00e4ume f\u00fcr Austausch, Meinungsvielfalt und tiefgehende Auseinandersetzung \u2013 grundlegende Elemente einer funktionierenden demokratischen Kultur. Auf diese Weise kann Weiterbildung dazu beitragen, der gesellschaftlichen Polarisierung entgegenzuwirken und den sozialen Zusammenhalt zu f\u00f6rdern.&nbsp;<\/p>\n\n\n\n<p class=\"is-style-default\">Um diese Rolle wahrnehmen zu k\u00f6nnen, muss die Weiterbildung als Akteurin der politischen Bildung anerkannt und gest\u00e4rkt werden. Eine grundlegende Auseinandersetzung mit den Chancen und Herausforderungen politischer Erwachsenenbildung sowie die Entwicklung neuer Denk- und Handlungsans\u00e4tze sind notwendig, um die politische Bildung im Erwachsenenbereich zeitgem\u00e4ss und wirkungsvoll zu gestalten.&nbsp;<\/p>\n\n\n\n<p>Bei dieser Tagung m\u00f6chten wir Weiterbildung und formale Bildung zusammen denken. Durch die aktuellen Reformen in der Berufsbildung und bei der gymnasialen Maturit\u00e4t gewinnt das Thema auch auf Sekundarstufe II zunehmend an Bedeutung. Die Tagung er\u00f6ffnet einen gemeinsamen Reflexionsraum, in dem der Austausch zwischen den Bildungsbereichen gef\u00f6rdert wird.<\/p>\n\n\n\n<h2 class=\"wp-block-heading is-style-default\">Ziel der Tagung&nbsp;<\/h2>\n\n\n\n<p>Gemeinsam mit Akteuren aus Wissenschaft und Praxis m\u00f6chte die Tagung <strong>Perspektiven, Herausforderungen und Handlungsm\u00f6glichkeiten <\/strong>politischer Erwachsenenbildung eruieren und umsetzungsorientiert diskutieren. Ziel der Tagung ist es:&nbsp;<\/p>\n\n\n\n<ul class=\"wp-block-list\">\n<li>Die Rolle der Weiterbildung in der F\u00f6rderung von demokratischen Werten, Haltungen und Kompetenzen zu kl\u00e4ren,&nbsp;<\/li>\n\n\n\n<li>Herausforderungen und M\u00f6glichkeiten von Bildungsanbietern zu beleuchten,&nbsp;<\/li>\n\n\n\n<li>Handlungsans\u00e4tze und Good Practices zu vermitteln und&nbsp;<\/li>\n\n\n\n<li>Vernetzung und Erfahrungsaustausch zu f\u00f6rdern.&nbsp;<\/li>\n<\/ul>\n\n\n\n<h2 class=\"wp-block-heading\">Leitende Fragestellungen&nbsp;<\/h2>\n\n\n\n<p>Im Zentrum steht die Frage \u00abWie kann Weiterbildung und politische Erwachsenenbildung die Demokratie st\u00e4rken?\u00bb<\/p>\n\n\n\n<p>Daran ankn\u00fcpfend geht die Tagung u.a. folgenden Fragen nach:&nbsp;&nbsp;<\/p>\n\n\n\n<ul class=\"wp-block-list\">\n<li>Welchen Beitrag k\u00f6nnen Weiterbildungsorganisationen zur St\u00e4rkung demokratischer Werte, Haltungen und Kompetenzen leisten?&nbsp;<\/li>\n\n\n\n<li>Welche Chancen und Herausforderungen stellen sich f\u00fcr Weiterbildungsakteure in der politischen Bildungsarbeit?&nbsp;<\/li>\n\n\n\n<li>Wie k\u00f6nnen Weiterbildungsanbieter mit demokratiefeindlichen Tendenzen, Desinformation und gesellschaftlicher Polarisierung umgehen?&nbsp;<\/li>\n\n\n\n<li>Wie l\u00e4sst sich politische Erwachsenenbildung in Angeboten, Programmen und Lernsettings verankern?&nbsp;<\/li>\n<\/ul>\n\n\n\n<div class=\"wp-block-columns is-layout-flex wp-container-core-columns-is-layout-28f84493 wp-block-columns-is-layout-flex\">\n<div class=\"wp-block-column is-content-justification-center is-layout-constrained wp-block-column-is-layout-constrained\" style=\"flex-basis:100%\">\n<h2 class=\"wp-block-heading\">Programm<\/h2>\n\n\n\n<figure class=\"wp-block-table is-style-regular\"><table><tbody><tr><td>13.00 Uhr<\/td><td>Begr\u00fcssung und Einf\u00fchrung<\/td><td><\/td><\/tr><tr><td colspan=\"3\"><strong>Teil 1: \u00dcberlegungen aus Theorie und Forschung<\/strong><\/td><\/tr><tr><td>13.15 Uhr<\/td><td>Aktuelle&nbsp;Entwicklungen, Herausforderungen und Perspektiven politischer Erwachsenenbildung<\/td><td><strong>Prof. Dr. Jana Trumann<\/strong><br>PH Ludwigsburg<\/td><\/tr><tr><td>13.45 Uhr<\/td><td>Pluralit\u00e4t und Kontroversit\u00e4t als Qualit\u00e4t: Professionelle Handlungsstrategien in der Weiterbildung&nbsp;<\/td><td><strong>Prof. Dr. Bernd K\u00e4pplinger<\/strong><br>Justus Liebig Universit\u00e4t Giessen<\/td><\/tr><tr><td>14.15 Uhr<\/td><td>Und was trage <em>ich<\/em> zur Demokratie bei?&nbsp;<br>Kompetenzen f\u00fcr eine Kultur der Demokratie.<\/td><td><strong>Prof. em. Dr. h.c. Rolf Gollob<\/strong><br>PHZH<\/td><\/tr><tr><td>14.45 Uhr<\/td><td>Pause<\/td><td><\/td><\/tr><tr><td colspan=\"3\"><strong>Teil 2: Workshops<\/strong><\/td><\/tr><tr><td>15.15 Uhr<\/td><td>Demokratiekompetenzen in meinem (beruflichen) Alltag: <br>Chancen, Grenzen und&nbsp;Umsetzungsoptionen hin zu einer&nbsp;gelebten Demokratie.<\/td><td><strong><strong>Prof. em. Dr. h.c. Rolf Gollob<\/strong><\/strong><br>PHZH<\/td><\/tr><tr><td><\/td><td>Partizipation als Schl\u00fcsselelement einer demokratischen Kultur<\/td><td><strong>Dr. Samir Boulos und Dr. Nadine Ritzer<\/strong><br>PHZH<\/td><\/tr><tr><td><\/td><td>Zwischen Integration und&nbsp;(politischer)&nbsp;Partizipation: Sprache als Bildungsdimension<\/td><td><strong>Dr.<\/strong> <strong>Mi-Cha Flubacher<\/strong><br>ZHAW<\/td><\/tr><tr><td><\/td><td>Demokratie vermitteln mit Serious Games&nbsp;<\/td><td><strong>Dr. Sabine Jenni<\/strong><br>Demokrative \u2013 Initiative f\u00fcr politische Bildung<\/td><\/tr><tr><td colspan=\"3\"><strong>Teil 3:&nbsp;&nbsp;<strong>Vernetzung von Theorie, Forschung und Praxis<\/strong>&nbsp;<\/strong><\/td><\/tr><tr><td>16.30 Uhr<\/td><td>Paneldiskussion<\/td><td>&nbsp;<\/td><\/tr><tr><td>17.15 Uhr<\/td><td>Ende der Tagung \u2013 Ausklang mit Ap\u00e9ro&nbsp;<\/td><td><\/td><\/tr><\/tbody><\/table><\/figure>\n\n\n\n<p><\/p>\n\n\n\n<div class=\"wp-block-file\"><a id=\"wp-block-file--media-a3d3369e-6755-41ad-88cb-389ade6ced69\" href=\"https:\/\/alice.ch\/app\/uploads\/2025\/08\/tagung-demokratie-durch-weiterbildung-staerken.pdf\" target=\"_blank\" rel=\"noreferrer noopener\">Tagungsprogramm herunterladen<br \/>PDF &#8211; 59 KB<\/a><a href=\"https:\/\/alice.ch\/app\/uploads\/2025\/08\/tagung-demokratie-durch-weiterbildung-staerken.pdf\" class=\"wp-block-file__button wp-element-button\" download aria-describedby=\"wp-block-file--media-a3d3369e-6755-41ad-88cb-389ade6ced69\">Herunterladen<br \/>PDF &#8211; 59 KB<\/a><\/div>\n\n\n\n<p><\/p>\n\n\n\n<h2 class=\"wp-block-heading\">Pr\u00e4sentation:<\/h2>\n\n\n\n<div class=\"wp-block-file\"><a id=\"wp-block-file--media-51c9b071-ad94-4d3c-aae7-832ca4015556\" href=\"https:\/\/alice.ch\/app\/uploads\/2025\/08\/Demokratie-durch-Weiterbildung-staerken_2026.pdf\">Demokratie durch Weiterbildung st\u00e4rken<br \/>PDF &#8211; 4 MB<\/a><a href=\"https:\/\/alice.ch\/app\/uploads\/2025\/08\/Demokratie-durch-Weiterbildung-staerken_2026.pdf\" class=\"wp-block-file__button wp-element-button\" download aria-describedby=\"wp-block-file--media-51c9b071-ad94-4d3c-aae7-832ca4015556\">Herunterladen<br \/>PDF &#8211; 4 MB<\/a><\/div>\n\n\n\n<h4 class=\"wp-block-heading\">Organisation der Tagung durch:<\/h4>\n\n\n\n<figure class=\"wp-block-image size-large is-resized is-style-no-border\"><img decoding=\"async\" width=\"1024\" height=\"260\" src=\"https:\/\/alice.ch\/app\/uploads\/2024\/08\/Logos-auf-Website-1024x260.png\" alt=\"\" class=\"wp-image-62547\" style=\"width:311px;height:auto\" srcset=\"https:\/\/alice.ch\/app\/uploads\/2024\/08\/Logos-auf-Website-1024x260.png 1024w, https:\/\/alice.ch\/app\/uploads\/2024\/08\/Logos-auf-Website-300x76.png 300w, https:\/\/alice.ch\/app\/uploads\/2024\/08\/Logos-auf-Website-768x195.png 768w, https:\/\/alice.ch\/app\/uploads\/2024\/08\/Logos-auf-Website-1536x389.png 1536w, https:\/\/alice.ch\/app\/uploads\/2024\/08\/Logos-auf-Website-2048x519.png 2048w\" sizes=\"(max-width: 1024px) 100vw, 1024px\" \/><\/figure>\n<\/div>\n<\/div>\n\n\n\n<p><\/p>\n","protected":false},"excerpt":{"rendered":"<p>Globale Krisen fordern unsere Demokratie heraus. Gemeinsam mit Akteuren aus Wissenschaft und Praxis m\u00f6chte die Tagung Perspektiven, Herausforderungen und Handlungsm\u00f6glichkeiten [&hellip;]<\/p>\n","protected":false},"author":5,"featured_media":69894,"template":"","meta":{"_acf_changed":false,"inline_featured_image":false,"footnotes":""},"event-category":[24],"event-tag":[],"event-status":[200],"event-language":[202],"global-category":[],"class_list":["post-69891","event","type-event","status-publish","has-post-thumbnail","hentry","event-category-sveb-kooperation-events","event-status-archiv","event-language-deutsch"],"acf":[],"yoast_head":"<!-- This site is optimized with the Yoast SEO plugin v27.3 - https:\/\/yoast.com\/product\/yoast-seo-wordpress\/ -->\n<title>Demokratie durch Weiterbildung st\u00e4rken \u2013 Perspektiven, Herausforderungen und Handlungsm\u00f6glichkeiten\u00a0 - SVEB<\/title>\n<meta name=\"robots\" content=\"index, follow, max-snippet:-1, max-image-preview:large, max-video-preview:-1\" \/>\n<link rel=\"canonical\" href=\"https:\/\/alice.ch\/de\/event\/demokratie-durch-weiterbildung-staerken\/\" \/>\n<meta property=\"og:locale\" content=\"de_DE\" \/>\n<meta property=\"og:type\" content=\"article\" \/>\n<meta property=\"og:title\" content=\"Demokratie durch Weiterbildung st\u00e4rken \u2013 Perspektiven, Herausforderungen und Handlungsm\u00f6glichkeiten\u00a0 - SVEB\" \/>\n<meta property=\"og:description\" content=\"Globale Krisen fordern unsere Demokratie heraus. Gemeinsam mit Akteuren aus Wissenschaft und Praxis m\u00f6chte die Tagung Perspektiven, Herausforderungen und Handlungsm\u00f6glichkeiten [&hellip;]\" \/>\n<meta property=\"og:url\" content=\"https:\/\/alice.ch\/de\/event\/demokratie-durch-weiterbildung-staerken\/\" \/>\n<meta property=\"og:site_name\" content=\"SVEB\" \/>\n<meta property=\"article:modified_time\" content=\"2026-02-02T16:04:57+00:00\" \/>\n<meta property=\"og:image\" content=\"https:\/\/alice.ch\/app\/uploads\/2025\/08\/tagung-demokratie-durch-weiterbildung-staerken.png\" \/>\n\t<meta property=\"og:image:width\" content=\"771\" \/>\n\t<meta property=\"og:image:height\" content=\"385\" \/>\n\t<meta property=\"og:image:type\" content=\"image\/png\" \/>\n<meta name=\"twitter:card\" content=\"summary_large_image\" \/>\n<meta name=\"twitter:label1\" content=\"Gesch\u00e4tzte Lesezeit\" \/>\n\t<meta name=\"twitter:data1\" content=\"3\u00a0Minuten\" \/>\n<script type=\"application\/ld+json\" class=\"yoast-schema-graph\">{\"@context\":\"https:\\\/\\\/schema.org\",\"@graph\":[{\"@type\":\"WebPage\",\"@id\":\"https:\\\/\\\/alice.ch\\\/de\\\/event\\\/demokratie-durch-weiterbildung-staerken\\\/\",\"url\":\"https:\\\/\\\/alice.ch\\\/de\\\/event\\\/demokratie-durch-weiterbildung-staerken\\\/\",\"name\":\"Demokratie durch Weiterbildung st\u00e4rken \u2013 Perspektiven, Herausforderungen und Handlungsm\u00f6glichkeiten\u00a0 - SVEB\",\"isPartOf\":{\"@id\":\"https:\\\/\\\/alice.ch\\\/de\\\/#website\"},\"primaryImageOfPage\":{\"@id\":\"https:\\\/\\\/alice.ch\\\/de\\\/event\\\/demokratie-durch-weiterbildung-staerken\\\/#primaryimage\"},\"image\":{\"@id\":\"https:\\\/\\\/alice.ch\\\/de\\\/event\\\/demokratie-durch-weiterbildung-staerken\\\/#primaryimage\"},\"thumbnailUrl\":\"https:\\\/\\\/alice.ch\\\/app\\\/uploads\\\/2025\\\/08\\\/tagung-demokratie-durch-weiterbildung-staerken.png\",\"datePublished\":\"2025-08-11T18:04:54+00:00\",\"dateModified\":\"2026-02-02T16:04:57+00:00\",\"breadcrumb\":{\"@id\":\"https:\\\/\\\/alice.ch\\\/de\\\/event\\\/demokratie-durch-weiterbildung-staerken\\\/#breadcrumb\"},\"inLanguage\":\"de\",\"potentialAction\":[{\"@type\":\"ReadAction\",\"target\":[\"https:\\\/\\\/alice.ch\\\/de\\\/event\\\/demokratie-durch-weiterbildung-staerken\\\/\"]}]},{\"@type\":\"ImageObject\",\"inLanguage\":\"de\",\"@id\":\"https:\\\/\\\/alice.ch\\\/de\\\/event\\\/demokratie-durch-weiterbildung-staerken\\\/#primaryimage\",\"url\":\"https:\\\/\\\/alice.ch\\\/app\\\/uploads\\\/2025\\\/08\\\/tagung-demokratie-durch-weiterbildung-staerken.png\",\"contentUrl\":\"https:\\\/\\\/alice.ch\\\/app\\\/uploads\\\/2025\\\/08\\\/tagung-demokratie-durch-weiterbildung-staerken.png\",\"width\":771,\"height\":385},{\"@type\":\"BreadcrumbList\",\"@id\":\"https:\\\/\\\/alice.ch\\\/de\\\/event\\\/demokratie-durch-weiterbildung-staerken\\\/#breadcrumb\",\"itemListElement\":[{\"@type\":\"ListItem\",\"position\":1,\"name\":\"Startseite\",\"item\":\"https:\\\/\\\/alice.ch\\\/de\\\/\"},{\"@type\":\"ListItem\",\"position\":2,\"name\":\"Events\",\"item\":\"https:\\\/\\\/alice.ch\\\/de\\\/event\\\/\"},{\"@type\":\"ListItem\",\"position\":3,\"name\":\"Demokratie durch Weiterbildung st\u00e4rken \u2013 Perspektiven, Herausforderungen und Handlungsm\u00f6glichkeiten\u00a0\"}]},{\"@type\":\"WebSite\",\"@id\":\"https:\\\/\\\/alice.ch\\\/de\\\/#website\",\"url\":\"https:\\\/\\\/alice.ch\\\/de\\\/\",\"name\":\"alice.ch (Adult Learning Information Center) ist das Portal der Weiterbildung in der Schweiz.\",\"description\":\"Schweizerischer Verband f\u00fcr Weiterbildung\",\"publisher\":{\"@id\":\"https:\\\/\\\/alice.ch\\\/de\\\/#organization\"},\"potentialAction\":[{\"@type\":\"SearchAction\",\"target\":{\"@type\":\"EntryPoint\",\"urlTemplate\":\"https:\\\/\\\/alice.ch\\\/de\\\/?s={search_term_string}\"},\"query-input\":{\"@type\":\"PropertyValueSpecification\",\"valueRequired\":true,\"valueName\":\"search_term_string\"}}],\"inLanguage\":\"de\"},{\"@type\":\"Organization\",\"@id\":\"https:\\\/\\\/alice.ch\\\/de\\\/#organization\",\"name\":\"SVEB Schweizerischer Verband f\u00fcr Weiterbildung\",\"url\":\"https:\\\/\\\/alice.ch\\\/de\\\/\",\"logo\":{\"@type\":\"ImageObject\",\"inLanguage\":\"de\",\"@id\":\"https:\\\/\\\/alice.ch\\\/de\\\/#\\\/schema\\\/logo\\\/image\\\/\",\"url\":\"https:\\\/\\\/alice.ch\\\/app\\\/uploads\\\/2022\\\/07\\\/logo-sveb.png\",\"contentUrl\":\"https:\\\/\\\/alice.ch\\\/app\\\/uploads\\\/2022\\\/07\\\/logo-sveb.png\",\"width\":145,\"height\":64,\"caption\":\"SVEB Schweizerischer Verband f\u00fcr Weiterbildung\"},\"image\":{\"@id\":\"https:\\\/\\\/alice.ch\\\/de\\\/#\\\/schema\\\/logo\\\/image\\\/\"},\"sameAs\":[\"https:\\\/\\\/www.linkedin.com\\\/company\\\/schweizerischer-verband-fr-weiterbildung-sveb\\\/\"]}]}<\/script>\n<!-- \/ Yoast SEO plugin. -->","yoast_head_json":{"title":"Demokratie durch Weiterbildung st\u00e4rken \u2013 Perspektiven, Herausforderungen und Handlungsm\u00f6glichkeiten\u00a0 - SVEB","robots":{"index":"index","follow":"follow","max-snippet":"max-snippet:-1","max-image-preview":"max-image-preview:large","max-video-preview":"max-video-preview:-1"},"canonical":"https:\/\/alice.ch\/de\/event\/demokratie-durch-weiterbildung-staerken\/","og_locale":"de_DE","og_type":"article","og_title":"Demokratie durch Weiterbildung st\u00e4rken \u2013 Perspektiven, Herausforderungen und Handlungsm\u00f6glichkeiten\u00a0 - SVEB","og_description":"Globale Krisen fordern unsere Demokratie heraus. Gemeinsam mit Akteuren aus Wissenschaft und Praxis m\u00f6chte die Tagung Perspektiven, Herausforderungen und Handlungsm\u00f6glichkeiten [&hellip;]","og_url":"https:\/\/alice.ch\/de\/event\/demokratie-durch-weiterbildung-staerken\/","og_site_name":"SVEB","article_modified_time":"2026-02-02T16:04:57+00:00","og_image":[{"width":771,"height":385,"url":"https:\/\/alice.ch\/app\/uploads\/2025\/08\/tagung-demokratie-durch-weiterbildung-staerken.png","type":"image\/png"}],"twitter_card":"summary_large_image","twitter_misc":{"Gesch\u00e4tzte Lesezeit":"3\u00a0Minuten"},"schema":{"@context":"https:\/\/schema.org","@graph":[{"@type":"WebPage","@id":"https:\/\/alice.ch\/de\/event\/demokratie-durch-weiterbildung-staerken\/","url":"https:\/\/alice.ch\/de\/event\/demokratie-durch-weiterbildung-staerken\/","name":"Demokratie durch Weiterbildung st\u00e4rken \u2013 Perspektiven, Herausforderungen und Handlungsm\u00f6glichkeiten\u00a0 - SVEB","isPartOf":{"@id":"https:\/\/alice.ch\/de\/#website"},"primaryImageOfPage":{"@id":"https:\/\/alice.ch\/de\/event\/demokratie-durch-weiterbildung-staerken\/#primaryimage"},"image":{"@id":"https:\/\/alice.ch\/de\/event\/demokratie-durch-weiterbildung-staerken\/#primaryimage"},"thumbnailUrl":"https:\/\/alice.ch\/app\/uploads\/2025\/08\/tagung-demokratie-durch-weiterbildung-staerken.png","datePublished":"2025-08-11T18:04:54+00:00","dateModified":"2026-02-02T16:04:57+00:00","breadcrumb":{"@id":"https:\/\/alice.ch\/de\/event\/demokratie-durch-weiterbildung-staerken\/#breadcrumb"},"inLanguage":"de","potentialAction":[{"@type":"ReadAction","target":["https:\/\/alice.ch\/de\/event\/demokratie-durch-weiterbildung-staerken\/"]}]},{"@type":"ImageObject","inLanguage":"de","@id":"https:\/\/alice.ch\/de\/event\/demokratie-durch-weiterbildung-staerken\/#primaryimage","url":"https:\/\/alice.ch\/app\/uploads\/2025\/08\/tagung-demokratie-durch-weiterbildung-staerken.png","contentUrl":"https:\/\/alice.ch\/app\/uploads\/2025\/08\/tagung-demokratie-durch-weiterbildung-staerken.png","width":771,"height":385},{"@type":"BreadcrumbList","@id":"https:\/\/alice.ch\/de\/event\/demokratie-durch-weiterbildung-staerken\/#breadcrumb","itemListElement":[{"@type":"ListItem","position":1,"name":"Startseite","item":"https:\/\/alice.ch\/de\/"},{"@type":"ListItem","position":2,"name":"Events","item":"https:\/\/alice.ch\/de\/event\/"},{"@type":"ListItem","position":3,"name":"Demokratie durch Weiterbildung st\u00e4rken \u2013 Perspektiven, Herausforderungen und Handlungsm\u00f6glichkeiten\u00a0"}]},{"@type":"WebSite","@id":"https:\/\/alice.ch\/de\/#website","url":"https:\/\/alice.ch\/de\/","name":"alice.ch (Adult Learning Information Center) ist das Portal der Weiterbildung in der Schweiz.","description":"Schweizerischer Verband f\u00fcr Weiterbildung","publisher":{"@id":"https:\/\/alice.ch\/de\/#organization"},"potentialAction":[{"@type":"SearchAction","target":{"@type":"EntryPoint","urlTemplate":"https:\/\/alice.ch\/de\/?s={search_term_string}"},"query-input":{"@type":"PropertyValueSpecification","valueRequired":true,"valueName":"search_term_string"}}],"inLanguage":"de"},{"@type":"Organization","@id":"https:\/\/alice.ch\/de\/#organization","name":"SVEB Schweizerischer Verband f\u00fcr Weiterbildung","url":"https:\/\/alice.ch\/de\/","logo":{"@type":"ImageObject","inLanguage":"de","@id":"https:\/\/alice.ch\/de\/#\/schema\/logo\/image\/","url":"https:\/\/alice.ch\/app\/uploads\/2022\/07\/logo-sveb.png","contentUrl":"https:\/\/alice.ch\/app\/uploads\/2022\/07\/logo-sveb.png","width":145,"height":64,"caption":"SVEB Schweizerischer Verband f\u00fcr Weiterbildung"},"image":{"@id":"https:\/\/alice.ch\/de\/#\/schema\/logo\/image\/"},"sameAs":["https:\/\/www.linkedin.com\/company\/schweizerischer-verband-fr-weiterbildung-sveb\/"]}]}},"_links":{"self":[{"href":"https:\/\/alice.ch\/de\/wp-json\/wp\/v2\/event\/69891","targetHints":{"allow":["GET"]}}],"collection":[{"href":"https:\/\/alice.ch\/de\/wp-json\/wp\/v2\/event"}],"about":[{"href":"https:\/\/alice.ch\/de\/wp-json\/wp\/v2\/types\/event"}],"author":[{"embeddable":true,"href":"https:\/\/alice.ch\/de\/wp-json\/wp\/v2\/users\/5"}],"version-history":[{"count":29,"href":"https:\/\/alice.ch\/de\/wp-json\/wp\/v2\/event\/69891\/revisions"}],"predecessor-version":[{"id":73204,"href":"https:\/\/alice.ch\/de\/wp-json\/wp\/v2\/event\/69891\/revisions\/73204"}],"wp:featuredmedia":[{"embeddable":true,"href":"https:\/\/alice.ch\/de\/wp-json\/wp\/v2\/media\/69894"}],"wp:attachment":[{"href":"https:\/\/alice.ch\/de\/wp-json\/wp\/v2\/media?parent=69891"}],"wp:term":[{"taxonomy":"event-category","embeddable":true,"href":"https:\/\/alice.ch\/de\/wp-json\/wp\/v2\/event-category?post=69891"},{"taxonomy":"event-tag","embeddable":true,"href":"https:\/\/alice.ch\/de\/wp-json\/wp\/v2\/event-tag?post=69891"},{"taxonomy":"event-status","embeddable":true,"href":"https:\/\/alice.ch\/de\/wp-json\/wp\/v2\/event-status?post=69891"},{"taxonomy":"event-language","embeddable":true,"href":"https:\/\/alice.ch\/de\/wp-json\/wp\/v2\/event-language?post=69891"},{"taxonomy":"global-category","embeddable":true,"href":"https:\/\/alice.ch\/de\/wp-json\/wp\/v2\/global-category?post=69891"}],"curies":[{"name":"wp","href":"https:\/\/api.w.org\/{rel}","templated":true}]}}