{"id":70635,"date":"2025-09-24T11:34:06","date_gmt":"2025-09-24T09:34:06","guid":{"rendered":"https:\/\/alice.ch\/?post_type=event&#038;p=70635"},"modified":"2025-12-09T15:59:13","modified_gmt":"2025-12-09T14:59:13","slug":"informationsanlass-mobilitaet-in-der-weiterbildung","status":"publish","type":"event","link":"https:\/\/alice.ch\/de\/event\/informationsanlass-mobilitaet-in-der-weiterbildung\/","title":{"rendered":"Informationsanlass: Mobilit\u00e4t in der Weiterbildung"},"content":{"rendered":"\n<h2 class=\"wp-block-heading\">Entdecken, austauschen, weiterentwickeln: Lernen im Ausland<\/h2>\n\n\n\n<p>Nutzen Sie die Chance in anderen L\u00e4ndern, neue Impulse zu sammeln, sich fachlich weiterzubilden und pers\u00f6nlich zu wachsen. Tauchen Sie in andere Bildungswelten ein, lernen Sie von internationalen Partnern und erweitern Sie Ihr berufliches Netzwerk. Movetia unterst\u00fctzt Sie bei Ihrem Vorhaben.<\/p>\n\n\n\n<p>Der SVEB l\u00e4dt gemeinsam mit <a href=\"https:\/\/movetia.ch\/\" target=\"_blank\" rel=\"noreferrer noopener\">Movetia<\/a> herzlich zu einem kostenlosen Online-Event zum Thema \u00abMobilit\u00e4t in der Weiterbildung\u00bb ein. Erfahren Sie, welche Chancen europ\u00e4ische Austauschprogramme er\u00f6ffnen, wie Mobilit\u00e4tsprojekte gestaltet werden k\u00f6nnen und welchen Nutzen sie f\u00fcr die Praxis in der Weiterbildung haben.<\/p>\n\n\n\n<p>Im ersten Teil der Veranstaltung gibt der SVEB einen \u00dcberblick \u00fcber Mobilit\u00e4tsprojekte und ihre M\u00f6glichkeiten. Im Anschluss haben Sie die Gelegenheit, sich mit einer Fachperson von Movetia auszutauschen, Ihre Fragen zu stellen und Ideen oder Bedenken zu diskutieren.<\/p>\n\n\n\n<h2 class=\"wp-block-heading\">Programm<\/h2>\n\n\n\n<figure class=\"wp-block-table\"><table><tbody><tr><td>13.00 Uhr<\/td><td>Begr\u00fcssung <\/td><td>SVEB<\/td><\/tr><tr><td>13.05 Uhr<\/td><td>M\u00f6glichkeiten f\u00fcr europ\u00e4ische Mobilit\u00e4tsprojekte<\/td><td>Movetia<\/td><\/tr><tr><td>13.20 Uhr<\/td><td>Beispiele:<br>\u2013 Sprachaustausch&nbsp;<br>\u2013 Weiterbildungen im Ausland&nbsp;<br>\u2013 Internationale Konferenzen<\/td><td>SVEB<\/td><\/tr><tr><td>13.40 Uhr<\/td><td>Fragerunde<\/td><td><\/td><\/tr><tr><td>14.00 Uhr<\/td><td>Ende der Online-Veranstaltung<\/td><td><\/td><\/tr><\/tbody><\/table><\/figure>\n\n\n\n<p><\/p>\n\n\n\n<h2 class=\"wp-block-heading\">Pr\u00e4sentation <\/h2>\n\n\n\n<div class=\"wp-block-file\"><a id=\"wp-block-file--media-7956c882-2d1a-4879-a51a-c2ef21f097fd\" href=\"https:\/\/alice.ch\/app\/uploads\/2025\/09\/091225-mobilitaet-in-der-weiterbildung-movetia-sveb.pdf\">Pr\u00e4sentation: Mobilit\u00e4t in der Weiterbildung<br>Lynette Weber (SVEB) und Charlotte-Sophie Ramseier (Movetia)<br \/>PDF &#8211; 1 MB<\/a><a href=\"https:\/\/alice.ch\/app\/uploads\/2025\/09\/091225-mobilitaet-in-der-weiterbildung-movetia-sveb.pdf\" class=\"wp-block-file__button wp-element-button\" download aria-describedby=\"wp-block-file--media-7956c882-2d1a-4879-a51a-c2ef21f097fd\">Herunterladen<br \/>PDF &#8211; 1 MB<\/a><\/div>\n\n\n\n<figure class=\"wp-block-embed is-type-video is-provider-youtube wp-block-embed-youtube\"><div class=\"wp-block-embed__wrapper\">\n<iframe title=\"Mobilita\u0308t in der Weiterbildung\" width=\"500\" height=\"281\" src=\"https:\/\/www.youtube.com\/embed\/RkfQOSOD6Kg?feature=oembed\" frameborder=\"0\" allow=\"accelerometer; autoplay; clipboard-write; encrypted-media; gyroscope; picture-in-picture; web-share\" referrerpolicy=\"strict-origin-when-cross-origin\" allowfullscreen><\/iframe>\n<\/div><\/figure>\n","protected":false},"excerpt":{"rendered":"<p>Entdecken, austauschen, weiterentwickeln: Lernen im Ausland Nutzen Sie die Chance in anderen L\u00e4ndern, neue Impulse zu sammeln, sich fachlich weiterzubilden [&hellip;]<\/p>\n","protected":false},"author":31,"featured_media":70640,"template":"","meta":{"_acf_changed":false,"inline_featured_image":false,"footnotes":""},"event-category":[24],"event-tag":[365],"event-status":[200],"event-language":[202],"global-category":[53,426],"class_list":["post-70635","event","type-event","status-publish","has-post-thumbnail","hentry","event-category-sveb-kooperation-events","event-tag-365","event-status-archiv","event-language-deutsch","global-category-international","global-category-movetia"],"acf":[],"yoast_head":"<!-- This site is optimized with the Yoast SEO plugin v27.3 - https:\/\/yoast.com\/product\/yoast-seo-wordpress\/ -->\n<title>Informationsanlass: Mobilit\u00e4t in der Weiterbildung - SVEB<\/title>\n<meta name=\"description\" content=\"SVEB-Hackathon: Gemeinsam innovative Ideen entwickeln, wie KI die Weiterbildung sinnvoll und gewinnbringend gestalten kann.\" \/>\n<meta name=\"robots\" content=\"index, follow, max-snippet:-1, max-image-preview:large, max-video-preview:-1\" \/>\n<link rel=\"canonical\" href=\"https:\/\/alice.ch\/de\/event\/informationsanlass-mobilitaet-in-der-weiterbildung\/\" \/>\n<meta property=\"og:locale\" content=\"de_DE\" \/>\n<meta property=\"og:type\" content=\"article\" \/>\n<meta property=\"og:title\" content=\"Informationsanlass: Mobilit\u00e4t in der Weiterbildung - SVEB\" \/>\n<meta property=\"og:description\" content=\"SVEB-Hackathon: Gemeinsam innovative Ideen entwickeln, wie KI die Weiterbildung sinnvoll und gewinnbringend gestalten kann.\" \/>\n<meta property=\"og:url\" content=\"https:\/\/alice.ch\/de\/event\/informationsanlass-mobilitaet-in-der-weiterbildung\/\" \/>\n<meta property=\"og:site_name\" content=\"SVEB\" \/>\n<meta property=\"article:modified_time\" content=\"2025-12-09T14:59:13+00:00\" \/>\n<meta property=\"og:image\" content=\"https:\/\/alice.ch\/app\/uploads\/2025\/09\/movetia-mobilitaet.jpg\" \/>\n\t<meta property=\"og:image:width\" content=\"1542\" \/>\n\t<meta property=\"og:image:height\" content=\"771\" \/>\n\t<meta property=\"og:image:type\" content=\"image\/jpeg\" \/>\n<meta name=\"twitter:card\" content=\"summary_large_image\" \/>\n<meta name=\"twitter:label1\" content=\"Gesch\u00e4tzte Lesezeit\" \/>\n\t<meta name=\"twitter:data1\" content=\"1\u00a0Minute\" \/>\n<script type=\"application\/ld+json\" class=\"yoast-schema-graph\">{\"@context\":\"https:\\\/\\\/schema.org\",\"@graph\":[{\"@type\":\"WebPage\",\"@id\":\"https:\\\/\\\/alice.ch\\\/de\\\/event\\\/informationsanlass-mobilitaet-in-der-weiterbildung\\\/\",\"url\":\"https:\\\/\\\/alice.ch\\\/de\\\/event\\\/informationsanlass-mobilitaet-in-der-weiterbildung\\\/\",\"name\":\"Informationsanlass: Mobilit\u00e4t in der Weiterbildung - SVEB\",\"isPartOf\":{\"@id\":\"https:\\\/\\\/alice.ch\\\/de\\\/#website\"},\"primaryImageOfPage\":{\"@id\":\"https:\\\/\\\/alice.ch\\\/de\\\/event\\\/informationsanlass-mobilitaet-in-der-weiterbildung\\\/#primaryimage\"},\"image\":{\"@id\":\"https:\\\/\\\/alice.ch\\\/de\\\/event\\\/informationsanlass-mobilitaet-in-der-weiterbildung\\\/#primaryimage\"},\"thumbnailUrl\":\"https:\\\/\\\/alice.ch\\\/app\\\/uploads\\\/2025\\\/09\\\/movetia-mobilitaet.jpg\",\"datePublished\":\"2025-09-24T09:34:06+00:00\",\"dateModified\":\"2025-12-09T14:59:13+00:00\",\"description\":\"SVEB-Hackathon: Gemeinsam innovative Ideen entwickeln, wie KI die Weiterbildung sinnvoll und gewinnbringend gestalten kann.\",\"breadcrumb\":{\"@id\":\"https:\\\/\\\/alice.ch\\\/de\\\/event\\\/informationsanlass-mobilitaet-in-der-weiterbildung\\\/#breadcrumb\"},\"inLanguage\":\"de\",\"potentialAction\":[{\"@type\":\"ReadAction\",\"target\":[\"https:\\\/\\\/alice.ch\\\/de\\\/event\\\/informationsanlass-mobilitaet-in-der-weiterbildung\\\/\"]}]},{\"@type\":\"ImageObject\",\"inLanguage\":\"de\",\"@id\":\"https:\\\/\\\/alice.ch\\\/de\\\/event\\\/informationsanlass-mobilitaet-in-der-weiterbildung\\\/#primaryimage\",\"url\":\"https:\\\/\\\/alice.ch\\\/app\\\/uploads\\\/2025\\\/09\\\/movetia-mobilitaet.jpg\",\"contentUrl\":\"https:\\\/\\\/alice.ch\\\/app\\\/uploads\\\/2025\\\/09\\\/movetia-mobilitaet.jpg\",\"width\":1542,\"height\":771},{\"@type\":\"BreadcrumbList\",\"@id\":\"https:\\\/\\\/alice.ch\\\/de\\\/event\\\/informationsanlass-mobilitaet-in-der-weiterbildung\\\/#breadcrumb\",\"itemListElement\":[{\"@type\":\"ListItem\",\"position\":1,\"name\":\"Startseite\",\"item\":\"https:\\\/\\\/alice.ch\\\/de\\\/\"},{\"@type\":\"ListItem\",\"position\":2,\"name\":\"Events\",\"item\":\"https:\\\/\\\/alice.ch\\\/de\\\/event\\\/\"},{\"@type\":\"ListItem\",\"position\":3,\"name\":\"Informationsanlass: Mobilit\u00e4t in der Weiterbildung\"}]},{\"@type\":\"WebSite\",\"@id\":\"https:\\\/\\\/alice.ch\\\/de\\\/#website\",\"url\":\"https:\\\/\\\/alice.ch\\\/de\\\/\",\"name\":\"alice.ch (Adult Learning Information Center) ist das Portal der Weiterbildung in der Schweiz.\",\"description\":\"Schweizerischer Verband f\u00fcr Weiterbildung\",\"publisher\":{\"@id\":\"https:\\\/\\\/alice.ch\\\/de\\\/#organization\"},\"potentialAction\":[{\"@type\":\"SearchAction\",\"target\":{\"@type\":\"EntryPoint\",\"urlTemplate\":\"https:\\\/\\\/alice.ch\\\/de\\\/?s={search_term_string}\"},\"query-input\":{\"@type\":\"PropertyValueSpecification\",\"valueRequired\":true,\"valueName\":\"search_term_string\"}}],\"inLanguage\":\"de\"},{\"@type\":\"Organization\",\"@id\":\"https:\\\/\\\/alice.ch\\\/de\\\/#organization\",\"name\":\"SVEB Schweizerischer Verband f\u00fcr Weiterbildung\",\"url\":\"https:\\\/\\\/alice.ch\\\/de\\\/\",\"logo\":{\"@type\":\"ImageObject\",\"inLanguage\":\"de\",\"@id\":\"https:\\\/\\\/alice.ch\\\/de\\\/#\\\/schema\\\/logo\\\/image\\\/\",\"url\":\"https:\\\/\\\/alice.ch\\\/app\\\/uploads\\\/2022\\\/07\\\/logo-sveb.png\",\"contentUrl\":\"https:\\\/\\\/alice.ch\\\/app\\\/uploads\\\/2022\\\/07\\\/logo-sveb.png\",\"width\":145,\"height\":64,\"caption\":\"SVEB Schweizerischer Verband f\u00fcr Weiterbildung\"},\"image\":{\"@id\":\"https:\\\/\\\/alice.ch\\\/de\\\/#\\\/schema\\\/logo\\\/image\\\/\"},\"sameAs\":[\"https:\\\/\\\/www.linkedin.com\\\/company\\\/schweizerischer-verband-fr-weiterbildung-sveb\\\/\"]}]}<\/script>\n<!-- \/ Yoast SEO plugin. -->","yoast_head_json":{"title":"Informationsanlass: Mobilit\u00e4t in der Weiterbildung - SVEB","description":"SVEB-Hackathon: Gemeinsam innovative Ideen entwickeln, wie KI die Weiterbildung sinnvoll und gewinnbringend gestalten kann.","robots":{"index":"index","follow":"follow","max-snippet":"max-snippet:-1","max-image-preview":"max-image-preview:large","max-video-preview":"max-video-preview:-1"},"canonical":"https:\/\/alice.ch\/de\/event\/informationsanlass-mobilitaet-in-der-weiterbildung\/","og_locale":"de_DE","og_type":"article","og_title":"Informationsanlass: Mobilit\u00e4t in der Weiterbildung - SVEB","og_description":"SVEB-Hackathon: Gemeinsam innovative Ideen entwickeln, wie KI die Weiterbildung sinnvoll und gewinnbringend gestalten kann.","og_url":"https:\/\/alice.ch\/de\/event\/informationsanlass-mobilitaet-in-der-weiterbildung\/","og_site_name":"SVEB","article_modified_time":"2025-12-09T14:59:13+00:00","og_image":[{"width":1542,"height":771,"url":"https:\/\/alice.ch\/app\/uploads\/2025\/09\/movetia-mobilitaet.jpg","type":"image\/jpeg"}],"twitter_card":"summary_large_image","twitter_misc":{"Gesch\u00e4tzte Lesezeit":"1\u00a0Minute"},"schema":{"@context":"https:\/\/schema.org","@graph":[{"@type":"WebPage","@id":"https:\/\/alice.ch\/de\/event\/informationsanlass-mobilitaet-in-der-weiterbildung\/","url":"https:\/\/alice.ch\/de\/event\/informationsanlass-mobilitaet-in-der-weiterbildung\/","name":"Informationsanlass: Mobilit\u00e4t in der Weiterbildung - SVEB","isPartOf":{"@id":"https:\/\/alice.ch\/de\/#website"},"primaryImageOfPage":{"@id":"https:\/\/alice.ch\/de\/event\/informationsanlass-mobilitaet-in-der-weiterbildung\/#primaryimage"},"image":{"@id":"https:\/\/alice.ch\/de\/event\/informationsanlass-mobilitaet-in-der-weiterbildung\/#primaryimage"},"thumbnailUrl":"https:\/\/alice.ch\/app\/uploads\/2025\/09\/movetia-mobilitaet.jpg","datePublished":"2025-09-24T09:34:06+00:00","dateModified":"2025-12-09T14:59:13+00:00","description":"SVEB-Hackathon: Gemeinsam innovative Ideen entwickeln, wie KI die Weiterbildung sinnvoll und gewinnbringend gestalten kann.","breadcrumb":{"@id":"https:\/\/alice.ch\/de\/event\/informationsanlass-mobilitaet-in-der-weiterbildung\/#breadcrumb"},"inLanguage":"de","potentialAction":[{"@type":"ReadAction","target":["https:\/\/alice.ch\/de\/event\/informationsanlass-mobilitaet-in-der-weiterbildung\/"]}]},{"@type":"ImageObject","inLanguage":"de","@id":"https:\/\/alice.ch\/de\/event\/informationsanlass-mobilitaet-in-der-weiterbildung\/#primaryimage","url":"https:\/\/alice.ch\/app\/uploads\/2025\/09\/movetia-mobilitaet.jpg","contentUrl":"https:\/\/alice.ch\/app\/uploads\/2025\/09\/movetia-mobilitaet.jpg","width":1542,"height":771},{"@type":"BreadcrumbList","@id":"https:\/\/alice.ch\/de\/event\/informationsanlass-mobilitaet-in-der-weiterbildung\/#breadcrumb","itemListElement":[{"@type":"ListItem","position":1,"name":"Startseite","item":"https:\/\/alice.ch\/de\/"},{"@type":"ListItem","position":2,"name":"Events","item":"https:\/\/alice.ch\/de\/event\/"},{"@type":"ListItem","position":3,"name":"Informationsanlass: Mobilit\u00e4t in der Weiterbildung"}]},{"@type":"WebSite","@id":"https:\/\/alice.ch\/de\/#website","url":"https:\/\/alice.ch\/de\/","name":"alice.ch (Adult Learning Information Center) ist das Portal der Weiterbildung in der Schweiz.","description":"Schweizerischer Verband f\u00fcr Weiterbildung","publisher":{"@id":"https:\/\/alice.ch\/de\/#organization"},"potentialAction":[{"@type":"SearchAction","target":{"@type":"EntryPoint","urlTemplate":"https:\/\/alice.ch\/de\/?s={search_term_string}"},"query-input":{"@type":"PropertyValueSpecification","valueRequired":true,"valueName":"search_term_string"}}],"inLanguage":"de"},{"@type":"Organization","@id":"https:\/\/alice.ch\/de\/#organization","name":"SVEB Schweizerischer Verband f\u00fcr Weiterbildung","url":"https:\/\/alice.ch\/de\/","logo":{"@type":"ImageObject","inLanguage":"de","@id":"https:\/\/alice.ch\/de\/#\/schema\/logo\/image\/","url":"https:\/\/alice.ch\/app\/uploads\/2022\/07\/logo-sveb.png","contentUrl":"https:\/\/alice.ch\/app\/uploads\/2022\/07\/logo-sveb.png","width":145,"height":64,"caption":"SVEB Schweizerischer Verband f\u00fcr Weiterbildung"},"image":{"@id":"https:\/\/alice.ch\/de\/#\/schema\/logo\/image\/"},"sameAs":["https:\/\/www.linkedin.com\/company\/schweizerischer-verband-fr-weiterbildung-sveb\/"]}]}},"_links":{"self":[{"href":"https:\/\/alice.ch\/de\/wp-json\/wp\/v2\/event\/70635","targetHints":{"allow":["GET"]}}],"collection":[{"href":"https:\/\/alice.ch\/de\/wp-json\/wp\/v2\/event"}],"about":[{"href":"https:\/\/alice.ch\/de\/wp-json\/wp\/v2\/types\/event"}],"author":[{"embeddable":true,"href":"https:\/\/alice.ch\/de\/wp-json\/wp\/v2\/users\/31"}],"version-history":[{"count":14,"href":"https:\/\/alice.ch\/de\/wp-json\/wp\/v2\/event\/70635\/revisions"}],"predecessor-version":[{"id":72522,"href":"https:\/\/alice.ch\/de\/wp-json\/wp\/v2\/event\/70635\/revisions\/72522"}],"wp:featuredmedia":[{"embeddable":true,"href":"https:\/\/alice.ch\/de\/wp-json\/wp\/v2\/media\/70640"}],"wp:attachment":[{"href":"https:\/\/alice.ch\/de\/wp-json\/wp\/v2\/media?parent=70635"}],"wp:term":[{"taxonomy":"event-category","embeddable":true,"href":"https:\/\/alice.ch\/de\/wp-json\/wp\/v2\/event-category?post=70635"},{"taxonomy":"event-tag","embeddable":true,"href":"https:\/\/alice.ch\/de\/wp-json\/wp\/v2\/event-tag?post=70635"},{"taxonomy":"event-status","embeddable":true,"href":"https:\/\/alice.ch\/de\/wp-json\/wp\/v2\/event-status?post=70635"},{"taxonomy":"event-language","embeddable":true,"href":"https:\/\/alice.ch\/de\/wp-json\/wp\/v2\/event-language?post=70635"},{"taxonomy":"global-category","embeddable":true,"href":"https:\/\/alice.ch\/de\/wp-json\/wp\/v2\/global-category?post=70635"}],"curies":[{"name":"wp","href":"https:\/\/api.w.org\/{rel}","templated":true}]}}