{"id":72481,"date":"2025-12-08T16:03:01","date_gmt":"2025-12-08T15:03:01","guid":{"rendered":"https:\/\/alice.ch\/?post_type=event&#038;p=72481"},"modified":"2026-03-10T17:54:16","modified_gmt":"2026-03-10T16:54:16","slug":"digitale-transformation-konkret-lerntechnologien-in-berufs-und-erwachsenenbildung","status":"publish","type":"event","link":"https:\/\/alice.ch\/de\/event\/digitale-transformation-konkret-lerntechnologien-in-berufs-und-erwachsenenbildung\/","title":{"rendered":"Digitale Transformation konkret \u2014 Lerntechnologien in Berufs- und Erwachsenenbildung"},"content":{"rendered":"\n<h2 class=\"wp-block-heading\">Bereiten Sie sich auf einen Tag intensiven Austauschs zur Digitalen Transformation vor! <\/h2>\n\n\n\n<p><a href=\"https:\/\/sgab-srfp.ch\/\" target=\"_blank\" rel=\"noreferrer noopener\">Die SGAB<\/a> veranstaltet am 12. M\u00e4rz 2026 an der <a href=\"https:\/\/phzh.ch\" target=\"_blank\" rel=\"noreferrer noopener\">PH Z\u00fcrich<\/a> die Fachtagung zum Thema \u00abDigitale Transformation konkret \u2014 Lerntechnologien in Berufs- und Erwachsenenbildung\u00bb. Die Tagung startet mit einer Exhibition und informellem Networking mit f\u00fchrenden EdTech-Akteuren (inkl. Kaffee &amp; Kuchen). Anschliessend erwarten Sie inspirierende Keynotes (u.a. von Marcel Salath\u00e9, EPFL) und Sie k\u00f6nnen aus 13 praxisnahen Workshops w\u00e4hlen.&nbsp;<br><\/p>\n\n\n\n<div class=\"wp-block-buttons is-layout-flex wp-block-buttons-is-layout-flex\">\n<div class=\"wp-block-button is-style-minimal\"><a class=\"wp-block-button__link wp-element-button\" href=\"https:\/\/sgab-srfp.ch\/tagung\/maerz-2026\/\" target=\"_blank\" rel=\"noreferrer noopener\">Zum detaillierten Programm und zur Anmeldung.&nbsp;<\/a><\/div>\n<\/div>\n\n\n\n<div class=\"wp-block-file\"><a id=\"wp-block-file--media-84ee86b4-e045-4fef-bba0-353bb186d4d6\" href=\"https:\/\/alice.ch\/app\/uploads\/2025\/12\/sgab-tagung-flyer-2026.png\">Flyer herunterladen<br \/>PNG &#8211; 659 KB<\/a><a href=\"https:\/\/alice.ch\/app\/uploads\/2025\/12\/sgab-tagung-flyer-2026.png\" class=\"wp-block-file__button wp-element-button\" download aria-describedby=\"wp-block-file--media-84ee86b4-e045-4fef-bba0-353bb186d4d6\">Herunterladen<br \/>PNG &#8211; 659 KB<\/a><\/div>\n\n\n\n<p><\/p>\n","protected":false},"excerpt":{"rendered":"<p>Bereiten Sie sich auf einen Tag intensiven Austauschs zur Digitalen Transformation vor! Die SGAB veranstaltet am 12. M\u00e4rz 2026 an [&hellip;]<\/p>\n","protected":false},"author":31,"featured_media":72487,"template":"","meta":{"_acf_changed":false,"inline_featured_image":false,"footnotes":""},"event-category":[152],"event-tag":[],"event-status":[200],"event-language":[202],"global-category":[52],"class_list":["post-72481","event","type-event","status-publish","has-post-thumbnail","hentry","event-category-externer-event","event-status-archiv","event-language-deutsch","global-category-digitalisierung"],"acf":[],"yoast_head":"<!-- This site is optimized with the Yoast SEO plugin v27.3 - https:\/\/yoast.com\/product\/yoast-seo-wordpress\/ -->\n<title>Digitale Transformation konkret \u2014 Lerntechnologien in Berufs- und Erwachsenenbildung - SVEB<\/title>\n<meta name=\"robots\" content=\"index, follow, max-snippet:-1, max-image-preview:large, max-video-preview:-1\" \/>\n<link rel=\"canonical\" href=\"https:\/\/alice.ch\/de\/event\/digitale-transformation-konkret-lerntechnologien-in-berufs-und-erwachsenenbildung\/\" \/>\n<meta property=\"og:locale\" content=\"de_DE\" \/>\n<meta property=\"og:type\" content=\"article\" \/>\n<meta property=\"og:title\" content=\"Digitale Transformation konkret \u2014 Lerntechnologien in Berufs- und Erwachsenenbildung - SVEB\" \/>\n<meta property=\"og:description\" content=\"Bereiten Sie sich auf einen Tag intensiven Austauschs zur Digitalen Transformation vor! Die SGAB veranstaltet am 12. M\u00e4rz 2026 an [&hellip;]\" \/>\n<meta property=\"og:url\" content=\"https:\/\/alice.ch\/de\/event\/digitale-transformation-konkret-lerntechnologien-in-berufs-und-erwachsenenbildung\/\" \/>\n<meta property=\"og:site_name\" content=\"SVEB\" \/>\n<meta property=\"article:modified_time\" content=\"2026-03-10T16:54:16+00:00\" \/>\n<meta property=\"og:image\" content=\"https:\/\/alice.ch\/app\/uploads\/2025\/12\/sgab-tagung-2026.png\" \/>\n\t<meta property=\"og:image:width\" content=\"900\" \/>\n\t<meta property=\"og:image:height\" content=\"900\" \/>\n\t<meta property=\"og:image:type\" content=\"image\/png\" \/>\n<meta name=\"twitter:card\" content=\"summary_large_image\" \/>\n<script type=\"application\/ld+json\" class=\"yoast-schema-graph\">{\"@context\":\"https:\\\/\\\/schema.org\",\"@graph\":[{\"@type\":\"WebPage\",\"@id\":\"https:\\\/\\\/alice.ch\\\/de\\\/event\\\/digitale-transformation-konkret-lerntechnologien-in-berufs-und-erwachsenenbildung\\\/\",\"url\":\"https:\\\/\\\/alice.ch\\\/de\\\/event\\\/digitale-transformation-konkret-lerntechnologien-in-berufs-und-erwachsenenbildung\\\/\",\"name\":\"Digitale Transformation konkret \u2014 Lerntechnologien in Berufs- und Erwachsenenbildung - SVEB\",\"isPartOf\":{\"@id\":\"https:\\\/\\\/alice.ch\\\/de\\\/#website\"},\"primaryImageOfPage\":{\"@id\":\"https:\\\/\\\/alice.ch\\\/de\\\/event\\\/digitale-transformation-konkret-lerntechnologien-in-berufs-und-erwachsenenbildung\\\/#primaryimage\"},\"image\":{\"@id\":\"https:\\\/\\\/alice.ch\\\/de\\\/event\\\/digitale-transformation-konkret-lerntechnologien-in-berufs-und-erwachsenenbildung\\\/#primaryimage\"},\"thumbnailUrl\":\"https:\\\/\\\/alice.ch\\\/app\\\/uploads\\\/2025\\\/12\\\/sgab-tagung-2026.png\",\"datePublished\":\"2025-12-08T15:03:01+00:00\",\"dateModified\":\"2026-03-10T16:54:16+00:00\",\"breadcrumb\":{\"@id\":\"https:\\\/\\\/alice.ch\\\/de\\\/event\\\/digitale-transformation-konkret-lerntechnologien-in-berufs-und-erwachsenenbildung\\\/#breadcrumb\"},\"inLanguage\":\"de\",\"potentialAction\":[{\"@type\":\"ReadAction\",\"target\":[\"https:\\\/\\\/alice.ch\\\/de\\\/event\\\/digitale-transformation-konkret-lerntechnologien-in-berufs-und-erwachsenenbildung\\\/\"]}]},{\"@type\":\"ImageObject\",\"inLanguage\":\"de\",\"@id\":\"https:\\\/\\\/alice.ch\\\/de\\\/event\\\/digitale-transformation-konkret-lerntechnologien-in-berufs-und-erwachsenenbildung\\\/#primaryimage\",\"url\":\"https:\\\/\\\/alice.ch\\\/app\\\/uploads\\\/2025\\\/12\\\/sgab-tagung-2026.png\",\"contentUrl\":\"https:\\\/\\\/alice.ch\\\/app\\\/uploads\\\/2025\\\/12\\\/sgab-tagung-2026.png\",\"width\":900,\"height\":900},{\"@type\":\"BreadcrumbList\",\"@id\":\"https:\\\/\\\/alice.ch\\\/de\\\/event\\\/digitale-transformation-konkret-lerntechnologien-in-berufs-und-erwachsenenbildung\\\/#breadcrumb\",\"itemListElement\":[{\"@type\":\"ListItem\",\"position\":1,\"name\":\"Startseite\",\"item\":\"https:\\\/\\\/alice.ch\\\/de\\\/\"},{\"@type\":\"ListItem\",\"position\":2,\"name\":\"Events\",\"item\":\"https:\\\/\\\/alice.ch\\\/de\\\/event\\\/\"},{\"@type\":\"ListItem\",\"position\":3,\"name\":\"Digitale Transformation konkret \u2014 Lerntechnologien in Berufs- und Erwachsenenbildung\"}]},{\"@type\":\"WebSite\",\"@id\":\"https:\\\/\\\/alice.ch\\\/de\\\/#website\",\"url\":\"https:\\\/\\\/alice.ch\\\/de\\\/\",\"name\":\"alice.ch (Adult Learning Information Center) ist das Portal der Weiterbildung in der Schweiz.\",\"description\":\"Schweizerischer Verband f\u00fcr Weiterbildung\",\"publisher\":{\"@id\":\"https:\\\/\\\/alice.ch\\\/de\\\/#organization\"},\"potentialAction\":[{\"@type\":\"SearchAction\",\"target\":{\"@type\":\"EntryPoint\",\"urlTemplate\":\"https:\\\/\\\/alice.ch\\\/de\\\/?s={search_term_string}\"},\"query-input\":{\"@type\":\"PropertyValueSpecification\",\"valueRequired\":true,\"valueName\":\"search_term_string\"}}],\"inLanguage\":\"de\"},{\"@type\":\"Organization\",\"@id\":\"https:\\\/\\\/alice.ch\\\/de\\\/#organization\",\"name\":\"SVEB Schweizerischer Verband f\u00fcr Weiterbildung\",\"url\":\"https:\\\/\\\/alice.ch\\\/de\\\/\",\"logo\":{\"@type\":\"ImageObject\",\"inLanguage\":\"de\",\"@id\":\"https:\\\/\\\/alice.ch\\\/de\\\/#\\\/schema\\\/logo\\\/image\\\/\",\"url\":\"https:\\\/\\\/alice.ch\\\/app\\\/uploads\\\/2022\\\/07\\\/logo-sveb.png\",\"contentUrl\":\"https:\\\/\\\/alice.ch\\\/app\\\/uploads\\\/2022\\\/07\\\/logo-sveb.png\",\"width\":145,\"height\":64,\"caption\":\"SVEB Schweizerischer Verband f\u00fcr Weiterbildung\"},\"image\":{\"@id\":\"https:\\\/\\\/alice.ch\\\/de\\\/#\\\/schema\\\/logo\\\/image\\\/\"},\"sameAs\":[\"https:\\\/\\\/www.linkedin.com\\\/company\\\/schweizerischer-verband-fr-weiterbildung-sveb\\\/\"]}]}<\/script>\n<!-- \/ Yoast SEO plugin. -->","yoast_head_json":{"title":"Digitale Transformation konkret \u2014 Lerntechnologien in Berufs- und Erwachsenenbildung - SVEB","robots":{"index":"index","follow":"follow","max-snippet":"max-snippet:-1","max-image-preview":"max-image-preview:large","max-video-preview":"max-video-preview:-1"},"canonical":"https:\/\/alice.ch\/de\/event\/digitale-transformation-konkret-lerntechnologien-in-berufs-und-erwachsenenbildung\/","og_locale":"de_DE","og_type":"article","og_title":"Digitale Transformation konkret \u2014 Lerntechnologien in Berufs- und Erwachsenenbildung - SVEB","og_description":"Bereiten Sie sich auf einen Tag intensiven Austauschs zur Digitalen Transformation vor! Die SGAB veranstaltet am 12. M\u00e4rz 2026 an [&hellip;]","og_url":"https:\/\/alice.ch\/de\/event\/digitale-transformation-konkret-lerntechnologien-in-berufs-und-erwachsenenbildung\/","og_site_name":"SVEB","article_modified_time":"2026-03-10T16:54:16+00:00","og_image":[{"width":900,"height":900,"url":"https:\/\/alice.ch\/app\/uploads\/2025\/12\/sgab-tagung-2026.png","type":"image\/png"}],"twitter_card":"summary_large_image","schema":{"@context":"https:\/\/schema.org","@graph":[{"@type":"WebPage","@id":"https:\/\/alice.ch\/de\/event\/digitale-transformation-konkret-lerntechnologien-in-berufs-und-erwachsenenbildung\/","url":"https:\/\/alice.ch\/de\/event\/digitale-transformation-konkret-lerntechnologien-in-berufs-und-erwachsenenbildung\/","name":"Digitale Transformation konkret \u2014 Lerntechnologien in Berufs- und Erwachsenenbildung - SVEB","isPartOf":{"@id":"https:\/\/alice.ch\/de\/#website"},"primaryImageOfPage":{"@id":"https:\/\/alice.ch\/de\/event\/digitale-transformation-konkret-lerntechnologien-in-berufs-und-erwachsenenbildung\/#primaryimage"},"image":{"@id":"https:\/\/alice.ch\/de\/event\/digitale-transformation-konkret-lerntechnologien-in-berufs-und-erwachsenenbildung\/#primaryimage"},"thumbnailUrl":"https:\/\/alice.ch\/app\/uploads\/2025\/12\/sgab-tagung-2026.png","datePublished":"2025-12-08T15:03:01+00:00","dateModified":"2026-03-10T16:54:16+00:00","breadcrumb":{"@id":"https:\/\/alice.ch\/de\/event\/digitale-transformation-konkret-lerntechnologien-in-berufs-und-erwachsenenbildung\/#breadcrumb"},"inLanguage":"de","potentialAction":[{"@type":"ReadAction","target":["https:\/\/alice.ch\/de\/event\/digitale-transformation-konkret-lerntechnologien-in-berufs-und-erwachsenenbildung\/"]}]},{"@type":"ImageObject","inLanguage":"de","@id":"https:\/\/alice.ch\/de\/event\/digitale-transformation-konkret-lerntechnologien-in-berufs-und-erwachsenenbildung\/#primaryimage","url":"https:\/\/alice.ch\/app\/uploads\/2025\/12\/sgab-tagung-2026.png","contentUrl":"https:\/\/alice.ch\/app\/uploads\/2025\/12\/sgab-tagung-2026.png","width":900,"height":900},{"@type":"BreadcrumbList","@id":"https:\/\/alice.ch\/de\/event\/digitale-transformation-konkret-lerntechnologien-in-berufs-und-erwachsenenbildung\/#breadcrumb","itemListElement":[{"@type":"ListItem","position":1,"name":"Startseite","item":"https:\/\/alice.ch\/de\/"},{"@type":"ListItem","position":2,"name":"Events","item":"https:\/\/alice.ch\/de\/event\/"},{"@type":"ListItem","position":3,"name":"Digitale Transformation konkret \u2014 Lerntechnologien in Berufs- und Erwachsenenbildung"}]},{"@type":"WebSite","@id":"https:\/\/alice.ch\/de\/#website","url":"https:\/\/alice.ch\/de\/","name":"alice.ch (Adult Learning Information Center) ist das Portal der Weiterbildung in der Schweiz.","description":"Schweizerischer Verband f\u00fcr Weiterbildung","publisher":{"@id":"https:\/\/alice.ch\/de\/#organization"},"potentialAction":[{"@type":"SearchAction","target":{"@type":"EntryPoint","urlTemplate":"https:\/\/alice.ch\/de\/?s={search_term_string}"},"query-input":{"@type":"PropertyValueSpecification","valueRequired":true,"valueName":"search_term_string"}}],"inLanguage":"de"},{"@type":"Organization","@id":"https:\/\/alice.ch\/de\/#organization","name":"SVEB Schweizerischer Verband f\u00fcr Weiterbildung","url":"https:\/\/alice.ch\/de\/","logo":{"@type":"ImageObject","inLanguage":"de","@id":"https:\/\/alice.ch\/de\/#\/schema\/logo\/image\/","url":"https:\/\/alice.ch\/app\/uploads\/2022\/07\/logo-sveb.png","contentUrl":"https:\/\/alice.ch\/app\/uploads\/2022\/07\/logo-sveb.png","width":145,"height":64,"caption":"SVEB Schweizerischer Verband f\u00fcr Weiterbildung"},"image":{"@id":"https:\/\/alice.ch\/de\/#\/schema\/logo\/image\/"},"sameAs":["https:\/\/www.linkedin.com\/company\/schweizerischer-verband-fr-weiterbildung-sveb\/"]}]}},"_links":{"self":[{"href":"https:\/\/alice.ch\/de\/wp-json\/wp\/v2\/event\/72481","targetHints":{"allow":["GET"]}}],"collection":[{"href":"https:\/\/alice.ch\/de\/wp-json\/wp\/v2\/event"}],"about":[{"href":"https:\/\/alice.ch\/de\/wp-json\/wp\/v2\/types\/event"}],"author":[{"embeddable":true,"href":"https:\/\/alice.ch\/de\/wp-json\/wp\/v2\/users\/31"}],"version-history":[{"count":6,"href":"https:\/\/alice.ch\/de\/wp-json\/wp\/v2\/event\/72481\/revisions"}],"predecessor-version":[{"id":72944,"href":"https:\/\/alice.ch\/de\/wp-json\/wp\/v2\/event\/72481\/revisions\/72944"}],"wp:featuredmedia":[{"embeddable":true,"href":"https:\/\/alice.ch\/de\/wp-json\/wp\/v2\/media\/72487"}],"wp:attachment":[{"href":"https:\/\/alice.ch\/de\/wp-json\/wp\/v2\/media?parent=72481"}],"wp:term":[{"taxonomy":"event-category","embeddable":true,"href":"https:\/\/alice.ch\/de\/wp-json\/wp\/v2\/event-category?post=72481"},{"taxonomy":"event-tag","embeddable":true,"href":"https:\/\/alice.ch\/de\/wp-json\/wp\/v2\/event-tag?post=72481"},{"taxonomy":"event-status","embeddable":true,"href":"https:\/\/alice.ch\/de\/wp-json\/wp\/v2\/event-status?post=72481"},{"taxonomy":"event-language","embeddable":true,"href":"https:\/\/alice.ch\/de\/wp-json\/wp\/v2\/event-language?post=72481"},{"taxonomy":"global-category","embeddable":true,"href":"https:\/\/alice.ch\/de\/wp-json\/wp\/v2\/global-category?post=72481"}],"curies":[{"name":"wp","href":"https:\/\/api.w.org\/{rel}","templated":true}]}}