{"id":73584,"date":"2026-02-14T23:37:46","date_gmt":"2026-02-14T22:37:46","guid":{"rendered":"https:\/\/alice.ch\/?post_type=event&#038;p=73584"},"modified":"2026-04-08T14:19:57","modified_gmt":"2026-04-08T12:19:57","slug":"delegiertenversammlung-und-bildungspolitische-tagung-2026-2","status":"publish","type":"event","link":"https:\/\/alice.ch\/de\/event\/delegiertenversammlung-und-bildungspolitische-tagung-2026-2\/","title":{"rendered":"Delegiertenversammlung und bildungspolitische Tagung 2026"},"content":{"rendered":"\n<p class=\"is-style-default\">Die bildungspolitische Tagung findet im Anschluss an die Delegiertenversammlung (DV) des SVEB statt; sie ist \u00f6ffentlich und kostenlos.<\/p>\n\n\n\n<h2 class=\"wp-block-heading\">13.30\u201314.30 Uhr: Delegiertenversammlung<\/h2>\n\n\n\n<h3 class=\"wp-block-heading\">Statutarischer Teil<\/h3>\n\n\n\n<p>Die Informationen zur Delegiertenversammlung sind auf <a href=\"http:\/\/alice.ch\/dv2026\">alice.ch\/dv2026<\/a> publiziert.<\/p>\n\n\n\n<h2 class=\"wp-block-heading\">15.15\u201316.30 Uhr: Bildungspolitische Tagung<br><\/h2>\n\n\n\n<h3 class=\"wp-block-heading\">Wie weiter in der Weiterbildungspolitik?<\/h3>\n\n\n\n<p>Im Rahmen des Entlastungspakets 27 hat das Parlament eine K\u00fcrzung der BFI-Mittel f\u00fcr die Weiterbildung von 20 Prozent beschlossen. Gleichzeitig ist die Weiterbildung gefordert, zur L\u00f6sung der aktuellen wirtschaftlichen und gesellschaftlichen Herausforderungen beizutragen. Zu nennen sind dabei insbesondere das immer gr\u00f6ssere werdende Spannungsfeld zwischen Fachkr\u00e4ftemangel und steigender Arbeitslosigkeit, die neuen Kompetenzanforderungen auf Grund der K\u00fcnstlichen Intelligenz oder die sinkende politische Beteiligung der Bev\u00f6lkerung.<\/p>\n\n\n\n<p>An der Tagung nimmt St\u00e4nder\u00e4tin und SVEB-Pr\u00e4sidentin Tiana Moser zun\u00e4chst eine weiterbildungspolitische Standortbestimmung vor. Ein Panel diskutiert anschliessend unter Einbezug des Publikums, welche (neuen) Schwerpunkte in der Weiterbildungspolitik vor dem Hintergrund der aktuellen Herausforderungen gelegt werden m\u00fcssen.<br>Die Tagung wird mit einem R\u00fcck- und Ausblick anl\u00e4sslich des 75. Geburtstags des SVEB abgeschlossen.<\/p>\n\n\n\n<figure class=\"wp-block-table is-style-stripes\"><table><tbody><tr><td>14.30 Uhr<\/td><td>Ankommen der G\u00e4ste<\/td><\/tr><tr><td>15.15 Uhr<\/td><td><strong>Weiterbildungspolitische Standortbestimmung<\/strong><br>St\u00e4nder\u00e4tin Tiana Moser, Pr\u00e4sidentin SVEB<\/td><\/tr><tr><td>15.30 Uhr<\/td><td><strong>Podiumsgespr\u00e4ch:&nbsp;Wie weiter in der Weiterbildungspolitik?<\/strong><br>\u2212 Hans J\u00f6rg R\u00fcegsegger, Nationalrat SVP<br>\u2212 Dominik Blunschy, Nationalrat Die Mitte<br>\u2212&nbsp;Fabien Fivaz, St\u00e4nderat Gr\u00fcne<br>\u2212&nbsp;Tiana Moser, Pr\u00e4sidentin SVEB und St\u00e4nder\u00e4tin GLP<br><br>Moderation: Pius Kn\u00fcsel, Vorstandsmitglied SVEB, Pr\u00e4sident VSV<\/td><\/tr><tr><td>16.15 Uhr<\/td><td><strong>75&nbsp;Jahre SVEB: ein R\u00fcck- und Ausblick<\/strong><\/td><\/tr><tr><td>ab 16.30 Uhr<\/td><td>Ap\u00e9ro<\/td><\/tr><\/tbody><\/table><\/figure>\n\n\n\n<p><\/p>\n\n\n\n<p><\/p>\n\n\n\n<p>Bei Fragen wenden Sie sich bitte an das SVEB Event-Team: <a href=\"mailto:events@alice.ch\">events@alice.ch<\/a><\/p>\n\n\n\n<p><\/p>\n","protected":false},"excerpt":{"rendered":"<p>Die bildungspolitische Tagung findet im Anschluss an die Delegiertenversammlung (DV) des SVEB statt; sie ist \u00f6ffentlich und kostenlos. 13.30\u201314.30 Uhr: [&hellip;]<\/p>\n","protected":false},"author":43,"featured_media":73964,"template":"","meta":{"_acf_changed":false,"inline_featured_image":false,"footnotes":""},"event-category":[24],"event-tag":[459,319],"event-status":[201],"event-language":[202,203],"global-category":[417,432],"class_list":["post-73584","event","type-event","status-publish","has-post-thumbnail","hentry","event-category-sveb-kooperation-events","event-tag-459","event-tag-sveb-kooperation-events","event-status-aktuell","event-language-deutsch","event-language-franzoesisch","global-category-bildungspolitik","global-category-sparplaene-in-der-weiterbildung"],"acf":[],"yoast_head":"<!-- This site is optimized with the Yoast SEO plugin v27.3 - https:\/\/yoast.com\/product\/yoast-seo-wordpress\/ -->\n<title>Delegiertenversammlung und bildungspolitische Tagung 2026 - SVEB<\/title>\n<meta name=\"robots\" content=\"index, follow, max-snippet:-1, max-image-preview:large, max-video-preview:-1\" \/>\n<link rel=\"canonical\" href=\"https:\/\/alice.ch\/de\/event\/delegiertenversammlung-und-bildungspolitische-tagung-2026-2\/\" \/>\n<meta property=\"og:locale\" content=\"de_DE\" \/>\n<meta property=\"og:type\" content=\"article\" \/>\n<meta property=\"og:title\" content=\"Delegiertenversammlung und bildungspolitische Tagung 2026 - SVEB\" \/>\n<meta property=\"og:description\" content=\"Die bildungspolitische Tagung findet im Anschluss an die Delegiertenversammlung (DV) des SVEB statt; sie ist \u00f6ffentlich und kostenlos. 13.30\u201314.30 Uhr: [&hellip;]\" \/>\n<meta property=\"og:url\" content=\"https:\/\/alice.ch\/de\/event\/delegiertenversammlung-und-bildungspolitische-tagung-2026-2\/\" \/>\n<meta property=\"og:site_name\" content=\"SVEB\" \/>\n<meta property=\"article:modified_time\" content=\"2026-04-08T12:19:57+00:00\" \/>\n<meta property=\"og:image\" content=\"https:\/\/alice.ch\/app\/uploads\/2026\/02\/dv-u-bildungspolitische-tagung-26-1.jpg\" \/>\n\t<meta property=\"og:image:width\" content=\"771\" \/>\n\t<meta property=\"og:image:height\" content=\"385\" \/>\n\t<meta property=\"og:image:type\" content=\"image\/jpeg\" \/>\n<meta name=\"twitter:card\" content=\"summary_large_image\" \/>\n<meta name=\"twitter:label1\" content=\"Gesch\u00e4tzte Lesezeit\" \/>\n\t<meta name=\"twitter:data1\" content=\"1\u00a0Minute\" \/>\n<script type=\"application\/ld+json\" class=\"yoast-schema-graph\">{\"@context\":\"https:\\\/\\\/schema.org\",\"@graph\":[{\"@type\":\"WebPage\",\"@id\":\"https:\\\/\\\/alice.ch\\\/de\\\/event\\\/delegiertenversammlung-und-bildungspolitische-tagung-2026-2\\\/\",\"url\":\"https:\\\/\\\/alice.ch\\\/de\\\/event\\\/delegiertenversammlung-und-bildungspolitische-tagung-2026-2\\\/\",\"name\":\"Delegiertenversammlung und bildungspolitische Tagung 2026 - SVEB\",\"isPartOf\":{\"@id\":\"https:\\\/\\\/alice.ch\\\/de\\\/#website\"},\"primaryImageOfPage\":{\"@id\":\"https:\\\/\\\/alice.ch\\\/de\\\/event\\\/delegiertenversammlung-und-bildungspolitische-tagung-2026-2\\\/#primaryimage\"},\"image\":{\"@id\":\"https:\\\/\\\/alice.ch\\\/de\\\/event\\\/delegiertenversammlung-und-bildungspolitische-tagung-2026-2\\\/#primaryimage\"},\"thumbnailUrl\":\"https:\\\/\\\/alice.ch\\\/app\\\/uploads\\\/2026\\\/02\\\/dv-u-bildungspolitische-tagung-26-1.jpg\",\"datePublished\":\"2026-02-14T22:37:46+00:00\",\"dateModified\":\"2026-04-08T12:19:57+00:00\",\"breadcrumb\":{\"@id\":\"https:\\\/\\\/alice.ch\\\/de\\\/event\\\/delegiertenversammlung-und-bildungspolitische-tagung-2026-2\\\/#breadcrumb\"},\"inLanguage\":\"de\",\"potentialAction\":[{\"@type\":\"ReadAction\",\"target\":[\"https:\\\/\\\/alice.ch\\\/de\\\/event\\\/delegiertenversammlung-und-bildungspolitische-tagung-2026-2\\\/\"]}]},{\"@type\":\"ImageObject\",\"inLanguage\":\"de\",\"@id\":\"https:\\\/\\\/alice.ch\\\/de\\\/event\\\/delegiertenversammlung-und-bildungspolitische-tagung-2026-2\\\/#primaryimage\",\"url\":\"https:\\\/\\\/alice.ch\\\/app\\\/uploads\\\/2026\\\/02\\\/dv-u-bildungspolitische-tagung-26-1.jpg\",\"contentUrl\":\"https:\\\/\\\/alice.ch\\\/app\\\/uploads\\\/2026\\\/02\\\/dv-u-bildungspolitische-tagung-26-1.jpg\",\"width\":771,\"height\":385},{\"@type\":\"BreadcrumbList\",\"@id\":\"https:\\\/\\\/alice.ch\\\/de\\\/event\\\/delegiertenversammlung-und-bildungspolitische-tagung-2026-2\\\/#breadcrumb\",\"itemListElement\":[{\"@type\":\"ListItem\",\"position\":1,\"name\":\"Startseite\",\"item\":\"https:\\\/\\\/alice.ch\\\/de\\\/\"},{\"@type\":\"ListItem\",\"position\":2,\"name\":\"Events\",\"item\":\"https:\\\/\\\/alice.ch\\\/de\\\/event\\\/\"},{\"@type\":\"ListItem\",\"position\":3,\"name\":\"Delegiertenversammlung und bildungspolitische Tagung 2026\"}]},{\"@type\":\"WebSite\",\"@id\":\"https:\\\/\\\/alice.ch\\\/de\\\/#website\",\"url\":\"https:\\\/\\\/alice.ch\\\/de\\\/\",\"name\":\"alice.ch (Adult Learning Information Center) ist das Portal der Weiterbildung in der Schweiz.\",\"description\":\"Schweizerischer Verband f\u00fcr Weiterbildung\",\"publisher\":{\"@id\":\"https:\\\/\\\/alice.ch\\\/de\\\/#organization\"},\"potentialAction\":[{\"@type\":\"SearchAction\",\"target\":{\"@type\":\"EntryPoint\",\"urlTemplate\":\"https:\\\/\\\/alice.ch\\\/de\\\/?s={search_term_string}\"},\"query-input\":{\"@type\":\"PropertyValueSpecification\",\"valueRequired\":true,\"valueName\":\"search_term_string\"}}],\"inLanguage\":\"de\"},{\"@type\":\"Organization\",\"@id\":\"https:\\\/\\\/alice.ch\\\/de\\\/#organization\",\"name\":\"SVEB Schweizerischer Verband f\u00fcr Weiterbildung\",\"url\":\"https:\\\/\\\/alice.ch\\\/de\\\/\",\"logo\":{\"@type\":\"ImageObject\",\"inLanguage\":\"de\",\"@id\":\"https:\\\/\\\/alice.ch\\\/de\\\/#\\\/schema\\\/logo\\\/image\\\/\",\"url\":\"https:\\\/\\\/alice.ch\\\/app\\\/uploads\\\/2022\\\/07\\\/logo-sveb.png\",\"contentUrl\":\"https:\\\/\\\/alice.ch\\\/app\\\/uploads\\\/2022\\\/07\\\/logo-sveb.png\",\"width\":145,\"height\":64,\"caption\":\"SVEB Schweizerischer Verband f\u00fcr Weiterbildung\"},\"image\":{\"@id\":\"https:\\\/\\\/alice.ch\\\/de\\\/#\\\/schema\\\/logo\\\/image\\\/\"},\"sameAs\":[\"https:\\\/\\\/www.linkedin.com\\\/company\\\/schweizerischer-verband-fr-weiterbildung-sveb\\\/\"]}]}<\/script>\n<!-- \/ Yoast SEO plugin. -->","yoast_head_json":{"title":"Delegiertenversammlung und bildungspolitische Tagung 2026 - SVEB","robots":{"index":"index","follow":"follow","max-snippet":"max-snippet:-1","max-image-preview":"max-image-preview:large","max-video-preview":"max-video-preview:-1"},"canonical":"https:\/\/alice.ch\/de\/event\/delegiertenversammlung-und-bildungspolitische-tagung-2026-2\/","og_locale":"de_DE","og_type":"article","og_title":"Delegiertenversammlung und bildungspolitische Tagung 2026 - SVEB","og_description":"Die bildungspolitische Tagung findet im Anschluss an die Delegiertenversammlung (DV) des SVEB statt; sie ist \u00f6ffentlich und kostenlos. 13.30\u201314.30 Uhr: [&hellip;]","og_url":"https:\/\/alice.ch\/de\/event\/delegiertenversammlung-und-bildungspolitische-tagung-2026-2\/","og_site_name":"SVEB","article_modified_time":"2026-04-08T12:19:57+00:00","og_image":[{"width":771,"height":385,"url":"https:\/\/alice.ch\/app\/uploads\/2026\/02\/dv-u-bildungspolitische-tagung-26-1.jpg","type":"image\/jpeg"}],"twitter_card":"summary_large_image","twitter_misc":{"Gesch\u00e4tzte Lesezeit":"1\u00a0Minute"},"schema":{"@context":"https:\/\/schema.org","@graph":[{"@type":"WebPage","@id":"https:\/\/alice.ch\/de\/event\/delegiertenversammlung-und-bildungspolitische-tagung-2026-2\/","url":"https:\/\/alice.ch\/de\/event\/delegiertenversammlung-und-bildungspolitische-tagung-2026-2\/","name":"Delegiertenversammlung und bildungspolitische Tagung 2026 - SVEB","isPartOf":{"@id":"https:\/\/alice.ch\/de\/#website"},"primaryImageOfPage":{"@id":"https:\/\/alice.ch\/de\/event\/delegiertenversammlung-und-bildungspolitische-tagung-2026-2\/#primaryimage"},"image":{"@id":"https:\/\/alice.ch\/de\/event\/delegiertenversammlung-und-bildungspolitische-tagung-2026-2\/#primaryimage"},"thumbnailUrl":"https:\/\/alice.ch\/app\/uploads\/2026\/02\/dv-u-bildungspolitische-tagung-26-1.jpg","datePublished":"2026-02-14T22:37:46+00:00","dateModified":"2026-04-08T12:19:57+00:00","breadcrumb":{"@id":"https:\/\/alice.ch\/de\/event\/delegiertenversammlung-und-bildungspolitische-tagung-2026-2\/#breadcrumb"},"inLanguage":"de","potentialAction":[{"@type":"ReadAction","target":["https:\/\/alice.ch\/de\/event\/delegiertenversammlung-und-bildungspolitische-tagung-2026-2\/"]}]},{"@type":"ImageObject","inLanguage":"de","@id":"https:\/\/alice.ch\/de\/event\/delegiertenversammlung-und-bildungspolitische-tagung-2026-2\/#primaryimage","url":"https:\/\/alice.ch\/app\/uploads\/2026\/02\/dv-u-bildungspolitische-tagung-26-1.jpg","contentUrl":"https:\/\/alice.ch\/app\/uploads\/2026\/02\/dv-u-bildungspolitische-tagung-26-1.jpg","width":771,"height":385},{"@type":"BreadcrumbList","@id":"https:\/\/alice.ch\/de\/event\/delegiertenversammlung-und-bildungspolitische-tagung-2026-2\/#breadcrumb","itemListElement":[{"@type":"ListItem","position":1,"name":"Startseite","item":"https:\/\/alice.ch\/de\/"},{"@type":"ListItem","position":2,"name":"Events","item":"https:\/\/alice.ch\/de\/event\/"},{"@type":"ListItem","position":3,"name":"Delegiertenversammlung und bildungspolitische Tagung 2026"}]},{"@type":"WebSite","@id":"https:\/\/alice.ch\/de\/#website","url":"https:\/\/alice.ch\/de\/","name":"alice.ch (Adult Learning Information Center) ist das Portal der Weiterbildung in der Schweiz.","description":"Schweizerischer Verband f\u00fcr Weiterbildung","publisher":{"@id":"https:\/\/alice.ch\/de\/#organization"},"potentialAction":[{"@type":"SearchAction","target":{"@type":"EntryPoint","urlTemplate":"https:\/\/alice.ch\/de\/?s={search_term_string}"},"query-input":{"@type":"PropertyValueSpecification","valueRequired":true,"valueName":"search_term_string"}}],"inLanguage":"de"},{"@type":"Organization","@id":"https:\/\/alice.ch\/de\/#organization","name":"SVEB Schweizerischer Verband f\u00fcr Weiterbildung","url":"https:\/\/alice.ch\/de\/","logo":{"@type":"ImageObject","inLanguage":"de","@id":"https:\/\/alice.ch\/de\/#\/schema\/logo\/image\/","url":"https:\/\/alice.ch\/app\/uploads\/2022\/07\/logo-sveb.png","contentUrl":"https:\/\/alice.ch\/app\/uploads\/2022\/07\/logo-sveb.png","width":145,"height":64,"caption":"SVEB Schweizerischer Verband f\u00fcr Weiterbildung"},"image":{"@id":"https:\/\/alice.ch\/de\/#\/schema\/logo\/image\/"},"sameAs":["https:\/\/www.linkedin.com\/company\/schweizerischer-verband-fr-weiterbildung-sveb\/"]}]}},"_links":{"self":[{"href":"https:\/\/alice.ch\/de\/wp-json\/wp\/v2\/event\/73584","targetHints":{"allow":["GET"]}}],"collection":[{"href":"https:\/\/alice.ch\/de\/wp-json\/wp\/v2\/event"}],"about":[{"href":"https:\/\/alice.ch\/de\/wp-json\/wp\/v2\/types\/event"}],"author":[{"embeddable":true,"href":"https:\/\/alice.ch\/de\/wp-json\/wp\/v2\/users\/43"}],"version-history":[{"count":15,"href":"https:\/\/alice.ch\/de\/wp-json\/wp\/v2\/event\/73584\/revisions"}],"predecessor-version":[{"id":74884,"href":"https:\/\/alice.ch\/de\/wp-json\/wp\/v2\/event\/73584\/revisions\/74884"}],"wp:featuredmedia":[{"embeddable":true,"href":"https:\/\/alice.ch\/de\/wp-json\/wp\/v2\/media\/73964"}],"wp:attachment":[{"href":"https:\/\/alice.ch\/de\/wp-json\/wp\/v2\/media?parent=73584"}],"wp:term":[{"taxonomy":"event-category","embeddable":true,"href":"https:\/\/alice.ch\/de\/wp-json\/wp\/v2\/event-category?post=73584"},{"taxonomy":"event-tag","embeddable":true,"href":"https:\/\/alice.ch\/de\/wp-json\/wp\/v2\/event-tag?post=73584"},{"taxonomy":"event-status","embeddable":true,"href":"https:\/\/alice.ch\/de\/wp-json\/wp\/v2\/event-status?post=73584"},{"taxonomy":"event-language","embeddable":true,"href":"https:\/\/alice.ch\/de\/wp-json\/wp\/v2\/event-language?post=73584"},{"taxonomy":"global-category","embeddable":true,"href":"https:\/\/alice.ch\/de\/wp-json\/wp\/v2\/global-category?post=73584"}],"curies":[{"name":"wp","href":"https:\/\/api.w.org\/{rel}","templated":true}]}}