{"id":74345,"date":"2026-03-16T19:26:53","date_gmt":"2026-03-16T18:26:53","guid":{"rendered":"https:\/\/alice.ch\/?post_type=event&#038;p=74345"},"modified":"2026-04-30T09:52:57","modified_gmt":"2026-04-30T07:52:57","slug":"wettbewerb-in-der-weiterbildungsbranche","status":"publish","type":"event","link":"https:\/\/alice.ch\/de\/event\/wettbewerb-in-der-weiterbildungsbranche\/","title":{"rendered":"Wettbewerb in der\u00a0Weiterbildungsbranche"},"content":{"rendered":"\n<p><strong>Die Weiterbildungsbranche ist von intensivem Wettbewerb gepr\u00e4gt.&nbsp;Aktuelle Erhebungen zeigen, dass&nbsp;83 Prozent der Weiterbildungsanbieter sich im Wettbewerb mit anderen Anbietern sehen.&nbsp;So&nbsp;widmet sich der aktuelle FOCUS Weiterbildung dem Thema Wettbewerb&nbsp;und seinen&nbsp;Folgen f\u00fcr die Weiterbildungsbranche.<\/strong>&nbsp;<\/p>\n\n\n\n<p>Schweizer Weiterbildungsanbieter nehmen den Wettbewerb als grosse Herausforderung wahr. Der aktuelle FOCUS Weiterbildung zeigt, dass&nbsp;sich der Wettbewerb in den letzten drei Jahren sogar noch intensiviert hat.&nbsp;Obschon die Mehrheit der Anbieter&nbsp;angibt, dass sie sich f\u00fcr wettbewerbsf\u00e4hig halten,&nbsp;sehen sie sich&nbsp;dauerhaft&nbsp;gefordert,&nbsp;f\u00fcr Teilnehmende attraktiv zu bleiben und sich gegen die Konkurrenz behaupten zu k\u00f6nnen.&nbsp;<\/p>\n\n\n\n<p>In dieser&nbsp;Veranstaltung&nbsp;m\u00f6chten wir die&nbsp;Auswirkungen eines intensiven Wettbewerbs auf die Weiterbildungsbranche diskutieren. Anhand der Resultate der Anbieterbefragung&nbsp;2025&nbsp;zeigen&nbsp;wir auf, welche Art von Anbietern den Wettbewerb als besonders intensiv empfinden, welche&nbsp;Anspr\u00fcche die unterschiedlichen&nbsp;Kundengruppen&nbsp;stellen und&nbsp;welche Strategien die Anbieter nutzen, um in einem solch fordernden Umfeld bestehen zu k\u00f6nnen.&nbsp;<\/p>\n\n\n\n<p>Gerne l\u00e4dt der&nbsp;SVEB&nbsp;alle interessierten Personen zu&nbsp;einer Online-Veranstaltung&nbsp;ein, in&nbsp;welcher wir die Resultate pr\u00e4sentieren.&nbsp;Alle Teilnehmenden haben anschliessend in der Fragerunde die Gelegenheit, gemeinsam mit dem Forschungsteam und miteinander&nbsp;die Resultate zu diskutieren und deren Auswirkungen auf die Weiterbildungsbranche zu reflektieren.&nbsp;<\/p>\n\n\n\n<p>Der Link zur Online-Veranstaltung wird den Teilnehmenden einige Tage vor dem Webinar per Mail zugesandt.<\/p>\n\n\n\n<h2 class=\"wp-block-heading\"><strong>Programm<\/strong>&nbsp;<\/h2>\n\n\n\n<figure class=\"wp-block-table\"><table class=\"has-fixed-layout\"><tbody><tr><td>Begr\u00fcssung\u202f&nbsp;<\/td><\/tr><tr><td>Input: Pr\u00e4sentation der wichtigsten Resultate des&nbsp;FOCUS Weiterbildung\u202f&nbsp;<\/td><\/tr><tr><td>Einordnung der Resultate&nbsp;<\/td><\/tr><tr><td>Diskussion&nbsp;mit dem Publikum&nbsp;<\/td><\/tr><tr><td>Ausblick&nbsp;<\/td><\/tr><\/tbody><\/table><\/figure>\n\n\n\n<p><\/p>\n","protected":false},"excerpt":{"rendered":"<p>Die Weiterbildungsbranche ist von intensivem Wettbewerb gepr\u00e4gt.&nbsp;Aktuelle Erhebungen zeigen, dass&nbsp;83 Prozent der Weiterbildungsanbieter sich im Wettbewerb mit anderen Anbietern sehen.&nbsp;So&nbsp;widmet [&hellip;]<\/p>\n","protected":false},"author":43,"featured_media":74347,"template":"","meta":{"_acf_changed":false,"inline_featured_image":false,"footnotes":""},"event-category":[24],"event-tag":[459,460],"event-status":[201],"event-language":[202],"global-category":[463,47,408],"class_list":["post-74345","event","type-event","status-publish","has-post-thumbnail","hentry","event-category-sveb-kooperation-events","event-tag-459","event-tag-460","event-status-aktuell","event-language-deutsch","global-category-focus","global-category-forschung","global-category-forschung-fr"],"acf":[],"yoast_head":"<!-- This site is optimized with the Yoast SEO plugin v27.3 - https:\/\/yoast.com\/product\/yoast-seo-wordpress\/ -->\n<title>Wettbewerb in der\u00a0Weiterbildungsbranche - SVEB<\/title>\n<meta name=\"robots\" content=\"index, follow, max-snippet:-1, max-image-preview:large, max-video-preview:-1\" \/>\n<link rel=\"canonical\" href=\"https:\/\/alice.ch\/de\/event\/wettbewerb-in-der-weiterbildungsbranche\/\" \/>\n<meta property=\"og:locale\" content=\"de_DE\" \/>\n<meta property=\"og:type\" content=\"article\" \/>\n<meta property=\"og:title\" content=\"Wettbewerb in der\u00a0Weiterbildungsbranche - SVEB\" \/>\n<meta property=\"og:description\" content=\"Die Weiterbildungsbranche ist von intensivem Wettbewerb gepr\u00e4gt.&nbsp;Aktuelle Erhebungen zeigen, dass&nbsp;83 Prozent der Weiterbildungsanbieter sich im Wettbewerb mit anderen Anbietern sehen.&nbsp;So&nbsp;widmet [&hellip;]\" \/>\n<meta property=\"og:url\" content=\"https:\/\/alice.ch\/de\/event\/wettbewerb-in-der-weiterbildungsbranche\/\" \/>\n<meta property=\"og:site_name\" content=\"SVEB\" \/>\n<meta property=\"article:modified_time\" content=\"2026-04-30T07:52:57+00:00\" \/>\n<meta property=\"og:image\" content=\"https:\/\/alice.ch\/app\/uploads\/2026\/03\/FOCUS-2026_DE-FR.jpg\" \/>\n\t<meta property=\"og:image:width\" content=\"370\" \/>\n\t<meta property=\"og:image:height\" content=\"185\" \/>\n\t<meta property=\"og:image:type\" content=\"image\/jpeg\" \/>\n<meta name=\"twitter:card\" content=\"summary_large_image\" \/>\n<meta name=\"twitter:label1\" content=\"Gesch\u00e4tzte Lesezeit\" \/>\n\t<meta name=\"twitter:data1\" content=\"1\u00a0Minute\" \/>\n<script type=\"application\/ld+json\" class=\"yoast-schema-graph\">{\"@context\":\"https:\\\/\\\/schema.org\",\"@graph\":[{\"@type\":\"WebPage\",\"@id\":\"https:\\\/\\\/alice.ch\\\/de\\\/event\\\/wettbewerb-in-der-weiterbildungsbranche\\\/\",\"url\":\"https:\\\/\\\/alice.ch\\\/de\\\/event\\\/wettbewerb-in-der-weiterbildungsbranche\\\/\",\"name\":\"Wettbewerb in der\u00a0Weiterbildungsbranche - SVEB\",\"isPartOf\":{\"@id\":\"https:\\\/\\\/alice.ch\\\/de\\\/#website\"},\"primaryImageOfPage\":{\"@id\":\"https:\\\/\\\/alice.ch\\\/de\\\/event\\\/wettbewerb-in-der-weiterbildungsbranche\\\/#primaryimage\"},\"image\":{\"@id\":\"https:\\\/\\\/alice.ch\\\/de\\\/event\\\/wettbewerb-in-der-weiterbildungsbranche\\\/#primaryimage\"},\"thumbnailUrl\":\"https:\\\/\\\/alice.ch\\\/app\\\/uploads\\\/2026\\\/03\\\/FOCUS-2026_DE-FR.jpg\",\"datePublished\":\"2026-03-16T18:26:53+00:00\",\"dateModified\":\"2026-04-30T07:52:57+00:00\",\"breadcrumb\":{\"@id\":\"https:\\\/\\\/alice.ch\\\/de\\\/event\\\/wettbewerb-in-der-weiterbildungsbranche\\\/#breadcrumb\"},\"inLanguage\":\"de\",\"potentialAction\":[{\"@type\":\"ReadAction\",\"target\":[\"https:\\\/\\\/alice.ch\\\/de\\\/event\\\/wettbewerb-in-der-weiterbildungsbranche\\\/\"]}]},{\"@type\":\"ImageObject\",\"inLanguage\":\"de\",\"@id\":\"https:\\\/\\\/alice.ch\\\/de\\\/event\\\/wettbewerb-in-der-weiterbildungsbranche\\\/#primaryimage\",\"url\":\"https:\\\/\\\/alice.ch\\\/app\\\/uploads\\\/2026\\\/03\\\/FOCUS-2026_DE-FR.jpg\",\"contentUrl\":\"https:\\\/\\\/alice.ch\\\/app\\\/uploads\\\/2026\\\/03\\\/FOCUS-2026_DE-FR.jpg\",\"width\":370,\"height\":185},{\"@type\":\"BreadcrumbList\",\"@id\":\"https:\\\/\\\/alice.ch\\\/de\\\/event\\\/wettbewerb-in-der-weiterbildungsbranche\\\/#breadcrumb\",\"itemListElement\":[{\"@type\":\"ListItem\",\"position\":1,\"name\":\"Startseite\",\"item\":\"https:\\\/\\\/alice.ch\\\/de\\\/\"},{\"@type\":\"ListItem\",\"position\":2,\"name\":\"Events\",\"item\":\"https:\\\/\\\/alice.ch\\\/de\\\/event\\\/\"},{\"@type\":\"ListItem\",\"position\":3,\"name\":\"Wettbewerb in der\u00a0Weiterbildungsbranche\"}]},{\"@type\":\"WebSite\",\"@id\":\"https:\\\/\\\/alice.ch\\\/de\\\/#website\",\"url\":\"https:\\\/\\\/alice.ch\\\/de\\\/\",\"name\":\"alice.ch (Adult Learning Information Center) ist das Portal der Weiterbildung in der Schweiz.\",\"description\":\"Schweizerischer Verband f\u00fcr Weiterbildung\",\"publisher\":{\"@id\":\"https:\\\/\\\/alice.ch\\\/de\\\/#organization\"},\"potentialAction\":[{\"@type\":\"SearchAction\",\"target\":{\"@type\":\"EntryPoint\",\"urlTemplate\":\"https:\\\/\\\/alice.ch\\\/de\\\/?s={search_term_string}\"},\"query-input\":{\"@type\":\"PropertyValueSpecification\",\"valueRequired\":true,\"valueName\":\"search_term_string\"}}],\"inLanguage\":\"de\"},{\"@type\":\"Organization\",\"@id\":\"https:\\\/\\\/alice.ch\\\/de\\\/#organization\",\"name\":\"SVEB Schweizerischer Verband f\u00fcr Weiterbildung\",\"url\":\"https:\\\/\\\/alice.ch\\\/de\\\/\",\"logo\":{\"@type\":\"ImageObject\",\"inLanguage\":\"de\",\"@id\":\"https:\\\/\\\/alice.ch\\\/de\\\/#\\\/schema\\\/logo\\\/image\\\/\",\"url\":\"https:\\\/\\\/alice.ch\\\/app\\\/uploads\\\/2022\\\/07\\\/logo-sveb.png\",\"contentUrl\":\"https:\\\/\\\/alice.ch\\\/app\\\/uploads\\\/2022\\\/07\\\/logo-sveb.png\",\"width\":145,\"height\":64,\"caption\":\"SVEB Schweizerischer Verband f\u00fcr Weiterbildung\"},\"image\":{\"@id\":\"https:\\\/\\\/alice.ch\\\/de\\\/#\\\/schema\\\/logo\\\/image\\\/\"},\"sameAs\":[\"https:\\\/\\\/www.linkedin.com\\\/company\\\/schweizerischer-verband-fr-weiterbildung-sveb\\\/\"]}]}<\/script>\n<!-- \/ Yoast SEO plugin. -->","yoast_head_json":{"title":"Wettbewerb in der\u00a0Weiterbildungsbranche - SVEB","robots":{"index":"index","follow":"follow","max-snippet":"max-snippet:-1","max-image-preview":"max-image-preview:large","max-video-preview":"max-video-preview:-1"},"canonical":"https:\/\/alice.ch\/de\/event\/wettbewerb-in-der-weiterbildungsbranche\/","og_locale":"de_DE","og_type":"article","og_title":"Wettbewerb in der\u00a0Weiterbildungsbranche - SVEB","og_description":"Die Weiterbildungsbranche ist von intensivem Wettbewerb gepr\u00e4gt.&nbsp;Aktuelle Erhebungen zeigen, dass&nbsp;83 Prozent der Weiterbildungsanbieter sich im Wettbewerb mit anderen Anbietern sehen.&nbsp;So&nbsp;widmet [&hellip;]","og_url":"https:\/\/alice.ch\/de\/event\/wettbewerb-in-der-weiterbildungsbranche\/","og_site_name":"SVEB","article_modified_time":"2026-04-30T07:52:57+00:00","og_image":[{"width":370,"height":185,"url":"https:\/\/alice.ch\/app\/uploads\/2026\/03\/FOCUS-2026_DE-FR.jpg","type":"image\/jpeg"}],"twitter_card":"summary_large_image","twitter_misc":{"Gesch\u00e4tzte Lesezeit":"1\u00a0Minute"},"schema":{"@context":"https:\/\/schema.org","@graph":[{"@type":"WebPage","@id":"https:\/\/alice.ch\/de\/event\/wettbewerb-in-der-weiterbildungsbranche\/","url":"https:\/\/alice.ch\/de\/event\/wettbewerb-in-der-weiterbildungsbranche\/","name":"Wettbewerb in der\u00a0Weiterbildungsbranche - SVEB","isPartOf":{"@id":"https:\/\/alice.ch\/de\/#website"},"primaryImageOfPage":{"@id":"https:\/\/alice.ch\/de\/event\/wettbewerb-in-der-weiterbildungsbranche\/#primaryimage"},"image":{"@id":"https:\/\/alice.ch\/de\/event\/wettbewerb-in-der-weiterbildungsbranche\/#primaryimage"},"thumbnailUrl":"https:\/\/alice.ch\/app\/uploads\/2026\/03\/FOCUS-2026_DE-FR.jpg","datePublished":"2026-03-16T18:26:53+00:00","dateModified":"2026-04-30T07:52:57+00:00","breadcrumb":{"@id":"https:\/\/alice.ch\/de\/event\/wettbewerb-in-der-weiterbildungsbranche\/#breadcrumb"},"inLanguage":"de","potentialAction":[{"@type":"ReadAction","target":["https:\/\/alice.ch\/de\/event\/wettbewerb-in-der-weiterbildungsbranche\/"]}]},{"@type":"ImageObject","inLanguage":"de","@id":"https:\/\/alice.ch\/de\/event\/wettbewerb-in-der-weiterbildungsbranche\/#primaryimage","url":"https:\/\/alice.ch\/app\/uploads\/2026\/03\/FOCUS-2026_DE-FR.jpg","contentUrl":"https:\/\/alice.ch\/app\/uploads\/2026\/03\/FOCUS-2026_DE-FR.jpg","width":370,"height":185},{"@type":"BreadcrumbList","@id":"https:\/\/alice.ch\/de\/event\/wettbewerb-in-der-weiterbildungsbranche\/#breadcrumb","itemListElement":[{"@type":"ListItem","position":1,"name":"Startseite","item":"https:\/\/alice.ch\/de\/"},{"@type":"ListItem","position":2,"name":"Events","item":"https:\/\/alice.ch\/de\/event\/"},{"@type":"ListItem","position":3,"name":"Wettbewerb in der\u00a0Weiterbildungsbranche"}]},{"@type":"WebSite","@id":"https:\/\/alice.ch\/de\/#website","url":"https:\/\/alice.ch\/de\/","name":"alice.ch (Adult Learning Information Center) ist das Portal der Weiterbildung in der Schweiz.","description":"Schweizerischer Verband f\u00fcr Weiterbildung","publisher":{"@id":"https:\/\/alice.ch\/de\/#organization"},"potentialAction":[{"@type":"SearchAction","target":{"@type":"EntryPoint","urlTemplate":"https:\/\/alice.ch\/de\/?s={search_term_string}"},"query-input":{"@type":"PropertyValueSpecification","valueRequired":true,"valueName":"search_term_string"}}],"inLanguage":"de"},{"@type":"Organization","@id":"https:\/\/alice.ch\/de\/#organization","name":"SVEB Schweizerischer Verband f\u00fcr Weiterbildung","url":"https:\/\/alice.ch\/de\/","logo":{"@type":"ImageObject","inLanguage":"de","@id":"https:\/\/alice.ch\/de\/#\/schema\/logo\/image\/","url":"https:\/\/alice.ch\/app\/uploads\/2022\/07\/logo-sveb.png","contentUrl":"https:\/\/alice.ch\/app\/uploads\/2022\/07\/logo-sveb.png","width":145,"height":64,"caption":"SVEB Schweizerischer Verband f\u00fcr Weiterbildung"},"image":{"@id":"https:\/\/alice.ch\/de\/#\/schema\/logo\/image\/"},"sameAs":["https:\/\/www.linkedin.com\/company\/schweizerischer-verband-fr-weiterbildung-sveb\/"]}]}},"_links":{"self":[{"href":"https:\/\/alice.ch\/de\/wp-json\/wp\/v2\/event\/74345","targetHints":{"allow":["GET"]}}],"collection":[{"href":"https:\/\/alice.ch\/de\/wp-json\/wp\/v2\/event"}],"about":[{"href":"https:\/\/alice.ch\/de\/wp-json\/wp\/v2\/types\/event"}],"author":[{"embeddable":true,"href":"https:\/\/alice.ch\/de\/wp-json\/wp\/v2\/users\/43"}],"version-history":[{"count":3,"href":"https:\/\/alice.ch\/de\/wp-json\/wp\/v2\/event\/74345\/revisions"}],"predecessor-version":[{"id":74899,"href":"https:\/\/alice.ch\/de\/wp-json\/wp\/v2\/event\/74345\/revisions\/74899"}],"wp:featuredmedia":[{"embeddable":true,"href":"https:\/\/alice.ch\/de\/wp-json\/wp\/v2\/media\/74347"}],"wp:attachment":[{"href":"https:\/\/alice.ch\/de\/wp-json\/wp\/v2\/media?parent=74345"}],"wp:term":[{"taxonomy":"event-category","embeddable":true,"href":"https:\/\/alice.ch\/de\/wp-json\/wp\/v2\/event-category?post=74345"},{"taxonomy":"event-tag","embeddable":true,"href":"https:\/\/alice.ch\/de\/wp-json\/wp\/v2\/event-tag?post=74345"},{"taxonomy":"event-status","embeddable":true,"href":"https:\/\/alice.ch\/de\/wp-json\/wp\/v2\/event-status?post=74345"},{"taxonomy":"event-language","embeddable":true,"href":"https:\/\/alice.ch\/de\/wp-json\/wp\/v2\/event-language?post=74345"},{"taxonomy":"global-category","embeddable":true,"href":"https:\/\/alice.ch\/de\/wp-json\/wp\/v2\/global-category?post=74345"}],"curies":[{"name":"wp","href":"https:\/\/api.w.org\/{rel}","templated":true}]}}