{"id":75277,"date":"2026-04-29T15:55:21","date_gmt":"2026-04-29T13:55:21","guid":{"rendered":"https:\/\/alice.ch\/?post_type=event&#038;p=75277"},"modified":"2026-04-30T11:10:22","modified_gmt":"2026-04-30T09:10:22","slug":"als-institution-klimafreundlicher-agieren","status":"publish","type":"event","link":"https:\/\/alice.ch\/de\/event\/als-institution-klimafreundlicher-agieren\/","title":{"rendered":"Klima-Check: Als\u00a0Institution\u00a0klimafreundlicher agieren\u00a0"},"content":{"rendered":"\n<h2 class=\"wp-block-heading\">Neues Angebot ab September 2026\u00a0f\u00fcr\u00a0mehr\u00a0Klimafreundlichkeit\u00a0von\u00a0Weiterbildungsinstitutionen\u00a0<\/h2>\n\n\n\n<p><strong><strong>Zusammen&nbsp;mit&nbsp;myclimate&nbsp;bietet&nbsp;der&nbsp;SVEB&nbsp;ab&nbsp;September&nbsp;2026&nbsp;Workshops&nbsp;und&nbsp;Begleitung&nbsp;f\u00fcr&nbsp;Weiterbildungsinstitutionen&nbsp;an, die sich&nbsp;nachhaltiger&nbsp;ausrichten m\u00f6chten.&nbsp;<\/strong><\/strong><\/p>\n\n\n\n<p>Wie kann meine&nbsp;Weiterbildungsinstitution nachhaltig agieren?&nbsp;In einem&nbsp;interaktiven&nbsp;und praxisorientierten&nbsp;Workshop-Nachmittag&nbsp;k\u00f6nnen&nbsp;sich&nbsp;interessierte&nbsp;Weiterbildungsinstitutionen&nbsp;intensiv mit der Klimafreundlichkeit der eigenen Institution auseinandersetzen,&nbsp;Potenzial&nbsp;zur St\u00e4rkung der Klimafreundlichkeit erkennen und&nbsp;konkrete Massnahmen definieren.&nbsp;Expertinnen und Experten von&nbsp;myclimate&nbsp;unterst\u00fctzen&nbsp;die Teilnehmenden&nbsp;dabei, die richtigen&nbsp;Hebel f\u00fcr die eigene Institution zu finden.&nbsp;&nbsp;<\/p>\n\n\n\n<p>Der Workshop&nbsp;und die Begleitmassnahmen&nbsp;orientieren sich&nbsp;an&nbsp;den&nbsp;Klima-Check\u2013 einem&nbsp;Analysetool f\u00fcr die nachhaltige Entwicklung von Weiterbildungsinstitutionen.&nbsp;Neben der Arbeit am Klima-Check bietet der&nbsp;Anlass&nbsp;Raum f\u00fcr&nbsp;fachliche Inputs von myclimate&nbsp;sowie&nbsp;f\u00fcr den&nbsp;aktiven Austausch&nbsp;unter den&nbsp;Teilnehmenden.&nbsp;Der Workshop eignet sich auch f\u00fcr Institutionen, die&nbsp;sich bereits mit ihrer Klimafreundlichkeit auseinandergesetzt&nbsp;haben und gerne Beratung f\u00fcr die n\u00e4chsten Schritte in Anspruch nehmen m\u00f6chten.&nbsp;&nbsp;<\/p>\n\n\n\n<p>Anschliessend an den Workshop haben die Teilnehmenden&nbsp;rund drei Monate&nbsp;Zeit, die Massnahmen weiterzuentwickeln, zu erproben und umzusetzen. Die Expertinnen und Experten&nbsp;stehen den Teilnehmenden in dieser Phase nach Bedarf zur Seite.&nbsp;Ein gemeinsamer Online-Schlussanlass&nbsp;erm\u00f6glicht&nbsp;Austausch und Reflexion&nbsp;und rundet das Angebot ab.&nbsp;<\/p>\n\n\n\n<p>Der Workshop&nbsp;findet&nbsp;sowohl in der Deutschschweiz&nbsp;(10. September 2026, Raum Z\u00fcrich)&nbsp;als auch in der&nbsp;Romandie&nbsp;(10. November 2026, Raum Lausanne)&nbsp;statt.&nbsp;Die&nbsp;Termine&nbsp;f\u00fcr den Online-Schlussanlass&nbsp;werden&nbsp;gemeinsam mit den an den&nbsp;Workshops&nbsp;teilnehmenden Institutionen festgelegt.&nbsp;Das Angebot&nbsp;richtet sich an alle interessierten&nbsp;Weiterbildungsinstitutionen.&nbsp;<\/p>\n\n\n\n<p>Bei Fragen&nbsp;k\u00f6nnen Sie sich gerne bei uns melden (<a href=\"mailto:adea.barileva@alice.ch\" target=\"_blank\" rel=\"noreferrer noopener\">adea.barileva@alice.ch<\/a>).&nbsp;<\/p>\n\n\n\n<hr class=\"wp-block-separator has-alpha-channel-opacity\" \/>\n\n\n\n<p><a id=\"_msocom_1\"><\/a><\/p>\n","protected":false},"excerpt":{"rendered":"<p>Neues Angebot ab September 2026\u00a0f\u00fcr\u00a0mehr\u00a0Klimafreundlichkeit\u00a0von\u00a0Weiterbildungsinstitutionen\u00a0 Zusammen&nbsp;mit&nbsp;myclimate&nbsp;bietet&nbsp;der&nbsp;SVEB&nbsp;ab&nbsp;September&nbsp;2026&nbsp;Workshops&nbsp;und&nbsp;Begleitung&nbsp;f\u00fcr&nbsp;Weiterbildungsinstitutionen&nbsp;an, die sich&nbsp;nachhaltiger&nbsp;ausrichten m\u00f6chten.&nbsp; Wie kann meine&nbsp;Weiterbildungsinstitution nachhaltig agieren?&nbsp;In einem&nbsp;interaktiven&nbsp;und praxisorientierten&nbsp;Workshop-Nachmittag&nbsp;k\u00f6nnen&nbsp;sich&nbsp;interessierte&nbsp;Weiterbildungsinstitutionen&nbsp;intensiv mit der Klimafreundlichkeit der [&hellip;]<\/p>\n","protected":false},"author":43,"featured_media":75313,"template":"","meta":{"_acf_changed":false,"inline_featured_image":false,"footnotes":""},"event-category":[24],"event-tag":[459,319],"event-status":[201],"event-language":[202],"global-category":[448],"class_list":["post-75277","event","type-event","status-publish","has-post-thumbnail","hentry","event-category-sveb-kooperation-events","event-tag-459","event-tag-sveb-kooperation-events","event-status-aktuell","event-language-deutsch","global-category-klima-check"],"acf":[],"yoast_head":"<!-- This site is optimized with the Yoast SEO plugin v27.3 - https:\/\/yoast.com\/product\/yoast-seo-wordpress\/ -->\n<title>Klima-Check: Als\u00a0Institution\u00a0klimafreundlicher agieren\u00a0 - SVEB<\/title>\n<meta name=\"robots\" content=\"index, follow, max-snippet:-1, max-image-preview:large, max-video-preview:-1\" \/>\n<link rel=\"canonical\" href=\"https:\/\/alice.ch\/de\/event\/als-institution-klimafreundlicher-agieren\/\" \/>\n<meta property=\"og:locale\" content=\"de_DE\" \/>\n<meta property=\"og:type\" content=\"article\" \/>\n<meta property=\"og:title\" content=\"Klima-Check: Als\u00a0Institution\u00a0klimafreundlicher agieren\u00a0 - SVEB\" \/>\n<meta property=\"og:description\" content=\"Neues Angebot ab September 2026\u00a0f\u00fcr\u00a0mehr\u00a0Klimafreundlichkeit\u00a0von\u00a0Weiterbildungsinstitutionen\u00a0 Zusammen&nbsp;mit&nbsp;myclimate&nbsp;bietet&nbsp;der&nbsp;SVEB&nbsp;ab&nbsp;September&nbsp;2026&nbsp;Workshops&nbsp;und&nbsp;Begleitung&nbsp;f\u00fcr&nbsp;Weiterbildungsinstitutionen&nbsp;an, die sich&nbsp;nachhaltiger&nbsp;ausrichten m\u00f6chten.&nbsp; Wie kann meine&nbsp;Weiterbildungsinstitution nachhaltig agieren?&nbsp;In einem&nbsp;interaktiven&nbsp;und praxisorientierten&nbsp;Workshop-Nachmittag&nbsp;k\u00f6nnen&nbsp;sich&nbsp;interessierte&nbsp;Weiterbildungsinstitutionen&nbsp;intensiv mit der Klimafreundlichkeit der [&hellip;]\" \/>\n<meta property=\"og:url\" content=\"https:\/\/alice.ch\/de\/event\/als-institution-klimafreundlicher-agieren\/\" \/>\n<meta property=\"og:site_name\" content=\"SVEB\" \/>\n<meta property=\"article:modified_time\" content=\"2026-04-30T09:10:22+00:00\" \/>\n<meta property=\"og:image\" content=\"https:\/\/alice.ch\/app\/uploads\/2026\/04\/klima-check-2026-1.jpg\" \/>\n\t<meta property=\"og:image:width\" content=\"771\" \/>\n\t<meta property=\"og:image:height\" content=\"385\" \/>\n\t<meta property=\"og:image:type\" content=\"image\/jpeg\" \/>\n<meta name=\"twitter:card\" content=\"summary_large_image\" \/>\n<meta name=\"twitter:label1\" content=\"Gesch\u00e4tzte Lesezeit\" \/>\n\t<meta name=\"twitter:data1\" content=\"2\u00a0Minuten\" \/>\n<script type=\"application\/ld+json\" class=\"yoast-schema-graph\">{\"@context\":\"https:\\\/\\\/schema.org\",\"@graph\":[{\"@type\":\"WebPage\",\"@id\":\"https:\\\/\\\/alice.ch\\\/de\\\/event\\\/als-institution-klimafreundlicher-agieren\\\/\",\"url\":\"https:\\\/\\\/alice.ch\\\/de\\\/event\\\/als-institution-klimafreundlicher-agieren\\\/\",\"name\":\"Klima-Check: Als\u00a0Institution\u00a0klimafreundlicher agieren\u00a0 - SVEB\",\"isPartOf\":{\"@id\":\"https:\\\/\\\/alice.ch\\\/de\\\/#website\"},\"primaryImageOfPage\":{\"@id\":\"https:\\\/\\\/alice.ch\\\/de\\\/event\\\/als-institution-klimafreundlicher-agieren\\\/#primaryimage\"},\"image\":{\"@id\":\"https:\\\/\\\/alice.ch\\\/de\\\/event\\\/als-institution-klimafreundlicher-agieren\\\/#primaryimage\"},\"thumbnailUrl\":\"https:\\\/\\\/alice.ch\\\/app\\\/uploads\\\/2026\\\/04\\\/klima-check-2026-1.jpg\",\"datePublished\":\"2026-04-29T13:55:21+00:00\",\"dateModified\":\"2026-04-30T09:10:22+00:00\",\"breadcrumb\":{\"@id\":\"https:\\\/\\\/alice.ch\\\/de\\\/event\\\/als-institution-klimafreundlicher-agieren\\\/#breadcrumb\"},\"inLanguage\":\"de\",\"potentialAction\":[{\"@type\":\"ReadAction\",\"target\":[\"https:\\\/\\\/alice.ch\\\/de\\\/event\\\/als-institution-klimafreundlicher-agieren\\\/\"]}]},{\"@type\":\"ImageObject\",\"inLanguage\":\"de\",\"@id\":\"https:\\\/\\\/alice.ch\\\/de\\\/event\\\/als-institution-klimafreundlicher-agieren\\\/#primaryimage\",\"url\":\"https:\\\/\\\/alice.ch\\\/app\\\/uploads\\\/2026\\\/04\\\/klima-check-2026-1.jpg\",\"contentUrl\":\"https:\\\/\\\/alice.ch\\\/app\\\/uploads\\\/2026\\\/04\\\/klima-check-2026-1.jpg\",\"width\":771,\"height\":385},{\"@type\":\"BreadcrumbList\",\"@id\":\"https:\\\/\\\/alice.ch\\\/de\\\/event\\\/als-institution-klimafreundlicher-agieren\\\/#breadcrumb\",\"itemListElement\":[{\"@type\":\"ListItem\",\"position\":1,\"name\":\"Startseite\",\"item\":\"https:\\\/\\\/alice.ch\\\/de\\\/\"},{\"@type\":\"ListItem\",\"position\":2,\"name\":\"Events\",\"item\":\"https:\\\/\\\/alice.ch\\\/de\\\/event\\\/\"},{\"@type\":\"ListItem\",\"position\":3,\"name\":\"Klima-Check: Als\u00a0Institution\u00a0klimafreundlicher agieren\u00a0\"}]},{\"@type\":\"WebSite\",\"@id\":\"https:\\\/\\\/alice.ch\\\/de\\\/#website\",\"url\":\"https:\\\/\\\/alice.ch\\\/de\\\/\",\"name\":\"alice.ch (Adult Learning Information Center) ist das Portal der Weiterbildung in der Schweiz.\",\"description\":\"Schweizerischer Verband f\u00fcr Weiterbildung\",\"publisher\":{\"@id\":\"https:\\\/\\\/alice.ch\\\/de\\\/#organization\"},\"potentialAction\":[{\"@type\":\"SearchAction\",\"target\":{\"@type\":\"EntryPoint\",\"urlTemplate\":\"https:\\\/\\\/alice.ch\\\/de\\\/?s={search_term_string}\"},\"query-input\":{\"@type\":\"PropertyValueSpecification\",\"valueRequired\":true,\"valueName\":\"search_term_string\"}}],\"inLanguage\":\"de\"},{\"@type\":\"Organization\",\"@id\":\"https:\\\/\\\/alice.ch\\\/de\\\/#organization\",\"name\":\"SVEB Schweizerischer Verband f\u00fcr Weiterbildung\",\"url\":\"https:\\\/\\\/alice.ch\\\/de\\\/\",\"logo\":{\"@type\":\"ImageObject\",\"inLanguage\":\"de\",\"@id\":\"https:\\\/\\\/alice.ch\\\/de\\\/#\\\/schema\\\/logo\\\/image\\\/\",\"url\":\"https:\\\/\\\/alice.ch\\\/app\\\/uploads\\\/2022\\\/07\\\/logo-sveb.png\",\"contentUrl\":\"https:\\\/\\\/alice.ch\\\/app\\\/uploads\\\/2022\\\/07\\\/logo-sveb.png\",\"width\":145,\"height\":64,\"caption\":\"SVEB Schweizerischer Verband f\u00fcr Weiterbildung\"},\"image\":{\"@id\":\"https:\\\/\\\/alice.ch\\\/de\\\/#\\\/schema\\\/logo\\\/image\\\/\"},\"sameAs\":[\"https:\\\/\\\/www.linkedin.com\\\/company\\\/schweizerischer-verband-fr-weiterbildung-sveb\\\/\"]}]}<\/script>\n<!-- \/ Yoast SEO plugin. -->","yoast_head_json":{"title":"Klima-Check: Als\u00a0Institution\u00a0klimafreundlicher agieren\u00a0 - SVEB","robots":{"index":"index","follow":"follow","max-snippet":"max-snippet:-1","max-image-preview":"max-image-preview:large","max-video-preview":"max-video-preview:-1"},"canonical":"https:\/\/alice.ch\/de\/event\/als-institution-klimafreundlicher-agieren\/","og_locale":"de_DE","og_type":"article","og_title":"Klima-Check: Als\u00a0Institution\u00a0klimafreundlicher agieren\u00a0 - SVEB","og_description":"Neues Angebot ab September 2026\u00a0f\u00fcr\u00a0mehr\u00a0Klimafreundlichkeit\u00a0von\u00a0Weiterbildungsinstitutionen\u00a0 Zusammen&nbsp;mit&nbsp;myclimate&nbsp;bietet&nbsp;der&nbsp;SVEB&nbsp;ab&nbsp;September&nbsp;2026&nbsp;Workshops&nbsp;und&nbsp;Begleitung&nbsp;f\u00fcr&nbsp;Weiterbildungsinstitutionen&nbsp;an, die sich&nbsp;nachhaltiger&nbsp;ausrichten m\u00f6chten.&nbsp; Wie kann meine&nbsp;Weiterbildungsinstitution nachhaltig agieren?&nbsp;In einem&nbsp;interaktiven&nbsp;und praxisorientierten&nbsp;Workshop-Nachmittag&nbsp;k\u00f6nnen&nbsp;sich&nbsp;interessierte&nbsp;Weiterbildungsinstitutionen&nbsp;intensiv mit der Klimafreundlichkeit der [&hellip;]","og_url":"https:\/\/alice.ch\/de\/event\/als-institution-klimafreundlicher-agieren\/","og_site_name":"SVEB","article_modified_time":"2026-04-30T09:10:22+00:00","og_image":[{"width":771,"height":385,"url":"https:\/\/alice.ch\/app\/uploads\/2026\/04\/klima-check-2026-1.jpg","type":"image\/jpeg"}],"twitter_card":"summary_large_image","twitter_misc":{"Gesch\u00e4tzte Lesezeit":"2\u00a0Minuten"},"schema":{"@context":"https:\/\/schema.org","@graph":[{"@type":"WebPage","@id":"https:\/\/alice.ch\/de\/event\/als-institution-klimafreundlicher-agieren\/","url":"https:\/\/alice.ch\/de\/event\/als-institution-klimafreundlicher-agieren\/","name":"Klima-Check: Als\u00a0Institution\u00a0klimafreundlicher agieren\u00a0 - SVEB","isPartOf":{"@id":"https:\/\/alice.ch\/de\/#website"},"primaryImageOfPage":{"@id":"https:\/\/alice.ch\/de\/event\/als-institution-klimafreundlicher-agieren\/#primaryimage"},"image":{"@id":"https:\/\/alice.ch\/de\/event\/als-institution-klimafreundlicher-agieren\/#primaryimage"},"thumbnailUrl":"https:\/\/alice.ch\/app\/uploads\/2026\/04\/klima-check-2026-1.jpg","datePublished":"2026-04-29T13:55:21+00:00","dateModified":"2026-04-30T09:10:22+00:00","breadcrumb":{"@id":"https:\/\/alice.ch\/de\/event\/als-institution-klimafreundlicher-agieren\/#breadcrumb"},"inLanguage":"de","potentialAction":[{"@type":"ReadAction","target":["https:\/\/alice.ch\/de\/event\/als-institution-klimafreundlicher-agieren\/"]}]},{"@type":"ImageObject","inLanguage":"de","@id":"https:\/\/alice.ch\/de\/event\/als-institution-klimafreundlicher-agieren\/#primaryimage","url":"https:\/\/alice.ch\/app\/uploads\/2026\/04\/klima-check-2026-1.jpg","contentUrl":"https:\/\/alice.ch\/app\/uploads\/2026\/04\/klima-check-2026-1.jpg","width":771,"height":385},{"@type":"BreadcrumbList","@id":"https:\/\/alice.ch\/de\/event\/als-institution-klimafreundlicher-agieren\/#breadcrumb","itemListElement":[{"@type":"ListItem","position":1,"name":"Startseite","item":"https:\/\/alice.ch\/de\/"},{"@type":"ListItem","position":2,"name":"Events","item":"https:\/\/alice.ch\/de\/event\/"},{"@type":"ListItem","position":3,"name":"Klima-Check: Als\u00a0Institution\u00a0klimafreundlicher agieren\u00a0"}]},{"@type":"WebSite","@id":"https:\/\/alice.ch\/de\/#website","url":"https:\/\/alice.ch\/de\/","name":"alice.ch (Adult Learning Information Center) ist das Portal der Weiterbildung in der Schweiz.","description":"Schweizerischer Verband f\u00fcr Weiterbildung","publisher":{"@id":"https:\/\/alice.ch\/de\/#organization"},"potentialAction":[{"@type":"SearchAction","target":{"@type":"EntryPoint","urlTemplate":"https:\/\/alice.ch\/de\/?s={search_term_string}"},"query-input":{"@type":"PropertyValueSpecification","valueRequired":true,"valueName":"search_term_string"}}],"inLanguage":"de"},{"@type":"Organization","@id":"https:\/\/alice.ch\/de\/#organization","name":"SVEB Schweizerischer Verband f\u00fcr Weiterbildung","url":"https:\/\/alice.ch\/de\/","logo":{"@type":"ImageObject","inLanguage":"de","@id":"https:\/\/alice.ch\/de\/#\/schema\/logo\/image\/","url":"https:\/\/alice.ch\/app\/uploads\/2022\/07\/logo-sveb.png","contentUrl":"https:\/\/alice.ch\/app\/uploads\/2022\/07\/logo-sveb.png","width":145,"height":64,"caption":"SVEB Schweizerischer Verband f\u00fcr Weiterbildung"},"image":{"@id":"https:\/\/alice.ch\/de\/#\/schema\/logo\/image\/"},"sameAs":["https:\/\/www.linkedin.com\/company\/schweizerischer-verband-fr-weiterbildung-sveb\/"]}]}},"_links":{"self":[{"href":"https:\/\/alice.ch\/de\/wp-json\/wp\/v2\/event\/75277","targetHints":{"allow":["GET"]}}],"collection":[{"href":"https:\/\/alice.ch\/de\/wp-json\/wp\/v2\/event"}],"about":[{"href":"https:\/\/alice.ch\/de\/wp-json\/wp\/v2\/types\/event"}],"author":[{"embeddable":true,"href":"https:\/\/alice.ch\/de\/wp-json\/wp\/v2\/users\/43"}],"version-history":[{"count":8,"href":"https:\/\/alice.ch\/de\/wp-json\/wp\/v2\/event\/75277\/revisions"}],"predecessor-version":[{"id":75325,"href":"https:\/\/alice.ch\/de\/wp-json\/wp\/v2\/event\/75277\/revisions\/75325"}],"wp:featuredmedia":[{"embeddable":true,"href":"https:\/\/alice.ch\/de\/wp-json\/wp\/v2\/media\/75313"}],"wp:attachment":[{"href":"https:\/\/alice.ch\/de\/wp-json\/wp\/v2\/media?parent=75277"}],"wp:term":[{"taxonomy":"event-category","embeddable":true,"href":"https:\/\/alice.ch\/de\/wp-json\/wp\/v2\/event-category?post=75277"},{"taxonomy":"event-tag","embeddable":true,"href":"https:\/\/alice.ch\/de\/wp-json\/wp\/v2\/event-tag?post=75277"},{"taxonomy":"event-status","embeddable":true,"href":"https:\/\/alice.ch\/de\/wp-json\/wp\/v2\/event-status?post=75277"},{"taxonomy":"event-language","embeddable":true,"href":"https:\/\/alice.ch\/de\/wp-json\/wp\/v2\/event-language?post=75277"},{"taxonomy":"global-category","embeddable":true,"href":"https:\/\/alice.ch\/de\/wp-json\/wp\/v2\/global-category?post=75277"}],"curies":[{"name":"wp","href":"https:\/\/api.w.org\/{rel}","templated":true}]}}