{"id":10819,"date":"2022-11-10T08:04:25","date_gmt":"2022-11-10T07:04:25","guid":{"rendered":"https:\/\/projects.atxeit.ch\/sveb\/?page_id=10819"},"modified":"2024-11-26T15:34:13","modified_gmt":"2024-11-26T14:34:13","slug":"kursleiterkompetenzen","status":"publish","type":"page","link":"https:\/\/alice.ch\/de\/themen\/grundkompetenzen\/kursleiterkompetenzen\/","title":{"rendered":"Kursleiterkompetenzen"},"content":{"rendered":"\n<div class=\"wp-block-group is-style-reduced-width is-layout-flow wp-block-group-is-layout-flow\">\n<h1 class=\"wp-block-heading\">F\u00fcr ein professionelles Aus- und Weiterbildungssystem f\u00fcr Ausbildende im Bereich Grundkompetenzen<\/h1>\n\n\n\n<p class=\"is-style-lead\">Um die Qualit\u00e4t der Angebote im Bereich Grundkompetenzen sicherzustellen, muss in den Ausbau des Aus- und Weiterbildungssystems f\u00fcr Kursleitende investiert werden. Qualifizierte Kursleitende sind die Voraussetzung f\u00fcr eine erfolgreiche Grundkompetenzf\u00f6rderung in der Schweiz.<\/p>\n\n\n\n<p>Die Arbeit mit gering qualifizierten Erwachsenen stellt hohe Anspr\u00fcche an Kursleitende. Neben erwachsenenbildnerischen und fachlichen Kompetenzen brauchen sie ein ausgepr\u00e4gtes Verst\u00e4ndnis f\u00fcr die heterogene Zielgruppe.<\/p>\n\n\n\n<h2 class=\"wp-block-heading\">Ein Branchenzertifikat f\u00fcr Ausbildende im Bereich Grundkompetenzen<\/h2>\n\n\n\n<p>Das Projekt \u00abNationales Branchenzertifikat Ausbildende Grundkompetenzen\u00bb (ProfGK) will die Aus- und Weiterbildung f\u00fcr die Vermittlung von Kompetenzen wie Literalit\u00e4t, Alltagsmathematik und IKT-Nutzung professionalisieren und deren Qualit\u00e4t verbessern. Darum wird ein Branchenzertifkat f\u00fcr Ausbilderinnen und Ausbilder im Bereich Grundkompetenzen entwickelt.<\/p>\n\n\n\n<p>Das Projekt wird von einer Tr\u00e4gerschaft getragen, die sich aus vier Organisationen zusammensetzt: dem <a href=\"https:\/\/www.up-vhs.ch\/\">Verband der Schweizerischen Volkshochschulen<\/a> (VSV), dem <a href=\"https:\/\/alice.ch\/de\/\">Schweizerischen Verband f\u00fcr Weiterbildung<\/a> (SVEB), dem <a href=\"https:\/\/www.lesen-schreiben-schweiz.ch\/\">Schweizer Dachverband Lesen und Schreiben<\/a> (DVLS) sowie der <a href=\"https:\/\/www.crfba.ch\/\">Coordination romande pour la formation aux comp\u00e9tences de base<\/a> (CRFBA).<\/p>\n\n\n\n<h2 class=\"wp-block-heading\">Qualifikationsprofil und Struktur erarbeiten<\/h2>\n\n\n\n<p>In der ersten Phase des derzeit laufenden Projekts geht es darum, ein Qualifikationsprofil und eine modulare Struktur f\u00fcr Ausbildung und Zertifizierung zu entwickeln. Diese beiden Konzepte werden den Partnern aus der Praxis zur Konsultation vorgelegt, um sie so gut wie m\u00f6glich an die Realit\u00e4t und die Bed\u00fcrfnisse der Institutionen und der betroffenen Personen anzupassen.&nbsp;<\/p>\n\n\n\n<p>Das Qualifikationsprofil, das die konzeptionelle Grundlage der modularen Struktur bildet, wurde von einer von der Tr\u00e4gerschaft beauftragten Expertin erstellt, die sich auf eine Gruppe von Expertinnen und Experten mit nachgewiesener Erfahrung und Kompetenz im Bereich der Vermittlung von Grundkompetenzen (Literalit\u00e4t, Alltagsmathematik, und digitale Kompetenz) st\u00fctzte.&nbsp;Es baut auf dem Rahmenprofil f\u00fcr die Ausbildung der Ausbildenden im Bereich Grundkompetenzen auf, das 2016 im Auftrag des Staatssekretariats f\u00fcr Bildung, Forschung und Innovation (SBFI) entwickelt wurde. Nach Abschluss des Konsultationsprozesses verabschiedet die Tr\u00e4gerschaft das Qualifikationsprofil sowie das Ausbildungsmodell.<\/p>\n\n\n\n<div class=\"wp-block-group is-style-run-to-edge has-primary-background-color has-background is-layout-flow wp-block-group-is-layout-flow\">\n<p><strong>Zielgruppe<\/strong> sind Ausbildner und Ausbildnerinnen, die in verschiedenen Bildungskontexten t\u00e4tig sind, darunter \u00f6ffentliche und private Institutionen, NGOs und Unternehmen. Die f\u00fcr das Zertifikat erforderlichen Kompetenzen umfassen die Planung und Durchf\u00fchrung von Schulungen, die Steuerung der Interaktion innerhalb von Gruppen und die individuelle Betreuung von Lernenden. Das Zertifikat legt ausserdem Wert auf die Einhaltung ethischer Standards und die Anpassung an die Bed\u00fcrfnisse der Lernenden.\u00a0<\/p>\n<\/div>\n\n\n\n<p><\/p>\n\n\n\n<h2 class=\"wp-block-heading\">Weitere Umsetzung 2025-2028 geplant<\/h2>\n\n\n\n<p>Die weitere Umsetzung des Projekts ist f\u00fcr 2025-2028 geplant. Im Rahmen der laufenden Konsultation werden das Qualifikationsprofil und das Ausbildungsmodell fertiggestellt, welche die Basis f\u00fcr die Umsetzung bilden. Das Projekt erkennt die Bedeutung von Lese- und Schreibkenntnissen, Mathematik und digitalen Kompetenzen f\u00fcr die soziale und berufliche Integration an und bietet Spezialisierungen in diesen Bereichen an.\u00a0<\/p>\n\n\n\n<h2 class=\"wp-block-heading\">Aktuelle Konzepte f\u00fcr die Aus- und Weiterbildung der Kursleitenden im Bereich Grundkompetenzen<\/h2>\n\n\n\n<h3 class=\"wp-block-heading\">Kursleiterausbildung: Alltagsmathematische Kompetenzen<\/h3>\n\n\n\n<p>Die Kursleiterausbildung \u00abAlltagsmathematische Kompetenzen in Alltag und Beruf\u00bb ist eine Ausbildung f\u00fcr Erwachsenenbildende, welche ein neues Angebot im Bereich Alltagsmathematik f\u00fcr Erwachsene aufbauen m\u00f6chten, zum Beispiel im Rahmen von arbeitsmarktlichen Massnahmen oder der Sprachf\u00f6rderung.<\/p>\n\n\n\n<p>F\u00fcr Weiterbildungsanbieter, die die Kursleiterausbildung \u00abAlltagsmathematische Kompetenzen in Alltag und Beruf\u00bb in ihr Kursangebot aufnehmen m\u00f6chten, stellen wir Unterlagen zur Verf\u00fcgung. Bei Bedarf beraten wir in der Umsetzung von alltagsmathematischen Kursleiterausbildungen.<\/p>\n\n\n\n<h3 class=\"wp-block-heading\">Mobiles Lernen: Webinarreihe f\u00fcr Kursleitende in der Integrationsf\u00f6rderung<\/h3>\n\n\n\n<p>Eine Webinarreihe im Auftrag des Staatssekretariats f\u00fcr Migration unterst\u00fctzt Kursleitende dabei, f\u00fcr den Unterricht auch mobile Endger\u00e4te nutzen zu k\u00f6nnen. Koordiniert wurde das Projekt \u00abMobiles Lernen als Erg\u00e4nzung zum Pr\u00e4senzunterricht in der Sprach- und Grundkompetenzf\u00f6rderung im Integrationsbereich\u00bb durch den SVEB und die Gesch\u00e4ftsstelle fide. Konzipiert und umgesetzt wurde die Webinarreihe durch ein breit aufgestelltes Projektteam zusammengesetzt aus Ausbilderinnen\/Ausbildern und Dozierenden des Institute of Language Competence der ZHAW, abde \u2013 conseils et formations, OSEO Fribourg und ECAP.<\/p>\n\n\n\n<div class=\"wp-block-buttons is-layout-flex wp-block-buttons-is-layout-flex\">\n<div class=\"wp-block-button has-custom-width wp-block-button__width-50 is-style-outline is-style-outline--1\"><a class=\"wp-block-button__link wp-element-button\" href=\"https:\/\/alice.ch\/de\/themen\/grundkompetenzen\/innovativ-foerdern\/webinarreihe\/\">Unterlagen, Ressourcen, Aufzeichnungen der Webinarreihe<\/a><\/div>\n<\/div>\n\n\n\n<div class=\"wp-block-group is-layout-flow wp-block-group-is-layout-flow\">\n<h2 class=\"wp-block-heading\">Konzepte f\u00fcr die Ausbildung von Ausbildenden (AdA) im Bereich Grundkompetenzen<\/h2>\n\n\n\n<div class=\"wp-block-columns is-layout-flex wp-container-core-columns-is-layout-28f84493 wp-block-columns-is-layout-flex\">\n<div class=\"wp-block-column is-layout-flow wp-block-column-is-layout-flow\" style=\"flex-basis:50%\">\n<div class=\"wp-block-file\"><a id=\"wp-block-file--media-eec9df04-5b29-4ed0-89c9-db8c1ad39e07\" href=\"https:\/\/alice.ch\/app\/uploads\/2022\/11\/Rahmenprofil_AdA.pdf\" target=\"_blank\" rel=\"noreferrer noopener\">Rahmenprofil AdA im Bereich Grundkompetenzen<br \/>PDF &#8211; 138 KB<\/a><\/div>\n<\/div>\n\n\n\n<div class=\"wp-block-column is-layout-flow wp-block-column-is-layout-flow\" style=\"flex-basis:50%\"><\/div>\n<\/div>\n\n\n\n<div class=\"wp-block-columns is-layout-flex wp-container-core-columns-is-layout-28f84493 wp-block-columns-is-layout-flex\">\n<div class=\"wp-block-column is-layout-flow wp-block-column-is-layout-flow\" style=\"flex-basis:50%\">\n<div class=\"wp-block-file\"><a id=\"wp-block-file--media-eec9df04-5b29-4ed0-89c9-db8c1ad39e07\" href=\"https:\/\/alice.ch\/app\/uploads\/2022\/11\/11_Bausteine_Alltagsmathematik.pdf\" target=\"_blank\" rel=\"noreferrer noopener\">Alltagsmathematische Kompetenz f\u00f6rdern (Bausteine f\u00fcr ein Konzept)<br \/>PDF &#8211; 1 MB<\/a><\/div>\n<\/div>\n\n\n\n<div class=\"wp-block-column is-layout-flow wp-block-column-is-layout-flow\" style=\"flex-basis:50%\"><\/div>\n<\/div>\n\n\n\n<div class=\"wp-block-columns is-layout-flex wp-container-core-columns-is-layout-28f84493 wp-block-columns-is-layout-flex\">\n<div class=\"wp-block-column is-layout-flow wp-block-column-is-layout-flow\" style=\"flex-basis:50%\">\n<div class=\"wp-block-file\"><a id=\"wp-block-file--media-eec9df04-5b29-4ed0-89c9-db8c1ad39e07\" href=\"https:\/\/alice.ch\/app\/uploads\/2022\/11\/2_Leitfaden_IKT.pdf\" target=\"_blank\" rel=\"noreferrer noopener\">Grundkompetenzen-F\u00f6rderung f\u00fcr den Arbeitsmarkt (Leitfaden)<br \/>PDF &#8211; 11 MB<\/a><\/div>\n<\/div>\n\n\n\n<div class=\"wp-block-column is-layout-flow wp-block-column-is-layout-flow\" style=\"flex-basis:50%\"><\/div>\n<\/div>\n\n\n\n<div class=\"wp-block-columns is-layout-flex wp-container-core-columns-is-layout-28f84493 wp-block-columns-is-layout-flex\">\n<div class=\"wp-block-column is-layout-flow wp-block-column-is-layout-flow\" style=\"flex-basis:50%\">\n<div class=\"wp-block-file\"><a id=\"wp-block-file--media-eec9df04-5b29-4ed0-89c9-db8c1ad39e07\" href=\"https:\/\/alice.ch\/app\/uploads\/2022\/11\/6_LiteratorIn_Modulkonzept_2007.pdf\" target=\"_blank\" rel=\"noreferrer noopener\">Modulkonzept LiteratorIn<br \/>PDF &#8211; 173 KB<\/a><\/div>\n<\/div>\n\n\n\n<div class=\"wp-block-column is-layout-flow wp-block-column-is-layout-flow\" style=\"flex-basis:50%\"><\/div>\n<\/div>\n<\/div>\n\n\n\n<h2 class=\"wp-block-heading\">Kontakt<\/h2>\n\n\n\n<div class=\"wp-block-columns is-layout-flex wp-container-core-columns-is-layout-28f84493 wp-block-columns-is-layout-flex\">\n<div class=\"wp-block-column is-layout-flow wp-block-column-is-layout-flow\" style=\"flex-basis:50%\"><div class=\"contact-persons\">\n\n\t\t\t\t\t<div class=\"contact-person\">\n\t\t\t\t\tC\u00e4cilia M\u00e4rki<br \/>\t\t\t\t\tSenior Projektleiterin und Ko-Koordinationsverantwortliche Grundkompetenzen<br \/>\t\t\t\t\t<br \/>\n\t\t\t\t\t\t\t\t\t\t<a href=\"tel:+41 (0)44 319 71 58\">+41 (0)44 319 71 58<\/a><br \/>\t\t\t\t\t<a href=\"mailto:caecilia.maerki@alice.ch\">caecilia.maerki@alice.ch<\/a><br \/>\t\t\t\t\t<\/div>\n\t\t\t\t\t<\/div>\n<\/div>\n\n\n\n<div class=\"wp-block-column is-layout-flow wp-block-column-is-layout-flow\" style=\"flex-basis:50%\"><\/div>\n<\/div>\n<\/div>\n","protected":false},"excerpt":{"rendered":"<p>F\u00fcr ein professionelles Aus- und Weiterbildungssystem f\u00fcr Ausbildende im Bereich Grundkompetenzen Um die Qualit\u00e4t der Angebote im Bereich Grundkompetenzen sicherzustellen, [&hellip;]<\/p>\n","protected":false},"author":2,"featured_media":20799,"parent":342,"menu_order":49,"comment_status":"closed","ping_status":"closed","template":"","meta":{"_acf_changed":false,"inline_featured_image":false,"footnotes":""},"class_list":["post-10819","page","type-page","status-publish","has-post-thumbnail","hentry"],"acf":[],"yoast_head":"<!-- This site is optimized with the Yoast SEO plugin v27.3 - https:\/\/yoast.com\/product\/yoast-seo-wordpress\/ -->\n<title>Kursleiterkompetenzen - SVEB<\/title>\n<meta name=\"description\" content=\"Qualifizierte Kursleitende sind die Voraussetzung f\u00fcr eine erfolgreiche Grundkompetenzf\u00f6rderung in der Schweiz.\" \/>\n<meta name=\"robots\" content=\"index, follow, max-snippet:-1, max-image-preview:large, max-video-preview:-1\" \/>\n<link rel=\"canonical\" href=\"https:\/\/alice.ch\/de\/themen\/grundkompetenzen\/kursleiterkompetenzen\/\" \/>\n<meta property=\"og:locale\" content=\"de_DE\" \/>\n<meta property=\"og:type\" content=\"article\" \/>\n<meta property=\"og:title\" content=\"Kursleiterkompetenzen - SVEB\" \/>\n<meta property=\"og:description\" content=\"Qualifizierte Kursleitende sind die Voraussetzung f\u00fcr eine erfolgreiche Grundkompetenzf\u00f6rderung in der Schweiz.\" \/>\n<meta property=\"og:url\" content=\"https:\/\/alice.ch\/de\/themen\/grundkompetenzen\/kursleiterkompetenzen\/\" \/>\n<meta property=\"og:site_name\" content=\"SVEB\" \/>\n<meta property=\"article:modified_time\" content=\"2024-11-26T14:34:13+00:00\" \/>\n<meta name=\"twitter:card\" content=\"summary_large_image\" \/>\n<meta name=\"twitter:label1\" content=\"Gesch\u00e4tzte Lesezeit\" \/>\n\t<meta name=\"twitter:data1\" content=\"3\u00a0Minuten\" \/>\n<script type=\"application\/ld+json\" class=\"yoast-schema-graph\">{\"@context\":\"https:\\\/\\\/schema.org\",\"@graph\":[{\"@type\":\"WebPage\",\"@id\":\"https:\\\/\\\/alice.ch\\\/de\\\/themen\\\/grundkompetenzen\\\/kursleiterkompetenzen\\\/\",\"url\":\"https:\\\/\\\/alice.ch\\\/de\\\/themen\\\/grundkompetenzen\\\/kursleiterkompetenzen\\\/\",\"name\":\"Kursleiterkompetenzen - SVEB\",\"isPartOf\":{\"@id\":\"https:\\\/\\\/alice.ch\\\/de\\\/#website\"},\"primaryImageOfPage\":{\"@id\":\"https:\\\/\\\/alice.ch\\\/de\\\/themen\\\/grundkompetenzen\\\/kursleiterkompetenzen\\\/#primaryimage\"},\"image\":{\"@id\":\"https:\\\/\\\/alice.ch\\\/de\\\/themen\\\/grundkompetenzen\\\/kursleiterkompetenzen\\\/#primaryimage\"},\"thumbnailUrl\":\"https:\\\/\\\/alice.ch\\\/app\\\/uploads\\\/2022\\\/11\\\/default.jpg\",\"datePublished\":\"2022-11-10T07:04:25+00:00\",\"dateModified\":\"2024-11-26T14:34:13+00:00\",\"description\":\"Qualifizierte Kursleitende sind die Voraussetzung f\u00fcr eine erfolgreiche Grundkompetenzf\u00f6rderung in der Schweiz.\",\"breadcrumb\":{\"@id\":\"https:\\\/\\\/alice.ch\\\/de\\\/themen\\\/grundkompetenzen\\\/kursleiterkompetenzen\\\/#breadcrumb\"},\"inLanguage\":\"de\",\"potentialAction\":[{\"@type\":\"ReadAction\",\"target\":[\"https:\\\/\\\/alice.ch\\\/de\\\/themen\\\/grundkompetenzen\\\/kursleiterkompetenzen\\\/\"]}]},{\"@type\":\"ImageObject\",\"inLanguage\":\"de\",\"@id\":\"https:\\\/\\\/alice.ch\\\/de\\\/themen\\\/grundkompetenzen\\\/kursleiterkompetenzen\\\/#primaryimage\",\"url\":\"https:\\\/\\\/alice.ch\\\/app\\\/uploads\\\/2022\\\/11\\\/default.jpg\",\"contentUrl\":\"https:\\\/\\\/alice.ch\\\/app\\\/uploads\\\/2022\\\/11\\\/default.jpg\",\"width\":1600,\"height\":900},{\"@type\":\"BreadcrumbList\",\"@id\":\"https:\\\/\\\/alice.ch\\\/de\\\/themen\\\/grundkompetenzen\\\/kursleiterkompetenzen\\\/#breadcrumb\",\"itemListElement\":[{\"@type\":\"ListItem\",\"position\":1,\"name\":\"Startseite\",\"item\":\"https:\\\/\\\/alice.ch\\\/de\\\/\"},{\"@type\":\"ListItem\",\"position\":2,\"name\":\"Themen\",\"item\":\"https:\\\/\\\/alice.ch\\\/de\\\/themen\\\/\"},{\"@type\":\"ListItem\",\"position\":3,\"name\":\"Grundkompetenzen\",\"item\":\"https:\\\/\\\/alice.ch\\\/de\\\/themen\\\/grundkompetenzen\\\/\"},{\"@type\":\"ListItem\",\"position\":4,\"name\":\"Kursleiterkompetenzen\"}]},{\"@type\":\"WebSite\",\"@id\":\"https:\\\/\\\/alice.ch\\\/de\\\/#website\",\"url\":\"https:\\\/\\\/alice.ch\\\/de\\\/\",\"name\":\"alice.ch (Adult Learning Information Center) ist das Portal der Weiterbildung in der Schweiz.\",\"description\":\"Schweizerischer Verband f\u00fcr Weiterbildung\",\"publisher\":{\"@id\":\"https:\\\/\\\/alice.ch\\\/de\\\/#organization\"},\"potentialAction\":[{\"@type\":\"SearchAction\",\"target\":{\"@type\":\"EntryPoint\",\"urlTemplate\":\"https:\\\/\\\/alice.ch\\\/de\\\/?s={search_term_string}\"},\"query-input\":{\"@type\":\"PropertyValueSpecification\",\"valueRequired\":true,\"valueName\":\"search_term_string\"}}],\"inLanguage\":\"de\"},{\"@type\":\"Organization\",\"@id\":\"https:\\\/\\\/alice.ch\\\/de\\\/#organization\",\"name\":\"SVEB Schweizerischer Verband f\u00fcr Weiterbildung\",\"url\":\"https:\\\/\\\/alice.ch\\\/de\\\/\",\"logo\":{\"@type\":\"ImageObject\",\"inLanguage\":\"de\",\"@id\":\"https:\\\/\\\/alice.ch\\\/de\\\/#\\\/schema\\\/logo\\\/image\\\/\",\"url\":\"https:\\\/\\\/alice.ch\\\/app\\\/uploads\\\/2022\\\/07\\\/logo-sveb.png\",\"contentUrl\":\"https:\\\/\\\/alice.ch\\\/app\\\/uploads\\\/2022\\\/07\\\/logo-sveb.png\",\"width\":145,\"height\":64,\"caption\":\"SVEB Schweizerischer Verband f\u00fcr Weiterbildung\"},\"image\":{\"@id\":\"https:\\\/\\\/alice.ch\\\/de\\\/#\\\/schema\\\/logo\\\/image\\\/\"},\"sameAs\":[\"https:\\\/\\\/www.linkedin.com\\\/company\\\/schweizerischer-verband-fr-weiterbildung-sveb\\\/\"]}]}<\/script>\n<!-- \/ Yoast SEO plugin. -->","yoast_head_json":{"title":"Kursleiterkompetenzen - SVEB","description":"Qualifizierte Kursleitende sind die Voraussetzung f\u00fcr eine erfolgreiche Grundkompetenzf\u00f6rderung in der Schweiz.","robots":{"index":"index","follow":"follow","max-snippet":"max-snippet:-1","max-image-preview":"max-image-preview:large","max-video-preview":"max-video-preview:-1"},"canonical":"https:\/\/alice.ch\/de\/themen\/grundkompetenzen\/kursleiterkompetenzen\/","og_locale":"de_DE","og_type":"article","og_title":"Kursleiterkompetenzen - SVEB","og_description":"Qualifizierte Kursleitende sind die Voraussetzung f\u00fcr eine erfolgreiche Grundkompetenzf\u00f6rderung in der Schweiz.","og_url":"https:\/\/alice.ch\/de\/themen\/grundkompetenzen\/kursleiterkompetenzen\/","og_site_name":"SVEB","article_modified_time":"2024-11-26T14:34:13+00:00","twitter_card":"summary_large_image","twitter_misc":{"Gesch\u00e4tzte Lesezeit":"3\u00a0Minuten"},"schema":{"@context":"https:\/\/schema.org","@graph":[{"@type":"WebPage","@id":"https:\/\/alice.ch\/de\/themen\/grundkompetenzen\/kursleiterkompetenzen\/","url":"https:\/\/alice.ch\/de\/themen\/grundkompetenzen\/kursleiterkompetenzen\/","name":"Kursleiterkompetenzen - SVEB","isPartOf":{"@id":"https:\/\/alice.ch\/de\/#website"},"primaryImageOfPage":{"@id":"https:\/\/alice.ch\/de\/themen\/grundkompetenzen\/kursleiterkompetenzen\/#primaryimage"},"image":{"@id":"https:\/\/alice.ch\/de\/themen\/grundkompetenzen\/kursleiterkompetenzen\/#primaryimage"},"thumbnailUrl":"https:\/\/alice.ch\/app\/uploads\/2022\/11\/default.jpg","datePublished":"2022-11-10T07:04:25+00:00","dateModified":"2024-11-26T14:34:13+00:00","description":"Qualifizierte Kursleitende sind die Voraussetzung f\u00fcr eine erfolgreiche Grundkompetenzf\u00f6rderung in der Schweiz.","breadcrumb":{"@id":"https:\/\/alice.ch\/de\/themen\/grundkompetenzen\/kursleiterkompetenzen\/#breadcrumb"},"inLanguage":"de","potentialAction":[{"@type":"ReadAction","target":["https:\/\/alice.ch\/de\/themen\/grundkompetenzen\/kursleiterkompetenzen\/"]}]},{"@type":"ImageObject","inLanguage":"de","@id":"https:\/\/alice.ch\/de\/themen\/grundkompetenzen\/kursleiterkompetenzen\/#primaryimage","url":"https:\/\/alice.ch\/app\/uploads\/2022\/11\/default.jpg","contentUrl":"https:\/\/alice.ch\/app\/uploads\/2022\/11\/default.jpg","width":1600,"height":900},{"@type":"BreadcrumbList","@id":"https:\/\/alice.ch\/de\/themen\/grundkompetenzen\/kursleiterkompetenzen\/#breadcrumb","itemListElement":[{"@type":"ListItem","position":1,"name":"Startseite","item":"https:\/\/alice.ch\/de\/"},{"@type":"ListItem","position":2,"name":"Themen","item":"https:\/\/alice.ch\/de\/themen\/"},{"@type":"ListItem","position":3,"name":"Grundkompetenzen","item":"https:\/\/alice.ch\/de\/themen\/grundkompetenzen\/"},{"@type":"ListItem","position":4,"name":"Kursleiterkompetenzen"}]},{"@type":"WebSite","@id":"https:\/\/alice.ch\/de\/#website","url":"https:\/\/alice.ch\/de\/","name":"alice.ch (Adult Learning Information Center) ist das Portal der Weiterbildung in der Schweiz.","description":"Schweizerischer Verband f\u00fcr Weiterbildung","publisher":{"@id":"https:\/\/alice.ch\/de\/#organization"},"potentialAction":[{"@type":"SearchAction","target":{"@type":"EntryPoint","urlTemplate":"https:\/\/alice.ch\/de\/?s={search_term_string}"},"query-input":{"@type":"PropertyValueSpecification","valueRequired":true,"valueName":"search_term_string"}}],"inLanguage":"de"},{"@type":"Organization","@id":"https:\/\/alice.ch\/de\/#organization","name":"SVEB Schweizerischer Verband f\u00fcr Weiterbildung","url":"https:\/\/alice.ch\/de\/","logo":{"@type":"ImageObject","inLanguage":"de","@id":"https:\/\/alice.ch\/de\/#\/schema\/logo\/image\/","url":"https:\/\/alice.ch\/app\/uploads\/2022\/07\/logo-sveb.png","contentUrl":"https:\/\/alice.ch\/app\/uploads\/2022\/07\/logo-sveb.png","width":145,"height":64,"caption":"SVEB Schweizerischer Verband f\u00fcr Weiterbildung"},"image":{"@id":"https:\/\/alice.ch\/de\/#\/schema\/logo\/image\/"},"sameAs":["https:\/\/www.linkedin.com\/company\/schweizerischer-verband-fr-weiterbildung-sveb\/"]}]}},"_links":{"self":[{"href":"https:\/\/alice.ch\/de\/wp-json\/wp\/v2\/pages\/10819","targetHints":{"allow":["GET"]}}],"collection":[{"href":"https:\/\/alice.ch\/de\/wp-json\/wp\/v2\/pages"}],"about":[{"href":"https:\/\/alice.ch\/de\/wp-json\/wp\/v2\/types\/page"}],"author":[{"embeddable":true,"href":"https:\/\/alice.ch\/de\/wp-json\/wp\/v2\/users\/2"}],"replies":[{"embeddable":true,"href":"https:\/\/alice.ch\/de\/wp-json\/wp\/v2\/comments?post=10819"}],"version-history":[{"count":19,"href":"https:\/\/alice.ch\/de\/wp-json\/wp\/v2\/pages\/10819\/revisions"}],"predecessor-version":[{"id":64423,"href":"https:\/\/alice.ch\/de\/wp-json\/wp\/v2\/pages\/10819\/revisions\/64423"}],"up":[{"embeddable":true,"href":"https:\/\/alice.ch\/de\/wp-json\/wp\/v2\/pages\/342"}],"wp:featuredmedia":[{"embeddable":true,"href":"https:\/\/alice.ch\/de\/wp-json\/wp\/v2\/media\/20799"}],"wp:attachment":[{"href":"https:\/\/alice.ch\/de\/wp-json\/wp\/v2\/media?parent=10819"}],"curies":[{"name":"wp","href":"https:\/\/api.w.org\/{rel}","templated":true}]}}