{"id":1141,"date":"2022-09-08T12:24:42","date_gmt":"2022-09-08T10:24:42","guid":{"rendered":"https:\/\/projects.atxeit.ch\/sveb\/?page_id=1141"},"modified":"2023-12-27T15:11:09","modified_gmt":"2023-12-27T14:11:09","slug":"taetigkeitsprogramm","status":"publish","type":"page","link":"https:\/\/alice.ch\/de\/sveb\/strategie\/taetigkeitsprogramm\/","title":{"rendered":"T\u00e4tigkeitsprogramm"},"content":{"rendered":"\n<div class=\"wp-block-group is-style-reduced-width is-layout-constrained wp-block-group-is-layout-constrained\">\n<h1 class=\"wp-block-heading\">Vielseitiges Engagement<\/h1>\n\n\n\n<div class=\"wp-block-group is-style-default is-layout-flow wp-block-group-is-layout-flow\">\n<p class=\"is-style-lead\">Wir engagieren uns f\u00fcr ein starkes, zukunftsf\u00e4higes Weiterbildungssystem. Als Interessenverband vertreten wir die gemeinsamen Anliegen unserer Mitglieder. Mit unserer nationalen und internationalen Projektarbeit als Fachverband f\u00f6rdern wir Professionalit\u00e4t und Qualit\u00e4t der Angebote.<\/p>\n\n\n\n<h2 class=\"wp-block-heading\">T\u00e4tigkeitsprogramm des SVEB<\/h2>\n\n\n\n<ol class=\"wp-block-list\">\n<li><strong>Interessenvertretung f\u00fcr die Mitglieder in der Bildungspolitik<\/strong><br>Zur \u00abBildungspolitik\u00bb geh\u00f6ren Aktivit\u00e4ten, welche die Rahmenbedingungen f\u00fcr die Weiterbildung verbessern. Als Organisation der Arbeitswelt (OdA) bringt sich der SVEB aktiv in bildungspolitische Entwicklungen ein und nimmt Stellung zu aktuellen Fragen.&nbsp;&nbsp;&nbsp;&nbsp;&nbsp;&nbsp;&nbsp;&nbsp;&nbsp;&nbsp;&nbsp;&nbsp;&nbsp;&nbsp;&nbsp;&nbsp;&nbsp;&nbsp;&nbsp;&nbsp;&nbsp;&nbsp;&nbsp;&nbsp;&nbsp;&nbsp;&nbsp;&nbsp;&nbsp;&nbsp;&nbsp;&nbsp;&nbsp;&nbsp;<\/li>\n\n\n\n<li><strong>F\u00f6rderung von Professionalit\u00e4t und Qualit\u00e4t der Weiterbildung<\/strong><br>Die Ausbildung der Ausbildenden (AdA-Baukastensystem) ist der tragende Pfeiler im Bereich Professionalisierung. Zur Qualit\u00e4tssicherung geh\u00f6ren das Label eduQua und Projektarbeit.<\/li>\n\n\n\n<li><strong>Sensibilisierung f\u00fcr die Weiterbildung und das lebenslange Lernen<\/strong><br>Der Verband ist in zahlreichen nationalen und internationalen Sensibilisierungsprojekten aktiv.<\/li>\n\n\n\n<li><strong>Vernetzung aller Weiterbildungsakteure<\/strong><br>Der SVEB schafft Vernetzungsplattformen f\u00fcr seine Mitglieder, baut eigene Netzwerke im In- und Ausland weiter aus und f\u00fchrt Partner aus Bildung, Politik, Wirtschaft zusammen.<\/li>\n\n\n\n<li><strong>F\u00f6rderung der Chancengleichheit in der Weiterbildung<\/strong><br>Der SVEB setzt sich f\u00fcr die F\u00f6rderung der Grundkompetenzen von Erwachsenen ein. Er entwickelt Grundlagen und Perspektiven f\u00fcr die Bereiche Arbeitsmarktf\u00e4higkeit, 50plus, Integration und der Weiterbildung in KMU.&nbsp;<\/li>\n\n\n\n<li><strong>Kommunikation und Events\u00a0<\/strong><br>Durch Medienpr\u00e4senz und \u00fcber die Informationen in eigenen Medien wird die Wahrnehmung der Weiterbildung stetig verst\u00e4rkt. Zudem ist der SVEB mit eigenen Veranstaltungen in der Bildungslandschaft Schweiz pr\u00e4sent.\u00a0<\/li>\n\n\n\n<li><strong>Marketing und Dienstleistungen<\/strong><br>Zu diesem Bereich geh\u00f6ren die diversen Dienstleistungen f\u00fcr Mitglieder, die SVEB-Administration sowie das Marketing und der Vertrieb der SVEB-Produkte.<\/li>\n<\/ol>\n\n\n\n<h2 class=\"wp-block-heading\">Kontakt<\/h2>\n\n\n\n<div class=\"wp-block-columns is-layout-flex wp-container-core-columns-is-layout-28f84493 wp-block-columns-is-layout-flex\">\n<div class=\"wp-block-column is-layout-flow wp-block-column-is-layout-flow\" style=\"flex-basis:50%\"><div class=\"contact-persons\">\n\n\t\t\t\t\t<div class=\"contact-person\">\n\t\t\t\t\tBernhard Gr\u00e4miger<br \/>\t\t\t\t\tDirektor<br \/>\t\t\t\t\t<br \/>\n\t\t\t\t\t\t\t\t\t\t<a href=\"tel:+41 (0)44 319 71 61\">+41 (0)44 319 71 61<\/a><br \/>\t\t\t\t\t<a href=\"mailto:bernhard.graemiger@alice.ch\">bernhard.graemiger@alice.ch<\/a><br \/>\t\t\t\t\t<\/div>\n\t\t\t\t\t<\/div>\n<\/div>\n\n\n\n<div class=\"wp-block-column is-layout-flow wp-block-column-is-layout-flow\" style=\"flex-basis:50%\"><\/div>\n<\/div>\n<\/div>\n<\/div>\n","protected":false},"excerpt":{"rendered":"<p>Vielseitiges Engagement Wir engagieren uns f\u00fcr ein starkes, zukunftsf\u00e4higes Weiterbildungssystem. Als Interessenverband vertreten wir die gemeinsamen Anliegen unserer Mitglieder. Mit [&hellip;]<\/p>\n","protected":false},"author":4,"featured_media":20799,"parent":406,"menu_order":508,"comment_status":"closed","ping_status":"closed","template":"","meta":{"_acf_changed":false,"inline_featured_image":false,"footnotes":""},"class_list":["post-1141","page","type-page","status-publish","has-post-thumbnail","hentry"],"acf":[],"yoast_head":"<!-- This site is optimized with the Yoast SEO plugin v27.3 - https:\/\/yoast.com\/product\/yoast-seo-wordpress\/ -->\n<title>T\u00e4tigkeitsprogramm - SVEB<\/title>\n<meta name=\"description\" content=\"Mit seinen vielf\u00e4ltigen T\u00e4tigkeiten als Fachverband f\u00f6rdert der SVEB Professionalit\u00e4t und Qualit\u00e4t der Angebote in der Weiterbildung.\" \/>\n<meta name=\"robots\" content=\"index, follow, max-snippet:-1, max-image-preview:large, max-video-preview:-1\" \/>\n<link rel=\"canonical\" href=\"https:\/\/alice.ch\/de\/sveb\/strategie\/taetigkeitsprogramm\/\" \/>\n<meta property=\"og:locale\" content=\"de_DE\" \/>\n<meta property=\"og:type\" content=\"article\" \/>\n<meta property=\"og:title\" content=\"T\u00e4tigkeitsprogramm - SVEB\" \/>\n<meta property=\"og:description\" content=\"Mit seinen vielf\u00e4ltigen T\u00e4tigkeiten als Fachverband f\u00f6rdert der SVEB Professionalit\u00e4t und Qualit\u00e4t der Angebote in der Weiterbildung.\" \/>\n<meta property=\"og:url\" content=\"https:\/\/alice.ch\/de\/sveb\/strategie\/taetigkeitsprogramm\/\" \/>\n<meta property=\"og:site_name\" content=\"SVEB\" \/>\n<meta property=\"article:modified_time\" content=\"2023-12-27T14:11:09+00:00\" \/>\n<meta name=\"twitter:card\" content=\"summary_large_image\" \/>\n<meta name=\"twitter:label1\" content=\"Gesch\u00e4tzte Lesezeit\" \/>\n\t<meta name=\"twitter:data1\" content=\"2\u00a0Minuten\" \/>\n<script type=\"application\/ld+json\" class=\"yoast-schema-graph\">{\"@context\":\"https:\\\/\\\/schema.org\",\"@graph\":[{\"@type\":\"WebPage\",\"@id\":\"https:\\\/\\\/alice.ch\\\/de\\\/sveb\\\/strategie\\\/taetigkeitsprogramm\\\/\",\"url\":\"https:\\\/\\\/alice.ch\\\/de\\\/sveb\\\/strategie\\\/taetigkeitsprogramm\\\/\",\"name\":\"T\u00e4tigkeitsprogramm - SVEB\",\"isPartOf\":{\"@id\":\"https:\\\/\\\/alice.ch\\\/de\\\/#website\"},\"primaryImageOfPage\":{\"@id\":\"https:\\\/\\\/alice.ch\\\/de\\\/sveb\\\/strategie\\\/taetigkeitsprogramm\\\/#primaryimage\"},\"image\":{\"@id\":\"https:\\\/\\\/alice.ch\\\/de\\\/sveb\\\/strategie\\\/taetigkeitsprogramm\\\/#primaryimage\"},\"thumbnailUrl\":\"https:\\\/\\\/alice.ch\\\/app\\\/uploads\\\/2022\\\/11\\\/default.jpg\",\"datePublished\":\"2022-09-08T10:24:42+00:00\",\"dateModified\":\"2023-12-27T14:11:09+00:00\",\"description\":\"Mit seinen vielf\u00e4ltigen T\u00e4tigkeiten als Fachverband f\u00f6rdert der SVEB Professionalit\u00e4t und Qualit\u00e4t der Angebote in der Weiterbildung.\",\"breadcrumb\":{\"@id\":\"https:\\\/\\\/alice.ch\\\/de\\\/sveb\\\/strategie\\\/taetigkeitsprogramm\\\/#breadcrumb\"},\"inLanguage\":\"de\",\"potentialAction\":[{\"@type\":\"ReadAction\",\"target\":[\"https:\\\/\\\/alice.ch\\\/de\\\/sveb\\\/strategie\\\/taetigkeitsprogramm\\\/\"]}]},{\"@type\":\"ImageObject\",\"inLanguage\":\"de\",\"@id\":\"https:\\\/\\\/alice.ch\\\/de\\\/sveb\\\/strategie\\\/taetigkeitsprogramm\\\/#primaryimage\",\"url\":\"https:\\\/\\\/alice.ch\\\/app\\\/uploads\\\/2022\\\/11\\\/default.jpg\",\"contentUrl\":\"https:\\\/\\\/alice.ch\\\/app\\\/uploads\\\/2022\\\/11\\\/default.jpg\",\"width\":1600,\"height\":900},{\"@type\":\"BreadcrumbList\",\"@id\":\"https:\\\/\\\/alice.ch\\\/de\\\/sveb\\\/strategie\\\/taetigkeitsprogramm\\\/#breadcrumb\",\"itemListElement\":[{\"@type\":\"ListItem\",\"position\":1,\"name\":\"Startseite\",\"item\":\"https:\\\/\\\/alice.ch\\\/de\\\/\"},{\"@type\":\"ListItem\",\"position\":2,\"name\":\"SVEB\",\"item\":\"https:\\\/\\\/alice.ch\\\/de\\\/sveb\\\/\"},{\"@type\":\"ListItem\",\"position\":3,\"name\":\"Strategie\",\"item\":\"https:\\\/\\\/alice.ch\\\/de\\\/sveb\\\/strategie\\\/\"},{\"@type\":\"ListItem\",\"position\":4,\"name\":\"T\u00e4tigkeitsprogramm\"}]},{\"@type\":\"WebSite\",\"@id\":\"https:\\\/\\\/alice.ch\\\/de\\\/#website\",\"url\":\"https:\\\/\\\/alice.ch\\\/de\\\/\",\"name\":\"alice.ch (Adult Learning Information Center) ist das Portal der Weiterbildung in der Schweiz.\",\"description\":\"Schweizerischer Verband f\u00fcr Weiterbildung\",\"publisher\":{\"@id\":\"https:\\\/\\\/alice.ch\\\/de\\\/#organization\"},\"potentialAction\":[{\"@type\":\"SearchAction\",\"target\":{\"@type\":\"EntryPoint\",\"urlTemplate\":\"https:\\\/\\\/alice.ch\\\/de\\\/?s={search_term_string}\"},\"query-input\":{\"@type\":\"PropertyValueSpecification\",\"valueRequired\":true,\"valueName\":\"search_term_string\"}}],\"inLanguage\":\"de\"},{\"@type\":\"Organization\",\"@id\":\"https:\\\/\\\/alice.ch\\\/de\\\/#organization\",\"name\":\"SVEB Schweizerischer Verband f\u00fcr Weiterbildung\",\"url\":\"https:\\\/\\\/alice.ch\\\/de\\\/\",\"logo\":{\"@type\":\"ImageObject\",\"inLanguage\":\"de\",\"@id\":\"https:\\\/\\\/alice.ch\\\/de\\\/#\\\/schema\\\/logo\\\/image\\\/\",\"url\":\"https:\\\/\\\/alice.ch\\\/app\\\/uploads\\\/2022\\\/07\\\/logo-sveb.png\",\"contentUrl\":\"https:\\\/\\\/alice.ch\\\/app\\\/uploads\\\/2022\\\/07\\\/logo-sveb.png\",\"width\":145,\"height\":64,\"caption\":\"SVEB Schweizerischer Verband f\u00fcr Weiterbildung\"},\"image\":{\"@id\":\"https:\\\/\\\/alice.ch\\\/de\\\/#\\\/schema\\\/logo\\\/image\\\/\"},\"sameAs\":[\"https:\\\/\\\/www.linkedin.com\\\/company\\\/schweizerischer-verband-fr-weiterbildung-sveb\\\/\"]}]}<\/script>\n<!-- \/ Yoast SEO plugin. -->","yoast_head_json":{"title":"T\u00e4tigkeitsprogramm - SVEB","description":"Mit seinen vielf\u00e4ltigen T\u00e4tigkeiten als Fachverband f\u00f6rdert der SVEB Professionalit\u00e4t und Qualit\u00e4t der Angebote in der Weiterbildung.","robots":{"index":"index","follow":"follow","max-snippet":"max-snippet:-1","max-image-preview":"max-image-preview:large","max-video-preview":"max-video-preview:-1"},"canonical":"https:\/\/alice.ch\/de\/sveb\/strategie\/taetigkeitsprogramm\/","og_locale":"de_DE","og_type":"article","og_title":"T\u00e4tigkeitsprogramm - SVEB","og_description":"Mit seinen vielf\u00e4ltigen T\u00e4tigkeiten als Fachverband f\u00f6rdert der SVEB Professionalit\u00e4t und Qualit\u00e4t der Angebote in der Weiterbildung.","og_url":"https:\/\/alice.ch\/de\/sveb\/strategie\/taetigkeitsprogramm\/","og_site_name":"SVEB","article_modified_time":"2023-12-27T14:11:09+00:00","twitter_card":"summary_large_image","twitter_misc":{"Gesch\u00e4tzte Lesezeit":"2\u00a0Minuten"},"schema":{"@context":"https:\/\/schema.org","@graph":[{"@type":"WebPage","@id":"https:\/\/alice.ch\/de\/sveb\/strategie\/taetigkeitsprogramm\/","url":"https:\/\/alice.ch\/de\/sveb\/strategie\/taetigkeitsprogramm\/","name":"T\u00e4tigkeitsprogramm - SVEB","isPartOf":{"@id":"https:\/\/alice.ch\/de\/#website"},"primaryImageOfPage":{"@id":"https:\/\/alice.ch\/de\/sveb\/strategie\/taetigkeitsprogramm\/#primaryimage"},"image":{"@id":"https:\/\/alice.ch\/de\/sveb\/strategie\/taetigkeitsprogramm\/#primaryimage"},"thumbnailUrl":"https:\/\/alice.ch\/app\/uploads\/2022\/11\/default.jpg","datePublished":"2022-09-08T10:24:42+00:00","dateModified":"2023-12-27T14:11:09+00:00","description":"Mit seinen vielf\u00e4ltigen T\u00e4tigkeiten als Fachverband f\u00f6rdert der SVEB Professionalit\u00e4t und Qualit\u00e4t der Angebote in der Weiterbildung.","breadcrumb":{"@id":"https:\/\/alice.ch\/de\/sveb\/strategie\/taetigkeitsprogramm\/#breadcrumb"},"inLanguage":"de","potentialAction":[{"@type":"ReadAction","target":["https:\/\/alice.ch\/de\/sveb\/strategie\/taetigkeitsprogramm\/"]}]},{"@type":"ImageObject","inLanguage":"de","@id":"https:\/\/alice.ch\/de\/sveb\/strategie\/taetigkeitsprogramm\/#primaryimage","url":"https:\/\/alice.ch\/app\/uploads\/2022\/11\/default.jpg","contentUrl":"https:\/\/alice.ch\/app\/uploads\/2022\/11\/default.jpg","width":1600,"height":900},{"@type":"BreadcrumbList","@id":"https:\/\/alice.ch\/de\/sveb\/strategie\/taetigkeitsprogramm\/#breadcrumb","itemListElement":[{"@type":"ListItem","position":1,"name":"Startseite","item":"https:\/\/alice.ch\/de\/"},{"@type":"ListItem","position":2,"name":"SVEB","item":"https:\/\/alice.ch\/de\/sveb\/"},{"@type":"ListItem","position":3,"name":"Strategie","item":"https:\/\/alice.ch\/de\/sveb\/strategie\/"},{"@type":"ListItem","position":4,"name":"T\u00e4tigkeitsprogramm"}]},{"@type":"WebSite","@id":"https:\/\/alice.ch\/de\/#website","url":"https:\/\/alice.ch\/de\/","name":"alice.ch (Adult Learning Information Center) ist das Portal der Weiterbildung in der Schweiz.","description":"Schweizerischer Verband f\u00fcr Weiterbildung","publisher":{"@id":"https:\/\/alice.ch\/de\/#organization"},"potentialAction":[{"@type":"SearchAction","target":{"@type":"EntryPoint","urlTemplate":"https:\/\/alice.ch\/de\/?s={search_term_string}"},"query-input":{"@type":"PropertyValueSpecification","valueRequired":true,"valueName":"search_term_string"}}],"inLanguage":"de"},{"@type":"Organization","@id":"https:\/\/alice.ch\/de\/#organization","name":"SVEB Schweizerischer Verband f\u00fcr Weiterbildung","url":"https:\/\/alice.ch\/de\/","logo":{"@type":"ImageObject","inLanguage":"de","@id":"https:\/\/alice.ch\/de\/#\/schema\/logo\/image\/","url":"https:\/\/alice.ch\/app\/uploads\/2022\/07\/logo-sveb.png","contentUrl":"https:\/\/alice.ch\/app\/uploads\/2022\/07\/logo-sveb.png","width":145,"height":64,"caption":"SVEB Schweizerischer Verband f\u00fcr Weiterbildung"},"image":{"@id":"https:\/\/alice.ch\/de\/#\/schema\/logo\/image\/"},"sameAs":["https:\/\/www.linkedin.com\/company\/schweizerischer-verband-fr-weiterbildung-sveb\/"]}]}},"_links":{"self":[{"href":"https:\/\/alice.ch\/de\/wp-json\/wp\/v2\/pages\/1141","targetHints":{"allow":["GET"]}}],"collection":[{"href":"https:\/\/alice.ch\/de\/wp-json\/wp\/v2\/pages"}],"about":[{"href":"https:\/\/alice.ch\/de\/wp-json\/wp\/v2\/types\/page"}],"author":[{"embeddable":true,"href":"https:\/\/alice.ch\/de\/wp-json\/wp\/v2\/users\/4"}],"replies":[{"embeddable":true,"href":"https:\/\/alice.ch\/de\/wp-json\/wp\/v2\/comments?post=1141"}],"version-history":[{"count":10,"href":"https:\/\/alice.ch\/de\/wp-json\/wp\/v2\/pages\/1141\/revisions"}],"predecessor-version":[{"id":57094,"href":"https:\/\/alice.ch\/de\/wp-json\/wp\/v2\/pages\/1141\/revisions\/57094"}],"up":[{"embeddable":true,"href":"https:\/\/alice.ch\/de\/wp-json\/wp\/v2\/pages\/406"}],"wp:featuredmedia":[{"embeddable":true,"href":"https:\/\/alice.ch\/de\/wp-json\/wp\/v2\/media\/20799"}],"wp:attachment":[{"href":"https:\/\/alice.ch\/de\/wp-json\/wp\/v2\/media?parent=1141"}],"curies":[{"name":"wp","href":"https:\/\/api.w.org\/{rel}","templated":true}]}}