{"id":12788,"date":"2022-11-14T16:59:46","date_gmt":"2022-11-14T15:59:46","guid":{"rendered":"https:\/\/projects.atxeit.ch\/sveb\/?page_id=12788"},"modified":"2024-10-21T16:44:43","modified_gmt":"2024-10-21T14:44:43","slug":"forum-romand","status":"publish","type":"page","link":"https:\/\/alice.ch\/de\/sveb\/ueber-den-sveb\/organe\/forum-romand\/","title":{"rendered":"Forum romand"},"content":{"rendered":"\n<div class=\"wp-block-group is-style-reduced-width is-layout-constrained wp-block-group-is-layout-constrained\">\n<h1 class=\"wp-block-heading\">Forum romand des SVEB<\/h1>\n\n\n\n<p>Das Forum romand ist die Regionalkommission des SVEB in der Romandie und hat folgende Ziele:<\/p>\n\n\n\n<ul class=\"wp-block-list\">\n<li>Sammeln der Meinungen und Bed\u00fcrfnisse von Mitgliedern und zuk\u00fcnftigen Mitgliedern (Erwartungen an den SVEB, Themen aus der Praxis usw.),<\/li>\n\n\n\n<li>Informationsaustausch zwischen den verschiedenen Mitgliedern und der nationalen Ebene,<\/li>\n\n\n\n<li>Sicherstellung des Austauschs zwischen Netzwerken,<\/li>\n\n\n\n<li>Vertiefen von f\u00fcr die franz\u00f6sischsprachige Schweiz wichtigen Themen,<\/li>\n\n\n\n<li>Beratung der regionalen Leitung bei Entscheiden zu Projektentwicklungen oder bei strategischen Entscheidungen.<\/li>\n<\/ul>\n\n\n\n<p>Das Forum romand hat zudem die Aufgabe, einen Pr\u00e4sidenten bzw. eine Pr\u00e4sidentin und einen Vizepr\u00e4sidenten bzw. eine Vizepr\u00e4sidentin zu w\u00e4hlen, die der Versammlung der FSEA-Delegierten als Mitglieder des nationalen SVEB-Komitees vorgeschlagen werden. Diese beiden vertreten die Mitglieder aus der Romandie f\u00fcr eine Amtszeit von vier Jahren.<\/p>\n\n\n\n<h2 class=\"wp-block-heading\">J\u00e4hrliche Ausgabe<\/h2>\n\n\n\n<p>Das <a href=\"https:\/\/alice.ch\/fr\/event\/6e-forum-romand-de-la-fsea-2024\/\">sechste Forum romand<\/a> findet am 14. November 2024 in Lausanne statt.<\/p>\n\n\n\n<p>Das <a href=\"https:\/\/alice.ch\/fr\/event\/5e-forum-romand-de-la-fsea\/\">f\u00fcnfte Forum romand<\/a> fand am 16. November 2023 in Vevey statt.<\/p>\n\n\n\n<p>Das <a href=\"https:\/\/alice.ch\/fr\/event\/4eme-forum-romand-de-la-fsea\/\">vierte Forum romand<\/a> fand am 10. November 2022 in Morges statt.<\/p>\n\n\n\n<p>Das <a href=\"https:\/\/alice.ch\/fr\/event\/4eme-forum-romand-de-la-fsea\/\">dritte Forum romand<\/a> fand am 11. November 2021 in Yverdon statt. Schwerpunkt waren die Herausforderungen der digitalen Transformation.<\/p>\n\n\n\n<p>Am <a href=\"https:\/\/alice.ch\/fr\/event\/4eme-forum-romand-de-la-fsea\/\">zweiten Forum romand<\/a> vom 5. November 2020 wurde Sandra Bissig Lula von der CIP in Tramelan als Vizepr\u00e4sidentin gew\u00e4hlt.<\/p>\n\n\n\n<p>Die <a href=\"https:\/\/alice.ch\/fr\/event\/1er-forum-romand-de-la-fsea\/\">erste Durchf\u00fchrung<\/a> fand am 7. November 2019 in Lausanne statt. Bei dieser Gelegenheit wurde Simon Franzen von der CVPC als Pr\u00e4sident gew\u00e4hlt.<\/p>\n\n\n\n<h2 class=\"wp-block-heading\">Netzwerk<\/h2>\n\n\n\n<p>Der FSEA Romande arbeitet mit verschiedenen Netzwerken zusammen, darunter:<\/p>\n\n\n\n<figure class=\"wp-block-table is-style-stripes\"><table><thead><tr><th class=\"has-text-align-left\" data-align=\"left\"><strong><a href=\"https:\/\/www.crfba.ch\/\" target=\"_blank\" rel=\"noreferrer noopener\">CRFBA<\/a><\/strong><\/th><th class=\"has-text-align-left\" data-align=\"left\"><strong><a href=\"https:\/\/www.centreformationcontinue.ch\/Partenaires\/Partenaires\/FRAFFA\" target=\"_blank\" rel=\"noreferrer noopener\">FRAFFA<\/a><\/strong><\/th><th class=\"has-text-align-left\" data-align=\"left\"><strong><a href=\"https:\/\/www.crfc.ch\/\" target=\"_blank\" rel=\"noreferrer noopener\">CRFC<\/a><\/strong><\/th><th class=\"has-text-align-left\" data-align=\"left\"><strong><a href=\"https:\/\/rqfa.ch\/\" target=\"_blank\" rel=\"noreferrer noopener\">RQFA<\/a><\/strong><\/th><\/tr><\/thead><tbody><tr><td class=\"has-text-align-left\" data-align=\"left\">Coordination romande pour la formation de base des adultes<\/td><td class=\"has-text-align-left\" data-align=\"left\">F\u00e9d\u00e9ration romande des acteurs de la formation des formateurs d\u2019adultes<\/td><td class=\"has-text-align-left\" data-align=\"left\">Conf\u00e9rence romande pour la formation continue<\/td><td class=\"has-text-align-left\" data-align=\"left\">R\u00e9seau romand pour la Qualit\u00e9 en formation des adultes<\/td><\/tr><\/tbody><\/table><\/figure>\n\n\n\n<h2 class=\"wp-block-heading\">Kontakt<\/h2>\n\n\n\n<div class=\"wp-block-columns is-layout-flex wp-container-core-columns-is-layout-28f84493 wp-block-columns-is-layout-flex\">\n<div class=\"wp-block-column is-layout-flow wp-block-column-is-layout-flow\" style=\"flex-basis:100%\">\n<div class=\"wp-block-columns is-layout-flex wp-container-core-columns-is-layout-28f84493 wp-block-columns-is-layout-flex\">\n<div class=\"wp-block-column is-layout-flow wp-block-column-is-layout-flow\" style=\"flex-basis:50%\"><div class=\"contact-persons\">\n\n\t\t\t\t\t<div class=\"contact-person\">\n\t\t\t\t\tCaroline Meier Quevedo<br \/>\t\t\t\t\tLeiterin Gesch\u00e4ftsstelle Westschweiz<br \/>\t\t\t\t\t<br \/>\n\t\t\t\t\t\t\t\t\t\t<a href=\"tel:+41 (0)22 994 20 10\">+41 (0)22 994 20 10<\/a><br \/>\t\t\t\t\t<a href=\"mailto:caroline.meier@alice.ch\">caroline.meier@alice.ch<\/a><br \/>\t\t\t\t\t<\/div>\n\t\t\t\t\t<\/div>\n<\/div>\n\n\n\n<div class=\"wp-block-column is-layout-flow wp-block-column-is-layout-flow\" style=\"flex-basis:50%\"><\/div>\n<\/div>\n<\/div>\n<\/div>\n<\/div>\n","protected":false},"excerpt":{"rendered":"<p>Forum romand des SVEB Das Forum romand ist die Regionalkommission des SVEB in der Romandie und hat folgende Ziele: Das [&hellip;]<\/p>\n","protected":false},"author":2,"featured_media":20799,"parent":388,"menu_order":568,"comment_status":"closed","ping_status":"closed","template":"","meta":{"_acf_changed":false,"inline_featured_image":false,"footnotes":""},"class_list":["post-12788","page","type-page","status-publish","has-post-thumbnail","hentry"],"acf":[],"yoast_head":"<!-- This site is optimized with the Yoast SEO plugin v27.3 - https:\/\/yoast.com\/product\/yoast-seo-wordpress\/ -->\n<title>Forum romand - SVEB<\/title>\n<meta name=\"robots\" content=\"index, follow, max-snippet:-1, max-image-preview:large, max-video-preview:-1\" \/>\n<link rel=\"canonical\" href=\"https:\/\/alice.ch\/de\/sveb\/ueber-den-sveb\/organe\/forum-romand\/\" \/>\n<meta property=\"og:locale\" content=\"de_DE\" \/>\n<meta property=\"og:type\" content=\"article\" \/>\n<meta property=\"og:title\" content=\"Forum romand - SVEB\" \/>\n<meta property=\"og:description\" content=\"Forum romand des SVEB Das Forum romand ist die Regionalkommission des SVEB in der Romandie und hat folgende Ziele: Das [&hellip;]\" \/>\n<meta property=\"og:url\" content=\"https:\/\/alice.ch\/de\/sveb\/ueber-den-sveb\/organe\/forum-romand\/\" \/>\n<meta property=\"og:site_name\" content=\"SVEB\" \/>\n<meta property=\"article:modified_time\" content=\"2024-10-21T14:44:43+00:00\" \/>\n<meta name=\"twitter:card\" content=\"summary_large_image\" \/>\n<meta name=\"twitter:label1\" content=\"Gesch\u00e4tzte Lesezeit\" \/>\n\t<meta name=\"twitter:data1\" content=\"2\u00a0Minuten\" \/>\n<script type=\"application\/ld+json\" class=\"yoast-schema-graph\">{\"@context\":\"https:\\\/\\\/schema.org\",\"@graph\":[{\"@type\":\"WebPage\",\"@id\":\"https:\\\/\\\/alice.ch\\\/de\\\/sveb\\\/ueber-den-sveb\\\/organe\\\/forum-romand\\\/\",\"url\":\"https:\\\/\\\/alice.ch\\\/de\\\/sveb\\\/ueber-den-sveb\\\/organe\\\/forum-romand\\\/\",\"name\":\"Forum romand - SVEB\",\"isPartOf\":{\"@id\":\"https:\\\/\\\/alice.ch\\\/de\\\/#website\"},\"primaryImageOfPage\":{\"@id\":\"https:\\\/\\\/alice.ch\\\/de\\\/sveb\\\/ueber-den-sveb\\\/organe\\\/forum-romand\\\/#primaryimage\"},\"image\":{\"@id\":\"https:\\\/\\\/alice.ch\\\/de\\\/sveb\\\/ueber-den-sveb\\\/organe\\\/forum-romand\\\/#primaryimage\"},\"thumbnailUrl\":\"https:\\\/\\\/alice.ch\\\/app\\\/uploads\\\/2022\\\/11\\\/default.jpg\",\"datePublished\":\"2022-11-14T15:59:46+00:00\",\"dateModified\":\"2024-10-21T14:44:43+00:00\",\"breadcrumb\":{\"@id\":\"https:\\\/\\\/alice.ch\\\/de\\\/sveb\\\/ueber-den-sveb\\\/organe\\\/forum-romand\\\/#breadcrumb\"},\"inLanguage\":\"de\",\"potentialAction\":[{\"@type\":\"ReadAction\",\"target\":[\"https:\\\/\\\/alice.ch\\\/de\\\/sveb\\\/ueber-den-sveb\\\/organe\\\/forum-romand\\\/\"]}]},{\"@type\":\"ImageObject\",\"inLanguage\":\"de\",\"@id\":\"https:\\\/\\\/alice.ch\\\/de\\\/sveb\\\/ueber-den-sveb\\\/organe\\\/forum-romand\\\/#primaryimage\",\"url\":\"https:\\\/\\\/alice.ch\\\/app\\\/uploads\\\/2022\\\/11\\\/default.jpg\",\"contentUrl\":\"https:\\\/\\\/alice.ch\\\/app\\\/uploads\\\/2022\\\/11\\\/default.jpg\",\"width\":1600,\"height\":900},{\"@type\":\"BreadcrumbList\",\"@id\":\"https:\\\/\\\/alice.ch\\\/de\\\/sveb\\\/ueber-den-sveb\\\/organe\\\/forum-romand\\\/#breadcrumb\",\"itemListElement\":[{\"@type\":\"ListItem\",\"position\":1,\"name\":\"Startseite\",\"item\":\"https:\\\/\\\/alice.ch\\\/de\\\/\"},{\"@type\":\"ListItem\",\"position\":2,\"name\":\"SVEB\",\"item\":\"https:\\\/\\\/alice.ch\\\/de\\\/sveb\\\/\"},{\"@type\":\"ListItem\",\"position\":3,\"name\":\"\u00dcber den SVEB\",\"item\":\"https:\\\/\\\/alice.ch\\\/de\\\/sveb\\\/ueber-den-sveb\\\/\"},{\"@type\":\"ListItem\",\"position\":4,\"name\":\"Organe\",\"item\":\"https:\\\/\\\/alice.ch\\\/de\\\/sveb\\\/ueber-den-sveb\\\/organe\\\/\"},{\"@type\":\"ListItem\",\"position\":5,\"name\":\"Forum romand\"}]},{\"@type\":\"WebSite\",\"@id\":\"https:\\\/\\\/alice.ch\\\/de\\\/#website\",\"url\":\"https:\\\/\\\/alice.ch\\\/de\\\/\",\"name\":\"alice.ch (Adult Learning Information Center) ist das Portal der Weiterbildung in der Schweiz.\",\"description\":\"Schweizerischer Verband f\u00fcr Weiterbildung\",\"publisher\":{\"@id\":\"https:\\\/\\\/alice.ch\\\/de\\\/#organization\"},\"potentialAction\":[{\"@type\":\"SearchAction\",\"target\":{\"@type\":\"EntryPoint\",\"urlTemplate\":\"https:\\\/\\\/alice.ch\\\/de\\\/?s={search_term_string}\"},\"query-input\":{\"@type\":\"PropertyValueSpecification\",\"valueRequired\":true,\"valueName\":\"search_term_string\"}}],\"inLanguage\":\"de\"},{\"@type\":\"Organization\",\"@id\":\"https:\\\/\\\/alice.ch\\\/de\\\/#organization\",\"name\":\"SVEB Schweizerischer Verband f\u00fcr Weiterbildung\",\"url\":\"https:\\\/\\\/alice.ch\\\/de\\\/\",\"logo\":{\"@type\":\"ImageObject\",\"inLanguage\":\"de\",\"@id\":\"https:\\\/\\\/alice.ch\\\/de\\\/#\\\/schema\\\/logo\\\/image\\\/\",\"url\":\"https:\\\/\\\/alice.ch\\\/app\\\/uploads\\\/2022\\\/07\\\/logo-sveb.png\",\"contentUrl\":\"https:\\\/\\\/alice.ch\\\/app\\\/uploads\\\/2022\\\/07\\\/logo-sveb.png\",\"width\":145,\"height\":64,\"caption\":\"SVEB Schweizerischer Verband f\u00fcr Weiterbildung\"},\"image\":{\"@id\":\"https:\\\/\\\/alice.ch\\\/de\\\/#\\\/schema\\\/logo\\\/image\\\/\"},\"sameAs\":[\"https:\\\/\\\/www.linkedin.com\\\/company\\\/schweizerischer-verband-fr-weiterbildung-sveb\\\/\"]}]}<\/script>\n<!-- \/ Yoast SEO plugin. -->","yoast_head_json":{"title":"Forum romand - SVEB","robots":{"index":"index","follow":"follow","max-snippet":"max-snippet:-1","max-image-preview":"max-image-preview:large","max-video-preview":"max-video-preview:-1"},"canonical":"https:\/\/alice.ch\/de\/sveb\/ueber-den-sveb\/organe\/forum-romand\/","og_locale":"de_DE","og_type":"article","og_title":"Forum romand - SVEB","og_description":"Forum romand des SVEB Das Forum romand ist die Regionalkommission des SVEB in der Romandie und hat folgende Ziele: Das [&hellip;]","og_url":"https:\/\/alice.ch\/de\/sveb\/ueber-den-sveb\/organe\/forum-romand\/","og_site_name":"SVEB","article_modified_time":"2024-10-21T14:44:43+00:00","twitter_card":"summary_large_image","twitter_misc":{"Gesch\u00e4tzte Lesezeit":"2\u00a0Minuten"},"schema":{"@context":"https:\/\/schema.org","@graph":[{"@type":"WebPage","@id":"https:\/\/alice.ch\/de\/sveb\/ueber-den-sveb\/organe\/forum-romand\/","url":"https:\/\/alice.ch\/de\/sveb\/ueber-den-sveb\/organe\/forum-romand\/","name":"Forum romand - SVEB","isPartOf":{"@id":"https:\/\/alice.ch\/de\/#website"},"primaryImageOfPage":{"@id":"https:\/\/alice.ch\/de\/sveb\/ueber-den-sveb\/organe\/forum-romand\/#primaryimage"},"image":{"@id":"https:\/\/alice.ch\/de\/sveb\/ueber-den-sveb\/organe\/forum-romand\/#primaryimage"},"thumbnailUrl":"https:\/\/alice.ch\/app\/uploads\/2022\/11\/default.jpg","datePublished":"2022-11-14T15:59:46+00:00","dateModified":"2024-10-21T14:44:43+00:00","breadcrumb":{"@id":"https:\/\/alice.ch\/de\/sveb\/ueber-den-sveb\/organe\/forum-romand\/#breadcrumb"},"inLanguage":"de","potentialAction":[{"@type":"ReadAction","target":["https:\/\/alice.ch\/de\/sveb\/ueber-den-sveb\/organe\/forum-romand\/"]}]},{"@type":"ImageObject","inLanguage":"de","@id":"https:\/\/alice.ch\/de\/sveb\/ueber-den-sveb\/organe\/forum-romand\/#primaryimage","url":"https:\/\/alice.ch\/app\/uploads\/2022\/11\/default.jpg","contentUrl":"https:\/\/alice.ch\/app\/uploads\/2022\/11\/default.jpg","width":1600,"height":900},{"@type":"BreadcrumbList","@id":"https:\/\/alice.ch\/de\/sveb\/ueber-den-sveb\/organe\/forum-romand\/#breadcrumb","itemListElement":[{"@type":"ListItem","position":1,"name":"Startseite","item":"https:\/\/alice.ch\/de\/"},{"@type":"ListItem","position":2,"name":"SVEB","item":"https:\/\/alice.ch\/de\/sveb\/"},{"@type":"ListItem","position":3,"name":"\u00dcber den SVEB","item":"https:\/\/alice.ch\/de\/sveb\/ueber-den-sveb\/"},{"@type":"ListItem","position":4,"name":"Organe","item":"https:\/\/alice.ch\/de\/sveb\/ueber-den-sveb\/organe\/"},{"@type":"ListItem","position":5,"name":"Forum romand"}]},{"@type":"WebSite","@id":"https:\/\/alice.ch\/de\/#website","url":"https:\/\/alice.ch\/de\/","name":"alice.ch (Adult Learning Information Center) ist das Portal der Weiterbildung in der Schweiz.","description":"Schweizerischer Verband f\u00fcr Weiterbildung","publisher":{"@id":"https:\/\/alice.ch\/de\/#organization"},"potentialAction":[{"@type":"SearchAction","target":{"@type":"EntryPoint","urlTemplate":"https:\/\/alice.ch\/de\/?s={search_term_string}"},"query-input":{"@type":"PropertyValueSpecification","valueRequired":true,"valueName":"search_term_string"}}],"inLanguage":"de"},{"@type":"Organization","@id":"https:\/\/alice.ch\/de\/#organization","name":"SVEB Schweizerischer Verband f\u00fcr Weiterbildung","url":"https:\/\/alice.ch\/de\/","logo":{"@type":"ImageObject","inLanguage":"de","@id":"https:\/\/alice.ch\/de\/#\/schema\/logo\/image\/","url":"https:\/\/alice.ch\/app\/uploads\/2022\/07\/logo-sveb.png","contentUrl":"https:\/\/alice.ch\/app\/uploads\/2022\/07\/logo-sveb.png","width":145,"height":64,"caption":"SVEB Schweizerischer Verband f\u00fcr Weiterbildung"},"image":{"@id":"https:\/\/alice.ch\/de\/#\/schema\/logo\/image\/"},"sameAs":["https:\/\/www.linkedin.com\/company\/schweizerischer-verband-fr-weiterbildung-sveb\/"]}]}},"_links":{"self":[{"href":"https:\/\/alice.ch\/de\/wp-json\/wp\/v2\/pages\/12788","targetHints":{"allow":["GET"]}}],"collection":[{"href":"https:\/\/alice.ch\/de\/wp-json\/wp\/v2\/pages"}],"about":[{"href":"https:\/\/alice.ch\/de\/wp-json\/wp\/v2\/types\/page"}],"author":[{"embeddable":true,"href":"https:\/\/alice.ch\/de\/wp-json\/wp\/v2\/users\/2"}],"replies":[{"embeddable":true,"href":"https:\/\/alice.ch\/de\/wp-json\/wp\/v2\/comments?post=12788"}],"version-history":[{"count":15,"href":"https:\/\/alice.ch\/de\/wp-json\/wp\/v2\/pages\/12788\/revisions"}],"predecessor-version":[{"id":63377,"href":"https:\/\/alice.ch\/de\/wp-json\/wp\/v2\/pages\/12788\/revisions\/63377"}],"up":[{"embeddable":true,"href":"https:\/\/alice.ch\/de\/wp-json\/wp\/v2\/pages\/388"}],"wp:featuredmedia":[{"embeddable":true,"href":"https:\/\/alice.ch\/de\/wp-json\/wp\/v2\/media\/20799"}],"wp:attachment":[{"href":"https:\/\/alice.ch\/de\/wp-json\/wp\/v2\/media?parent=12788"}],"curies":[{"name":"wp","href":"https:\/\/api.w.org\/{rel}","templated":true}]}}