{"id":1448,"date":"2022-09-19T18:13:17","date_gmt":"2022-09-19T16:13:17","guid":{"rendered":"https:\/\/projects.atxeit.ch\/sveb\/?page_id=1448"},"modified":"2026-02-22T18:00:09","modified_gmt":"2026-02-22T17:00:09","slug":"mitglied-werden","status":"publish","type":"page","link":"https:\/\/alice.ch\/de\/sveb\/mitgliedschaft\/mitglied-werden\/","title":{"rendered":"Mitglied werden"},"content":{"rendered":"\n<div class=\"wp-block-group is-style-reduced-width is-layout-flow wp-block-group-is-layout-flow\">\n<h1 class=\"wp-block-heading\">Informationen zur Mitgliedschaft und Anmeldung<\/h1>\n\n\n\n<p class=\"is-style-lead\">Mitglied des SVEB k\u00f6nnen Institutionen, Zusammenschl\u00fcsse und Einzelpersonen in der Schweiz werden, die sich der Durchf\u00fchrung, F\u00f6rderung oder Entwicklung von Weiterbildung widmen und die Statuten sowie die Zielsetzungen des SVEB anerkennen. <\/p>\n\n\n\n<div class=\"wp-block-group is-layout-flow wp-block-group-is-layout-flow\">\n<div class=\"wp-block-columns is-style-accordion is-layout-flex wp-container-core-columns-is-layout-28f84493 wp-block-columns-is-layout-flex\" id=\"faq-element-1\">\n<div class=\"wp-block-column is-layout-flow wp-block-column-is-layout-flow\">\n<h3 class=\"wp-block-heading\">Mitgliedschaftskategorien <\/h3>\n<\/div>\n\n\n\n<div class=\"wp-block-column is-layout-flow wp-block-column-is-layout-flow\">\n<p>Mit der Aufnahme als Mitglied erfolgt zugleich die Zuteilung zu einer der untenstehenden Mitgliederkategorien.<\/p>\n\n\n\n<h4 class=\"wp-block-heading\">Kategorie 1&nbsp;<\/h4>\n\n\n\n<p>Gesamtschweizerische, \u00fcberkantonale und sprachregionale Organisationen, nationale Fachverb\u00e4nde, kantonale Konferenzen, Berufsorganisationen in der Erwachsenenbildung, Ausbildungsabteilungen in Betrieben und Verb\u00e4nden <\/p>\n\n\n\n<p>Mitgliederbeitrag abh\u00e4ngig von Anzahl Teilnehmerstunden:&nbsp;<\/p>\n\n\n\n<ul class=\"wp-block-list\">\n<li>Bis zu 500&#8217;000 Teilnehmerstunden = CHF 1&#8217;200.00<\/li>\n\n\n\n<li>Bis 1 Mio Teilnehmerstunden = CHF 1&#8217;800.00<\/li>\n\n\n\n<li>Je weitere 500&#8217;000 Teilnehmerstunden = + CHF 600.00<\/li>\n<\/ul>\n\n\n\n<p>Organisationen, die j\u00e4hrlich einen Umsatz unter CHF 150&#8217;000.00 erzielen, k\u00f6nnen mittels schriftlichem Gesuch bei der Gesch\u00e4ftsstelle eine Reduktion des Minimalbeitrages auf CHF 480.00 beantragen.&nbsp;<\/p>\n\n\n\n<h4 class=\"wp-block-heading\">Kategorie 2<\/h4>\n\n\n\n<p>Kantonal oder lokal t\u00e4tige Weiterbildungsanbieter, an Weiterbildung interessierte Organisationen, die nicht haupts\u00e4chlich in der Weiterbildung t\u00e4tig sind, Zusammenschl\u00fcsse und Arbeitsgruppen<\/p>\n\n\n\n<p>Mitgliederbeitrag CHF 450.00 pro Jahr<\/p>\n\n\n\n<h4 class=\"wp-block-heading\">Kategorie 3<\/h4>\n\n\n\n<p>Einzelmitglieder (keine Firmen) <\/p>\n\n\n\n<p>Mitgliederbeitrag CHF 160.00 pro Jahr<\/p>\n\n\n\n<h4 class=\"wp-block-heading\">Stimmrecht an der Delegiertenversammlung<\/h4>\n\n\n\n<p>Laut <a href=\"https:\/\/alice.ch\/app\/uploads\/2023\/04\/sveb-statuten-2023.pdf\" target=\"_blank\" rel=\"noreferrer noopener\">Statuten<\/a> (Art. 4) haben die Mitglieder der Kategorie 1 an der Delegiertenversammlung und im Vorstand die Mehrheit der Stimmen bzw. der Sitze.<br>Die Kategorie 1, die die Mehrheit stellt, erh\u00e4lt an der Delegiertenversammlung pro Mitglied 3 Stimmen, die Kategorie 2 pro Mitglied 2 Stimmen. Die Einzelmitglieder erhalten je 1 Stimme. Pro Delegiertenversammlung d\u00fcrfen maximal 20 Einzelmitglieder stimmen.<\/p>\n<\/div>\n<\/div>\n\n\n\n<div class=\"wp-block-columns is-style-accordion is-layout-flex wp-container-core-columns-is-layout-28f84493 wp-block-columns-is-layout-flex\" id=\"faq-element-1\">\n<div class=\"wp-block-column is-layout-flow wp-block-column-is-layout-flow\">\n<h3 class=\"wp-block-heading\">Ablauf des Mitgliedschaftsprozesses<\/h3>\n<\/div>\n\n\n\n<div class=\"wp-block-column is-layout-flow wp-block-column-is-layout-flow\">\n<ol class=\"wp-block-list\">\n<li>Interessierte f\u00fcllen das Anmeldeformular aus und schicken es mit einem Klick ab.<\/li>\n\n\n\n<li>Sie erhalten sofort per E-Mail die Best\u00e4tigung der provisorischen Mitgliedschaft. Der Vorstand pr\u00fcft, ob die angemeldete Institution sich der Durchf\u00fchrung, F\u00f6rderung oder Entwicklung der Weiterbildung widmet und die Statuten (Art. 3), das Leitbild und die Ziele des SVEB anerkennt. Bis zur endg\u00fcltigen Aufnahme als Mitglied ist es nicht gestattet, die vorl\u00e4ufige Aufnahme \u00f6ffentlich bekannt zu geben oder das Mitgliederlogo zu verwenden. Angemeldete profitieren aber dennoch schon von den Vorteilen der Mitgliedschaft.<\/li>\n\n\n\n<li>Nach maximal 3 Monaten informieren wir per E-Mail \u00fcber die definitive Aufnahme als Mitglied im Verband. Im gleichen Zug verschicken wir die Rechnung. Der Jahresbeitrag wird dem definitiven Aufnahmebescheid angepasst.<\/li>\n\n\n\n<li>Anfang des n\u00e4chsten Jahres erhalten die Mitglieder die Jahresrechnung f\u00fcr den Mitgliederbeitrag.<\/li>\n<\/ol>\n<\/div>\n<\/div>\n\n\n\n<div class=\"wp-block-columns is-style-accordion is-layout-flex wp-container-core-columns-is-layout-28f84493 wp-block-columns-is-layout-flex\" id=\"faq-element-1\">\n<div class=\"wp-block-column is-layout-flow wp-block-column-is-layout-flow\">\n<h3 class=\"wp-block-heading\">Abmeldung als Mitglied<\/h3>\n<\/div>\n\n\n\n<div class=\"wp-block-column is-layout-flow wp-block-column-is-layout-flow\">\n<p>Die Mitgliedschaft erlischt gem\u00e4ss Art. 6 der Statuten<\/p>\n\n\n\n<p>a) durch Aufl\u00f6sung des SVEB<br>b) durch schriftliche Austrittserkl\u00e4rung<br>c) durch Ausschluss durch den Vorstand<\/p>\n\n\n\n<p>Die Mitgliedschaft kann vom Mitglied per E-Mail auf Jahresende gek\u00fcndigt werden. In besonderen F\u00e4llen kann die Mitgliedschaft auch unterj\u00e4hrig gek\u00fcndigt werden. Der SVEB best\u00e4tigt die Annahme der K\u00fcndigung per E-Mail.<\/p>\n\n\n\n<p>Die missbr\u00e4uchliche Verwendung des SVEB-Mitgliederlogos sowie die Missachtung der Statuten, des Leitbildes und der Ziele k\u00f6nnen Anlass f\u00fcr die Gesch\u00e4ftsstelle sein, dem Vorstand den Ausschluss des Mitgliedes zu beantragen. Das Mitglied wird vorg\u00e4ngig informiert und erh\u00e4lt Gelegenheit zur Stellungnahme.<\/p>\n<\/div>\n<\/div>\n\n\n\n<div class=\"wp-block-columns is-style-accordion is-layout-flex wp-container-core-columns-is-layout-28f84493 wp-block-columns-is-layout-flex\" id=\"faq-element-1\">\n<div class=\"wp-block-column is-layout-flow wp-block-column-is-layout-flow\">\n<h3 class=\"wp-block-heading\">Nutzung des SVEB-Logos f\u00fcr Mitglieder<\/h3>\n<\/div>\n\n\n\n<div class=\"wp-block-column is-layout-flow wp-block-column-is-layout-flow\">\n<p>Die Nutzung des SVEB-Logos f\u00fcr Mitglieder ist erw\u00fcnscht. Die Verwendung des SVEB-Logos f\u00fcr Mitglieder ist erst nach einer definitiven Aufnahme in den SVEB Schweizerischen Verband f\u00fcr Weiterbildung erlaubt. Mitglieder erhalten mit der Aufnahmebest\u00e4tigung einen Link f\u00fcr den Download des Logos. <\/p>\n<\/div>\n<\/div>\n\n\n\n<div class=\"wp-block-columns is-style-accordion is-layout-flex wp-container-core-columns-is-layout-28f84493 wp-block-columns-is-layout-flex\" id=\"faq-element-1\">\n<div class=\"wp-block-column is-layout-flow wp-block-column-is-layout-flow\">\n<h3 class=\"wp-block-heading\">Datennutzung<\/h3>\n<\/div>\n\n\n\n<div class=\"wp-block-column is-layout-flow wp-block-column-is-layout-flow\">\n<p>Die personenbezogenen Daten werden verwendet, um Mitglieder beim SVEB anzumelden und um ihnen Informationen im Rahmen der Mitgliedschaft zuzustellen. Aus Gr\u00fcnden der historischen Dokumentation werden die Mitgliedschaftsdaten erst auf ausdr\u00fccklichen Wunsch hin wieder gel\u00f6scht. Alle Informationen zur Datenverwendung sind in der <a href=\"https:\/\/alice.ch\/de\/datenschutzerklaerung\/\">Datenschutzerkl\u00e4rung<\/a> festgehalten.<\/p>\n<\/div>\n<\/div>\n<\/div>\n\n\n\n<h2 class=\"wp-block-heading\">Anmeldung zur SVEB-Mitgliedschaft<\/h2>\n\n\n\n<div class=\"wp-block-contact-form-7-contact-form-selector\">\n<div class=\"wpcf7 no-js\" id=\"wpcf7-f17888-o1\" lang=\"de-DE\" dir=\"ltr\" data-wpcf7-id=\"17888\">\n<div class=\"screen-reader-response\"><p role=\"status\" aria-live=\"polite\" aria-atomic=\"true\"><\/p> <ul><\/ul><\/div>\n<form action=\"\/de\/wp-json\/wp\/v2\/pages\/1448#wpcf7-f17888-o1\" method=\"post\" class=\"wpcf7-form init\" aria-label=\"Kontaktformular\" novalidate=\"novalidate\" data-status=\"init\">\n<fieldset class=\"hidden-fields-container\"><input type=\"hidden\" name=\"_wpcf7\" value=\"17888\" \/><input type=\"hidden\" name=\"_wpcf7_version\" value=\"6.1.5\" \/><input type=\"hidden\" name=\"_wpcf7_locale\" value=\"de_DE\" \/><input type=\"hidden\" name=\"_wpcf7_unit_tag\" value=\"wpcf7-f17888-o1\" \/><input type=\"hidden\" name=\"_wpcf7_container_post\" value=\"0\" \/><input type=\"hidden\" name=\"_wpcf7_posted_data_hash\" value=\"\" \/>\n<\/fieldset>\n<p><label>Mitglieder-Kategorie*<\/label><br \/>\n<span class=\"wpcf7-form-control-wrap\" data-name=\"Mitgliederkategorie\"><span class=\"wpcf7-form-control wpcf7-checkbox wpcf7-validates-as-required\"><span class=\"wpcf7-list-item first\"><label><input type=\"checkbox\" name=\"Mitgliederkategorie[]\" value=\"Einzelmitgliedschaft (CHF 160.\u2013)\" \/><span class=\"wpcf7-list-item-label\">Einzelmitgliedschaft (CHF 160.\u2013)<\/span><\/label><\/span><span class=\"wpcf7-list-item\"><label><input type=\"checkbox\" name=\"Mitgliederkategorie[]\" value=\"Firmen regional (CHF 450.\u2013)\" \/><span class=\"wpcf7-list-item-label\">Firmen regional (CHF 450.\u2013)<\/span><\/label><\/span><span class=\"wpcf7-list-item last\"><label><input type=\"checkbox\" name=\"Mitgliederkategorie[]\" value=\"Firmen schweizweit (ab CHF 1&#039;200.-)\" \/><span class=\"wpcf7-list-item-label\">Firmen schweizweit (ab CHF 1&#039;200.-)<\/span><\/label><\/span><\/span><\/span>\n<\/p>\n<p><label><\/label><br \/>\n<label>Organisation (nur f\u00fcr Kategorie 1 und 2)<br \/>\n<span class=\"wpcf7-form-control-wrap\" data-name=\"your-organisation\"><input size=\"40\" maxlength=\"400\" class=\"wpcf7-form-control wpcf7-text\" aria-invalid=\"false\" placeholder=\"Musterfirma\" value=\"\" type=\"text\" name=\"your-organisation\" \/><\/span><\/label><br \/>\n<label>Anrede*<br \/>\n<span class=\"wpcf7-form-control-wrap\" data-name=\"salutation\"><input size=\"40\" maxlength=\"400\" class=\"wpcf7-form-control wpcf7-text wpcf7-validates-as-required\" aria-required=\"true\" aria-invalid=\"false\" placeholder=\"Frau\" value=\"\" type=\"text\" name=\"salutation\" \/><\/span><\/label><br \/>\n<label>Vorname*<br \/>\n<span class=\"wpcf7-form-control-wrap\" data-name=\"your-forename\"><input size=\"40\" maxlength=\"400\" class=\"wpcf7-form-control wpcf7-text wpcf7-validates-as-required\" aria-required=\"true\" aria-invalid=\"false\" placeholder=\"Petra\" value=\"\" type=\"text\" name=\"your-forename\" \/><\/span><\/label><br \/>\n<label>Nachname*<br \/>\n<span class=\"wpcf7-form-control-wrap\" data-name=\"your-name\"><input size=\"40\" maxlength=\"400\" class=\"wpcf7-form-control wpcf7-text wpcf7-validates-as-required\" aria-required=\"true\" aria-invalid=\"false\" placeholder=\"Muster\" value=\"\" type=\"text\" name=\"your-name\" \/><\/span><\/label><br \/>\n<label>Strasse und Nr.*<br \/>\n<span class=\"wpcf7-form-control-wrap\" data-name=\"Strasse\"><input size=\"40\" maxlength=\"400\" class=\"wpcf7-form-control wpcf7-text wpcf7-validates-as-required\" aria-required=\"true\" aria-invalid=\"false\" placeholder=\"Musterstrasse 5\" value=\"\" type=\"text\" name=\"Strasse\" \/><\/span><\/label><br \/>\n<label>PLZ &amp; Ort*<br \/>\n<span class=\"wpcf7-form-control-wrap\" data-name=\"PLZ\"><input size=\"40\" maxlength=\"400\" class=\"wpcf7-form-control wpcf7-text wpcf7-validates-as-required\" aria-required=\"true\" aria-invalid=\"false\" placeholder=\"8005 Z\u00fcrich\" value=\"\" type=\"text\" name=\"PLZ\" \/><\/span><\/label><br \/>\n<label>Telefonnummer*<br \/>\n<span class=\"wpcf7-form-control-wrap\" data-name=\"tel-203\"><input size=\"40\" maxlength=\"400\" class=\"wpcf7-form-control wpcf7-tel wpcf7-validates-as-required wpcf7-text wpcf7-validates-as-tel\" aria-required=\"true\" aria-invalid=\"false\" placeholder=\"+41 (0)44 319 71 71\" value=\"\" type=\"tel\" name=\"tel-203\" \/><\/span><\/label><br \/>\n<label>E-Mail-Adresse*<br \/>\n<span class=\"wpcf7-form-control-wrap\" data-name=\"your-email\"><input size=\"40\" maxlength=\"400\" class=\"wpcf7-form-control wpcf7-email wpcf7-validates-as-required wpcf7-text wpcf7-validates-as-email\" aria-required=\"true\" aria-invalid=\"false\" placeholder=\"petra.muster@alice.ch\" value=\"\" type=\"email\" name=\"your-email\" \/><\/span> <\/label><br \/>\n<label>Website*<br \/>\n<span class=\"wpcf7-form-control-wrap\" data-name=\"Website\"><input size=\"40\" maxlength=\"400\" class=\"wpcf7-form-control wpcf7-text wpcf7-validates-as-required\" aria-required=\"true\" aria-invalid=\"false\" placeholder=\"www.alice.ch\" value=\"\" type=\"text\" name=\"Website\" \/><\/span><\/label><br \/>\n<label>T\u00e4tigkeitsbereich<br \/>\n<span class=\"wpcf7-form-control-wrap\" data-name=\"Taetigkeitsbereich\"><input size=\"40\" maxlength=\"400\" class=\"wpcf7-form-control wpcf7-text wpcf7-validates-as-required\" aria-required=\"true\" aria-invalid=\"false\" placeholder=\"...\" value=\"\" type=\"text\" name=\"Taetigkeitsbereich\" \/><\/span><\/label><br \/>\n<label>Aktivit\u00e4t (nur f\u00fcr Kat. 1 und 2)<\/label><br \/>\n<span class=\"wpcf7-form-control-wrap\" data-name=\"Mitgliedschaft-Aktivitt\"><select class=\"wpcf7-form-control wpcf7-select\" aria-invalid=\"false\" name=\"Mitgliedschaft-Aktivitt\"><option value=\"gesamtschweizerisch\">gesamtschweizerisch<\/option><option value=\"regional \/ kantonal\">regional \/ kantonal<\/option><option value=\"nicht haupts\u00e4chlich in der Weiterbildung t\u00e4tig\">nicht haupts\u00e4chlich in der Weiterbildung t\u00e4tig<\/option><\/select><\/span>\n<\/p>\n<p><label>Ihr Motiv f\u00fcr die Mitgliedschaft beim SVEB*<br \/>\n<span class=\"wpcf7-form-control-wrap\" data-name=\"your-message\"><textarea cols=\"40\" rows=\"10\" maxlength=\"2000\" class=\"wpcf7-form-control wpcf7-textarea wpcf7-validates-as-required\" aria-required=\"true\" aria-invalid=\"false\" placeholder=\"...\" name=\"your-message\"><\/textarea><\/span> <\/label><br \/>\n<label><\/label><br \/>\n<label>Um mit Ihnen in Kontakt zu bleiben, m\u00f6chten wir Ihnen aktuelle Informationen zum SVEB und zur Weiterbildung zusenden. Mit der Einwilligung stimmen Sie zu, dass Ihre E-Mail-Adresse mit dem Newsletter-Tool Mailchimp verarbeitet wird. Mehr Informationen dazu finden Sie in unserer Datenschutzerkl\u00e4rung.<br \/>\n<span class=\"wpcf7-form-control-wrap\" data-name=\"Newsletter\"><span class=\"wpcf7-form-control wpcf7-checkbox\"><span class=\"wpcf7-list-item first last\"><label><input type=\"checkbox\" name=\"Newsletter[]\" value=\"SVEB-Newsletter (einmal pro Monat mit kuratierten Informationen aus der Weiterbildung und zur Mitgliedschaft)\" \/><span class=\"wpcf7-list-item-label\">SVEB-Newsletter (einmal pro Monat mit kuratierten Informationen aus der Weiterbildung und zur Mitgliedschaft)<\/span><\/label><\/span><\/span><\/span><\/label><br \/>\n<label><\/label><br \/>\n<label>Zu den folgenden Themen verschicken wir ebenfalls via Mailchimp Informationen zu aktuellen Aktivit\u00e4ten (z.B. Veranstaltungen oder Publikationen). Mit Ihrer Einwilligung erlauben Sie es uns, Sie zu den entsprechenden Themen zu kontaktieren. Ihre Einwilligungen und Interessen k\u00f6nnen Sie jederzeit anpassen.<\/label><br \/>\n<span class=\"wpcf7-form-control-wrap\" data-name=\"Themeninteresse\"><span class=\"wpcf7-form-control wpcf7-checkbox\"><span class=\"wpcf7-list-item first\"><label><input type=\"checkbox\" name=\"Themeninteresse[]\" value=\"Bildungspolitik\" \/><span class=\"wpcf7-list-item-label\">Bildungspolitik<\/span><\/label><\/span><span class=\"wpcf7-list-item\"><label><input type=\"checkbox\" name=\"Themeninteresse[]\" value=\"Ausbilden als Beruf\" \/><span class=\"wpcf7-list-item-label\">Ausbilden als Beruf<\/span><\/label><\/span><span class=\"wpcf7-list-item\"><label><input type=\"checkbox\" name=\"Themeninteresse[]\" value=\"Forschung\" \/><span class=\"wpcf7-list-item-label\">Forschung<\/span><\/label><\/span><span class=\"wpcf7-list-item\"><label><input type=\"checkbox\" name=\"Themeninteresse[]\" value=\"Qualit\u00e4t in der Weiterbildung\" \/><span class=\"wpcf7-list-item-label\">Qualit\u00e4t in der Weiterbildung<\/span><\/label><\/span><span class=\"wpcf7-list-item\"><label><input type=\"checkbox\" name=\"Themeninteresse[]\" value=\"Grundkompetenzen\" \/><span class=\"wpcf7-list-item-label\">Grundkompetenzen<\/span><\/label><\/span><span class=\"wpcf7-list-item\"><label><input type=\"checkbox\" name=\"Themeninteresse[]\" value=\"Digitalisierung\" \/><span class=\"wpcf7-list-item-label\">Digitalisierung<\/span><\/label><\/span><span class=\"wpcf7-list-item last\"><label><input type=\"checkbox\" name=\"Themeninteresse[]\" value=\"Weiterbildung in KMU\" \/><span class=\"wpcf7-list-item-label\">Weiterbildung in KMU<\/span><\/label><\/span><\/span><\/span>\n<\/p>\n<p><label><\/label><br \/>\n<label>Erlauben Sie es uns, die Adressdaten Ihres Unternehmens auf unserer Website alice.ch zu ver\u00f6ffentlichen?*<br \/>\n<span class=\"wpcf7-form-control-wrap\" data-name=\"radio-480\"><span class=\"wpcf7-form-control wpcf7-radio\"><span class=\"wpcf7-list-item first\"><label><input type=\"radio\" name=\"radio-480\" value=\"Ja\" checked=\"checked\" \/><span class=\"wpcf7-list-item-label\">Ja<\/span><\/label><\/span><span class=\"wpcf7-list-item last\"><label><input type=\"radio\" name=\"radio-480\" value=\"Nein\" \/><span class=\"wpcf7-list-item-label\">Nein<\/span><\/label><\/span><\/span><\/span><br \/>\n<span id=\"wpcf7-69ef66b148ebb-wrapper\" class=\"wpcf7-form-control-wrap honeypot-560-wrap\" style=\"display:none !important; visibility:hidden !important;\"><label for=\"wpcf7-69ef66b148ebb-field\" class=\"hp-message\">Bitte lasse dieses Feld leer.<\/label><input id=\"wpcf7-69ef66b148ebb-field\"  class=\"wpcf7-form-control wpcf7-text\" type=\"text\" name=\"honeypot-560\" value=\"\" size=\"40\" tabindex=\"-1\" autocomplete=\"new-password\" \/><\/span><br \/>\n<input class=\"wpcf7-form-control wpcf7-submit has-spinner\" type=\"submit\" value=\"Senden\" \/><br \/>\n*Pflichtfelder<\/label>\n<\/p><div class=\"cf7-cookie-message\" style=\"margin-top:1em;color:#000;\">Bitte akzeptieren Sie die Cookies, um das Formular absenden zu k\u00f6nnen.<\/div><div class=\"wpcf7-response-output\" aria-hidden=\"true\"><\/div>\n<\/form>\n<\/div>\n<\/div>\n\n\n\n<h2 class=\"wp-block-heading\">Kontakt<\/h2>\n\n\n\n<div class=\"wp-block-columns is-layout-flex wp-container-core-columns-is-layout-28f84493 wp-block-columns-is-layout-flex\">\n<div class=\"wp-block-column is-layout-flow wp-block-column-is-layout-flow\" style=\"flex-basis:50%\"><div class=\"contact-persons\">\n\n\t\t\t\t\t<div class=\"contact-person\">\n\t\t\t\t\tDomenico Molinaro<br \/>\t\t\t\t\tMitarbeiter Stab<br \/>\t\t\t\t\t<br \/>\n\t\t\t\t\t\t\t\t\t\t<a href=\"tel:+41 (0)44 319 71 75\">+41 (0)44 319 71 75<\/a><br \/>\t\t\t\t\t<a href=\"mailto:domenico.molinaro@alice.ch\">domenico.molinaro@alice.ch<\/a><br \/>\t\t\t\t\t<\/div>\n\t\t\t\t\t<\/div>\n<\/div>\n\n\n\n<div class=\"wp-block-column is-layout-flow wp-block-column-is-layout-flow\" style=\"flex-basis:50%\"><\/div>\n<\/div>\n<\/div>\n","protected":false},"excerpt":{"rendered":"<p>Informationen zur Mitgliedschaft und Anmeldung Mitglied des SVEB k\u00f6nnen Institutionen, Zusammenschl\u00fcsse und Einzelpersonen in der Schweiz werden, die sich der [&hellip;]<\/p>\n","protected":false},"author":4,"featured_media":20799,"parent":403,"menu_order":516,"comment_status":"closed","ping_status":"closed","template":"","meta":{"_acf_changed":false,"inline_featured_image":false,"footnotes":""},"class_list":["post-1448","page","type-page","status-publish","has-post-thumbnail","hentry"],"acf":[],"yoast_head":"<!-- This site is optimized with the Yoast SEO plugin v27.3 - https:\/\/yoast.com\/product\/yoast-seo-wordpress\/ -->\n<title>Mitglied werden - SVEB<\/title>\n<meta name=\"description\" content=\"Werden Sie Mitglied des Schweizerischen Verbands f\u00fcr Weiterbildung SVEB, dem gr\u00f6ssten Weiterbildungsnetzwerks der Schweiz!\" \/>\n<meta name=\"robots\" content=\"index, follow, max-snippet:-1, max-image-preview:large, max-video-preview:-1\" \/>\n<link rel=\"canonical\" href=\"https:\/\/alice.ch\/de\/sveb\/mitgliedschaft\/mitglied-werden\/\" \/>\n<meta property=\"og:locale\" content=\"de_DE\" \/>\n<meta property=\"og:type\" content=\"article\" \/>\n<meta property=\"og:title\" content=\"Mitglied werden - SVEB\" \/>\n<meta property=\"og:description\" content=\"Werden Sie Mitglied des Schweizerischen Verbands f\u00fcr Weiterbildung SVEB, dem gr\u00f6ssten Weiterbildungsnetzwerks der Schweiz!\" \/>\n<meta property=\"og:url\" content=\"https:\/\/alice.ch\/de\/sveb\/mitgliedschaft\/mitglied-werden\/\" \/>\n<meta property=\"og:site_name\" content=\"SVEB\" \/>\n<meta property=\"article:modified_time\" content=\"2026-02-22T17:00:09+00:00\" \/>\n<meta name=\"twitter:card\" content=\"summary_large_image\" \/>\n<meta name=\"twitter:label1\" content=\"Gesch\u00e4tzte Lesezeit\" \/>\n\t<meta name=\"twitter:data1\" content=\"2\u00a0Minuten\" \/>\n<script type=\"application\/ld+json\" class=\"yoast-schema-graph\">{\"@context\":\"https:\\\/\\\/schema.org\",\"@graph\":[{\"@type\":\"WebPage\",\"@id\":\"https:\\\/\\\/alice.ch\\\/de\\\/sveb\\\/mitgliedschaft\\\/mitglied-werden\\\/\",\"url\":\"https:\\\/\\\/alice.ch\\\/de\\\/sveb\\\/mitgliedschaft\\\/mitglied-werden\\\/\",\"name\":\"Mitglied werden - SVEB\",\"isPartOf\":{\"@id\":\"https:\\\/\\\/alice.ch\\\/de\\\/#website\"},\"primaryImageOfPage\":{\"@id\":\"https:\\\/\\\/alice.ch\\\/de\\\/sveb\\\/mitgliedschaft\\\/mitglied-werden\\\/#primaryimage\"},\"image\":{\"@id\":\"https:\\\/\\\/alice.ch\\\/de\\\/sveb\\\/mitgliedschaft\\\/mitglied-werden\\\/#primaryimage\"},\"thumbnailUrl\":\"https:\\\/\\\/alice.ch\\\/app\\\/uploads\\\/2022\\\/11\\\/default.jpg\",\"datePublished\":\"2022-09-19T16:13:17+00:00\",\"dateModified\":\"2026-02-22T17:00:09+00:00\",\"description\":\"Werden Sie Mitglied des Schweizerischen Verbands f\u00fcr Weiterbildung SVEB, dem gr\u00f6ssten Weiterbildungsnetzwerks der Schweiz!\",\"breadcrumb\":{\"@id\":\"https:\\\/\\\/alice.ch\\\/de\\\/sveb\\\/mitgliedschaft\\\/mitglied-werden\\\/#breadcrumb\"},\"inLanguage\":\"de\",\"potentialAction\":[{\"@type\":\"ReadAction\",\"target\":[\"https:\\\/\\\/alice.ch\\\/de\\\/sveb\\\/mitgliedschaft\\\/mitglied-werden\\\/\"]}]},{\"@type\":\"ImageObject\",\"inLanguage\":\"de\",\"@id\":\"https:\\\/\\\/alice.ch\\\/de\\\/sveb\\\/mitgliedschaft\\\/mitglied-werden\\\/#primaryimage\",\"url\":\"https:\\\/\\\/alice.ch\\\/app\\\/uploads\\\/2022\\\/11\\\/default.jpg\",\"contentUrl\":\"https:\\\/\\\/alice.ch\\\/app\\\/uploads\\\/2022\\\/11\\\/default.jpg\",\"width\":1600,\"height\":900},{\"@type\":\"BreadcrumbList\",\"@id\":\"https:\\\/\\\/alice.ch\\\/de\\\/sveb\\\/mitgliedschaft\\\/mitglied-werden\\\/#breadcrumb\",\"itemListElement\":[{\"@type\":\"ListItem\",\"position\":1,\"name\":\"Startseite\",\"item\":\"https:\\\/\\\/alice.ch\\\/de\\\/\"},{\"@type\":\"ListItem\",\"position\":2,\"name\":\"SVEB\",\"item\":\"https:\\\/\\\/alice.ch\\\/de\\\/sveb\\\/\"},{\"@type\":\"ListItem\",\"position\":3,\"name\":\"Mitgliedschaft\",\"item\":\"https:\\\/\\\/alice.ch\\\/de\\\/sveb\\\/mitgliedschaft\\\/\"},{\"@type\":\"ListItem\",\"position\":4,\"name\":\"Mitglied werden\"}]},{\"@type\":\"WebSite\",\"@id\":\"https:\\\/\\\/alice.ch\\\/de\\\/#website\",\"url\":\"https:\\\/\\\/alice.ch\\\/de\\\/\",\"name\":\"alice.ch (Adult Learning Information Center) ist das Portal der Weiterbildung in der Schweiz.\",\"description\":\"Schweizerischer Verband f\u00fcr Weiterbildung\",\"publisher\":{\"@id\":\"https:\\\/\\\/alice.ch\\\/de\\\/#organization\"},\"potentialAction\":[{\"@type\":\"SearchAction\",\"target\":{\"@type\":\"EntryPoint\",\"urlTemplate\":\"https:\\\/\\\/alice.ch\\\/de\\\/?s={search_term_string}\"},\"query-input\":{\"@type\":\"PropertyValueSpecification\",\"valueRequired\":true,\"valueName\":\"search_term_string\"}}],\"inLanguage\":\"de\"},{\"@type\":\"Organization\",\"@id\":\"https:\\\/\\\/alice.ch\\\/de\\\/#organization\",\"name\":\"SVEB Schweizerischer Verband f\u00fcr Weiterbildung\",\"url\":\"https:\\\/\\\/alice.ch\\\/de\\\/\",\"logo\":{\"@type\":\"ImageObject\",\"inLanguage\":\"de\",\"@id\":\"https:\\\/\\\/alice.ch\\\/de\\\/#\\\/schema\\\/logo\\\/image\\\/\",\"url\":\"https:\\\/\\\/alice.ch\\\/app\\\/uploads\\\/2022\\\/07\\\/logo-sveb.png\",\"contentUrl\":\"https:\\\/\\\/alice.ch\\\/app\\\/uploads\\\/2022\\\/07\\\/logo-sveb.png\",\"width\":145,\"height\":64,\"caption\":\"SVEB Schweizerischer Verband f\u00fcr Weiterbildung\"},\"image\":{\"@id\":\"https:\\\/\\\/alice.ch\\\/de\\\/#\\\/schema\\\/logo\\\/image\\\/\"},\"sameAs\":[\"https:\\\/\\\/www.linkedin.com\\\/company\\\/schweizerischer-verband-fr-weiterbildung-sveb\\\/\"]}]}<\/script>\n<!-- \/ Yoast SEO plugin. -->","yoast_head_json":{"title":"Mitglied werden - SVEB","description":"Werden Sie Mitglied des Schweizerischen Verbands f\u00fcr Weiterbildung SVEB, dem gr\u00f6ssten Weiterbildungsnetzwerks der Schweiz!","robots":{"index":"index","follow":"follow","max-snippet":"max-snippet:-1","max-image-preview":"max-image-preview:large","max-video-preview":"max-video-preview:-1"},"canonical":"https:\/\/alice.ch\/de\/sveb\/mitgliedschaft\/mitglied-werden\/","og_locale":"de_DE","og_type":"article","og_title":"Mitglied werden - SVEB","og_description":"Werden Sie Mitglied des Schweizerischen Verbands f\u00fcr Weiterbildung SVEB, dem gr\u00f6ssten Weiterbildungsnetzwerks der Schweiz!","og_url":"https:\/\/alice.ch\/de\/sveb\/mitgliedschaft\/mitglied-werden\/","og_site_name":"SVEB","article_modified_time":"2026-02-22T17:00:09+00:00","twitter_card":"summary_large_image","twitter_misc":{"Gesch\u00e4tzte Lesezeit":"2\u00a0Minuten"},"schema":{"@context":"https:\/\/schema.org","@graph":[{"@type":"WebPage","@id":"https:\/\/alice.ch\/de\/sveb\/mitgliedschaft\/mitglied-werden\/","url":"https:\/\/alice.ch\/de\/sveb\/mitgliedschaft\/mitglied-werden\/","name":"Mitglied werden - SVEB","isPartOf":{"@id":"https:\/\/alice.ch\/de\/#website"},"primaryImageOfPage":{"@id":"https:\/\/alice.ch\/de\/sveb\/mitgliedschaft\/mitglied-werden\/#primaryimage"},"image":{"@id":"https:\/\/alice.ch\/de\/sveb\/mitgliedschaft\/mitglied-werden\/#primaryimage"},"thumbnailUrl":"https:\/\/alice.ch\/app\/uploads\/2022\/11\/default.jpg","datePublished":"2022-09-19T16:13:17+00:00","dateModified":"2026-02-22T17:00:09+00:00","description":"Werden Sie Mitglied des Schweizerischen Verbands f\u00fcr Weiterbildung SVEB, dem gr\u00f6ssten Weiterbildungsnetzwerks der Schweiz!","breadcrumb":{"@id":"https:\/\/alice.ch\/de\/sveb\/mitgliedschaft\/mitglied-werden\/#breadcrumb"},"inLanguage":"de","potentialAction":[{"@type":"ReadAction","target":["https:\/\/alice.ch\/de\/sveb\/mitgliedschaft\/mitglied-werden\/"]}]},{"@type":"ImageObject","inLanguage":"de","@id":"https:\/\/alice.ch\/de\/sveb\/mitgliedschaft\/mitglied-werden\/#primaryimage","url":"https:\/\/alice.ch\/app\/uploads\/2022\/11\/default.jpg","contentUrl":"https:\/\/alice.ch\/app\/uploads\/2022\/11\/default.jpg","width":1600,"height":900},{"@type":"BreadcrumbList","@id":"https:\/\/alice.ch\/de\/sveb\/mitgliedschaft\/mitglied-werden\/#breadcrumb","itemListElement":[{"@type":"ListItem","position":1,"name":"Startseite","item":"https:\/\/alice.ch\/de\/"},{"@type":"ListItem","position":2,"name":"SVEB","item":"https:\/\/alice.ch\/de\/sveb\/"},{"@type":"ListItem","position":3,"name":"Mitgliedschaft","item":"https:\/\/alice.ch\/de\/sveb\/mitgliedschaft\/"},{"@type":"ListItem","position":4,"name":"Mitglied werden"}]},{"@type":"WebSite","@id":"https:\/\/alice.ch\/de\/#website","url":"https:\/\/alice.ch\/de\/","name":"alice.ch (Adult Learning Information Center) ist das Portal der Weiterbildung in der Schweiz.","description":"Schweizerischer Verband f\u00fcr Weiterbildung","publisher":{"@id":"https:\/\/alice.ch\/de\/#organization"},"potentialAction":[{"@type":"SearchAction","target":{"@type":"EntryPoint","urlTemplate":"https:\/\/alice.ch\/de\/?s={search_term_string}"},"query-input":{"@type":"PropertyValueSpecification","valueRequired":true,"valueName":"search_term_string"}}],"inLanguage":"de"},{"@type":"Organization","@id":"https:\/\/alice.ch\/de\/#organization","name":"SVEB Schweizerischer Verband f\u00fcr Weiterbildung","url":"https:\/\/alice.ch\/de\/","logo":{"@type":"ImageObject","inLanguage":"de","@id":"https:\/\/alice.ch\/de\/#\/schema\/logo\/image\/","url":"https:\/\/alice.ch\/app\/uploads\/2022\/07\/logo-sveb.png","contentUrl":"https:\/\/alice.ch\/app\/uploads\/2022\/07\/logo-sveb.png","width":145,"height":64,"caption":"SVEB Schweizerischer Verband f\u00fcr Weiterbildung"},"image":{"@id":"https:\/\/alice.ch\/de\/#\/schema\/logo\/image\/"},"sameAs":["https:\/\/www.linkedin.com\/company\/schweizerischer-verband-fr-weiterbildung-sveb\/"]}]}},"_links":{"self":[{"href":"https:\/\/alice.ch\/de\/wp-json\/wp\/v2\/pages\/1448","targetHints":{"allow":["GET"]}}],"collection":[{"href":"https:\/\/alice.ch\/de\/wp-json\/wp\/v2\/pages"}],"about":[{"href":"https:\/\/alice.ch\/de\/wp-json\/wp\/v2\/types\/page"}],"author":[{"embeddable":true,"href":"https:\/\/alice.ch\/de\/wp-json\/wp\/v2\/users\/4"}],"replies":[{"embeddable":true,"href":"https:\/\/alice.ch\/de\/wp-json\/wp\/v2\/comments?post=1448"}],"version-history":[{"count":46,"href":"https:\/\/alice.ch\/de\/wp-json\/wp\/v2\/pages\/1448\/revisions"}],"predecessor-version":[{"id":73859,"href":"https:\/\/alice.ch\/de\/wp-json\/wp\/v2\/pages\/1448\/revisions\/73859"}],"up":[{"embeddable":true,"href":"https:\/\/alice.ch\/de\/wp-json\/wp\/v2\/pages\/403"}],"wp:featuredmedia":[{"embeddable":true,"href":"https:\/\/alice.ch\/de\/wp-json\/wp\/v2\/media\/20799"}],"wp:attachment":[{"href":"https:\/\/alice.ch\/de\/wp-json\/wp\/v2\/media?parent=1448"}],"curies":[{"name":"wp","href":"https:\/\/api.w.org\/{rel}","templated":true}]}}