{"id":1746,"date":"2022-09-22T09:05:14","date_gmt":"2022-09-22T07:05:14","guid":{"rendered":"https:\/\/projects.atxeit.ch\/sveb\/?page_id=1746"},"modified":"2024-04-17T19:09:32","modified_gmt":"2024-04-17T17:09:32","slug":"logo-fuer-sveb-mitglieder","status":"publish","type":"page","link":"https:\/\/alice.ch\/de\/sveb\/mitgliedschaft\/logo-fuer-sveb-mitglieder\/","title":{"rendered":"Logo f\u00fcr SVEB-Mitglieder"},"content":{"rendered":"\n<div class=\"wp-block-group alignwide is-style-reduced-width is-layout-flow wp-block-group-is-layout-flow\">\n<h1 class=\"wp-block-heading\">Logo f\u00fcr SVEB-Mitglieder<\/h1>\n\n\n\n<div class=\"wp-block-columns alignwide are-vertically-aligned-top is-style-default is-layout-flex wp-container-core-columns-is-layout-28f84493 wp-block-columns-is-layout-flex\">\n<div class=\"wp-block-column is-layout-flow wp-block-column-is-layout-flow\" style=\"flex-basis:15%\">\n<figure class=\"wp-block-image\"><img decoding=\"async\" width=\"115\" height=\"98\" src=\"https:\/\/alice.ch\/app\/uploads\/2022\/09\/Mitglied_SVEB_hoch_schwarz.jpg\" alt=\"\" class=\"wp-image-1674\"\/><\/figure>\n<\/div>\n\n\n\n<div class=\"wp-block-column is-layout-flow wp-block-column-is-layout-flow\" style=\"flex-basis:85%\">\n<p class=\"is-style-lead\">Die Nutzung des SVEB-Logos f\u00fcr Mitglieder ist erw\u00fcnscht. Bitte beachten Sie, dass das SVEB-Logo f\u00fcr Mitglieder erst nach einer definitiven Aufnahme in den SVEB Schweizerischen Verband f\u00fcr Weiterbildung erlaubt ist.<\/p>\n\n\n\n<p>Das Logo in verschiedenen Formaten und die Nutzungsbestimmungen finden Sie hier:<\/p>\n\n\n\n<div class=\"wp-block-columns is-layout-flex wp-container-core-columns-is-layout-28f84493 wp-block-columns-is-layout-flex\">\n<div class=\"wp-block-column is-layout-flow wp-block-column-is-layout-flow\">\n<div class=\"wp-block-file\"><a id=\"wp-block-file--media-32ab3824-d974-473c-b607-71140184d2a6\" href=\"https:\/\/alice.ch\/app\/uploads\/2022\/09\/Nutzungsbedingungen-Logo-SVEB-FSEA-1.pdf\" target=\"_blank\" rel=\"noreferrer noopener\">Logo-Nutzungsbestimmungen<br \/>PDF &#8211; 518 KB<\/a><a href=\"https:\/\/alice.ch\/app\/uploads\/2022\/09\/Nutzungsbedingungen-Logo-SVEB-FSEA-1.pdf\" class=\"wp-block-file__button wp-element-button\" download aria-describedby=\"wp-block-file--media-32ab3824-d974-473c-b607-71140184d2a6\">Herunterladen<br \/>PDF &#8211; 518 KB<\/a><\/div>\n<\/div>\n\n\n\n<div class=\"wp-block-column is-layout-flow wp-block-column-is-layout-flow\">\n<div class=\"wp-block-file\"><a id=\"wp-block-file--media-094a22b9-787a-45ad-8343-d072ebb421eb\" href=\"https:\/\/alice.ch\/app\/uploads\/2022\/09\/Fu\u0308r-Mitglieder.zip\">SVEB-Logo fu\u0308r Mitglieder (alle Dateiformate)<br \/>ZIP &#8211; 317 KB<\/a><a href=\"https:\/\/alice.ch\/app\/uploads\/2022\/09\/Fu\u0308r-Mitglieder.zip\" class=\"wp-block-file__button wp-element-button\" download aria-describedby=\"wp-block-file--media-094a22b9-787a-45ad-8343-d072ebb421eb\">Herunterladen<br \/>ZIP &#8211; 317 KB<\/a><\/div>\n<\/div>\n<\/div>\n<\/div>\n<\/div>\n\n\n\n<h2 class=\"wp-block-heading\">Kontakt<\/h2>\n\n\n\n<div class=\"wp-block-columns is-layout-flex wp-container-core-columns-is-layout-28f84493 wp-block-columns-is-layout-flex\">\n<div class=\"wp-block-column is-layout-flow wp-block-column-is-layout-flow\" style=\"flex-basis:50%\"><div class=\"contact-persons\">\n\n\t\t\t\t\t<div class=\"contact-person\">\n\t\t\t\t\tMichelle Mathys<br \/>\t\t\t\t\tVerantwortliche Marketing<br \/>\t\t\t\t\t<br \/>\n\t\t\t\t\t\t\t\t\t\t<a href=\"tel:+41 (0)44 319 71 55\">+41 (0)44 319 71 55<\/a><br \/>\t\t\t\t\t<a href=\"mailto:michelle.mathys@alice.ch\">michelle.mathys@alice.ch<\/a><br \/>\t\t\t\t\t<\/div>\n\t\t\t\t\t<\/div>\n<\/div>\n\n\n\n<div class=\"wp-block-column is-layout-flow wp-block-column-is-layout-flow\" style=\"flex-basis:50%\"><\/div>\n<\/div>\n<\/div>\n","protected":false},"excerpt":{"rendered":"<p>Logo f\u00fcr SVEB-Mitglieder Die Nutzung des SVEB-Logos f\u00fcr Mitglieder ist erw\u00fcnscht. Bitte beachten Sie, dass das SVEB-Logo f\u00fcr Mitglieder erst [&hellip;]<\/p>\n","protected":false},"author":4,"featured_media":20799,"parent":403,"menu_order":463,"comment_status":"closed","ping_status":"closed","template":"","meta":{"_acf_changed":false,"inline_featured_image":false,"footnotes":""},"class_list":["post-1746","page","type-page","status-publish","has-post-thumbnail","hentry"],"acf":[],"yoast_head":"<!-- This site is optimized with the Yoast SEO plugin v27.3 - https:\/\/yoast.com\/product\/yoast-seo-wordpress\/ -->\n<title>Logo f\u00fcr SVEB-Mitglieder - SVEB<\/title>\n<meta name=\"description\" content=\"Die Nutzung des SVEB-Logos ist f\u00fcr SVEB-Mitglieder erst nach einer definitiven Aufnahme in den Verband erlaubt.\" \/>\n<meta name=\"robots\" content=\"index, follow, max-snippet:-1, max-image-preview:large, max-video-preview:-1\" \/>\n<link rel=\"canonical\" href=\"https:\/\/alice.ch\/de\/sveb\/mitgliedschaft\/logo-fuer-sveb-mitglieder\/\" \/>\n<meta property=\"og:locale\" content=\"de_DE\" \/>\n<meta property=\"og:type\" content=\"article\" \/>\n<meta property=\"og:title\" content=\"Logo f\u00fcr SVEB-Mitglieder - SVEB\" \/>\n<meta property=\"og:description\" content=\"Die Nutzung des SVEB-Logos ist f\u00fcr SVEB-Mitglieder erst nach einer definitiven Aufnahme in den Verband erlaubt.\" \/>\n<meta property=\"og:url\" content=\"https:\/\/alice.ch\/de\/sveb\/mitgliedschaft\/logo-fuer-sveb-mitglieder\/\" \/>\n<meta property=\"og:site_name\" content=\"SVEB\" \/>\n<meta property=\"article:modified_time\" content=\"2024-04-17T17:09:32+00:00\" \/>\n<meta property=\"og:image\" content=\"https:\/\/alice.ch\/app\/uploads\/2022\/09\/Mitglied_SVEB_hoch_schwarz.jpg\" \/>\n<meta name=\"twitter:card\" content=\"summary_large_image\" \/>\n<meta name=\"twitter:label1\" content=\"Gesch\u00e4tzte Lesezeit\" \/>\n\t<meta name=\"twitter:data1\" content=\"1\u00a0Minute\" \/>\n<script type=\"application\/ld+json\" class=\"yoast-schema-graph\">{\"@context\":\"https:\\\/\\\/schema.org\",\"@graph\":[{\"@type\":\"WebPage\",\"@id\":\"https:\\\/\\\/alice.ch\\\/de\\\/sveb\\\/mitgliedschaft\\\/logo-fuer-sveb-mitglieder\\\/\",\"url\":\"https:\\\/\\\/alice.ch\\\/de\\\/sveb\\\/mitgliedschaft\\\/logo-fuer-sveb-mitglieder\\\/\",\"name\":\"Logo f\u00fcr SVEB-Mitglieder - SVEB\",\"isPartOf\":{\"@id\":\"https:\\\/\\\/alice.ch\\\/de\\\/#website\"},\"primaryImageOfPage\":{\"@id\":\"https:\\\/\\\/alice.ch\\\/de\\\/sveb\\\/mitgliedschaft\\\/logo-fuer-sveb-mitglieder\\\/#primaryimage\"},\"image\":{\"@id\":\"https:\\\/\\\/alice.ch\\\/de\\\/sveb\\\/mitgliedschaft\\\/logo-fuer-sveb-mitglieder\\\/#primaryimage\"},\"thumbnailUrl\":\"https:\\\/\\\/alice.ch\\\/app\\\/uploads\\\/2022\\\/11\\\/default.jpg\",\"datePublished\":\"2022-09-22T07:05:14+00:00\",\"dateModified\":\"2024-04-17T17:09:32+00:00\",\"description\":\"Die Nutzung des SVEB-Logos ist f\u00fcr SVEB-Mitglieder erst nach einer definitiven Aufnahme in den Verband erlaubt.\",\"breadcrumb\":{\"@id\":\"https:\\\/\\\/alice.ch\\\/de\\\/sveb\\\/mitgliedschaft\\\/logo-fuer-sveb-mitglieder\\\/#breadcrumb\"},\"inLanguage\":\"de\",\"potentialAction\":[{\"@type\":\"ReadAction\",\"target\":[\"https:\\\/\\\/alice.ch\\\/de\\\/sveb\\\/mitgliedschaft\\\/logo-fuer-sveb-mitglieder\\\/\"]}]},{\"@type\":\"ImageObject\",\"inLanguage\":\"de\",\"@id\":\"https:\\\/\\\/alice.ch\\\/de\\\/sveb\\\/mitgliedschaft\\\/logo-fuer-sveb-mitglieder\\\/#primaryimage\",\"url\":\"https:\\\/\\\/alice.ch\\\/app\\\/uploads\\\/2022\\\/11\\\/default.jpg\",\"contentUrl\":\"https:\\\/\\\/alice.ch\\\/app\\\/uploads\\\/2022\\\/11\\\/default.jpg\",\"width\":1600,\"height\":900},{\"@type\":\"BreadcrumbList\",\"@id\":\"https:\\\/\\\/alice.ch\\\/de\\\/sveb\\\/mitgliedschaft\\\/logo-fuer-sveb-mitglieder\\\/#breadcrumb\",\"itemListElement\":[{\"@type\":\"ListItem\",\"position\":1,\"name\":\"Startseite\",\"item\":\"https:\\\/\\\/alice.ch\\\/de\\\/\"},{\"@type\":\"ListItem\",\"position\":2,\"name\":\"SVEB\",\"item\":\"https:\\\/\\\/alice.ch\\\/de\\\/sveb\\\/\"},{\"@type\":\"ListItem\",\"position\":3,\"name\":\"Mitgliedschaft\",\"item\":\"https:\\\/\\\/alice.ch\\\/de\\\/sveb\\\/mitgliedschaft\\\/\"},{\"@type\":\"ListItem\",\"position\":4,\"name\":\"Logo f\u00fcr SVEB-Mitglieder\"}]},{\"@type\":\"WebSite\",\"@id\":\"https:\\\/\\\/alice.ch\\\/de\\\/#website\",\"url\":\"https:\\\/\\\/alice.ch\\\/de\\\/\",\"name\":\"alice.ch (Adult Learning Information Center) ist das Portal der Weiterbildung in der Schweiz.\",\"description\":\"Schweizerischer Verband f\u00fcr Weiterbildung\",\"publisher\":{\"@id\":\"https:\\\/\\\/alice.ch\\\/de\\\/#organization\"},\"potentialAction\":[{\"@type\":\"SearchAction\",\"target\":{\"@type\":\"EntryPoint\",\"urlTemplate\":\"https:\\\/\\\/alice.ch\\\/de\\\/?s={search_term_string}\"},\"query-input\":{\"@type\":\"PropertyValueSpecification\",\"valueRequired\":true,\"valueName\":\"search_term_string\"}}],\"inLanguage\":\"de\"},{\"@type\":\"Organization\",\"@id\":\"https:\\\/\\\/alice.ch\\\/de\\\/#organization\",\"name\":\"SVEB Schweizerischer Verband f\u00fcr Weiterbildung\",\"url\":\"https:\\\/\\\/alice.ch\\\/de\\\/\",\"logo\":{\"@type\":\"ImageObject\",\"inLanguage\":\"de\",\"@id\":\"https:\\\/\\\/alice.ch\\\/de\\\/#\\\/schema\\\/logo\\\/image\\\/\",\"url\":\"https:\\\/\\\/alice.ch\\\/app\\\/uploads\\\/2022\\\/07\\\/logo-sveb.png\",\"contentUrl\":\"https:\\\/\\\/alice.ch\\\/app\\\/uploads\\\/2022\\\/07\\\/logo-sveb.png\",\"width\":145,\"height\":64,\"caption\":\"SVEB Schweizerischer Verband f\u00fcr Weiterbildung\"},\"image\":{\"@id\":\"https:\\\/\\\/alice.ch\\\/de\\\/#\\\/schema\\\/logo\\\/image\\\/\"},\"sameAs\":[\"https:\\\/\\\/www.linkedin.com\\\/company\\\/schweizerischer-verband-fr-weiterbildung-sveb\\\/\"]}]}<\/script>\n<!-- \/ Yoast SEO plugin. -->","yoast_head_json":{"title":"Logo f\u00fcr SVEB-Mitglieder - SVEB","description":"Die Nutzung des SVEB-Logos ist f\u00fcr SVEB-Mitglieder erst nach einer definitiven Aufnahme in den Verband erlaubt.","robots":{"index":"index","follow":"follow","max-snippet":"max-snippet:-1","max-image-preview":"max-image-preview:large","max-video-preview":"max-video-preview:-1"},"canonical":"https:\/\/alice.ch\/de\/sveb\/mitgliedschaft\/logo-fuer-sveb-mitglieder\/","og_locale":"de_DE","og_type":"article","og_title":"Logo f\u00fcr SVEB-Mitglieder - SVEB","og_description":"Die Nutzung des SVEB-Logos ist f\u00fcr SVEB-Mitglieder erst nach einer definitiven Aufnahme in den Verband erlaubt.","og_url":"https:\/\/alice.ch\/de\/sveb\/mitgliedschaft\/logo-fuer-sveb-mitglieder\/","og_site_name":"SVEB","article_modified_time":"2024-04-17T17:09:32+00:00","og_image":[{"url":"https:\/\/alice.ch\/app\/uploads\/2022\/09\/Mitglied_SVEB_hoch_schwarz.jpg","type":"","width":"","height":""}],"twitter_card":"summary_large_image","twitter_misc":{"Gesch\u00e4tzte Lesezeit":"1\u00a0Minute"},"schema":{"@context":"https:\/\/schema.org","@graph":[{"@type":"WebPage","@id":"https:\/\/alice.ch\/de\/sveb\/mitgliedschaft\/logo-fuer-sveb-mitglieder\/","url":"https:\/\/alice.ch\/de\/sveb\/mitgliedschaft\/logo-fuer-sveb-mitglieder\/","name":"Logo f\u00fcr SVEB-Mitglieder - SVEB","isPartOf":{"@id":"https:\/\/alice.ch\/de\/#website"},"primaryImageOfPage":{"@id":"https:\/\/alice.ch\/de\/sveb\/mitgliedschaft\/logo-fuer-sveb-mitglieder\/#primaryimage"},"image":{"@id":"https:\/\/alice.ch\/de\/sveb\/mitgliedschaft\/logo-fuer-sveb-mitglieder\/#primaryimage"},"thumbnailUrl":"https:\/\/alice.ch\/app\/uploads\/2022\/11\/default.jpg","datePublished":"2022-09-22T07:05:14+00:00","dateModified":"2024-04-17T17:09:32+00:00","description":"Die Nutzung des SVEB-Logos ist f\u00fcr SVEB-Mitglieder erst nach einer definitiven Aufnahme in den Verband erlaubt.","breadcrumb":{"@id":"https:\/\/alice.ch\/de\/sveb\/mitgliedschaft\/logo-fuer-sveb-mitglieder\/#breadcrumb"},"inLanguage":"de","potentialAction":[{"@type":"ReadAction","target":["https:\/\/alice.ch\/de\/sveb\/mitgliedschaft\/logo-fuer-sveb-mitglieder\/"]}]},{"@type":"ImageObject","inLanguage":"de","@id":"https:\/\/alice.ch\/de\/sveb\/mitgliedschaft\/logo-fuer-sveb-mitglieder\/#primaryimage","url":"https:\/\/alice.ch\/app\/uploads\/2022\/11\/default.jpg","contentUrl":"https:\/\/alice.ch\/app\/uploads\/2022\/11\/default.jpg","width":1600,"height":900},{"@type":"BreadcrumbList","@id":"https:\/\/alice.ch\/de\/sveb\/mitgliedschaft\/logo-fuer-sveb-mitglieder\/#breadcrumb","itemListElement":[{"@type":"ListItem","position":1,"name":"Startseite","item":"https:\/\/alice.ch\/de\/"},{"@type":"ListItem","position":2,"name":"SVEB","item":"https:\/\/alice.ch\/de\/sveb\/"},{"@type":"ListItem","position":3,"name":"Mitgliedschaft","item":"https:\/\/alice.ch\/de\/sveb\/mitgliedschaft\/"},{"@type":"ListItem","position":4,"name":"Logo f\u00fcr SVEB-Mitglieder"}]},{"@type":"WebSite","@id":"https:\/\/alice.ch\/de\/#website","url":"https:\/\/alice.ch\/de\/","name":"alice.ch (Adult Learning Information Center) ist das Portal der Weiterbildung in der Schweiz.","description":"Schweizerischer Verband f\u00fcr Weiterbildung","publisher":{"@id":"https:\/\/alice.ch\/de\/#organization"},"potentialAction":[{"@type":"SearchAction","target":{"@type":"EntryPoint","urlTemplate":"https:\/\/alice.ch\/de\/?s={search_term_string}"},"query-input":{"@type":"PropertyValueSpecification","valueRequired":true,"valueName":"search_term_string"}}],"inLanguage":"de"},{"@type":"Organization","@id":"https:\/\/alice.ch\/de\/#organization","name":"SVEB Schweizerischer Verband f\u00fcr Weiterbildung","url":"https:\/\/alice.ch\/de\/","logo":{"@type":"ImageObject","inLanguage":"de","@id":"https:\/\/alice.ch\/de\/#\/schema\/logo\/image\/","url":"https:\/\/alice.ch\/app\/uploads\/2022\/07\/logo-sveb.png","contentUrl":"https:\/\/alice.ch\/app\/uploads\/2022\/07\/logo-sveb.png","width":145,"height":64,"caption":"SVEB Schweizerischer Verband f\u00fcr Weiterbildung"},"image":{"@id":"https:\/\/alice.ch\/de\/#\/schema\/logo\/image\/"},"sameAs":["https:\/\/www.linkedin.com\/company\/schweizerischer-verband-fr-weiterbildung-sveb\/"]}]}},"_links":{"self":[{"href":"https:\/\/alice.ch\/de\/wp-json\/wp\/v2\/pages\/1746","targetHints":{"allow":["GET"]}}],"collection":[{"href":"https:\/\/alice.ch\/de\/wp-json\/wp\/v2\/pages"}],"about":[{"href":"https:\/\/alice.ch\/de\/wp-json\/wp\/v2\/types\/page"}],"author":[{"embeddable":true,"href":"https:\/\/alice.ch\/de\/wp-json\/wp\/v2\/users\/4"}],"replies":[{"embeddable":true,"href":"https:\/\/alice.ch\/de\/wp-json\/wp\/v2\/comments?post=1746"}],"version-history":[{"count":15,"href":"https:\/\/alice.ch\/de\/wp-json\/wp\/v2\/pages\/1746\/revisions"}],"predecessor-version":[{"id":50816,"href":"https:\/\/alice.ch\/de\/wp-json\/wp\/v2\/pages\/1746\/revisions\/50816"}],"up":[{"embeddable":true,"href":"https:\/\/alice.ch\/de\/wp-json\/wp\/v2\/pages\/403"}],"wp:featuredmedia":[{"embeddable":true,"href":"https:\/\/alice.ch\/de\/wp-json\/wp\/v2\/media\/20799"}],"wp:attachment":[{"href":"https:\/\/alice.ch\/de\/wp-json\/wp\/v2\/media?parent=1746"}],"curies":[{"name":"wp","href":"https:\/\/api.w.org\/{rel}","templated":true}]}}