{"id":23,"date":"2022-07-11T11:05:13","date_gmt":"2022-07-11T09:05:13","guid":{"rendered":"https:\/\/projects.atxeit.ch\/sveb\/?page_id=23"},"modified":"2025-08-07T17:08:27","modified_gmt":"2025-08-07T15:08:27","slug":"themen","status":"publish","type":"page","link":"https:\/\/alice.ch\/de\/themen\/","title":{"rendered":"Themen"},"content":{"rendered":"\n<div class=\"wp-block-group is-style-reduced-width is-layout-constrained wp-block-group-is-layout-constrained\">\n<div class=\"wp-block-group is-style-default is-layout-flow wp-block-group-is-layout-flow\">\n<h1 class=\"wp-block-heading\">Weiterbildung \u2013 ein vielseitiges Thema<\/h1>\n\n\n\n<p class=\"is-style-lead\">Das Thema Weiterbildung l\u00e4sst sich aus verschiedenen Blickwinkeln betrachten. Aus Sicht der Lernenden bedeutet sie einen individuellen Bildungsschritt. F\u00fcr Ausbildende stellt sie ein Berufsfeld dar. F\u00fcr Wissenschaftlerinnen und Wissenschaftler ist sie Forschungsgegenstand.<\/p>\n\n\n\n<p>Weiterbildung umfasst alle strukturierten Formen des Lernens von Erwachsenen. Weiterbildung ist zum einen die Fortsetzung oder Wiederaufnahme organisierten Lernens nach dem Abschluss einer ersten Bildungsphase in Hochschule, Schule und Beruf. Sie hat das Ziel, die erworbenen Kenntnisse, F\u00e4higkeiten und Fertigkeiten zu erneuern, zu vertiefen und zu erweitern oder diese neu zu erlernen. Zur Weiterbildung geh\u00f6ren zum anderen die Angebote der pers\u00f6nlichen, beruflichen und kulturellen Weiterbildung, die in allen Lebens- und Berufsphasen Erwachsener eine wichtige Rolle spielen.<\/p>\n\n\n\n<p>Auf der gesellschaftlichen Ebene erh\u00e4lt die Erwachsenenbildung eine politische und wirtschaftliche Dimension, indem sie die Teilhabe am \u00f6ffentlichen Leben f\u00f6rdert, Chancengleichheit schafft und Fachkr\u00e4fte f\u00fcr den Arbeitsmarkt ausbildet.<\/p>\n<\/div>\n\n\n\n<div class=\"wp-block-group is-style-default is-layout-flow wp-block-group-is-layout-flow\">\n<div class=\"wp-block-media-text alignwide is-stacked-on-mobile is-style-icon-text\"><figure class=\"wp-block-media-text__media\"><a href=\"https:\/\/alice.ch\/de\/themen\/weiterbildung-schweiz\/\"><img decoding=\"async\" width=\"523\" height=\"473\" src=\"https:\/\/alice.ch\/app\/uploads\/2022\/10\/icon-stellenmarkt-1.png\" alt=\"\" class=\"wp-image-6061 size-full\" srcset=\"https:\/\/alice.ch\/app\/uploads\/2022\/10\/icon-stellenmarkt-1.png 523w, https:\/\/alice.ch\/app\/uploads\/2022\/10\/icon-stellenmarkt-1-300x271.png 300w\" sizes=\"(max-width: 523px) 100vw, 523px\" \/><\/a><\/figure><div class=\"wp-block-media-text__content\">\n<h2 class=\"wp-block-heading\"><a href=\"https:\/\/alice.ch\/de\/themen\/weiterbildung-schweiz\/\">Weiterbildung Schweiz<\/a><\/h2>\n\n\n\n<p>Die Schweiz geh\u00f6rt punkto Weiterbildung international zu den Spitzenreitern \u2013 sowohl was die Angebote angeht, wie auch die Weiterbildungsaktivit\u00e4ten der Bev\u00f6lkerung.<\/p>\n<\/div><\/div>\n\n\n\n<hr class=\"wp-block-separator has-alpha-channel-opacity is-style-wide\"\/>\n\n\n\n<div class=\"wp-block-media-text alignwide is-stacked-on-mobile is-style-icon-text\"><figure class=\"wp-block-media-text__media\"><a href=\"https:\/\/alice.ch\/de\/themen\/grundkompetenzen\/\"><img decoding=\"async\" width=\"800\" height=\"930\" src=\"https:\/\/alice.ch\/app\/uploads\/2022\/10\/icon-grundkompetenzen-2.png\" alt=\"\" class=\"wp-image-6065 size-full\" srcset=\"https:\/\/alice.ch\/app\/uploads\/2022\/10\/icon-grundkompetenzen-2.png 800w, https:\/\/alice.ch\/app\/uploads\/2022\/10\/icon-grundkompetenzen-2-258x300.png 258w, https:\/\/alice.ch\/app\/uploads\/2022\/10\/icon-grundkompetenzen-2-768x893.png 768w\" sizes=\"(max-width: 800px) 100vw, 800px\" \/><\/a><\/figure><div class=\"wp-block-media-text__content\">\n<h2 class=\"wp-block-heading\"><a href=\"https:\/\/alice.ch\/de\/themen\/grundkompetenzen\/\">Grundkompetenzen<\/a><\/h2>\n\n\n\n<p>Was sind wichtige Grundkompetenzen f\u00fcr Erwachsene und wie k\u00f6nnen sie gef\u00f6rdert werden.<\/p>\n<\/div><\/div>\n\n\n\n<hr class=\"wp-block-separator has-alpha-channel-opacity is-style-wide\"\/>\n\n\n\n<div class=\"wp-block-media-text alignwide is-stacked-on-mobile is-style-icon-text\"><figure class=\"wp-block-media-text__media\"><a href=\"https:\/\/alice.ch\/de\/themen\/digitalisierung-in-der-weiterbildung\/\"><img decoding=\"async\" width=\"218\" height=\"303\" src=\"https:\/\/alice.ch\/app\/uploads\/2022\/10\/icon-digitalisierung-1.png\" alt=\"\" class=\"wp-image-6071 size-full\" srcset=\"https:\/\/alice.ch\/app\/uploads\/2022\/10\/icon-digitalisierung-1.png 218w, https:\/\/alice.ch\/app\/uploads\/2022\/10\/icon-digitalisierung-1-216x300.png 216w\" sizes=\"(max-width: 218px) 100vw, 218px\" \/><\/a><\/figure><div class=\"wp-block-media-text__content\">\n<h2 class=\"wp-block-heading\"><a href=\"https:\/\/alice.ch\/de\/themen\/digitalisierung-in-der-weiterbildung\/\">Digitalisierung in der Weiterbildung<\/a><\/h2>\n\n\n\n<p>Die Digitalisierung f\u00fchrt zu neuen Bildungsinhalten und schafft neue Lehr- und Lernmethoden.<\/p>\n<\/div><\/div>\n\n\n\n<hr class=\"wp-block-separator has-alpha-channel-opacity is-style-wide\"\/>\n\n\n\n<div class=\"wp-block-media-text alignwide is-stacked-on-mobile is-style-icon-text\"><figure class=\"wp-block-media-text__media\"><a href=\"https:\/\/alice.ch\/de\/themen\/digitalisierung\/\"><img decoding=\"async\" width=\"235\" height=\"211\" src=\"https:\/\/alice.ch\/app\/uploads\/2022\/10\/icon-KMU-3.png\" alt=\"\" class=\"wp-image-4567 size-full\"\/><\/a><\/figure><div class=\"wp-block-media-text__content\">\n<h2 class=\"wp-block-heading\"><a href=\"https:\/\/alice.ch\/de\/themen\/weiterbildung-und-kmu\/\">Weiterbildung in KMU<\/a><\/h2>\n\n\n\n<p>W\u00e4hrend Grossunternehmen oft \u00fcber eigene Abteilungen f\u00fcr die Weiterbildung ihrer Mitarbeitenden verf\u00fcgen, stellen sich f\u00fcr KMU andere Herausforderungen.<\/p>\n<\/div><\/div>\n\n\n\n<hr class=\"wp-block-separator has-alpha-channel-opacity is-style-wide\"\/>\n\n\n\n<div class=\"wp-block-media-text alignwide is-stacked-on-mobile is-style-icon-text\"><figure class=\"wp-block-media-text__media\"><a href=\"https:\/\/alice.ch\/de\/themen\/weiterbildung-international\/\"><img decoding=\"async\" width=\"207\" height=\"242\" src=\"https:\/\/alice.ch\/app\/uploads\/2022\/10\/icon-international.png\" alt=\"\" class=\"wp-image-4504 size-full\"\/><\/a><\/figure><div class=\"wp-block-media-text__content\">\n<h2 class=\"wp-block-heading\"><a href=\"https:\/\/alice.ch\/de\/themen\/weiterbildung-international\/\">Weiterbildung International<\/a><\/h2>\n\n\n\n<p>Auf internationaler Ebene wird Weiterbildung \u00fcber die Grenzen hinaus gef\u00f6rdert und koordiniert.<\/p>\n<\/div><\/div>\n\n\n\n<hr class=\"wp-block-separator has-alpha-channel-opacity is-style-wide\"\/>\n\n\n\n<div class=\"wp-block-media-text alignwide is-stacked-on-mobile is-style-icon-text\"><figure class=\"wp-block-media-text__media\"><a href=\"https:\/\/alice.ch\/de\/themen\/weiterbildung-nachhaltige-entwicklung\/\"><img decoding=\"async\" width=\"1018\" height=\"801\" src=\"https:\/\/alice.ch\/app\/uploads\/2022\/10\/icon-q-agilitaet.png\" alt=\"\" class=\"wp-image-4512 size-full\" srcset=\"https:\/\/alice.ch\/app\/uploads\/2022\/10\/icon-q-agilitaet.png 1018w, https:\/\/alice.ch\/app\/uploads\/2022\/10\/icon-q-agilitaet-300x236.png 300w, https:\/\/alice.ch\/app\/uploads\/2022\/10\/icon-q-agilitaet-768x604.png 768w\" sizes=\"(max-width: 1018px) 100vw, 1018px\" \/><\/a><\/figure><div class=\"wp-block-media-text__content\">\n<h2 class=\"wp-block-heading\"><a href=\"https:\/\/alice.ch\/de\/themen\/weiterbildung-nachhaltige-entwicklung\/\">Weiterbildung f\u00fcr eine nachhaltige Entwicklung<\/a><\/h2>\n\n\n\n<p>Der SVEB sieht einen grossen Bedarf, die Rolle der Weiterbildung im Bereich Nachhaltigkeit zu st\u00e4rken.<\/p>\n<\/div><\/div>\n\n\n\n<h2 class=\"wp-block-heading\">Kontakt<\/h2>\n\n\n\n<div class=\"wp-block-columns is-layout-flex wp-container-core-columns-is-layout-28f84493 wp-block-columns-is-layout-flex\">\n<div class=\"wp-block-column is-layout-flow wp-block-column-is-layout-flow\" style=\"flex-basis:50%\"><div class=\"contact-persons\">\n\n\t\t\t\t\t<div class=\"contact-person\">\n\t\t\t\t\tBernhard Gr\u00e4miger<br \/>\t\t\t\t\tDirektor<br \/>\t\t\t\t\t<br \/>\n\t\t\t\t\t\t\t\t\t\t<a href=\"tel:+41 (0)44 319 71 61\">+41 (0)44 319 71 61<\/a><br \/>\t\t\t\t\t<a href=\"mailto:bernhard.graemiger@alice.ch\">bernhard.graemiger@alice.ch<\/a><br \/>\t\t\t\t\t<\/div>\n\t\t\t\t\t<\/div>\n<\/div>\n\n\n\n<div class=\"wp-block-column is-layout-flow wp-block-column-is-layout-flow\" style=\"flex-basis:50%\"><\/div>\n<\/div>\n<\/div>\n<\/div>\n","protected":false},"excerpt":{"rendered":"<p>Weiterbildung \u2013 ein vielseitiges Thema Das Thema Weiterbildung l\u00e4sst sich aus verschiedenen Blickwinkeln betrachten. Aus Sicht der Lernenden bedeutet sie [&hellip;]<\/p>\n","protected":false},"author":2,"featured_media":20799,"parent":0,"menu_order":69,"comment_status":"closed","ping_status":"closed","template":"","meta":{"_acf_changed":false,"inline_featured_image":false,"footnotes":""},"class_list":["post-23","page","type-page","status-publish","has-post-thumbnail","hentry"],"acf":[],"yoast_head":"<!-- This site is optimized with the Yoast SEO plugin v27.3 - https:\/\/yoast.com\/product\/yoast-seo-wordpress\/ -->\n<title>Themen - SVEB<\/title>\n<meta name=\"description\" content=\"Der SVEB befasst sich mit den Themen Weiterbildung in der Schweiz, Grundkompetenzen, Digitalisierung, Weiterbildung in KMU und international.\" \/>\n<meta name=\"robots\" content=\"index, follow, max-snippet:-1, max-image-preview:large, max-video-preview:-1\" \/>\n<link rel=\"canonical\" href=\"https:\/\/alice.ch\/de\/themen\/\" \/>\n<meta property=\"og:locale\" content=\"de_DE\" \/>\n<meta property=\"og:type\" content=\"article\" \/>\n<meta property=\"og:title\" content=\"Themen - SVEB\" \/>\n<meta property=\"og:description\" content=\"Der SVEB befasst sich mit den Themen Weiterbildung in der Schweiz, Grundkompetenzen, Digitalisierung, Weiterbildung in KMU und international.\" \/>\n<meta property=\"og:url\" content=\"https:\/\/alice.ch\/de\/themen\/\" \/>\n<meta property=\"og:site_name\" content=\"SVEB\" \/>\n<meta property=\"article:modified_time\" content=\"2025-08-07T15:08:27+00:00\" \/>\n<meta property=\"og:image\" content=\"https:\/\/alice.ch\/app\/uploads\/2022\/10\/icon-stellenmarkt-1.png\" \/>\n\t<meta property=\"og:image:width\" content=\"523\" \/>\n\t<meta property=\"og:image:height\" content=\"473\" \/>\n\t<meta property=\"og:image:type\" content=\"image\/png\" \/>\n<meta name=\"twitter:card\" content=\"summary_large_image\" \/>\n<meta name=\"twitter:label1\" content=\"Gesch\u00e4tzte Lesezeit\" \/>\n\t<meta name=\"twitter:data1\" content=\"3\u00a0Minuten\" \/>\n<script type=\"application\/ld+json\" class=\"yoast-schema-graph\">{\"@context\":\"https:\\\/\\\/schema.org\",\"@graph\":[{\"@type\":\"WebPage\",\"@id\":\"https:\\\/\\\/alice.ch\\\/de\\\/themen\\\/\",\"url\":\"https:\\\/\\\/alice.ch\\\/de\\\/themen\\\/\",\"name\":\"Themen - SVEB\",\"isPartOf\":{\"@id\":\"https:\\\/\\\/alice.ch\\\/de\\\/#website\"},\"primaryImageOfPage\":{\"@id\":\"https:\\\/\\\/alice.ch\\\/de\\\/themen\\\/#primaryimage\"},\"image\":{\"@id\":\"https:\\\/\\\/alice.ch\\\/de\\\/themen\\\/#primaryimage\"},\"thumbnailUrl\":\"https:\\\/\\\/alice.ch\\\/app\\\/uploads\\\/2022\\\/11\\\/default.jpg\",\"datePublished\":\"2022-07-11T09:05:13+00:00\",\"dateModified\":\"2025-08-07T15:08:27+00:00\",\"description\":\"Der SVEB befasst sich mit den Themen Weiterbildung in der Schweiz, Grundkompetenzen, Digitalisierung, Weiterbildung in KMU und international.\",\"breadcrumb\":{\"@id\":\"https:\\\/\\\/alice.ch\\\/de\\\/themen\\\/#breadcrumb\"},\"inLanguage\":\"de\",\"potentialAction\":[{\"@type\":\"ReadAction\",\"target\":[\"https:\\\/\\\/alice.ch\\\/de\\\/themen\\\/\"]}]},{\"@type\":\"ImageObject\",\"inLanguage\":\"de\",\"@id\":\"https:\\\/\\\/alice.ch\\\/de\\\/themen\\\/#primaryimage\",\"url\":\"https:\\\/\\\/alice.ch\\\/app\\\/uploads\\\/2022\\\/11\\\/default.jpg\",\"contentUrl\":\"https:\\\/\\\/alice.ch\\\/app\\\/uploads\\\/2022\\\/11\\\/default.jpg\",\"width\":1600,\"height\":900},{\"@type\":\"BreadcrumbList\",\"@id\":\"https:\\\/\\\/alice.ch\\\/de\\\/themen\\\/#breadcrumb\",\"itemListElement\":[{\"@type\":\"ListItem\",\"position\":1,\"name\":\"Startseite\",\"item\":\"https:\\\/\\\/alice.ch\\\/de\\\/\"},{\"@type\":\"ListItem\",\"position\":2,\"name\":\"Themen\"}]},{\"@type\":\"WebSite\",\"@id\":\"https:\\\/\\\/alice.ch\\\/de\\\/#website\",\"url\":\"https:\\\/\\\/alice.ch\\\/de\\\/\",\"name\":\"alice.ch (Adult Learning Information Center) ist das Portal der Weiterbildung in der Schweiz.\",\"description\":\"Schweizerischer Verband f\u00fcr Weiterbildung\",\"publisher\":{\"@id\":\"https:\\\/\\\/alice.ch\\\/de\\\/#organization\"},\"potentialAction\":[{\"@type\":\"SearchAction\",\"target\":{\"@type\":\"EntryPoint\",\"urlTemplate\":\"https:\\\/\\\/alice.ch\\\/de\\\/?s={search_term_string}\"},\"query-input\":{\"@type\":\"PropertyValueSpecification\",\"valueRequired\":true,\"valueName\":\"search_term_string\"}}],\"inLanguage\":\"de\"},{\"@type\":\"Organization\",\"@id\":\"https:\\\/\\\/alice.ch\\\/de\\\/#organization\",\"name\":\"SVEB Schweizerischer Verband f\u00fcr Weiterbildung\",\"url\":\"https:\\\/\\\/alice.ch\\\/de\\\/\",\"logo\":{\"@type\":\"ImageObject\",\"inLanguage\":\"de\",\"@id\":\"https:\\\/\\\/alice.ch\\\/de\\\/#\\\/schema\\\/logo\\\/image\\\/\",\"url\":\"https:\\\/\\\/alice.ch\\\/app\\\/uploads\\\/2022\\\/07\\\/logo-sveb.png\",\"contentUrl\":\"https:\\\/\\\/alice.ch\\\/app\\\/uploads\\\/2022\\\/07\\\/logo-sveb.png\",\"width\":145,\"height\":64,\"caption\":\"SVEB Schweizerischer Verband f\u00fcr Weiterbildung\"},\"image\":{\"@id\":\"https:\\\/\\\/alice.ch\\\/de\\\/#\\\/schema\\\/logo\\\/image\\\/\"},\"sameAs\":[\"https:\\\/\\\/www.linkedin.com\\\/company\\\/schweizerischer-verband-fr-weiterbildung-sveb\\\/\"]}]}<\/script>\n<!-- \/ Yoast SEO plugin. -->","yoast_head_json":{"title":"Themen - SVEB","description":"Der SVEB befasst sich mit den Themen Weiterbildung in der Schweiz, Grundkompetenzen, Digitalisierung, Weiterbildung in KMU und international.","robots":{"index":"index","follow":"follow","max-snippet":"max-snippet:-1","max-image-preview":"max-image-preview:large","max-video-preview":"max-video-preview:-1"},"canonical":"https:\/\/alice.ch\/de\/themen\/","og_locale":"de_DE","og_type":"article","og_title":"Themen - SVEB","og_description":"Der SVEB befasst sich mit den Themen Weiterbildung in der Schweiz, Grundkompetenzen, Digitalisierung, Weiterbildung in KMU und international.","og_url":"https:\/\/alice.ch\/de\/themen\/","og_site_name":"SVEB","article_modified_time":"2025-08-07T15:08:27+00:00","og_image":[{"width":523,"height":473,"url":"https:\/\/alice.ch\/app\/uploads\/2022\/10\/icon-stellenmarkt-1.png","type":"image\/png"}],"twitter_card":"summary_large_image","twitter_misc":{"Gesch\u00e4tzte Lesezeit":"3\u00a0Minuten"},"schema":{"@context":"https:\/\/schema.org","@graph":[{"@type":"WebPage","@id":"https:\/\/alice.ch\/de\/themen\/","url":"https:\/\/alice.ch\/de\/themen\/","name":"Themen - SVEB","isPartOf":{"@id":"https:\/\/alice.ch\/de\/#website"},"primaryImageOfPage":{"@id":"https:\/\/alice.ch\/de\/themen\/#primaryimage"},"image":{"@id":"https:\/\/alice.ch\/de\/themen\/#primaryimage"},"thumbnailUrl":"https:\/\/alice.ch\/app\/uploads\/2022\/11\/default.jpg","datePublished":"2022-07-11T09:05:13+00:00","dateModified":"2025-08-07T15:08:27+00:00","description":"Der SVEB befasst sich mit den Themen Weiterbildung in der Schweiz, Grundkompetenzen, Digitalisierung, Weiterbildung in KMU und international.","breadcrumb":{"@id":"https:\/\/alice.ch\/de\/themen\/#breadcrumb"},"inLanguage":"de","potentialAction":[{"@type":"ReadAction","target":["https:\/\/alice.ch\/de\/themen\/"]}]},{"@type":"ImageObject","inLanguage":"de","@id":"https:\/\/alice.ch\/de\/themen\/#primaryimage","url":"https:\/\/alice.ch\/app\/uploads\/2022\/11\/default.jpg","contentUrl":"https:\/\/alice.ch\/app\/uploads\/2022\/11\/default.jpg","width":1600,"height":900},{"@type":"BreadcrumbList","@id":"https:\/\/alice.ch\/de\/themen\/#breadcrumb","itemListElement":[{"@type":"ListItem","position":1,"name":"Startseite","item":"https:\/\/alice.ch\/de\/"},{"@type":"ListItem","position":2,"name":"Themen"}]},{"@type":"WebSite","@id":"https:\/\/alice.ch\/de\/#website","url":"https:\/\/alice.ch\/de\/","name":"alice.ch (Adult Learning Information Center) ist das Portal der Weiterbildung in der Schweiz.","description":"Schweizerischer Verband f\u00fcr Weiterbildung","publisher":{"@id":"https:\/\/alice.ch\/de\/#organization"},"potentialAction":[{"@type":"SearchAction","target":{"@type":"EntryPoint","urlTemplate":"https:\/\/alice.ch\/de\/?s={search_term_string}"},"query-input":{"@type":"PropertyValueSpecification","valueRequired":true,"valueName":"search_term_string"}}],"inLanguage":"de"},{"@type":"Organization","@id":"https:\/\/alice.ch\/de\/#organization","name":"SVEB Schweizerischer Verband f\u00fcr Weiterbildung","url":"https:\/\/alice.ch\/de\/","logo":{"@type":"ImageObject","inLanguage":"de","@id":"https:\/\/alice.ch\/de\/#\/schema\/logo\/image\/","url":"https:\/\/alice.ch\/app\/uploads\/2022\/07\/logo-sveb.png","contentUrl":"https:\/\/alice.ch\/app\/uploads\/2022\/07\/logo-sveb.png","width":145,"height":64,"caption":"SVEB Schweizerischer Verband f\u00fcr Weiterbildung"},"image":{"@id":"https:\/\/alice.ch\/de\/#\/schema\/logo\/image\/"},"sameAs":["https:\/\/www.linkedin.com\/company\/schweizerischer-verband-fr-weiterbildung-sveb\/"]}]}},"_links":{"self":[{"href":"https:\/\/alice.ch\/de\/wp-json\/wp\/v2\/pages\/23","targetHints":{"allow":["GET"]}}],"collection":[{"href":"https:\/\/alice.ch\/de\/wp-json\/wp\/v2\/pages"}],"about":[{"href":"https:\/\/alice.ch\/de\/wp-json\/wp\/v2\/types\/page"}],"author":[{"embeddable":true,"href":"https:\/\/alice.ch\/de\/wp-json\/wp\/v2\/users\/2"}],"replies":[{"embeddable":true,"href":"https:\/\/alice.ch\/de\/wp-json\/wp\/v2\/comments?post=23"}],"version-history":[{"count":41,"href":"https:\/\/alice.ch\/de\/wp-json\/wp\/v2\/pages\/23\/revisions"}],"predecessor-version":[{"id":69817,"href":"https:\/\/alice.ch\/de\/wp-json\/wp\/v2\/pages\/23\/revisions\/69817"}],"wp:featuredmedia":[{"embeddable":true,"href":"https:\/\/alice.ch\/de\/wp-json\/wp\/v2\/media\/20799"}],"wp:attachment":[{"href":"https:\/\/alice.ch\/de\/wp-json\/wp\/v2\/media?parent=23"}],"curies":[{"name":"wp","href":"https:\/\/api.w.org\/{rel}","templated":true}]}}