{"id":29,"date":"2022-07-11T11:05:32","date_gmt":"2022-07-11T09:05:32","guid":{"rendered":"https:\/\/projects.atxeit.ch\/sveb\/?page_id=29"},"modified":"2025-12-18T11:59:23","modified_gmt":"2025-12-18T10:59:23","slug":"forschung","status":"publish","type":"page","link":"https:\/\/alice.ch\/de\/forschung\/","title":{"rendered":"Forschung"},"content":{"rendered":"\n<div class=\"wp-block-group is-style-default is-layout-flow wp-block-group-is-layout-flow\">\n<div class=\"wp-block-group is-style-reduced-width is-layout-constrained wp-block-group-is-layout-constrained\">\n<div class=\"wp-block-group is-style-default is-layout-flow wp-block-group-is-layout-flow\">\n<h1 class=\"wp-block-heading\">Weiterbildung als Forschungsthema<\/h1>\n\n\n\n<p class=\"is-style-lead\">Im internationalen Vergleich wird die Weiterbildung in der Schweiz wenig erforscht. Der SVEB setzt sich daher daf\u00fcr ein, die Weiterbildungsforschung in der Schweiz zu st\u00e4rken. <\/p>\n\n\n\n<p class=\"is-style-default\">Mit seinen eigenen Forschungspublikationen leistet der Verband einen wissenschaftlichen Beitrag zur Untersuchung des Weiterbildungsfeldes. Im Rahmen von Entwicklungsprojekten stellt der SVEB zudem Fachwissen f\u00fcr die Praxis zur Verf\u00fcgung und st\u00f6sst Innovationen an.<\/p>\n\n\n\n<div class=\"wp-block-media-text alignwide is-stacked-on-mobile is-style-icon-text\"><figure class=\"wp-block-media-text__media\"><a href=\"https:\/\/alice.ch\/de\/forschung\/forschungsaktivitaeten-des-sveb\/\"><img decoding=\"async\" width=\"624\" height=\"418\" src=\"https:\/\/alice.ch\/app\/uploads\/2022\/11\/icon-sveb-monitor.jpg\" alt=\"\" class=\"wp-image-6717 size-full\" srcset=\"https:\/\/alice.ch\/app\/uploads\/2022\/11\/icon-sveb-monitor.jpg 624w, https:\/\/alice.ch\/app\/uploads\/2022\/11\/icon-sveb-monitor-300x201.jpg 300w\" sizes=\"(max-width: 624px) 100vw, 624px\" \/><\/a><\/figure><div class=\"wp-block-media-text__content\">\n<h2 class=\"wp-block-heading\"><a href=\"https:\/\/alice.ch\/de\/forschung\/forschungsaktivitaeten-des-sveb\/\">Forschungsaktivit\u00e4ten des SVEB<\/a><\/h2>\n\n\n\n<p>Der SVEB f\u00fchrt verschiedene wissenschaftliche Projekte mit einem praxisorientierten Fokus zur Weiterbildung\u202fdurch.<\/p>\n<\/div><\/div>\n\n\n\n<hr class=\"wp-block-separator has-alpha-channel-opacity is-style-wide\"\/>\n\n\n\n<div class=\"wp-block-media-text alignwide is-stacked-on-mobile is-style-icon-text\"><figure class=\"wp-block-media-text__media\"><a href=\"https:\/\/alice.ch\/de\/forschung\/entwicklungen-fuer-die-praxis\/\"><img decoding=\"async\" width=\"300\" height=\"330\" src=\"https:\/\/alice.ch\/app\/uploads\/2022\/10\/icon-pfeile.png\" alt=\"\" class=\"wp-image-5932 size-full\" srcset=\"https:\/\/alice.ch\/app\/uploads\/2022\/10\/icon-pfeile.png 300w, https:\/\/alice.ch\/app\/uploads\/2022\/10\/icon-pfeile-273x300.png 273w\" sizes=\"(max-width: 300px) 100vw, 300px\" \/><\/a><\/figure><div class=\"wp-block-media-text__content\">\n<h2 class=\"wp-block-heading\"><a href=\"https:\/\/alice.ch\/de\/forschung\/entwicklungen-fuer-die-praxis\/\">Entwicklungen f\u00fcr die Praxis<\/a><\/h2>\n\n\n\n<p>Mit praxisorientierten Entwicklungsprojekten leistet der SVEB einen Beitrag zur Entwicklung und Innovation in der Weiterbildung.<\/p>\n<\/div><\/div>\n\n\n\n<hr class=\"wp-block-separator has-alpha-channel-opacity is-style-wide\"\/>\n\n\n\n<div class=\"wp-block-media-text alignwide is-stacked-on-mobile is-style-icon-text\"><figure class=\"wp-block-media-text__media\"><a href=\"https:\/\/alice.ch\/de\/forschung\/vernetzung-und-austausch\/\"><img decoding=\"async\" width=\"300\" height=\"218\" src=\"https:\/\/alice.ch\/app\/uploads\/2022\/10\/icon-network-300x218.png\" alt=\"\" class=\"wp-image-5993 size-medium\" srcset=\"https:\/\/alice.ch\/app\/uploads\/2022\/10\/icon-network-300x218.png 300w, https:\/\/alice.ch\/app\/uploads\/2022\/10\/icon-network.png 316w\" sizes=\"(max-width: 300px) 100vw, 300px\" \/><\/a><\/figure><div class=\"wp-block-media-text__content\">\n<h2 class=\"wp-block-heading\"><a href=\"https:\/\/alice.ch\/de\/forschung\/vernetzung-und-austausch\/\">Vernetzung und Austausch<\/a><\/h2>\n\n\n\n<p>Der SVEB pflegt auf nationaler und internationaler Ebene Kooperationen mit verschiedenen Partnern zur Umsetzung von Weiterbildungsprojekten. Zudem f\u00f6rdert er den Austausch \u00fcber die Weiterbildungsforschung.<\/p>\n<\/div><\/div>\n\n\n\n<hr class=\"wp-block-separator has-alpha-channel-opacity is-style-wide\"\/>\n\n\n\n<div class=\"wp-block-media-text alignwide is-stacked-on-mobile is-style-icon-text\"><figure class=\"wp-block-media-text__media\"><a href=\"https:\/\/alice.ch\/de\/forschung\/think-tank-transit\/\"><img decoding=\"async\" width=\"230\" height=\"202\" src=\"https:\/\/alice.ch\/app\/uploads\/2022\/10\/icon-forschung.png\" alt=\"\" class=\"wp-image-4496 size-full\"\/><\/a><\/figure><div class=\"wp-block-media-text__content\">\n<h2 class=\"wp-block-heading\"><a href=\"https:\/\/alice.ch\/de\/forschung\/think-tank-transit\/\">Think-Tank TRANSIT<\/a><\/h2>\n\n\n\n<p>Der Think-Tank TRANSIT ist eine interdisziplin\u00e4re Plattform f\u00fcr die Weiterbildung und das Lernen der Zukunft. Er publiziert Trendberichte und entwickelt Perspektiven zur Rolle der Weiterbildung in der Gesellschaft.<\/p>\n<\/div><\/div>\n\n\n\n<hr class=\"wp-block-separator has-alpha-channel-opacity is-style-wide\"\/>\n\n\n\n<div class=\"wp-block-media-text alignwide is-stacked-on-mobile is-style-icon-text\"><figure class=\"wp-block-media-text__media\"><a href=\"https:\/\/alice.ch\/de\/forschung\/projekte\/\"><img decoding=\"async\" width=\"1000\" height=\"1200\" src=\"https:\/\/alice.ch\/app\/uploads\/2022\/10\/icon-agenda-1.png\" alt=\"\" class=\"wp-image-5908 size-full\" srcset=\"https:\/\/alice.ch\/app\/uploads\/2022\/10\/icon-agenda-1.png 1000w, https:\/\/alice.ch\/app\/uploads\/2022\/10\/icon-agenda-1-250x300.png 250w, https:\/\/alice.ch\/app\/uploads\/2022\/10\/icon-agenda-1-853x1024.png 853w, https:\/\/alice.ch\/app\/uploads\/2022\/10\/icon-agenda-1-768x922.png 768w\" sizes=\"(max-width: 1000px) 100vw, 1000px\" \/><\/a><\/figure><div class=\"wp-block-media-text__content\">\n<h2 class=\"wp-block-heading\"><a href=\"https:\/\/alice.ch\/de\/forschung\/projekte\/\">Datenbank SVEB-Projekte<\/a><\/h2>\n\n\n\n<p>Der SVEB realisiert diverse Forschungs- und Entwicklungsprojekte. Die Projekt-Datenbank bietet eine \u00dcbersicht \u00fcber das gesamte Spektrum unserer Forschungsaktivit\u00e4ten. Die Projekte k\u00f6nnen nach verschiedenen Kriterien gefiltert werden.<\/p>\n<\/div><\/div>\n<\/div>\n\n\n\n<h2 class=\"wp-block-heading\">Publikationen und Produkte<\/h2>\n\n\n\n<div class=\"wp-block-buttons is-layout-flex wp-block-buttons-is-layout-flex\">\n<div class=\"wp-block-button has-custom-width wp-block-button__width-50 is-style-outline is-style-outline--1\"><a class=\"wp-block-button__link wp-element-button\" href=\"https:\/\/alice.ch\/de\/dienstleistungen\/publikationen-und-produkte\/\">Studien, Praxistools, etc. zu den wichtigsten Themen der Weiterbildung<\/a><\/div>\n<\/div>\n\n\n\n<div class=\"wp-block-group is-style-default is-layout-flow wp-block-group-is-layout-flow\">\n<h2 class=\"wp-block-heading\">Kontakt<\/h2>\n\n\n\n<div class=\"wp-block-columns is-layout-flex wp-container-core-columns-is-layout-28f84493 wp-block-columns-is-layout-flex\">\n<div class=\"wp-block-column is-layout-flow wp-block-column-is-layout-flow\" style=\"flex-basis:50%\"><div class=\"contact-persons\">\n\n\t\t\t\t\t<div class=\"contact-person\">\n\t\t\t\t\tIrena Sgier<br \/>\t\t\t\t\t Stv. Direktorin, Leiterin Forschung, Entwicklung und Innovation<br \/>\t\t\t\t\t<br \/>\n\t\t\t\t\t\t\t\t\t\t<a href=\"tel:+41 (0)44 319 71 59\">+41 (0)44 319 71 59<\/a><br \/>\t\t\t\t\t<a href=\"mailto:irena.sgier@alice.ch\">irena.sgier@alice.ch<\/a><br \/>\t\t\t\t\t<\/div>\n\t\t\t\t\t<\/div>\n<\/div>\n\n\n\n<div class=\"wp-block-column is-layout-flow wp-block-column-is-layout-flow\" style=\"flex-basis:50%\"><\/div>\n<\/div>\n<\/div>\n<\/div>\n<\/div>\n","protected":false},"excerpt":{"rendered":"<p>Weiterbildung als Forschungsthema Im internationalen Vergleich wird die Weiterbildung in der Schweiz wenig erforscht. Der SVEB setzt sich daher daf\u00fcr [&hellip;]<\/p>\n","protected":false},"author":2,"featured_media":20799,"parent":0,"menu_order":351,"comment_status":"closed","ping_status":"closed","template":"","meta":{"_acf_changed":false,"inline_featured_image":false,"footnotes":""},"class_list":["post-29","page","type-page","status-publish","has-post-thumbnail","hentry"],"acf":[],"yoast_head":"<!-- This site is optimized with the Yoast SEO plugin v27.3 - https:\/\/yoast.com\/product\/yoast-seo-wordpress\/ -->\n<title>Forschung - SVEB<\/title>\n<meta name=\"description\" content=\"Der SVEB will die Weiterbildungsforschung in der Schweiz st\u00e4rken \u2013 mit eigenen Forschungspublikationen und Entwicklungsprojekten.\" \/>\n<meta name=\"robots\" content=\"index, follow, max-snippet:-1, max-image-preview:large, max-video-preview:-1\" \/>\n<link rel=\"canonical\" href=\"https:\/\/alice.ch\/de\/forschung\/\" \/>\n<meta property=\"og:locale\" content=\"de_DE\" \/>\n<meta property=\"og:type\" content=\"article\" \/>\n<meta property=\"og:title\" content=\"Forschung - SVEB\" \/>\n<meta property=\"og:description\" content=\"Der SVEB will die Weiterbildungsforschung in der Schweiz st\u00e4rken \u2013 mit eigenen Forschungspublikationen und Entwicklungsprojekten.\" \/>\n<meta property=\"og:url\" content=\"https:\/\/alice.ch\/de\/forschung\/\" \/>\n<meta property=\"og:site_name\" content=\"SVEB\" \/>\n<meta property=\"article:modified_time\" content=\"2025-12-18T10:59:23+00:00\" \/>\n<meta property=\"og:image\" content=\"https:\/\/alice.ch\/app\/uploads\/2022\/11\/icon-sveb-monitor.jpg\" \/>\n\t<meta property=\"og:image:width\" content=\"624\" \/>\n\t<meta property=\"og:image:height\" content=\"418\" \/>\n\t<meta property=\"og:image:type\" content=\"image\/jpeg\" \/>\n<meta name=\"twitter:card\" content=\"summary_large_image\" \/>\n<meta name=\"twitter:label1\" content=\"Gesch\u00e4tzte Lesezeit\" \/>\n\t<meta name=\"twitter:data1\" content=\"3\u00a0Minuten\" \/>\n<script type=\"application\/ld+json\" class=\"yoast-schema-graph\">{\"@context\":\"https:\\\/\\\/schema.org\",\"@graph\":[{\"@type\":\"WebPage\",\"@id\":\"https:\\\/\\\/alice.ch\\\/de\\\/forschung\\\/\",\"url\":\"https:\\\/\\\/alice.ch\\\/de\\\/forschung\\\/\",\"name\":\"Forschung - SVEB\",\"isPartOf\":{\"@id\":\"https:\\\/\\\/alice.ch\\\/de\\\/#website\"},\"primaryImageOfPage\":{\"@id\":\"https:\\\/\\\/alice.ch\\\/de\\\/forschung\\\/#primaryimage\"},\"image\":{\"@id\":\"https:\\\/\\\/alice.ch\\\/de\\\/forschung\\\/#primaryimage\"},\"thumbnailUrl\":\"https:\\\/\\\/alice.ch\\\/app\\\/uploads\\\/2022\\\/11\\\/default.jpg\",\"datePublished\":\"2022-07-11T09:05:32+00:00\",\"dateModified\":\"2025-12-18T10:59:23+00:00\",\"description\":\"Der SVEB will die Weiterbildungsforschung in der Schweiz st\u00e4rken \u2013 mit eigenen Forschungspublikationen und Entwicklungsprojekten.\",\"breadcrumb\":{\"@id\":\"https:\\\/\\\/alice.ch\\\/de\\\/forschung\\\/#breadcrumb\"},\"inLanguage\":\"de\",\"potentialAction\":[{\"@type\":\"ReadAction\",\"target\":[\"https:\\\/\\\/alice.ch\\\/de\\\/forschung\\\/\"]}]},{\"@type\":\"ImageObject\",\"inLanguage\":\"de\",\"@id\":\"https:\\\/\\\/alice.ch\\\/de\\\/forschung\\\/#primaryimage\",\"url\":\"https:\\\/\\\/alice.ch\\\/app\\\/uploads\\\/2022\\\/11\\\/default.jpg\",\"contentUrl\":\"https:\\\/\\\/alice.ch\\\/app\\\/uploads\\\/2022\\\/11\\\/default.jpg\",\"width\":1600,\"height\":900},{\"@type\":\"BreadcrumbList\",\"@id\":\"https:\\\/\\\/alice.ch\\\/de\\\/forschung\\\/#breadcrumb\",\"itemListElement\":[{\"@type\":\"ListItem\",\"position\":1,\"name\":\"Startseite\",\"item\":\"https:\\\/\\\/alice.ch\\\/de\\\/\"},{\"@type\":\"ListItem\",\"position\":2,\"name\":\"Forschung\"}]},{\"@type\":\"WebSite\",\"@id\":\"https:\\\/\\\/alice.ch\\\/de\\\/#website\",\"url\":\"https:\\\/\\\/alice.ch\\\/de\\\/\",\"name\":\"alice.ch (Adult Learning Information Center) ist das Portal der Weiterbildung in der Schweiz.\",\"description\":\"Schweizerischer Verband f\u00fcr Weiterbildung\",\"publisher\":{\"@id\":\"https:\\\/\\\/alice.ch\\\/de\\\/#organization\"},\"potentialAction\":[{\"@type\":\"SearchAction\",\"target\":{\"@type\":\"EntryPoint\",\"urlTemplate\":\"https:\\\/\\\/alice.ch\\\/de\\\/?s={search_term_string}\"},\"query-input\":{\"@type\":\"PropertyValueSpecification\",\"valueRequired\":true,\"valueName\":\"search_term_string\"}}],\"inLanguage\":\"de\"},{\"@type\":\"Organization\",\"@id\":\"https:\\\/\\\/alice.ch\\\/de\\\/#organization\",\"name\":\"SVEB Schweizerischer Verband f\u00fcr Weiterbildung\",\"url\":\"https:\\\/\\\/alice.ch\\\/de\\\/\",\"logo\":{\"@type\":\"ImageObject\",\"inLanguage\":\"de\",\"@id\":\"https:\\\/\\\/alice.ch\\\/de\\\/#\\\/schema\\\/logo\\\/image\\\/\",\"url\":\"https:\\\/\\\/alice.ch\\\/app\\\/uploads\\\/2022\\\/07\\\/logo-sveb.png\",\"contentUrl\":\"https:\\\/\\\/alice.ch\\\/app\\\/uploads\\\/2022\\\/07\\\/logo-sveb.png\",\"width\":145,\"height\":64,\"caption\":\"SVEB Schweizerischer Verband f\u00fcr Weiterbildung\"},\"image\":{\"@id\":\"https:\\\/\\\/alice.ch\\\/de\\\/#\\\/schema\\\/logo\\\/image\\\/\"},\"sameAs\":[\"https:\\\/\\\/www.linkedin.com\\\/company\\\/schweizerischer-verband-fr-weiterbildung-sveb\\\/\"]}]}<\/script>\n<!-- \/ Yoast SEO plugin. -->","yoast_head_json":{"title":"Forschung - SVEB","description":"Der SVEB will die Weiterbildungsforschung in der Schweiz st\u00e4rken \u2013 mit eigenen Forschungspublikationen und Entwicklungsprojekten.","robots":{"index":"index","follow":"follow","max-snippet":"max-snippet:-1","max-image-preview":"max-image-preview:large","max-video-preview":"max-video-preview:-1"},"canonical":"https:\/\/alice.ch\/de\/forschung\/","og_locale":"de_DE","og_type":"article","og_title":"Forschung - SVEB","og_description":"Der SVEB will die Weiterbildungsforschung in der Schweiz st\u00e4rken \u2013 mit eigenen Forschungspublikationen und Entwicklungsprojekten.","og_url":"https:\/\/alice.ch\/de\/forschung\/","og_site_name":"SVEB","article_modified_time":"2025-12-18T10:59:23+00:00","og_image":[{"width":624,"height":418,"url":"https:\/\/alice.ch\/app\/uploads\/2022\/11\/icon-sveb-monitor.jpg","type":"image\/jpeg"}],"twitter_card":"summary_large_image","twitter_misc":{"Gesch\u00e4tzte Lesezeit":"3\u00a0Minuten"},"schema":{"@context":"https:\/\/schema.org","@graph":[{"@type":"WebPage","@id":"https:\/\/alice.ch\/de\/forschung\/","url":"https:\/\/alice.ch\/de\/forschung\/","name":"Forschung - SVEB","isPartOf":{"@id":"https:\/\/alice.ch\/de\/#website"},"primaryImageOfPage":{"@id":"https:\/\/alice.ch\/de\/forschung\/#primaryimage"},"image":{"@id":"https:\/\/alice.ch\/de\/forschung\/#primaryimage"},"thumbnailUrl":"https:\/\/alice.ch\/app\/uploads\/2022\/11\/default.jpg","datePublished":"2022-07-11T09:05:32+00:00","dateModified":"2025-12-18T10:59:23+00:00","description":"Der SVEB will die Weiterbildungsforschung in der Schweiz st\u00e4rken \u2013 mit eigenen Forschungspublikationen und Entwicklungsprojekten.","breadcrumb":{"@id":"https:\/\/alice.ch\/de\/forschung\/#breadcrumb"},"inLanguage":"de","potentialAction":[{"@type":"ReadAction","target":["https:\/\/alice.ch\/de\/forschung\/"]}]},{"@type":"ImageObject","inLanguage":"de","@id":"https:\/\/alice.ch\/de\/forschung\/#primaryimage","url":"https:\/\/alice.ch\/app\/uploads\/2022\/11\/default.jpg","contentUrl":"https:\/\/alice.ch\/app\/uploads\/2022\/11\/default.jpg","width":1600,"height":900},{"@type":"BreadcrumbList","@id":"https:\/\/alice.ch\/de\/forschung\/#breadcrumb","itemListElement":[{"@type":"ListItem","position":1,"name":"Startseite","item":"https:\/\/alice.ch\/de\/"},{"@type":"ListItem","position":2,"name":"Forschung"}]},{"@type":"WebSite","@id":"https:\/\/alice.ch\/de\/#website","url":"https:\/\/alice.ch\/de\/","name":"alice.ch (Adult Learning Information Center) ist das Portal der Weiterbildung in der Schweiz.","description":"Schweizerischer Verband f\u00fcr Weiterbildung","publisher":{"@id":"https:\/\/alice.ch\/de\/#organization"},"potentialAction":[{"@type":"SearchAction","target":{"@type":"EntryPoint","urlTemplate":"https:\/\/alice.ch\/de\/?s={search_term_string}"},"query-input":{"@type":"PropertyValueSpecification","valueRequired":true,"valueName":"search_term_string"}}],"inLanguage":"de"},{"@type":"Organization","@id":"https:\/\/alice.ch\/de\/#organization","name":"SVEB Schweizerischer Verband f\u00fcr Weiterbildung","url":"https:\/\/alice.ch\/de\/","logo":{"@type":"ImageObject","inLanguage":"de","@id":"https:\/\/alice.ch\/de\/#\/schema\/logo\/image\/","url":"https:\/\/alice.ch\/app\/uploads\/2022\/07\/logo-sveb.png","contentUrl":"https:\/\/alice.ch\/app\/uploads\/2022\/07\/logo-sveb.png","width":145,"height":64,"caption":"SVEB Schweizerischer Verband f\u00fcr Weiterbildung"},"image":{"@id":"https:\/\/alice.ch\/de\/#\/schema\/logo\/image\/"},"sameAs":["https:\/\/www.linkedin.com\/company\/schweizerischer-verband-fr-weiterbildung-sveb\/"]}]}},"_links":{"self":[{"href":"https:\/\/alice.ch\/de\/wp-json\/wp\/v2\/pages\/29","targetHints":{"allow":["GET"]}}],"collection":[{"href":"https:\/\/alice.ch\/de\/wp-json\/wp\/v2\/pages"}],"about":[{"href":"https:\/\/alice.ch\/de\/wp-json\/wp\/v2\/types\/page"}],"author":[{"embeddable":true,"href":"https:\/\/alice.ch\/de\/wp-json\/wp\/v2\/users\/2"}],"replies":[{"embeddable":true,"href":"https:\/\/alice.ch\/de\/wp-json\/wp\/v2\/comments?post=29"}],"version-history":[{"count":60,"href":"https:\/\/alice.ch\/de\/wp-json\/wp\/v2\/pages\/29\/revisions"}],"predecessor-version":[{"id":72662,"href":"https:\/\/alice.ch\/de\/wp-json\/wp\/v2\/pages\/29\/revisions\/72662"}],"wp:featuredmedia":[{"embeddable":true,"href":"https:\/\/alice.ch\/de\/wp-json\/wp\/v2\/media\/20799"}],"wp:attachment":[{"href":"https:\/\/alice.ch\/de\/wp-json\/wp\/v2\/media?parent=29"}],"curies":[{"name":"wp","href":"https:\/\/api.w.org\/{rel}","templated":true}]}}