{"id":31,"date":"2022-07-11T11:05:38","date_gmt":"2022-07-11T09:05:38","guid":{"rendered":"https:\/\/projects.atxeit.ch\/sveb\/?page_id=31"},"modified":"2025-01-09T13:21:31","modified_gmt":"2025-01-09T12:21:31","slug":"aktuell","status":"publish","type":"page","link":"https:\/\/alice.ch\/de\/aktuell\/","title":{"rendered":"Aktuell"},"content":{"rendered":"\n<div class=\"wp-block-group alignfull is-style-reduced-width is-layout-flow wp-block-group-is-layout-flow\">\n<h1 class=\"wp-block-heading\">Auf allen Kan\u00e4len pr\u00e4sent<\/h1>\n\n\n\n<p class=\"is-style-lead\">Der SVEB informiert seine Mitglieder und die \u00d6ffentlichkeit auf verschiedenen Kan\u00e4len.<\/p>\n\n\n\n<div class=\"wp-block-media-text alignwide is-stacked-on-mobile is-style-icon-text\" style=\"grid-template-columns:15% auto\"><figure class=\"wp-block-media-text__media\"><a href=\"https:\/\/alice.ch\/de\/aktuell\/news\/\"><img decoding=\"async\" width=\"539\" height=\"425\" src=\"https:\/\/alice.ch\/app\/uploads\/2022\/11\/icon-newsroom-1.png\" alt=\"\" class=\"wp-image-10164 size-full\" srcset=\"https:\/\/alice.ch\/app\/uploads\/2022\/11\/icon-newsroom-1.png 539w, https:\/\/alice.ch\/app\/uploads\/2022\/11\/icon-newsroom-1-300x237.png 300w\" sizes=\"(max-width: 539px) 100vw, 539px\" \/><\/a><\/figure><div class=\"wp-block-media-text__content\">\n<h2 class=\"wp-block-heading\"><a href=\"https:\/\/alice.ch\/de\/aktuell\/news\/\">News<\/a><\/h2>\n\n\n\n<p>Im Newsroom sammelt die SVEB-Redaktion Informationen aus der Welt der Weiterbildung und bereitet Hintergrundinformationen auf.<\/p>\n<\/div><\/div>\n\n\n\n<hr class=\"wp-block-separator has-alpha-channel-opacity is-style-wide\"\/>\n\n\n\n<div class=\"wp-block-media-text alignwide is-stacked-on-mobile is-style-icon-text\"><figure class=\"wp-block-media-text__media\"><a href=\"https:\/\/alice.ch\/de\/aktuell\/events\/\"><img decoding=\"async\" width=\"800\" height=\"521\" src=\"https:\/\/alice.ch\/app\/uploads\/2022\/10\/icons-events.png\" alt=\"\" class=\"wp-image-5946 size-full\" srcset=\"https:\/\/alice.ch\/app\/uploads\/2022\/10\/icons-events.png 800w, https:\/\/alice.ch\/app\/uploads\/2022\/10\/icons-events-300x195.png 300w, https:\/\/alice.ch\/app\/uploads\/2022\/10\/icons-events-768x500.png 768w\" sizes=\"(max-width: 800px) 100vw, 800px\" \/><\/a><\/figure><div class=\"wp-block-media-text__content\">\n<h2 class=\"wp-block-heading\"><a href=\"https:\/\/alice.ch\/de\/aktuell\/events\/\">Events<\/a><\/h2>\n\n\n\n<p>Der SVEB bietet allen Interessierten Veranstaltungen zu den relevanten Themen der Weiterbildung. Der Verband organisiert rund 20 Fachtagungen, Workshops und bildungspolitische Tagungen pro Jahr f\u00fcr Mitglieder und Interessierte in allen drei Landesteilen.<\/p>\n<\/div><\/div>\n\n\n\n<div class=\"wp-block-group alignwide is-layout-flow wp-block-group-is-layout-flow\">\n<hr class=\"wp-block-separator has-alpha-channel-opacity is-style-wide\"\/>\n\n\n\n<div class=\"wp-block-media-text alignwide is-stacked-on-mobile is-style-icon-text\"><figure class=\"wp-block-media-text__media\"><a href=\"https:\/\/alice.ch\/de\/aktuell\/zeitschrift-education-permanente\/\"><img decoding=\"async\" width=\"456\" height=\"348\" src=\"https:\/\/alice.ch\/app\/uploads\/2022\/10\/icon-ep.png\" alt=\"\" class=\"wp-image-5892 size-full\" srcset=\"https:\/\/alice.ch\/app\/uploads\/2022\/10\/icon-ep.png 456w, https:\/\/alice.ch\/app\/uploads\/2022\/10\/icon-ep-300x229.png 300w\" sizes=\"(max-width: 456px) 100vw, 456px\" \/><\/a><\/figure><div class=\"wp-block-media-text__content\">\n<h2 class=\"wp-block-heading\"><a href=\"https:\/\/alice.ch\/de\/aktuell\/zeitschrift-education-permante\/\">Fachzeitschrift \u00abEducation Permanent<\/a><a href=\"https:\/\/alice.ch\/de\/aktuell\/zeitschrift-education-permanente\/\">e\u00bb<\/a><\/h2>\n\n\n\n<p>Die \u00abEducation Permanente\u00bb ist die Fachzeitschrift f\u00fcr Weiterbildung und setzt diese in Zusammenhang mit gesellschaftlichen, politischen und wirtschaftlichen Trends.<\/p>\n<\/div><\/div>\n<\/div>\n\n\n\n<div class=\"wp-block-group alignwide is-layout-flow wp-block-group-is-layout-flow\">\n<hr class=\"wp-block-separator has-alpha-channel-opacity is-style-wide\"\/>\n\n\n\n<div class=\"wp-block-media-text alignwide is-stacked-on-mobile is-style-icon-text\"><figure class=\"wp-block-media-text__media\"><a href=\"https:\/\/alice.ch\/de\/aktuell\/newsletter\/\"><img decoding=\"async\" width=\"330\" height=\"250\" src=\"https:\/\/alice.ch\/app\/uploads\/2022\/10\/icon-newsletter.png\" alt=\"\" class=\"wp-image-5884 size-full\" srcset=\"https:\/\/alice.ch\/app\/uploads\/2022\/10\/icon-newsletter.png 330w, https:\/\/alice.ch\/app\/uploads\/2022\/10\/icon-newsletter-300x227.png 300w\" sizes=\"(max-width: 330px) 100vw, 330px\" \/><\/a><\/figure><div class=\"wp-block-media-text__content\">\n<h2 class=\"wp-block-heading\"><a href=\"https:\/\/alice.ch\/de\/aktuell\/newsletter\/\">Newsletter<\/a><\/h2>\n\n\n\n<p>Mit dem SVEB-Newsletter erhalten Sie einmal im Monat die wichtigsten Neuigkeiten und Entwicklungen in der Weiterbildung geb\u00fcndelt per E-Mail.<\/p>\n<\/div><\/div>\n\n\n\n<hr class=\"wp-block-separator has-alpha-channel-opacity is-style-wide\"\/>\n\n\n\n<div class=\"wp-block-media-text alignwide is-stacked-on-mobile is-style-icon-text\"><figure class=\"wp-block-media-text__media\"><a href=\"https:\/\/alice.ch\/de\/aktuell\/medienmitteilungen\/\"><img decoding=\"async\" width=\"200\" height=\"251\" src=\"https:\/\/alice.ch\/app\/uploads\/2022\/10\/icon-medienmitteilungen.jpg\" alt=\"\" class=\"wp-image-5989 size-full\"\/><\/a><\/figure><div class=\"wp-block-media-text__content\">\n<h2 class=\"wp-block-heading\"><a href=\"https:\/\/alice.ch\/de\/aktuell\/medienmitteilungen\/\">Medienmitteilungen<\/a><\/h2>\n\n\n\n<p>Der SVEB betreibt eine aktive Medienarbeit und informiert die \u00d6ffentlichkeit regelm\u00e4ssig \u00fcber Aktivit\u00e4ten und Stellungnahmen. Er st\u00e4rkt dadurch das \u00f6ffentliche Bewusstsein f\u00fcr Themen der Weiterbildung.<\/p>\n<\/div><\/div>\n<\/div>\n\n\n\n<h2 class=\"wp-block-heading\">Kontakt<\/h2>\n\n\n\n<div class=\"wp-block-columns is-layout-flex wp-container-core-columns-is-layout-28f84493 wp-block-columns-is-layout-flex\">\n<div class=\"wp-block-column is-layout-flow wp-block-column-is-layout-flow\" style=\"flex-basis:50%\"><div class=\"contact-persons\">\n\n\t\t\t\t\t<div class=\"contact-person\">\n\t\t\t\t\tIrena Sgier<br \/>\t\t\t\t\t Stv. Direktorin, Leiterin Forschung, Entwicklung und Innovation<br \/>\t\t\t\t\t<br \/>\n\t\t\t\t\t\t\t\t\t\t<a href=\"tel:+41 (0)44 319 71 59\">+41 (0)44 319 71 59<\/a><br \/>\t\t\t\t\t<a href=\"mailto:irena.sgier@alice.ch\">irena.sgier@alice.ch<\/a><br \/>\t\t\t\t\t<\/div>\n\t\t\t\t\t<\/div>\n<\/div>\n\n\n\n<div class=\"wp-block-column is-layout-flow wp-block-column-is-layout-flow\" style=\"flex-basis:50%\"><\/div>\n<\/div>\n<\/div>\n","protected":false},"excerpt":{"rendered":"<p>Auf allen Kan\u00e4len pr\u00e4sent Der SVEB informiert seine Mitglieder und die \u00d6ffentlichkeit auf verschiedenen Kan\u00e4len. News Im Newsroom sammelt die [&hellip;]<\/p>\n","protected":false},"author":2,"featured_media":20799,"parent":0,"menu_order":458,"comment_status":"closed","ping_status":"closed","template":"","meta":{"_acf_changed":false,"inline_featured_image":false,"footnotes":""},"class_list":["post-31","page","type-page","status-publish","has-post-thumbnail","hentry"],"acf":[],"yoast_head":"<!-- This site is optimized with the Yoast SEO plugin v27.3 - https:\/\/yoast.com\/product\/yoast-seo-wordpress\/ -->\n<title>Aktuell - SVEB<\/title>\n<meta name=\"description\" content=\"Wir informieren Mitglieder und \u00d6ffentlichkeit via News, Events, Newsletter, Medienmitteilungen und Fachzeitschrift \u00abEducation Permanente\u00bb.\" \/>\n<meta name=\"robots\" content=\"index, follow, max-snippet:-1, max-image-preview:large, max-video-preview:-1\" \/>\n<link rel=\"canonical\" href=\"https:\/\/alice.ch\/de\/aktuell\/\" \/>\n<meta property=\"og:locale\" content=\"de_DE\" \/>\n<meta property=\"og:type\" content=\"article\" \/>\n<meta property=\"og:title\" content=\"Aktuell - SVEB\" \/>\n<meta property=\"og:description\" content=\"Wir informieren Mitglieder und \u00d6ffentlichkeit via News, Events, Newsletter, Medienmitteilungen und Fachzeitschrift \u00abEducation Permanente\u00bb.\" \/>\n<meta property=\"og:url\" content=\"https:\/\/alice.ch\/de\/aktuell\/\" \/>\n<meta property=\"og:site_name\" content=\"SVEB\" \/>\n<meta property=\"article:modified_time\" content=\"2025-01-09T12:21:31+00:00\" \/>\n<meta property=\"og:image\" content=\"https:\/\/alice.ch\/app\/uploads\/2022\/11\/icon-newsroom-1.png\" \/>\n\t<meta property=\"og:image:width\" content=\"539\" \/>\n\t<meta property=\"og:image:height\" content=\"425\" \/>\n\t<meta property=\"og:image:type\" content=\"image\/png\" \/>\n<meta name=\"twitter:card\" content=\"summary_large_image\" \/>\n<meta name=\"twitter:label1\" content=\"Gesch\u00e4tzte Lesezeit\" \/>\n\t<meta name=\"twitter:data1\" content=\"2\u00a0Minuten\" \/>\n<script type=\"application\/ld+json\" class=\"yoast-schema-graph\">{\"@context\":\"https:\\\/\\\/schema.org\",\"@graph\":[{\"@type\":\"WebPage\",\"@id\":\"https:\\\/\\\/alice.ch\\\/de\\\/aktuell\\\/\",\"url\":\"https:\\\/\\\/alice.ch\\\/de\\\/aktuell\\\/\",\"name\":\"Aktuell - SVEB\",\"isPartOf\":{\"@id\":\"https:\\\/\\\/alice.ch\\\/de\\\/#website\"},\"primaryImageOfPage\":{\"@id\":\"https:\\\/\\\/alice.ch\\\/de\\\/aktuell\\\/#primaryimage\"},\"image\":{\"@id\":\"https:\\\/\\\/alice.ch\\\/de\\\/aktuell\\\/#primaryimage\"},\"thumbnailUrl\":\"https:\\\/\\\/alice.ch\\\/app\\\/uploads\\\/2022\\\/11\\\/default.jpg\",\"datePublished\":\"2022-07-11T09:05:38+00:00\",\"dateModified\":\"2025-01-09T12:21:31+00:00\",\"description\":\"Wir informieren Mitglieder und \u00d6ffentlichkeit via News, Events, Newsletter, Medienmitteilungen und Fachzeitschrift \u00abEducation Permanente\u00bb.\",\"breadcrumb\":{\"@id\":\"https:\\\/\\\/alice.ch\\\/de\\\/aktuell\\\/#breadcrumb\"},\"inLanguage\":\"de\",\"potentialAction\":[{\"@type\":\"ReadAction\",\"target\":[\"https:\\\/\\\/alice.ch\\\/de\\\/aktuell\\\/\"]}]},{\"@type\":\"ImageObject\",\"inLanguage\":\"de\",\"@id\":\"https:\\\/\\\/alice.ch\\\/de\\\/aktuell\\\/#primaryimage\",\"url\":\"https:\\\/\\\/alice.ch\\\/app\\\/uploads\\\/2022\\\/11\\\/default.jpg\",\"contentUrl\":\"https:\\\/\\\/alice.ch\\\/app\\\/uploads\\\/2022\\\/11\\\/default.jpg\",\"width\":1600,\"height\":900},{\"@type\":\"BreadcrumbList\",\"@id\":\"https:\\\/\\\/alice.ch\\\/de\\\/aktuell\\\/#breadcrumb\",\"itemListElement\":[{\"@type\":\"ListItem\",\"position\":1,\"name\":\"Startseite\",\"item\":\"https:\\\/\\\/alice.ch\\\/de\\\/\"},{\"@type\":\"ListItem\",\"position\":2,\"name\":\"Aktuell\"}]},{\"@type\":\"WebSite\",\"@id\":\"https:\\\/\\\/alice.ch\\\/de\\\/#website\",\"url\":\"https:\\\/\\\/alice.ch\\\/de\\\/\",\"name\":\"alice.ch (Adult Learning Information Center) ist das Portal der Weiterbildung in der Schweiz.\",\"description\":\"Schweizerischer Verband f\u00fcr Weiterbildung\",\"publisher\":{\"@id\":\"https:\\\/\\\/alice.ch\\\/de\\\/#organization\"},\"potentialAction\":[{\"@type\":\"SearchAction\",\"target\":{\"@type\":\"EntryPoint\",\"urlTemplate\":\"https:\\\/\\\/alice.ch\\\/de\\\/?s={search_term_string}\"},\"query-input\":{\"@type\":\"PropertyValueSpecification\",\"valueRequired\":true,\"valueName\":\"search_term_string\"}}],\"inLanguage\":\"de\"},{\"@type\":\"Organization\",\"@id\":\"https:\\\/\\\/alice.ch\\\/de\\\/#organization\",\"name\":\"SVEB Schweizerischer Verband f\u00fcr Weiterbildung\",\"url\":\"https:\\\/\\\/alice.ch\\\/de\\\/\",\"logo\":{\"@type\":\"ImageObject\",\"inLanguage\":\"de\",\"@id\":\"https:\\\/\\\/alice.ch\\\/de\\\/#\\\/schema\\\/logo\\\/image\\\/\",\"url\":\"https:\\\/\\\/alice.ch\\\/app\\\/uploads\\\/2022\\\/07\\\/logo-sveb.png\",\"contentUrl\":\"https:\\\/\\\/alice.ch\\\/app\\\/uploads\\\/2022\\\/07\\\/logo-sveb.png\",\"width\":145,\"height\":64,\"caption\":\"SVEB Schweizerischer Verband f\u00fcr Weiterbildung\"},\"image\":{\"@id\":\"https:\\\/\\\/alice.ch\\\/de\\\/#\\\/schema\\\/logo\\\/image\\\/\"},\"sameAs\":[\"https:\\\/\\\/www.linkedin.com\\\/company\\\/schweizerischer-verband-fr-weiterbildung-sveb\\\/\"]}]}<\/script>\n<!-- \/ Yoast SEO plugin. -->","yoast_head_json":{"title":"Aktuell - SVEB","description":"Wir informieren Mitglieder und \u00d6ffentlichkeit via News, Events, Newsletter, Medienmitteilungen und Fachzeitschrift \u00abEducation Permanente\u00bb.","robots":{"index":"index","follow":"follow","max-snippet":"max-snippet:-1","max-image-preview":"max-image-preview:large","max-video-preview":"max-video-preview:-1"},"canonical":"https:\/\/alice.ch\/de\/aktuell\/","og_locale":"de_DE","og_type":"article","og_title":"Aktuell - SVEB","og_description":"Wir informieren Mitglieder und \u00d6ffentlichkeit via News, Events, Newsletter, Medienmitteilungen und Fachzeitschrift \u00abEducation Permanente\u00bb.","og_url":"https:\/\/alice.ch\/de\/aktuell\/","og_site_name":"SVEB","article_modified_time":"2025-01-09T12:21:31+00:00","og_image":[{"width":539,"height":425,"url":"https:\/\/alice.ch\/app\/uploads\/2022\/11\/icon-newsroom-1.png","type":"image\/png"}],"twitter_card":"summary_large_image","twitter_misc":{"Gesch\u00e4tzte Lesezeit":"2\u00a0Minuten"},"schema":{"@context":"https:\/\/schema.org","@graph":[{"@type":"WebPage","@id":"https:\/\/alice.ch\/de\/aktuell\/","url":"https:\/\/alice.ch\/de\/aktuell\/","name":"Aktuell - SVEB","isPartOf":{"@id":"https:\/\/alice.ch\/de\/#website"},"primaryImageOfPage":{"@id":"https:\/\/alice.ch\/de\/aktuell\/#primaryimage"},"image":{"@id":"https:\/\/alice.ch\/de\/aktuell\/#primaryimage"},"thumbnailUrl":"https:\/\/alice.ch\/app\/uploads\/2022\/11\/default.jpg","datePublished":"2022-07-11T09:05:38+00:00","dateModified":"2025-01-09T12:21:31+00:00","description":"Wir informieren Mitglieder und \u00d6ffentlichkeit via News, Events, Newsletter, Medienmitteilungen und Fachzeitschrift \u00abEducation Permanente\u00bb.","breadcrumb":{"@id":"https:\/\/alice.ch\/de\/aktuell\/#breadcrumb"},"inLanguage":"de","potentialAction":[{"@type":"ReadAction","target":["https:\/\/alice.ch\/de\/aktuell\/"]}]},{"@type":"ImageObject","inLanguage":"de","@id":"https:\/\/alice.ch\/de\/aktuell\/#primaryimage","url":"https:\/\/alice.ch\/app\/uploads\/2022\/11\/default.jpg","contentUrl":"https:\/\/alice.ch\/app\/uploads\/2022\/11\/default.jpg","width":1600,"height":900},{"@type":"BreadcrumbList","@id":"https:\/\/alice.ch\/de\/aktuell\/#breadcrumb","itemListElement":[{"@type":"ListItem","position":1,"name":"Startseite","item":"https:\/\/alice.ch\/de\/"},{"@type":"ListItem","position":2,"name":"Aktuell"}]},{"@type":"WebSite","@id":"https:\/\/alice.ch\/de\/#website","url":"https:\/\/alice.ch\/de\/","name":"alice.ch (Adult Learning Information Center) ist das Portal der Weiterbildung in der Schweiz.","description":"Schweizerischer Verband f\u00fcr Weiterbildung","publisher":{"@id":"https:\/\/alice.ch\/de\/#organization"},"potentialAction":[{"@type":"SearchAction","target":{"@type":"EntryPoint","urlTemplate":"https:\/\/alice.ch\/de\/?s={search_term_string}"},"query-input":{"@type":"PropertyValueSpecification","valueRequired":true,"valueName":"search_term_string"}}],"inLanguage":"de"},{"@type":"Organization","@id":"https:\/\/alice.ch\/de\/#organization","name":"SVEB Schweizerischer Verband f\u00fcr Weiterbildung","url":"https:\/\/alice.ch\/de\/","logo":{"@type":"ImageObject","inLanguage":"de","@id":"https:\/\/alice.ch\/de\/#\/schema\/logo\/image\/","url":"https:\/\/alice.ch\/app\/uploads\/2022\/07\/logo-sveb.png","contentUrl":"https:\/\/alice.ch\/app\/uploads\/2022\/07\/logo-sveb.png","width":145,"height":64,"caption":"SVEB Schweizerischer Verband f\u00fcr Weiterbildung"},"image":{"@id":"https:\/\/alice.ch\/de\/#\/schema\/logo\/image\/"},"sameAs":["https:\/\/www.linkedin.com\/company\/schweizerischer-verband-fr-weiterbildung-sveb\/"]}]}},"_links":{"self":[{"href":"https:\/\/alice.ch\/de\/wp-json\/wp\/v2\/pages\/31","targetHints":{"allow":["GET"]}}],"collection":[{"href":"https:\/\/alice.ch\/de\/wp-json\/wp\/v2\/pages"}],"about":[{"href":"https:\/\/alice.ch\/de\/wp-json\/wp\/v2\/types\/page"}],"author":[{"embeddable":true,"href":"https:\/\/alice.ch\/de\/wp-json\/wp\/v2\/users\/2"}],"replies":[{"embeddable":true,"href":"https:\/\/alice.ch\/de\/wp-json\/wp\/v2\/comments?post=31"}],"version-history":[{"count":50,"href":"https:\/\/alice.ch\/de\/wp-json\/wp\/v2\/pages\/31\/revisions"}],"predecessor-version":[{"id":65307,"href":"https:\/\/alice.ch\/de\/wp-json\/wp\/v2\/pages\/31\/revisions\/65307"}],"wp:featuredmedia":[{"embeddable":true,"href":"https:\/\/alice.ch\/de\/wp-json\/wp\/v2\/media\/20799"}],"wp:attachment":[{"href":"https:\/\/alice.ch\/de\/wp-json\/wp\/v2\/media?parent=31"}],"curies":[{"name":"wp","href":"https:\/\/api.w.org\/{rel}","templated":true}]}}