{"id":31920,"date":"2022-12-02T12:45:08","date_gmt":"2022-12-02T11:45:08","guid":{"rendered":"https:\/\/alice.ch\/?page_id=31920"},"modified":"2025-04-17T10:25:26","modified_gmt":"2025-04-17T08:25:26","slug":"weiterbildungspolitik","status":"publish","type":"page","link":"https:\/\/alice.ch\/de\/sveb\/weiterbildungspolitik\/","title":{"rendered":"Weiterbildungspolitik"},"content":{"rendered":"\n<div class=\"wp-block-group is-style-reduced-width is-layout-flow wp-block-group-is-layout-flow\">\n<h1 class=\"wp-block-heading\">Weiterbildungspolitik \u2013 Erwachsenenbildung als Politikum<\/h1>\n\n\n\n<p class=\"is-style-lead\">Die Weiterbildung ist in den letzten Jahren st\u00e4rker in den Fokus der Schweizer Bildungspolitik getreten. Lebenslanges Lernen ist zur gesellschaftlichen und wirtschaftlichen Notwendigkeit geworden. <\/p>\n\n\n\n<p class=\"is-style-default\">Fragen der Wettbewerbsf\u00e4higkeit, des Fachkr\u00e4ftemangels und der Arbeitsmarktf\u00e4higkeit, steigende Sozialkosten und Herausforderungen im Zusammenhang mit der Migration haben zu einem Bewusstsein der politischen Verantwortung und zu entsprechenden Initiativen gef\u00fchrt. Der SVEB hat dabei eine aktive Rolle als Fach- und Interessenverband der Weiterbildung.<\/p>\n\n\n\n<div class=\"wp-block-media-text alignwide is-stacked-on-mobile is-style-icon-text\"><figure class=\"wp-block-media-text__media\"><a href=\"https:\/\/alice.ch\/de\/sveb\/weiterbildungspolitik\/politische-positionen\/\"><img decoding=\"async\" width=\"863\" height=\"1024\" src=\"https:\/\/alice.ch\/app\/uploads\/2022\/10\/icon-bildungspolitik-863x1024.png\" alt=\"\" class=\"wp-image-4475 size-full\" srcset=\"https:\/\/alice.ch\/app\/uploads\/2022\/10\/icon-bildungspolitik-863x1024.png 863w, https:\/\/alice.ch\/app\/uploads\/2022\/10\/icon-bildungspolitik-253x300.png 253w, https:\/\/alice.ch\/app\/uploads\/2022\/10\/icon-bildungspolitik-768x912.png 768w, https:\/\/alice.ch\/app\/uploads\/2022\/10\/icon-bildungspolitik-1294x1536.png 1294w, https:\/\/alice.ch\/app\/uploads\/2022\/10\/icon-bildungspolitik.png 1402w\" sizes=\"(max-width: 863px) 100vw, 863px\" \/><\/a><\/figure><div class=\"wp-block-media-text__content\">\n<h2 class=\"wp-block-heading\"><a href=\"https:\/\/alice.ch\/de\/sveb\/weiterbildungspolitik\/politische-positionen\/\">Politische Positionen<\/a><\/h2>\n\n\n\n<p>Als Dachverband der Weiterbildung nimmt der SVEB regelm\u00e4ssig Stellung zu aktuellen Themen der Weiterbildungspolitik.<\/p>\n<\/div><\/div>\n\n\n\n<hr class=\"wp-block-separator has-alpha-channel-opacity is-style-wide\"\/>\n\n\n\n<div class=\"wp-block-media-text alignwide is-stacked-on-mobile is-style-icon-text\"><figure class=\"wp-block-media-text__media\"><a href=\"https:\/\/alice.ch\/de\/sveb\/weiterbildungspolitik\/weiterbildungsgesetz\/\"><img decoding=\"async\" width=\"806\" height=\"1024\" src=\"https:\/\/alice.ch\/app\/uploads\/2022\/10\/icon-webig-806x1024.png\" alt=\"\" class=\"wp-image-5534 size-full\" srcset=\"https:\/\/alice.ch\/app\/uploads\/2022\/10\/icon-webig-806x1024.png 806w, https:\/\/alice.ch\/app\/uploads\/2022\/10\/icon-webig-236x300.png 236w, https:\/\/alice.ch\/app\/uploads\/2022\/10\/icon-webig-768x975.png 768w, https:\/\/alice.ch\/app\/uploads\/2022\/10\/icon-webig.png 1181w\" sizes=\"(max-width: 806px) 100vw, 806px\" \/><\/a><\/figure><div class=\"wp-block-media-text__content\">\n<h2 class=\"wp-block-heading\"><a href=\"https:\/\/alice.ch\/de\/sveb\/weiterbildungspolitik\/weiterbildungsgesetz\/\">Das Weiterbildungsgesetz<\/a><\/h2>\n\n\n\n<p>Die Rahmenbedingungen f\u00fcr die Steuerung und F\u00f6rderung der Weiterbildung durch Bund und Kantone.<\/p>\n<\/div><\/div>\n\n\n\n<hr class=\"wp-block-separator has-alpha-channel-opacity is-style-wide\"\/>\n\n\n\n<div class=\"wp-block-media-text alignwide is-stacked-on-mobile is-style-icon-text\"><figure class=\"wp-block-media-text__media\"><a href=\"https:\/\/alice.ch\/de\/sveb\/weiterbildungspolitik\/sozialhilfe\/\"><img decoding=\"async\" width=\"1478\" height=\"1231\" src=\"https:\/\/alice.ch\/app\/uploads\/2022\/11\/icon-sozialhilfe.png\" alt=\"\" class=\"wp-image-7019 size-full\" srcset=\"https:\/\/alice.ch\/app\/uploads\/2022\/11\/icon-sozialhilfe.png 1478w, https:\/\/alice.ch\/app\/uploads\/2022\/11\/icon-sozialhilfe-300x250.png 300w, https:\/\/alice.ch\/app\/uploads\/2022\/11\/icon-sozialhilfe-1024x853.png 1024w, https:\/\/alice.ch\/app\/uploads\/2022\/11\/icon-sozialhilfe-768x640.png 768w\" sizes=\"(max-width: 1478px) 100vw, 1478px\" \/><\/a><\/figure><div class=\"wp-block-media-text__content\">\n<h2 class=\"wp-block-heading\"><a href=\"https:\/\/alice.ch\/de\/sveb\/weiterbildungspolitik\/sozialhilfe\/\">Weiterbildungsoffensive in der Sozialhilfe<\/a><\/h2>\n\n\n\n<p>Dank Weiterbildung sollen Sozialhilfebeziehende nachhaltig in den Arbeitsmarkt integriert werden.<\/p>\n<\/div><\/div>\n\n\n\n<hr class=\"wp-block-separator has-alpha-channel-opacity is-style-wide\"\/>\n\n\n\n<div class=\"wp-block-media-text alignwide is-stacked-on-mobile is-style-icon-text\"><figure class=\"wp-block-media-text__media\"><a href=\"https:\/\/alice.ch\/de\/sveb\/weiterbildungspolitik\/berufsbildung\/\"><img decoding=\"async\" width=\"1024\" height=\"1024\" src=\"https:\/\/alice.ch\/app\/uploads\/2022\/10\/Icon_Berufsbildung-1024x1024.png\" alt=\"\" class=\"wp-image-5538 size-full\" srcset=\"https:\/\/alice.ch\/app\/uploads\/2022\/10\/Icon_Berufsbildung-1024x1024.png 1024w, https:\/\/alice.ch\/app\/uploads\/2022\/10\/Icon_Berufsbildung-300x300.png 300w, https:\/\/alice.ch\/app\/uploads\/2022\/10\/Icon_Berufsbildung-150x150.png 150w, https:\/\/alice.ch\/app\/uploads\/2022\/10\/Icon_Berufsbildung-768x768.png 768w, https:\/\/alice.ch\/app\/uploads\/2022\/10\/Icon_Berufsbildung.png 1499w\" sizes=\"(max-width: 1024px) 100vw, 1024px\" \/><\/a><\/figure><div class=\"wp-block-media-text__content\">\n<h2 class=\"wp-block-heading\"><a href=\"https:\/\/alice.ch\/de\/sveb\/weiterbildungspolitik\/berufsbildung\/\">Berufsbildung<\/a><\/h2>\n\n\n\n<p>Die Berufsbildung soll st\u00e4rker auf Erwachsene ausgerichtet werden. Lifelong Learning wird zu einem Leitmotiv. Das fordert auch die Weiterbildung.<\/p>\n<\/div><\/div>\n\n\n\n<hr class=\"wp-block-separator has-alpha-channel-opacity is-style-wide\"\/>\n\n\n\n<div class=\"wp-block-media-text alignwide is-stacked-on-mobile is-style-icon-text\"><figure class=\"wp-block-media-text__media\"><a href=\"https:\/\/alice.ch\/de\/sveb\/weiterbildungspolitik\/sparplaene-des-bundes\/\"><img decoding=\"async\" width=\"1188\" height=\"1189\" src=\"https:\/\/alice.ch\/app\/uploads\/2025\/04\/bildungspolitik-icon-gross.png\" alt=\"\" class=\"wp-image-67585 size-full\" srcset=\"https:\/\/alice.ch\/app\/uploads\/2025\/04\/bildungspolitik-icon-gross.png 1188w, https:\/\/alice.ch\/app\/uploads\/2025\/04\/bildungspolitik-icon-gross-300x300.png 300w, https:\/\/alice.ch\/app\/uploads\/2025\/04\/bildungspolitik-icon-gross-1024x1024.png 1024w, https:\/\/alice.ch\/app\/uploads\/2025\/04\/bildungspolitik-icon-gross-150x150.png 150w, https:\/\/alice.ch\/app\/uploads\/2025\/04\/bildungspolitik-icon-gross-768x769.png 768w\" sizes=\"(max-width: 1188px) 100vw, 1188px\" \/><\/a><\/figure><div class=\"wp-block-media-text__content\">\n<h2 class=\"wp-block-heading\"><a href=\"https:\/\/alice.ch\/de\/sveb\/weiterbildungspolitik\/sparplaene-des-bundes\/\">Kampf gegen die Sparpl\u00e4ne des Bundes in der Weiterbildung<\/a><\/h2>\n\n\n\n<p>Der Bundesrat will im Rahmen seines Sparprogramms massiv bei der Weiterbildung sparen. Der SVEB setzt sich mit allen Mitteln daf\u00fcr ein, dass dies nicht passiert.<\/p>\n<\/div><\/div>\n\n\n\n<h2 class=\"wp-block-heading\">Kontakt<\/h2>\n\n\n\n<div class=\"wp-block-columns is-layout-flex wp-container-core-columns-is-layout-28f84493 wp-block-columns-is-layout-flex\">\n<div class=\"wp-block-column is-layout-flow wp-block-column-is-layout-flow\" style=\"flex-basis:50%\"><div class=\"contact-persons\">\n\n\t\t\t\t\t<div class=\"contact-person\">\n\t\t\t\t\tBernhard Gr\u00e4miger<br \/>\t\t\t\t\tDirektor<br \/>\t\t\t\t\t<br \/>\n\t\t\t\t\t\t\t\t\t\t<a href=\"tel:+41 (0)44 319 71 61\">+41 (0)44 319 71 61<\/a><br \/>\t\t\t\t\t<a href=\"mailto:bernhard.graemiger@alice.ch\">bernhard.graemiger@alice.ch<\/a><br \/>\t\t\t\t\t<\/div>\n\t\t\t\t\t<\/div>\n<\/div>\n\n\n\n<div class=\"wp-block-column is-layout-flow wp-block-column-is-layout-flow\" style=\"flex-basis:50%\"><\/div>\n<\/div>\n<\/div>\n","protected":false},"excerpt":{"rendered":"<p>Weiterbildungspolitik \u2013 Erwachsenenbildung als Politikum Die Weiterbildung ist in den letzten Jahren st\u00e4rker in den Fokus der Schweizer Bildungspolitik getreten. [&hellip;]<\/p>\n","protected":false},"author":4,"featured_media":20799,"parent":35,"menu_order":598,"comment_status":"closed","ping_status":"closed","template":"","meta":{"_acf_changed":false,"inline_featured_image":false,"footnotes":""},"class_list":["post-31920","page","type-page","status-publish","has-post-thumbnail","hentry"],"acf":[],"yoast_head":"<!-- This site is optimized with the Yoast SEO plugin v27.3 - https:\/\/yoast.com\/product\/yoast-seo-wordpress\/ -->\n<title>Weiterbildungspolitik - SVEB<\/title>\n<meta name=\"description\" content=\"Der SVEB engagieret sich f\u00fcr die Revision des Weiterbildungsgesetzes WeBiG und f\u00fcr eine nationale Weiterbildungsstrategie mit klaren Zielen.\" \/>\n<meta name=\"robots\" content=\"index, follow, max-snippet:-1, max-image-preview:large, max-video-preview:-1\" \/>\n<link rel=\"canonical\" href=\"https:\/\/alice.ch\/de\/sveb\/weiterbildungspolitik\/\" \/>\n<meta property=\"og:locale\" content=\"de_DE\" \/>\n<meta property=\"og:type\" content=\"article\" \/>\n<meta property=\"og:title\" content=\"Weiterbildungspolitik - SVEB\" \/>\n<meta property=\"og:description\" content=\"Der SVEB engagieret sich f\u00fcr die Revision des Weiterbildungsgesetzes WeBiG und f\u00fcr eine nationale Weiterbildungsstrategie mit klaren Zielen.\" \/>\n<meta property=\"og:url\" content=\"https:\/\/alice.ch\/de\/sveb\/weiterbildungspolitik\/\" \/>\n<meta property=\"og:site_name\" content=\"SVEB\" \/>\n<meta property=\"article:modified_time\" content=\"2025-04-17T08:25:26+00:00\" \/>\n<meta property=\"og:image\" content=\"https:\/\/alice.ch\/app\/uploads\/2022\/10\/icon-bildungspolitik.png\" \/>\n\t<meta property=\"og:image:width\" content=\"1402\" \/>\n\t<meta property=\"og:image:height\" content=\"1664\" \/>\n\t<meta property=\"og:image:type\" content=\"image\/png\" \/>\n<meta name=\"twitter:card\" content=\"summary_large_image\" \/>\n<meta name=\"twitter:label1\" content=\"Gesch\u00e4tzte Lesezeit\" \/>\n\t<meta name=\"twitter:data1\" content=\"2\u00a0Minuten\" \/>\n<script type=\"application\/ld+json\" class=\"yoast-schema-graph\">{\"@context\":\"https:\\\/\\\/schema.org\",\"@graph\":[{\"@type\":\"WebPage\",\"@id\":\"https:\\\/\\\/alice.ch\\\/de\\\/sveb\\\/weiterbildungspolitik\\\/\",\"url\":\"https:\\\/\\\/alice.ch\\\/de\\\/sveb\\\/weiterbildungspolitik\\\/\",\"name\":\"Weiterbildungspolitik - SVEB\",\"isPartOf\":{\"@id\":\"https:\\\/\\\/alice.ch\\\/de\\\/#website\"},\"primaryImageOfPage\":{\"@id\":\"https:\\\/\\\/alice.ch\\\/de\\\/sveb\\\/weiterbildungspolitik\\\/#primaryimage\"},\"image\":{\"@id\":\"https:\\\/\\\/alice.ch\\\/de\\\/sveb\\\/weiterbildungspolitik\\\/#primaryimage\"},\"thumbnailUrl\":\"https:\\\/\\\/alice.ch\\\/app\\\/uploads\\\/2022\\\/11\\\/default.jpg\",\"datePublished\":\"2022-12-02T11:45:08+00:00\",\"dateModified\":\"2025-04-17T08:25:26+00:00\",\"description\":\"Der SVEB engagieret sich f\u00fcr die Revision des Weiterbildungsgesetzes WeBiG und f\u00fcr eine nationale Weiterbildungsstrategie mit klaren Zielen.\",\"breadcrumb\":{\"@id\":\"https:\\\/\\\/alice.ch\\\/de\\\/sveb\\\/weiterbildungspolitik\\\/#breadcrumb\"},\"inLanguage\":\"de\",\"potentialAction\":[{\"@type\":\"ReadAction\",\"target\":[\"https:\\\/\\\/alice.ch\\\/de\\\/sveb\\\/weiterbildungspolitik\\\/\"]}]},{\"@type\":\"ImageObject\",\"inLanguage\":\"de\",\"@id\":\"https:\\\/\\\/alice.ch\\\/de\\\/sveb\\\/weiterbildungspolitik\\\/#primaryimage\",\"url\":\"https:\\\/\\\/alice.ch\\\/app\\\/uploads\\\/2022\\\/11\\\/default.jpg\",\"contentUrl\":\"https:\\\/\\\/alice.ch\\\/app\\\/uploads\\\/2022\\\/11\\\/default.jpg\",\"width\":1600,\"height\":900},{\"@type\":\"BreadcrumbList\",\"@id\":\"https:\\\/\\\/alice.ch\\\/de\\\/sveb\\\/weiterbildungspolitik\\\/#breadcrumb\",\"itemListElement\":[{\"@type\":\"ListItem\",\"position\":1,\"name\":\"Startseite\",\"item\":\"https:\\\/\\\/alice.ch\\\/de\\\/\"},{\"@type\":\"ListItem\",\"position\":2,\"name\":\"SVEB\",\"item\":\"https:\\\/\\\/alice.ch\\\/de\\\/sveb\\\/\"},{\"@type\":\"ListItem\",\"position\":3,\"name\":\"Weiterbildungspolitik\"}]},{\"@type\":\"WebSite\",\"@id\":\"https:\\\/\\\/alice.ch\\\/de\\\/#website\",\"url\":\"https:\\\/\\\/alice.ch\\\/de\\\/\",\"name\":\"alice.ch (Adult Learning Information Center) ist das Portal der Weiterbildung in der Schweiz.\",\"description\":\"Schweizerischer Verband f\u00fcr Weiterbildung\",\"publisher\":{\"@id\":\"https:\\\/\\\/alice.ch\\\/de\\\/#organization\"},\"potentialAction\":[{\"@type\":\"SearchAction\",\"target\":{\"@type\":\"EntryPoint\",\"urlTemplate\":\"https:\\\/\\\/alice.ch\\\/de\\\/?s={search_term_string}\"},\"query-input\":{\"@type\":\"PropertyValueSpecification\",\"valueRequired\":true,\"valueName\":\"search_term_string\"}}],\"inLanguage\":\"de\"},{\"@type\":\"Organization\",\"@id\":\"https:\\\/\\\/alice.ch\\\/de\\\/#organization\",\"name\":\"SVEB Schweizerischer Verband f\u00fcr Weiterbildung\",\"url\":\"https:\\\/\\\/alice.ch\\\/de\\\/\",\"logo\":{\"@type\":\"ImageObject\",\"inLanguage\":\"de\",\"@id\":\"https:\\\/\\\/alice.ch\\\/de\\\/#\\\/schema\\\/logo\\\/image\\\/\",\"url\":\"https:\\\/\\\/alice.ch\\\/app\\\/uploads\\\/2022\\\/07\\\/logo-sveb.png\",\"contentUrl\":\"https:\\\/\\\/alice.ch\\\/app\\\/uploads\\\/2022\\\/07\\\/logo-sveb.png\",\"width\":145,\"height\":64,\"caption\":\"SVEB Schweizerischer Verband f\u00fcr Weiterbildung\"},\"image\":{\"@id\":\"https:\\\/\\\/alice.ch\\\/de\\\/#\\\/schema\\\/logo\\\/image\\\/\"},\"sameAs\":[\"https:\\\/\\\/www.linkedin.com\\\/company\\\/schweizerischer-verband-fr-weiterbildung-sveb\\\/\"]}]}<\/script>\n<!-- \/ Yoast SEO plugin. -->","yoast_head_json":{"title":"Weiterbildungspolitik - SVEB","description":"Der SVEB engagieret sich f\u00fcr die Revision des Weiterbildungsgesetzes WeBiG und f\u00fcr eine nationale Weiterbildungsstrategie mit klaren Zielen.","robots":{"index":"index","follow":"follow","max-snippet":"max-snippet:-1","max-image-preview":"max-image-preview:large","max-video-preview":"max-video-preview:-1"},"canonical":"https:\/\/alice.ch\/de\/sveb\/weiterbildungspolitik\/","og_locale":"de_DE","og_type":"article","og_title":"Weiterbildungspolitik - SVEB","og_description":"Der SVEB engagieret sich f\u00fcr die Revision des Weiterbildungsgesetzes WeBiG und f\u00fcr eine nationale Weiterbildungsstrategie mit klaren Zielen.","og_url":"https:\/\/alice.ch\/de\/sveb\/weiterbildungspolitik\/","og_site_name":"SVEB","article_modified_time":"2025-04-17T08:25:26+00:00","og_image":[{"width":1402,"height":1664,"url":"https:\/\/alice.ch\/app\/uploads\/2022\/10\/icon-bildungspolitik.png","type":"image\/png"}],"twitter_card":"summary_large_image","twitter_misc":{"Gesch\u00e4tzte Lesezeit":"2\u00a0Minuten"},"schema":{"@context":"https:\/\/schema.org","@graph":[{"@type":"WebPage","@id":"https:\/\/alice.ch\/de\/sveb\/weiterbildungspolitik\/","url":"https:\/\/alice.ch\/de\/sveb\/weiterbildungspolitik\/","name":"Weiterbildungspolitik - SVEB","isPartOf":{"@id":"https:\/\/alice.ch\/de\/#website"},"primaryImageOfPage":{"@id":"https:\/\/alice.ch\/de\/sveb\/weiterbildungspolitik\/#primaryimage"},"image":{"@id":"https:\/\/alice.ch\/de\/sveb\/weiterbildungspolitik\/#primaryimage"},"thumbnailUrl":"https:\/\/alice.ch\/app\/uploads\/2022\/11\/default.jpg","datePublished":"2022-12-02T11:45:08+00:00","dateModified":"2025-04-17T08:25:26+00:00","description":"Der SVEB engagieret sich f\u00fcr die Revision des Weiterbildungsgesetzes WeBiG und f\u00fcr eine nationale Weiterbildungsstrategie mit klaren Zielen.","breadcrumb":{"@id":"https:\/\/alice.ch\/de\/sveb\/weiterbildungspolitik\/#breadcrumb"},"inLanguage":"de","potentialAction":[{"@type":"ReadAction","target":["https:\/\/alice.ch\/de\/sveb\/weiterbildungspolitik\/"]}]},{"@type":"ImageObject","inLanguage":"de","@id":"https:\/\/alice.ch\/de\/sveb\/weiterbildungspolitik\/#primaryimage","url":"https:\/\/alice.ch\/app\/uploads\/2022\/11\/default.jpg","contentUrl":"https:\/\/alice.ch\/app\/uploads\/2022\/11\/default.jpg","width":1600,"height":900},{"@type":"BreadcrumbList","@id":"https:\/\/alice.ch\/de\/sveb\/weiterbildungspolitik\/#breadcrumb","itemListElement":[{"@type":"ListItem","position":1,"name":"Startseite","item":"https:\/\/alice.ch\/de\/"},{"@type":"ListItem","position":2,"name":"SVEB","item":"https:\/\/alice.ch\/de\/sveb\/"},{"@type":"ListItem","position":3,"name":"Weiterbildungspolitik"}]},{"@type":"WebSite","@id":"https:\/\/alice.ch\/de\/#website","url":"https:\/\/alice.ch\/de\/","name":"alice.ch (Adult Learning Information Center) ist das Portal der Weiterbildung in der Schweiz.","description":"Schweizerischer Verband f\u00fcr Weiterbildung","publisher":{"@id":"https:\/\/alice.ch\/de\/#organization"},"potentialAction":[{"@type":"SearchAction","target":{"@type":"EntryPoint","urlTemplate":"https:\/\/alice.ch\/de\/?s={search_term_string}"},"query-input":{"@type":"PropertyValueSpecification","valueRequired":true,"valueName":"search_term_string"}}],"inLanguage":"de"},{"@type":"Organization","@id":"https:\/\/alice.ch\/de\/#organization","name":"SVEB Schweizerischer Verband f\u00fcr Weiterbildung","url":"https:\/\/alice.ch\/de\/","logo":{"@type":"ImageObject","inLanguage":"de","@id":"https:\/\/alice.ch\/de\/#\/schema\/logo\/image\/","url":"https:\/\/alice.ch\/app\/uploads\/2022\/07\/logo-sveb.png","contentUrl":"https:\/\/alice.ch\/app\/uploads\/2022\/07\/logo-sveb.png","width":145,"height":64,"caption":"SVEB Schweizerischer Verband f\u00fcr Weiterbildung"},"image":{"@id":"https:\/\/alice.ch\/de\/#\/schema\/logo\/image\/"},"sameAs":["https:\/\/www.linkedin.com\/company\/schweizerischer-verband-fr-weiterbildung-sveb\/"]}]}},"_links":{"self":[{"href":"https:\/\/alice.ch\/de\/wp-json\/wp\/v2\/pages\/31920","targetHints":{"allow":["GET"]}}],"collection":[{"href":"https:\/\/alice.ch\/de\/wp-json\/wp\/v2\/pages"}],"about":[{"href":"https:\/\/alice.ch\/de\/wp-json\/wp\/v2\/types\/page"}],"author":[{"embeddable":true,"href":"https:\/\/alice.ch\/de\/wp-json\/wp\/v2\/users\/4"}],"replies":[{"embeddable":true,"href":"https:\/\/alice.ch\/de\/wp-json\/wp\/v2\/comments?post=31920"}],"version-history":[{"count":9,"href":"https:\/\/alice.ch\/de\/wp-json\/wp\/v2\/pages\/31920\/revisions"}],"predecessor-version":[{"id":67591,"href":"https:\/\/alice.ch\/de\/wp-json\/wp\/v2\/pages\/31920\/revisions\/67591"}],"up":[{"embeddable":true,"href":"https:\/\/alice.ch\/de\/wp-json\/wp\/v2\/pages\/35"}],"wp:featuredmedia":[{"embeddable":true,"href":"https:\/\/alice.ch\/de\/wp-json\/wp\/v2\/media\/20799"}],"wp:attachment":[{"href":"https:\/\/alice.ch\/de\/wp-json\/wp\/v2\/media?parent=31920"}],"curies":[{"name":"wp","href":"https:\/\/api.w.org\/{rel}","templated":true}]}}