{"id":32846,"date":"2022-12-05T14:44:07","date_gmt":"2022-12-05T13:44:07","guid":{"rendered":"https:\/\/alice.ch\/?page_id=32846"},"modified":"2026-02-08T15:46:08","modified_gmt":"2026-02-08T14:46:08","slug":"dokumente","status":"publish","type":"page","link":"https:\/\/alice.ch\/de\/professionalisierung\/eidg-fachausweis-ausbilderin-ausbilder\/dokumente\/","title":{"rendered":"Dokumente Zentrale \u00dcberpr\u00fcfung Fachausweis 2015"},"content":{"rendered":"\n<div class=\"wp-block-group is-style-reduced-width is-layout-constrained wp-block-group-is-layout-constrained\">\n<h1 class=\"wp-block-heading\">Dokumente Zentrale \u00dcberpr\u00fcfung Fachausweis 2015<\/h1>\n\n\n\n<div class=\"wp-block-columns is-layout-flex wp-container-core-columns-is-layout-28f84493 wp-block-columns-is-layout-flex\">\n<div class=\"wp-block-column is-layout-flow wp-block-column-is-layout-flow\" style=\"flex-basis:100%\">\n<div class=\"wp-block-columns is-layout-flex wp-container-core-columns-is-layout-28f84493 wp-block-columns-is-layout-flex\">\n<div class=\"wp-block-column is-layout-flow wp-block-column-is-layout-flow\" style=\"flex-basis:50%\">\n<div class=\"wp-block-file\"><a id=\"wp-block-file--media-eec9df04-5b29-4ed0-89c9-db8c1ad39e07\" href=\"https:\/\/alice.ch\/app\/uploads\/2022\/12\/1_Informationsblatt-Zentrale-Ueberpruefung.pdf\" target=\"_blank\" rel=\"noreferrer noopener\">Informationsblatt Zentrale U\u0308berpru\u0308fung<br \/>PDF &#8211; 1 MB<\/a><\/div>\n\n\n\n<div class=\"wp-block-file\"><a id=\"wp-block-file--media-eec9df04-5b29-4ed0-89c9-db8c1ad39e07\" href=\"https:\/\/alice.ch\/app\/uploads\/2023\/04\/Antrag-Zulassung_0923.pdf\" target=\"_blank\" rel=\"noreferrer noopener\">Antrag Zulassung<br \/>PDF &#8211; 439 KB<\/a><\/div>\n\n\n\n<div class=\"wp-block-file\"><a id=\"wp-block-file--media-eec9df04-5b29-4ed0-89c9-db8c1ad39e07\" href=\"https:\/\/alice.ch\/app\/uploads\/2023\/04\/Praxisnachweis_de_neue-Bezeichnungen.pdf\" target=\"_blank\" rel=\"noreferrer noopener\">Informationsblatt Praxisnachweis<br \/>PDF &#8211; 97 KB<\/a><\/div>\n\n\n\n<div class=\"wp-block-file\"><a id=\"wp-block-file--media-eec9df04-5b29-4ed0-89c9-db8c1ad39e07\" href=\"https:\/\/alice.ch\/app\/uploads\/2022\/12\/4_Tabelle-Nachweis-Praxisstunden.docx\" target=\"_blank\" rel=\"noreferrer noopener\">Tabelle Nachweis Praxisstunden<br \/>DOCX &#8211; 18 KB<\/a><\/div>\n\n\n\n<div class=\"wp-block-file\"><a id=\"wp-block-file--media-97295c0d-4f45-4f64-92d1-6c7ed35cf0e6\" href=\"https:\/\/alice.ch\/app\/uploads\/2023\/02\/infoblatt-supervision.pdf\">Informationsblatt Supervision<br \/>PDF &#8211; 297 KB<\/a><a href=\"https:\/\/alice.ch\/app\/uploads\/2023\/02\/infoblatt-supervision.pdf\" class=\"wp-block-file__button wp-element-button\" download aria-describedby=\"wp-block-file--media-97295c0d-4f45-4f64-92d1-6c7ed35cf0e6\">Herunterladen<br \/>PDF &#8211; 297 KB<\/a><\/div>\n\n\n\n<div class=\"wp-block-file\"><a id=\"wp-block-file--media-904acc6e-3600-43eb-b257-abf948ef93b9\" href=\"https:\/\/alice.ch\/app\/uploads\/2024\/03\/ada-gebuehren-kandidaten-1.pdf\" target=\"_blank\" rel=\"noreferrer noopener\">Geb\u00fchren f\u00fcr Kandidatinnen und Kandidaten<br \/>PDF &#8211; 567 KB<\/a><\/div>\n\n\n\n<div class=\"wp-block-file\"><a id=\"wp-block-file--media-eec9df04-5b29-4ed0-89c9-db8c1ad39e07\" href=\"https:\/\/alice.ch\/app\/uploads\/2022\/12\/6_Pruefungsordnung-ueber-die-Berufspruefung-fuer-Ausbilderin-Ausbilder.pdf\" target=\"_blank\" rel=\"noreferrer noopener\">Pru\u0308fungsordnung u\u0308ber die Berufspru\u0308fung fu\u0308r Ausbilderin\/Ausbilder<br \/>PDF &#8211; 156 KB<\/a><\/div>\n\n\n\n<div class=\"wp-block-file\"><a id=\"wp-block-file--media-eec9df04-5b29-4ed0-89c9-db8c1ad39e07\" href=\"https:\/\/alice.ch\/app\/uploads\/2022\/12\/7_Wegleitung-zur-Pruefungsordnung-Ausbilderin-Ausbilder.pdf\" target=\"_blank\" rel=\"noreferrer noopener\">Wegleitung zur Pru\u0308fungsordnung Ausbilderin\/Ausbilder<br \/>PDF &#8211; 328 KB<\/a><\/div>\n\n\n\n<div class=\"wp-block-file\"><a id=\"wp-block-file--media-eec9df04-5b29-4ed0-89c9-db8c1ad39e07\" href=\"https:\/\/alice.ch\/app\/uploads\/2022\/12\/8_Modulbeschreibungen.pdf\" target=\"_blank\" rel=\"noreferrer noopener\">Modulbeschreibungen<br \/>PDF &#8211; 203 KB<\/a><\/div>\n\n\n\n<div class=\"wp-block-file\"><a id=\"wp-block-file--media-eec9df04-5b29-4ed0-89c9-db8c1ad39e07\" href=\"https:\/\/alice.ch\/app\/uploads\/2022\/12\/9_Glossar.pdf\" target=\"_blank\" rel=\"noreferrer noopener\">Glossar<br \/>PDF &#8211; 414 KB<\/a><\/div>\n<\/div>\n\n\n\n<div class=\"wp-block-column is-layout-flow wp-block-column-is-layout-flow\" style=\"flex-basis:50%\"><\/div>\n<\/div>\n<\/div>\n<\/div>\n\n\n\n<p><\/p>\n\n\n\n<h2 class=\"wp-block-heading\">Kontakt<\/h2>\n\n\n\n<div class=\"wp-block-columns is-layout-flex wp-container-core-columns-is-layout-28f84493 wp-block-columns-is-layout-flex\">\n<div class=\"wp-block-column is-layout-flow wp-block-column-is-layout-flow\" style=\"flex-basis:50%\"><div class=\"contact-persons\">\n\n\t\t\t\t\t<div class=\"contact-person\">\n\t\t\t\t\tGesch\u00e4ftsstelle AdA<br \/>\t\t\t\t\tGerry Weibel<br \/>\t\t\t\t\t<br \/>\n\t\t\t\t\tSachbearbeiter AdA Baukasten<br \/>\r\nNationaler Koordinator eidg. Berufspr\u00fcfung Ausbilder\/-in mit Fachausweis<br \/>\t\t\t\t\t<a href=\"tel:+41 (0)44 319 71 62\">+41 (0)44 319 71 62<\/a><br \/>\t\t\t\t\t<a href=\"mailto:gerry.weibel@alice.ch\">gerry.weibel@alice.ch<\/a><br \/>\t\t\t\t\t<\/div>\n\t\t\t\t\t<\/div>\n<\/div>\n\n\n\n<div class=\"wp-block-column is-layout-flow wp-block-column-is-layout-flow\" style=\"flex-basis:50%\"><\/div>\n<\/div>\n<\/div>\n","protected":false},"excerpt":{"rendered":"<p>Dokumente Zentrale \u00dcberpr\u00fcfung Fachausweis 2015 Kontakt<\/p>\n","protected":false},"author":2,"featured_media":20799,"parent":562,"menu_order":409,"comment_status":"closed","ping_status":"closed","template":"","meta":{"_acf_changed":false,"inline_featured_image":false,"footnotes":""},"class_list":["post-32846","page","type-page","status-publish","has-post-thumbnail","hentry"],"acf":[],"yoast_head":"<!-- This site is optimized with the Yoast SEO plugin v27.3 - https:\/\/yoast.com\/product\/yoast-seo-wordpress\/ -->\n<title>Dokumente Zentrale \u00dcberpr\u00fcfung Fachausweis 2015 - SVEB<\/title>\n<meta name=\"description\" content=\"Informationsblatt Zentrale \u00dcberpr\u00fcfung\/Praxisnachweis\/Supervision, Antrag Zulassung, Tabelle Nachweis Praxisstunden, Geb\u00fchren, Pr\u00fcfungsordnung\" \/>\n<meta name=\"robots\" content=\"index, follow, max-snippet:-1, max-image-preview:large, max-video-preview:-1\" \/>\n<link rel=\"canonical\" href=\"https:\/\/alice.ch\/de\/professionalisierung\/eidg-fachausweis-ausbilderin-ausbilder\/dokumente\/\" \/>\n<meta property=\"og:locale\" content=\"de_DE\" \/>\n<meta property=\"og:type\" content=\"article\" \/>\n<meta property=\"og:title\" content=\"Dokumente Zentrale \u00dcberpr\u00fcfung Fachausweis 2015 - SVEB\" \/>\n<meta property=\"og:description\" content=\"Informationsblatt Zentrale \u00dcberpr\u00fcfung\/Praxisnachweis\/Supervision, Antrag Zulassung, Tabelle Nachweis Praxisstunden, Geb\u00fchren, Pr\u00fcfungsordnung\" \/>\n<meta property=\"og:url\" content=\"https:\/\/alice.ch\/de\/professionalisierung\/eidg-fachausweis-ausbilderin-ausbilder\/dokumente\/\" \/>\n<meta property=\"og:site_name\" content=\"SVEB\" \/>\n<meta property=\"article:modified_time\" content=\"2026-02-08T14:46:08+00:00\" \/>\n<meta property=\"og:image\" content=\"https:\/\/alice.ch\/app\/uploads\/2022\/11\/default.jpg\" \/>\n\t<meta property=\"og:image:width\" content=\"1600\" \/>\n\t<meta property=\"og:image:height\" content=\"900\" \/>\n\t<meta property=\"og:image:type\" content=\"image\/jpeg\" \/>\n<meta name=\"twitter:card\" content=\"summary_large_image\" \/>\n<meta name=\"twitter:label1\" content=\"Gesch\u00e4tzte Lesezeit\" \/>\n\t<meta name=\"twitter:data1\" content=\"1\u00a0Minute\" \/>\n<script type=\"application\/ld+json\" class=\"yoast-schema-graph\">{\"@context\":\"https:\\\/\\\/schema.org\",\"@graph\":[{\"@type\":\"WebPage\",\"@id\":\"https:\\\/\\\/alice.ch\\\/de\\\/professionalisierung\\\/eidg-fachausweis-ausbilderin-ausbilder\\\/dokumente\\\/\",\"url\":\"https:\\\/\\\/alice.ch\\\/de\\\/professionalisierung\\\/eidg-fachausweis-ausbilderin-ausbilder\\\/dokumente\\\/\",\"name\":\"Dokumente Zentrale \u00dcberpr\u00fcfung Fachausweis 2015 - SVEB\",\"isPartOf\":{\"@id\":\"https:\\\/\\\/alice.ch\\\/de\\\/#website\"},\"primaryImageOfPage\":{\"@id\":\"https:\\\/\\\/alice.ch\\\/de\\\/professionalisierung\\\/eidg-fachausweis-ausbilderin-ausbilder\\\/dokumente\\\/#primaryimage\"},\"image\":{\"@id\":\"https:\\\/\\\/alice.ch\\\/de\\\/professionalisierung\\\/eidg-fachausweis-ausbilderin-ausbilder\\\/dokumente\\\/#primaryimage\"},\"thumbnailUrl\":\"https:\\\/\\\/alice.ch\\\/app\\\/uploads\\\/2022\\\/11\\\/default.jpg\",\"datePublished\":\"2022-12-05T13:44:07+00:00\",\"dateModified\":\"2026-02-08T14:46:08+00:00\",\"description\":\"Informationsblatt Zentrale \u00dcberpr\u00fcfung\\\/Praxisnachweis\\\/Supervision, Antrag Zulassung, Tabelle Nachweis Praxisstunden, Geb\u00fchren, Pr\u00fcfungsordnung\",\"breadcrumb\":{\"@id\":\"https:\\\/\\\/alice.ch\\\/de\\\/professionalisierung\\\/eidg-fachausweis-ausbilderin-ausbilder\\\/dokumente\\\/#breadcrumb\"},\"inLanguage\":\"de\",\"potentialAction\":[{\"@type\":\"ReadAction\",\"target\":[\"https:\\\/\\\/alice.ch\\\/de\\\/professionalisierung\\\/eidg-fachausweis-ausbilderin-ausbilder\\\/dokumente\\\/\"]}]},{\"@type\":\"ImageObject\",\"inLanguage\":\"de\",\"@id\":\"https:\\\/\\\/alice.ch\\\/de\\\/professionalisierung\\\/eidg-fachausweis-ausbilderin-ausbilder\\\/dokumente\\\/#primaryimage\",\"url\":\"https:\\\/\\\/alice.ch\\\/app\\\/uploads\\\/2022\\\/11\\\/default.jpg\",\"contentUrl\":\"https:\\\/\\\/alice.ch\\\/app\\\/uploads\\\/2022\\\/11\\\/default.jpg\",\"width\":1600,\"height\":900},{\"@type\":\"BreadcrumbList\",\"@id\":\"https:\\\/\\\/alice.ch\\\/de\\\/professionalisierung\\\/eidg-fachausweis-ausbilderin-ausbilder\\\/dokumente\\\/#breadcrumb\",\"itemListElement\":[{\"@type\":\"ListItem\",\"position\":1,\"name\":\"Startseite\",\"item\":\"https:\\\/\\\/alice.ch\\\/de\\\/\"},{\"@type\":\"ListItem\",\"position\":2,\"name\":\"Professionalisierung\",\"item\":\"https:\\\/\\\/alice.ch\\\/de\\\/professionalisierung\\\/\"},{\"@type\":\"ListItem\",\"position\":3,\"name\":\"Eidgen\u00f6ssischer Fachausweis Ausbilderin\\\/Ausbilder\",\"item\":\"https:\\\/\\\/alice.ch\\\/de\\\/professionalisierung\\\/eidg-fachausweis-ausbilderin-ausbilder\\\/\"},{\"@type\":\"ListItem\",\"position\":4,\"name\":\"Dokumente Zentrale \u00dcberpr\u00fcfung Fachausweis 2015\"}]},{\"@type\":\"WebSite\",\"@id\":\"https:\\\/\\\/alice.ch\\\/de\\\/#website\",\"url\":\"https:\\\/\\\/alice.ch\\\/de\\\/\",\"name\":\"alice.ch (Adult Learning Information Center) ist das Portal der Weiterbildung in der Schweiz.\",\"description\":\"Schweizerischer Verband f\u00fcr Weiterbildung\",\"publisher\":{\"@id\":\"https:\\\/\\\/alice.ch\\\/de\\\/#organization\"},\"potentialAction\":[{\"@type\":\"SearchAction\",\"target\":{\"@type\":\"EntryPoint\",\"urlTemplate\":\"https:\\\/\\\/alice.ch\\\/de\\\/?s={search_term_string}\"},\"query-input\":{\"@type\":\"PropertyValueSpecification\",\"valueRequired\":true,\"valueName\":\"search_term_string\"}}],\"inLanguage\":\"de\"},{\"@type\":\"Organization\",\"@id\":\"https:\\\/\\\/alice.ch\\\/de\\\/#organization\",\"name\":\"SVEB Schweizerischer Verband f\u00fcr Weiterbildung\",\"url\":\"https:\\\/\\\/alice.ch\\\/de\\\/\",\"logo\":{\"@type\":\"ImageObject\",\"inLanguage\":\"de\",\"@id\":\"https:\\\/\\\/alice.ch\\\/de\\\/#\\\/schema\\\/logo\\\/image\\\/\",\"url\":\"https:\\\/\\\/alice.ch\\\/app\\\/uploads\\\/2022\\\/07\\\/logo-sveb.png\",\"contentUrl\":\"https:\\\/\\\/alice.ch\\\/app\\\/uploads\\\/2022\\\/07\\\/logo-sveb.png\",\"width\":145,\"height\":64,\"caption\":\"SVEB Schweizerischer Verband f\u00fcr Weiterbildung\"},\"image\":{\"@id\":\"https:\\\/\\\/alice.ch\\\/de\\\/#\\\/schema\\\/logo\\\/image\\\/\"},\"sameAs\":[\"https:\\\/\\\/www.linkedin.com\\\/company\\\/schweizerischer-verband-fr-weiterbildung-sveb\\\/\"]}]}<\/script>\n<!-- \/ Yoast SEO plugin. -->","yoast_head_json":{"title":"Dokumente Zentrale \u00dcberpr\u00fcfung Fachausweis 2015 - SVEB","description":"Informationsblatt Zentrale \u00dcberpr\u00fcfung\/Praxisnachweis\/Supervision, Antrag Zulassung, Tabelle Nachweis Praxisstunden, Geb\u00fchren, Pr\u00fcfungsordnung","robots":{"index":"index","follow":"follow","max-snippet":"max-snippet:-1","max-image-preview":"max-image-preview:large","max-video-preview":"max-video-preview:-1"},"canonical":"https:\/\/alice.ch\/de\/professionalisierung\/eidg-fachausweis-ausbilderin-ausbilder\/dokumente\/","og_locale":"de_DE","og_type":"article","og_title":"Dokumente Zentrale \u00dcberpr\u00fcfung Fachausweis 2015 - SVEB","og_description":"Informationsblatt Zentrale \u00dcberpr\u00fcfung\/Praxisnachweis\/Supervision, Antrag Zulassung, Tabelle Nachweis Praxisstunden, Geb\u00fchren, Pr\u00fcfungsordnung","og_url":"https:\/\/alice.ch\/de\/professionalisierung\/eidg-fachausweis-ausbilderin-ausbilder\/dokumente\/","og_site_name":"SVEB","article_modified_time":"2026-02-08T14:46:08+00:00","og_image":[{"width":1600,"height":900,"url":"https:\/\/alice.ch\/app\/uploads\/2022\/11\/default.jpg","type":"image\/jpeg"}],"twitter_card":"summary_large_image","twitter_misc":{"Gesch\u00e4tzte Lesezeit":"1\u00a0Minute"},"schema":{"@context":"https:\/\/schema.org","@graph":[{"@type":"WebPage","@id":"https:\/\/alice.ch\/de\/professionalisierung\/eidg-fachausweis-ausbilderin-ausbilder\/dokumente\/","url":"https:\/\/alice.ch\/de\/professionalisierung\/eidg-fachausweis-ausbilderin-ausbilder\/dokumente\/","name":"Dokumente Zentrale \u00dcberpr\u00fcfung Fachausweis 2015 - SVEB","isPartOf":{"@id":"https:\/\/alice.ch\/de\/#website"},"primaryImageOfPage":{"@id":"https:\/\/alice.ch\/de\/professionalisierung\/eidg-fachausweis-ausbilderin-ausbilder\/dokumente\/#primaryimage"},"image":{"@id":"https:\/\/alice.ch\/de\/professionalisierung\/eidg-fachausweis-ausbilderin-ausbilder\/dokumente\/#primaryimage"},"thumbnailUrl":"https:\/\/alice.ch\/app\/uploads\/2022\/11\/default.jpg","datePublished":"2022-12-05T13:44:07+00:00","dateModified":"2026-02-08T14:46:08+00:00","description":"Informationsblatt Zentrale \u00dcberpr\u00fcfung\/Praxisnachweis\/Supervision, Antrag Zulassung, Tabelle Nachweis Praxisstunden, Geb\u00fchren, Pr\u00fcfungsordnung","breadcrumb":{"@id":"https:\/\/alice.ch\/de\/professionalisierung\/eidg-fachausweis-ausbilderin-ausbilder\/dokumente\/#breadcrumb"},"inLanguage":"de","potentialAction":[{"@type":"ReadAction","target":["https:\/\/alice.ch\/de\/professionalisierung\/eidg-fachausweis-ausbilderin-ausbilder\/dokumente\/"]}]},{"@type":"ImageObject","inLanguage":"de","@id":"https:\/\/alice.ch\/de\/professionalisierung\/eidg-fachausweis-ausbilderin-ausbilder\/dokumente\/#primaryimage","url":"https:\/\/alice.ch\/app\/uploads\/2022\/11\/default.jpg","contentUrl":"https:\/\/alice.ch\/app\/uploads\/2022\/11\/default.jpg","width":1600,"height":900},{"@type":"BreadcrumbList","@id":"https:\/\/alice.ch\/de\/professionalisierung\/eidg-fachausweis-ausbilderin-ausbilder\/dokumente\/#breadcrumb","itemListElement":[{"@type":"ListItem","position":1,"name":"Startseite","item":"https:\/\/alice.ch\/de\/"},{"@type":"ListItem","position":2,"name":"Professionalisierung","item":"https:\/\/alice.ch\/de\/professionalisierung\/"},{"@type":"ListItem","position":3,"name":"Eidgen\u00f6ssischer Fachausweis Ausbilderin\/Ausbilder","item":"https:\/\/alice.ch\/de\/professionalisierung\/eidg-fachausweis-ausbilderin-ausbilder\/"},{"@type":"ListItem","position":4,"name":"Dokumente Zentrale \u00dcberpr\u00fcfung Fachausweis 2015"}]},{"@type":"WebSite","@id":"https:\/\/alice.ch\/de\/#website","url":"https:\/\/alice.ch\/de\/","name":"alice.ch (Adult Learning Information Center) ist das Portal der Weiterbildung in der Schweiz.","description":"Schweizerischer Verband f\u00fcr Weiterbildung","publisher":{"@id":"https:\/\/alice.ch\/de\/#organization"},"potentialAction":[{"@type":"SearchAction","target":{"@type":"EntryPoint","urlTemplate":"https:\/\/alice.ch\/de\/?s={search_term_string}"},"query-input":{"@type":"PropertyValueSpecification","valueRequired":true,"valueName":"search_term_string"}}],"inLanguage":"de"},{"@type":"Organization","@id":"https:\/\/alice.ch\/de\/#organization","name":"SVEB Schweizerischer Verband f\u00fcr Weiterbildung","url":"https:\/\/alice.ch\/de\/","logo":{"@type":"ImageObject","inLanguage":"de","@id":"https:\/\/alice.ch\/de\/#\/schema\/logo\/image\/","url":"https:\/\/alice.ch\/app\/uploads\/2022\/07\/logo-sveb.png","contentUrl":"https:\/\/alice.ch\/app\/uploads\/2022\/07\/logo-sveb.png","width":145,"height":64,"caption":"SVEB Schweizerischer Verband f\u00fcr Weiterbildung"},"image":{"@id":"https:\/\/alice.ch\/de\/#\/schema\/logo\/image\/"},"sameAs":["https:\/\/www.linkedin.com\/company\/schweizerischer-verband-fr-weiterbildung-sveb\/"]}]}},"_links":{"self":[{"href":"https:\/\/alice.ch\/de\/wp-json\/wp\/v2\/pages\/32846","targetHints":{"allow":["GET"]}}],"collection":[{"href":"https:\/\/alice.ch\/de\/wp-json\/wp\/v2\/pages"}],"about":[{"href":"https:\/\/alice.ch\/de\/wp-json\/wp\/v2\/types\/page"}],"author":[{"embeddable":true,"href":"https:\/\/alice.ch\/de\/wp-json\/wp\/v2\/users\/2"}],"replies":[{"embeddable":true,"href":"https:\/\/alice.ch\/de\/wp-json\/wp\/v2\/comments?post=32846"}],"version-history":[{"count":22,"href":"https:\/\/alice.ch\/de\/wp-json\/wp\/v2\/pages\/32846\/revisions"}],"predecessor-version":[{"id":71219,"href":"https:\/\/alice.ch\/de\/wp-json\/wp\/v2\/pages\/32846\/revisions\/71219"}],"up":[{"embeddable":true,"href":"https:\/\/alice.ch\/de\/wp-json\/wp\/v2\/pages\/562"}],"wp:featuredmedia":[{"embeddable":true,"href":"https:\/\/alice.ch\/de\/wp-json\/wp\/v2\/media\/20799"}],"wp:attachment":[{"href":"https:\/\/alice.ch\/de\/wp-json\/wp\/v2\/media?parent=32846"}],"curies":[{"name":"wp","href":"https:\/\/api.w.org\/{rel}","templated":true}]}}