{"id":344,"date":"2022-08-16T15:35:50","date_gmt":"2022-08-16T13:35:50","guid":{"rendered":"https:\/\/projects.atxeit.ch\/sveb\/?page_id=344"},"modified":"2026-02-16T15:47:45","modified_gmt":"2026-02-16T14:47:45","slug":"digitalisierung-in-der-weiterbildung","status":"publish","type":"page","link":"https:\/\/alice.ch\/de\/themen\/digitalisierung-in-der-weiterbildung\/","title":{"rendered":"Digitalisierung in der Weiterbildung"},"content":{"rendered":"\n<div class=\"wp-block-group is-style-reduced-width is-layout-flow wp-block-group-is-layout-flow\">\n<h1 class=\"wp-block-heading\">Digitalisierung und Weiterbildung<\/h1>\n\n\n\n<p class=\"is-style-lead\">Durch die st\u00e4ndig wachsende Vernetzung der digitalen Technologien, rasant ansteigende Datenmengen und die M\u00f6glichkeiten, diese immer schneller auszuwerten, ver\u00e4ndern sich Gesch\u00e4ftsmodelle, die Gesellschaft und nicht zuletzt unser Alltag.<\/p>\n\n\n\n<p class=\"is-style-default\">Die Weiterbildung ist in diesem Kontext als Vermittlerin der Kompetenzen im Umgang mit neuen Anwendungen gefordert und wird gleichzeitig auch selbst von den digitalen Entwicklungen ver\u00e4ndert.<\/p>\n\n\n\n<h2 class=\"wp-block-heading\">Vermittlerin der neuen Kompetenzen<\/h2>\n\n\n\n<p>Um die gesellschaftlichen und wirtschaftlichen Folgen der Digitalisierung zu meistern, ist die Weiterbildung in drei Bereichen als Vermittlerin gefordert.<\/p>\n\n\n\n<h3 class=\"wp-block-heading\">1. Digitale Grundkompetenzen<\/h3>\n\n\n\n<p>Die&nbsp;<a href=\"https:\/\/www.digitaldialog.swiss\/de\/\" target=\"_blank\" rel=\"noreferrer noopener\">Strategie des Bundesrates zur digitalen Schweiz<\/a>&nbsp;sieht als Kernziel vor, dass die gesamte Bev\u00f6lkerung bef\u00e4higt wird, die digitalen Informations- und Kommunikationstechnologien (IKT) zu nutzen. Rund 1,5 Millionen Personen in der Schweiz besitzen diese grundlegenden Kompetenzen jedoch nicht. Basierend auf dem&nbsp;<a href=\"https:\/\/www.fedlex.admin.ch\/eli\/cc\/2016\/132\/de#art_13\" target=\"_blank\" rel=\"noreferrer noopener\">Weiterbildungsgesetz Art. 13\u201316<\/a>&nbsp;soll die Weiterbildung dazu beitragen, IKT-Kenntnisse im Rahmen der Grundkompetenzen bei Betroffenen zu f\u00f6rdern.<\/p>\n\n\n\n<h3 class=\"wp-block-heading\">2. IKT-Fachkr\u00e4ftemangel<\/h3>\n\n\n\n<p>Damit Schweizer Unternehmen mit der kontinuierlichen Digitalisierung der Wirtschaft Schritt halten k\u00f6nnen, ben\u00f6tigen sie qualifiziertes Personal, welches auf dem aktuellen Stand der Entwicklung ist. Die Weiterbildung kann hier schneller und flexibler als die formale Bildung die Nachfrage aus der Wirtschaft aufnehmen und laufend den technologischen Entwicklungen anpassen.<\/p>\n\n\n\n<h3 class=\"wp-block-heading\">3. Komplement\u00e4re Kompetenzen<\/h3>\n\n\n\n<p>Die Digitalisierung ver\u00e4ndert die Berufsbilder. Die Auswirkungen dieser Ver\u00e4nderungen gehen aber weit \u00fcber das Digitale hinaus. Eine&nbsp;Studie der Hochschule f\u00fcr Wirtschaft in Z\u00fcrich (HWZ)&nbsp;zu kaufm\u00e4nnischen Berufen zeigt beispielsweise, dass insbesondere Selbst-, Sozial- und Methodenkompetenzen wichtiger werden. Das heisst konkret, Kompetenzen wie Probleml\u00f6sungsf\u00e4higkeit, Flexibilit\u00e4t und Teamf\u00e4higkeit sind entscheidend, um die neuen Technologien effizient zu nutzen, sinnvoll einzusetzen und f\u00fcr diese Neuerungen offen zu sein. F\u00fcr die Digitalisierung fit zu sein, bedeutet also weit mehr als nur technologische Versiertheit. In der Vermittlung dieser F\u00e4higkeiten hat die Weiterbildung eine lange Tradition und viel Erfahrung.<\/p>\n\n\n\n<h2 class=\"wp-block-heading\">Digitalisierung der Weiterbildung<\/h2>\n\n\n\n<p>Digitalisierung in der Weiterbildung bedeutet nicht nur, dass der Umgang mit neuen Technologien geschult werden muss, sondern dass diese neuen Technologien auch in den Unterricht miteinbezogen und genutzt werden. Die Weiterbildungsplattform&nbsp;<a href=\"https:\/\/wb-web.de\/dossiers\/Digitalisierung-in-der-Erwachsenenbildung-1.html\" target=\"_blank\" rel=\"noreferrer noopener\">wb-web<\/a>&nbsp;aus Deutschland hat die aktuellen Trends dazu aufgearbeitet und n\u00fctzliche Hinweise und Tipps gesammelt. Der&nbsp;<a href=\"http:\/\/erwachsenenbildung.at\/ebmooc\/\" target=\"_blank\" rel=\"noreferrer noopener\">EBmooc<\/a>&nbsp;aus \u00d6sterreich nutzt direkt ein digitales Format, um das Personal aus der Weiterbildung in digitalen Technologien zu schulen.<\/p>\n\n\n\n<p>W\u00e4hrend viele Technologien bereits im Einsatz sind, ist der Erkenntnisstand zu ihrer Wirkung und ihrem Nutzen noch gering. Eine Aufgabe der n\u00e4chsten Jahre wird es sein, auch f\u00fcr die digitale Weiterbildung Qualit\u00e4tsstandards und -merkmale zu definieren.<\/p>\n\n\n\n<h2 class=\"wp-block-heading\">Weitere Informationen<\/h2>\n\n\n\n<div class=\"wp-block-buttons is-layout-flex wp-block-buttons-is-layout-flex\">\n<div class=\"wp-block-button has-custom-width wp-block-button__width-50 is-style-outline is-style-outline--1\"><a class=\"wp-block-button__link wp-element-button\" href=\"https:\/\/alice.ch\/de\/themen\/digitalisierung-in-der-weiterbildung\/digitale-transformation\/\">Digitale Transformation<\/a><\/div>\n\n\n\n<div class=\"wp-block-button has-custom-width wp-block-button__width-50 is-style-outline is-style-outline--2\"><a class=\"wp-block-button__link wp-element-button\" href=\"https:\/\/alice.ch\/de\/themen\/digitalisierung-in-der-weiterbildung\/digitales-lernen\/\">Digitales Lernen<\/a><\/div>\n<\/div>\n\n\n\n<div class=\"wp-block-buttons is-layout-flex wp-block-buttons-is-layout-flex\">\n<div class=\"wp-block-button has-custom-width wp-block-button__width-50 is-style-outline is-style-outline--3\"><a class=\"wp-block-button__link wp-element-button\" href=\"https:\/\/alice.ch\/de\/themen\/digitalisierung-in-der-weiterbildung\/ki-in-der-weiterbildung\/\">KI in der Weiterbildung<\/a><\/div>\n<\/div>\n\n\n\n<h2 class=\"wp-block-heading\">Kontakt<\/h2>\n\n\n\n<div class=\"wp-block-columns is-layout-flex wp-container-core-columns-is-layout-28f84493 wp-block-columns-is-layout-flex\">\n<div class=\"wp-block-column is-layout-flow wp-block-column-is-layout-flow\" style=\"flex-basis:50%\"><div class=\"contact-persons\">\n\n\t\t\t\t\t<div class=\"contact-person\">\n\t\t\t\t\tIrena Sgier<br \/>\t\t\t\t\t Stv. Direktorin, Leiterin Forschung, Entwicklung und Innovation<br \/>\t\t\t\t\t<br \/>\n\t\t\t\t\t\t\t\t\t\t<a href=\"tel:+41 (0)44 319 71 59\">+41 (0)44 319 71 59<\/a><br \/>\t\t\t\t\t<a href=\"mailto:irena.sgier@alice.ch\">irena.sgier@alice.ch<\/a><br \/>\t\t\t\t\t<\/div>\n\t\t\t\t\t<\/div>\n<\/div>\n\n\n\n<div class=\"wp-block-column is-layout-flow wp-block-column-is-layout-flow\" style=\"flex-basis:50%\"><\/div>\n<\/div>\n<\/div>\n","protected":false},"excerpt":{"rendered":"<p>Digitalisierung und Weiterbildung Durch die st\u00e4ndig wachsende Vernetzung der digitalen Technologien, rasant ansteigende Datenmengen und die M\u00f6glichkeiten, diese immer schneller [&hellip;]<\/p>\n","protected":false},"author":2,"featured_media":20799,"parent":23,"menu_order":93,"comment_status":"closed","ping_status":"closed","template":"","meta":{"_acf_changed":false,"inline_featured_image":false,"footnotes":""},"class_list":["post-344","page","type-page","status-publish","has-post-thumbnail","hentry"],"acf":[],"yoast_head":"<!-- This site is optimized with the Yoast SEO plugin v27.3 - https:\/\/yoast.com\/product\/yoast-seo-wordpress\/ -->\n<title>Digitalisierung in der Weiterbildung - SVEB<\/title>\n<meta name=\"description\" content=\"Die Digitalisierung f\u00fchrt in der Weiterbildung zu neuen Bildungsinhalten und schafft neue Lehr- und Lernmethoden.\" \/>\n<meta name=\"robots\" content=\"index, follow, max-snippet:-1, max-image-preview:large, max-video-preview:-1\" \/>\n<link rel=\"canonical\" href=\"https:\/\/alice.ch\/de\/themen\/digitalisierung-in-der-weiterbildung\/\" \/>\n<meta property=\"og:locale\" content=\"de_DE\" \/>\n<meta property=\"og:type\" content=\"article\" \/>\n<meta property=\"og:title\" content=\"Digitalisierung in der Weiterbildung - SVEB\" \/>\n<meta property=\"og:description\" content=\"Die Digitalisierung f\u00fchrt in der Weiterbildung zu neuen Bildungsinhalten und schafft neue Lehr- und Lernmethoden.\" \/>\n<meta property=\"og:url\" content=\"https:\/\/alice.ch\/de\/themen\/digitalisierung-in-der-weiterbildung\/\" \/>\n<meta property=\"og:site_name\" content=\"SVEB\" \/>\n<meta property=\"article:modified_time\" content=\"2026-02-16T14:47:45+00:00\" \/>\n<meta name=\"twitter:card\" content=\"summary_large_image\" \/>\n<meta name=\"twitter:label1\" content=\"Gesch\u00e4tzte Lesezeit\" \/>\n\t<meta name=\"twitter:data1\" content=\"3\u00a0Minuten\" \/>\n<script type=\"application\/ld+json\" class=\"yoast-schema-graph\">{\"@context\":\"https:\\\/\\\/schema.org\",\"@graph\":[{\"@type\":\"WebPage\",\"@id\":\"https:\\\/\\\/alice.ch\\\/de\\\/themen\\\/digitalisierung-in-der-weiterbildung\\\/\",\"url\":\"https:\\\/\\\/alice.ch\\\/de\\\/themen\\\/digitalisierung-in-der-weiterbildung\\\/\",\"name\":\"Digitalisierung in der Weiterbildung - SVEB\",\"isPartOf\":{\"@id\":\"https:\\\/\\\/alice.ch\\\/de\\\/#website\"},\"primaryImageOfPage\":{\"@id\":\"https:\\\/\\\/alice.ch\\\/de\\\/themen\\\/digitalisierung-in-der-weiterbildung\\\/#primaryimage\"},\"image\":{\"@id\":\"https:\\\/\\\/alice.ch\\\/de\\\/themen\\\/digitalisierung-in-der-weiterbildung\\\/#primaryimage\"},\"thumbnailUrl\":\"https:\\\/\\\/alice.ch\\\/app\\\/uploads\\\/2022\\\/11\\\/default.jpg\",\"datePublished\":\"2022-08-16T13:35:50+00:00\",\"dateModified\":\"2026-02-16T14:47:45+00:00\",\"description\":\"Die Digitalisierung f\u00fchrt in der Weiterbildung zu neuen Bildungsinhalten und schafft neue Lehr- und Lernmethoden.\",\"breadcrumb\":{\"@id\":\"https:\\\/\\\/alice.ch\\\/de\\\/themen\\\/digitalisierung-in-der-weiterbildung\\\/#breadcrumb\"},\"inLanguage\":\"de\",\"potentialAction\":[{\"@type\":\"ReadAction\",\"target\":[\"https:\\\/\\\/alice.ch\\\/de\\\/themen\\\/digitalisierung-in-der-weiterbildung\\\/\"]}]},{\"@type\":\"ImageObject\",\"inLanguage\":\"de\",\"@id\":\"https:\\\/\\\/alice.ch\\\/de\\\/themen\\\/digitalisierung-in-der-weiterbildung\\\/#primaryimage\",\"url\":\"https:\\\/\\\/alice.ch\\\/app\\\/uploads\\\/2022\\\/11\\\/default.jpg\",\"contentUrl\":\"https:\\\/\\\/alice.ch\\\/app\\\/uploads\\\/2022\\\/11\\\/default.jpg\",\"width\":771,\"height\":385},{\"@type\":\"BreadcrumbList\",\"@id\":\"https:\\\/\\\/alice.ch\\\/de\\\/themen\\\/digitalisierung-in-der-weiterbildung\\\/#breadcrumb\",\"itemListElement\":[{\"@type\":\"ListItem\",\"position\":1,\"name\":\"Startseite\",\"item\":\"https:\\\/\\\/alice.ch\\\/de\\\/\"},{\"@type\":\"ListItem\",\"position\":2,\"name\":\"Themen\",\"item\":\"https:\\\/\\\/alice.ch\\\/de\\\/themen\\\/\"},{\"@type\":\"ListItem\",\"position\":3,\"name\":\"Digitalisierung in der Weiterbildung\"}]},{\"@type\":\"WebSite\",\"@id\":\"https:\\\/\\\/alice.ch\\\/de\\\/#website\",\"url\":\"https:\\\/\\\/alice.ch\\\/de\\\/\",\"name\":\"alice.ch (Adult Learning Information Center) ist das Portal der Weiterbildung in der Schweiz.\",\"description\":\"Schweizerischer Verband f\u00fcr Weiterbildung\",\"publisher\":{\"@id\":\"https:\\\/\\\/alice.ch\\\/de\\\/#organization\"},\"potentialAction\":[{\"@type\":\"SearchAction\",\"target\":{\"@type\":\"EntryPoint\",\"urlTemplate\":\"https:\\\/\\\/alice.ch\\\/de\\\/?s={search_term_string}\"},\"query-input\":{\"@type\":\"PropertyValueSpecification\",\"valueRequired\":true,\"valueName\":\"search_term_string\"}}],\"inLanguage\":\"de\"},{\"@type\":\"Organization\",\"@id\":\"https:\\\/\\\/alice.ch\\\/de\\\/#organization\",\"name\":\"SVEB Schweizerischer Verband f\u00fcr Weiterbildung\",\"url\":\"https:\\\/\\\/alice.ch\\\/de\\\/\",\"logo\":{\"@type\":\"ImageObject\",\"inLanguage\":\"de\",\"@id\":\"https:\\\/\\\/alice.ch\\\/de\\\/#\\\/schema\\\/logo\\\/image\\\/\",\"url\":\"https:\\\/\\\/alice.ch\\\/app\\\/uploads\\\/2022\\\/07\\\/logo-sveb.png\",\"contentUrl\":\"https:\\\/\\\/alice.ch\\\/app\\\/uploads\\\/2022\\\/07\\\/logo-sveb.png\",\"width\":145,\"height\":64,\"caption\":\"SVEB Schweizerischer Verband f\u00fcr Weiterbildung\"},\"image\":{\"@id\":\"https:\\\/\\\/alice.ch\\\/de\\\/#\\\/schema\\\/logo\\\/image\\\/\"},\"sameAs\":[\"https:\\\/\\\/www.linkedin.com\\\/company\\\/schweizerischer-verband-fr-weiterbildung-sveb\\\/\"]}]}<\/script>\n<!-- \/ Yoast SEO plugin. -->","yoast_head_json":{"title":"Digitalisierung in der Weiterbildung - SVEB","description":"Die Digitalisierung f\u00fchrt in der Weiterbildung zu neuen Bildungsinhalten und schafft neue Lehr- und Lernmethoden.","robots":{"index":"index","follow":"follow","max-snippet":"max-snippet:-1","max-image-preview":"max-image-preview:large","max-video-preview":"max-video-preview:-1"},"canonical":"https:\/\/alice.ch\/de\/themen\/digitalisierung-in-der-weiterbildung\/","og_locale":"de_DE","og_type":"article","og_title":"Digitalisierung in der Weiterbildung - SVEB","og_description":"Die Digitalisierung f\u00fchrt in der Weiterbildung zu neuen Bildungsinhalten und schafft neue Lehr- und Lernmethoden.","og_url":"https:\/\/alice.ch\/de\/themen\/digitalisierung-in-der-weiterbildung\/","og_site_name":"SVEB","article_modified_time":"2026-02-16T14:47:45+00:00","twitter_card":"summary_large_image","twitter_misc":{"Gesch\u00e4tzte Lesezeit":"3\u00a0Minuten"},"schema":{"@context":"https:\/\/schema.org","@graph":[{"@type":"WebPage","@id":"https:\/\/alice.ch\/de\/themen\/digitalisierung-in-der-weiterbildung\/","url":"https:\/\/alice.ch\/de\/themen\/digitalisierung-in-der-weiterbildung\/","name":"Digitalisierung in der Weiterbildung - SVEB","isPartOf":{"@id":"https:\/\/alice.ch\/de\/#website"},"primaryImageOfPage":{"@id":"https:\/\/alice.ch\/de\/themen\/digitalisierung-in-der-weiterbildung\/#primaryimage"},"image":{"@id":"https:\/\/alice.ch\/de\/themen\/digitalisierung-in-der-weiterbildung\/#primaryimage"},"thumbnailUrl":"https:\/\/alice.ch\/app\/uploads\/2022\/11\/default.jpg","datePublished":"2022-08-16T13:35:50+00:00","dateModified":"2026-02-16T14:47:45+00:00","description":"Die Digitalisierung f\u00fchrt in der Weiterbildung zu neuen Bildungsinhalten und schafft neue Lehr- und Lernmethoden.","breadcrumb":{"@id":"https:\/\/alice.ch\/de\/themen\/digitalisierung-in-der-weiterbildung\/#breadcrumb"},"inLanguage":"de","potentialAction":[{"@type":"ReadAction","target":["https:\/\/alice.ch\/de\/themen\/digitalisierung-in-der-weiterbildung\/"]}]},{"@type":"ImageObject","inLanguage":"de","@id":"https:\/\/alice.ch\/de\/themen\/digitalisierung-in-der-weiterbildung\/#primaryimage","url":"https:\/\/alice.ch\/app\/uploads\/2022\/11\/default.jpg","contentUrl":"https:\/\/alice.ch\/app\/uploads\/2022\/11\/default.jpg","width":771,"height":385},{"@type":"BreadcrumbList","@id":"https:\/\/alice.ch\/de\/themen\/digitalisierung-in-der-weiterbildung\/#breadcrumb","itemListElement":[{"@type":"ListItem","position":1,"name":"Startseite","item":"https:\/\/alice.ch\/de\/"},{"@type":"ListItem","position":2,"name":"Themen","item":"https:\/\/alice.ch\/de\/themen\/"},{"@type":"ListItem","position":3,"name":"Digitalisierung in der Weiterbildung"}]},{"@type":"WebSite","@id":"https:\/\/alice.ch\/de\/#website","url":"https:\/\/alice.ch\/de\/","name":"alice.ch (Adult Learning Information Center) ist das Portal der Weiterbildung in der Schweiz.","description":"Schweizerischer Verband f\u00fcr Weiterbildung","publisher":{"@id":"https:\/\/alice.ch\/de\/#organization"},"potentialAction":[{"@type":"SearchAction","target":{"@type":"EntryPoint","urlTemplate":"https:\/\/alice.ch\/de\/?s={search_term_string}"},"query-input":{"@type":"PropertyValueSpecification","valueRequired":true,"valueName":"search_term_string"}}],"inLanguage":"de"},{"@type":"Organization","@id":"https:\/\/alice.ch\/de\/#organization","name":"SVEB Schweizerischer Verband f\u00fcr Weiterbildung","url":"https:\/\/alice.ch\/de\/","logo":{"@type":"ImageObject","inLanguage":"de","@id":"https:\/\/alice.ch\/de\/#\/schema\/logo\/image\/","url":"https:\/\/alice.ch\/app\/uploads\/2022\/07\/logo-sveb.png","contentUrl":"https:\/\/alice.ch\/app\/uploads\/2022\/07\/logo-sveb.png","width":145,"height":64,"caption":"SVEB Schweizerischer Verband f\u00fcr Weiterbildung"},"image":{"@id":"https:\/\/alice.ch\/de\/#\/schema\/logo\/image\/"},"sameAs":["https:\/\/www.linkedin.com\/company\/schweizerischer-verband-fr-weiterbildung-sveb\/"]}]}},"_links":{"self":[{"href":"https:\/\/alice.ch\/de\/wp-json\/wp\/v2\/pages\/344","targetHints":{"allow":["GET"]}}],"collection":[{"href":"https:\/\/alice.ch\/de\/wp-json\/wp\/v2\/pages"}],"about":[{"href":"https:\/\/alice.ch\/de\/wp-json\/wp\/v2\/types\/page"}],"author":[{"embeddable":true,"href":"https:\/\/alice.ch\/de\/wp-json\/wp\/v2\/users\/2"}],"replies":[{"embeddable":true,"href":"https:\/\/alice.ch\/de\/wp-json\/wp\/v2\/comments?post=344"}],"version-history":[{"count":34,"href":"https:\/\/alice.ch\/de\/wp-json\/wp\/v2\/pages\/344\/revisions"}],"predecessor-version":[{"id":73677,"href":"https:\/\/alice.ch\/de\/wp-json\/wp\/v2\/pages\/344\/revisions\/73677"}],"up":[{"embeddable":true,"href":"https:\/\/alice.ch\/de\/wp-json\/wp\/v2\/pages\/23"}],"wp:featuredmedia":[{"embeddable":true,"href":"https:\/\/alice.ch\/de\/wp-json\/wp\/v2\/media\/20799"}],"wp:attachment":[{"href":"https:\/\/alice.ch\/de\/wp-json\/wp\/v2\/media?parent=344"}],"curies":[{"name":"wp","href":"https:\/\/api.w.org\/{rel}","templated":true}]}}