{"id":345,"date":"2022-08-16T15:35:55","date_gmt":"2022-08-16T13:35:55","guid":{"rendered":"https:\/\/projects.atxeit.ch\/sveb\/?page_id=345"},"modified":"2024-07-16T14:42:29","modified_gmt":"2024-07-16T12:42:29","slug":"weiterbildung-und-kmu","status":"publish","type":"page","link":"https:\/\/alice.ch\/de\/themen\/weiterbildung-und-kmu\/","title":{"rendered":"Weiterbildung in KMU"},"content":{"rendered":"\n<div class=\"wp-block-group is-style-reduced-width is-layout-flow wp-block-group-is-layout-flow\">\n<h1 class=\"wp-block-heading\">Weiterbildung in KMU<\/h1>\n\n\n\n<p class=\"is-style-lead\">Kleinen und mittleren Unternehmen (KMU) kommt eine zentrale Bedeutung innerhalb des Schweizer Wirtschaftssystems zu. Sie machen rund 98 Prozent aller Unternehmen in der Schweiz aus und besch\u00e4ftigen fast die H\u00e4lfte aller in Unternehmen t\u00e4tigen Arbeitnehmerinnen und Arbeitnehmer. Entsprechend wichtig sind diese Unternehmen f\u00fcr die Weiterbildung von Schweizer Fachkr\u00e4ften.<\/p>\n\n\n\n<p>Gem\u00e4ss Erhebungen und Forschungsarbeiten hat die Gr\u00f6sse der Betriebe einen Einfluss auf die Art und Intensit\u00e4t betrieblicher Weiterbildung. Die vom Bundesamt f\u00fcr Statistik (BFS)&nbsp;im Rahmen der Erhebung \u00ab<a href=\"https:\/\/www.bfs.admin.ch\/bfs\/de\/home\/statistiken\/bildung-wissenschaft\/erhebungen\/sbw.html\" target=\"_blank\" rel=\"noreferrer noopener\">Aus- und Weiterbildung in Unternehmen<\/a>\u00bb erfassten Zahlen zeigen, dass kleinere Unternehmen im Schnitt weniger Weiterbildungsaktivit\u00e4ten umsetzen als gr\u00f6ssere. W\u00e4hrend Grossunternehmen oft \u00fcber eigene Abteilungen f\u00fcr die Weiterbildung ihrer Mitarbeitenden verf\u00fcgen, stellen sich f\u00fcr KMU andere Herausforderungen.<\/p>\n\n\n\n<p>Der SVEB m\u00f6chte mit Studien das Thema Weiterbildung f\u00fcr KMU zug\u00e4nglich machen. Dazu erarbeitet er Grundlagen, Ans\u00e4tze und Strategien zur Weiterbildung in KMU und vernetzt die Weiterbildungsanbieter mit der Wirtschaft.<\/p>\n\n\n\n<h2 class=\"wp-block-heading\">Studien des SVEB zum Thema<\/h2>\n\n\n\n<p>Der SVEB hat in den vergangenen Jahren bereits verschiedene Studien zum Thema Weiterbildung in KMU realisiert.<\/p>\n\n\n\n\t\n\t<div class=\"publication-item\">\n\t\t<div class=\"image\">\n\t\t\t<img decoding=\"async\" width=\"595\" height=\"841\" src=\"https:\/\/alice.ch\/app\/uploads\/2024\/04\/kmu-studie-2024-cover.jpg\" class=\"attachment-post-thumbnail size-post-thumbnail wp-post-image\" alt=\"\" srcset=\"https:\/\/alice.ch\/app\/uploads\/2024\/04\/kmu-studie-2024-cover.jpg 595w, https:\/\/alice.ch\/app\/uploads\/2024\/04\/kmu-studie-2024-cover-212x300.jpg 212w\" sizes=\"(max-width: 595px) 100vw, 595px\" \/>\t\t<\/div>\n\n\t\t<div class=\"content\">\n\t\t\t<h3>Bedeutung und Umsetzung von Weiterbildung in KMU<\/h3>\n\t\t\t<div class=\"description\"><p>In der Studie stehen Mikro- und Kleinunternehmen mit bis 50 Mitarbeitenden im Fokus. Sie basiert auf einer quantitativen Befragung von 386 Betrieben sowie 10 qualitativen Interviews mit KMU-Verantwortlichen. Sie zeigt, welche Bedeutung KMU der Weiterbildung zuschreiben und wie sie Weiterbildung umsetzen.<\/p>\n<\/div>\n\n\t\t\t<div class=\"meta\">\n\t\t\t\t<ul>\n\t\t\t\t\t\t\t\t\t\t\t<li><strong>Preis:<\/strong> kostenlos<\/li>\n\t\t\t\t\t\n\t\t\t\t\t\t\t\t\t\t\t<li><strong>Herausgeber:<\/strong> SVEB<\/li>\n\t\t\t\t\t\n\t\t\t\t\t\t\t\t\t\t\t<li><strong>Autor:<\/strong> Marianne M\u00fcller, Sofie Gollob, Franziska Hedinger <\/li>\n\t\t\t\t\t\n\t\t\t\t\t\t\t\t\t\t\t<li><strong>Vertrieb:<\/strong> SVEB, 58 Seiten<\/li>\n\t\t\t\t\t\n\t\t\t\t\t\n\t\t\t\t\t\n\t\t\t\t\t\t\t\t\t<\/ul>\n\n\t\t\t\t<ul class=\"actions\">\n\t\t\t\t\t\t\t\t\t\t\t<li><a class=\"button\" href=\"https:\/\/alice.ch\/de\/download-de\/?pub-id=59638\">Download<\/a><\/li>\n\t\t\t\t\t\n\t\t\t\t\t\t\t\t\t<\/ul>\n\t\t\t<\/div>\n\t\t<\/div>\n\n\n\t<\/div>\n\n\n\t\n\t\n\t<div class=\"publication-item\">\n\t\t<div class=\"image\">\n\t\t\t<img decoding=\"async\" width=\"1000\" height=\"1414\" src=\"https:\/\/alice.ch\/app\/uploads\/2022\/11\/210507_KMU-Studie_Cover_D.png\" class=\"attachment-post-thumbnail size-post-thumbnail wp-post-image\" alt=\"Download\" srcset=\"https:\/\/alice.ch\/app\/uploads\/2022\/11\/210507_KMU-Studie_Cover_D.png 1000w, https:\/\/alice.ch\/app\/uploads\/2022\/11\/210507_KMU-Studie_Cover_D-212x300.png 212w, https:\/\/alice.ch\/app\/uploads\/2022\/11\/210507_KMU-Studie_Cover_D-724x1024.png 724w, https:\/\/alice.ch\/app\/uploads\/2022\/11\/210507_KMU-Studie_Cover_D-768x1086.png 768w\" sizes=\"(max-width: 1000px) 100vw, 1000px\" \/>\t\t<\/div>\n\n\t\t<div class=\"content\">\n\t\t\t<h3>Auswirkungen der Corona-Pandemie auf die Weiterbildung in KMU<\/h3>\n\t\t\t<div class=\"description\"><p>Die Studie basiert auf einer Online-Befragung des SVEB vom Dezember 2020 bis Januar 2021 bei 123 KMU. Untersucht wurden die Auswirkungen der Corona-Pandemie auf die Weiterbildung in Klein- und Mittelunternehmen. Ein Grossteil der befragten KMU schreibt der Weiterbildung einen hohen Stellenwert w\u00e4hrend der Pandemie zu. Die Corona-Krise stellt hohe Anforderungen an die Kompetenzen der Mitarbeitenden. Der Weiterbildungsbedarf ist gestiegen, wird jedoch nur teilweise gedeckt.<\/p>\n<\/div>\n\n\t\t\t<div class=\"meta\">\n\t\t\t\t<ul>\n\t\t\t\t\t\t\t\t\t\t\t<li><strong>Preis:<\/strong> kostenlos<\/li>\n\t\t\t\t\t\n\t\t\t\t\t\t\t\t\t\t\t<li><strong>Herausgeber:<\/strong> SVEB<\/li>\n\t\t\t\t\t\n\t\t\t\t\t\t\t\t\t\t\t<li><strong>Autor:<\/strong> Sofie Gollob<\/li>\n\t\t\t\t\t\n\t\t\t\t\t\t\t\t\t\t\t<li><strong>Vertrieb:<\/strong> SVEB, 20 Seiten<\/li>\n\t\t\t\t\t\n\t\t\t\t\t\t\t\t\t\t\t<li><strong>Kooperationspartner:<\/strong> Schweizerischer Gewerbeverband sgv, digitalswitzerland, KMU Next<\/li>\n\t\t\t\t\t\n\t\t\t\t\t\n\t\t\t\t\t\t\t\t\t<\/ul>\n\n\t\t\t\t<ul class=\"actions\">\n\t\t\t\t\t\t\t\t\t\t\t<li><a class=\"button\" href=\"https:\/\/alice.ch\/de\/download-de\/?pub-id=36156\">Download<\/a><\/li>\n\t\t\t\t\t\n\t\t\t\t\t\t\t\t\t<\/ul>\n\t\t\t<\/div>\n\t\t<\/div>\n\n\n\t<\/div>\n\n\n\t\n\t\n\t<div class=\"publication-item\">\n\t\t<div class=\"image\">\n\t\t\t<img decoding=\"async\" width=\"1190\" height=\"1683\" src=\"https:\/\/alice.ch\/app\/uploads\/2022\/12\/cover-wb-kmu.png\" class=\"attachment-post-thumbnail size-post-thumbnail wp-post-image\" alt=\"\" srcset=\"https:\/\/alice.ch\/app\/uploads\/2022\/12\/cover-wb-kmu.png 1190w, https:\/\/alice.ch\/app\/uploads\/2022\/12\/cover-wb-kmu-212x300.png 212w, https:\/\/alice.ch\/app\/uploads\/2022\/12\/cover-wb-kmu-724x1024.png 724w, https:\/\/alice.ch\/app\/uploads\/2022\/12\/cover-wb-kmu-768x1086.png 768w, https:\/\/alice.ch\/app\/uploads\/2022\/12\/cover-wb-kmu-1086x1536.png 1086w\" sizes=\"(max-width: 1190px) 100vw, 1190px\" \/>\t\t<\/div>\n\n\t\t<div class=\"content\">\n\t\t\t<h3>Weiterbildung in Schweizer Kleinstunternehmen (2019)<\/h3>\n\t\t\t<div class=\"description\"><p>Unternehmen mit weniger als 10 Mitarbeitenden machen in der Schweizer Wirtschaft einen grossen Anteil der Betriebe aus. Zur Weiterbildungsaktivit\u00e4t dieser Kleinstunternehmen liegen aber keine offiziellen und repr\u00e4sentativen Zahlen und Studien vor. Im Rahmen des\u00a0<a href=\"https:\/\/alice.ch\/de\/project\/me2me\/\">EU-Projekts \u00abME2ME\u00bb<\/a>\u00a0und mit Unterst\u00fctzung von Movetia will diese explorative Studie daher der Frage nachgehen, zu welchen Themen und auf welche Art und Weise Weiterbildungen in Kleinstunternehmen stattfinden.<\/p>\n<p>Dazu wurden einerseits 14 Kleinstbetriebe aus unterschiedlichen Branchen in qualitativen Interviews zur Weiterbildung befragt. Zus\u00e4tzlich wurden vier Weiterbildungsanbieter befragt, welche Ans\u00e4tze sie f\u00fcr Kleinstunternehmen als erfolgversprechend erachten und welche Problemstellungen sich ergeben.<\/p>\n<\/div>\n\n\t\t\t<div class=\"meta\">\n\t\t\t\t<ul>\n\t\t\t\t\t\t\t\t\t\t\t<li><strong>Preis:<\/strong> kostenlos<\/li>\n\t\t\t\t\t\n\t\t\t\t\t\t\t\t\t\t\t<li><strong>Herausgeber:<\/strong> SVEB<\/li>\n\t\t\t\t\t\n\t\t\t\t\t\t\t\t\t\t\t<li><strong>Autor:<\/strong> Stefanie Dernbach, Philipp Sch\u00fcepp<\/li>\n\t\t\t\t\t\n\t\t\t\t\t\t\t\t\t\t\t<li><strong>Vertrieb:<\/strong> SVEB, 33 Seiten<\/li>\n\t\t\t\t\t\n\t\t\t\t\t\n\t\t\t\t\t\n\t\t\t\t\t\t\t\t\t<\/ul>\n\n\t\t\t\t<ul class=\"actions\">\n\t\t\t\t\t\t\t\t\t\t\t<li><a class=\"button\" href=\"https:\/\/alice.ch\/de\/download-de\/?pub-id=36213\">Download<\/a><\/li>\n\t\t\t\t\t\n\t\t\t\t\t\t\t\t\t<\/ul>\n\t\t\t<\/div>\n\t\t<\/div>\n\n\n\t<\/div>\n\n\n\t\n\t\n\t<div class=\"publication-item\">\n\t\t<div class=\"image\">\n\t\t\t<img decoding=\"async\" width=\"360\" height=\"534\" src=\"https:\/\/alice.ch\/app\/uploads\/2022\/12\/Weiterbildung-in-KMU_SVEB.jpg\" class=\"attachment-post-thumbnail size-post-thumbnail wp-post-image\" alt=\"\" srcset=\"https:\/\/alice.ch\/app\/uploads\/2022\/12\/Weiterbildung-in-KMU_SVEB.jpg 360w, https:\/\/alice.ch\/app\/uploads\/2022\/12\/Weiterbildung-in-KMU_SVEB-202x300.jpg 202w\" sizes=\"(max-width: 360px) 100vw, 360px\" \/>\t\t<\/div>\n\n\t\t<div class=\"content\">\n\t\t\t<h3>Weiterbildung in Schweizer KMU (2017)<\/h3>\n\t\t\t<div class=\"description\"><p>F\u00fcr diese Studie wurden 11 Betriebe, darunter neun KMU und zwei Grossbetriebe, befragt. Die Interviews sollten konkrete Einblicke in die Weiterbildungspraxis der KMU erm\u00f6glichen und die Unterschiede zu Grossbetrieben erkennen lassen. Die Befragung war explorativ angelegt. Entsprechend erheben die Resultate keinen Anspruch auf Repr\u00e4sentativit\u00e4t.<\/p>\n<\/div>\n\n\t\t\t<div class=\"meta\">\n\t\t\t\t<ul>\n\t\t\t\t\t\t\t\t\t\t\t<li><strong>Preis:<\/strong> kostenlos<\/li>\n\t\t\t\t\t\n\t\t\t\t\t\t\t\t\t\t\t<li><strong>Herausgeber:<\/strong> SVEB, PH Z\u00fcrich<\/li>\n\t\t\t\t\t\n\t\t\t\t\t\t\t\t\t\t\t<li><strong>Autor:<\/strong> Philipp Sch\u00fcepp<\/li>\n\t\t\t\t\t\n\t\t\t\t\t\t\t\t\t\t\t<li><strong>Vertrieb:<\/strong> SVEB, 20 Seiten<\/li>\n\t\t\t\t\t\n\t\t\t\t\t\n\t\t\t\t\t\n\t\t\t\t\t\t\t\t\t<\/ul>\n\n\t\t\t\t<ul class=\"actions\">\n\t\t\t\t\t\t\t\t\t\t\t<li><a class=\"button\" href=\"https:\/\/alice.ch\/de\/download-de\/?pub-id=36235\">Download<\/a><\/li>\n\t\t\t\t\t\n\t\t\t\t\t\t\t\t\t<\/ul>\n\t\t\t<\/div>\n\t\t<\/div>\n\n\n\t<\/div>\n\n\n\t\n\n\n<div class=\"wp-block-group is-layout-flow wp-block-group-is-layout-flow\">\n<div class=\"wp-block-columns is-layout-flex wp-container-core-columns-is-layout-28f84493 wp-block-columns-is-layout-flex\">\n<div class=\"wp-block-column is-layout-flow wp-block-column-is-layout-flow\" style=\"flex-basis:50%\">\n<div class=\"wp-block-file\"><a id=\"wp-block-file--media-eec9df04-5b29-4ed0-89c9-db8c1ad39e07\" href=\"https:\/\/alice.ch\/app\/uploads\/2022\/10\/EWR_2006_1_Seilner_Rezension_Gonon_et_al_KMU_und_die_Rolle.pdf\" target=\"_blank\" rel=\"noreferrer noopener\">KMU und die Rolle der Weiterbildung \u2013 Eine empirische Studie zu Kooperationen und Strategien in der Schweiz (2005)<br \/>PDF &#8211; 208 KB<\/a><\/div>\n<\/div>\n<\/div>\n\n\n\n<h2 class=\"wp-block-heading\">Weitere Aktivit\u00e4ten des SVEB<\/h2>\n<\/div>\n\n\n\n<p>Der SVEB will die Weiterbildungsszene und die KMU besser vernetzen. Dazu hat er zusammen mit dem <a href=\"https:\/\/www.sgv-usam.ch\/\" target=\"_blank\" rel=\"noreferrer noopener\">Schweizerischen Gewerbeverband<\/a> (SGV) als Partner eine Arbeitsgruppe gegr\u00fcndet, die Interessierten offen steht, sich regelm\u00e4ssig austauscht und Projekte im Bereich&nbsp;\u00abWeiterbildung und KMU\u00bb&nbsp;lanciert und bearbeitet.<\/p>\n\n\n\n<p>Ausserdem bewirtschaftet der Verband die Website&nbsp;<a href=\"http:\/\/weiterbildung-in-kmu.ch\/\" target=\"_blank\" rel=\"noreferrer noopener\">weiterbildung-in-kmu.ch<\/a>, welche konkrete Tipps zur Erfassung des Weiterbildungsbedarfs sowie zur Planung, Umsetzung und Evaluation von Weiterbildungen in Betrieben bietet.<\/p>\n\n\n\n<div class=\"wp-block-buttons is-layout-flex wp-block-buttons-is-layout-flex\">\n<div class=\"wp-block-button has-custom-width wp-block-button__width-50 is-style-outline is-style-outline--1\"><a class=\"wp-block-button__link wp-element-button\" href=\"https:\/\/weiterbildung-in-kmu.ch\/\" target=\"_blank\" rel=\"noreferrer noopener\">weiterbildung-in-kmu.ch<\/a><\/div>\n<\/div>\n\n\n\n<h2 class=\"wp-block-heading\">Kontakt<\/h2>\n\n\n\n<div class=\"wp-block-columns is-layout-flex wp-container-core-columns-is-layout-28f84493 wp-block-columns-is-layout-flex\">\n<div class=\"wp-block-column is-layout-flow wp-block-column-is-layout-flow\" style=\"flex-basis:50%\"><div class=\"contact-persons\">\n\n\t\t\t\t\t<div class=\"contact-person\">\n\t\t\t\t\tBernhard Gr\u00e4miger<br \/>\t\t\t\t\tDirektor<br \/>\t\t\t\t\t<br \/>\n\t\t\t\t\t\t\t\t\t\t<a href=\"tel:+41 (0)44 319 71 61\">+41 (0)44 319 71 61<\/a><br \/>\t\t\t\t\t<a href=\"mailto:bernhard.graemiger@alice.ch\">bernhard.graemiger@alice.ch<\/a><br \/>\t\t\t\t\t<\/div>\n\t\t\t\t\t<\/div>\n<\/div>\n\n\n\n<div class=\"wp-block-column is-layout-flow wp-block-column-is-layout-flow\" style=\"flex-basis:50%\"><\/div>\n<\/div>\n<\/div>\n","protected":false},"excerpt":{"rendered":"<p>Weiterbildung in KMU Kleinen und mittleren Unternehmen (KMU) kommt eine zentrale Bedeutung innerhalb des Schweizer Wirtschaftssystems zu. Sie machen rund [&hellip;]<\/p>\n","protected":false},"author":2,"featured_media":20799,"parent":23,"menu_order":162,"comment_status":"closed","ping_status":"closed","template":"","meta":{"_acf_changed":false,"inline_featured_image":false,"footnotes":""},"class_list":["post-345","page","type-page","status-publish","has-post-thumbnail","hentry"],"acf":[],"yoast_head":"<!-- This site is optimized with the Yoast SEO plugin v27.3 - https:\/\/yoast.com\/product\/yoast-seo-wordpress\/ -->\n<title>Weiterbildung in KMU - SVEB<\/title>\n<meta name=\"description\" content=\"W\u00e4hrend Grossunternehmen oft \u00fcber eigene Weiterbildungsabteilungen verf\u00fcgen, stellen sich f\u00fcr KMU andere Herausforderungen.\" \/>\n<meta name=\"robots\" content=\"index, follow, max-snippet:-1, max-image-preview:large, max-video-preview:-1\" \/>\n<link rel=\"canonical\" href=\"https:\/\/alice.ch\/de\/themen\/weiterbildung-und-kmu\/\" \/>\n<meta property=\"og:locale\" content=\"de_DE\" \/>\n<meta property=\"og:type\" content=\"article\" \/>\n<meta property=\"og:title\" content=\"Weiterbildung in KMU - SVEB\" \/>\n<meta property=\"og:description\" content=\"W\u00e4hrend Grossunternehmen oft \u00fcber eigene Weiterbildungsabteilungen verf\u00fcgen, stellen sich f\u00fcr KMU andere Herausforderungen.\" \/>\n<meta property=\"og:url\" content=\"https:\/\/alice.ch\/de\/themen\/weiterbildung-und-kmu\/\" \/>\n<meta property=\"og:site_name\" content=\"SVEB\" \/>\n<meta property=\"article:modified_time\" content=\"2024-07-16T12:42:29+00:00\" \/>\n<meta name=\"twitter:card\" content=\"summary_large_image\" \/>\n<meta name=\"twitter:label1\" content=\"Gesch\u00e4tzte Lesezeit\" \/>\n\t<meta name=\"twitter:data1\" content=\"2\u00a0Minuten\" \/>\n<script type=\"application\/ld+json\" class=\"yoast-schema-graph\">{\"@context\":\"https:\\\/\\\/schema.org\",\"@graph\":[{\"@type\":\"WebPage\",\"@id\":\"https:\\\/\\\/alice.ch\\\/de\\\/themen\\\/weiterbildung-und-kmu\\\/\",\"url\":\"https:\\\/\\\/alice.ch\\\/de\\\/themen\\\/weiterbildung-und-kmu\\\/\",\"name\":\"Weiterbildung in KMU - SVEB\",\"isPartOf\":{\"@id\":\"https:\\\/\\\/alice.ch\\\/de\\\/#website\"},\"primaryImageOfPage\":{\"@id\":\"https:\\\/\\\/alice.ch\\\/de\\\/themen\\\/weiterbildung-und-kmu\\\/#primaryimage\"},\"image\":{\"@id\":\"https:\\\/\\\/alice.ch\\\/de\\\/themen\\\/weiterbildung-und-kmu\\\/#primaryimage\"},\"thumbnailUrl\":\"https:\\\/\\\/alice.ch\\\/app\\\/uploads\\\/2022\\\/11\\\/default.jpg\",\"datePublished\":\"2022-08-16T13:35:55+00:00\",\"dateModified\":\"2024-07-16T12:42:29+00:00\",\"description\":\"W\u00e4hrend Grossunternehmen oft \u00fcber eigene Weiterbildungsabteilungen verf\u00fcgen, stellen sich f\u00fcr KMU andere Herausforderungen.\",\"breadcrumb\":{\"@id\":\"https:\\\/\\\/alice.ch\\\/de\\\/themen\\\/weiterbildung-und-kmu\\\/#breadcrumb\"},\"inLanguage\":\"de\",\"potentialAction\":[{\"@type\":\"ReadAction\",\"target\":[\"https:\\\/\\\/alice.ch\\\/de\\\/themen\\\/weiterbildung-und-kmu\\\/\"]}]},{\"@type\":\"ImageObject\",\"inLanguage\":\"de\",\"@id\":\"https:\\\/\\\/alice.ch\\\/de\\\/themen\\\/weiterbildung-und-kmu\\\/#primaryimage\",\"url\":\"https:\\\/\\\/alice.ch\\\/app\\\/uploads\\\/2022\\\/11\\\/default.jpg\",\"contentUrl\":\"https:\\\/\\\/alice.ch\\\/app\\\/uploads\\\/2022\\\/11\\\/default.jpg\",\"width\":1600,\"height\":900},{\"@type\":\"BreadcrumbList\",\"@id\":\"https:\\\/\\\/alice.ch\\\/de\\\/themen\\\/weiterbildung-und-kmu\\\/#breadcrumb\",\"itemListElement\":[{\"@type\":\"ListItem\",\"position\":1,\"name\":\"Startseite\",\"item\":\"https:\\\/\\\/alice.ch\\\/de\\\/\"},{\"@type\":\"ListItem\",\"position\":2,\"name\":\"Themen\",\"item\":\"https:\\\/\\\/alice.ch\\\/de\\\/themen\\\/\"},{\"@type\":\"ListItem\",\"position\":3,\"name\":\"Weiterbildung in KMU\"}]},{\"@type\":\"WebSite\",\"@id\":\"https:\\\/\\\/alice.ch\\\/de\\\/#website\",\"url\":\"https:\\\/\\\/alice.ch\\\/de\\\/\",\"name\":\"alice.ch (Adult Learning Information Center) ist das Portal der Weiterbildung in der Schweiz.\",\"description\":\"Schweizerischer Verband f\u00fcr Weiterbildung\",\"publisher\":{\"@id\":\"https:\\\/\\\/alice.ch\\\/de\\\/#organization\"},\"potentialAction\":[{\"@type\":\"SearchAction\",\"target\":{\"@type\":\"EntryPoint\",\"urlTemplate\":\"https:\\\/\\\/alice.ch\\\/de\\\/?s={search_term_string}\"},\"query-input\":{\"@type\":\"PropertyValueSpecification\",\"valueRequired\":true,\"valueName\":\"search_term_string\"}}],\"inLanguage\":\"de\"},{\"@type\":\"Organization\",\"@id\":\"https:\\\/\\\/alice.ch\\\/de\\\/#organization\",\"name\":\"SVEB Schweizerischer Verband f\u00fcr Weiterbildung\",\"url\":\"https:\\\/\\\/alice.ch\\\/de\\\/\",\"logo\":{\"@type\":\"ImageObject\",\"inLanguage\":\"de\",\"@id\":\"https:\\\/\\\/alice.ch\\\/de\\\/#\\\/schema\\\/logo\\\/image\\\/\",\"url\":\"https:\\\/\\\/alice.ch\\\/app\\\/uploads\\\/2022\\\/07\\\/logo-sveb.png\",\"contentUrl\":\"https:\\\/\\\/alice.ch\\\/app\\\/uploads\\\/2022\\\/07\\\/logo-sveb.png\",\"width\":145,\"height\":64,\"caption\":\"SVEB Schweizerischer Verband f\u00fcr Weiterbildung\"},\"image\":{\"@id\":\"https:\\\/\\\/alice.ch\\\/de\\\/#\\\/schema\\\/logo\\\/image\\\/\"},\"sameAs\":[\"https:\\\/\\\/www.linkedin.com\\\/company\\\/schweizerischer-verband-fr-weiterbildung-sveb\\\/\"]}]}<\/script>\n<!-- \/ Yoast SEO plugin. -->","yoast_head_json":{"title":"Weiterbildung in KMU - SVEB","description":"W\u00e4hrend Grossunternehmen oft \u00fcber eigene Weiterbildungsabteilungen verf\u00fcgen, stellen sich f\u00fcr KMU andere Herausforderungen.","robots":{"index":"index","follow":"follow","max-snippet":"max-snippet:-1","max-image-preview":"max-image-preview:large","max-video-preview":"max-video-preview:-1"},"canonical":"https:\/\/alice.ch\/de\/themen\/weiterbildung-und-kmu\/","og_locale":"de_DE","og_type":"article","og_title":"Weiterbildung in KMU - SVEB","og_description":"W\u00e4hrend Grossunternehmen oft \u00fcber eigene Weiterbildungsabteilungen verf\u00fcgen, stellen sich f\u00fcr KMU andere Herausforderungen.","og_url":"https:\/\/alice.ch\/de\/themen\/weiterbildung-und-kmu\/","og_site_name":"SVEB","article_modified_time":"2024-07-16T12:42:29+00:00","twitter_card":"summary_large_image","twitter_misc":{"Gesch\u00e4tzte Lesezeit":"2\u00a0Minuten"},"schema":{"@context":"https:\/\/schema.org","@graph":[{"@type":"WebPage","@id":"https:\/\/alice.ch\/de\/themen\/weiterbildung-und-kmu\/","url":"https:\/\/alice.ch\/de\/themen\/weiterbildung-und-kmu\/","name":"Weiterbildung in KMU - SVEB","isPartOf":{"@id":"https:\/\/alice.ch\/de\/#website"},"primaryImageOfPage":{"@id":"https:\/\/alice.ch\/de\/themen\/weiterbildung-und-kmu\/#primaryimage"},"image":{"@id":"https:\/\/alice.ch\/de\/themen\/weiterbildung-und-kmu\/#primaryimage"},"thumbnailUrl":"https:\/\/alice.ch\/app\/uploads\/2022\/11\/default.jpg","datePublished":"2022-08-16T13:35:55+00:00","dateModified":"2024-07-16T12:42:29+00:00","description":"W\u00e4hrend Grossunternehmen oft \u00fcber eigene Weiterbildungsabteilungen verf\u00fcgen, stellen sich f\u00fcr KMU andere Herausforderungen.","breadcrumb":{"@id":"https:\/\/alice.ch\/de\/themen\/weiterbildung-und-kmu\/#breadcrumb"},"inLanguage":"de","potentialAction":[{"@type":"ReadAction","target":["https:\/\/alice.ch\/de\/themen\/weiterbildung-und-kmu\/"]}]},{"@type":"ImageObject","inLanguage":"de","@id":"https:\/\/alice.ch\/de\/themen\/weiterbildung-und-kmu\/#primaryimage","url":"https:\/\/alice.ch\/app\/uploads\/2022\/11\/default.jpg","contentUrl":"https:\/\/alice.ch\/app\/uploads\/2022\/11\/default.jpg","width":1600,"height":900},{"@type":"BreadcrumbList","@id":"https:\/\/alice.ch\/de\/themen\/weiterbildung-und-kmu\/#breadcrumb","itemListElement":[{"@type":"ListItem","position":1,"name":"Startseite","item":"https:\/\/alice.ch\/de\/"},{"@type":"ListItem","position":2,"name":"Themen","item":"https:\/\/alice.ch\/de\/themen\/"},{"@type":"ListItem","position":3,"name":"Weiterbildung in KMU"}]},{"@type":"WebSite","@id":"https:\/\/alice.ch\/de\/#website","url":"https:\/\/alice.ch\/de\/","name":"alice.ch (Adult Learning Information Center) ist das Portal der Weiterbildung in der Schweiz.","description":"Schweizerischer Verband f\u00fcr Weiterbildung","publisher":{"@id":"https:\/\/alice.ch\/de\/#organization"},"potentialAction":[{"@type":"SearchAction","target":{"@type":"EntryPoint","urlTemplate":"https:\/\/alice.ch\/de\/?s={search_term_string}"},"query-input":{"@type":"PropertyValueSpecification","valueRequired":true,"valueName":"search_term_string"}}],"inLanguage":"de"},{"@type":"Organization","@id":"https:\/\/alice.ch\/de\/#organization","name":"SVEB Schweizerischer Verband f\u00fcr Weiterbildung","url":"https:\/\/alice.ch\/de\/","logo":{"@type":"ImageObject","inLanguage":"de","@id":"https:\/\/alice.ch\/de\/#\/schema\/logo\/image\/","url":"https:\/\/alice.ch\/app\/uploads\/2022\/07\/logo-sveb.png","contentUrl":"https:\/\/alice.ch\/app\/uploads\/2022\/07\/logo-sveb.png","width":145,"height":64,"caption":"SVEB Schweizerischer Verband f\u00fcr Weiterbildung"},"image":{"@id":"https:\/\/alice.ch\/de\/#\/schema\/logo\/image\/"},"sameAs":["https:\/\/www.linkedin.com\/company\/schweizerischer-verband-fr-weiterbildung-sveb\/"]}]}},"_links":{"self":[{"href":"https:\/\/alice.ch\/de\/wp-json\/wp\/v2\/pages\/345","targetHints":{"allow":["GET"]}}],"collection":[{"href":"https:\/\/alice.ch\/de\/wp-json\/wp\/v2\/pages"}],"about":[{"href":"https:\/\/alice.ch\/de\/wp-json\/wp\/v2\/types\/page"}],"author":[{"embeddable":true,"href":"https:\/\/alice.ch\/de\/wp-json\/wp\/v2\/users\/2"}],"replies":[{"embeddable":true,"href":"https:\/\/alice.ch\/de\/wp-json\/wp\/v2\/comments?post=345"}],"version-history":[{"count":36,"href":"https:\/\/alice.ch\/de\/wp-json\/wp\/v2\/pages\/345\/revisions"}],"predecessor-version":[{"id":61050,"href":"https:\/\/alice.ch\/de\/wp-json\/wp\/v2\/pages\/345\/revisions\/61050"}],"up":[{"embeddable":true,"href":"https:\/\/alice.ch\/de\/wp-json\/wp\/v2\/pages\/23"}],"wp:featuredmedia":[{"embeddable":true,"href":"https:\/\/alice.ch\/de\/wp-json\/wp\/v2\/media\/20799"}],"wp:attachment":[{"href":"https:\/\/alice.ch\/de\/wp-json\/wp\/v2\/media?parent=345"}],"curies":[{"name":"wp","href":"https:\/\/api.w.org\/{rel}","templated":true}]}}