{"id":350,"date":"2022-08-16T15:37:44","date_gmt":"2022-08-16T13:37:44","guid":{"rendered":"https:\/\/projects.atxeit.ch\/sveb\/?page_id=350"},"modified":"2023-07-10T15:50:20","modified_gmt":"2023-07-10T13:50:20","slug":"weiterbildungssystem","status":"publish","type":"page","link":"https:\/\/alice.ch\/de\/themen\/weiterbildung-schweiz\/weiterbildungssystem\/","title":{"rendered":"Weiterbildungssystem"},"content":{"rendered":"\n<div class=\"wp-block-group is-style-reduced-width is-layout-flow wp-block-group-is-layout-flow\">\n<h1 class=\"wp-block-heading\">Weiterbildung in der Schweiz \u2013 ein heterogenes System<\/h1>\n\n\n\n<p class=\"is-style-lead\">Die Weiterbildung der Schweiz ist sehr vielf\u00e4ltig. Wer eine Weiterbildung sucht, hat eine Vielzahl von Anbietern und verschiedenste Formate zur Auswahl. Vielfalt erschwert aber auch die \u00dcbersicht.<\/p>\n\n\n\n<p>Das&nbsp;<a href=\"https:\/\/alice.ch\/de\/sveb\/weiterbildungspolitik\/weiterbildungsgesetz\/\">Weiterbildungsgesetz<\/a>&nbsp;(WeBiG), das 2017 in Kraft trat, hat die Weiterbildung in das nationale Bildungssystem eingeordnet und sollte die Transparenz erh\u00f6hen. Bisher hatte es aber keine direkten Auswirkungen auf das Weiterbildungsangebot und dessen Transparenz.<\/p>\n\n\n\n<h2 class=\"wp-block-heading\">Vielseitiges Angebot<\/h2>\n\n\n\n<p>In der Schweiz besteht ein umfangreiches, vielseitiges Weiterbildungsangebot. Dazu geh\u00f6ren Kurse, Seminare und Webinare, Lehrg\u00e4nge und Nachdiplomstudien, aber auch Lernm\u00f6glichkeiten ausserhalb von Kursstrukturen. In diesen Bereich fallen beispielsweise Museumsbesuche und Workshops, Lesungen, Exkursionen oder Kongresse. Ebenfalls zur Weiterbildung geh\u00f6rt \u00a0das intendierte Lernen am Arbeitsplatz sowie die selbstst\u00e4ndige Nutzung von Lernmaterialien oder Fachliteratur. Auch das Lernen in selbstorganisierten Gruppen z\u00e4hlt zur Weiterbildung. Individuelles informelles Lernen ausserhalb organisierter Lernbeziehungen geh\u00f6rt ebenfalls zur Weiterbildung, sofern es sich um intendiertes Lernen handelt.<\/p>\n\n\n\n<h2 class=\"wp-block-heading\">Private Anbieter dominieren Weiterbildungsmarkt<\/h2>\n\n\n\n<p>Nicht nur die Formen der Weiterbildungen sind heterogen, auch das Spektrum der Anbieter reicht von der kleinen Privatschule bis zum Weiterbildungskonzern und von \u00f6ffentlichen Tr\u00e4gern, Verb\u00e4nden oder Gewerkschaften bis zu Kleinstbetrieben, Lernstudios und freien Trainern. Zahlenm\u00e4ssig dominieren klar die privaten Anbieter: Sie stellen rund 80% der gesamten Kursstunden bereit, w\u00e4hrend die \u00f6ffentlichen Tr\u00e4ger \u2013 vor allem Universit\u00e4ten, Fachhochschulen und \u00f6ffentliche Berufsschulen \u2013 rund 20% der Weiterbildungsstunden anbieten.<\/p>\n\n\n\n<h2 class=\"wp-block-heading\">Sprachkurse als h\u00e4ufigste Form der Weiterbildung<\/h2>\n\n\n\n<p>Vielfalt kennzeichnet auch die vermittelten Inhalte. Zu den beliebtesten Kursinhalten geh\u00f6rt \u00abSport, Kunst, Kreatives\u00bb mit einem Anteil von 35% sowie Sprachen (13%), Wissenschaft und Technik (12%) an allen innerhalb eines Jahres besuchten Kursstunden. Die meisten Weiterbildungskurse werden sowohl aus beruflichen wie aus pers\u00f6nlichen Gr\u00fcnden besucht. Was f\u00fcr den Beruf gelernt wird, findet auch im Privatleben, bei ehrenamtlichen T\u00e4tigkeiten oder in Freizeitaktivit\u00e4ten Verwendung \u2013 und umgekehrt: Die Arbeitswelt profitiert von Erwachsenen, die in ihrer Freizeit die unterschiedlichsten Kompetenzen erwerben.<\/p>\n\n\n\n<h2 class=\"wp-block-heading\">So verstehen wir den Weiterbildungsbegriff<\/h2>\n\n\n\n<p>Der SVEB verwendet einen integralen Weiterbildungsbegriff, der auf dem Paradigma des lebenslangen Lernens basiert: Zur Weiterbildung geh\u00f6ren alle intendierten Lernaktivit\u00e4ten von Erwachsenen, die ausserhalb des formalen Bildungssystems stattfinden. Neben organisierten Lernangeboten geh\u00f6rt auch das informelle Lernen zur Weiterbildung. Das sind Lernaktivit\u00e4ten, die explizit einem Lernziel dienen, aber nicht im Rahmen einer Lernbeziehung stattfinden, also beispielsweise das selbstst\u00e4ndige Lesen von Fachliteratur oder das Lernen on-the-job.<\/p>\n\n\n\n<p>Das heisst: Berufsorientierte und allgemeine Weiterbildung werden nicht als trennscharfe Segmente verstanden, sondern eher als zwei Enden eines Kontinuums. Aus individueller Sicht erweist sich die Unterscheidung zudem oft als wenig relevant: F\u00fcr den Einzelnen bzw. die Einzelne kann das Gelernte sowohl beruflich als auch privat relevant sein. Eine Kompetenz, die aus pers\u00f6nlichen Gr\u00fcnden erworben wird \u2013 beispielsweise ein Sprachkurs \u2013, kann sich auch beruflich als n\u00fctzlich erweisen. Und umgekehrt: Was im und f\u00fcr den Beruf gelernt wird, kommt oft auch im privaten Umfeld zum Einsatz.<\/p>\n\n\n\n<h2 class=\"wp-block-heading\">Begriff der non-formalen Bildung<\/h2>\n\n\n\n<p>Mit der Einf\u00fchrung des WeBiG setzte sich allm\u00e4hlich der Begriff der non-formalen Bildung durch. Dieser Begriff ist auch international verbreitet, bedeutet aber mitnichten \u00fcberall dasselbe. In der Schweiz definiert das WeBiG, was non-formales Lernen ist, wie folgt:<\/p>\n\n\n\n<div class=\"wp-block-group is-style-run-to-edge has-primary-background-color has-background is-layout-flow wp-block-group-is-layout-flow\">\n<h3 class=\"wp-block-heading has-background-color has-text-color\"><strong>WeBiG Art. 3 Begriffe<\/strong><\/h3>\n\n\n\n<p class=\"has-background-color has-text-color\">\u00aba. Weiterbildung (nichtformale Bildung): strukturierte Bildung ausserhalb der formalen Bildung.\u00bb<\/p>\n\n\n\n<p class=\"has-background-color has-text-color\">Unter strukturierter Bildung sind Lernformen zu verstehen, die in einer \u00abdefinierten Lehr-Lern-Beziehung\u00bb stattfinden. Das k\u00f6nnen, m\u00fcssen aber nicht Kurse sein.<\/p>\n\n\n\n<p class=\"has-background-color has-text-color\">Zur formalen Bildung geh\u00f6rt Bildung, die zu einem staatlich geregelten Abschluss f\u00fchrt (Sekundarstufe II, H\u00f6here Berufsbildung, akademischer Grad).<\/p>\n<\/div>\n\n\n\n<p><\/p>\n\n\n\n<p>Der SVEB verwendet einen integralen, breiteren Weiterbildungsbegriff als das WeBiG, das das informelle Lernen nicht zur Weiterbildung z\u00e4hlt.<\/p>\n\n\n\n<h2 class=\"wp-block-heading\">\u00abWeiterbildung\u00bb oder \u00abErwachsenenbildung\u00bb?<\/h2>\n\n\n\n<p>Historisch gesehen, stand der Begriff \u00abErwachsenenbildung\u00bb eher f\u00fcr allgemeine und kulturelle Bildung, der Begriff \u00abWeiterbildung\u00bb eher f\u00fcr berufsorientierte Bildung. Heute werden die beiden Begriffe in der Schweiz weitgehend synonym gebraucht.<\/p>\n\n\n\n<h2 class=\"wp-block-heading\">Kontakt<\/h2>\n\n\n\n<div class=\"wp-block-columns is-layout-flex wp-container-core-columns-is-layout-28f84493 wp-block-columns-is-layout-flex\">\n<div class=\"wp-block-column is-layout-flow wp-block-column-is-layout-flow\" style=\"flex-basis:50%\"><div class=\"contact-persons\">\n\n\t\t\t\t\t<div class=\"contact-person\">\n\t\t\t\t\tIrena Sgier<br \/>\t\t\t\t\t Stv. Direktorin, Leiterin Forschung, Entwicklung und Innovation<br \/>\t\t\t\t\t<br \/>\n\t\t\t\t\t\t\t\t\t\t<a href=\"tel:+41 (0)44 319 71 59\">+41 (0)44 319 71 59<\/a><br \/>\t\t\t\t\t<a href=\"mailto:irena.sgier@alice.ch\">irena.sgier@alice.ch<\/a><br \/>\t\t\t\t\t<\/div>\n\t\t\t\t\t<\/div>\n<\/div>\n\n\n\n<div class=\"wp-block-column is-layout-flow wp-block-column-is-layout-flow\" style=\"flex-basis:50%\"><\/div>\n<\/div>\n<\/div>\n","protected":false},"excerpt":{"rendered":"<p>Weiterbildung in der Schweiz \u2013 ein heterogenes System Die Weiterbildung der Schweiz ist sehr vielf\u00e4ltig. Wer eine Weiterbildung sucht, hat [&hellip;]<\/p>\n","protected":false},"author":2,"featured_media":20799,"parent":339,"menu_order":22,"comment_status":"closed","ping_status":"closed","template":"","meta":{"_acf_changed":false,"inline_featured_image":false,"footnotes":""},"class_list":["post-350","page","type-page","status-publish","has-post-thumbnail","hentry"],"acf":[],"yoast_head":"<!-- This site is optimized with the Yoast SEO plugin v27.3 - https:\/\/yoast.com\/product\/yoast-seo-wordpress\/ -->\n<title>Weiterbildungssystem - SVEB<\/title>\n<meta name=\"description\" content=\"Die Charakteristiken und Besonderheiten des heterogenen, umfangreichen und vielseitigen Schweizer Weiterbildungssystems im \u00dcberblick\" \/>\n<meta name=\"robots\" content=\"index, follow, max-snippet:-1, max-image-preview:large, max-video-preview:-1\" \/>\n<link rel=\"canonical\" href=\"https:\/\/alice.ch\/de\/themen\/weiterbildung-schweiz\/weiterbildungssystem\/\" \/>\n<meta property=\"og:locale\" content=\"de_DE\" \/>\n<meta property=\"og:type\" content=\"article\" \/>\n<meta property=\"og:title\" content=\"Weiterbildungssystem - SVEB\" \/>\n<meta property=\"og:description\" content=\"Die Charakteristiken und Besonderheiten des heterogenen, umfangreichen und vielseitigen Schweizer Weiterbildungssystems im \u00dcberblick\" \/>\n<meta property=\"og:url\" content=\"https:\/\/alice.ch\/de\/themen\/weiterbildung-schweiz\/weiterbildungssystem\/\" \/>\n<meta property=\"og:site_name\" content=\"SVEB\" \/>\n<meta property=\"article:modified_time\" content=\"2023-07-10T13:50:20+00:00\" \/>\n<meta name=\"twitter:card\" content=\"summary_large_image\" \/>\n<meta name=\"twitter:label1\" content=\"Gesch\u00e4tzte Lesezeit\" \/>\n\t<meta name=\"twitter:data1\" content=\"4\u00a0Minuten\" \/>\n<script type=\"application\/ld+json\" class=\"yoast-schema-graph\">{\"@context\":\"https:\\\/\\\/schema.org\",\"@graph\":[{\"@type\":\"WebPage\",\"@id\":\"https:\\\/\\\/alice.ch\\\/de\\\/themen\\\/weiterbildung-schweiz\\\/weiterbildungssystem\\\/\",\"url\":\"https:\\\/\\\/alice.ch\\\/de\\\/themen\\\/weiterbildung-schweiz\\\/weiterbildungssystem\\\/\",\"name\":\"Weiterbildungssystem - SVEB\",\"isPartOf\":{\"@id\":\"https:\\\/\\\/alice.ch\\\/de\\\/#website\"},\"primaryImageOfPage\":{\"@id\":\"https:\\\/\\\/alice.ch\\\/de\\\/themen\\\/weiterbildung-schweiz\\\/weiterbildungssystem\\\/#primaryimage\"},\"image\":{\"@id\":\"https:\\\/\\\/alice.ch\\\/de\\\/themen\\\/weiterbildung-schweiz\\\/weiterbildungssystem\\\/#primaryimage\"},\"thumbnailUrl\":\"https:\\\/\\\/alice.ch\\\/app\\\/uploads\\\/2022\\\/11\\\/default.jpg\",\"datePublished\":\"2022-08-16T13:37:44+00:00\",\"dateModified\":\"2023-07-10T13:50:20+00:00\",\"description\":\"Die Charakteristiken und Besonderheiten des heterogenen, umfangreichen und vielseitigen Schweizer Weiterbildungssystems im \u00dcberblick\",\"breadcrumb\":{\"@id\":\"https:\\\/\\\/alice.ch\\\/de\\\/themen\\\/weiterbildung-schweiz\\\/weiterbildungssystem\\\/#breadcrumb\"},\"inLanguage\":\"de\",\"potentialAction\":[{\"@type\":\"ReadAction\",\"target\":[\"https:\\\/\\\/alice.ch\\\/de\\\/themen\\\/weiterbildung-schweiz\\\/weiterbildungssystem\\\/\"]}]},{\"@type\":\"ImageObject\",\"inLanguage\":\"de\",\"@id\":\"https:\\\/\\\/alice.ch\\\/de\\\/themen\\\/weiterbildung-schweiz\\\/weiterbildungssystem\\\/#primaryimage\",\"url\":\"https:\\\/\\\/alice.ch\\\/app\\\/uploads\\\/2022\\\/11\\\/default.jpg\",\"contentUrl\":\"https:\\\/\\\/alice.ch\\\/app\\\/uploads\\\/2022\\\/11\\\/default.jpg\",\"width\":1600,\"height\":900},{\"@type\":\"BreadcrumbList\",\"@id\":\"https:\\\/\\\/alice.ch\\\/de\\\/themen\\\/weiterbildung-schweiz\\\/weiterbildungssystem\\\/#breadcrumb\",\"itemListElement\":[{\"@type\":\"ListItem\",\"position\":1,\"name\":\"Startseite\",\"item\":\"https:\\\/\\\/alice.ch\\\/de\\\/\"},{\"@type\":\"ListItem\",\"position\":2,\"name\":\"Themen\",\"item\":\"https:\\\/\\\/alice.ch\\\/de\\\/themen\\\/\"},{\"@type\":\"ListItem\",\"position\":3,\"name\":\"Weiterbildung Schweiz\",\"item\":\"https:\\\/\\\/alice.ch\\\/de\\\/themen\\\/weiterbildung-schweiz\\\/\"},{\"@type\":\"ListItem\",\"position\":4,\"name\":\"Weiterbildungssystem\"}]},{\"@type\":\"WebSite\",\"@id\":\"https:\\\/\\\/alice.ch\\\/de\\\/#website\",\"url\":\"https:\\\/\\\/alice.ch\\\/de\\\/\",\"name\":\"alice.ch (Adult Learning Information Center) ist das Portal der Weiterbildung in der Schweiz.\",\"description\":\"Schweizerischer Verband f\u00fcr Weiterbildung\",\"publisher\":{\"@id\":\"https:\\\/\\\/alice.ch\\\/de\\\/#organization\"},\"potentialAction\":[{\"@type\":\"SearchAction\",\"target\":{\"@type\":\"EntryPoint\",\"urlTemplate\":\"https:\\\/\\\/alice.ch\\\/de\\\/?s={search_term_string}\"},\"query-input\":{\"@type\":\"PropertyValueSpecification\",\"valueRequired\":true,\"valueName\":\"search_term_string\"}}],\"inLanguage\":\"de\"},{\"@type\":\"Organization\",\"@id\":\"https:\\\/\\\/alice.ch\\\/de\\\/#organization\",\"name\":\"SVEB Schweizerischer Verband f\u00fcr Weiterbildung\",\"url\":\"https:\\\/\\\/alice.ch\\\/de\\\/\",\"logo\":{\"@type\":\"ImageObject\",\"inLanguage\":\"de\",\"@id\":\"https:\\\/\\\/alice.ch\\\/de\\\/#\\\/schema\\\/logo\\\/image\\\/\",\"url\":\"https:\\\/\\\/alice.ch\\\/app\\\/uploads\\\/2022\\\/07\\\/logo-sveb.png\",\"contentUrl\":\"https:\\\/\\\/alice.ch\\\/app\\\/uploads\\\/2022\\\/07\\\/logo-sveb.png\",\"width\":145,\"height\":64,\"caption\":\"SVEB Schweizerischer Verband f\u00fcr Weiterbildung\"},\"image\":{\"@id\":\"https:\\\/\\\/alice.ch\\\/de\\\/#\\\/schema\\\/logo\\\/image\\\/\"},\"sameAs\":[\"https:\\\/\\\/www.linkedin.com\\\/company\\\/schweizerischer-verband-fr-weiterbildung-sveb\\\/\"]}]}<\/script>\n<!-- \/ Yoast SEO plugin. -->","yoast_head_json":{"title":"Weiterbildungssystem - SVEB","description":"Die Charakteristiken und Besonderheiten des heterogenen, umfangreichen und vielseitigen Schweizer Weiterbildungssystems im \u00dcberblick","robots":{"index":"index","follow":"follow","max-snippet":"max-snippet:-1","max-image-preview":"max-image-preview:large","max-video-preview":"max-video-preview:-1"},"canonical":"https:\/\/alice.ch\/de\/themen\/weiterbildung-schweiz\/weiterbildungssystem\/","og_locale":"de_DE","og_type":"article","og_title":"Weiterbildungssystem - SVEB","og_description":"Die Charakteristiken und Besonderheiten des heterogenen, umfangreichen und vielseitigen Schweizer Weiterbildungssystems im \u00dcberblick","og_url":"https:\/\/alice.ch\/de\/themen\/weiterbildung-schweiz\/weiterbildungssystem\/","og_site_name":"SVEB","article_modified_time":"2023-07-10T13:50:20+00:00","twitter_card":"summary_large_image","twitter_misc":{"Gesch\u00e4tzte Lesezeit":"4\u00a0Minuten"},"schema":{"@context":"https:\/\/schema.org","@graph":[{"@type":"WebPage","@id":"https:\/\/alice.ch\/de\/themen\/weiterbildung-schweiz\/weiterbildungssystem\/","url":"https:\/\/alice.ch\/de\/themen\/weiterbildung-schweiz\/weiterbildungssystem\/","name":"Weiterbildungssystem - SVEB","isPartOf":{"@id":"https:\/\/alice.ch\/de\/#website"},"primaryImageOfPage":{"@id":"https:\/\/alice.ch\/de\/themen\/weiterbildung-schweiz\/weiterbildungssystem\/#primaryimage"},"image":{"@id":"https:\/\/alice.ch\/de\/themen\/weiterbildung-schweiz\/weiterbildungssystem\/#primaryimage"},"thumbnailUrl":"https:\/\/alice.ch\/app\/uploads\/2022\/11\/default.jpg","datePublished":"2022-08-16T13:37:44+00:00","dateModified":"2023-07-10T13:50:20+00:00","description":"Die Charakteristiken und Besonderheiten des heterogenen, umfangreichen und vielseitigen Schweizer Weiterbildungssystems im \u00dcberblick","breadcrumb":{"@id":"https:\/\/alice.ch\/de\/themen\/weiterbildung-schweiz\/weiterbildungssystem\/#breadcrumb"},"inLanguage":"de","potentialAction":[{"@type":"ReadAction","target":["https:\/\/alice.ch\/de\/themen\/weiterbildung-schweiz\/weiterbildungssystem\/"]}]},{"@type":"ImageObject","inLanguage":"de","@id":"https:\/\/alice.ch\/de\/themen\/weiterbildung-schweiz\/weiterbildungssystem\/#primaryimage","url":"https:\/\/alice.ch\/app\/uploads\/2022\/11\/default.jpg","contentUrl":"https:\/\/alice.ch\/app\/uploads\/2022\/11\/default.jpg","width":1600,"height":900},{"@type":"BreadcrumbList","@id":"https:\/\/alice.ch\/de\/themen\/weiterbildung-schweiz\/weiterbildungssystem\/#breadcrumb","itemListElement":[{"@type":"ListItem","position":1,"name":"Startseite","item":"https:\/\/alice.ch\/de\/"},{"@type":"ListItem","position":2,"name":"Themen","item":"https:\/\/alice.ch\/de\/themen\/"},{"@type":"ListItem","position":3,"name":"Weiterbildung Schweiz","item":"https:\/\/alice.ch\/de\/themen\/weiterbildung-schweiz\/"},{"@type":"ListItem","position":4,"name":"Weiterbildungssystem"}]},{"@type":"WebSite","@id":"https:\/\/alice.ch\/de\/#website","url":"https:\/\/alice.ch\/de\/","name":"alice.ch (Adult Learning Information Center) ist das Portal der Weiterbildung in der Schweiz.","description":"Schweizerischer Verband f\u00fcr Weiterbildung","publisher":{"@id":"https:\/\/alice.ch\/de\/#organization"},"potentialAction":[{"@type":"SearchAction","target":{"@type":"EntryPoint","urlTemplate":"https:\/\/alice.ch\/de\/?s={search_term_string}"},"query-input":{"@type":"PropertyValueSpecification","valueRequired":true,"valueName":"search_term_string"}}],"inLanguage":"de"},{"@type":"Organization","@id":"https:\/\/alice.ch\/de\/#organization","name":"SVEB Schweizerischer Verband f\u00fcr Weiterbildung","url":"https:\/\/alice.ch\/de\/","logo":{"@type":"ImageObject","inLanguage":"de","@id":"https:\/\/alice.ch\/de\/#\/schema\/logo\/image\/","url":"https:\/\/alice.ch\/app\/uploads\/2022\/07\/logo-sveb.png","contentUrl":"https:\/\/alice.ch\/app\/uploads\/2022\/07\/logo-sveb.png","width":145,"height":64,"caption":"SVEB Schweizerischer Verband f\u00fcr Weiterbildung"},"image":{"@id":"https:\/\/alice.ch\/de\/#\/schema\/logo\/image\/"},"sameAs":["https:\/\/www.linkedin.com\/company\/schweizerischer-verband-fr-weiterbildung-sveb\/"]}]}},"_links":{"self":[{"href":"https:\/\/alice.ch\/de\/wp-json\/wp\/v2\/pages\/350","targetHints":{"allow":["GET"]}}],"collection":[{"href":"https:\/\/alice.ch\/de\/wp-json\/wp\/v2\/pages"}],"about":[{"href":"https:\/\/alice.ch\/de\/wp-json\/wp\/v2\/types\/page"}],"author":[{"embeddable":true,"href":"https:\/\/alice.ch\/de\/wp-json\/wp\/v2\/users\/2"}],"replies":[{"embeddable":true,"href":"https:\/\/alice.ch\/de\/wp-json\/wp\/v2\/comments?post=350"}],"version-history":[{"count":21,"href":"https:\/\/alice.ch\/de\/wp-json\/wp\/v2\/pages\/350\/revisions"}],"predecessor-version":[{"id":52454,"href":"https:\/\/alice.ch\/de\/wp-json\/wp\/v2\/pages\/350\/revisions\/52454"}],"up":[{"embeddable":true,"href":"https:\/\/alice.ch\/de\/wp-json\/wp\/v2\/pages\/339"}],"wp:featuredmedia":[{"embeddable":true,"href":"https:\/\/alice.ch\/de\/wp-json\/wp\/v2\/media\/20799"}],"wp:attachment":[{"href":"https:\/\/alice.ch\/de\/wp-json\/wp\/v2\/media?parent=350"}],"curies":[{"name":"wp","href":"https:\/\/api.w.org\/{rel}","templated":true}]}}