{"id":352,"date":"2022-08-16T15:39:05","date_gmt":"2022-08-16T13:39:05","guid":{"rendered":"https:\/\/projects.atxeit.ch\/sveb\/?page_id=352"},"modified":"2024-09-25T20:21:05","modified_gmt":"2024-09-25T18:21:05","slug":"weiterbildungsanbieter","status":"publish","type":"page","link":"https:\/\/alice.ch\/de\/themen\/weiterbildung-schweiz\/weiterbildungsanbieter\/","title":{"rendered":"Weiterbildungsanbieter"},"content":{"rendered":"\n<div class=\"wp-block-group alignwide is-style-reduced-width is-layout-flow wp-block-group-is-layout-flow\">\n<h1 class=\"wp-block-heading\">Strukturdaten zum Schweizer Weiterbildungsmarkt<\/h1>\n\n\n\n<p class=\"is-style-lead\">Das Bundesamt f\u00fcr Statistik f\u00fchrt periodisch repr\u00e4sentative Erhebungen zur Weiterbildungst\u00e4tigkeit der&nbsp;<a href=\"https:\/\/alice.ch\/de\/themen\/weiterbildung-schweiz\/weiterbildungsbeteiligung\/\" target=\"_blank\" rel=\"noreferrer noopener\">Bev\u00f6lkerung<\/a>&nbsp;und der&nbsp;<a href=\"https:\/\/alice.ch\/de\/themen\/weiterbildung-schweiz\/weiterbildung-in-unternehmen\/\" target=\"_blank\" rel=\"noreferrer noopener\">Unternehmen<\/a>&nbsp;in der Schweiz durch. Die Seite der Weiterbildungsanbieter wird jedoch vom Bund nicht statistisch erfasst. Um diese L\u00fccke zu f\u00fcllen, f\u00fchrt der SVEB im Rahmen der&nbsp;<a href=\"https:\/\/alice.ch\/de\/forschung\/forschungsaktivitaeten-des-sveb\/\" target=\"_blank\" rel=\"noreferrer noopener\">Anbieterumfrage<\/a>&nbsp;j\u00e4hrlich eine Befragung der in der Schweiz aktiven Weiterbildungsanbieter durch.<\/p>\n\n\n\n<h2 class=\"wp-block-heading\">Strukturdaten 2024<\/h2>\n\n\n\n<p>Die Daten des SVEB-Branchenmonitors beziehen sich auf die j\u00e4hrliche Umfrage, die an knapp 2500 Weiterbildungsanbieter verschickt wird. 2024 betrug die R\u00fccklaufquote 26%. Die Analyse der diesj\u00e4hrigen Umfrage basiert (nach der Datenbereinigung) auf den Antworten von 423 Weiterbildungsorganisationen. Da die Grundgesamtheit der Weiterbildungsanbieter in der Schweiz unbekannt ist und die zuf\u00e4llige Auswahl dieses Samples nicht vollst\u00e4ndig garantiert werden kann, handelt es sich im statistischen Sinn nicht um eine repr\u00e4sentative Befragung. Dennoch lassen diese Strukturdaten einen genaueren Blick auf die Anbieter in der Schweiz und ihre Verteilung nach Regionen, Tr\u00e4gerschaft, Gr\u00f6sse und Hauptbereich zu.<\/p>\n\n\n\n<h3 class=\"wp-block-heading\">Sprachregionale Verteilung der Anbieter<\/h3>\n\n\n\n<div class=\"wp-block-columns alignwide is-layout-flex wp-container-core-columns-is-layout-28f84493 wp-block-columns-is-layout-flex\" style=\"border-style:none;border-width:0px\">\n<div class=\"wp-block-column is-vertically-aligned-top is-layout-flow wp-block-column-is-layout-flow\" style=\"flex-basis:40%\">\n<p class=\"has-text-align-left\">Die Verteilung der Anbieter nach ihrem T\u00e4tigkeitsgebiet zeigt, dass \u00fcber 20% der Institutionen in mindestens zwei unterschiedlichen Sprachregionen, also \u00fcberregional, t\u00e4tig sind. <\/p>\n\n\n\n<p class=\"has-text-align-left\">Die Mehrheit der Schweizer Weiterbildungsanbieter, die teilgenommen haben, agieren ausschliesslich in der Deutschschweiz (41%). Weitere 31% der befragten Anbieter sind ausschliesslich in der Romandie t\u00e4tig. Auf die italienische Schweiz konzentrieren sich nur 5% der Anbieter.<\/p>\n\n\n\n<p><\/p>\n<\/div>\n\n\n\n<div class=\"wp-block-column is-layout-flow wp-block-column-is-layout-flow\" style=\"flex-basis:40%\">\n<figure class=\"wp-block-image size-large is-resized is-style-no-border\"><img decoding=\"async\" width=\"1024\" height=\"596\" src=\"https:\/\/alice.ch\/app\/uploads\/2024\/09\/sprachregionale-verteilung-weiterbildungsanbieter-schweiz-sveb-2024-1024x596.png\" alt=\"\" class=\"wp-image-62646\" style=\"width:453px\" srcset=\"https:\/\/alice.ch\/app\/uploads\/2024\/09\/sprachregionale-verteilung-weiterbildungsanbieter-schweiz-sveb-2024-1024x596.png 1024w, https:\/\/alice.ch\/app\/uploads\/2024\/09\/sprachregionale-verteilung-weiterbildungsanbieter-schweiz-sveb-2024-300x175.png 300w, https:\/\/alice.ch\/app\/uploads\/2024\/09\/sprachregionale-verteilung-weiterbildungsanbieter-schweiz-sveb-2024-768x447.png 768w, https:\/\/alice.ch\/app\/uploads\/2024\/09\/sprachregionale-verteilung-weiterbildungsanbieter-schweiz-sveb-2024.png 1321w\" sizes=\"(max-width: 1024px) 100vw, 1024px\" \/><figcaption class=\"wp-element-caption\">Sprachregionale Verteilung der Anbieter<br>(N=422, gerundete Prozentwerte, \u00a9 SVEB, 2024)<\/figcaption><\/figure>\n<\/div>\n<\/div>\n\n\n\n<h3 class=\"wp-block-heading\">Tr\u00e4gerschaft der Anbieter<\/h3>\n\n\n\n<div class=\"wp-block-columns alignwide is-layout-flex wp-container-core-columns-is-layout-28f84493 wp-block-columns-is-layout-flex\">\n<div class=\"wp-block-column is-layout-flow wp-block-column-is-layout-flow\" style=\"flex-basis:40%\">\n<figure class=\"wp-block-image size-large is-resized is-style-no-border\"><img decoding=\"async\" width=\"1024\" height=\"713\" src=\"https:\/\/alice.ch\/app\/uploads\/2024\/09\/traegerschaft-weiterbildungsanbieter-schweiz-sveb-2024-1024x713.png\" alt=\"\" class=\"wp-image-62654\" style=\"width:462px\" srcset=\"https:\/\/alice.ch\/app\/uploads\/2024\/09\/traegerschaft-weiterbildungsanbieter-schweiz-sveb-2024-1024x713.png 1024w, https:\/\/alice.ch\/app\/uploads\/2024\/09\/traegerschaft-weiterbildungsanbieter-schweiz-sveb-2024-300x209.png 300w, https:\/\/alice.ch\/app\/uploads\/2024\/09\/traegerschaft-weiterbildungsanbieter-schweiz-sveb-2024-768x535.png 768w, https:\/\/alice.ch\/app\/uploads\/2024\/09\/traegerschaft-weiterbildungsanbieter-schweiz-sveb-2024.png 1262w\" sizes=\"(max-width: 1024px) 100vw, 1024px\" \/><figcaption class=\"wp-element-caption\">Tr\u00e4gerschaft der Anbieter<br>(N=403, gerundete Prozentwerte, \u00a9 SVEB, 2024)<\/figcaption><\/figure>\n<\/div>\n\n\n\n<div class=\"wp-block-column is-layout-flow wp-block-column-is-layout-flow\" style=\"flex-basis:60%\">\n<p>7 von 10 der befragten Anbieter sind privatwirtschaftliche Unternehmen. Mit 38% sind darunter die kommerziellen Anbieter am st\u00e4rksten vertreten, gefolgt von gemeinn\u00fctzigen privaten Anbietern (32%). 17% der Weiterbildungsanbieter sehen sich als \u00f6ffentliche Anbieter und 13% als \u00abandere\u00bb.<\/p>\n<\/div>\n<\/div>\n\n\n\n<h3 class=\"wp-block-heading\">Anbieter nach Unternehmensgr\u00f6sse<\/h3>\n\n\n\n<div class=\"wp-block-columns alignwide is-layout-flex wp-container-core-columns-is-layout-28f84493 wp-block-columns-is-layout-flex\">\n<div class=\"wp-block-column is-layout-flow wp-block-column-is-layout-flow\" style=\"flex-basis:60%\">\n<p>Die Einteilung der Anbieter nach ihrer Gr\u00f6sse wird aus Daten zu den Mitarbeitenden (Vollzeit\u00e4quivalenz), der erteilten Kursstunden und den Belegungen (Teilnehmenden) des letzten Jahres ermittelt. Die Kombination dieser drei Indikatoren ergibt ein Gesamtbild, in welchem vor allem kleine (46%) und mittlere Anbieter (47%) dominieren. Als grosse Anbieter k\u00f6nnen nur knapp 8% der befragten Weiterbildungsinstitutionen eingestuft werden.<\/p>\n\n\n\n<p>Die einzelnen Indikatoren zeigen, dass 54% der Anbieter bis zu 10 Festangestellte, 35% bis zu 50 Festangestellte und 8% bis zu 250 Mitarbeitende besch\u00e4ftigen. \u00dcber der Grenze eines KMU liegen nur 2% der Institutionen. Ein Grossteil der Anbieter besch\u00e4ftigt jedoch auch Mandatierte: Bei 41% der Befragten machen Mandatierte mehr als die H\u00e4lfte aller t\u00e4tigen Personen aus.<\/p>\n\n\n\n<p>Bei den Kursstunden und Belegungen sind die Verteilungen breit gestreut. Die mittleren 50% der befragten Anbieter haben im Jahr 2023 zwischen 500 und 7500 Kursstunden angeboten. Die Anzahl Teilnehmende lag bei den mittleren 50% zwischen 80 und 1200.<\/p>\n\n\n\n<p><a id=\"_msocom_1\"><\/a><\/p>\n<\/div>\n\n\n\n<div class=\"wp-block-column is-layout-flow wp-block-column-is-layout-flow\" style=\"flex-basis:40%\">\n<figure class=\"wp-block-image size-large is-resized is-style-no-border\"><img decoding=\"async\" width=\"1024\" height=\"642\" src=\"https:\/\/alice.ch\/app\/uploads\/2024\/09\/weiterbildungsanbieter-nach-unternehmensgroesse-schweiz-sveb-2024-1024x642.png\" alt=\"\" class=\"wp-image-62658\" style=\"width:343px\" srcset=\"https:\/\/alice.ch\/app\/uploads\/2024\/09\/weiterbildungsanbieter-nach-unternehmensgroesse-schweiz-sveb-2024-1024x642.png 1024w, https:\/\/alice.ch\/app\/uploads\/2024\/09\/weiterbildungsanbieter-nach-unternehmensgroesse-schweiz-sveb-2024-300x188.png 300w, https:\/\/alice.ch\/app\/uploads\/2024\/09\/weiterbildungsanbieter-nach-unternehmensgroesse-schweiz-sveb-2024-768x481.png 768w, https:\/\/alice.ch\/app\/uploads\/2024\/09\/weiterbildungsanbieter-nach-unternehmensgroesse-schweiz-sveb-2024.png 1251w\" sizes=\"(max-width: 1024px) 100vw, 1024px\" \/><figcaption class=\"wp-element-caption\">Anbieter nach Unternehmensgr\u00f6sse<br>(Index, N=323, gerundete Prozentwerte, \u00a9 SVEB, 2024)<\/figcaption><\/figure>\n<\/div>\n<\/div>\n\n\n\n<h3 class=\"wp-block-heading\">Hauptbereich der Anbieter<\/h3>\n\n\n\n<div class=\"wp-block-columns alignwide is-layout-flex wp-container-core-columns-is-layout-28f84493 wp-block-columns-is-layout-flex\">\n<div class=\"wp-block-column is-layout-flow wp-block-column-is-layout-flow\" style=\"flex-basis:40%\">\n<figure class=\"wp-block-image size-large is-resized is-style-no-border\"><img decoding=\"async\" width=\"1024\" height=\"535\" src=\"https:\/\/alice.ch\/app\/uploads\/2024\/09\/thematische-ausrichtigung-weiterbildungsanbieter-schweiz-sveb-2024-1024x535.png\" alt=\"\" class=\"wp-image-62650\" style=\"width:462px\" srcset=\"https:\/\/alice.ch\/app\/uploads\/2024\/09\/thematische-ausrichtigung-weiterbildungsanbieter-schweiz-sveb-2024-1024x535.png 1024w, https:\/\/alice.ch\/app\/uploads\/2024\/09\/thematische-ausrichtigung-weiterbildungsanbieter-schweiz-sveb-2024-300x157.png 300w, https:\/\/alice.ch\/app\/uploads\/2024\/09\/thematische-ausrichtigung-weiterbildungsanbieter-schweiz-sveb-2024-768x401.png 768w, https:\/\/alice.ch\/app\/uploads\/2024\/09\/thematische-ausrichtigung-weiterbildungsanbieter-schweiz-sveb-2024.png 1392w\" sizes=\"(max-width: 1024px) 100vw, 1024px\" \/><figcaption class=\"wp-element-caption\">Hauptbereich der Anbieter<br>(N=411, gerundete Prozentwerte, \u00a9 SVEB, 2024)<\/figcaption><\/figure>\n<\/div>\n\n\n\n<div class=\"wp-block-column is-layout-flow wp-block-column-is-layout-flow\" style=\"flex-basis:60%\">\n<p>Der Grossteil der befragten Anbieter ist prim\u00e4r im Bereich betriebliche\/berufsspezifische Weiterbildung t\u00e4tig (60%). 22% sehen ihren Schwerpunkt in der allgemeinen Weiterbildung, welche die Bereiche Sprachen, Gesundheit, Freizeit und Kultur umfasst. Etwas weniger als 20% der Anbieter bieten vor allem im Grundkompetenzbereich Weiterbildungen an.<\/p>\n<\/div>\n<\/div>\n\n\n\n<h2 class=\"wp-block-heading\">Weitere Daten zum Weiterbildungsmarkt<\/h2>\n\n\n\n<ul class=\"wp-block-list\">\n<li><strong>Gesamtheit der Weiterbildungsanbieter:&nbsp;<\/strong>Eine Expertensch\u00e4tzung von 2014 bezifferte die Anzahl Weiterbildungsanbieter insgesamt f\u00fcr die Schweiz auf ca. 3000 Institutionen (Schl\u00e4fli\/Sgier (2014): Weiterbildung in der Schweiz).<\/li>\n\n\n\n<li><strong>Umsatz:&nbsp;<\/strong>Der im Weiterbildungsmarkt erwirtschaftete Umsatz betrug gem\u00e4ss einer Sch\u00e4tzung im Jahr 2007 ca. 5,3 Milliarden Schweizer Franken (<a href=\"https:\/\/dievolkswirtschaft.ch\/de\/2009\/06\/messer\/\" target=\"_blank\" rel=\"noreferrer noopener\">Wolter\/Messer 2009<\/a>).<\/li>\n\n\n\n<li><strong>Qualit\u00e4tslabel<\/strong>: \u00dcber 1000 Schulen, Institute und Akademien in der Schweiz besitzen ein&nbsp;<a href=\"https:\/\/alice.ch\/de\/qualitaet\/qualitaetslabel-eduqua\/\">eduQua-Zertifikat<\/a>, siehe die&nbsp;<a href=\"https:\/\/alice.ch\/de\/qualitaet\/qualitaetslabel-eduqua\/eduqua-zertifizierte-institutionen\/\">Liste der zertifizierten Anbieter<\/a>.<\/li>\n<\/ul>\n\n\n\n<p>Weitere Informationen zur Weiterbildungsbranche finden Sie im <a href=\"https:\/\/alice.ch\/de\/forschung\/forschungsaktivitaeten-des-sveb\/sveb-branchenmonitor\/)\">SVEB-Branchenmonitor<\/a>.<\/p>\n\n\n\n<h2 class=\"wp-block-heading\">Kontakt<\/h2>\n\n\n\n<div class=\"wp-block-columns is-layout-flex wp-container-core-columns-is-layout-28f84493 wp-block-columns-is-layout-flex\">\n<div class=\"wp-block-column is-layout-flow wp-block-column-is-layout-flow\" style=\"flex-basis:50%\"><div class=\"contact-persons\">\n\n\t\t\t\t\t<div class=\"contact-person\">\n\t\t\t\t\tIrena Sgier<br \/>\t\t\t\t\t Stv. Direktorin, Leiterin Forschung, Entwicklung und Innovation<br \/>\t\t\t\t\t<br \/>\n\t\t\t\t\t\t\t\t\t\t<a href=\"tel:+41 (0)44 319 71 59\">+41 (0)44 319 71 59<\/a><br \/>\t\t\t\t\t<a href=\"mailto:irena.sgier@alice.ch\">irena.sgier@alice.ch<\/a><br \/>\t\t\t\t\t<\/div>\n\t\t\t\t\t<\/div>\n<\/div>\n\n\n\n<div class=\"wp-block-column is-layout-flow wp-block-column-is-layout-flow\" style=\"flex-basis:50%\"><\/div>\n<\/div>\n<\/div>\n","protected":false},"excerpt":{"rendered":"<p>Strukturdaten zum Schweizer Weiterbildungsmarkt Das Bundesamt f\u00fcr Statistik f\u00fchrt periodisch repr\u00e4sentative Erhebungen zur Weiterbildungst\u00e4tigkeit der&nbsp;Bev\u00f6lkerung&nbsp;und der&nbsp;Unternehmen&nbsp;in der Schweiz durch. Die [&hellip;]<\/p>\n","protected":false},"author":2,"featured_media":20799,"parent":339,"menu_order":28,"comment_status":"closed","ping_status":"closed","template":"","meta":{"_acf_changed":false,"inline_featured_image":false,"footnotes":""},"class_list":["post-352","page","type-page","status-publish","has-post-thumbnail","hentry"],"acf":[],"yoast_head":"<!-- This site is optimized with the Yoast SEO plugin v27.3 - https:\/\/yoast.com\/product\/yoast-seo-wordpress\/ -->\n<title>Weiterbildungsanbieter - SVEB<\/title>\n<meta name=\"description\" content=\"Der SVEB f\u00fchrt im Rahmen seiner Anbieterumfrage j\u00e4hrlich eine Befragung der in der Schweiz aktiven Weiterbildungsanbieter durch.\" \/>\n<meta name=\"robots\" content=\"index, follow, max-snippet:-1, max-image-preview:large, max-video-preview:-1\" \/>\n<link rel=\"canonical\" href=\"https:\/\/alice.ch\/de\/themen\/weiterbildung-schweiz\/weiterbildungsanbieter\/\" \/>\n<meta property=\"og:locale\" content=\"de_DE\" \/>\n<meta property=\"og:type\" content=\"article\" \/>\n<meta property=\"og:title\" content=\"Weiterbildungsanbieter - SVEB\" \/>\n<meta property=\"og:description\" content=\"Der SVEB f\u00fchrt im Rahmen seiner Anbieterumfrage j\u00e4hrlich eine Befragung der in der Schweiz aktiven Weiterbildungsanbieter durch.\" \/>\n<meta property=\"og:url\" content=\"https:\/\/alice.ch\/de\/themen\/weiterbildung-schweiz\/weiterbildungsanbieter\/\" \/>\n<meta property=\"og:site_name\" content=\"SVEB\" \/>\n<meta property=\"article:modified_time\" content=\"2024-09-25T18:21:05+00:00\" \/>\n<meta property=\"og:image\" content=\"https:\/\/alice.ch\/app\/uploads\/2024\/09\/sprachregionale-verteilung-weiterbildungsanbieter-schweiz-sveb-2024-1024x596.png\" \/>\n<meta name=\"twitter:card\" content=\"summary_large_image\" \/>\n<meta name=\"twitter:label1\" content=\"Gesch\u00e4tzte Lesezeit\" \/>\n\t<meta name=\"twitter:data1\" content=\"4\u00a0Minuten\" \/>\n<script type=\"application\/ld+json\" class=\"yoast-schema-graph\">{\"@context\":\"https:\\\/\\\/schema.org\",\"@graph\":[{\"@type\":\"WebPage\",\"@id\":\"https:\\\/\\\/alice.ch\\\/de\\\/themen\\\/weiterbildung-schweiz\\\/weiterbildungsanbieter\\\/\",\"url\":\"https:\\\/\\\/alice.ch\\\/de\\\/themen\\\/weiterbildung-schweiz\\\/weiterbildungsanbieter\\\/\",\"name\":\"Weiterbildungsanbieter - SVEB\",\"isPartOf\":{\"@id\":\"https:\\\/\\\/alice.ch\\\/de\\\/#website\"},\"primaryImageOfPage\":{\"@id\":\"https:\\\/\\\/alice.ch\\\/de\\\/themen\\\/weiterbildung-schweiz\\\/weiterbildungsanbieter\\\/#primaryimage\"},\"image\":{\"@id\":\"https:\\\/\\\/alice.ch\\\/de\\\/themen\\\/weiterbildung-schweiz\\\/weiterbildungsanbieter\\\/#primaryimage\"},\"thumbnailUrl\":\"https:\\\/\\\/alice.ch\\\/app\\\/uploads\\\/2022\\\/11\\\/default.jpg\",\"datePublished\":\"2022-08-16T13:39:05+00:00\",\"dateModified\":\"2024-09-25T18:21:05+00:00\",\"description\":\"Der SVEB f\u00fchrt im Rahmen seiner Anbieterumfrage j\u00e4hrlich eine Befragung der in der Schweiz aktiven Weiterbildungsanbieter durch.\",\"breadcrumb\":{\"@id\":\"https:\\\/\\\/alice.ch\\\/de\\\/themen\\\/weiterbildung-schweiz\\\/weiterbildungsanbieter\\\/#breadcrumb\"},\"inLanguage\":\"de\",\"potentialAction\":[{\"@type\":\"ReadAction\",\"target\":[\"https:\\\/\\\/alice.ch\\\/de\\\/themen\\\/weiterbildung-schweiz\\\/weiterbildungsanbieter\\\/\"]}]},{\"@type\":\"ImageObject\",\"inLanguage\":\"de\",\"@id\":\"https:\\\/\\\/alice.ch\\\/de\\\/themen\\\/weiterbildung-schweiz\\\/weiterbildungsanbieter\\\/#primaryimage\",\"url\":\"https:\\\/\\\/alice.ch\\\/app\\\/uploads\\\/2022\\\/11\\\/default.jpg\",\"contentUrl\":\"https:\\\/\\\/alice.ch\\\/app\\\/uploads\\\/2022\\\/11\\\/default.jpg\",\"width\":370,\"height\":185},{\"@type\":\"BreadcrumbList\",\"@id\":\"https:\\\/\\\/alice.ch\\\/de\\\/themen\\\/weiterbildung-schweiz\\\/weiterbildungsanbieter\\\/#breadcrumb\",\"itemListElement\":[{\"@type\":\"ListItem\",\"position\":1,\"name\":\"Startseite\",\"item\":\"https:\\\/\\\/alice.ch\\\/de\\\/\"},{\"@type\":\"ListItem\",\"position\":2,\"name\":\"Themen\",\"item\":\"https:\\\/\\\/alice.ch\\\/de\\\/themen\\\/\"},{\"@type\":\"ListItem\",\"position\":3,\"name\":\"Weiterbildung Schweiz\",\"item\":\"https:\\\/\\\/alice.ch\\\/de\\\/themen\\\/weiterbildung-schweiz\\\/\"},{\"@type\":\"ListItem\",\"position\":4,\"name\":\"Weiterbildungsanbieter\"}]},{\"@type\":\"WebSite\",\"@id\":\"https:\\\/\\\/alice.ch\\\/de\\\/#website\",\"url\":\"https:\\\/\\\/alice.ch\\\/de\\\/\",\"name\":\"alice.ch (Adult Learning Information Center) ist das Portal der Weiterbildung in der Schweiz.\",\"description\":\"Schweizerischer Verband f\u00fcr Weiterbildung\",\"publisher\":{\"@id\":\"https:\\\/\\\/alice.ch\\\/de\\\/#organization\"},\"potentialAction\":[{\"@type\":\"SearchAction\",\"target\":{\"@type\":\"EntryPoint\",\"urlTemplate\":\"https:\\\/\\\/alice.ch\\\/de\\\/?s={search_term_string}\"},\"query-input\":{\"@type\":\"PropertyValueSpecification\",\"valueRequired\":true,\"valueName\":\"search_term_string\"}}],\"inLanguage\":\"de\"},{\"@type\":\"Organization\",\"@id\":\"https:\\\/\\\/alice.ch\\\/de\\\/#organization\",\"name\":\"SVEB Schweizerischer Verband f\u00fcr Weiterbildung\",\"url\":\"https:\\\/\\\/alice.ch\\\/de\\\/\",\"logo\":{\"@type\":\"ImageObject\",\"inLanguage\":\"de\",\"@id\":\"https:\\\/\\\/alice.ch\\\/de\\\/#\\\/schema\\\/logo\\\/image\\\/\",\"url\":\"https:\\\/\\\/alice.ch\\\/app\\\/uploads\\\/2022\\\/07\\\/logo-sveb.png\",\"contentUrl\":\"https:\\\/\\\/alice.ch\\\/app\\\/uploads\\\/2022\\\/07\\\/logo-sveb.png\",\"width\":145,\"height\":64,\"caption\":\"SVEB Schweizerischer Verband f\u00fcr Weiterbildung\"},\"image\":{\"@id\":\"https:\\\/\\\/alice.ch\\\/de\\\/#\\\/schema\\\/logo\\\/image\\\/\"},\"sameAs\":[\"https:\\\/\\\/www.linkedin.com\\\/company\\\/schweizerischer-verband-fr-weiterbildung-sveb\\\/\"]}]}<\/script>\n<!-- \/ Yoast SEO plugin. -->","yoast_head_json":{"title":"Weiterbildungsanbieter - SVEB","description":"Der SVEB f\u00fchrt im Rahmen seiner Anbieterumfrage j\u00e4hrlich eine Befragung der in der Schweiz aktiven Weiterbildungsanbieter durch.","robots":{"index":"index","follow":"follow","max-snippet":"max-snippet:-1","max-image-preview":"max-image-preview:large","max-video-preview":"max-video-preview:-1"},"canonical":"https:\/\/alice.ch\/de\/themen\/weiterbildung-schweiz\/weiterbildungsanbieter\/","og_locale":"de_DE","og_type":"article","og_title":"Weiterbildungsanbieter - SVEB","og_description":"Der SVEB f\u00fchrt im Rahmen seiner Anbieterumfrage j\u00e4hrlich eine Befragung der in der Schweiz aktiven Weiterbildungsanbieter durch.","og_url":"https:\/\/alice.ch\/de\/themen\/weiterbildung-schweiz\/weiterbildungsanbieter\/","og_site_name":"SVEB","article_modified_time":"2024-09-25T18:21:05+00:00","og_image":[{"url":"https:\/\/alice.ch\/app\/uploads\/2024\/09\/sprachregionale-verteilung-weiterbildungsanbieter-schweiz-sveb-2024-1024x596.png","type":"","width":"","height":""}],"twitter_card":"summary_large_image","twitter_misc":{"Gesch\u00e4tzte Lesezeit":"4\u00a0Minuten"},"schema":{"@context":"https:\/\/schema.org","@graph":[{"@type":"WebPage","@id":"https:\/\/alice.ch\/de\/themen\/weiterbildung-schweiz\/weiterbildungsanbieter\/","url":"https:\/\/alice.ch\/de\/themen\/weiterbildung-schweiz\/weiterbildungsanbieter\/","name":"Weiterbildungsanbieter - SVEB","isPartOf":{"@id":"https:\/\/alice.ch\/de\/#website"},"primaryImageOfPage":{"@id":"https:\/\/alice.ch\/de\/themen\/weiterbildung-schweiz\/weiterbildungsanbieter\/#primaryimage"},"image":{"@id":"https:\/\/alice.ch\/de\/themen\/weiterbildung-schweiz\/weiterbildungsanbieter\/#primaryimage"},"thumbnailUrl":"https:\/\/alice.ch\/app\/uploads\/2022\/11\/default.jpg","datePublished":"2022-08-16T13:39:05+00:00","dateModified":"2024-09-25T18:21:05+00:00","description":"Der SVEB f\u00fchrt im Rahmen seiner Anbieterumfrage j\u00e4hrlich eine Befragung der in der Schweiz aktiven Weiterbildungsanbieter durch.","breadcrumb":{"@id":"https:\/\/alice.ch\/de\/themen\/weiterbildung-schweiz\/weiterbildungsanbieter\/#breadcrumb"},"inLanguage":"de","potentialAction":[{"@type":"ReadAction","target":["https:\/\/alice.ch\/de\/themen\/weiterbildung-schweiz\/weiterbildungsanbieter\/"]}]},{"@type":"ImageObject","inLanguage":"de","@id":"https:\/\/alice.ch\/de\/themen\/weiterbildung-schweiz\/weiterbildungsanbieter\/#primaryimage","url":"https:\/\/alice.ch\/app\/uploads\/2022\/11\/default.jpg","contentUrl":"https:\/\/alice.ch\/app\/uploads\/2022\/11\/default.jpg","width":370,"height":185},{"@type":"BreadcrumbList","@id":"https:\/\/alice.ch\/de\/themen\/weiterbildung-schweiz\/weiterbildungsanbieter\/#breadcrumb","itemListElement":[{"@type":"ListItem","position":1,"name":"Startseite","item":"https:\/\/alice.ch\/de\/"},{"@type":"ListItem","position":2,"name":"Themen","item":"https:\/\/alice.ch\/de\/themen\/"},{"@type":"ListItem","position":3,"name":"Weiterbildung Schweiz","item":"https:\/\/alice.ch\/de\/themen\/weiterbildung-schweiz\/"},{"@type":"ListItem","position":4,"name":"Weiterbildungsanbieter"}]},{"@type":"WebSite","@id":"https:\/\/alice.ch\/de\/#website","url":"https:\/\/alice.ch\/de\/","name":"alice.ch (Adult Learning Information Center) ist das Portal der Weiterbildung in der Schweiz.","description":"Schweizerischer Verband f\u00fcr Weiterbildung","publisher":{"@id":"https:\/\/alice.ch\/de\/#organization"},"potentialAction":[{"@type":"SearchAction","target":{"@type":"EntryPoint","urlTemplate":"https:\/\/alice.ch\/de\/?s={search_term_string}"},"query-input":{"@type":"PropertyValueSpecification","valueRequired":true,"valueName":"search_term_string"}}],"inLanguage":"de"},{"@type":"Organization","@id":"https:\/\/alice.ch\/de\/#organization","name":"SVEB Schweizerischer Verband f\u00fcr Weiterbildung","url":"https:\/\/alice.ch\/de\/","logo":{"@type":"ImageObject","inLanguage":"de","@id":"https:\/\/alice.ch\/de\/#\/schema\/logo\/image\/","url":"https:\/\/alice.ch\/app\/uploads\/2022\/07\/logo-sveb.png","contentUrl":"https:\/\/alice.ch\/app\/uploads\/2022\/07\/logo-sveb.png","width":145,"height":64,"caption":"SVEB Schweizerischer Verband f\u00fcr Weiterbildung"},"image":{"@id":"https:\/\/alice.ch\/de\/#\/schema\/logo\/image\/"},"sameAs":["https:\/\/www.linkedin.com\/company\/schweizerischer-verband-fr-weiterbildung-sveb\/"]}]}},"_links":{"self":[{"href":"https:\/\/alice.ch\/de\/wp-json\/wp\/v2\/pages\/352","targetHints":{"allow":["GET"]}}],"collection":[{"href":"https:\/\/alice.ch\/de\/wp-json\/wp\/v2\/pages"}],"about":[{"href":"https:\/\/alice.ch\/de\/wp-json\/wp\/v2\/types\/page"}],"author":[{"embeddable":true,"href":"https:\/\/alice.ch\/de\/wp-json\/wp\/v2\/users\/2"}],"replies":[{"embeddable":true,"href":"https:\/\/alice.ch\/de\/wp-json\/wp\/v2\/comments?post=352"}],"version-history":[{"count":50,"href":"https:\/\/alice.ch\/de\/wp-json\/wp\/v2\/pages\/352\/revisions"}],"predecessor-version":[{"id":62763,"href":"https:\/\/alice.ch\/de\/wp-json\/wp\/v2\/pages\/352\/revisions\/62763"}],"up":[{"embeddable":true,"href":"https:\/\/alice.ch\/de\/wp-json\/wp\/v2\/pages\/339"}],"wp:featuredmedia":[{"embeddable":true,"href":"https:\/\/alice.ch\/de\/wp-json\/wp\/v2\/media\/20799"}],"wp:attachment":[{"href":"https:\/\/alice.ch\/de\/wp-json\/wp\/v2\/media?parent=352"}],"curies":[{"name":"wp","href":"https:\/\/api.w.org\/{rel}","templated":true}]}}