{"id":362,"date":"2022-08-16T15:41:03","date_gmt":"2022-08-16T13:41:03","guid":{"rendered":"https:\/\/projects.atxeit.ch\/sveb\/?page_id=362"},"modified":"2023-05-08T17:10:20","modified_gmt":"2023-05-08T15:10:20","slug":"innovativ-foerdern","status":"publish","type":"page","link":"https:\/\/alice.ch\/de\/themen\/grundkompetenzen\/innovativ-foerdern\/","title":{"rendered":"Innovativ f\u00f6rdern"},"content":{"rendered":"\n<div class=\"wp-block-group is-style-reduced-width is-layout-flow wp-block-group-is-layout-flow\">\n<h1 class=\"wp-block-heading\">Vernetzen, entwickeln, f\u00f6rdern<\/h1>\n\n\n\n<p class=\"is-style-lead\">Die F\u00f6rderung der Grundkompetenzen ist ein anspruchsvolles Handlungsfeld. Der F\u00f6rderbedarf ist gross, doch wird das vorhandene Kursangebot wenig genutzt. Um die Zielgruppe besser zu erreichen und den Nutzen von Bildungsangeboten f\u00fcr alle Akteure zu erh\u00f6hen, suchen wir gemeinsam mit unserem Netzwerk nach innovativen Wegen zur F\u00f6rderung der Grundkompetenzen in der Schweiz.<\/p>\n\n\n\n<h2 class=\"wp-block-heading\">Wie k\u00f6nnen Grundkompetenzen gef\u00f6rdert werden?<\/h2>\n\n\n\n<p>Erwachsene mit geringen Grundkompetenzen innovativ f\u00f6rdern heisst:<\/p>\n\n\n\n<h3 class=\"wp-block-heading\">Neue Zug\u00e4nge schaffen&nbsp;<\/h3>\n\n\n\n<p>Das Weiterbildungsgesetz bezeichnet die F\u00f6rderung der Grundkompetenzen im Alltag der Betroffenen als \u00abpraxisnahe Ausgestaltung des Angebots\u00bb (Art. 13 WeBiG). Drei Zug\u00e4nge zu Erwachsenen mit geringen Grundkompetenzen haben sich als besonders geeignet erwiesen:<\/p>\n\n\n\n<ol class=\"wp-block-list\">\n<li><strong>Arbeitsplatz als Lernort:&nbsp;<\/strong>Ein vielversprechender Zugang zur Zielgruppe f\u00fchrt \u00fcber den Arbeitsplatz. Denn: rund zwei Drittel (rund 64 Prozent) der Erwachsenen mit mangelnden Grundkompetenzen in der Schweiz sind erwerbst\u00e4tig.&nbsp;<br>Upskilling am Arbeitsplatz<br><\/li>\n\n\n\n<li><strong>F\u00f6rdern in den Regelstrukturen:&nbsp;<\/strong>Auch Regelstrukturen bieten Zug\u00e4nge zu Betroffenen. Zum Beispiel verf\u00fcgen Personen, die f\u00fcr l\u00e4ngere Zeit von der Sozialhilfe abh\u00e4ngig sind, mit hoher Wahrscheinlichkeit \u00fcber einen F\u00f6rderbedarf und k\u00f6nnen von alltags- und handlungsorientierten Bildungsmassnahmen profitieren.<a href=\"https:\/\/alice.ch\/fileadmin\/Dokumente\/Grundkompetenzen\/GO_Sozialhilfe_Schlussbericht.pdf\"><br><\/a><\/li>\n\n\n\n<li><strong>Vermittlerpersonen sensibilisieren:&nbsp;<\/strong>Eine wichtige Rolle f\u00fcr den Zugang zur Zielgruppe \u00fcbernehmen Personen, die aus beruflichen Gr\u00fcnden eng mit Menschen zusammenarbeiten, wie bspw. \u00c4rztinnen und \u00c4rzte, Pfarrerinnen und Pfarrer, Sozialarbeiterinnen und Sozialarbeiter usw. Bei entsprechender Sensibilit\u00e4t ist es solchen Vermittlerpersonen m\u00f6glich, Erwachsene mit geringen Grundkompetenzen zu erkennen und zu unterst\u00fctzen.&nbsp;<\/li>\n<\/ol>\n\n\n\n<div class=\"wp-block-buttons is-layout-flex wp-block-buttons-is-layout-flex\">\n<div class=\"wp-block-button has-custom-width wp-block-button__width-50 is-style-outline is-style-outline--1\"><a class=\"wp-block-button__link wp-element-button\" href=\"https:\/\/alice.ch\/de\/sveb\/weiterbildungspolitik\/sozialhilfe\/\">Weiterbildungsoffensive in der Sozialhilfe<\/a><\/div>\n<\/div>\n\n\n\n<div class=\"wp-block-buttons is-layout-flex wp-block-buttons-is-layout-flex\">\n<div class=\"wp-block-button has-custom-width wp-block-button__width-50 is-style-outline is-style-outline--2\"><a class=\"wp-block-button__link wp-element-button\" href=\"https:\/\/www.lesen-schreiben-schweiz.ch\/Sensibilisierung.cfm\" target=\"_blank\" rel=\"noreferrer noopener\">Sensibilisierung f\u00fcr Institutionen (Schweizer Dachverband Lesen und Schreiben)<\/a><\/div>\n<\/div>\n\n\n\n<div class=\"wp-block-columns is-layout-flex wp-container-core-columns-is-layout-28f84493 wp-block-columns-is-layout-flex\">\n<div class=\"wp-block-column is-layout-flow wp-block-column-is-layout-flow\" style=\"flex-basis:50%\">\n<div class=\"wp-block-file\"><a id=\"wp-block-file--media-eec9df04-5b29-4ed0-89c9-db8c1ad39e07\" href=\"https:\/\/alice.ch\/app\/uploads\/2022\/09\/GO_Sozialhilfe_Schlussbericht.pdf\" target=\"_blank\" rel=\"noreferrer noopener\">GO Sozialhilfe (Schlussbericht 2015)<br \/>PDF &#8211; 523 KB<\/a><\/div>\n<\/div>\n\n\n\n<div class=\"wp-block-column is-layout-flow wp-block-column-is-layout-flow\" style=\"flex-basis:50%\"><\/div>\n<\/div>\n\n\n\n<h3 class=\"wp-block-heading\">Handlungsorientierte Bildungsangebote entwickeln<\/h3>\n\n\n\n<p>Erwachsene lernen zielgerichtet und situativ. Sie sind motiviert, wenn ihre Anstrengungen einen direkten Nutzen im Alltag bringen. Um geeignete Bildungsangebote bereitzustellen, muss man Abschied nehmen von der Trennung zwischen Leben und Lernen, langfristig angelegten Kursangeboten (\u00abweil es so viel zu lernen gibt\u00bb) und vom Denken in F\u00e4chern. Erwachsene profitieren langfristig von Bildungsmassnahmen, wenn es gelingt, die t\u00e4gliche Praxis im privaten wie im beruflichen Kontext gezielt zu ver\u00e4ndern.<\/p>\n\n\n\n<p>Die Bildungsangebote von GO sind handlungsorientiert und setzten mit kurzen Kurssequenzen im Arbeitskontext auf den gr\u00f6sstm\u00f6glichen Lerneffekt. Sie richten sich an Weiterbildungsanbieter und Betriebe, die ihre gering qualifizierten Mitarbeitenden f\u00f6rdern m\u00f6chten.&nbsp;<\/p>\n\n\n\n<div class=\"wp-block-group is-style-run-to-edge has-primary-background-color has-background is-layout-flow wp-block-group-is-layout-flow\">\n<p class=\"is-style-lead has-background-color has-text-color\">Die Bildungsangebote von GO sind handlungsorientiert und setzten mit kurzen Kurssequenzen im Arbeitskontext auf den gr\u00f6sstm\u00f6glichen Lerneffekt. Sie richten sich an Weiterbildungsanbieter und Betriebe, die ihre gering qualifizierten Mitarbeitenden f\u00f6rdern m\u00f6chten.<\/p>\n<\/div>\n\n\n\n<p><\/p>\n\n\n\n<div class=\"wp-block-buttons is-layout-flex wp-block-buttons-is-layout-flex\">\n<div class=\"wp-block-button has-custom-width wp-block-button__width-50 is-style-outline is-style-outline--3\"><a class=\"wp-block-button__link wp-element-button\" href=\"https:\/\/alice.ch\/de\/themen\/grundkompetenzen\/go-upskilling-am-arbeitsplatz\/go-modell\/\">Go-Modell<\/a><\/div>\n<\/div>\n\n\n\n<h3 class=\"wp-block-heading\">Kursleitende qualifizieren&nbsp;<\/h3>\n\n\n\n<p>Die schw\u00e4chsten Lernenden brauchen die besten Kursleiterinnen und Kursleiter \u2013 darum sind qualifizierte Kursleitende im Bereich Grundkompetenzen derart wichtig. Die Qualit\u00e4t der Kursleiterausbildungen sowie die Definition erforderlicher Kompetenzen f\u00fcr Kursleitende im Bereich Grundkompetenzen sind zwei zentrale Aspekte der Professionalisierung. Es gilt, die Ausbildung der Kursleitenden, die schweizerischen Qualit\u00e4tsstandards (<a href=\"https:\/\/alice.ch\/de\/qualitaet\/qualitaetslabel-eduqua\/\">eduQua<\/a>) und das Berufsfeld AusbilderIn entsprechend auszugestalten.&nbsp;<\/p>\n\n\n\n<div class=\"wp-block-buttons is-layout-flex wp-block-buttons-is-layout-flex\">\n<div class=\"wp-block-button has-custom-width wp-block-button__width-50 is-style-outline is-style-outline--4\"><a class=\"wp-block-button__link wp-element-button\" href=\"https:\/\/alice.ch\/de\/kursleiterkompetenzen\/\">Kursleiterkompetenzen<\/a><\/div>\n<\/div>\n\n\n\n<p><\/p>\n\n\n\n<div class=\"wp-block-group is-style-run-to-edge has-primary-background-color has-background is-layout-flow wp-block-group-is-layout-flow\">\n<p class=\"is-style-lead has-background-color has-text-color\">Eine Perspektive f\u00fcr die n\u00e4chsten Jahre ist der Aufbau eines Kursleiter-Netzwerks, das den fachlichen Austausch von Kursleitenden erm\u00f6glicht und eine Plattform f\u00fcr die informelle Weiterbildung im Bereich Grundkompetenzen bietet.<\/p>\n<\/div>\n\n\n\n<h3 class=\"wp-block-heading\">Politisches Engagement f\u00fcr starke F\u00f6rderstrukturen&nbsp;<\/h3>\n\n\n\n<p>Das&nbsp;<a href=\"https:\/\/alice.ch\/de\/sveb\/weiterbildungspolitik\/weiterbildungsgesetz\/\">Weiterbildungsgesetz<\/a>&nbsp;(WeBiG) anerkennt die Grundkompetenzen als F\u00f6rdertatbestand. Es schafft den gesetzlichen Rahmen f\u00fcr deren F\u00f6rderung. Bund und Kantone haben den Auftrag, gemeinsam mit den Organisationen der Arbeitswelt OdA die Entwicklung und Durchf\u00fchrung von Angeboten sicherzustellen. In den kommenden Jahren gilt es, die F\u00f6rderstrukturen in den Kantonen auszubauen und Schnittstellen, bspw. zum Berufsabschluss f\u00fcr Erwachsene, besser zu nutzen.<\/p>\n\n\n\n<p>2017 hat der Bundesrat den F\u00f6rderschwerpunkt Grundkompetenzen am Arbeitsplatz beschlossen. Damit haben Betriebe, Branchenfonds oder Organisationen der Arbeitswelt gemeinsam mit Weiterbildungsanbietern die M\u00f6glichkeit entsprechende Projekte mit staatlicher Unterst\u00fctzung durchzuf\u00fchren.<\/p>\n\n\n\n<div class=\"wp-block-buttons is-layout-flex wp-block-buttons-is-layout-flex\">\n<div class=\"wp-block-button has-custom-width wp-block-button__width-50 is-style-outline is-style-outline--5\"><a class=\"wp-block-button__link wp-element-button\" href=\"https:\/\/alice.ch\/de\/themen\/grundkompetenzen\/einfach-besser-am-arbeitsplatz\/\">F\u00f6rderschwerpunkt Grundkompetenzen am Arbeitsplatz<\/a><\/div>\n<\/div>\n\n\n\n<p><\/p>\n\n\n\n<p>Die Interessengemeinschaft Grundkompetenzen beteiligt sich aktiv an der Entwicklung der Rahmenbedingungen f\u00fcr die F\u00f6rderung der Grundkompetenzen.<\/p>\n\n\n\n<div class=\"wp-block-buttons is-layout-flex wp-block-buttons-is-layout-flex\">\n<div class=\"wp-block-button has-custom-width wp-block-button__width-50 is-style-outline is-style-outline--6\"><a class=\"wp-block-button__link wp-element-button\" href=\"https:\/\/alice.ch\/de\/themen\/grundkompetenzen\/innovativ-foerdern\/ig-grundkompetenzen\/\">IG Grundkompetenzen<\/a><\/div>\n<\/div>\n\n\n\n<h3 class=\"wp-block-heading\">Zusammenarbeit st\u00e4rken&nbsp;<\/h3>\n\n\n\n<p>Die F\u00f6rderung der Grundkompetenzen ist eine Querschnittaufgabe und betrifft viele verschiedene Akteure: neben den Betroffenen sind Kursleitende, Weiterbildungsanbieter, Fachpersonen, Unternehmen, Bund (SBFI, BSV, SEM, SECO, BAKOM u. a.) und unterschiedliche kantonale Stellen sowie Sozialpartner involviert. Mit unserer Vernetzungsarbeit f\u00f6rdern wir die Zusammenarbeit der Akteure und die Entwicklung innovativer Angebots- und F\u00f6rderstrukturen.<\/p>\n\n\n\n<div class=\"wp-block-buttons is-layout-flex wp-block-buttons-is-layout-flex\">\n<div class=\"wp-block-button has-custom-width wp-block-button__width-50 is-style-outline is-style-outline--7\"><a class=\"wp-block-button__link wp-element-button\" href=\"https:\/\/alice.ch\/de\/themen\/grundkompetenzen\/innovativ-foerdern\/unser-netzwerk\/\">Netzwerk<\/a><\/div>\n<\/div>\n\n\n\n<h2 class=\"wp-block-heading\">Kontakt<\/h2>\n\n\n\n<div class=\"wp-block-columns is-layout-flex wp-container-core-columns-is-layout-28f84493 wp-block-columns-is-layout-flex\">\n<div class=\"wp-block-column is-layout-flow wp-block-column-is-layout-flow\" style=\"flex-basis:50%\"><div class=\"contact-persons\">\n\n\t\t\t\t\t<div class=\"contact-person\">\n\t\t\t\t\tC\u00e4cilia M\u00e4rki<br \/>\t\t\t\t\tSenior Projektleiterin und Ko-Koordinationsverantwortliche Grundkompetenzen<br \/>\t\t\t\t\t<br \/>\n\t\t\t\t\t\t\t\t\t\t<a href=\"tel:+41 (0)44 319 71 58\">+41 (0)44 319 71 58<\/a><br \/>\t\t\t\t\t<a href=\"mailto:caecilia.maerki@alice.ch\">caecilia.maerki@alice.ch<\/a><br \/>\t\t\t\t\t<\/div>\n\t\t\t\t\t<\/div>\n<\/div>\n\n\n\n<div class=\"wp-block-column is-layout-flow wp-block-column-is-layout-flow\" style=\"flex-basis:50%\"><\/div>\n<\/div>\n<\/div>\n","protected":false},"excerpt":{"rendered":"<p>Vernetzen, entwickeln, f\u00f6rdern Die F\u00f6rderung der Grundkompetenzen ist ein anspruchsvolles Handlungsfeld. Der F\u00f6rderbedarf ist gross, doch wird das vorhandene Kursangebot [&hellip;]<\/p>\n","protected":false},"author":2,"featured_media":20799,"parent":342,"menu_order":104,"comment_status":"closed","ping_status":"closed","template":"","meta":{"_acf_changed":false,"inline_featured_image":false,"footnotes":""},"class_list":["post-362","page","type-page","status-publish","has-post-thumbnail","hentry"],"acf":[],"yoast_head":"<!-- This site is optimized with the Yoast SEO plugin v27.3 - https:\/\/yoast.com\/product\/yoast-seo-wordpress\/ -->\n<title>Innovativ f\u00f6rdern - SVEB<\/title>\n<meta name=\"robots\" content=\"index, follow, max-snippet:-1, max-image-preview:large, max-video-preview:-1\" \/>\n<link rel=\"canonical\" href=\"https:\/\/alice.ch\/de\/themen\/grundkompetenzen\/innovativ-foerdern\/\" \/>\n<meta property=\"og:locale\" content=\"de_DE\" \/>\n<meta property=\"og:type\" content=\"article\" \/>\n<meta property=\"og:title\" content=\"Innovativ f\u00f6rdern - SVEB\" \/>\n<meta property=\"og:description\" content=\"Vernetzen, entwickeln, f\u00f6rdern Die F\u00f6rderung der Grundkompetenzen ist ein anspruchsvolles Handlungsfeld. Der F\u00f6rderbedarf ist gross, doch wird das vorhandene Kursangebot [&hellip;]\" \/>\n<meta property=\"og:url\" content=\"https:\/\/alice.ch\/de\/themen\/grundkompetenzen\/innovativ-foerdern\/\" \/>\n<meta property=\"og:site_name\" content=\"SVEB\" \/>\n<meta property=\"article:modified_time\" content=\"2023-05-08T15:10:20+00:00\" \/>\n<meta name=\"twitter:card\" content=\"summary_large_image\" \/>\n<meta name=\"twitter:label1\" content=\"Gesch\u00e4tzte Lesezeit\" \/>\n\t<meta name=\"twitter:data1\" content=\"4\u00a0Minuten\" \/>\n<script type=\"application\/ld+json\" class=\"yoast-schema-graph\">{\"@context\":\"https:\\\/\\\/schema.org\",\"@graph\":[{\"@type\":\"WebPage\",\"@id\":\"https:\\\/\\\/alice.ch\\\/de\\\/themen\\\/grundkompetenzen\\\/innovativ-foerdern\\\/\",\"url\":\"https:\\\/\\\/alice.ch\\\/de\\\/themen\\\/grundkompetenzen\\\/innovativ-foerdern\\\/\",\"name\":\"Innovativ f\u00f6rdern - SVEB\",\"isPartOf\":{\"@id\":\"https:\\\/\\\/alice.ch\\\/de\\\/#website\"},\"primaryImageOfPage\":{\"@id\":\"https:\\\/\\\/alice.ch\\\/de\\\/themen\\\/grundkompetenzen\\\/innovativ-foerdern\\\/#primaryimage\"},\"image\":{\"@id\":\"https:\\\/\\\/alice.ch\\\/de\\\/themen\\\/grundkompetenzen\\\/innovativ-foerdern\\\/#primaryimage\"},\"thumbnailUrl\":\"https:\\\/\\\/alice.ch\\\/app\\\/uploads\\\/2022\\\/11\\\/default.jpg\",\"datePublished\":\"2022-08-16T13:41:03+00:00\",\"dateModified\":\"2023-05-08T15:10:20+00:00\",\"breadcrumb\":{\"@id\":\"https:\\\/\\\/alice.ch\\\/de\\\/themen\\\/grundkompetenzen\\\/innovativ-foerdern\\\/#breadcrumb\"},\"inLanguage\":\"de\",\"potentialAction\":[{\"@type\":\"ReadAction\",\"target\":[\"https:\\\/\\\/alice.ch\\\/de\\\/themen\\\/grundkompetenzen\\\/innovativ-foerdern\\\/\"]}]},{\"@type\":\"ImageObject\",\"inLanguage\":\"de\",\"@id\":\"https:\\\/\\\/alice.ch\\\/de\\\/themen\\\/grundkompetenzen\\\/innovativ-foerdern\\\/#primaryimage\",\"url\":\"https:\\\/\\\/alice.ch\\\/app\\\/uploads\\\/2022\\\/11\\\/default.jpg\",\"contentUrl\":\"https:\\\/\\\/alice.ch\\\/app\\\/uploads\\\/2022\\\/11\\\/default.jpg\",\"width\":1600,\"height\":900},{\"@type\":\"BreadcrumbList\",\"@id\":\"https:\\\/\\\/alice.ch\\\/de\\\/themen\\\/grundkompetenzen\\\/innovativ-foerdern\\\/#breadcrumb\",\"itemListElement\":[{\"@type\":\"ListItem\",\"position\":1,\"name\":\"Startseite\",\"item\":\"https:\\\/\\\/alice.ch\\\/de\\\/\"},{\"@type\":\"ListItem\",\"position\":2,\"name\":\"Themen\",\"item\":\"https:\\\/\\\/alice.ch\\\/de\\\/themen\\\/\"},{\"@type\":\"ListItem\",\"position\":3,\"name\":\"Grundkompetenzen\",\"item\":\"https:\\\/\\\/alice.ch\\\/de\\\/themen\\\/grundkompetenzen\\\/\"},{\"@type\":\"ListItem\",\"position\":4,\"name\":\"Innovativ f\u00f6rdern\"}]},{\"@type\":\"WebSite\",\"@id\":\"https:\\\/\\\/alice.ch\\\/de\\\/#website\",\"url\":\"https:\\\/\\\/alice.ch\\\/de\\\/\",\"name\":\"alice.ch (Adult Learning Information Center) ist das Portal der Weiterbildung in der Schweiz.\",\"description\":\"Schweizerischer Verband f\u00fcr Weiterbildung\",\"publisher\":{\"@id\":\"https:\\\/\\\/alice.ch\\\/de\\\/#organization\"},\"potentialAction\":[{\"@type\":\"SearchAction\",\"target\":{\"@type\":\"EntryPoint\",\"urlTemplate\":\"https:\\\/\\\/alice.ch\\\/de\\\/?s={search_term_string}\"},\"query-input\":{\"@type\":\"PropertyValueSpecification\",\"valueRequired\":true,\"valueName\":\"search_term_string\"}}],\"inLanguage\":\"de\"},{\"@type\":\"Organization\",\"@id\":\"https:\\\/\\\/alice.ch\\\/de\\\/#organization\",\"name\":\"SVEB Schweizerischer Verband f\u00fcr Weiterbildung\",\"url\":\"https:\\\/\\\/alice.ch\\\/de\\\/\",\"logo\":{\"@type\":\"ImageObject\",\"inLanguage\":\"de\",\"@id\":\"https:\\\/\\\/alice.ch\\\/de\\\/#\\\/schema\\\/logo\\\/image\\\/\",\"url\":\"https:\\\/\\\/alice.ch\\\/app\\\/uploads\\\/2022\\\/07\\\/logo-sveb.png\",\"contentUrl\":\"https:\\\/\\\/alice.ch\\\/app\\\/uploads\\\/2022\\\/07\\\/logo-sveb.png\",\"width\":145,\"height\":64,\"caption\":\"SVEB Schweizerischer Verband f\u00fcr Weiterbildung\"},\"image\":{\"@id\":\"https:\\\/\\\/alice.ch\\\/de\\\/#\\\/schema\\\/logo\\\/image\\\/\"},\"sameAs\":[\"https:\\\/\\\/www.linkedin.com\\\/company\\\/schweizerischer-verband-fr-weiterbildung-sveb\\\/\"]}]}<\/script>\n<!-- \/ Yoast SEO plugin. -->","yoast_head_json":{"title":"Innovativ f\u00f6rdern - SVEB","robots":{"index":"index","follow":"follow","max-snippet":"max-snippet:-1","max-image-preview":"max-image-preview:large","max-video-preview":"max-video-preview:-1"},"canonical":"https:\/\/alice.ch\/de\/themen\/grundkompetenzen\/innovativ-foerdern\/","og_locale":"de_DE","og_type":"article","og_title":"Innovativ f\u00f6rdern - SVEB","og_description":"Vernetzen, entwickeln, f\u00f6rdern Die F\u00f6rderung der Grundkompetenzen ist ein anspruchsvolles Handlungsfeld. Der F\u00f6rderbedarf ist gross, doch wird das vorhandene Kursangebot [&hellip;]","og_url":"https:\/\/alice.ch\/de\/themen\/grundkompetenzen\/innovativ-foerdern\/","og_site_name":"SVEB","article_modified_time":"2023-05-08T15:10:20+00:00","twitter_card":"summary_large_image","twitter_misc":{"Gesch\u00e4tzte Lesezeit":"4\u00a0Minuten"},"schema":{"@context":"https:\/\/schema.org","@graph":[{"@type":"WebPage","@id":"https:\/\/alice.ch\/de\/themen\/grundkompetenzen\/innovativ-foerdern\/","url":"https:\/\/alice.ch\/de\/themen\/grundkompetenzen\/innovativ-foerdern\/","name":"Innovativ f\u00f6rdern - SVEB","isPartOf":{"@id":"https:\/\/alice.ch\/de\/#website"},"primaryImageOfPage":{"@id":"https:\/\/alice.ch\/de\/themen\/grundkompetenzen\/innovativ-foerdern\/#primaryimage"},"image":{"@id":"https:\/\/alice.ch\/de\/themen\/grundkompetenzen\/innovativ-foerdern\/#primaryimage"},"thumbnailUrl":"https:\/\/alice.ch\/app\/uploads\/2022\/11\/default.jpg","datePublished":"2022-08-16T13:41:03+00:00","dateModified":"2023-05-08T15:10:20+00:00","breadcrumb":{"@id":"https:\/\/alice.ch\/de\/themen\/grundkompetenzen\/innovativ-foerdern\/#breadcrumb"},"inLanguage":"de","potentialAction":[{"@type":"ReadAction","target":["https:\/\/alice.ch\/de\/themen\/grundkompetenzen\/innovativ-foerdern\/"]}]},{"@type":"ImageObject","inLanguage":"de","@id":"https:\/\/alice.ch\/de\/themen\/grundkompetenzen\/innovativ-foerdern\/#primaryimage","url":"https:\/\/alice.ch\/app\/uploads\/2022\/11\/default.jpg","contentUrl":"https:\/\/alice.ch\/app\/uploads\/2022\/11\/default.jpg","width":1600,"height":900},{"@type":"BreadcrumbList","@id":"https:\/\/alice.ch\/de\/themen\/grundkompetenzen\/innovativ-foerdern\/#breadcrumb","itemListElement":[{"@type":"ListItem","position":1,"name":"Startseite","item":"https:\/\/alice.ch\/de\/"},{"@type":"ListItem","position":2,"name":"Themen","item":"https:\/\/alice.ch\/de\/themen\/"},{"@type":"ListItem","position":3,"name":"Grundkompetenzen","item":"https:\/\/alice.ch\/de\/themen\/grundkompetenzen\/"},{"@type":"ListItem","position":4,"name":"Innovativ f\u00f6rdern"}]},{"@type":"WebSite","@id":"https:\/\/alice.ch\/de\/#website","url":"https:\/\/alice.ch\/de\/","name":"alice.ch (Adult Learning Information Center) ist das Portal der Weiterbildung in der Schweiz.","description":"Schweizerischer Verband f\u00fcr Weiterbildung","publisher":{"@id":"https:\/\/alice.ch\/de\/#organization"},"potentialAction":[{"@type":"SearchAction","target":{"@type":"EntryPoint","urlTemplate":"https:\/\/alice.ch\/de\/?s={search_term_string}"},"query-input":{"@type":"PropertyValueSpecification","valueRequired":true,"valueName":"search_term_string"}}],"inLanguage":"de"},{"@type":"Organization","@id":"https:\/\/alice.ch\/de\/#organization","name":"SVEB Schweizerischer Verband f\u00fcr Weiterbildung","url":"https:\/\/alice.ch\/de\/","logo":{"@type":"ImageObject","inLanguage":"de","@id":"https:\/\/alice.ch\/de\/#\/schema\/logo\/image\/","url":"https:\/\/alice.ch\/app\/uploads\/2022\/07\/logo-sveb.png","contentUrl":"https:\/\/alice.ch\/app\/uploads\/2022\/07\/logo-sveb.png","width":145,"height":64,"caption":"SVEB Schweizerischer Verband f\u00fcr Weiterbildung"},"image":{"@id":"https:\/\/alice.ch\/de\/#\/schema\/logo\/image\/"},"sameAs":["https:\/\/www.linkedin.com\/company\/schweizerischer-verband-fr-weiterbildung-sveb\/"]}]}},"_links":{"self":[{"href":"https:\/\/alice.ch\/de\/wp-json\/wp\/v2\/pages\/362","targetHints":{"allow":["GET"]}}],"collection":[{"href":"https:\/\/alice.ch\/de\/wp-json\/wp\/v2\/pages"}],"about":[{"href":"https:\/\/alice.ch\/de\/wp-json\/wp\/v2\/types\/page"}],"author":[{"embeddable":true,"href":"https:\/\/alice.ch\/de\/wp-json\/wp\/v2\/users\/2"}],"replies":[{"embeddable":true,"href":"https:\/\/alice.ch\/de\/wp-json\/wp\/v2\/comments?post=362"}],"version-history":[{"count":31,"href":"https:\/\/alice.ch\/de\/wp-json\/wp\/v2\/pages\/362\/revisions"}],"predecessor-version":[{"id":50187,"href":"https:\/\/alice.ch\/de\/wp-json\/wp\/v2\/pages\/362\/revisions\/50187"}],"up":[{"embeddable":true,"href":"https:\/\/alice.ch\/de\/wp-json\/wp\/v2\/pages\/342"}],"wp:featuredmedia":[{"embeddable":true,"href":"https:\/\/alice.ch\/de\/wp-json\/wp\/v2\/media\/20799"}],"wp:attachment":[{"href":"https:\/\/alice.ch\/de\/wp-json\/wp\/v2\/media?parent=362"}],"curies":[{"name":"wp","href":"https:\/\/api.w.org\/{rel}","templated":true}]}}