{"id":38110,"date":"2022-12-20T09:03:44","date_gmt":"2022-12-20T08:03:44","guid":{"rendered":"https:\/\/alice.ch\/?page_id=38110"},"modified":"2023-11-02T17:37:15","modified_gmt":"2023-11-02T16:37:15","slug":"praxistools","status":"publish","type":"page","link":"https:\/\/alice.ch\/de\/dienstleistungen\/publikationen-und-produkte\/praxistools\/","title":{"rendered":"Praxistools"},"content":{"rendered":"\n<div class=\"wp-block-group is-style-reduced-width is-layout-flow wp-block-group-is-layout-flow\">\n<h1 class=\"wp-block-heading\">Praxistools<\/h1>\n\n\n\n<p class=\"is-style-lead\">Der SVEB entwickelt Praxistools f\u00fcr Fachleute aus der Weiterbildung, die Sie hier bestellen k\u00f6nnen:<\/p>\n\n\n\n<div class=\"wp-block-query is-layout-flow wp-block-query-is-layout-flow\"><ul class=\"wp-block-post-template is-layout-flow wp-block-post-template-is-layout-flow\"><li class=\"wp-block-post post-69811 publication type-publication status-publish has-post-thumbnail hentry publication-category-praxistools global-category-klima-check global-category-nachhaltigkeit-in-der-weiterbildung\">\n\n<div class=\"publication-item\">\n\t<div class=\"image\">\n\t\t<img decoding=\"async\" width=\"652\" height=\"860\" src=\"https:\/\/alice.ch\/app\/uploads\/2025\/08\/sveb-klima-check-weiterbildungsinstitutionen-cover.png\" class=\"attachment-post-thumbnail size-post-thumbnail wp-post-image\" alt=\"\" srcset=\"https:\/\/alice.ch\/app\/uploads\/2025\/08\/sveb-klima-check-weiterbildungsinstitutionen-cover.png 652w, https:\/\/alice.ch\/app\/uploads\/2025\/08\/sveb-klima-check-weiterbildungsinstitutionen-cover-227x300.png 227w\" sizes=\"(max-width: 652px) 100vw, 652px\" \/>\t<\/div>\n\n\t<div class=\"content\">\n\t\t<h3>Klima-Check f\u00fcr Weiterbildungsinstitutionen<\/h3>\n\t\t<div class=\"description\"><p>Der Klima-Check unterst\u00fctzt Weiterbildungsinstitutionen dabei, ihre Klimafreundlichkeit systematisch zu analysieren und gezielte Handlungsm\u00f6glichkeiten zu entdecken. Der Leitfaden liefert Hintergrundwissen, die Toolbox enth\u00e4lt praxisnahe Aufgaben und Instrumente. Der Klima-Check wurde vom SVEB in Zusammenarbeit mit myclimate entwickelt. Finanziert wurde <span class=\"s1\">das Projekt vom Bundesamt f\u00fcr Umwelt BAFU.<\/span><\/p>\n<p>Es gibt das Dokument in einer Variante mit weniger Farbe, die sich gut zum Ausdrucken eignet: <a href=\"https:\/\/alice.ch\/app\/uploads\/2025\/08\/sveb-klima-check-weiterbildungsinstitutionen.pdf\">Klima-Check zum Ausdrucken (PDF)<\/a><\/p>\n<p>&nbsp;<\/p>\n<\/div>\n\n\t\t<div class=\"meta\">\n\t\t\t<ul>\n\t\t\t\t\t\t\t\t\t<li><strong>Preis:<\/strong> kostenlos<\/li>\n\t\t\t\t\n\t\t\t\t\t\t\t\t\t<li><strong>Herausgeber:<\/strong> SVEB<\/li>\n\t\t\t\t\n\t\t\t\t\t\t\t\t\t<li><strong>Autor:<\/strong> Marianne M\u00fcller (SVEB), Simon Zysset (WWF Schweiz)<\/li>\n\t\t\t\t\n\t\t\t\t\t\t\t\t\t<li><strong>Vertrieb:<\/strong> SVEB, 60 Seiten<\/li>\n\t\t\t\t\n\t\t\t\t\t\t\t\t\t<li><strong>Kooperationspartner:<\/strong> myclimate, Bundesamt f\u00fcr Umwelt BAFU<\/li>\n\t\t\t\t\n\t\t\t\t\n\t\t\t\t\t\t\t<\/ul>\n\n\t\t\t<ul class=\"actions\">\n\t\t\t\t\t\t\t\t\t<li><a class=\"button\" href=\"https:\/\/alice.ch\/de\/download-de\/?pub-id=69811\">Download<\/a><\/li>\n\t\t\t\t\n\t\t\t\t\t\t\t<\/ul>\n\t\t<\/div>\n\t<\/div>\n\n\n<\/div>\n\n<\/li><li class=\"wp-block-post post-54024 publication type-publication status-publish has-post-thumbnail hentry publication-category-praxistools\">\n\n<div class=\"publication-item\">\n\t<div class=\"image\">\n\t\t<img decoding=\"async\" width=\"460\" height=\"655\" src=\"https:\/\/alice.ch\/app\/uploads\/2023\/09\/checkliste-mit-bildungsgutscheinen-foerdern-cover.png\" class=\"attachment-post-thumbnail size-post-thumbnail wp-post-image\" alt=\"\" srcset=\"https:\/\/alice.ch\/app\/uploads\/2023\/09\/checkliste-mit-bildungsgutscheinen-foerdern-cover.png 460w, https:\/\/alice.ch\/app\/uploads\/2023\/09\/checkliste-mit-bildungsgutscheinen-foerdern-cover-211x300.png 211w\" sizes=\"(max-width: 460px) 100vw, 460px\" \/>\t<\/div>\n\n\t<div class=\"content\">\n\t\t<h3>Checkliste zur Planung und Umsetzung von Gutscheinprojekten<\/h3>\n\t\t<div class=\"description\"><p>Diese \u00dcbersicht fasst die wichtigsten Massnahmen zusammen, die es braucht, um ein erfolgreiches Projekt umzusetzen. Sie hilft bei der Entscheidung, ob ein Gutscheinprojekt realisierbar ist.<\/p>\n<\/div>\n\n\t\t<div class=\"meta\">\n\t\t\t<ul>\n\t\t\t\t\t\t\t\t\t<li><strong>Preis:<\/strong> kostenlos<\/li>\n\t\t\t\t\n\t\t\t\t\t\t\t\t\t<li><strong>Herausgeber:<\/strong> SVEB<\/li>\n\t\t\t\t\n\t\t\t\t\t\t\t\t\t<li><strong>Autor:<\/strong> Sofie Gollob, Birte Theiler<\/li>\n\t\t\t\t\n\t\t\t\t\t\t\t\t\t<li><strong>Vertrieb:<\/strong> SVEB, 4 Seiten<\/li>\n\t\t\t\t\n\t\t\t\t\n\t\t\t\t\n\t\t\t\t\t\t\t<\/ul>\n\n\t\t\t<ul class=\"actions\">\n\t\t\t\t\t\t\t\t\t<li><a class=\"button\" href=\"https:\/\/alice.ch\/de\/download-de\/?pub-id=54024\">Download<\/a><\/li>\n\t\t\t\t\n\t\t\t\t\t\t\t<\/ul>\n\t\t<\/div>\n\t<\/div>\n\n\n<\/div>\n\n<\/li><li class=\"wp-block-post post-54010 publication type-publication status-publish has-post-thumbnail hentry publication-category-praxistools\">\n\n<div class=\"publication-item\">\n\t<div class=\"image\">\n\t\t<img decoding=\"async\" width=\"646\" height=\"926\" src=\"https:\/\/alice.ch\/app\/uploads\/2023\/09\/leitfaden-mit-bildungsgutscheinen-foerdern-cover.png\" class=\"attachment-post-thumbnail size-post-thumbnail wp-post-image\" alt=\"\" srcset=\"https:\/\/alice.ch\/app\/uploads\/2023\/09\/leitfaden-mit-bildungsgutscheinen-foerdern-cover.png 646w, https:\/\/alice.ch\/app\/uploads\/2023\/09\/leitfaden-mit-bildungsgutscheinen-foerdern-cover-209x300.png 209w\" sizes=\"(max-width: 646px) 100vw, 646px\" \/>\t<\/div>\n\n\t<div class=\"content\">\n\t\t<h3>Leitfaden zur Planung und Umsetzung von Gutscheinprojekten<\/h3>\n\t\t<div class=\"description\"><p>Der Leitfaden unterst\u00fctzt bei der Planung und Umsetzung eines Gutscheinprojekts. Er stellt sechs Bausteine vor und zeigt Erfolgsfaktoren sowie Stolpersteine auf.<\/p>\n<\/div>\n\n\t\t<div class=\"meta\">\n\t\t\t<ul>\n\t\t\t\t\t\t\t\t\t<li><strong>Preis:<\/strong> kostenlos<\/li>\n\t\t\t\t\n\t\t\t\t\t\t\t\t\t<li><strong>Herausgeber:<\/strong> SVEB<\/li>\n\t\t\t\t\n\t\t\t\t\t\t\t\t\t<li><strong>Autor:<\/strong> Sofie Gollob, Birte Theiler<\/li>\n\t\t\t\t\n\t\t\t\t\t\t\t\t\t<li><strong>Vertrieb:<\/strong> SVEB, 15 Seiten<\/li>\n\t\t\t\t\n\t\t\t\t\n\t\t\t\t\n\t\t\t\t\t\t\t<\/ul>\n\n\t\t\t<ul class=\"actions\">\n\t\t\t\t\t\t\t\t\t<li><a class=\"button\" href=\"https:\/\/alice.ch\/de\/download-de\/?pub-id=54010\">Download<\/a><\/li>\n\t\t\t\t\n\t\t\t\t\t\t\t<\/ul>\n\t\t<\/div>\n\t<\/div>\n\n\n<\/div>\n\n<\/li><li class=\"wp-block-post post-36105 publication type-publication status-publish has-post-thumbnail hentry publication-category-bildungspass publication-category-praxistools\">\n\n<div class=\"publication-item\">\n\t<div class=\"image\">\n\t\t<img decoding=\"async\" width=\"426\" height=\"600\" src=\"https:\/\/alice.ch\/app\/uploads\/2022\/10\/Bildungspass-SVEB.jpeg\" class=\"attachment-post-thumbnail size-post-thumbnail wp-post-image\" alt=\"\" srcset=\"https:\/\/alice.ch\/app\/uploads\/2022\/10\/Bildungspass-SVEB.jpeg 426w, https:\/\/alice.ch\/app\/uploads\/2022\/10\/Bildungspass-SVEB-213x300.jpeg 213w\" sizes=\"(max-width: 426px) 100vw, 426px\" \/>\t<\/div>\n\n\t<div class=\"content\">\n\t\t<h3>Bildungspass<\/h3>\n\t\t<div class=\"description\"><p>Im Bildungspass werden Aus- und Weiterbildungen, Kursbesuche, Praktika und ehrenamtliche T\u00e4tigkeiten nachgewiesen und die erworbenen Abschl\u00fcsse, Zertifikate oder Diplome erfasst.<\/p>\n<p>Der Bildungspass ist ein Plus in Sachen Weiterbildung. Er schafft \u00dcbersicht und Transparenz f\u00fcr Arbeitnehmende ebenso wie f\u00fcr die Arbeitgeber: Im Bildungspass werden alle absolvierten Aus- und Weiterbildungen sowie Kursbesuche, Praktika und ehrenamtliche T\u00e4tigkeiten nachgewiesen. Ebenfalls im Bildungspass ersichtlich sind die Abschl\u00fcsse, Zertifikate oder Diplome, die in den Bildungsveranstaltungen erworben wurden.<\/p>\n<p>Der Bildungspass bietet dem Personal und dem Unternehmen einen kompakten \u00dcberblick \u00fcber die Entwicklung der individuellen Weiterbildungsaktivit\u00e4t. Der Bildungspass ist im pers\u00f6nlichen Besitz der Inhaberin\/des Inhabers. Er kann bei allen Bildungsanbietern, bei in- und externen Weiterbildungsveranstaltungen im In- und Ausland eingesetzt werden. Bisher wurden landesweit rund 1&#8217;000&#8217;000 Bildungsp\u00e4sse verkauft. Der Pass ist in der ganzen Schweiz bekannt und bei Bildungsanbietern sehr gut akzeptiert. Der Bildungspass wird in einer dreisprachigen Version (dt.\/frz.\/ital.) angeboten; dadurch kann er auch bei regionaler Mobilit\u00e4t der Angestellten problemlos weiterverwendet werden.<\/p>\n<\/div>\n\n\t\t<div class=\"meta\">\n\t\t\t<ul>\n\t\t\t\t\t\t\t\t\t<li><strong>Preis:<\/strong> 6.00 CHF (Preis f\u00fcr Mitglieder: 6.00 CHF)<\/li>\n\t\t\t\t\n\t\t\t\t\n\t\t\t\t\n\t\t\t\t\n\t\t\t\t\n\t\t\t\t\n\t\t\t\t\t\t\t<\/ul>\n\n\t\t\t<ul class=\"actions\">\n\t\t\t\t\n\t\t\t\t\t\t\t\t\t<li><a class=\"button\" href=\"https:\/\/alice.ch\/de\/order-de\/?pub-id=36105\">Publikation bestellen<\/a><\/li>\n\t\t\t\t\t\t\t<\/ul>\n\t\t<\/div>\n\t<\/div>\n\n\n<\/div>\n\n<\/li><li class=\"wp-block-post post-47929 publication type-publication status-publish has-post-thumbnail hentry publication-category-praxistools\">\n\n<div class=\"publication-item\">\n\t<div class=\"image\">\n\t\t<img decoding=\"async\" width=\"1000\" height=\"1457\" src=\"https:\/\/alice.ch\/app\/uploads\/2023\/03\/DE_Analysetool_Digitale_Transformation_cover.jpg\" class=\"attachment-post-thumbnail size-post-thumbnail wp-post-image\" alt=\"\" srcset=\"https:\/\/alice.ch\/app\/uploads\/2023\/03\/DE_Analysetool_Digitale_Transformation_cover.jpg 1000w, https:\/\/alice.ch\/app\/uploads\/2023\/03\/DE_Analysetool_Digitale_Transformation_cover-206x300.jpg 206w, https:\/\/alice.ch\/app\/uploads\/2023\/03\/DE_Analysetool_Digitale_Transformation_cover-703x1024.jpg 703w, https:\/\/alice.ch\/app\/uploads\/2023\/03\/DE_Analysetool_Digitale_Transformation_cover-768x1119.jpg 768w\" sizes=\"(max-width: 1000px) 100vw, 1000px\" \/>\t<\/div>\n\n\t<div class=\"content\">\n\t\t<h3>Analyse-Tool zur Umsetzung der digitalen Transformation auf Organisationsebene<\/h3>\n\t\t<div class=\"description\"><p>Das\u00a0Analyse-Tool\u00a0bietet eine Unterst\u00fctzung bei der digitalen Transformation. Es basiert auf dem europ\u00e4ischen\u00a0<a href=\"https:\/\/joint-research-centre.ec.europa.eu\/european-framework-digitally-competent-educational-organisations-digcomporg_en\" target=\"_blank\" rel=\"noreferrer noopener\">DigCompOrg-Modell<\/a>\u00a0und soll zur Reflexion anregen. Es empfiehlt keine direkten Handlungsoptionen. Es kann aber unterst\u00fctzende Faktoren aufzeigen, um die digitale Transformation in den Organisationen aktiv voranzutreiben.<\/p>\n<\/div>\n\n\t\t<div class=\"meta\">\n\t\t\t<ul>\n\t\t\t\t\t\t\t\t\t<li><strong>Preis:<\/strong> kostenlos<\/li>\n\t\t\t\t\n\t\t\t\t\t\t\t\t\t<li><strong>Herausgeber:<\/strong> SVEB<\/li>\n\t\t\t\t\n\t\t\t\t\n\t\t\t\t\t\t\t\t\t<li><strong>Vertrieb:<\/strong> SVEB<\/li>\n\t\t\t\t\n\t\t\t\t\n\t\t\t\t\n\t\t\t\t\t\t\t<\/ul>\n\n\t\t\t<ul class=\"actions\">\n\t\t\t\t\t\t\t\t\t<li><a class=\"button\" href=\"https:\/\/alice.ch\/de\/download-de\/?pub-id=47929\">Download<\/a><\/li>\n\t\t\t\t\n\t\t\t\t\t\t\t<\/ul>\n\t\t<\/div>\n\t<\/div>\n\n\n<\/div>\n\n<\/li><li class=\"wp-block-post post-47789 publication type-publication status-publish has-post-thumbnail hentry publication-category-praxistools\">\n\n<div class=\"publication-item\">\n\t<div class=\"image\">\n\t\t<img decoding=\"async\" width=\"892\" height=\"1274\" src=\"https:\/\/alice.ch\/app\/uploads\/2023\/03\/fuenf-rezepte-fuer-die-digitale-transformation.png\" class=\"attachment-post-thumbnail size-post-thumbnail wp-post-image\" alt=\"\" srcset=\"https:\/\/alice.ch\/app\/uploads\/2023\/03\/fuenf-rezepte-fuer-die-digitale-transformation.png 892w, https:\/\/alice.ch\/app\/uploads\/2023\/03\/fuenf-rezepte-fuer-die-digitale-transformation-210x300.png 210w, https:\/\/alice.ch\/app\/uploads\/2023\/03\/fuenf-rezepte-fuer-die-digitale-transformation-717x1024.png 717w, https:\/\/alice.ch\/app\/uploads\/2023\/03\/fuenf-rezepte-fuer-die-digitale-transformation-768x1097.png 768w\" sizes=\"(max-width: 892px) 100vw, 892px\" \/>\t<\/div>\n\n\t<div class=\"content\">\n\t\t<h3>Poster \u00abF\u00fcnf Rezepte, um die digitale Transformation zu f\u00f6rdern\u00bb<\/h3>\n\t\t<div class=\"description\"><p>Das Poster ist ein Ergebnis aus dem Projekt \u00abDigitale Transformation in Weiterbildungsorganisationen\u00bb. Der SVEB will mit dem Projekt kleine und mittlere Anbieter bei der digitalen Transformation unterst\u00fctzen. Inputs von verschiedenen Fachpersonen sind in f\u00fcnf Rezepten zusammengefasst. Dabei handelt es sich nicht um theoretische Modelle, sondern um Empfehlungen aus der Praxis.<\/p>\n<\/div>\n\n\t\t<div class=\"meta\">\n\t\t\t<ul>\n\t\t\t\t\t\t\t\t\t<li><strong>Preis:<\/strong> kostenlos<\/li>\n\t\t\t\t\n\t\t\t\t\t\t\t\t\t<li><strong>Herausgeber:<\/strong> SVEB<\/li>\n\t\t\t\t\n\t\t\t\t\n\t\t\t\t\t\t\t\t\t<li><strong>Vertrieb:<\/strong> SVEB<\/li>\n\t\t\t\t\n\t\t\t\t\n\t\t\t\t\n\t\t\t\t\t\t\t<\/ul>\n\n\t\t\t<ul class=\"actions\">\n\t\t\t\t\t\t\t\t\t<li><a class=\"button\" href=\"https:\/\/alice.ch\/de\/download-de\/?pub-id=47789\">Download<\/a><\/li>\n\t\t\t\t\n\t\t\t\t\t\t\t\t\t<li><a class=\"button\" href=\"https:\/\/alice.ch\/de\/order-de\/?pub-id=47789\">Publikation bestellen<\/a><\/li>\n\t\t\t\t\t\t\t<\/ul>\n\t\t<\/div>\n\t<\/div>\n\n\n<\/div>\n\n<\/li><li class=\"wp-block-post post-36271 publication type-publication status-publish has-post-thumbnail hentry publication-category-praxistools\">\n\n<div class=\"publication-item\">\n\t<div class=\"image\">\n\t\t<img decoding=\"async\" width=\"1664\" height=\"2560\" src=\"https:\/\/alice.ch\/app\/uploads\/2022\/12\/kartenset-de-scaled.jpeg\" class=\"attachment-post-thumbnail size-post-thumbnail wp-post-image\" alt=\"\" srcset=\"https:\/\/alice.ch\/app\/uploads\/2022\/12\/kartenset-de-scaled.jpeg 1664w, https:\/\/alice.ch\/app\/uploads\/2022\/12\/kartenset-de-195x300.jpeg 195w, https:\/\/alice.ch\/app\/uploads\/2022\/12\/kartenset-de-666x1024.jpeg 666w, https:\/\/alice.ch\/app\/uploads\/2022\/12\/kartenset-de-768x1181.jpeg 768w, https:\/\/alice.ch\/app\/uploads\/2022\/12\/kartenset-de-999x1536.jpeg 999w, https:\/\/alice.ch\/app\/uploads\/2022\/12\/kartenset-de-1332x2048.jpeg 1332w\" sizes=\"(max-width: 1664px) 100vw, 1664px\" \/>\t<\/div>\n\n\t<div class=\"content\">\n\t\t<h3>TRANSIT Kartenset Zukunftsfragen<\/h3>\n\t\t<div class=\"description\"><div class=\"short-description\">\n<p>Kartenset mit Fragen zur Zukunft als Anregungen f\u00fcr die k\u00fcnftige Gestaltung der Weiterbildung<\/p>\n<p>Die TRANSIT-Zukunftsfragen laden dazu ein, allein oder in Gruppen Zukunftsvisionen zu entwickeln. Die 76 Fragen umfassen Themen aus den Bereichen Gesellschaft und Kultur, Arbeit, Wissen und Bildung sowie pers\u00f6nliche Lebensentw\u00fcrfe.<\/p>\n<p>Website:\u00a0<a href=\"https:\/\/thinktank-transit.ch\/\" target=\"_blank\" rel=\"noopener\">thinktank-transit.ch<\/a><\/p>\n<p>Mengenrabatt auf Anfrage<\/p>\n<\/div>\n<\/div>\n\n\t\t<div class=\"meta\">\n\t\t\t<ul>\n\t\t\t\t\t\t\t\t\t<li><strong>Preis:<\/strong> 12.00 CHF (Preis f\u00fcr Mitglieder: 9.60 CHF)<\/li>\n\t\t\t\t\n\t\t\t\t\t\t\t\t\t<li><strong>Herausgeber:<\/strong> SVEB<\/li>\n\t\t\t\t\n\t\t\t\t\n\t\t\t\t\n\t\t\t\t\n\t\t\t\t\n\t\t\t\t\t\t\t<\/ul>\n\n\t\t\t<ul class=\"actions\">\n\t\t\t\t\n\t\t\t\t\t\t\t\t\t<li><a class=\"button\" href=\"https:\/\/alice.ch\/de\/order-de\/?pub-id=36271\">Publikation bestellen<\/a><\/li>\n\t\t\t\t\t\t\t<\/ul>\n\t\t<\/div>\n\t<\/div>\n\n\n<\/div>\n\n<\/li><li class=\"wp-block-post post-36100 publication type-publication status-publish has-post-thumbnail hentry publication-category-praxistools\">\n\n<div class=\"publication-item\">\n\t<div class=\"image\">\n\t\t<img decoding=\"async\" width=\"671\" height=\"940\" src=\"https:\/\/alice.ch\/app\/uploads\/2022\/11\/GoTool.png\" class=\"attachment-post-thumbnail size-post-thumbnail wp-post-image\" alt=\"\" srcset=\"https:\/\/alice.ch\/app\/uploads\/2022\/11\/GoTool.png 671w, https:\/\/alice.ch\/app\/uploads\/2022\/11\/GoTool-214x300.png 214w\" sizes=\"(max-width: 671px) 100vw, 671px\" \/>\t<\/div>\n\n\t<div class=\"content\">\n\t\t<h3>GO Toolkit \u2013 Band 1 und 2<\/h3>\n\t\t<div class=\"description\"><div class=\"short-description\">\n<p>Werkzeugkoffer f\u00fcr die arbeitsplatzorientierte F\u00f6rderung der Grundkompetenzen<\/p>\n<\/div>\n<div class=\"price-box-bundle\">\n<div class=\"price-box\"><\/div>\n<\/div>\n<p>Erwachsene lernen zielgerichtet. Sie wollen wissen, wozu das Gelernte dient, was ihnen n\u00fctzt und wozu sie es anwenden k\u00f6nnen. Dieses Grundprinzip liegt dem GO Modell zugrunde, das den Arbeitsplatz zu einem Lernort macht. Das GO Modell bildet diesen Prozess der arbeitsplatzorientierten F\u00f6rderung der Grundkompetenzen in f\u00fcnf Schritten ab. Das GO Toolkit bietet die n\u00f6tigen \u201eWerkzeuge\u201c f\u00fcr die Umsetzung im Betrieb.\u00a0Band 1\u00a0enth\u00e4lt Leitf\u00e4den, die Akteure unterst\u00fctzen, Bildungsmassnahmen nach dem GO Modell zu entwickeln und durchzuf\u00fchren.\u00a0Band 2\u00a0stellt rund 50 Deskriptoren zur Verf\u00fcgung, die helfen, Grundkompetenzen zu erfassen, die f\u00fcr eine T\u00e4tigkeit erforderlich sind.<\/p>\n<\/div>\n\n\t\t<div class=\"meta\">\n\t\t\t<ul>\n\t\t\t\t\t\t\t\t\t<li><strong>Preis:<\/strong> 75.00 CHF (Preis f\u00fcr Mitglieder: 60.00 CHF)<\/li>\n\t\t\t\t\n\t\t\t\t\t\t\t\t\t<li><strong>Herausgeber:<\/strong> Bernhard Gr\u00e4miger und C\u00e4cilia M\u00e4rki, SVEB\u2028<\/li>\n\t\t\t\t\n\t\t\t\t\t\t\t\t\t<li><strong>Autor:<\/strong> Margrit Hagenow, Hansruedi Kaiser, Andi Czech, Ruth Meyer<\/li>\n\t\t\t\t\n\t\t\t\t\t\t\t\t\t<li><strong>Vertrieb:<\/strong> Zweite Auflage, Juli 2016; Band 1: 134 Seiten; Band 2: 84 Seiten<\/li>\n\t\t\t\t\n\t\t\t\t\n\t\t\t\t\n\t\t\t\t\t\t\t<\/ul>\n\n\t\t\t<ul class=\"actions\">\n\t\t\t\t\n\t\t\t\t\t\t\t\t\t<li><a class=\"button\" href=\"https:\/\/alice.ch\/de\/order-de\/?pub-id=36100\">Publikation bestellen<\/a><\/li>\n\t\t\t\t\t\t\t<\/ul>\n\t\t<\/div>\n\t<\/div>\n\n\n<\/div>\n\n<\/li><li class=\"wp-block-post post-36454 publication type-publication status-publish has-post-thumbnail hentry publication-category-praxistools\">\n\n<div class=\"publication-item\">\n\t<div class=\"image\">\n\t\t<img decoding=\"async\" width=\"559\" height=\"782\" src=\"https:\/\/alice.ch\/app\/uploads\/2022\/12\/GO_Toolkit_1_Leitfaeden.jpg\" class=\"attachment-post-thumbnail size-post-thumbnail wp-post-image\" alt=\"\" srcset=\"https:\/\/alice.ch\/app\/uploads\/2022\/12\/GO_Toolkit_1_Leitfaeden.jpg 559w, https:\/\/alice.ch\/app\/uploads\/2022\/12\/GO_Toolkit_1_Leitfaeden-214x300.jpg 214w\" sizes=\"(max-width: 559px) 100vw, 559px\" \/>\t<\/div>\n\n\t<div class=\"content\">\n\t\t<h3>GO-Toolkit \u2013 Band 1: Leitf\u00e4den<\/h3>\n\t\t<div class=\"description\"><p>Werkzeugkoffer f\u00fcr die arbeitsplatzorientierte F\u00f6rderung der Grundkompetenzen<\/p>\n<p>Erwachsene lernen zielgerichtet. Sie wollen wissen, wozu das Gelernte dient, was ihnen n\u00fctzt und wozu sie es anwenden k\u00f6nnen. Dieses Grundprinzip liegt dem GO-Modell zugrunde, das den Arbeitsplatz zu einem Lernort macht. Das GO-Modell bildet diesen Prozess der arbeitsplatzorientierten F\u00f6rderung der Grundkompetenzen in f\u00fcnf Schritten ab. Das GO-Toolkit bietet die n\u00f6tigen \u00abWerkzeuge\u00bb f\u00fcr die Umsetzung im Betrieb. Band 1 enth\u00e4lt Leitf\u00e4den, die Akteure unterst\u00fctzen, Bildungsmassnahmen nach dem GO-Modell zu entwickeln und durchzuf\u00fchren. Band 2 stellt rund 50 Deskriptoren zur Verf\u00fcgung, die helfen, Grundkompetenzen zu erfassen, die f\u00fcr eine T\u00e4tigkeit erforderlichen sind.<\/p>\n<\/div>\n\n\t\t<div class=\"meta\">\n\t\t\t<ul>\n\t\t\t\t\t\t\t\t\t<li><strong>Preis:<\/strong> 45.00 CHF (Preis f\u00fcr Mitglieder: 36.00 CHF) \/ PDF-Download: kostenlos<\/li>\n\t\t\t\t\n\t\t\t\t\t\t\t\t\t<li><strong>Herausgeber:<\/strong> SVEB: Bernhard Gr\u00e4miger und C\u00e4cilia M\u00e4rki<\/li>\n\t\t\t\t\n\t\t\t\t\t\t\t\t\t<li><strong>Autor:<\/strong> Margrit Hagenow, Hansruedi Kaiser, Andi Czech, Ruth Meyer<\/li>\n\t\t\t\t\n\t\t\t\t\t\t\t\t\t<li><strong>Vertrieb:<\/strong> SVEB, zweite Auflage, Juli 2016; 134 Seiten<\/li>\n\t\t\t\t\n\t\t\t\t\n\t\t\t\t\n\t\t\t\t\t\t\t<\/ul>\n\n\t\t\t<ul class=\"actions\">\n\t\t\t\t\t\t\t\t\t<li><a class=\"button\" href=\"https:\/\/alice.ch\/de\/download-de\/?pub-id=36454\">Download<\/a><\/li>\n\t\t\t\t\n\t\t\t\t\t\t\t\t\t<li><a class=\"button\" href=\"https:\/\/alice.ch\/de\/order-de\/?pub-id=36454\">Publikation bestellen<\/a><\/li>\n\t\t\t\t\t\t\t<\/ul>\n\t\t<\/div>\n\t<\/div>\n\n\n<\/div>\n\n<\/li><li class=\"wp-block-post post-36478 publication type-publication status-publish has-post-thumbnail hentry publication-category-praxistools\">\n\n<div class=\"publication-item\">\n\t<div class=\"image\">\n\t\t<img decoding=\"async\" width=\"819\" height=\"545\" src=\"https:\/\/alice.ch\/app\/uploads\/2022\/12\/GO_Toolkit_2_Deskriptoren.jpg\" class=\"attachment-post-thumbnail size-post-thumbnail wp-post-image\" alt=\"\" srcset=\"https:\/\/alice.ch\/app\/uploads\/2022\/12\/GO_Toolkit_2_Deskriptoren.jpg 819w, https:\/\/alice.ch\/app\/uploads\/2022\/12\/GO_Toolkit_2_Deskriptoren-300x200.jpg 300w, https:\/\/alice.ch\/app\/uploads\/2022\/12\/GO_Toolkit_2_Deskriptoren-768x511.jpg 768w\" sizes=\"(max-width: 819px) 100vw, 819px\" \/>\t<\/div>\n\n\t<div class=\"content\">\n\t\t<h3>GO-Toolkit \u2013 Band 2: Deskriptoren<\/h3>\n\t\t<div class=\"description\"><div class=\"short-description\">\n<p>Werkzeugkoffer f\u00fcr die arbeitsplatzorientierte F\u00f6rderung der Grundkompetenzen<\/p>\n<p>Erwachsene lernen zielgerichtet. Sie wollen wissen, wozu das Gelernte dient, was ihnen n\u00fctzt und wozu sie es anwenden k\u00f6nnen. Dieses Grundprinzip liegt dem GO-Modell zugrunde, das den Arbeitsplatz zu einem Lernort macht. Das GO-Modell bildet diesen Prozess der arbeitsplatzorientierten F\u00f6rderung der Grundkompetenzen in f\u00fcnf Schritten ab. Das GO-Toolkit bietet die n\u00f6tigen \u201eWerkzeuge\u201c f\u00fcr die Umsetzung im Betrieb. Band 1 enth\u00e4lt Leitf\u00e4den, die Akteure unterst\u00fctzen, Bildungsmassnahmen nach dem GO-Modell zu entwickeln und durchzuf\u00fchren. Band 2 stellt rund 50 Deskriptoren zur Verf\u00fcgung, die helfen, Grundkompetenzen zu erfassen, die f\u00fcr eine T\u00e4tigkeit erforderlichen sind.<\/p>\n<\/div>\n<\/div>\n\n\t\t<div class=\"meta\">\n\t\t\t<ul>\n\t\t\t\t\t\t\t\t\t<li><strong>Preis:<\/strong> 35.00 CHF (Preis f\u00fcr Mitglieder: 28.00 CHF) \/ PDF-Download: kostenlos<\/li>\n\t\t\t\t\n\t\t\t\t\t\t\t\t\t<li><strong>Herausgeber:<\/strong> SVEB: Bernhard Gr\u00e4miger und C\u00e4cilia M\u00e4rki<\/li>\n\t\t\t\t\n\t\t\t\t\t\t\t\t\t<li><strong>Autor:<\/strong> Margrit Hagenow, Hansruedi Kaiser, Andi Czech, Ruth Meyer<\/li>\n\t\t\t\t\n\t\t\t\t\t\t\t\t\t<li><strong>Vertrieb:<\/strong> SVEB, zweite Auflage, Juli 2016; 84 Seiten<\/li>\n\t\t\t\t\n\t\t\t\t\n\t\t\t\t\n\t\t\t\t\t\t\t<\/ul>\n\n\t\t\t<ul class=\"actions\">\n\t\t\t\t\t\t\t\t\t<li><a class=\"button\" href=\"https:\/\/alice.ch\/de\/download-de\/?pub-id=36478\">Download<\/a><\/li>\n\t\t\t\t\n\t\t\t\t\t\t\t\t\t<li><a class=\"button\" href=\"https:\/\/alice.ch\/de\/order-de\/?pub-id=36478\">Publikation bestellen<\/a><\/li>\n\t\t\t\t\t\t\t<\/ul>\n\t\t<\/div>\n\t<\/div>\n\n\n<\/div>\n\n<\/li><\/ul>\n\n<\/div>\n\n\n\n<h2 class=\"wp-block-heading\">Kontakt<\/h2>\n\n\n\n<div class=\"wp-block-columns is-layout-flex wp-container-core-columns-is-layout-28f84493 wp-block-columns-is-layout-flex\">\n<div class=\"wp-block-column is-layout-flow wp-block-column-is-layout-flow\" style=\"flex-basis:50%\"><div class=\"contact-persons\">\n\n\t\t\t\t\t<div class=\"contact-person\">\n\t\t\t\t\tMichelle Mathys<br \/>\t\t\t\t\tVerantwortliche Marketing<br \/>\t\t\t\t\t<br \/>\n\t\t\t\t\t\t\t\t\t\t<a href=\"tel:+41 (0)44 319 71 55\">+41 (0)44 319 71 55<\/a><br \/>\t\t\t\t\t<a href=\"mailto:michelle.mathys@alice.ch\">michelle.mathys@alice.ch<\/a><br \/>\t\t\t\t\t<\/div>\n\t\t\t\t\t<\/div>\n<\/div>\n\n\n\n<div class=\"wp-block-column is-layout-flow wp-block-column-is-layout-flow\" style=\"flex-basis:50%\"><\/div>\n<\/div>\n<\/div>\n","protected":false},"excerpt":{"rendered":"<p>Praxistools Der SVEB entwickelt Praxistools f\u00fcr Fachleute aus der Weiterbildung, die Sie hier bestellen k\u00f6nnen: Kontakt<\/p>\n","protected":false},"author":2,"featured_media":20799,"parent":435,"menu_order":343,"comment_status":"closed","ping_status":"closed","template":"","meta":{"_acf_changed":false,"inline_featured_image":false,"footnotes":""},"class_list":["post-38110","page","type-page","status-publish","has-post-thumbnail","hentry"],"acf":[],"yoast_head":"<!-- This site is optimized with the Yoast SEO plugin v27.3 - https:\/\/yoast.com\/product\/yoast-seo-wordpress\/ -->\n<title>Praxistools - SVEB<\/title>\n<meta name=\"description\" content=\"Der SVEB entwickelt Praxistools f\u00fcr Fachleute aus der Weiterbildung, die Sie hier bestellen k\u00f6nnen: Bildungspass, Analyse-Tools, Tool-Kits.\" \/>\n<meta name=\"robots\" content=\"index, follow, max-snippet:-1, max-image-preview:large, max-video-preview:-1\" \/>\n<link rel=\"canonical\" href=\"https:\/\/alice.ch\/de\/dienstleistungen\/publikationen-und-produkte\/praxistools\/\" \/>\n<meta property=\"og:locale\" content=\"de_DE\" \/>\n<meta property=\"og:type\" content=\"article\" \/>\n<meta property=\"og:title\" content=\"Praxistools - SVEB\" \/>\n<meta property=\"og:description\" content=\"Der SVEB entwickelt Praxistools f\u00fcr Fachleute aus der Weiterbildung, die Sie hier bestellen k\u00f6nnen: Bildungspass, Analyse-Tools, Tool-Kits.\" \/>\n<meta property=\"og:url\" content=\"https:\/\/alice.ch\/de\/dienstleistungen\/publikationen-und-produkte\/praxistools\/\" \/>\n<meta property=\"og:site_name\" content=\"SVEB\" \/>\n<meta property=\"article:modified_time\" content=\"2023-11-02T16:37:15+00:00\" \/>\n<meta name=\"twitter:card\" content=\"summary_large_image\" \/>\n<meta name=\"twitter:label1\" content=\"Gesch\u00e4tzte Lesezeit\" \/>\n\t<meta name=\"twitter:data1\" content=\"1\u00a0Minute\" \/>\n<script type=\"application\/ld+json\" class=\"yoast-schema-graph\">{\"@context\":\"https:\\\/\\\/schema.org\",\"@graph\":[{\"@type\":\"WebPage\",\"@id\":\"https:\\\/\\\/alice.ch\\\/de\\\/dienstleistungen\\\/publikationen-und-produkte\\\/praxistools\\\/\",\"url\":\"https:\\\/\\\/alice.ch\\\/de\\\/dienstleistungen\\\/publikationen-und-produkte\\\/praxistools\\\/\",\"name\":\"Praxistools - SVEB\",\"isPartOf\":{\"@id\":\"https:\\\/\\\/alice.ch\\\/de\\\/#website\"},\"primaryImageOfPage\":{\"@id\":\"https:\\\/\\\/alice.ch\\\/de\\\/dienstleistungen\\\/publikationen-und-produkte\\\/praxistools\\\/#primaryimage\"},\"image\":{\"@id\":\"https:\\\/\\\/alice.ch\\\/de\\\/dienstleistungen\\\/publikationen-und-produkte\\\/praxistools\\\/#primaryimage\"},\"thumbnailUrl\":\"https:\\\/\\\/alice.ch\\\/app\\\/uploads\\\/2022\\\/11\\\/default.jpg\",\"datePublished\":\"2022-12-20T08:03:44+00:00\",\"dateModified\":\"2023-11-02T16:37:15+00:00\",\"description\":\"Der SVEB entwickelt Praxistools f\u00fcr Fachleute aus der Weiterbildung, die Sie hier bestellen k\u00f6nnen: Bildungspass, Analyse-Tools, Tool-Kits.\",\"breadcrumb\":{\"@id\":\"https:\\\/\\\/alice.ch\\\/de\\\/dienstleistungen\\\/publikationen-und-produkte\\\/praxistools\\\/#breadcrumb\"},\"inLanguage\":\"de\",\"potentialAction\":[{\"@type\":\"ReadAction\",\"target\":[\"https:\\\/\\\/alice.ch\\\/de\\\/dienstleistungen\\\/publikationen-und-produkte\\\/praxistools\\\/\"]}]},{\"@type\":\"ImageObject\",\"inLanguage\":\"de\",\"@id\":\"https:\\\/\\\/alice.ch\\\/de\\\/dienstleistungen\\\/publikationen-und-produkte\\\/praxistools\\\/#primaryimage\",\"url\":\"https:\\\/\\\/alice.ch\\\/app\\\/uploads\\\/2022\\\/11\\\/default.jpg\",\"contentUrl\":\"https:\\\/\\\/alice.ch\\\/app\\\/uploads\\\/2022\\\/11\\\/default.jpg\",\"width\":1600,\"height\":900},{\"@type\":\"BreadcrumbList\",\"@id\":\"https:\\\/\\\/alice.ch\\\/de\\\/dienstleistungen\\\/publikationen-und-produkte\\\/praxistools\\\/#breadcrumb\",\"itemListElement\":[{\"@type\":\"ListItem\",\"position\":1,\"name\":\"Startseite\",\"item\":\"https:\\\/\\\/alice.ch\\\/de\\\/\"},{\"@type\":\"ListItem\",\"position\":2,\"name\":\"Dienstleistungen\",\"item\":\"https:\\\/\\\/alice.ch\\\/de\\\/dienstleistungen\\\/\"},{\"@type\":\"ListItem\",\"position\":3,\"name\":\"Publikationen und Produkte\",\"item\":\"https:\\\/\\\/alice.ch\\\/de\\\/dienstleistungen\\\/publikationen-und-produkte\\\/\"},{\"@type\":\"ListItem\",\"position\":4,\"name\":\"Praxistools\"}]},{\"@type\":\"WebSite\",\"@id\":\"https:\\\/\\\/alice.ch\\\/de\\\/#website\",\"url\":\"https:\\\/\\\/alice.ch\\\/de\\\/\",\"name\":\"alice.ch (Adult Learning Information Center) ist das Portal der Weiterbildung in der Schweiz.\",\"description\":\"Schweizerischer Verband f\u00fcr Weiterbildung\",\"publisher\":{\"@id\":\"https:\\\/\\\/alice.ch\\\/de\\\/#organization\"},\"potentialAction\":[{\"@type\":\"SearchAction\",\"target\":{\"@type\":\"EntryPoint\",\"urlTemplate\":\"https:\\\/\\\/alice.ch\\\/de\\\/?s={search_term_string}\"},\"query-input\":{\"@type\":\"PropertyValueSpecification\",\"valueRequired\":true,\"valueName\":\"search_term_string\"}}],\"inLanguage\":\"de\"},{\"@type\":\"Organization\",\"@id\":\"https:\\\/\\\/alice.ch\\\/de\\\/#organization\",\"name\":\"SVEB Schweizerischer Verband f\u00fcr Weiterbildung\",\"url\":\"https:\\\/\\\/alice.ch\\\/de\\\/\",\"logo\":{\"@type\":\"ImageObject\",\"inLanguage\":\"de\",\"@id\":\"https:\\\/\\\/alice.ch\\\/de\\\/#\\\/schema\\\/logo\\\/image\\\/\",\"url\":\"https:\\\/\\\/alice.ch\\\/app\\\/uploads\\\/2022\\\/07\\\/logo-sveb.png\",\"contentUrl\":\"https:\\\/\\\/alice.ch\\\/app\\\/uploads\\\/2022\\\/07\\\/logo-sveb.png\",\"width\":145,\"height\":64,\"caption\":\"SVEB Schweizerischer Verband f\u00fcr Weiterbildung\"},\"image\":{\"@id\":\"https:\\\/\\\/alice.ch\\\/de\\\/#\\\/schema\\\/logo\\\/image\\\/\"},\"sameAs\":[\"https:\\\/\\\/www.linkedin.com\\\/company\\\/schweizerischer-verband-fr-weiterbildung-sveb\\\/\"]}]}<\/script>\n<!-- \/ Yoast SEO plugin. -->","yoast_head_json":{"title":"Praxistools - SVEB","description":"Der SVEB entwickelt Praxistools f\u00fcr Fachleute aus der Weiterbildung, die Sie hier bestellen k\u00f6nnen: Bildungspass, Analyse-Tools, Tool-Kits.","robots":{"index":"index","follow":"follow","max-snippet":"max-snippet:-1","max-image-preview":"max-image-preview:large","max-video-preview":"max-video-preview:-1"},"canonical":"https:\/\/alice.ch\/de\/dienstleistungen\/publikationen-und-produkte\/praxistools\/","og_locale":"de_DE","og_type":"article","og_title":"Praxistools - SVEB","og_description":"Der SVEB entwickelt Praxistools f\u00fcr Fachleute aus der Weiterbildung, die Sie hier bestellen k\u00f6nnen: Bildungspass, Analyse-Tools, Tool-Kits.","og_url":"https:\/\/alice.ch\/de\/dienstleistungen\/publikationen-und-produkte\/praxistools\/","og_site_name":"SVEB","article_modified_time":"2023-11-02T16:37:15+00:00","twitter_card":"summary_large_image","twitter_misc":{"Gesch\u00e4tzte Lesezeit":"1\u00a0Minute"},"schema":{"@context":"https:\/\/schema.org","@graph":[{"@type":"WebPage","@id":"https:\/\/alice.ch\/de\/dienstleistungen\/publikationen-und-produkte\/praxistools\/","url":"https:\/\/alice.ch\/de\/dienstleistungen\/publikationen-und-produkte\/praxistools\/","name":"Praxistools - SVEB","isPartOf":{"@id":"https:\/\/alice.ch\/de\/#website"},"primaryImageOfPage":{"@id":"https:\/\/alice.ch\/de\/dienstleistungen\/publikationen-und-produkte\/praxistools\/#primaryimage"},"image":{"@id":"https:\/\/alice.ch\/de\/dienstleistungen\/publikationen-und-produkte\/praxistools\/#primaryimage"},"thumbnailUrl":"https:\/\/alice.ch\/app\/uploads\/2022\/11\/default.jpg","datePublished":"2022-12-20T08:03:44+00:00","dateModified":"2023-11-02T16:37:15+00:00","description":"Der SVEB entwickelt Praxistools f\u00fcr Fachleute aus der Weiterbildung, die Sie hier bestellen k\u00f6nnen: Bildungspass, Analyse-Tools, Tool-Kits.","breadcrumb":{"@id":"https:\/\/alice.ch\/de\/dienstleistungen\/publikationen-und-produkte\/praxistools\/#breadcrumb"},"inLanguage":"de","potentialAction":[{"@type":"ReadAction","target":["https:\/\/alice.ch\/de\/dienstleistungen\/publikationen-und-produkte\/praxistools\/"]}]},{"@type":"ImageObject","inLanguage":"de","@id":"https:\/\/alice.ch\/de\/dienstleistungen\/publikationen-und-produkte\/praxistools\/#primaryimage","url":"https:\/\/alice.ch\/app\/uploads\/2022\/11\/default.jpg","contentUrl":"https:\/\/alice.ch\/app\/uploads\/2022\/11\/default.jpg","width":1600,"height":900},{"@type":"BreadcrumbList","@id":"https:\/\/alice.ch\/de\/dienstleistungen\/publikationen-und-produkte\/praxistools\/#breadcrumb","itemListElement":[{"@type":"ListItem","position":1,"name":"Startseite","item":"https:\/\/alice.ch\/de\/"},{"@type":"ListItem","position":2,"name":"Dienstleistungen","item":"https:\/\/alice.ch\/de\/dienstleistungen\/"},{"@type":"ListItem","position":3,"name":"Publikationen und Produkte","item":"https:\/\/alice.ch\/de\/dienstleistungen\/publikationen-und-produkte\/"},{"@type":"ListItem","position":4,"name":"Praxistools"}]},{"@type":"WebSite","@id":"https:\/\/alice.ch\/de\/#website","url":"https:\/\/alice.ch\/de\/","name":"alice.ch (Adult Learning Information Center) ist das Portal der Weiterbildung in der Schweiz.","description":"Schweizerischer Verband f\u00fcr Weiterbildung","publisher":{"@id":"https:\/\/alice.ch\/de\/#organization"},"potentialAction":[{"@type":"SearchAction","target":{"@type":"EntryPoint","urlTemplate":"https:\/\/alice.ch\/de\/?s={search_term_string}"},"query-input":{"@type":"PropertyValueSpecification","valueRequired":true,"valueName":"search_term_string"}}],"inLanguage":"de"},{"@type":"Organization","@id":"https:\/\/alice.ch\/de\/#organization","name":"SVEB Schweizerischer Verband f\u00fcr Weiterbildung","url":"https:\/\/alice.ch\/de\/","logo":{"@type":"ImageObject","inLanguage":"de","@id":"https:\/\/alice.ch\/de\/#\/schema\/logo\/image\/","url":"https:\/\/alice.ch\/app\/uploads\/2022\/07\/logo-sveb.png","contentUrl":"https:\/\/alice.ch\/app\/uploads\/2022\/07\/logo-sveb.png","width":145,"height":64,"caption":"SVEB Schweizerischer Verband f\u00fcr Weiterbildung"},"image":{"@id":"https:\/\/alice.ch\/de\/#\/schema\/logo\/image\/"},"sameAs":["https:\/\/www.linkedin.com\/company\/schweizerischer-verband-fr-weiterbildung-sveb\/"]}]}},"_links":{"self":[{"href":"https:\/\/alice.ch\/de\/wp-json\/wp\/v2\/pages\/38110","targetHints":{"allow":["GET"]}}],"collection":[{"href":"https:\/\/alice.ch\/de\/wp-json\/wp\/v2\/pages"}],"about":[{"href":"https:\/\/alice.ch\/de\/wp-json\/wp\/v2\/types\/page"}],"author":[{"embeddable":true,"href":"https:\/\/alice.ch\/de\/wp-json\/wp\/v2\/users\/2"}],"replies":[{"embeddable":true,"href":"https:\/\/alice.ch\/de\/wp-json\/wp\/v2\/comments?post=38110"}],"version-history":[{"count":11,"href":"https:\/\/alice.ch\/de\/wp-json\/wp\/v2\/pages\/38110\/revisions"}],"predecessor-version":[{"id":55240,"href":"https:\/\/alice.ch\/de\/wp-json\/wp\/v2\/pages\/38110\/revisions\/55240"}],"up":[{"embeddable":true,"href":"https:\/\/alice.ch\/de\/wp-json\/wp\/v2\/pages\/435"}],"wp:featuredmedia":[{"embeddable":true,"href":"https:\/\/alice.ch\/de\/wp-json\/wp\/v2\/media\/20799"}],"wp:attachment":[{"href":"https:\/\/alice.ch\/de\/wp-json\/wp\/v2\/media?parent=38110"}],"curies":[{"name":"wp","href":"https:\/\/api.w.org\/{rel}","templated":true}]}}