{"id":385,"date":"2022-08-16T16:23:31","date_gmt":"2022-08-16T14:23:31","guid":{"rendered":"https:\/\/projects.atxeit.ch\/sveb\/?page_id=385"},"modified":"2025-10-30T08:53:06","modified_gmt":"2025-10-30T07:53:06","slug":"ueber-den-sveb","status":"publish","type":"page","link":"https:\/\/alice.ch\/de\/sveb\/ueber-den-sveb\/","title":{"rendered":"\u00dcber den SVEB"},"content":{"rendered":"\n<div class=\"wp-block-group is-style-reduced-width is-layout-flow wp-block-group-is-layout-flow\">\n<h1 class=\"wp-block-heading\">SVEB \u2013 Vision und T\u00e4tigkeit<\/h1>\n\n\n\n<p class=\"is-style-lead\">Als nationaler Dachverband engagieren wir uns seit 1951 f\u00fcr die Interessen der Weiterbildung in der Schweiz. Rund 750 Mitglieder setzen auf uns als ihren Interessenverband. Unsere Mitglieder sind private und staatliche Anbieter, Verb\u00e4nde, innerbetriebliche Weiterbildungsabteilungen sowie Einzelpersonen.<\/p>\n\n\n\n<p>Wir vertreten ihre Anliegen auf politischer, gesellschaftlicher und fachlicher Ebene in allen drei Sprachregionen.&nbsp;<\/p>\n\n\n\n<h2 class=\"wp-block-heading\">Unsere Vision<\/h2>\n\n\n\n<p>Wir erleben eine massive Umw\u00e4lzung wirtschaftlicher und gesellschaftlicher Verh\u00e4ltnisse. Dabei sehen wir den Weiterbildungsbedarf st\u00e4ndig ansteigen. Wir verstehen dies als Chance und als Herausforderung zugleich, allen Menschen einen Weg in die Zukunft zu erm\u00f6glichen. Weiterbildung garantiert sowohl dem Individuum als auch der Gesellschaft \u00f6konomische Stabilit\u00e4t und kulturelle Bereicherung.<\/p>\n\n\n\n<h2 class=\"wp-block-heading\">Unsere Arbeit<\/h2>\n\n\n\n<p>Weil wir die Zukunft nur gemeinsam gestalten k\u00f6nnen, arbeiten wir konsequent mit Partnern und Mitgliedern zusammen. Dabei pflegen wir Respekt, Fairness und Transparenz. Gemeinsam setzen wir Themen, entwickeln Projekte und realisieren diese.<\/p>\n\n\n\n<h2 class=\"wp-block-heading\">Projekte und Analysen<\/h2>\n\n\n\n<p>In zahlreichen nationalen und europ\u00e4ischen&nbsp;<a href=\"https:\/\/alice.ch\/de\/forschung\/projekte\/\">Projekten<\/a>&nbsp;entwickeln wir Grundlagen der Weiterbildung und pilotieren ihre Umsetzung. Dank unserer Einbindung in Forschungsnetzwerke nehmen wir auch am wissenschaftlichen Diskurs teil. In einem interdisziplin\u00e4ren Think Tank wiederum entwickeln wir selbst Zukunftsszenarien f\u00fcr die Weiterbildung. Unser Anliegen ist dabei auch, eine Br\u00fcckenfunktion zur Praxis auszu\u00fcben.&nbsp;<\/p>\n\n\n\n<h2 class=\"wp-block-heading\">Weitere Informationen<\/h2>\n\n\n\n<div class=\"wp-block-columns is-layout-flex wp-container-core-columns-is-layout-28f84493 wp-block-columns-is-layout-flex\">\n<div class=\"wp-block-column is-layout-flow wp-block-column-is-layout-flow\">\n<div class=\"wp-block-file\"><a id=\"wp-block-file--media-004059b4-8bec-45c2-abd2-a6d40e1f0d3b\" href=\"https:\/\/alice.ch\/app\/uploads\/2025\/10\/Organigramm-ab-Mai-2025.pdf\">Organigramm des SVEB<br \/>PDF &#8211; 2 MB<\/a><a href=\"https:\/\/alice.ch\/app\/uploads\/2025\/10\/Organigramm-ab-Mai-2025.pdf\" class=\"wp-block-file__button wp-element-button\" download aria-describedby=\"wp-block-file--media-004059b4-8bec-45c2-abd2-a6d40e1f0d3b\">Herunterladen<br \/>PDF &#8211; 2 MB<\/a><\/div>\n<\/div>\n\n\n\n<div class=\"wp-block-column is-layout-flow wp-block-column-is-layout-flow\"><\/div>\n<\/div>\n\n\n\n<div class=\"wp-block-columns is-layout-flex wp-container-core-columns-is-layout-28f84493 wp-block-columns-is-layout-flex\">\n<div class=\"wp-block-column is-layout-flow wp-block-column-is-layout-flow\">\n<div class=\"wp-block-buttons is-layout-flex wp-block-buttons-is-layout-flex\">\n<div class=\"wp-block-button has-custom-width wp-block-button__width-100 is-style-outline is-style-outline--1\"><a class=\"wp-block-button__link wp-element-button\" href=\"https:\/\/alice.ch\/de\/sveb\/ueber-den-sveb\/organe\/\">Organe<\/a><\/div>\n\n\n\n<div class=\"wp-block-button has-custom-width wp-block-button__width-100 is-style-outline is-style-outline--2\"><a class=\"wp-block-button__link wp-element-button\" href=\"https:\/\/alice.ch\/de\/sveb\/ueber-den-sveb\/sveb-in-zahlen\/\">SVEB in Zahlen<\/a><\/div>\n<\/div>\n\n\n\n<div class=\"wp-block-buttons is-layout-flex wp-block-buttons-is-layout-flex\">\n<div class=\"wp-block-button has-custom-width wp-block-button__width-100 is-style-outline is-style-outline--3\"><a class=\"wp-block-button__link wp-element-button\" href=\"https:\/\/alice.ch\/de\/sveb\/ueber-den-sveb\/jahresberichte-und-dv-protokolle\/\">Jahresberichte und DV-Protokolle<\/a><\/div>\n<\/div>\n\n\n\n<div class=\"wp-block-buttons is-layout-flex wp-block-buttons-is-layout-flex\">\n<div class=\"wp-block-button has-custom-width wp-block-button__width-100 is-style-outline is-style-outline--4\"><a class=\"wp-block-button__link wp-element-button\" href=\"https:\/\/alice.ch\/de\/sveb\/ueber-den-sveb\/geschichte\/\">Geschichte<\/a><\/div>\n\n\n\n<div class=\"wp-block-button has-custom-width wp-block-button__width-100 is-style-outline is-style-outline--5\"><a class=\"wp-block-button__link wp-element-button\" href=\"https:\/\/alice.ch\/de\/sveb\/ueber-den-sveb\/sveb-team\/\">SVEB-Team<\/a><\/div>\n\n\n\n<div class=\"wp-block-button has-custom-width wp-block-button__width-100 is-style-outline is-style-outline--6\"><a class=\"wp-block-button__link wp-element-button\" href=\"https:\/\/alice.ch\/de\/sveb\/mitgliedschaft\/\">SVEB-Mitgliedschaft<\/a><\/div>\n<\/div>\n<\/div>\n\n\n\n<div class=\"wp-block-column is-layout-flow wp-block-column-is-layout-flow\"><\/div>\n<\/div>\n\n\n\n<h2 class=\"wp-block-heading\">Kontakt<\/h2>\n\n\n\n<div class=\"wp-block-columns is-layout-flex wp-container-core-columns-is-layout-28f84493 wp-block-columns-is-layout-flex\">\n<div class=\"wp-block-column is-layout-flow wp-block-column-is-layout-flow\" style=\"flex-basis:50%\"><div class=\"contact-persons\">\n\n\t\t\t\t\t<div class=\"contact-person\">\n\t\t\t\t\tBernhard Gr\u00e4miger<br \/>\t\t\t\t\tDirektor<br \/>\t\t\t\t\t<br \/>\n\t\t\t\t\t\t\t\t\t\t<a href=\"tel:+41 (0)44 319 71 61\">+41 (0)44 319 71 61<\/a><br \/>\t\t\t\t\t<a href=\"mailto:bernhard.graemiger@alice.ch\">bernhard.graemiger@alice.ch<\/a><br \/>\t\t\t\t\t<\/div>\n\t\t\t\t\t<\/div>\n<\/div>\n\n\n\n<div class=\"wp-block-column is-layout-flow wp-block-column-is-layout-flow\" style=\"flex-basis:50%\"><\/div>\n<\/div>\n<\/div>\n","protected":false},"excerpt":{"rendered":"<p>SVEB \u2013 Vision und T\u00e4tigkeit Als nationaler Dachverband engagieren wir uns seit 1951 f\u00fcr die Interessen der Weiterbildung in der [&hellip;]<\/p>\n","protected":false},"author":4,"featured_media":20799,"parent":35,"menu_order":534,"comment_status":"closed","ping_status":"closed","template":"","meta":{"_acf_changed":false,"inline_featured_image":false,"footnotes":""},"class_list":["post-385","page","type-page","status-publish","has-post-thumbnail","hentry"],"acf":[],"yoast_head":"<!-- This site is optimized with the Yoast SEO plugin v27.3 - https:\/\/yoast.com\/product\/yoast-seo-wordpress\/ -->\n<title>\u00dcber den SVEB - SVEB<\/title>\n<meta name=\"description\" content=\"Der Schweizerische Verband f\u00fcr Weiterbildung SVEB ist der Dachverband der Weiterbildung in der Schweiz mit Hauptsitz in Z\u00fcrich.\" \/>\n<meta name=\"robots\" content=\"index, follow, max-snippet:-1, max-image-preview:large, max-video-preview:-1\" \/>\n<link rel=\"canonical\" href=\"https:\/\/alice.ch\/de\/sveb\/ueber-den-sveb\/\" \/>\n<meta property=\"og:locale\" content=\"de_DE\" \/>\n<meta property=\"og:type\" content=\"article\" \/>\n<meta property=\"og:title\" content=\"\u00dcber den SVEB - SVEB\" \/>\n<meta property=\"og:description\" content=\"Der Schweizerische Verband f\u00fcr Weiterbildung SVEB ist der Dachverband der Weiterbildung in der Schweiz mit Hauptsitz in Z\u00fcrich.\" \/>\n<meta property=\"og:url\" content=\"https:\/\/alice.ch\/de\/sveb\/ueber-den-sveb\/\" \/>\n<meta property=\"og:site_name\" content=\"SVEB\" \/>\n<meta property=\"article:modified_time\" content=\"2025-10-30T07:53:06+00:00\" \/>\n<meta name=\"twitter:card\" content=\"summary_large_image\" \/>\n<meta name=\"twitter:label1\" content=\"Gesch\u00e4tzte Lesezeit\" \/>\n\t<meta name=\"twitter:data1\" content=\"2\u00a0Minuten\" \/>\n<script type=\"application\/ld+json\" class=\"yoast-schema-graph\">{\"@context\":\"https:\\\/\\\/schema.org\",\"@graph\":[{\"@type\":\"WebPage\",\"@id\":\"https:\\\/\\\/alice.ch\\\/de\\\/sveb\\\/ueber-den-sveb\\\/\",\"url\":\"https:\\\/\\\/alice.ch\\\/de\\\/sveb\\\/ueber-den-sveb\\\/\",\"name\":\"\u00dcber den SVEB - SVEB\",\"isPartOf\":{\"@id\":\"https:\\\/\\\/alice.ch\\\/de\\\/#website\"},\"primaryImageOfPage\":{\"@id\":\"https:\\\/\\\/alice.ch\\\/de\\\/sveb\\\/ueber-den-sveb\\\/#primaryimage\"},\"image\":{\"@id\":\"https:\\\/\\\/alice.ch\\\/de\\\/sveb\\\/ueber-den-sveb\\\/#primaryimage\"},\"thumbnailUrl\":\"https:\\\/\\\/alice.ch\\\/app\\\/uploads\\\/2022\\\/11\\\/default.jpg\",\"datePublished\":\"2022-08-16T14:23:31+00:00\",\"dateModified\":\"2025-10-30T07:53:06+00:00\",\"description\":\"Der Schweizerische Verband f\u00fcr Weiterbildung SVEB ist der Dachverband der Weiterbildung in der Schweiz mit Hauptsitz in Z\u00fcrich.\",\"breadcrumb\":{\"@id\":\"https:\\\/\\\/alice.ch\\\/de\\\/sveb\\\/ueber-den-sveb\\\/#breadcrumb\"},\"inLanguage\":\"de\",\"potentialAction\":[{\"@type\":\"ReadAction\",\"target\":[\"https:\\\/\\\/alice.ch\\\/de\\\/sveb\\\/ueber-den-sveb\\\/\"]}]},{\"@type\":\"ImageObject\",\"inLanguage\":\"de\",\"@id\":\"https:\\\/\\\/alice.ch\\\/de\\\/sveb\\\/ueber-den-sveb\\\/#primaryimage\",\"url\":\"https:\\\/\\\/alice.ch\\\/app\\\/uploads\\\/2022\\\/11\\\/default.jpg\",\"contentUrl\":\"https:\\\/\\\/alice.ch\\\/app\\\/uploads\\\/2022\\\/11\\\/default.jpg\",\"width\":1600,\"height\":900},{\"@type\":\"BreadcrumbList\",\"@id\":\"https:\\\/\\\/alice.ch\\\/de\\\/sveb\\\/ueber-den-sveb\\\/#breadcrumb\",\"itemListElement\":[{\"@type\":\"ListItem\",\"position\":1,\"name\":\"Startseite\",\"item\":\"https:\\\/\\\/alice.ch\\\/de\\\/\"},{\"@type\":\"ListItem\",\"position\":2,\"name\":\"SVEB\",\"item\":\"https:\\\/\\\/alice.ch\\\/de\\\/sveb\\\/\"},{\"@type\":\"ListItem\",\"position\":3,\"name\":\"\u00dcber den SVEB\"}]},{\"@type\":\"WebSite\",\"@id\":\"https:\\\/\\\/alice.ch\\\/de\\\/#website\",\"url\":\"https:\\\/\\\/alice.ch\\\/de\\\/\",\"name\":\"alice.ch (Adult Learning Information Center) ist das Portal der Weiterbildung in der Schweiz.\",\"description\":\"Schweizerischer Verband f\u00fcr Weiterbildung\",\"publisher\":{\"@id\":\"https:\\\/\\\/alice.ch\\\/de\\\/#organization\"},\"potentialAction\":[{\"@type\":\"SearchAction\",\"target\":{\"@type\":\"EntryPoint\",\"urlTemplate\":\"https:\\\/\\\/alice.ch\\\/de\\\/?s={search_term_string}\"},\"query-input\":{\"@type\":\"PropertyValueSpecification\",\"valueRequired\":true,\"valueName\":\"search_term_string\"}}],\"inLanguage\":\"de\"},{\"@type\":\"Organization\",\"@id\":\"https:\\\/\\\/alice.ch\\\/de\\\/#organization\",\"name\":\"SVEB Schweizerischer Verband f\u00fcr Weiterbildung\",\"url\":\"https:\\\/\\\/alice.ch\\\/de\\\/\",\"logo\":{\"@type\":\"ImageObject\",\"inLanguage\":\"de\",\"@id\":\"https:\\\/\\\/alice.ch\\\/de\\\/#\\\/schema\\\/logo\\\/image\\\/\",\"url\":\"https:\\\/\\\/alice.ch\\\/app\\\/uploads\\\/2022\\\/07\\\/logo-sveb.png\",\"contentUrl\":\"https:\\\/\\\/alice.ch\\\/app\\\/uploads\\\/2022\\\/07\\\/logo-sveb.png\",\"width\":145,\"height\":64,\"caption\":\"SVEB Schweizerischer Verband f\u00fcr Weiterbildung\"},\"image\":{\"@id\":\"https:\\\/\\\/alice.ch\\\/de\\\/#\\\/schema\\\/logo\\\/image\\\/\"},\"sameAs\":[\"https:\\\/\\\/www.linkedin.com\\\/company\\\/schweizerischer-verband-fr-weiterbildung-sveb\\\/\"]}]}<\/script>\n<!-- \/ Yoast SEO plugin. -->","yoast_head_json":{"title":"\u00dcber den SVEB - SVEB","description":"Der Schweizerische Verband f\u00fcr Weiterbildung SVEB ist der Dachverband der Weiterbildung in der Schweiz mit Hauptsitz in Z\u00fcrich.","robots":{"index":"index","follow":"follow","max-snippet":"max-snippet:-1","max-image-preview":"max-image-preview:large","max-video-preview":"max-video-preview:-1"},"canonical":"https:\/\/alice.ch\/de\/sveb\/ueber-den-sveb\/","og_locale":"de_DE","og_type":"article","og_title":"\u00dcber den SVEB - SVEB","og_description":"Der Schweizerische Verband f\u00fcr Weiterbildung SVEB ist der Dachverband der Weiterbildung in der Schweiz mit Hauptsitz in Z\u00fcrich.","og_url":"https:\/\/alice.ch\/de\/sveb\/ueber-den-sveb\/","og_site_name":"SVEB","article_modified_time":"2025-10-30T07:53:06+00:00","twitter_card":"summary_large_image","twitter_misc":{"Gesch\u00e4tzte Lesezeit":"2\u00a0Minuten"},"schema":{"@context":"https:\/\/schema.org","@graph":[{"@type":"WebPage","@id":"https:\/\/alice.ch\/de\/sveb\/ueber-den-sveb\/","url":"https:\/\/alice.ch\/de\/sveb\/ueber-den-sveb\/","name":"\u00dcber den SVEB - SVEB","isPartOf":{"@id":"https:\/\/alice.ch\/de\/#website"},"primaryImageOfPage":{"@id":"https:\/\/alice.ch\/de\/sveb\/ueber-den-sveb\/#primaryimage"},"image":{"@id":"https:\/\/alice.ch\/de\/sveb\/ueber-den-sveb\/#primaryimage"},"thumbnailUrl":"https:\/\/alice.ch\/app\/uploads\/2022\/11\/default.jpg","datePublished":"2022-08-16T14:23:31+00:00","dateModified":"2025-10-30T07:53:06+00:00","description":"Der Schweizerische Verband f\u00fcr Weiterbildung SVEB ist der Dachverband der Weiterbildung in der Schweiz mit Hauptsitz in Z\u00fcrich.","breadcrumb":{"@id":"https:\/\/alice.ch\/de\/sveb\/ueber-den-sveb\/#breadcrumb"},"inLanguage":"de","potentialAction":[{"@type":"ReadAction","target":["https:\/\/alice.ch\/de\/sveb\/ueber-den-sveb\/"]}]},{"@type":"ImageObject","inLanguage":"de","@id":"https:\/\/alice.ch\/de\/sveb\/ueber-den-sveb\/#primaryimage","url":"https:\/\/alice.ch\/app\/uploads\/2022\/11\/default.jpg","contentUrl":"https:\/\/alice.ch\/app\/uploads\/2022\/11\/default.jpg","width":1600,"height":900},{"@type":"BreadcrumbList","@id":"https:\/\/alice.ch\/de\/sveb\/ueber-den-sveb\/#breadcrumb","itemListElement":[{"@type":"ListItem","position":1,"name":"Startseite","item":"https:\/\/alice.ch\/de\/"},{"@type":"ListItem","position":2,"name":"SVEB","item":"https:\/\/alice.ch\/de\/sveb\/"},{"@type":"ListItem","position":3,"name":"\u00dcber den SVEB"}]},{"@type":"WebSite","@id":"https:\/\/alice.ch\/de\/#website","url":"https:\/\/alice.ch\/de\/","name":"alice.ch (Adult Learning Information Center) ist das Portal der Weiterbildung in der Schweiz.","description":"Schweizerischer Verband f\u00fcr Weiterbildung","publisher":{"@id":"https:\/\/alice.ch\/de\/#organization"},"potentialAction":[{"@type":"SearchAction","target":{"@type":"EntryPoint","urlTemplate":"https:\/\/alice.ch\/de\/?s={search_term_string}"},"query-input":{"@type":"PropertyValueSpecification","valueRequired":true,"valueName":"search_term_string"}}],"inLanguage":"de"},{"@type":"Organization","@id":"https:\/\/alice.ch\/de\/#organization","name":"SVEB Schweizerischer Verband f\u00fcr Weiterbildung","url":"https:\/\/alice.ch\/de\/","logo":{"@type":"ImageObject","inLanguage":"de","@id":"https:\/\/alice.ch\/de\/#\/schema\/logo\/image\/","url":"https:\/\/alice.ch\/app\/uploads\/2022\/07\/logo-sveb.png","contentUrl":"https:\/\/alice.ch\/app\/uploads\/2022\/07\/logo-sveb.png","width":145,"height":64,"caption":"SVEB Schweizerischer Verband f\u00fcr Weiterbildung"},"image":{"@id":"https:\/\/alice.ch\/de\/#\/schema\/logo\/image\/"},"sameAs":["https:\/\/www.linkedin.com\/company\/schweizerischer-verband-fr-weiterbildung-sveb\/"]}]}},"_links":{"self":[{"href":"https:\/\/alice.ch\/de\/wp-json\/wp\/v2\/pages\/385","targetHints":{"allow":["GET"]}}],"collection":[{"href":"https:\/\/alice.ch\/de\/wp-json\/wp\/v2\/pages"}],"about":[{"href":"https:\/\/alice.ch\/de\/wp-json\/wp\/v2\/types\/page"}],"author":[{"embeddable":true,"href":"https:\/\/alice.ch\/de\/wp-json\/wp\/v2\/users\/4"}],"replies":[{"embeddable":true,"href":"https:\/\/alice.ch\/de\/wp-json\/wp\/v2\/comments?post=385"}],"version-history":[{"count":30,"href":"https:\/\/alice.ch\/de\/wp-json\/wp\/v2\/pages\/385\/revisions"}],"predecessor-version":[{"id":71655,"href":"https:\/\/alice.ch\/de\/wp-json\/wp\/v2\/pages\/385\/revisions\/71655"}],"up":[{"embeddable":true,"href":"https:\/\/alice.ch\/de\/wp-json\/wp\/v2\/pages\/35"}],"wp:featuredmedia":[{"embeddable":true,"href":"https:\/\/alice.ch\/de\/wp-json\/wp\/v2\/media\/20799"}],"wp:attachment":[{"href":"https:\/\/alice.ch\/de\/wp-json\/wp\/v2\/media?parent=385"}],"curies":[{"name":"wp","href":"https:\/\/api.w.org\/{rel}","templated":true}]}}