{"id":386,"date":"2022-08-16T16:23:47","date_gmt":"2022-08-16T14:23:47","guid":{"rendered":"https:\/\/projects.atxeit.ch\/sveb\/?page_id=386"},"modified":"2022-11-15T18:53:24","modified_gmt":"2022-11-15T17:53:24","slug":"einstieg-ins-digitale-lernen","status":"publish","type":"page","link":"https:\/\/alice.ch\/de\/themen\/digitalisierung-in-der-weiterbildung\/digitales-lernen\/einstieg-ins-digitale-lernen\/","title":{"rendered":"Einstieg ins digitale Lernen"},"content":{"rendered":"\n<div class=\"wp-block-group is-style-reduced-width is-layout-flow wp-block-group-is-layout-flow\">\n<h1 class=\"wp-block-heading\">Einstieg ins digitale Lernen<\/h1>\n\n\n\n<h2 class=\"wp-block-heading\">SVEB-Webinar: Digitales Lernen<\/h2>\n\n\n\n<p>In seinem&nbsp;Webinar f\u00fcr den SVEB erkl\u00e4rt Roy Franke, Spezialist f\u00fcr digitales Training, die Grundlagen f\u00fcr die Nutzung von Videokonferenzen f\u00fcr Weiterbildungen anhand der Applikation Zoom und gibt Tipps dazu.<\/p>\n\n\n\n<div class=\"wp-block-columns is-layout-flex wp-container-core-columns-is-layout-28f84493 wp-block-columns-is-layout-flex\">\n<div class=\"wp-block-column is-layout-flow wp-block-column-is-layout-flow\">\n<div class=\"wp-block-columns is-layout-flex wp-container-core-columns-is-layout-28f84493 wp-block-columns-is-layout-flex\">\n<div class=\"wp-block-column is-layout-flow wp-block-column-is-layout-flow\" style=\"flex-basis:50%\">\n<div class=\"wp-block-file\"><a id=\"wp-block-file--media-eec9df04-5b29-4ed0-89c9-db8c1ad39e07\" href=\"https:\/\/alice.ch\/app\/uploads\/2022\/11\/SVEB_Webinar.pdf\" target=\"_blank\" rel=\"noreferrer noopener\">SVEB-Webinar \u00abDigitales Lernen\u00bb<br \/>PDF &#8211; 577 KB<\/a><\/div>\n<\/div>\n\n\n\n<div class=\"wp-block-column is-layout-flow wp-block-column-is-layout-flow\" style=\"flex-basis:50%\"><\/div>\n<\/div>\n<\/div>\n<\/div>\n\n\n\n<div class=\"wp-block-columns is-layout-flex wp-container-core-columns-is-layout-28f84493 wp-block-columns-is-layout-flex\">\n<div class=\"wp-block-column is-layout-flow wp-block-column-is-layout-flow\">\n<figure class=\"wp-block-embed is-type-video is-provider-youtube wp-block-embed-youtube wp-embed-aspect-16-9 wp-has-aspect-ratio\"><div class=\"wp-block-embed__wrapper\">\n<iframe title=\"Digitales Lernen\" width=\"500\" height=\"281\" src=\"https:\/\/www.youtube.com\/embed\/DZOAjtQ8PGo?feature=oembed\" frameborder=\"0\" allow=\"accelerometer; autoplay; clipboard-write; encrypted-media; gyroscope; picture-in-picture; web-share\" referrerpolicy=\"strict-origin-when-cross-origin\" allowfullscreen><\/iframe>\n<\/div><\/figure>\n<\/div>\n\n\n\n<div class=\"wp-block-column is-layout-flow wp-block-column-is-layout-flow\"><\/div>\n<\/div>\n\n\n\n<h2 class=\"wp-block-heading\">Mobiles Lernen: Webinarreihe f\u00fcr Kursleitende in der Integrationsf\u00f6rderung<\/h2>\n\n\n\n<p>Eine Webinarreihe im Auftrag des Staatssekretariats f\u00fcr Migration unterst\u00fctzt Kursleitende dabei, f\u00fcr den Unterricht auch mobile Endger\u00e4te nutzen zu k\u00f6nnen. Koordiniert wurde das Projekt \u00abMobiles Lernen als Erg\u00e4nzung zum Pr\u00e4senzunterricht in der Sprach- und Grundkompetenzf\u00f6rderung im Integrationsbereich\u00bb durch den SVEB und die Gesch\u00e4ftsstelle fide.<\/p>\n\n\n\n<div class=\"wp-block-buttons is-layout-flex wp-block-buttons-is-layout-flex\">\n<div class=\"wp-block-button has-custom-width wp-block-button__width-50 is-style-outline is-style-outline--1\"><a class=\"wp-block-button__link wp-element-button\" href=\"https:\/\/alice.ch\/de\/themen\/grundkompetenzen\/innovativ-foerdern\/webinarreihe\/\">Unterlagen, Ressourcen und Aufzeichnungen der Webinarreihe<\/a><\/div>\n<\/div>\n\n\n\n<h2 class=\"wp-block-heading\">Wie geht \u00abBildung schnell online\u00bb?<\/h2>\n\n\n\n<p>Das Video von erwachsenenbildung.at gibt eine gute \u00dcbersicht \u00fcber das Thema \u00abdigitales Lernen\u00bb. Ein interaktives <a href=\"https:\/\/www.youtube.com\/watch?v=yKfryGIUZHM&amp;feature=youtu.be\" target=\"_blank\" rel=\"noreferrer noopener\">Webinar<\/a> zu dem Thema steht als Aufzeichnung ebenfalls zur Verf\u00fcgung.<\/p>\n\n\n\n<div class=\"wp-block-columns is-layout-flex wp-container-core-columns-is-layout-28f84493 wp-block-columns-is-layout-flex\">\n<div class=\"wp-block-column is-layout-flow wp-block-column-is-layout-flow\">\n<figure class=\"wp-block-embed is-type-video is-provider-youtube wp-block-embed-youtube wp-embed-aspect-16-9 wp-has-aspect-ratio\"><div class=\"wp-block-embed__wrapper\">\n<iframe title=\"Wie geht \u201eBildung schnell online\u201c? Ein Bausteinmodell\" width=\"500\" height=\"281\" src=\"https:\/\/www.youtube.com\/embed\/byshA42-ZjQ?feature=oembed\" frameborder=\"0\" allow=\"accelerometer; autoplay; clipboard-write; encrypted-media; gyroscope; picture-in-picture; web-share\" referrerpolicy=\"strict-origin-when-cross-origin\" allowfullscreen><\/iframe>\n<\/div><\/figure>\n<\/div>\n\n\n\n<div class=\"wp-block-column is-layout-flow wp-block-column-is-layout-flow\"><\/div>\n<\/div>\n\n\n\n<h2 class=\"wp-block-heading\">Online-Didaktik<\/h2>\n\n\n\n<p>Wenn Pr\u00e4senzveranstaltungen online stattfinden, hat dies auch Konsequenzen f\u00fcr Didaktik und Methodik. Da w\u00e4hrend der Corona-Krise Pr\u00e4senzveranstaltungen ganz ausfallen, k\u00f6nnen viele Konzepte, die Online- und Pr\u00e4senzphasen verbinden (Bsp. <em>flipped Classroom<\/em>), nicht angewendet werden. Im Vordergrund stehen daher Konzepte f\u00fcr reinen Online-Unterricht. Das Deutsche Institut f\u00fcr Weiterbildung hat dazu Handlungsanleitungen und Checklisten erarbeitet:<\/p>\n\n\n\n<div class=\"wp-block-buttons is-layout-flex wp-block-buttons-is-layout-flex\">\n<div class=\"wp-block-button has-custom-width wp-block-button__width-50 is-style-outline is-style-outline--2\"><a class=\"wp-block-button__link wp-element-button\" href=\"https:\/\/wb-web.de\/dossiers\/e-learning-1\/didaktik-und-methodik-beim-e-learning.html\" target=\"_blank\" rel=\"noreferrer noopener\">Didaktik und Methodik beim E-Learning (DIE)<\/a><\/div>\n<\/div>\n\n\n\n<h2 class=\"wp-block-heading\">Weiterf\u00fchrende Quellen<\/h2>\n\n\n\n<p>Viele Publikationen rund um das digitale Lernen richten sich an den Unterricht von Kindern und Jugendlichen. Gerade die technischen Aspekte und auch viele konzeptionelle \u00dcberlegungen, k\u00f6nnen hier aber \u00fcbergreifend genutzt werden und Ideen anregen. Folgende Quellen enthalten einen \u00dcberblick \u00fcber viele Aspekte des digitalen Lernens:<\/p>\n\n\n\n<ul class=\"wp-block-list\">\n<li>Die PH Schwyz hat das Wiki <a href=\"https:\/\/www.lernentrotzcorona.ch\/Lernentrotzcorona\" target=\"_blank\" rel=\"noreferrer noopener\">\u00abLernenTrotzCorona\u00bb<\/a> gestartet, welches eine gute und st\u00e4ndig wachsende Einsicht in viele Themen bietet.<\/li>\n\n\n\n<li>Die Rubrik <a href=\"https:\/\/erwachsenenbildung.at\/digiprof\/\" target=\"_blank\" rel=\"noreferrer noopener\">\u00abDigiprof\u00bb<\/a> von erwachsenenbildung.at beinhaltet eine Sammlung an Informationen zu Werkzeugen und Konzepten des digitalen Lernens und richtet sich spezifisch an die Weiterbildung.<\/li>\n\n\n\n<li>Das Deutsche Institut f\u00fcr Weiterbildung stellt ein <a href=\"https:\/\/www.wb-web.de\/dossiers\/Digitalisierung-in-der-Erwachsenenbildung-1.html\" target=\"_blank\" rel=\"noreferrer noopener\">Dossier zur Digitalisierung in der Erwachsenenbildung <\/a>zur Verf\u00fcgung, das in 12 Folgen vertieft durch die wichtigsten Themen f\u00fchrt.<\/li>\n\n\n\n<li>Die Video-Serie <a href=\"https:\/\/www.youtube.com\/watch?v=1ccQU4W3XjM&amp;list=PLC9D2mzTyJeXYa6E1y_d0fc_7-V7BJnSq\" target=\"_blank\" rel=\"noreferrer noopener\">#digifernunterricht<\/a> des Lehrers und Dozenten an der Universit\u00e4t Z\u00fcrich Philippe Wampfler, gibt praxisnahe Einblicke in verschiedene Bereiche des digitalen Unterrichts.<\/li>\n\n\n\n<li><a href=\"https:\/\/www.educa.ch\/de\" target=\"_blank\" rel=\"noreferrer noopener\">educa.ch<\/a> ist die Fachagentur des Bundes und der Kantone f\u00fcr ICT und Bildung. Sie besch\u00e4ftigt sich zwar spezifisch mit der Grundbildung, gerade bei rechtlichen Fragen k\u00f6nnen die Informationen auch f\u00fcr die Weiterbildung hilfreich sein.<\/li>\n\n\n\n<li>Das <a href=\"https:\/\/www.netzwerk-digitale-bildung.de\/\" target=\"_blank\" rel=\"noreferrer noopener\">Netzwerk Digitale Bildung<\/a> aus Deutschland gibt mit dem \u00abWegweiser Digitale Bildung\u00bb einen Leitfaden heraus, der die notwendigen Planungs- und Entscheidungsschritte f\u00fcr das digitale Lernen bespricht.<\/li>\n<\/ul>\n\n\n\n<h2 class=\"wp-block-heading\">Kontakt<\/h2>\n\n\n\n<div class=\"wp-block-columns is-layout-flex wp-container-core-columns-is-layout-28f84493 wp-block-columns-is-layout-flex\">\n<div class=\"wp-block-column is-layout-flow wp-block-column-is-layout-flow\" style=\"flex-basis:50%\"><div class=\"contact-persons\">\n\n\t\t\t\t\t<div class=\"contact-person\">\n\t\t\t\t\tIrena Sgier<br \/>\t\t\t\t\t Stv. Direktorin, Leiterin Forschung, Entwicklung und Innovation<br \/>\t\t\t\t\t<br \/>\n\t\t\t\t\t\t\t\t\t\t<a href=\"tel:+41 (0)44 319 71 59\">+41 (0)44 319 71 59<\/a><br \/>\t\t\t\t\t<a href=\"mailto:irena.sgier@alice.ch\">irena.sgier@alice.ch<\/a><br \/>\t\t\t\t\t<\/div>\n\t\t\t\t\t<\/div>\n<\/div>\n\n\n\n<div class=\"wp-block-column is-layout-flow wp-block-column-is-layout-flow\" style=\"flex-basis:50%\"><\/div>\n<\/div>\n<\/div>\n","protected":false},"excerpt":{"rendered":"<p>Einstieg ins digitale Lernen SVEB-Webinar: Digitales Lernen In seinem&nbsp;Webinar f\u00fcr den SVEB erkl\u00e4rt Roy Franke, Spezialist f\u00fcr digitales Training, die [&hellip;]<\/p>\n","protected":false},"author":2,"featured_media":20799,"parent":378,"menu_order":105,"comment_status":"closed","ping_status":"closed","template":"","meta":{"_acf_changed":false,"inline_featured_image":false,"footnotes":""},"class_list":["post-386","page","type-page","status-publish","has-post-thumbnail","hentry"],"acf":[],"yoast_head":"<!-- This site is optimized with the Yoast SEO plugin v27.3 - https:\/\/yoast.com\/product\/yoast-seo-wordpress\/ -->\n<title>Einstieg ins digitale Lernen - SVEB<\/title>\n<meta name=\"robots\" content=\"index, follow, max-snippet:-1, max-image-preview:large, max-video-preview:-1\" \/>\n<link rel=\"canonical\" href=\"https:\/\/alice.ch\/de\/themen\/digitalisierung-in-der-weiterbildung\/digitales-lernen\/einstieg-ins-digitale-lernen\/\" \/>\n<meta property=\"og:locale\" content=\"de_DE\" \/>\n<meta property=\"og:type\" content=\"article\" \/>\n<meta property=\"og:title\" content=\"Einstieg ins digitale Lernen - SVEB\" \/>\n<meta property=\"og:description\" content=\"Einstieg ins digitale Lernen SVEB-Webinar: Digitales Lernen In seinem&nbsp;Webinar f\u00fcr den SVEB erkl\u00e4rt Roy Franke, Spezialist f\u00fcr digitales Training, die [&hellip;]\" \/>\n<meta property=\"og:url\" content=\"https:\/\/alice.ch\/de\/themen\/digitalisierung-in-der-weiterbildung\/digitales-lernen\/einstieg-ins-digitale-lernen\/\" \/>\n<meta property=\"og:site_name\" content=\"SVEB\" \/>\n<meta property=\"article:modified_time\" content=\"2022-11-15T17:53:24+00:00\" \/>\n<meta name=\"twitter:card\" content=\"summary_large_image\" \/>\n<meta name=\"twitter:label1\" content=\"Gesch\u00e4tzte Lesezeit\" \/>\n\t<meta name=\"twitter:data1\" content=\"3\u00a0Minuten\" \/>\n<script type=\"application\/ld+json\" class=\"yoast-schema-graph\">{\"@context\":\"https:\\\/\\\/schema.org\",\"@graph\":[{\"@type\":\"WebPage\",\"@id\":\"https:\\\/\\\/alice.ch\\\/de\\\/themen\\\/digitalisierung-in-der-weiterbildung\\\/digitales-lernen\\\/einstieg-ins-digitale-lernen\\\/\",\"url\":\"https:\\\/\\\/alice.ch\\\/de\\\/themen\\\/digitalisierung-in-der-weiterbildung\\\/digitales-lernen\\\/einstieg-ins-digitale-lernen\\\/\",\"name\":\"Einstieg ins digitale Lernen - SVEB\",\"isPartOf\":{\"@id\":\"https:\\\/\\\/alice.ch\\\/de\\\/#website\"},\"primaryImageOfPage\":{\"@id\":\"https:\\\/\\\/alice.ch\\\/de\\\/themen\\\/digitalisierung-in-der-weiterbildung\\\/digitales-lernen\\\/einstieg-ins-digitale-lernen\\\/#primaryimage\"},\"image\":{\"@id\":\"https:\\\/\\\/alice.ch\\\/de\\\/themen\\\/digitalisierung-in-der-weiterbildung\\\/digitales-lernen\\\/einstieg-ins-digitale-lernen\\\/#primaryimage\"},\"thumbnailUrl\":\"https:\\\/\\\/alice.ch\\\/app\\\/uploads\\\/2022\\\/11\\\/default.jpg\",\"datePublished\":\"2022-08-16T14:23:47+00:00\",\"dateModified\":\"2022-11-15T17:53:24+00:00\",\"breadcrumb\":{\"@id\":\"https:\\\/\\\/alice.ch\\\/de\\\/themen\\\/digitalisierung-in-der-weiterbildung\\\/digitales-lernen\\\/einstieg-ins-digitale-lernen\\\/#breadcrumb\"},\"inLanguage\":\"de\",\"potentialAction\":[{\"@type\":\"ReadAction\",\"target\":[\"https:\\\/\\\/alice.ch\\\/de\\\/themen\\\/digitalisierung-in-der-weiterbildung\\\/digitales-lernen\\\/einstieg-ins-digitale-lernen\\\/\"]}]},{\"@type\":\"ImageObject\",\"inLanguage\":\"de\",\"@id\":\"https:\\\/\\\/alice.ch\\\/de\\\/themen\\\/digitalisierung-in-der-weiterbildung\\\/digitales-lernen\\\/einstieg-ins-digitale-lernen\\\/#primaryimage\",\"url\":\"https:\\\/\\\/alice.ch\\\/app\\\/uploads\\\/2022\\\/11\\\/default.jpg\",\"contentUrl\":\"https:\\\/\\\/alice.ch\\\/app\\\/uploads\\\/2022\\\/11\\\/default.jpg\",\"width\":370,\"height\":185},{\"@type\":\"BreadcrumbList\",\"@id\":\"https:\\\/\\\/alice.ch\\\/de\\\/themen\\\/digitalisierung-in-der-weiterbildung\\\/digitales-lernen\\\/einstieg-ins-digitale-lernen\\\/#breadcrumb\",\"itemListElement\":[{\"@type\":\"ListItem\",\"position\":1,\"name\":\"Startseite\",\"item\":\"https:\\\/\\\/alice.ch\\\/de\\\/\"},{\"@type\":\"ListItem\",\"position\":2,\"name\":\"Themen\",\"item\":\"https:\\\/\\\/alice.ch\\\/de\\\/themen\\\/\"},{\"@type\":\"ListItem\",\"position\":3,\"name\":\"Digitalisierung in der Weiterbildung\",\"item\":\"https:\\\/\\\/alice.ch\\\/de\\\/themen\\\/digitalisierung-in-der-weiterbildung\\\/\"},{\"@type\":\"ListItem\",\"position\":4,\"name\":\"Digitales Lernen\",\"item\":\"https:\\\/\\\/alice.ch\\\/de\\\/themen\\\/digitalisierung-in-der-weiterbildung\\\/digitales-lernen\\\/\"},{\"@type\":\"ListItem\",\"position\":5,\"name\":\"Einstieg ins digitale Lernen\"}]},{\"@type\":\"WebSite\",\"@id\":\"https:\\\/\\\/alice.ch\\\/de\\\/#website\",\"url\":\"https:\\\/\\\/alice.ch\\\/de\\\/\",\"name\":\"alice.ch (Adult Learning Information Center) ist das Portal der Weiterbildung in der Schweiz.\",\"description\":\"Schweizerischer Verband f\u00fcr Weiterbildung\",\"publisher\":{\"@id\":\"https:\\\/\\\/alice.ch\\\/de\\\/#organization\"},\"potentialAction\":[{\"@type\":\"SearchAction\",\"target\":{\"@type\":\"EntryPoint\",\"urlTemplate\":\"https:\\\/\\\/alice.ch\\\/de\\\/?s={search_term_string}\"},\"query-input\":{\"@type\":\"PropertyValueSpecification\",\"valueRequired\":true,\"valueName\":\"search_term_string\"}}],\"inLanguage\":\"de\"},{\"@type\":\"Organization\",\"@id\":\"https:\\\/\\\/alice.ch\\\/de\\\/#organization\",\"name\":\"SVEB Schweizerischer Verband f\u00fcr Weiterbildung\",\"url\":\"https:\\\/\\\/alice.ch\\\/de\\\/\",\"logo\":{\"@type\":\"ImageObject\",\"inLanguage\":\"de\",\"@id\":\"https:\\\/\\\/alice.ch\\\/de\\\/#\\\/schema\\\/logo\\\/image\\\/\",\"url\":\"https:\\\/\\\/alice.ch\\\/app\\\/uploads\\\/2022\\\/07\\\/logo-sveb.png\",\"contentUrl\":\"https:\\\/\\\/alice.ch\\\/app\\\/uploads\\\/2022\\\/07\\\/logo-sveb.png\",\"width\":145,\"height\":64,\"caption\":\"SVEB Schweizerischer Verband f\u00fcr Weiterbildung\"},\"image\":{\"@id\":\"https:\\\/\\\/alice.ch\\\/de\\\/#\\\/schema\\\/logo\\\/image\\\/\"},\"sameAs\":[\"https:\\\/\\\/www.linkedin.com\\\/company\\\/schweizerischer-verband-fr-weiterbildung-sveb\\\/\"]}]}<\/script>\n<!-- \/ Yoast SEO plugin. -->","yoast_head_json":{"title":"Einstieg ins digitale Lernen - SVEB","robots":{"index":"index","follow":"follow","max-snippet":"max-snippet:-1","max-image-preview":"max-image-preview:large","max-video-preview":"max-video-preview:-1"},"canonical":"https:\/\/alice.ch\/de\/themen\/digitalisierung-in-der-weiterbildung\/digitales-lernen\/einstieg-ins-digitale-lernen\/","og_locale":"de_DE","og_type":"article","og_title":"Einstieg ins digitale Lernen - SVEB","og_description":"Einstieg ins digitale Lernen SVEB-Webinar: Digitales Lernen In seinem&nbsp;Webinar f\u00fcr den SVEB erkl\u00e4rt Roy Franke, Spezialist f\u00fcr digitales Training, die [&hellip;]","og_url":"https:\/\/alice.ch\/de\/themen\/digitalisierung-in-der-weiterbildung\/digitales-lernen\/einstieg-ins-digitale-lernen\/","og_site_name":"SVEB","article_modified_time":"2022-11-15T17:53:24+00:00","twitter_card":"summary_large_image","twitter_misc":{"Gesch\u00e4tzte Lesezeit":"3\u00a0Minuten"},"schema":{"@context":"https:\/\/schema.org","@graph":[{"@type":"WebPage","@id":"https:\/\/alice.ch\/de\/themen\/digitalisierung-in-der-weiterbildung\/digitales-lernen\/einstieg-ins-digitale-lernen\/","url":"https:\/\/alice.ch\/de\/themen\/digitalisierung-in-der-weiterbildung\/digitales-lernen\/einstieg-ins-digitale-lernen\/","name":"Einstieg ins digitale Lernen - SVEB","isPartOf":{"@id":"https:\/\/alice.ch\/de\/#website"},"primaryImageOfPage":{"@id":"https:\/\/alice.ch\/de\/themen\/digitalisierung-in-der-weiterbildung\/digitales-lernen\/einstieg-ins-digitale-lernen\/#primaryimage"},"image":{"@id":"https:\/\/alice.ch\/de\/themen\/digitalisierung-in-der-weiterbildung\/digitales-lernen\/einstieg-ins-digitale-lernen\/#primaryimage"},"thumbnailUrl":"https:\/\/alice.ch\/app\/uploads\/2022\/11\/default.jpg","datePublished":"2022-08-16T14:23:47+00:00","dateModified":"2022-11-15T17:53:24+00:00","breadcrumb":{"@id":"https:\/\/alice.ch\/de\/themen\/digitalisierung-in-der-weiterbildung\/digitales-lernen\/einstieg-ins-digitale-lernen\/#breadcrumb"},"inLanguage":"de","potentialAction":[{"@type":"ReadAction","target":["https:\/\/alice.ch\/de\/themen\/digitalisierung-in-der-weiterbildung\/digitales-lernen\/einstieg-ins-digitale-lernen\/"]}]},{"@type":"ImageObject","inLanguage":"de","@id":"https:\/\/alice.ch\/de\/themen\/digitalisierung-in-der-weiterbildung\/digitales-lernen\/einstieg-ins-digitale-lernen\/#primaryimage","url":"https:\/\/alice.ch\/app\/uploads\/2022\/11\/default.jpg","contentUrl":"https:\/\/alice.ch\/app\/uploads\/2022\/11\/default.jpg","width":370,"height":185},{"@type":"BreadcrumbList","@id":"https:\/\/alice.ch\/de\/themen\/digitalisierung-in-der-weiterbildung\/digitales-lernen\/einstieg-ins-digitale-lernen\/#breadcrumb","itemListElement":[{"@type":"ListItem","position":1,"name":"Startseite","item":"https:\/\/alice.ch\/de\/"},{"@type":"ListItem","position":2,"name":"Themen","item":"https:\/\/alice.ch\/de\/themen\/"},{"@type":"ListItem","position":3,"name":"Digitalisierung in der Weiterbildung","item":"https:\/\/alice.ch\/de\/themen\/digitalisierung-in-der-weiterbildung\/"},{"@type":"ListItem","position":4,"name":"Digitales Lernen","item":"https:\/\/alice.ch\/de\/themen\/digitalisierung-in-der-weiterbildung\/digitales-lernen\/"},{"@type":"ListItem","position":5,"name":"Einstieg ins digitale Lernen"}]},{"@type":"WebSite","@id":"https:\/\/alice.ch\/de\/#website","url":"https:\/\/alice.ch\/de\/","name":"alice.ch (Adult Learning Information Center) ist das Portal der Weiterbildung in der Schweiz.","description":"Schweizerischer Verband f\u00fcr Weiterbildung","publisher":{"@id":"https:\/\/alice.ch\/de\/#organization"},"potentialAction":[{"@type":"SearchAction","target":{"@type":"EntryPoint","urlTemplate":"https:\/\/alice.ch\/de\/?s={search_term_string}"},"query-input":{"@type":"PropertyValueSpecification","valueRequired":true,"valueName":"search_term_string"}}],"inLanguage":"de"},{"@type":"Organization","@id":"https:\/\/alice.ch\/de\/#organization","name":"SVEB Schweizerischer Verband f\u00fcr Weiterbildung","url":"https:\/\/alice.ch\/de\/","logo":{"@type":"ImageObject","inLanguage":"de","@id":"https:\/\/alice.ch\/de\/#\/schema\/logo\/image\/","url":"https:\/\/alice.ch\/app\/uploads\/2022\/07\/logo-sveb.png","contentUrl":"https:\/\/alice.ch\/app\/uploads\/2022\/07\/logo-sveb.png","width":145,"height":64,"caption":"SVEB Schweizerischer Verband f\u00fcr Weiterbildung"},"image":{"@id":"https:\/\/alice.ch\/de\/#\/schema\/logo\/image\/"},"sameAs":["https:\/\/www.linkedin.com\/company\/schweizerischer-verband-fr-weiterbildung-sveb\/"]}]}},"_links":{"self":[{"href":"https:\/\/alice.ch\/de\/wp-json\/wp\/v2\/pages\/386","targetHints":{"allow":["GET"]}}],"collection":[{"href":"https:\/\/alice.ch\/de\/wp-json\/wp\/v2\/pages"}],"about":[{"href":"https:\/\/alice.ch\/de\/wp-json\/wp\/v2\/types\/page"}],"author":[{"embeddable":true,"href":"https:\/\/alice.ch\/de\/wp-json\/wp\/v2\/users\/2"}],"replies":[{"embeddable":true,"href":"https:\/\/alice.ch\/de\/wp-json\/wp\/v2\/comments?post=386"}],"version-history":[{"count":31,"href":"https:\/\/alice.ch\/de\/wp-json\/wp\/v2\/pages\/386\/revisions"}],"predecessor-version":[{"id":13357,"href":"https:\/\/alice.ch\/de\/wp-json\/wp\/v2\/pages\/386\/revisions\/13357"}],"up":[{"embeddable":true,"href":"https:\/\/alice.ch\/de\/wp-json\/wp\/v2\/pages\/378"}],"wp:featuredmedia":[{"embeddable":true,"href":"https:\/\/alice.ch\/de\/wp-json\/wp\/v2\/media\/20799"}],"wp:attachment":[{"href":"https:\/\/alice.ch\/de\/wp-json\/wp\/v2\/media?parent=386"}],"curies":[{"name":"wp","href":"https:\/\/api.w.org\/{rel}","templated":true}]}}