{"id":390,"date":"2022-08-16T16:24:28","date_gmt":"2022-08-16T14:24:28","guid":{"rendered":"https:\/\/projects.atxeit.ch\/sveb\/?page_id=390"},"modified":"2023-05-07T17:00:29","modified_gmt":"2023-05-07T15:00:29","slug":"digitale-werkzeuge","status":"publish","type":"page","link":"https:\/\/alice.ch\/de\/themen\/digitalisierung-in-der-weiterbildung\/digitales-lernen\/digitale-werkzeuge\/","title":{"rendered":"Digitale Werkzeuge"},"content":{"rendered":"\n<div class=\"wp-block-group is-style-reduced-width is-layout-flow wp-block-group-is-layout-flow\">\n<h1 class=\"wp-block-heading\">Digitale Werkzeuge<\/h1>\n\n\n\n<p class=\"is-style-lead\">\u00dcber eine Vielzahl digitaler Applikationen k\u00f6nnen Sie mit Lernenden schriftlich und audiovisuell in Kontakt bleiben, Besprechungen oder Pr\u00e4sentationen abhalten, Inputs erstellen, Gruppenarbeiten organisieren und vieles mehr.<\/p>\n\n\n\n<p>Dabei sind folgende Punkte generell zu bedenken:<\/p>\n\n\n\n<ol class=\"wp-block-list\">\n<li>Bei jeder Applikation ist zu bedenken, welche Standards sie in Bezug auf <a href=\"https:\/\/alice.ch\/de\/themen\/digitalisierung-in-der-weiterbildung\/digitales-lernen\/datensicherheit\/\">Datensicherheit<\/a> gew\u00e4hrleistet.<\/li>\n\n\n\n<li>Gerade Videokonferenzen ben\u00f6tigen eine ausreichende Infrastruktur (insbesondere eine gute Internetverbindung). Ebenfalls gilt es zu Bedenken, welche Applikationen von den Teilnehmenden einfach benutzt werden k\u00f6nnen.<\/li>\n\n\n\n<li>Viele Quellen zu diesem Thema fokussieren auf Jugendliche. Erwachsene benutzen oft andere Applikationen: So kann in der Weiterbildung etwa auch eine Kommunikation per E-Mail nach wie vor ein probates Mittel sein.<\/li>\n<\/ol>\n\n\n\n<h2 class=\"wp-block-heading\">H\u00e4ufig verwendete Applikationen<\/h2>\n\n\n\n<h3 class=\"wp-block-heading\">Jitsi Meet<\/h3>\n\n\n\n<p>Eine gratis L\u00f6sung f\u00fcr Videokonferenzen, die als sicher gilt. Sie ist einfach online zu bedienen und bedarf keiner Installation, funktioniert aber nicht in jedem Browser optimal.<\/p>\n\n\n\n<div class=\"wp-block-buttons is-layout-flex wp-block-buttons-is-layout-flex\">\n<div class=\"wp-block-button has-custom-width wp-block-button__width-50 is-style-outline is-style-outline--1\"><a class=\"wp-block-button__link wp-element-button\" href=\"https:\/\/meet.jit.si\" target=\"_blank\" rel=\"noreferrer noopener\">Jitsi Meet f\u00fcr Videokonferenzen<\/a><\/div>\n<\/div>\n\n\n\n<div class=\"wp-block-columns is-layout-flex wp-container-core-columns-is-layout-28f84493 wp-block-columns-is-layout-flex\">\n<div class=\"wp-block-column is-layout-flow wp-block-column-is-layout-flow\">\n<figure class=\"wp-block-embed is-type-video is-provider-youtube wp-block-embed-youtube wp-embed-aspect-4-3 wp-has-aspect-ratio\"><div class=\"wp-block-embed__wrapper\">\n<iframe title=\"Folge 9: Jitsi Meet (ohne Switch!)\" width=\"500\" height=\"375\" src=\"https:\/\/www.youtube.com\/embed\/j3ZNa502-Dc?feature=oembed\" frameborder=\"0\" allow=\"accelerometer; autoplay; clipboard-write; encrypted-media; gyroscope; picture-in-picture; web-share\" referrerpolicy=\"strict-origin-when-cross-origin\" allowfullscreen><\/iframe>\n<\/div><\/figure>\n<\/div>\n\n\n\n<div class=\"wp-block-column is-layout-flow wp-block-column-is-layout-flow\"><\/div>\n<\/div>\n\n\n\n<h3 class=\"wp-block-heading\">Zoom<\/h3>\n\n\n\n<p>Die Software Zoom kann im Browser oder \u00fcber die Installation der App verwendet werden. Sie verf\u00fcgt \u00fcber n\u00fctzliche Funktionen wie etwa interaktive Whiteboards und die M\u00f6glichkeit Gruppen zu erstellen. Die&nbsp;<a href=\"https:\/\/alice.ch\/de\/themen\/digitalisierung-in-der-weiterbildung\/digitales-lernen\/datensicherheit\/\">Datensicherheit<\/a>&nbsp;von Zoom wird jedoch sehr unterschiedlich bewertet.<\/p>\n\n\n\n<div class=\"wp-block-buttons is-layout-flex wp-block-buttons-is-layout-flex\">\n<div class=\"wp-block-button has-custom-width wp-block-button__width-50 is-style-outline is-style-outline--2\"><a class=\"wp-block-button__link wp-element-button\" href=\"https:\/\/zoom.us\" target=\"_blank\" rel=\"noreferrer noopener\">Zoom f\u00fcr Videokonferenzen<\/a><\/div>\n<\/div>\n\n\n\n<div class=\"wp-block-columns is-layout-flex wp-container-core-columns-is-layout-28f84493 wp-block-columns-is-layout-flex\">\n<div class=\"wp-block-column is-layout-flow wp-block-column-is-layout-flow\">\n<figure class=\"wp-block-embed is-type-video is-provider-youtube wp-block-embed-youtube wp-embed-aspect-16-9 wp-has-aspect-ratio\"><div class=\"wp-block-embed__wrapper\">\n<iframe title=\"Detaillierte Zoom-Anleitung - Zoom als Veranstalter &amp; Teilnehmer nutzen\" width=\"500\" height=\"281\" src=\"https:\/\/www.youtube.com\/embed\/zCq53RH7StQ?feature=oembed\" frameborder=\"0\" allow=\"accelerometer; autoplay; clipboard-write; encrypted-media; gyroscope; picture-in-picture; web-share\" referrerpolicy=\"strict-origin-when-cross-origin\" allowfullscreen><\/iframe>\n<\/div><\/figure>\n<\/div>\n\n\n\n<div class=\"wp-block-column is-layout-flow wp-block-column-is-layout-flow\"><\/div>\n<\/div>\n\n\n\n<h3 class=\"wp-block-heading\">Weitere Videokonferenz-Applikationen<\/h3>\n\n\n\n<p>Skype, Microsoft Teams, WhereBy \u2013 die Liste von m\u00f6glichen Applikationen ist lange und w\u00e4chst stetig. Auf lernentrotzcorona.ch findet sich eine gute&nbsp;<a href=\"https:\/\/www.lernentrotzcorona.ch\/Lernentrotzcorona\/VideoplattformenUebersicht\" target=\"_blank\" rel=\"noreferrer noopener\">\u00dcbersicht der Angebote<\/a>&nbsp;zum Vergleich und zur Vertiefung. Ein Webinar des SVEB in der italienischen Schweiz hat zudem die Sofware&nbsp;<a href=\"https:\/\/www.gotomeeting.com\/de-ch\/training\" target=\"_blank\" rel=\"noreferrer noopener\">GoToTraining<\/a>&nbsp;vorgestellt und genutzt.<\/p>\n\n\n\n<div class=\"wp-block-buttons is-layout-flex wp-block-buttons-is-layout-flex\">\n<div class=\"wp-block-button has-custom-width wp-block-button__width-50 is-style-outline is-style-outline--3\"><a class=\"wp-block-button__link wp-element-button\" href=\"https:\/\/www.lernentrotzcorona.ch\/Lernentrotzcorona\/VideoplattformenUebersicht\" target=\"_blank\" rel=\"noreferrer noopener\">lernentrotzcorona.ch: Videoplattformen<\/a><\/div>\n<\/div>\n\n\n\n<h3 class=\"wp-block-heading\">Padlet<\/h3>\n\n\n\n<p>Die digitale Pinnwand&nbsp;<a href=\"https:\/\/padlet.com\/\" target=\"_blank\" rel=\"noreferrer noopener\">Padlet<\/a>&nbsp;eignet sich um mit mehreren Teilnehmenden schnell und strukturiert Ideen und Inputs zu sammeln. Sie ist gratis und direkt im Browser nutzbar.<\/p>\n\n\n\n<div class=\"wp-block-buttons is-layout-flex wp-block-buttons-is-layout-flex\">\n<div class=\"wp-block-button has-custom-width wp-block-button__width-50 is-style-outline is-style-outline--4\"><a class=\"wp-block-button__link wp-element-button\" href=\"https:\/\/wb-web.de\/material\/medien\/Virtuelle-Tafeln-wie-Padlets-und-Stormboard.html\" target=\"_blank\" rel=\"noreferrer noopener\">Lernbaustein zu virtuellen Pinnw\u00e4nden (DIE)<\/a><\/div>\n<\/div>\n\n\n\n<h3 class=\"wp-block-heading\">Lernplattformen<\/h3>\n\n\n\n<p>Um Dokumente abzulegen und einen digitalen \u00abKursraum\u00bb zu gestalten, eignen sich Lernplattformen. Die Angebote in diesem Bereich beinhalten umfangreiche Lernmanagementsysteme wie etwa ILIAS oder Moodle. F\u00fcr eine reine Dokumentenablage k\u00f6nnen aber auch Dienste wie Dropbox oder Google-Drive relativ unkompliziert verwendet werden.<\/p>\n\n\n\n<div class=\"wp-block-buttons is-layout-flex wp-block-buttons-is-layout-flex\">\n<div class=\"wp-block-button has-custom-width wp-block-button__width-50 is-style-outline is-style-outline--5\"><a class=\"wp-block-button__link wp-element-button\" href=\"https:\/\/www.lernentrotzcorona.ch\/Lernentrotzcorona\/PlattFormen\" target=\"_blank\" rel=\"noreferrer noopener\">lernentrotzcorona.ch: Lernplattformen<\/a><\/div>\n<\/div>\n\n\n\n<h3 class=\"wp-block-heading\">Erkl\u00e4r-Videos mit Loom<\/h3>\n\n\n\n<p>Mit der gratis Software&nbsp;<a href=\"https:\/\/www.loom.com\/\" target=\"_blank\" rel=\"noreferrer noopener\">Loom<\/a>&nbsp;k\u00f6nnen Sie Videos direkt auf ihrem Bildschirm aufnehmen und bearbeiten. So k\u00f6nnen Sie zum Beispiel Inputs erstellen, die die Teilnehmenden vorab anschauen k\u00f6nnen, oder auch Feedback f\u00fcr Teilnehmende aufnehmen, wenn dies nicht live geschehen kann.<\/p>\n\n\n\n<div class=\"wp-block-buttons is-layout-flex wp-block-buttons-is-layout-flex\">\n<div class=\"wp-block-button has-custom-width wp-block-button__width-50 is-style-outline is-style-outline--6\"><a class=\"wp-block-button__link wp-element-button\" href=\"https:\/\/www.lernentrotzcorona.ch\/Lernentrotzcorona\/ErklaerVideos\" target=\"_blank\" rel=\"noreferrer noopener\">lernentrotzcorona.ch: Erkl\u00e4r-Videos<\/a><\/div>\n<\/div>\n\n\n\n<div class=\"wp-block-columns is-layout-flex wp-container-core-columns-is-layout-28f84493 wp-block-columns-is-layout-flex\">\n<div class=\"wp-block-column is-layout-flow wp-block-column-is-layout-flow\" style=\"flex-basis:100%\">\n<div class=\"wp-block-columns is-layout-flex wp-container-core-columns-is-layout-28f84493 wp-block-columns-is-layout-flex\">\n<div class=\"wp-block-column is-layout-flow wp-block-column-is-layout-flow\" style=\"flex-basis:50%\">\n<figure class=\"wp-block-embed is-type-video is-provider-youtube wp-block-embed-youtube wp-embed-aspect-4-3 wp-has-aspect-ratio\"><div class=\"wp-block-embed__wrapper\">\n<iframe title=\"Folge 4: Loom \u2013\u00a0Feedback, Anleitungen und Erkla\u0308rvideos\" width=\"500\" height=\"375\" src=\"https:\/\/www.youtube.com\/embed\/DqkzgONLxX0?feature=oembed\" frameborder=\"0\" allow=\"accelerometer; autoplay; clipboard-write; encrypted-media; gyroscope; picture-in-picture; web-share\" referrerpolicy=\"strict-origin-when-cross-origin\" allowfullscreen><\/iframe>\n<\/div><\/figure>\n<\/div>\n\n\n\n<div class=\"wp-block-column is-layout-flow wp-block-column-is-layout-flow\" style=\"flex-basis:50%\"><\/div>\n<\/div>\n<\/div>\n<\/div>\n\n\n\n<h3 class=\"wp-block-heading\">Lernfilme selbst erstellen<\/h3>\n\n\n\n<p>Mit relativ einfachen Mitteln kann man selbst Lernfilme erstellen. Digitaltrainer Roy Franke erkl\u00e4rt wie.<\/p>\n\n\n\n<div class=\"wp-block-buttons is-layout-flex wp-block-buttons-is-layout-flex\">\n<div class=\"wp-block-button has-custom-width wp-block-button__width-50 is-style-outline is-style-outline--7\"><a class=\"wp-block-button__link wp-element-button\" href=\"https:\/\/youtu.be\/gKA2ahuPa_g\" target=\"_blank\" rel=\"noreferrer noopener\">Webinar: \u00abLernfilme selber erstellen\u00bb<\/a><\/div>\n<\/div>\n\n\n\n<div class=\"wp-block-columns is-layout-flex wp-container-core-columns-is-layout-28f84493 wp-block-columns-is-layout-flex\">\n<div class=\"wp-block-column is-layout-flow wp-block-column-is-layout-flow\" style=\"flex-basis:50%\">\n<figure class=\"wp-block-embed is-type-video is-provider-youtube wp-block-embed-youtube wp-embed-aspect-16-9 wp-has-aspect-ratio\"><div class=\"wp-block-embed__wrapper\">\n<iframe title=\"Lernfilme einfach gemacht\" width=\"500\" height=\"281\" src=\"https:\/\/www.youtube.com\/embed\/gKA2ahuPa_g?feature=oembed\" frameborder=\"0\" allow=\"accelerometer; autoplay; clipboard-write; encrypted-media; gyroscope; picture-in-picture; web-share\" referrerpolicy=\"strict-origin-when-cross-origin\" allowfullscreen><\/iframe>\n<\/div><\/figure>\n<\/div>\n\n\n\n<div class=\"wp-block-column is-layout-flow wp-block-column-is-layout-flow\" style=\"flex-basis:50%\"><\/div>\n<\/div>\n\n\n\n<h3 class=\"wp-block-heading\">Online-Formulare erstellen<\/h3>\n\n\n\n<p>Microsoft Forms oder auch Google Forms eigenen sich, um Formulare zu erstellen zum Beispiel f\u00fcr Kursevaluationen. Wie das gemacht wird, erkl\u00e4rt das Webinar.<\/p>\n\n\n\n<div class=\"wp-block-buttons is-layout-flex wp-block-buttons-is-layout-flex\">\n<div class=\"wp-block-button has-custom-width wp-block-button__width-50 is-style-outline is-style-outline--8\"><a class=\"wp-block-button__link wp-element-button\" href=\"https:\/\/www.youtube.com\/watch?v=dBXYA272d-E&amp;t=7s\" target=\"_blank\" rel=\"noreferrer noopener\">Webinar: \u00abOnline-Formulare erstellen\u00bb<\/a><\/div>\n<\/div>\n\n\n\n<div class=\"wp-block-columns is-layout-flex wp-container-core-columns-is-layout-28f84493 wp-block-columns-is-layout-flex\">\n<div class=\"wp-block-column is-layout-flow wp-block-column-is-layout-flow\" style=\"flex-basis:50%\">\n<figure class=\"wp-block-embed is-type-video is-provider-youtube wp-block-embed-youtube wp-embed-aspect-16-9 wp-has-aspect-ratio\"><div class=\"wp-block-embed__wrapper\">\n<iframe title=\"Wie kann man mit Microsoft Forms (oder anderen Online-Tools) Formulare erstellen?\" width=\"500\" height=\"281\" src=\"https:\/\/www.youtube.com\/embed\/dBXYA272d-E?feature=oembed\" frameborder=\"0\" allow=\"accelerometer; autoplay; clipboard-write; encrypted-media; gyroscope; picture-in-picture; web-share\" referrerpolicy=\"strict-origin-when-cross-origin\" allowfullscreen><\/iframe>\n<\/div><\/figure>\n<\/div>\n\n\n\n<div class=\"wp-block-column is-layout-flow wp-block-column-is-layout-flow\" style=\"flex-basis:50%\"><\/div>\n<\/div>\n\n\n\n<h2 class=\"wp-block-heading\">Weitere Informationen<\/h2>\n\n\n\n<div class=\"wp-block-buttons is-layout-flex wp-block-buttons-is-layout-flex\">\n<div class=\"wp-block-button has-custom-width wp-block-button__width-50 is-style-outline is-style-outline--9\"><a class=\"wp-block-button__link wp-element-button\" href=\"https:\/\/wb-web.de\/dossiers\/Digitalisierung-in-der-Erwachsenenbildung-1\/Praktische-kleine-digitale-Werkzeuge-fuer-den-Seminaralltag.html\" target=\"_blank\" rel=\"noreferrer noopener\">Baustein \u00abDigitale Werkzeuge\u00bb des DIE<\/a><\/div>\n<\/div>\n\n\n\n<div class=\"wp-block-buttons is-layout-flex wp-block-buttons-is-layout-flex\">\n<div class=\"wp-block-button has-custom-width wp-block-button__width-50 is-style-outline is-style-outline--10\"><a class=\"wp-block-button__link wp-element-button\" href=\"https:\/\/www.lernentrotzcorona.ch\/Lernentrotzcorona\" target=\"_blank\" rel=\"noreferrer noopener\">Wiki LernenTrotzCorona.ch<\/a><\/div>\n<\/div>\n\n\n\n<h2 class=\"wp-block-heading\">Kontakt<\/h2>\n\n\n\n<div class=\"wp-block-columns is-layout-flex wp-container-core-columns-is-layout-28f84493 wp-block-columns-is-layout-flex\">\n<div class=\"wp-block-column is-layout-flow wp-block-column-is-layout-flow\" style=\"flex-basis:50%\"><div class=\"contact-persons\">\n\n\t\t\t\t\t<div class=\"contact-person\">\n\t\t\t\t\tIrena Sgier<br \/>\t\t\t\t\t Stv. Direktorin, Leiterin Forschung, Entwicklung und Innovation<br \/>\t\t\t\t\t<br \/>\n\t\t\t\t\t\t\t\t\t\t<a href=\"tel:+41 (0)44 319 71 59\">+41 (0)44 319 71 59<\/a><br \/>\t\t\t\t\t<a href=\"mailto:irena.sgier@alice.ch\">irena.sgier@alice.ch<\/a><br \/>\t\t\t\t\t<\/div>\n\t\t\t\t\t<\/div>\n<\/div>\n\n\n\n<div class=\"wp-block-column is-layout-flow wp-block-column-is-layout-flow\" style=\"flex-basis:50%\"><\/div>\n<\/div>\n<\/div>\n","protected":false},"excerpt":{"rendered":"<p>Digitale Werkzeuge \u00dcber eine Vielzahl digitaler Applikationen k\u00f6nnen Sie mit Lernenden schriftlich und audiovisuell in Kontakt bleiben, Besprechungen oder Pr\u00e4sentationen [&hellip;]<\/p>\n","protected":false},"author":2,"featured_media":20799,"parent":378,"menu_order":103,"comment_status":"closed","ping_status":"closed","template":"","meta":{"_acf_changed":false,"inline_featured_image":false,"footnotes":""},"class_list":["post-390","page","type-page","status-publish","has-post-thumbnail","hentry"],"acf":[],"yoast_head":"<!-- This site is optimized with the Yoast SEO plugin v27.3 - https:\/\/yoast.com\/product\/yoast-seo-wordpress\/ -->\n<title>Digitale Werkzeuge - SVEB<\/title>\n<meta name=\"robots\" content=\"index, follow, max-snippet:-1, max-image-preview:large, max-video-preview:-1\" \/>\n<link rel=\"canonical\" href=\"https:\/\/alice.ch\/de\/themen\/digitalisierung-in-der-weiterbildung\/digitales-lernen\/digitale-werkzeuge\/\" \/>\n<meta property=\"og:locale\" content=\"de_DE\" \/>\n<meta property=\"og:type\" content=\"article\" \/>\n<meta property=\"og:title\" content=\"Digitale Werkzeuge - SVEB\" \/>\n<meta property=\"og:description\" content=\"Digitale Werkzeuge \u00dcber eine Vielzahl digitaler Applikationen k\u00f6nnen Sie mit Lernenden schriftlich und audiovisuell in Kontakt bleiben, Besprechungen oder Pr\u00e4sentationen [&hellip;]\" \/>\n<meta property=\"og:url\" content=\"https:\/\/alice.ch\/de\/themen\/digitalisierung-in-der-weiterbildung\/digitales-lernen\/digitale-werkzeuge\/\" \/>\n<meta property=\"og:site_name\" content=\"SVEB\" \/>\n<meta property=\"article:modified_time\" content=\"2023-05-07T15:00:29+00:00\" \/>\n<meta name=\"twitter:card\" content=\"summary_large_image\" \/>\n<meta name=\"twitter:label1\" content=\"Gesch\u00e4tzte Lesezeit\" \/>\n\t<meta name=\"twitter:data1\" content=\"3\u00a0Minuten\" \/>\n<script type=\"application\/ld+json\" class=\"yoast-schema-graph\">{\"@context\":\"https:\\\/\\\/schema.org\",\"@graph\":[{\"@type\":\"WebPage\",\"@id\":\"https:\\\/\\\/alice.ch\\\/de\\\/themen\\\/digitalisierung-in-der-weiterbildung\\\/digitales-lernen\\\/digitale-werkzeuge\\\/\",\"url\":\"https:\\\/\\\/alice.ch\\\/de\\\/themen\\\/digitalisierung-in-der-weiterbildung\\\/digitales-lernen\\\/digitale-werkzeuge\\\/\",\"name\":\"Digitale Werkzeuge - SVEB\",\"isPartOf\":{\"@id\":\"https:\\\/\\\/alice.ch\\\/de\\\/#website\"},\"primaryImageOfPage\":{\"@id\":\"https:\\\/\\\/alice.ch\\\/de\\\/themen\\\/digitalisierung-in-der-weiterbildung\\\/digitales-lernen\\\/digitale-werkzeuge\\\/#primaryimage\"},\"image\":{\"@id\":\"https:\\\/\\\/alice.ch\\\/de\\\/themen\\\/digitalisierung-in-der-weiterbildung\\\/digitales-lernen\\\/digitale-werkzeuge\\\/#primaryimage\"},\"thumbnailUrl\":\"https:\\\/\\\/alice.ch\\\/app\\\/uploads\\\/2022\\\/11\\\/default.jpg\",\"datePublished\":\"2022-08-16T14:24:28+00:00\",\"dateModified\":\"2023-05-07T15:00:29+00:00\",\"breadcrumb\":{\"@id\":\"https:\\\/\\\/alice.ch\\\/de\\\/themen\\\/digitalisierung-in-der-weiterbildung\\\/digitales-lernen\\\/digitale-werkzeuge\\\/#breadcrumb\"},\"inLanguage\":\"de\",\"potentialAction\":[{\"@type\":\"ReadAction\",\"target\":[\"https:\\\/\\\/alice.ch\\\/de\\\/themen\\\/digitalisierung-in-der-weiterbildung\\\/digitales-lernen\\\/digitale-werkzeuge\\\/\"]}]},{\"@type\":\"ImageObject\",\"inLanguage\":\"de\",\"@id\":\"https:\\\/\\\/alice.ch\\\/de\\\/themen\\\/digitalisierung-in-der-weiterbildung\\\/digitales-lernen\\\/digitale-werkzeuge\\\/#primaryimage\",\"url\":\"https:\\\/\\\/alice.ch\\\/app\\\/uploads\\\/2022\\\/11\\\/default.jpg\",\"contentUrl\":\"https:\\\/\\\/alice.ch\\\/app\\\/uploads\\\/2022\\\/11\\\/default.jpg\",\"width\":1600,\"height\":900},{\"@type\":\"BreadcrumbList\",\"@id\":\"https:\\\/\\\/alice.ch\\\/de\\\/themen\\\/digitalisierung-in-der-weiterbildung\\\/digitales-lernen\\\/digitale-werkzeuge\\\/#breadcrumb\",\"itemListElement\":[{\"@type\":\"ListItem\",\"position\":1,\"name\":\"Startseite\",\"item\":\"https:\\\/\\\/alice.ch\\\/de\\\/\"},{\"@type\":\"ListItem\",\"position\":2,\"name\":\"Themen\",\"item\":\"https:\\\/\\\/alice.ch\\\/de\\\/themen\\\/\"},{\"@type\":\"ListItem\",\"position\":3,\"name\":\"Digitalisierung in der Weiterbildung\",\"item\":\"https:\\\/\\\/alice.ch\\\/de\\\/themen\\\/digitalisierung-in-der-weiterbildung\\\/\"},{\"@type\":\"ListItem\",\"position\":4,\"name\":\"Digitales Lernen\",\"item\":\"https:\\\/\\\/alice.ch\\\/de\\\/themen\\\/digitalisierung-in-der-weiterbildung\\\/digitales-lernen\\\/\"},{\"@type\":\"ListItem\",\"position\":5,\"name\":\"Digitale Werkzeuge\"}]},{\"@type\":\"WebSite\",\"@id\":\"https:\\\/\\\/alice.ch\\\/de\\\/#website\",\"url\":\"https:\\\/\\\/alice.ch\\\/de\\\/\",\"name\":\"alice.ch (Adult Learning Information Center) ist das Portal der Weiterbildung in der Schweiz.\",\"description\":\"Schweizerischer Verband f\u00fcr Weiterbildung\",\"publisher\":{\"@id\":\"https:\\\/\\\/alice.ch\\\/de\\\/#organization\"},\"potentialAction\":[{\"@type\":\"SearchAction\",\"target\":{\"@type\":\"EntryPoint\",\"urlTemplate\":\"https:\\\/\\\/alice.ch\\\/de\\\/?s={search_term_string}\"},\"query-input\":{\"@type\":\"PropertyValueSpecification\",\"valueRequired\":true,\"valueName\":\"search_term_string\"}}],\"inLanguage\":\"de\"},{\"@type\":\"Organization\",\"@id\":\"https:\\\/\\\/alice.ch\\\/de\\\/#organization\",\"name\":\"SVEB Schweizerischer Verband f\u00fcr Weiterbildung\",\"url\":\"https:\\\/\\\/alice.ch\\\/de\\\/\",\"logo\":{\"@type\":\"ImageObject\",\"inLanguage\":\"de\",\"@id\":\"https:\\\/\\\/alice.ch\\\/de\\\/#\\\/schema\\\/logo\\\/image\\\/\",\"url\":\"https:\\\/\\\/alice.ch\\\/app\\\/uploads\\\/2022\\\/07\\\/logo-sveb.png\",\"contentUrl\":\"https:\\\/\\\/alice.ch\\\/app\\\/uploads\\\/2022\\\/07\\\/logo-sveb.png\",\"width\":145,\"height\":64,\"caption\":\"SVEB Schweizerischer Verband f\u00fcr Weiterbildung\"},\"image\":{\"@id\":\"https:\\\/\\\/alice.ch\\\/de\\\/#\\\/schema\\\/logo\\\/image\\\/\"},\"sameAs\":[\"https:\\\/\\\/www.linkedin.com\\\/company\\\/schweizerischer-verband-fr-weiterbildung-sveb\\\/\"]}]}<\/script>\n<!-- \/ Yoast SEO plugin. -->","yoast_head_json":{"title":"Digitale Werkzeuge - SVEB","robots":{"index":"index","follow":"follow","max-snippet":"max-snippet:-1","max-image-preview":"max-image-preview:large","max-video-preview":"max-video-preview:-1"},"canonical":"https:\/\/alice.ch\/de\/themen\/digitalisierung-in-der-weiterbildung\/digitales-lernen\/digitale-werkzeuge\/","og_locale":"de_DE","og_type":"article","og_title":"Digitale Werkzeuge - SVEB","og_description":"Digitale Werkzeuge \u00dcber eine Vielzahl digitaler Applikationen k\u00f6nnen Sie mit Lernenden schriftlich und audiovisuell in Kontakt bleiben, Besprechungen oder Pr\u00e4sentationen [&hellip;]","og_url":"https:\/\/alice.ch\/de\/themen\/digitalisierung-in-der-weiterbildung\/digitales-lernen\/digitale-werkzeuge\/","og_site_name":"SVEB","article_modified_time":"2023-05-07T15:00:29+00:00","twitter_card":"summary_large_image","twitter_misc":{"Gesch\u00e4tzte Lesezeit":"3\u00a0Minuten"},"schema":{"@context":"https:\/\/schema.org","@graph":[{"@type":"WebPage","@id":"https:\/\/alice.ch\/de\/themen\/digitalisierung-in-der-weiterbildung\/digitales-lernen\/digitale-werkzeuge\/","url":"https:\/\/alice.ch\/de\/themen\/digitalisierung-in-der-weiterbildung\/digitales-lernen\/digitale-werkzeuge\/","name":"Digitale Werkzeuge - SVEB","isPartOf":{"@id":"https:\/\/alice.ch\/de\/#website"},"primaryImageOfPage":{"@id":"https:\/\/alice.ch\/de\/themen\/digitalisierung-in-der-weiterbildung\/digitales-lernen\/digitale-werkzeuge\/#primaryimage"},"image":{"@id":"https:\/\/alice.ch\/de\/themen\/digitalisierung-in-der-weiterbildung\/digitales-lernen\/digitale-werkzeuge\/#primaryimage"},"thumbnailUrl":"https:\/\/alice.ch\/app\/uploads\/2022\/11\/default.jpg","datePublished":"2022-08-16T14:24:28+00:00","dateModified":"2023-05-07T15:00:29+00:00","breadcrumb":{"@id":"https:\/\/alice.ch\/de\/themen\/digitalisierung-in-der-weiterbildung\/digitales-lernen\/digitale-werkzeuge\/#breadcrumb"},"inLanguage":"de","potentialAction":[{"@type":"ReadAction","target":["https:\/\/alice.ch\/de\/themen\/digitalisierung-in-der-weiterbildung\/digitales-lernen\/digitale-werkzeuge\/"]}]},{"@type":"ImageObject","inLanguage":"de","@id":"https:\/\/alice.ch\/de\/themen\/digitalisierung-in-der-weiterbildung\/digitales-lernen\/digitale-werkzeuge\/#primaryimage","url":"https:\/\/alice.ch\/app\/uploads\/2022\/11\/default.jpg","contentUrl":"https:\/\/alice.ch\/app\/uploads\/2022\/11\/default.jpg","width":1600,"height":900},{"@type":"BreadcrumbList","@id":"https:\/\/alice.ch\/de\/themen\/digitalisierung-in-der-weiterbildung\/digitales-lernen\/digitale-werkzeuge\/#breadcrumb","itemListElement":[{"@type":"ListItem","position":1,"name":"Startseite","item":"https:\/\/alice.ch\/de\/"},{"@type":"ListItem","position":2,"name":"Themen","item":"https:\/\/alice.ch\/de\/themen\/"},{"@type":"ListItem","position":3,"name":"Digitalisierung in der Weiterbildung","item":"https:\/\/alice.ch\/de\/themen\/digitalisierung-in-der-weiterbildung\/"},{"@type":"ListItem","position":4,"name":"Digitales Lernen","item":"https:\/\/alice.ch\/de\/themen\/digitalisierung-in-der-weiterbildung\/digitales-lernen\/"},{"@type":"ListItem","position":5,"name":"Digitale Werkzeuge"}]},{"@type":"WebSite","@id":"https:\/\/alice.ch\/de\/#website","url":"https:\/\/alice.ch\/de\/","name":"alice.ch (Adult Learning Information Center) ist das Portal der Weiterbildung in der Schweiz.","description":"Schweizerischer Verband f\u00fcr Weiterbildung","publisher":{"@id":"https:\/\/alice.ch\/de\/#organization"},"potentialAction":[{"@type":"SearchAction","target":{"@type":"EntryPoint","urlTemplate":"https:\/\/alice.ch\/de\/?s={search_term_string}"},"query-input":{"@type":"PropertyValueSpecification","valueRequired":true,"valueName":"search_term_string"}}],"inLanguage":"de"},{"@type":"Organization","@id":"https:\/\/alice.ch\/de\/#organization","name":"SVEB Schweizerischer Verband f\u00fcr Weiterbildung","url":"https:\/\/alice.ch\/de\/","logo":{"@type":"ImageObject","inLanguage":"de","@id":"https:\/\/alice.ch\/de\/#\/schema\/logo\/image\/","url":"https:\/\/alice.ch\/app\/uploads\/2022\/07\/logo-sveb.png","contentUrl":"https:\/\/alice.ch\/app\/uploads\/2022\/07\/logo-sveb.png","width":145,"height":64,"caption":"SVEB Schweizerischer Verband f\u00fcr Weiterbildung"},"image":{"@id":"https:\/\/alice.ch\/de\/#\/schema\/logo\/image\/"},"sameAs":["https:\/\/www.linkedin.com\/company\/schweizerischer-verband-fr-weiterbildung-sveb\/"]}]}},"_links":{"self":[{"href":"https:\/\/alice.ch\/de\/wp-json\/wp\/v2\/pages\/390","targetHints":{"allow":["GET"]}}],"collection":[{"href":"https:\/\/alice.ch\/de\/wp-json\/wp\/v2\/pages"}],"about":[{"href":"https:\/\/alice.ch\/de\/wp-json\/wp\/v2\/types\/page"}],"author":[{"embeddable":true,"href":"https:\/\/alice.ch\/de\/wp-json\/wp\/v2\/users\/2"}],"replies":[{"embeddable":true,"href":"https:\/\/alice.ch\/de\/wp-json\/wp\/v2\/comments?post=390"}],"version-history":[{"count":65,"href":"https:\/\/alice.ch\/de\/wp-json\/wp\/v2\/pages\/390\/revisions"}],"predecessor-version":[{"id":50008,"href":"https:\/\/alice.ch\/de\/wp-json\/wp\/v2\/pages\/390\/revisions\/50008"}],"up":[{"embeddable":true,"href":"https:\/\/alice.ch\/de\/wp-json\/wp\/v2\/pages\/378"}],"wp:featuredmedia":[{"embeddable":true,"href":"https:\/\/alice.ch\/de\/wp-json\/wp\/v2\/media\/20799"}],"wp:attachment":[{"href":"https:\/\/alice.ch\/de\/wp-json\/wp\/v2\/media?parent=390"}],"curies":[{"name":"wp","href":"https:\/\/api.w.org\/{rel}","templated":true}]}}