{"id":3905,"date":"2022-10-18T11:09:30","date_gmt":"2022-10-18T09:09:30","guid":{"rendered":"https:\/\/projects.atxeit.ch\/sveb\/?page_id=3905"},"modified":"2024-07-08T09:53:30","modified_gmt":"2024-07-08T07:53:30","slug":"weiterbildungsforschung-in-der-schweiz","status":"publish","type":"page","link":"https:\/\/alice.ch\/de\/forschung\/vernetzung-und-austausch\/weiterbildungsforschung-in-der-schweiz\/","title":{"rendered":"Weiterbildungsforschung in der Schweiz"},"content":{"rendered":"\n<div class=\"wp-block-group is-style-reduced-width is-layout-flow wp-block-group-is-layout-flow\">\n<h1 class=\"wp-block-heading\">Weiterbildungsforschung in der Schweiz<\/h1>\n\n\n\n<h2 class=\"wp-block-heading\">Schweizer Lehrst\u00fchle und Studienm\u00f6glichkeiten<\/h2>\n\n\n\n<ul class=\"wp-block-list\">\n<li><strong>PH der FHNW:\u00a0<\/strong>Die\u00a0<a href=\"https:\/\/www.fhnw.ch\/de\/die-fhnw\/hochschulen\/ph\/institute\/institut-weiterbildung-und-beratung\/professuren-und-zentren\/professur-erwachsenenbildung-und-weiterbildung\" target=\"_blank\" rel=\"noreferrer noopener\">Professur f\u00fcr Erwachsenenbildung\/Weiterbildung<\/a>\u00a0an der P\u00e4dagogischen Hochschule FHNW wird von\u00a0<a href=\"https:\/\/www.fhnw.ch\/de\/personen\/ulla-klingovsky\" target=\"_blank\" rel=\"noreferrer noopener\">Prof.\u00a0Dr. Ulla Klingovsky<\/a>\u00a0geleitet. Sie forscht in den Bereichen erwachsenenp\u00e4dagogische Professionalisierung, Bildung und Macht, Diversity und Digitalisierung und entwickelt innovative Lehr- und Weiterbildungsarchitekturen f\u00fcr die Erwachsenen- und Weiterbildung. Das Studienangebot der PH FHNW umfasst einen\u00a0<a href=\"https:\/\/www.fhnw.ch\/de\/weiterbildung\/paedagogik\/nach-format\/programme\/angebote\/mas-erwachsenenbildung-und-bildungsmanagement\" target=\"_blank\" rel=\"noreferrer noopener\">MAS Erwachsenenbildung und Bildungsmanagement<\/a>\u00a0sowie weitere erwachsenenp\u00e4dagogische Weiterbildungen auf Terti\u00e4rstufe.<\/li>\n\n\n\n<li><strong>Universit\u00e4t Basel:&nbsp;<\/strong>Am&nbsp;<a href=\"https:\/\/bildungswissenschaften.unibas.ch\/de\/institut\/\" target=\"_blank\" rel=\"noreferrer noopener\">Institut f\u00fcr Bildungswissenschaften<\/a>&nbsp;wird der&nbsp;<a href=\"https:\/\/www.fhnw.ch\/de\/die-fhnw\/hochschulen\/ph\/institute\/institut-weiterbildung-und-beratung\/professuren-und-zentren\/professur-erwachsenenbildung-und-weiterbildung\/erwachsenenbildung-studieren\" target=\"_blank\" rel=\"noreferrer noopener\">Masterstudiengang Educational Sciences mit der Vertiefungsrichtung Erwachsenenbildung<\/a>&nbsp;angeboten. Das Studienangebot des gemeinsam von der PH FHNW und der Universit\u00e4t Basel gef\u00fchrten Instituts wird von&nbsp;<a href=\"https:\/\/www.fhnw.ch\/de\/personen\/ulla-klingovsky\" target=\"_blank\" rel=\"noreferrer noopener\">Prof.&nbsp;Dr. Ulla Klingovsky<\/a>&nbsp;geleitet. Der Abschluss f\u00fchrt zu einem Master of Educational Sciences mit Schwerpunkt Erwachsenenbildung, berechtigt zur Aufnahme des&nbsp;<a href=\"https:\/\/bildungswissenschaften.unibas.ch\/de\/doktorat\/\" target=\"_blank\" rel=\"noreferrer noopener\">Doktoratsstudiums<\/a>&nbsp;und er\u00f6ffnet somit den Weg zur Promotion in der erziehungswissenschaftlichen Fachdisziplin Erwachsenenbildung\/Weiterbildung.<\/li>\n\n\n\n<li><strong>Universit\u00e4t Genf:<\/strong>&nbsp;Der Lehrstuhl von&nbsp;<a href=\"https:\/\/www.unige.ch\/fapse\/mimesis\/membres\/baudouin\" target=\"_blank\" rel=\"noreferrer noopener\">Prof. Jean-Michel Baudouin<\/a>&nbsp;bietet ein&nbsp;<a href=\"https:\/\/www.unige.ch\/fapse\/lesetudes\/maitrises\/fa\/\" target=\"_blank\" rel=\"noreferrer noopener\">Masterstudium in Erwachsenenbildung<\/a>&nbsp;an.&nbsp;<\/li>\n\n\n\n<li><strong>Universit\u00e4t Z\u00fcrich:&nbsp;<\/strong>Der&nbsp;<a href=\"https:\/\/ife.uzh.ch\/de\/research\/kraus.html\" target=\"_blank\" rel=\"noreferrer noopener\">Lehrstuhl f\u00fcr Berufs- und Weiterbildung<\/a>&nbsp;von&nbsp;<a href=\"https:\/\/www.ife.uzh.ch\/de\/research\/kraus\/mitarbeitende\/krauskatrin.html\" target=\"_blank\" rel=\"noreferrer noopener\">Prof. Dr. Katrin Kraus<\/a>&nbsp;ist an verschiedenen&nbsp;<a href=\"https:\/\/ife.uzh.ch\/de\/research\/kraus\/studiumlehre.html\" target=\"_blank\" rel=\"noreferrer noopener\">Studieng\u00e4ngen<\/a>&nbsp;beteiligt.&nbsp;Im Rahmen ihrer T\u00e4tigkeit entwickelt Prof. Kraus u. a. das theoretische&nbsp;<a href=\"https:\/\/www.ep-web.ch\/de\/artikel\/es-braucht-neue-konzepte-um-die-aktuelle-entwicklung-der-beruflichen-bildung-zu-verstehen?\" target=\"_blank\" rel=\"noreferrer noopener\">Konzept der erwerbsorientierten Bildung<\/a>&nbsp;weiter.<\/li>\n<\/ul>\n\n\n\n<h2 class=\"wp-block-heading\">Daten zu Forschungsprojekten<\/h2>\n\n\n\n<ul class=\"wp-block-list\">\n<li>Die&nbsp;<a href=\"http:\/\/www.skbf-csre.ch\/\" target=\"_blank\" rel=\"noreferrer noopener\">Schweizerische Koordinationsstelle f\u00fcr Bildungsforschung SKBF<\/a>&nbsp;betreibt&nbsp; eine Datenbank mit Informationen zur Bildungsforschung. Zugleich f\u00fchrt die SKBF im Auftrag des Bundes ein Monitoring des gesamten Bildungssystems inkl. Weiterbildung durch. Alle vier Jahre erscheint dazu der&nbsp;<a href=\"http:\/\/www.skbf-csre.ch\/bildungsbericht\/bildungsbericht\/\" target=\"_blank\" rel=\"noreferrer noopener\">Bildungsbericht<\/a>. Zu den Aufgaben der SKBF geh\u00f6rt neben der Dokumentation und Information \u00fcber Forschungsprojekte auch die Koordination sowie die F\u00f6rderung der nationalen und internationalen Zusammenarbeit im Bereich Bildungsforschung.<\/li>\n\n\n\n<li>Weitere Daten und Statistiken liefert&nbsp;<a href=\"http:\/\/forscenter.ch\/de\/\" target=\"_blank\" rel=\"noreferrer noopener\">FORS<\/a>. Das nationale Kompetenzzentrum f\u00fcr die Sozialwissenschaften erhebt Daten im Rahmen von nationalen und internationalen Umfragen und stellt Datenbanken und Sekund\u00e4ranalysen zur Verf\u00fcgung.<\/li>\n<\/ul>\n\n\n\n<h2 class=\"wp-block-heading\">Forschungsf\u00f6rderung<\/h2>\n\n\n\n<ul class=\"wp-block-list\">\n<li>Das SBFI f\u00f6rdert Ressortforschung zur Weiterbildung auf der Grundlage des&nbsp;<a href=\"https:\/\/alice.ch\/de\/sveb\/weiterbildungspolitik\/weiterbildungsgesetz\/\">Weiterbildungsgesetzes<\/a>. F\u00fcr die F\u00f6rderung von praxisbezogenen Studien \u00fcber das Berufsbildungsgesetz ist ebenfalls das SBFI verantwortlich.&nbsp;<\/li>\n\n\n\n<li>International wird die Weiterbildungsforschung \u00fcber&nbsp;<a href=\"https:\/\/alice.ch\/de\/forschung\/entwicklungen-fuer-die-praxis\/erarbeitung-von-fachwissen-in-eu-projekten\/\">EU-Projekte<\/a>, insbesondere <a href=\"https:\/\/www.erasmusplus.de\/\" target=\"_blank\" rel=\"noreferrer noopener\">Erasmus+<\/a> und <a href=\"https:\/\/www.sbfi.admin.ch\/sbfi\/de\/home\/themen\/internationale-forschungs--und-innovationszusammenarbeit\/forschungsrahmenprogramme-der-europaeischen-union\/horizon-2020.html\" target=\"_blank\" rel=\"noreferrer noopener\">Horizon<\/a> gef\u00f6rdert.<\/li>\n<\/ul>\n\n\n\n<h2 class=\"wp-block-heading\">Kontakt<\/h2>\n\n\n\n<div class=\"wp-block-columns is-layout-flex wp-container-core-columns-is-layout-28f84493 wp-block-columns-is-layout-flex\">\n<div class=\"wp-block-column is-layout-flow wp-block-column-is-layout-flow\" style=\"flex-basis:50%\"><div class=\"contact-persons\">\n\n\t\t\t\t\t<div class=\"contact-person\">\n\t\t\t\t\tIrena Sgier<br \/>\t\t\t\t\t Stv. Direktorin, Leiterin Forschung, Entwicklung und Innovation<br \/>\t\t\t\t\t<br \/>\n\t\t\t\t\t\t\t\t\t\t<a href=\"tel:+41 (0)44 319 71 59\">+41 (0)44 319 71 59<\/a><br \/>\t\t\t\t\t<a href=\"mailto:irena.sgier@alice.ch\">irena.sgier@alice.ch<\/a><br \/>\t\t\t\t\t<\/div>\n\t\t\t\t\t<\/div>\n<\/div>\n\n\n\n<div class=\"wp-block-column is-layout-flow wp-block-column-is-layout-flow\" style=\"flex-basis:50%\"><\/div>\n<\/div>\n<\/div>\n","protected":false},"excerpt":{"rendered":"<p>Weiterbildungsforschung in der Schweiz Schweizer Lehrst\u00fchle und Studienm\u00f6glichkeiten Daten zu Forschungsprojekten Forschungsf\u00f6rderung Kontakt<\/p>\n","protected":false},"author":2,"featured_media":20799,"parent":479,"menu_order":429,"comment_status":"closed","ping_status":"closed","template":"","meta":{"_acf_changed":false,"inline_featured_image":false,"footnotes":""},"class_list":["post-3905","page","type-page","status-publish","has-post-thumbnail","hentry"],"acf":[],"yoast_head":"<!-- This site is optimized with the Yoast SEO plugin v27.3 - https:\/\/yoast.com\/product\/yoast-seo-wordpress\/ -->\n<title>Weiterbildungsforschung in der Schweiz - SVEB<\/title>\n<meta name=\"description\" content=\"Informationen zu Weiterbildungsforschung, Lehrst\u00fchlen, Studienm\u00f6glichkeiten, Daten zu Forschungsprojekten und Forschungsf\u00f6rderung.\" \/>\n<meta name=\"robots\" content=\"index, follow, max-snippet:-1, max-image-preview:large, max-video-preview:-1\" \/>\n<link rel=\"canonical\" href=\"https:\/\/alice.ch\/de\/forschung\/vernetzung-und-austausch\/weiterbildungsforschung-in-der-schweiz\/\" \/>\n<meta property=\"og:locale\" content=\"de_DE\" \/>\n<meta property=\"og:type\" content=\"article\" \/>\n<meta property=\"og:title\" content=\"Weiterbildungsforschung in der Schweiz - SVEB\" \/>\n<meta property=\"og:description\" content=\"Informationen zu Weiterbildungsforschung, Lehrst\u00fchlen, Studienm\u00f6glichkeiten, Daten zu Forschungsprojekten und Forschungsf\u00f6rderung.\" \/>\n<meta property=\"og:url\" content=\"https:\/\/alice.ch\/de\/forschung\/vernetzung-und-austausch\/weiterbildungsforschung-in-der-schweiz\/\" \/>\n<meta property=\"og:site_name\" content=\"SVEB\" \/>\n<meta property=\"article:modified_time\" content=\"2024-07-08T07:53:30+00:00\" \/>\n<meta name=\"twitter:card\" content=\"summary_large_image\" \/>\n<meta name=\"twitter:label1\" content=\"Gesch\u00e4tzte Lesezeit\" \/>\n\t<meta name=\"twitter:data1\" content=\"2\u00a0Minuten\" \/>\n<script type=\"application\/ld+json\" class=\"yoast-schema-graph\">{\"@context\":\"https:\\\/\\\/schema.org\",\"@graph\":[{\"@type\":\"WebPage\",\"@id\":\"https:\\\/\\\/alice.ch\\\/de\\\/forschung\\\/vernetzung-und-austausch\\\/weiterbildungsforschung-in-der-schweiz\\\/\",\"url\":\"https:\\\/\\\/alice.ch\\\/de\\\/forschung\\\/vernetzung-und-austausch\\\/weiterbildungsforschung-in-der-schweiz\\\/\",\"name\":\"Weiterbildungsforschung in der Schweiz - SVEB\",\"isPartOf\":{\"@id\":\"https:\\\/\\\/alice.ch\\\/de\\\/#website\"},\"primaryImageOfPage\":{\"@id\":\"https:\\\/\\\/alice.ch\\\/de\\\/forschung\\\/vernetzung-und-austausch\\\/weiterbildungsforschung-in-der-schweiz\\\/#primaryimage\"},\"image\":{\"@id\":\"https:\\\/\\\/alice.ch\\\/de\\\/forschung\\\/vernetzung-und-austausch\\\/weiterbildungsforschung-in-der-schweiz\\\/#primaryimage\"},\"thumbnailUrl\":\"https:\\\/\\\/alice.ch\\\/app\\\/uploads\\\/2022\\\/11\\\/default.jpg\",\"datePublished\":\"2022-10-18T09:09:30+00:00\",\"dateModified\":\"2024-07-08T07:53:30+00:00\",\"description\":\"Informationen zu Weiterbildungsforschung, Lehrst\u00fchlen, Studienm\u00f6glichkeiten, Daten zu Forschungsprojekten und Forschungsf\u00f6rderung.\",\"breadcrumb\":{\"@id\":\"https:\\\/\\\/alice.ch\\\/de\\\/forschung\\\/vernetzung-und-austausch\\\/weiterbildungsforschung-in-der-schweiz\\\/#breadcrumb\"},\"inLanguage\":\"de\",\"potentialAction\":[{\"@type\":\"ReadAction\",\"target\":[\"https:\\\/\\\/alice.ch\\\/de\\\/forschung\\\/vernetzung-und-austausch\\\/weiterbildungsforschung-in-der-schweiz\\\/\"]}]},{\"@type\":\"ImageObject\",\"inLanguage\":\"de\",\"@id\":\"https:\\\/\\\/alice.ch\\\/de\\\/forschung\\\/vernetzung-und-austausch\\\/weiterbildungsforschung-in-der-schweiz\\\/#primaryimage\",\"url\":\"https:\\\/\\\/alice.ch\\\/app\\\/uploads\\\/2022\\\/11\\\/default.jpg\",\"contentUrl\":\"https:\\\/\\\/alice.ch\\\/app\\\/uploads\\\/2022\\\/11\\\/default.jpg\",\"width\":1600,\"height\":900},{\"@type\":\"BreadcrumbList\",\"@id\":\"https:\\\/\\\/alice.ch\\\/de\\\/forschung\\\/vernetzung-und-austausch\\\/weiterbildungsforschung-in-der-schweiz\\\/#breadcrumb\",\"itemListElement\":[{\"@type\":\"ListItem\",\"position\":1,\"name\":\"Startseite\",\"item\":\"https:\\\/\\\/alice.ch\\\/de\\\/\"},{\"@type\":\"ListItem\",\"position\":2,\"name\":\"Forschung\",\"item\":\"https:\\\/\\\/alice.ch\\\/de\\\/forschung\\\/\"},{\"@type\":\"ListItem\",\"position\":3,\"name\":\"Vernetzung und Austausch\",\"item\":\"https:\\\/\\\/alice.ch\\\/de\\\/forschung\\\/vernetzung-und-austausch\\\/\"},{\"@type\":\"ListItem\",\"position\":4,\"name\":\"Weiterbildungsforschung in der Schweiz\"}]},{\"@type\":\"WebSite\",\"@id\":\"https:\\\/\\\/alice.ch\\\/de\\\/#website\",\"url\":\"https:\\\/\\\/alice.ch\\\/de\\\/\",\"name\":\"alice.ch (Adult Learning Information Center) ist das Portal der Weiterbildung in der Schweiz.\",\"description\":\"Schweizerischer Verband f\u00fcr Weiterbildung\",\"publisher\":{\"@id\":\"https:\\\/\\\/alice.ch\\\/de\\\/#organization\"},\"potentialAction\":[{\"@type\":\"SearchAction\",\"target\":{\"@type\":\"EntryPoint\",\"urlTemplate\":\"https:\\\/\\\/alice.ch\\\/de\\\/?s={search_term_string}\"},\"query-input\":{\"@type\":\"PropertyValueSpecification\",\"valueRequired\":true,\"valueName\":\"search_term_string\"}}],\"inLanguage\":\"de\"},{\"@type\":\"Organization\",\"@id\":\"https:\\\/\\\/alice.ch\\\/de\\\/#organization\",\"name\":\"SVEB Schweizerischer Verband f\u00fcr Weiterbildung\",\"url\":\"https:\\\/\\\/alice.ch\\\/de\\\/\",\"logo\":{\"@type\":\"ImageObject\",\"inLanguage\":\"de\",\"@id\":\"https:\\\/\\\/alice.ch\\\/de\\\/#\\\/schema\\\/logo\\\/image\\\/\",\"url\":\"https:\\\/\\\/alice.ch\\\/app\\\/uploads\\\/2022\\\/07\\\/logo-sveb.png\",\"contentUrl\":\"https:\\\/\\\/alice.ch\\\/app\\\/uploads\\\/2022\\\/07\\\/logo-sveb.png\",\"width\":145,\"height\":64,\"caption\":\"SVEB Schweizerischer Verband f\u00fcr Weiterbildung\"},\"image\":{\"@id\":\"https:\\\/\\\/alice.ch\\\/de\\\/#\\\/schema\\\/logo\\\/image\\\/\"},\"sameAs\":[\"https:\\\/\\\/www.linkedin.com\\\/company\\\/schweizerischer-verband-fr-weiterbildung-sveb\\\/\"]}]}<\/script>\n<!-- \/ Yoast SEO plugin. -->","yoast_head_json":{"title":"Weiterbildungsforschung in der Schweiz - SVEB","description":"Informationen zu Weiterbildungsforschung, Lehrst\u00fchlen, Studienm\u00f6glichkeiten, Daten zu Forschungsprojekten und Forschungsf\u00f6rderung.","robots":{"index":"index","follow":"follow","max-snippet":"max-snippet:-1","max-image-preview":"max-image-preview:large","max-video-preview":"max-video-preview:-1"},"canonical":"https:\/\/alice.ch\/de\/forschung\/vernetzung-und-austausch\/weiterbildungsforschung-in-der-schweiz\/","og_locale":"de_DE","og_type":"article","og_title":"Weiterbildungsforschung in der Schweiz - SVEB","og_description":"Informationen zu Weiterbildungsforschung, Lehrst\u00fchlen, Studienm\u00f6glichkeiten, Daten zu Forschungsprojekten und Forschungsf\u00f6rderung.","og_url":"https:\/\/alice.ch\/de\/forschung\/vernetzung-und-austausch\/weiterbildungsforschung-in-der-schweiz\/","og_site_name":"SVEB","article_modified_time":"2024-07-08T07:53:30+00:00","twitter_card":"summary_large_image","twitter_misc":{"Gesch\u00e4tzte Lesezeit":"2\u00a0Minuten"},"schema":{"@context":"https:\/\/schema.org","@graph":[{"@type":"WebPage","@id":"https:\/\/alice.ch\/de\/forschung\/vernetzung-und-austausch\/weiterbildungsforschung-in-der-schweiz\/","url":"https:\/\/alice.ch\/de\/forschung\/vernetzung-und-austausch\/weiterbildungsforschung-in-der-schweiz\/","name":"Weiterbildungsforschung in der Schweiz - SVEB","isPartOf":{"@id":"https:\/\/alice.ch\/de\/#website"},"primaryImageOfPage":{"@id":"https:\/\/alice.ch\/de\/forschung\/vernetzung-und-austausch\/weiterbildungsforschung-in-der-schweiz\/#primaryimage"},"image":{"@id":"https:\/\/alice.ch\/de\/forschung\/vernetzung-und-austausch\/weiterbildungsforschung-in-der-schweiz\/#primaryimage"},"thumbnailUrl":"https:\/\/alice.ch\/app\/uploads\/2022\/11\/default.jpg","datePublished":"2022-10-18T09:09:30+00:00","dateModified":"2024-07-08T07:53:30+00:00","description":"Informationen zu Weiterbildungsforschung, Lehrst\u00fchlen, Studienm\u00f6glichkeiten, Daten zu Forschungsprojekten und Forschungsf\u00f6rderung.","breadcrumb":{"@id":"https:\/\/alice.ch\/de\/forschung\/vernetzung-und-austausch\/weiterbildungsforschung-in-der-schweiz\/#breadcrumb"},"inLanguage":"de","potentialAction":[{"@type":"ReadAction","target":["https:\/\/alice.ch\/de\/forschung\/vernetzung-und-austausch\/weiterbildungsforschung-in-der-schweiz\/"]}]},{"@type":"ImageObject","inLanguage":"de","@id":"https:\/\/alice.ch\/de\/forschung\/vernetzung-und-austausch\/weiterbildungsforschung-in-der-schweiz\/#primaryimage","url":"https:\/\/alice.ch\/app\/uploads\/2022\/11\/default.jpg","contentUrl":"https:\/\/alice.ch\/app\/uploads\/2022\/11\/default.jpg","width":1600,"height":900},{"@type":"BreadcrumbList","@id":"https:\/\/alice.ch\/de\/forschung\/vernetzung-und-austausch\/weiterbildungsforschung-in-der-schweiz\/#breadcrumb","itemListElement":[{"@type":"ListItem","position":1,"name":"Startseite","item":"https:\/\/alice.ch\/de\/"},{"@type":"ListItem","position":2,"name":"Forschung","item":"https:\/\/alice.ch\/de\/forschung\/"},{"@type":"ListItem","position":3,"name":"Vernetzung und Austausch","item":"https:\/\/alice.ch\/de\/forschung\/vernetzung-und-austausch\/"},{"@type":"ListItem","position":4,"name":"Weiterbildungsforschung in der Schweiz"}]},{"@type":"WebSite","@id":"https:\/\/alice.ch\/de\/#website","url":"https:\/\/alice.ch\/de\/","name":"alice.ch (Adult Learning Information Center) ist das Portal der Weiterbildung in der Schweiz.","description":"Schweizerischer Verband f\u00fcr Weiterbildung","publisher":{"@id":"https:\/\/alice.ch\/de\/#organization"},"potentialAction":[{"@type":"SearchAction","target":{"@type":"EntryPoint","urlTemplate":"https:\/\/alice.ch\/de\/?s={search_term_string}"},"query-input":{"@type":"PropertyValueSpecification","valueRequired":true,"valueName":"search_term_string"}}],"inLanguage":"de"},{"@type":"Organization","@id":"https:\/\/alice.ch\/de\/#organization","name":"SVEB Schweizerischer Verband f\u00fcr Weiterbildung","url":"https:\/\/alice.ch\/de\/","logo":{"@type":"ImageObject","inLanguage":"de","@id":"https:\/\/alice.ch\/de\/#\/schema\/logo\/image\/","url":"https:\/\/alice.ch\/app\/uploads\/2022\/07\/logo-sveb.png","contentUrl":"https:\/\/alice.ch\/app\/uploads\/2022\/07\/logo-sveb.png","width":145,"height":64,"caption":"SVEB Schweizerischer Verband f\u00fcr Weiterbildung"},"image":{"@id":"https:\/\/alice.ch\/de\/#\/schema\/logo\/image\/"},"sameAs":["https:\/\/www.linkedin.com\/company\/schweizerischer-verband-fr-weiterbildung-sveb\/"]}]}},"_links":{"self":[{"href":"https:\/\/alice.ch\/de\/wp-json\/wp\/v2\/pages\/3905","targetHints":{"allow":["GET"]}}],"collection":[{"href":"https:\/\/alice.ch\/de\/wp-json\/wp\/v2\/pages"}],"about":[{"href":"https:\/\/alice.ch\/de\/wp-json\/wp\/v2\/types\/page"}],"author":[{"embeddable":true,"href":"https:\/\/alice.ch\/de\/wp-json\/wp\/v2\/users\/2"}],"replies":[{"embeddable":true,"href":"https:\/\/alice.ch\/de\/wp-json\/wp\/v2\/comments?post=3905"}],"version-history":[{"count":14,"href":"https:\/\/alice.ch\/de\/wp-json\/wp\/v2\/pages\/3905\/revisions"}],"predecessor-version":[{"id":60895,"href":"https:\/\/alice.ch\/de\/wp-json\/wp\/v2\/pages\/3905\/revisions\/60895"}],"up":[{"embeddable":true,"href":"https:\/\/alice.ch\/de\/wp-json\/wp\/v2\/pages\/479"}],"wp:featuredmedia":[{"embeddable":true,"href":"https:\/\/alice.ch\/de\/wp-json\/wp\/v2\/media\/20799"}],"wp:attachment":[{"href":"https:\/\/alice.ch\/de\/wp-json\/wp\/v2\/media?parent=3905"}],"curies":[{"name":"wp","href":"https:\/\/api.w.org\/{rel}","templated":true}]}}